{"version":"1.0","provider_name":"Doyenn\u00e9s de la Creuse","provider_url":"https:\/\/www.diocese-limoges.fr\/creuse","title":"Conf\u00e9rence du 13 ao\u00fbt 18h30 \u2013 Salle Apollo - Doyenn\u00e9s de la Creuse","type":"rich","width":600,"height":338,"html":"<blockquote class=\"wp-embedded-content\" data-secret=\"BhWRYMO30S\"><a href=\"https:\/\/www.diocese-limoges.fr\/creuse\/actualites\/conference-du-13-aout-18h30-salle-apollo\/\">Conf\u00e9rence du 13 ao\u00fbt 18h30 \u2013 Salle Apollo<\/a><\/blockquote><iframe sandbox=\"allow-scripts\" security=\"restricted\" src=\"https:\/\/www.diocese-limoges.fr\/creuse\/actualites\/conference-du-13-aout-18h30-salle-apollo\/embed\/#?secret=BhWRYMO30S\" width=\"600\" height=\"338\" title=\"\u00ab\u00a0Conf\u00e9rence du 13 ao\u00fbt 18h30 \u2013 Salle Apollo\u00a0\u00bb &#8212; Doyenn\u00e9s de la Creuse\" data-secret=\"BhWRYMO30S\" frameborder=\"0\" marginwidth=\"0\" marginheight=\"0\" scrolling=\"no\" class=\"wp-embedded-content\"><\/iframe><script type=\"text\/javascript\">\n\/* <![CDATA[ *\/\n\/*! This file is auto-generated *\/\n!function(d,l){\"use strict\";l.querySelector&&d.addEventListener&&\"undefined\"!=typeof URL&&(d.wp=d.wp||{},d.wp.receiveEmbedMessage||(d.wp.receiveEmbedMessage=function(e){var t=e.data;if((t||t.secret||t.message||t.value)&&!\/[^a-zA-Z0-9]\/.test(t.secret)){for(var s,r,n,a=l.querySelectorAll('iframe[data-secret=\"'+t.secret+'\"]'),o=l.querySelectorAll('blockquote[data-secret=\"'+t.secret+'\"]'),c=new RegExp(\"^https?:$\",\"i\"),i=0;i<o.length;i++)o[i].style.display=\"none\";for(i=0;i<a.length;i++)s=a[i],e.source===s.contentWindow&&(s.removeAttribute(\"style\"),\"height\"===t.message?(1e3<(r=parseInt(t.value,10))?r=1e3:~~r<200&&(r=200),s.height=r):\"link\"===t.message&&(r=new URL(s.getAttribute(\"src\")),n=new URL(t.value),c.test(n.protocol))&&n.host===r.host&&l.activeElement===s&&(d.top.location.href=t.value))}},d.addEventListener(\"message\",d.wp.receiveEmbedMessage,!1),l.addEventListener(\"DOMContentLoaded\",function(){for(var e,t,s=l.querySelectorAll(\"iframe.wp-embedded-content\"),r=0;r<s.length;r++)(t=(e=s[r]).getAttribute(\"data-secret\"))||(t=Math.random().toString(36).substring(2,12),e.src+=\"#?secret=\"+t,e.setAttribute(\"data-secret\",t)),e.contentWindow.postMessage({message:\"ready\",secret:t},\"*\")},!1)))}(window,document);\n\/* ]]> *\/\n<\/script>\n","thumbnail_url":"https:\/\/www.diocese-limoges.fr\/creuse\/wp-content\/uploads\/sites\/3\/2021\/03\/sans-titre.png","thumbnail_width":940,"thumbnail_height":788,"description":"Immigration Au-del\u00e0 des slogans extr\u00eames, comment envisager des options r\u00e9alistes et engag\u00e9es&nbsp;? Ici en Creuse et partout en France et en Europe, de nombreux migrants en situation de pr\u00e9carit\u00e9 sont pr\u00e9sents. Leur situation au regard de la loi est souvent irr\u00e9guli\u00e8re. Les traditions humaniste et chr\u00e9tienne les situent avant tout comme des hommes, des femmes, [&hellip;]"}