{"id":451,"date":"2022-02-14T17:48:34","date_gmt":"2022-02-14T16:48:34","guid":{"rendered":"https:\/\/www.diocese-limoges.fr\/creuse\/?post_type=evenement&#038;p=451"},"modified":"2022-02-14T17:48:35","modified_gmt":"2022-02-14T16:48:35","slug":"formation-proposee-par-la-pastorale-de-la-sante","status":"publish","type":"evenement","link":"https:\/\/www.diocese-limoges.fr\/creuse\/agenda\/formation-proposee-par-la-pastorale-de-la-sante\/","title":{"rendered":"Formation propos\u00e9e par la pastorale de la sant\u00e9"},"content":{"rendered":"\n<p>Nous vous invitons \u00e0 une journ\u00e9e de formation qui se d\u00e9roulera<br><strong>Samedi 12 mars 2022 de 9h30 \u00e0 16h30<\/strong><br>A la Maison dioc\u00e9saine \u00e0 Limoges ou en visio<br>Nous accueillerons M. Philippe de Lachapelle, directeur de l\u2019Office Chr\u00e9tien des personnes Handicap\u00e9es,<br>sur le th\u00e8me du livre co-\u00e9crit avec Jean-Christophe Parizot, \u00ab La voie de la fragilit\u00e9 \u00bb.<br><\/p>\n\n\n\n<p>Sur un plan pratique,<br>\u2022 Pas de repas organis\u00e9, pr\u00e9voir son pique-nique.<br>\u2022 Il sera possible de suivre cette journ\u00e9e de formation depuis votre domicile, une salle paroissiale\u2026<br><\/p>\n\n\n\n<p>Que vous souhaitiez venir <strong>\u00e0 la maison dioc\u00e9saine ou suivre en visio, merci de vous inscrire par mail <\/strong>:<br>pastoralesante@diocese-limoges.fr , <strong>avant le 7 mars.<\/strong><br><\/p>\n","protected":false},"author":43,"featured_media":246,"template":"","meta":{"_acf_changed":false},"class_list":["post-451","evenement","type-evenement","status-publish","has-post-thumbnail","hentry"],"acf":[],"yoast_head":"<!-- This site is optimized with the Yoast SEO plugin v26.4 - https:\/\/yoast.com\/wordpress\/plugins\/seo\/ -->\n<title>Formation propos\u00e9e par la pastorale de la sant\u00e9 - Doyenn\u00e9s de la Creuse<\/title>\n<meta name=\"description\" content=\"Formation Samedi 12 mars 2022 de 9h30 \u00e0 16h30 A la Maison dioc\u00e9saine \u00e0 Limoges ou en visio. Nous accueillerons M. Philippe de Lachapelle, directeur de l\u2019Office Chr\u00e9tien des personnes Handicap\u00e9es, sur le th\u00e8me du livre co-\u00e9crit avec Jean-Christophe Parizot, \u00ab La voie de la fragilit\u00e9 \u00bb.\" \/>\n<meta name=\"robots\" content=\"index, follow, max-snippet:-1, max-image-preview:large, max-video-preview:-1\" \/>\n<link rel=\"canonical\" href=\"https:\/\/www.diocese-limoges.fr\/creuse\/agenda\/formation-proposee-par-la-pastorale-de-la-sante\/\" \/>\n<meta property=\"og:locale\" content=\"fr_FR\" \/>\n<meta property=\"og:type\" content=\"article\" \/>\n<meta property=\"og:title\" content=\"Formation propos\u00e9e par la pastorale de la sant\u00e9 - Doyenn\u00e9s de la Creuse\" \/>\n<meta property=\"og:description\" content=\"Formation Samedi 12 mars 2022 de 9h30 \u00e0 16h30 A la Maison dioc\u00e9saine \u00e0 Limoges ou en visio. Nous accueillerons M. Philippe de Lachapelle, directeur de l\u2019Office Chr\u00e9tien des personnes Handicap\u00e9es, sur le th\u00e8me du livre co-\u00e9crit avec Jean-Christophe Parizot, \u00ab La voie de la fragilit\u00e9 \u00bb.\" \/>\n<meta property=\"og:url\" content=\"https:\/\/www.diocese-limoges.fr\/creuse\/agenda\/formation-proposee-par-la-pastorale-de-la-sante\/\" \/>\n<meta property=\"og:site_name\" content=\"Doyenn\u00e9s de la Creuse\" \/>\n<meta property=\"article:modified_time\" content=\"2022-02-14T16:48:35+00:00\" \/>\n<meta property=\"og:image\" content=\"https:\/\/www.diocese-limoges.fr\/creuse\/wp-content\/uploads\/sites\/3\/2021\/03\/sans-titre.png\" \/>\n\t<meta property=\"og:image:width\" content=\"940\" \/>\n\t<meta property=\"og:image:height\" content=\"788\" \/>\n\t<meta property=\"og:image:type\" content=\"image\/png\" \/>\n<meta name=\"twitter:card\" content=\"summary_large_image\" \/>\n<meta name=\"twitter:label1\" content=\"Dur\u00e9e de lecture estim\u00e9e\" \/>\n\t<meta name=\"twitter:data1\" content=\"1 minute\" \/>\n<script type=\"application\/ld+json\" class=\"yoast-schema-graph\">{\"@context\":\"https:\/\/schema.org\",\"@graph\":[{\"@type\":\"WebPage\",\"@id\":\"https:\/\/www.diocese-limoges.fr\/creuse\/agenda\/formation-proposee-par-la-pastorale-de-la-sante\/\",\"url\":\"https:\/\/www.diocese-limoges.fr\/creuse\/agenda\/formation-proposee-par-la-pastorale-de-la-sante\/\",\"name\":\"Formation propos\u00e9e par la pastorale de la sant\u00e9 - Doyenn\u00e9s de la Creuse\",\"isPartOf\":{\"@id\":\"https:\/\/www.diocese-limoges.fr\/creuse\/#website\"},\"primaryImageOfPage\":{\"@id\":\"https:\/\/www.diocese-limoges.fr\/creuse\/agenda\/formation-proposee-par-la-pastorale-de-la-sante\/#primaryimage\"},\"image\":{\"@id\":\"https:\/\/www.diocese-limoges.fr\/creuse\/agenda\/formation-proposee-par-la-pastorale-de-la-sante\/#primaryimage\"},\"thumbnailUrl\":\"https:\/\/www.diocese-limoges.fr\/creuse\/wp-content\/uploads\/sites\/3\/2021\/03\/sans-titre.png\",\"datePublished\":\"2022-02-14T16:48:34+00:00\",\"dateModified\":\"2022-02-14T16:48:35+00:00\",\"description\":\"Formation Samedi 12 mars 2022 de 9h30 \u00e0 16h30 A la Maison dioc\u00e9saine \u00e0 Limoges ou en visio. Nous accueillerons M. Philippe de Lachapelle, directeur de l\u2019Office Chr\u00e9tien des personnes Handicap\u00e9es, sur le th\u00e8me du livre co-\u00e9crit avec Jean-Christophe Parizot, \u00ab La voie de la fragilit\u00e9 \u00bb.\",\"breadcrumb\":{\"@id\":\"https:\/\/www.diocese-limoges.fr\/creuse\/agenda\/formation-proposee-par-la-pastorale-de-la-sante\/#breadcrumb\"},\"inLanguage\":\"fr-FR\",\"potentialAction\":[{\"@type\":\"ReadAction\",\"target\":[\"https:\/\/www.diocese-limoges.fr\/creuse\/agenda\/formation-proposee-par-la-pastorale-de-la-sante\/\"]}]},{\"@type\":\"ImageObject\",\"inLanguage\":\"fr-FR\",\"@id\":\"https:\/\/www.diocese-limoges.fr\/creuse\/agenda\/formation-proposee-par-la-pastorale-de-la-sante\/#primaryimage\",\"url\":\"https:\/\/www.diocese-limoges.fr\/creuse\/wp-content\/uploads\/sites\/3\/2021\/03\/sans-titre.png\",\"contentUrl\":\"https:\/\/www.diocese-limoges.fr\/creuse\/wp-content\/uploads\/sites\/3\/2021\/03\/sans-titre.png\",\"width\":940,\"height\":788},{\"@type\":\"BreadcrumbList\",\"@id\":\"https:\/\/www.diocese-limoges.fr\/creuse\/agenda\/formation-proposee-par-la-pastorale-de-la-sante\/#breadcrumb\",\"itemListElement\":[{\"@type\":\"ListItem\",\"position\":1,\"name\":\"Accueil\",\"item\":\"https:\/\/www.diocese-limoges.fr\/creuse\/\"},{\"@type\":\"ListItem\",\"position\":2,\"name\":\"Formation propos\u00e9e par la pastorale de la sant\u00e9\"}]},{\"@type\":\"WebSite\",\"@id\":\"https:\/\/www.diocese-limoges.fr\/creuse\/#website\",\"url\":\"https:\/\/www.diocese-limoges.fr\/creuse\/\",\"name\":\"Doyenn\u00e9s de la Creuse\",\"description\":\"Dioc\u00e8se de Limoges\",\"potentialAction\":[{\"@type\":\"SearchAction\",\"target\":{\"@type\":\"EntryPoint\",\"urlTemplate\":\"https:\/\/www.diocese-limoges.fr\/creuse\/?s={search_term_string}\"},\"query-input\":{\"@type\":\"PropertyValueSpecification\",\"valueRequired\":true,\"valueName\":\"search_term_string\"}}],\"inLanguage\":\"fr-FR\"}]}<\/script>\n<!-- \/ Yoast SEO plugin. -->","yoast_head_json":{"title":"Formation propos\u00e9e par la pastorale de la sant\u00e9 - Doyenn\u00e9s de la Creuse","description":"Formation Samedi 12 mars 2022 de 9h30 \u00e0 16h30 A la Maison dioc\u00e9saine \u00e0 Limoges ou en visio. Nous accueillerons M. Philippe de Lachapelle, directeur de l\u2019Office Chr\u00e9tien des personnes Handicap\u00e9es, sur le th\u00e8me du livre co-\u00e9crit avec Jean-Christophe Parizot, \u00ab La voie de la fragilit\u00e9 \u00bb.","robots":{"index":"index","follow":"follow","max-snippet":"max-snippet:-1","max-image-preview":"max-image-preview:large","max-video-preview":"max-video-preview:-1"},"canonical":"https:\/\/www.diocese-limoges.fr\/creuse\/agenda\/formation-proposee-par-la-pastorale-de-la-sante\/","og_locale":"fr_FR","og_type":"article","og_title":"Formation propos\u00e9e par la pastorale de la sant\u00e9 - Doyenn\u00e9s de la Creuse","og_description":"Formation Samedi 12 mars 2022 de 9h30 \u00e0 16h30 A la Maison dioc\u00e9saine \u00e0 Limoges ou en visio. Nous accueillerons M. Philippe de Lachapelle, directeur de l\u2019Office Chr\u00e9tien des personnes Handicap\u00e9es, sur le th\u00e8me du livre co-\u00e9crit avec Jean-Christophe Parizot, \u00ab La voie de la fragilit\u00e9 \u00bb.","og_url":"https:\/\/www.diocese-limoges.fr\/creuse\/agenda\/formation-proposee-par-la-pastorale-de-la-sante\/","og_site_name":"Doyenn\u00e9s de la Creuse","article_modified_time":"2022-02-14T16:48:35+00:00","og_image":[{"width":940,"height":788,"url":"https:\/\/www.diocese-limoges.fr\/creuse\/wp-content\/uploads\/sites\/3\/2021\/03\/sans-titre.png","type":"image\/png"}],"twitter_card":"summary_large_image","twitter_misc":{"Dur\u00e9e de lecture estim\u00e9e":"1 minute"},"schema":{"@context":"https:\/\/schema.org","@graph":[{"@type":"WebPage","@id":"https:\/\/www.diocese-limoges.fr\/creuse\/agenda\/formation-proposee-par-la-pastorale-de-la-sante\/","url":"https:\/\/www.diocese-limoges.fr\/creuse\/agenda\/formation-proposee-par-la-pastorale-de-la-sante\/","name":"Formation propos\u00e9e par la pastorale de la sant\u00e9 - Doyenn\u00e9s de la Creuse","isPartOf":{"@id":"https:\/\/www.diocese-limoges.fr\/creuse\/#website"},"primaryImageOfPage":{"@id":"https:\/\/www.diocese-limoges.fr\/creuse\/agenda\/formation-proposee-par-la-pastorale-de-la-sante\/#primaryimage"},"image":{"@id":"https:\/\/www.diocese-limoges.fr\/creuse\/agenda\/formation-proposee-par-la-pastorale-de-la-sante\/#primaryimage"},"thumbnailUrl":"https:\/\/www.diocese-limoges.fr\/creuse\/wp-content\/uploads\/sites\/3\/2021\/03\/sans-titre.png","datePublished":"2022-02-14T16:48:34+00:00","dateModified":"2022-02-14T16:48:35+00:00","description":"Formation Samedi 12 mars 2022 de 9h30 \u00e0 16h30 A la Maison dioc\u00e9saine \u00e0 Limoges ou en visio. Nous accueillerons M. Philippe de Lachapelle, directeur de l\u2019Office Chr\u00e9tien des personnes Handicap\u00e9es, sur le th\u00e8me du livre co-\u00e9crit avec Jean-Christophe Parizot, \u00ab La voie de la fragilit\u00e9 \u00bb.","breadcrumb":{"@id":"https:\/\/www.diocese-limoges.fr\/creuse\/agenda\/formation-proposee-par-la-pastorale-de-la-sante\/#breadcrumb"},"inLanguage":"fr-FR","potentialAction":[{"@type":"ReadAction","target":["https:\/\/www.diocese-limoges.fr\/creuse\/agenda\/formation-proposee-par-la-pastorale-de-la-sante\/"]}]},{"@type":"ImageObject","inLanguage":"fr-FR","@id":"https:\/\/www.diocese-limoges.fr\/creuse\/agenda\/formation-proposee-par-la-pastorale-de-la-sante\/#primaryimage","url":"https:\/\/www.diocese-limoges.fr\/creuse\/wp-content\/uploads\/sites\/3\/2021\/03\/sans-titre.png","contentUrl":"https:\/\/www.diocese-limoges.fr\/creuse\/wp-content\/uploads\/sites\/3\/2021\/03\/sans-titre.png","width":940,"height":788},{"@type":"BreadcrumbList","@id":"https:\/\/www.diocese-limoges.fr\/creuse\/agenda\/formation-proposee-par-la-pastorale-de-la-sante\/#breadcrumb","itemListElement":[{"@type":"ListItem","position":1,"name":"Accueil","item":"https:\/\/www.diocese-limoges.fr\/creuse\/"},{"@type":"ListItem","position":2,"name":"Formation propos\u00e9e par la pastorale de la sant\u00e9"}]},{"@type":"WebSite","@id":"https:\/\/www.diocese-limoges.fr\/creuse\/#website","url":"https:\/\/www.diocese-limoges.fr\/creuse\/","name":"Doyenn\u00e9s de la Creuse","description":"Dioc\u00e8se de Limoges","potentialAction":[{"@type":"SearchAction","target":{"@type":"EntryPoint","urlTemplate":"https:\/\/www.diocese-limoges.fr\/creuse\/?s={search_term_string}"},"query-input":{"@type":"PropertyValueSpecification","valueRequired":true,"valueName":"search_term_string"}}],"inLanguage":"fr-FR"}]}},"_links":{"self":[{"href":"https:\/\/www.diocese-limoges.fr\/creuse\/wp-json\/wp\/v2\/evenement\/451","targetHints":{"allow":["GET"]}}],"collection":[{"href":"https:\/\/www.diocese-limoges.fr\/creuse\/wp-json\/wp\/v2\/evenement"}],"about":[{"href":"https:\/\/www.diocese-limoges.fr\/creuse\/wp-json\/wp\/v2\/types\/evenement"}],"author":[{"embeddable":true,"href":"https:\/\/www.diocese-limoges.fr\/creuse\/wp-json\/wp\/v2\/users\/43"}],"wp:featuredmedia":[{"embeddable":true,"href":"https:\/\/www.diocese-limoges.fr\/creuse\/wp-json\/wp\/v2\/media\/246"}],"wp:attachment":[{"href":"https:\/\/www.diocese-limoges.fr\/creuse\/wp-json\/wp\/v2\/media?parent=451"}],"curies":[{"name":"wp","href":"https:\/\/api.w.org\/{rel}","templated":true}]}}