{"id":532,"date":"2022-08-30T15:52:12","date_gmt":"2022-08-30T13:52:12","guid":{"rendered":"https:\/\/www.diocese-limoges.fr\/creuse\/?post_type=evenement&#038;p=532"},"modified":"2022-08-30T17:38:19","modified_gmt":"2022-08-30T15:38:19","slug":"la-rentree-du-relais-de-saint-sulpice-les-feuilles","status":"publish","type":"evenement","link":"https:\/\/www.diocese-limoges.fr\/creuse\/agenda\/la-rentree-du-relais-de-saint-sulpice-les-feuilles\/","title":{"rendered":"La rentr\u00e9e du relais de Saint Sulpice les Feuilles"},"content":{"rendered":"\n<p>La rentr\u00e9e est toujours une f\u00eate \u00e0 Saint Sulpice les Feuilles ; Comme chaque ann\u00e9e l&rsquo;\u00e9quipe de relais nous propose apr\u00e8s la messe qui sera exceptionnellement c\u00e9l\u00e9br\u00e9e \u00e0 11h, un verre de l&rsquo;amiti\u00e9, suivi d&rsquo;un repas partag\u00e9 dans les jardins du presbyt\u00e8re. Une belle occasion pour se retrouver et partager nos projets !<\/p>\n","protected":false},"author":43,"featured_media":535,"template":"","meta":{"_acf_changed":false},"class_list":["post-532","evenement","type-evenement","status-publish","has-post-thumbnail","hentry"],"acf":[],"yoast_head":"<!-- This site is optimized with the Yoast SEO plugin v26.4 - https:\/\/yoast.com\/wordpress\/plugins\/seo\/ -->\n<title>La rentr\u00e9e du relais de Saint Sulpice les Feuilles - Doyenn\u00e9s de la Creuse<\/title>\n<meta name=\"robots\" content=\"index, follow, max-snippet:-1, max-image-preview:large, max-video-preview:-1\" \/>\n<link rel=\"canonical\" href=\"https:\/\/www.diocese-limoges.fr\/creuse\/agenda\/la-rentree-du-relais-de-saint-sulpice-les-feuilles\/\" \/>\n<meta property=\"og:locale\" content=\"fr_FR\" \/>\n<meta property=\"og:type\" content=\"article\" \/>\n<meta property=\"og:title\" content=\"La rentr\u00e9e du relais de Saint Sulpice les Feuilles - Doyenn\u00e9s de la Creuse\" \/>\n<meta property=\"og:description\" content=\"La rentr\u00e9e est toujours une f\u00eate \u00e0 Saint Sulpice les Feuilles ; Comme chaque ann\u00e9e l&rsquo;\u00e9quipe de relais nous propose apr\u00e8s la messe qui sera exceptionnellement c\u00e9l\u00e9br\u00e9e \u00e0 11h, un verre de l&rsquo;amiti\u00e9, suivi d&rsquo;un repas partag\u00e9 dans les jardins du presbyt\u00e8re. Une belle occasion pour se retrouver et partager nos projets !\" \/>\n<meta property=\"og:url\" content=\"https:\/\/www.diocese-limoges.fr\/creuse\/agenda\/la-rentree-du-relais-de-saint-sulpice-les-feuilles\/\" \/>\n<meta property=\"og:site_name\" content=\"Doyenn\u00e9s de la Creuse\" \/>\n<meta property=\"article:modified_time\" content=\"2022-08-30T15:38:19+00:00\" \/>\n<meta property=\"og:image\" content=\"https:\/\/www.diocese-limoges.fr\/creuse\/wp-content\/uploads\/sites\/3\/2022\/08\/saint-sulpice-les-feuilles.png\" \/>\n\t<meta property=\"og:image:width\" content=\"374\" \/>\n\t<meta property=\"og:image:height\" content=\"558\" \/>\n\t<meta property=\"og:image:type\" content=\"image\/png\" \/>\n<meta name=\"twitter:card\" content=\"summary_large_image\" \/>\n<meta name=\"twitter:label1\" content=\"Dur\u00e9e de lecture estim\u00e9e\" \/>\n\t<meta name=\"twitter:data1\" content=\"1 minute\" \/>\n<script type=\"application\/ld+json\" class=\"yoast-schema-graph\">{\"@context\":\"https:\/\/schema.org\",\"@graph\":[{\"@type\":\"WebPage\",\"@id\":\"https:\/\/www.diocese-limoges.fr\/creuse\/agenda\/la-rentree-du-relais-de-saint-sulpice-les-feuilles\/\",\"url\":\"https:\/\/www.diocese-limoges.fr\/creuse\/agenda\/la-rentree-du-relais-de-saint-sulpice-les-feuilles\/\",\"name\":\"La rentr\u00e9e du relais de Saint Sulpice les Feuilles - Doyenn\u00e9s de la Creuse\",\"isPartOf\":{\"@id\":\"https:\/\/www.diocese-limoges.fr\/creuse\/#website\"},\"primaryImageOfPage\":{\"@id\":\"https:\/\/www.diocese-limoges.fr\/creuse\/agenda\/la-rentree-du-relais-de-saint-sulpice-les-feuilles\/#primaryimage\"},\"image\":{\"@id\":\"https:\/\/www.diocese-limoges.fr\/creuse\/agenda\/la-rentree-du-relais-de-saint-sulpice-les-feuilles\/#primaryimage\"},\"thumbnailUrl\":\"https:\/\/www.diocese-limoges.fr\/creuse\/wp-content\/uploads\/sites\/3\/2022\/08\/saint-sulpice-les-feuilles.png\",\"datePublished\":\"2022-08-30T13:52:12+00:00\",\"dateModified\":\"2022-08-30T15:38:19+00:00\",\"breadcrumb\":{\"@id\":\"https:\/\/www.diocese-limoges.fr\/creuse\/agenda\/la-rentree-du-relais-de-saint-sulpice-les-feuilles\/#breadcrumb\"},\"inLanguage\":\"fr-FR\",\"potentialAction\":[{\"@type\":\"ReadAction\",\"target\":[\"https:\/\/www.diocese-limoges.fr\/creuse\/agenda\/la-rentree-du-relais-de-saint-sulpice-les-feuilles\/\"]}]},{\"@type\":\"ImageObject\",\"inLanguage\":\"fr-FR\",\"@id\":\"https:\/\/www.diocese-limoges.fr\/creuse\/agenda\/la-rentree-du-relais-de-saint-sulpice-les-feuilles\/#primaryimage\",\"url\":\"https:\/\/www.diocese-limoges.fr\/creuse\/wp-content\/uploads\/sites\/3\/2022\/08\/saint-sulpice-les-feuilles.png\",\"contentUrl\":\"https:\/\/www.diocese-limoges.fr\/creuse\/wp-content\/uploads\/sites\/3\/2022\/08\/saint-sulpice-les-feuilles.png\",\"width\":374,\"height\":558},{\"@type\":\"BreadcrumbList\",\"@id\":\"https:\/\/www.diocese-limoges.fr\/creuse\/agenda\/la-rentree-du-relais-de-saint-sulpice-les-feuilles\/#breadcrumb\",\"itemListElement\":[{\"@type\":\"ListItem\",\"position\":1,\"name\":\"Accueil\",\"item\":\"https:\/\/www.diocese-limoges.fr\/creuse\/\"},{\"@type\":\"ListItem\",\"position\":2,\"name\":\"La rentr\u00e9e du relais de Saint Sulpice les Feuilles\"}]},{\"@type\":\"WebSite\",\"@id\":\"https:\/\/www.diocese-limoges.fr\/creuse\/#website\",\"url\":\"https:\/\/www.diocese-limoges.fr\/creuse\/\",\"name\":\"Doyenn\u00e9s de la Creuse\",\"description\":\"Dioc\u00e8se de Limoges\",\"potentialAction\":[{\"@type\":\"SearchAction\",\"target\":{\"@type\":\"EntryPoint\",\"urlTemplate\":\"https:\/\/www.diocese-limoges.fr\/creuse\/?s={search_term_string}\"},\"query-input\":{\"@type\":\"PropertyValueSpecification\",\"valueRequired\":true,\"valueName\":\"search_term_string\"}}],\"inLanguage\":\"fr-FR\"}]}<\/script>\n<!-- \/ Yoast SEO plugin. -->","yoast_head_json":{"title":"La rentr\u00e9e du relais de Saint Sulpice les Feuilles - Doyenn\u00e9s de la Creuse","robots":{"index":"index","follow":"follow","max-snippet":"max-snippet:-1","max-image-preview":"max-image-preview:large","max-video-preview":"max-video-preview:-1"},"canonical":"https:\/\/www.diocese-limoges.fr\/creuse\/agenda\/la-rentree-du-relais-de-saint-sulpice-les-feuilles\/","og_locale":"fr_FR","og_type":"article","og_title":"La rentr\u00e9e du relais de Saint Sulpice les Feuilles - Doyenn\u00e9s de la Creuse","og_description":"La rentr\u00e9e est toujours une f\u00eate \u00e0 Saint Sulpice les Feuilles ; Comme chaque ann\u00e9e l&rsquo;\u00e9quipe de relais nous propose apr\u00e8s la messe qui sera exceptionnellement c\u00e9l\u00e9br\u00e9e \u00e0 11h, un verre de l&rsquo;amiti\u00e9, suivi d&rsquo;un repas partag\u00e9 dans les jardins du presbyt\u00e8re. Une belle occasion pour se retrouver et partager nos projets !","og_url":"https:\/\/www.diocese-limoges.fr\/creuse\/agenda\/la-rentree-du-relais-de-saint-sulpice-les-feuilles\/","og_site_name":"Doyenn\u00e9s de la Creuse","article_modified_time":"2022-08-30T15:38:19+00:00","og_image":[{"width":374,"height":558,"url":"https:\/\/www.diocese-limoges.fr\/creuse\/wp-content\/uploads\/sites\/3\/2022\/08\/saint-sulpice-les-feuilles.png","type":"image\/png"}],"twitter_card":"summary_large_image","twitter_misc":{"Dur\u00e9e de lecture estim\u00e9e":"1 minute"},"schema":{"@context":"https:\/\/schema.org","@graph":[{"@type":"WebPage","@id":"https:\/\/www.diocese-limoges.fr\/creuse\/agenda\/la-rentree-du-relais-de-saint-sulpice-les-feuilles\/","url":"https:\/\/www.diocese-limoges.fr\/creuse\/agenda\/la-rentree-du-relais-de-saint-sulpice-les-feuilles\/","name":"La rentr\u00e9e du relais de Saint Sulpice les Feuilles - Doyenn\u00e9s de la Creuse","isPartOf":{"@id":"https:\/\/www.diocese-limoges.fr\/creuse\/#website"},"primaryImageOfPage":{"@id":"https:\/\/www.diocese-limoges.fr\/creuse\/agenda\/la-rentree-du-relais-de-saint-sulpice-les-feuilles\/#primaryimage"},"image":{"@id":"https:\/\/www.diocese-limoges.fr\/creuse\/agenda\/la-rentree-du-relais-de-saint-sulpice-les-feuilles\/#primaryimage"},"thumbnailUrl":"https:\/\/www.diocese-limoges.fr\/creuse\/wp-content\/uploads\/sites\/3\/2022\/08\/saint-sulpice-les-feuilles.png","datePublished":"2022-08-30T13:52:12+00:00","dateModified":"2022-08-30T15:38:19+00:00","breadcrumb":{"@id":"https:\/\/www.diocese-limoges.fr\/creuse\/agenda\/la-rentree-du-relais-de-saint-sulpice-les-feuilles\/#breadcrumb"},"inLanguage":"fr-FR","potentialAction":[{"@type":"ReadAction","target":["https:\/\/www.diocese-limoges.fr\/creuse\/agenda\/la-rentree-du-relais-de-saint-sulpice-les-feuilles\/"]}]},{"@type":"ImageObject","inLanguage":"fr-FR","@id":"https:\/\/www.diocese-limoges.fr\/creuse\/agenda\/la-rentree-du-relais-de-saint-sulpice-les-feuilles\/#primaryimage","url":"https:\/\/www.diocese-limoges.fr\/creuse\/wp-content\/uploads\/sites\/3\/2022\/08\/saint-sulpice-les-feuilles.png","contentUrl":"https:\/\/www.diocese-limoges.fr\/creuse\/wp-content\/uploads\/sites\/3\/2022\/08\/saint-sulpice-les-feuilles.png","width":374,"height":558},{"@type":"BreadcrumbList","@id":"https:\/\/www.diocese-limoges.fr\/creuse\/agenda\/la-rentree-du-relais-de-saint-sulpice-les-feuilles\/#breadcrumb","itemListElement":[{"@type":"ListItem","position":1,"name":"Accueil","item":"https:\/\/www.diocese-limoges.fr\/creuse\/"},{"@type":"ListItem","position":2,"name":"La rentr\u00e9e du relais de Saint Sulpice les Feuilles"}]},{"@type":"WebSite","@id":"https:\/\/www.diocese-limoges.fr\/creuse\/#website","url":"https:\/\/www.diocese-limoges.fr\/creuse\/","name":"Doyenn\u00e9s de la Creuse","description":"Dioc\u00e8se de Limoges","potentialAction":[{"@type":"SearchAction","target":{"@type":"EntryPoint","urlTemplate":"https:\/\/www.diocese-limoges.fr\/creuse\/?s={search_term_string}"},"query-input":{"@type":"PropertyValueSpecification","valueRequired":true,"valueName":"search_term_string"}}],"inLanguage":"fr-FR"}]}},"_links":{"self":[{"href":"https:\/\/www.diocese-limoges.fr\/creuse\/wp-json\/wp\/v2\/evenement\/532","targetHints":{"allow":["GET"]}}],"collection":[{"href":"https:\/\/www.diocese-limoges.fr\/creuse\/wp-json\/wp\/v2\/evenement"}],"about":[{"href":"https:\/\/www.diocese-limoges.fr\/creuse\/wp-json\/wp\/v2\/types\/evenement"}],"author":[{"embeddable":true,"href":"https:\/\/www.diocese-limoges.fr\/creuse\/wp-json\/wp\/v2\/users\/43"}],"wp:featuredmedia":[{"embeddable":true,"href":"https:\/\/www.diocese-limoges.fr\/creuse\/wp-json\/wp\/v2\/media\/535"}],"wp:attachment":[{"href":"https:\/\/www.diocese-limoges.fr\/creuse\/wp-json\/wp\/v2\/media?parent=532"}],"curies":[{"name":"wp","href":"https:\/\/api.w.org\/{rel}","templated":true}]}}