{"id":29,"date":"2020-01-16T17:34:55","date_gmt":"2020-01-16T16:34:55","guid":{"rendered":"https:\/\/www.diocese-limoges.fr\/creuse\/?post_type=paroisse&#038;p=29"},"modified":"2024-10-21T16:45:01","modified_gmt":"2024-10-21T14:45:01","slug":"aumonerie-de-lenseignement-public","status":"publish","type":"paroisse","link":"https:\/\/www.diocese-limoges.fr\/creuse\/paroisses\/paroisse-saint-jacques\/aumonerie-de-lenseignement-public\/","title":{"rendered":"Aum\u00f4nerie le Z\u00e9phyr du Saint-Esprit"},"content":{"rendered":"<div class=\"wp-block-image\">\n<figure class=\"alignright size-large\"><img loading=\"lazy\" decoding=\"async\" width=\"179\" height=\"215\" src=\"https:\/\/www.diocese-limoges.fr\/creuse\/wp-content\/uploads\/sites\/3\/2022\/01\/aumonerie.jpg\" alt=\"\" class=\"wp-image-437\" \/><\/figure><\/div>\n\n\n<p>L\u2019aum\u00f4nerie des jeunes continue et d\u00e9sormais LE Z\u00c9PHIR porte le souffle du SAINT-ESPRIT&nbsp;!<\/p>\n\n\n\n<p>Si vous cherchez un appui \u00e0 votre foi, venez cheminer avec nous, vivre des exp\u00e9riences originales et fraternelles.<\/p>\n\n\n\n<p>Si vous voulez r\u00e9inventer votre place, porter un regard neuf sur votre quotidien, venez saisir l\u2019occasion d\u2019\u00e9couter et de partager, de d\u00e9couvrir et de vous d\u00e9couvrir dans la joie de la Bonne Nouvelle.<\/p>\n\n\n\n<p>Si vous voulez rendre possible la rencontre avec l\u2019Amour du Seigneur, venez et rejoignez l\u2019\u00e9quipe, certains samedis, \u00e0 votre convenance&nbsp;; nous vous attendons \u00e0 la Maison paroissiale de La Souterraine (1 Place Emile Parrain).<\/p>\n\n\n\n<p>Vous \u00eates tous et toutes les bienvenus&nbsp;!<\/p>\n\n\n\n<p>Dorella et Victor<\/p>\n\n\n\n<p><a href=\"mailto:aumonerielezephyr@mailo.com\">aumonerielezephyr@mailo.com<\/a><\/p>\n\n\n\n<ul class=\"wp-block-list\"><\/ul>\n\n\n\n<h2 class=\"wp-block-heading\">Prochaine rencontre<\/h2>\n\n\n\n<ul class=\"wp-block-list\">\n<li><span style=\"color: initial\"> samedi 23 novembre 14<\/span>h  &#8211; 16 h  maison paroissiale de La Souterraine<\/li>\n<\/ul>\n\n\n\n<h2 class=\"wp-block-heading\">Inscriptions en ligne d\u00e9sormais possible : <br><em><strong>( la pr\u00e9sence \u00e0 la r\u00e9union reste n\u00e9cessaire) <\/strong><\/em><\/h2>\n\n\n\n<h3 class=\"wp-block-heading\">Pour les 6e :<\/h3>\n\n\n\n<figure class=\"wp-block-image size-full\"><img loading=\"lazy\" decoding=\"async\" width=\"270\" height=\"270\" src=\"https:\/\/www.diocese-limoges.fr\/creuse\/wp-content\/uploads\/sites\/3\/2020\/01\/inscription-aumonerie-6e.png\" alt=\"\" class=\"wp-image-557\" srcset=\"https:\/\/www.diocese-limoges.fr\/creuse\/wp-content\/uploads\/sites\/3\/2020\/01\/inscription-aumonerie-6e.png 270w, https:\/\/www.diocese-limoges.fr\/creuse\/wp-content\/uploads\/sites\/3\/2020\/01\/inscription-aumonerie-6e-150x150.png 150w\" sizes=\"auto, (max-width: 270px) 100vw, 270px\" \/><figcaption class=\"wp-element-caption\"><a href=\"https:\/\/public.enoria.app\/pubinsc\/gp\/914e2e0456c350b\/open\">Inscription &#8211; Paroisse Saint Jacques (enoria.app)<\/a><\/figcaption><\/figure>\n\n\n\n<h3 class=\"wp-block-heading\">Pour les 5e, 4e, 3e :<\/h3>\n\n\n\n<figure class=\"wp-block-image size-full\"><img loading=\"lazy\" decoding=\"async\" width=\"270\" height=\"270\" src=\"https:\/\/www.diocese-limoges.fr\/creuse\/wp-content\/uploads\/sites\/3\/2022\/09\/incription-aumonerie-5eme-4eme-3eme.png\" alt=\"\" class=\"wp-image-556\" srcset=\"https:\/\/www.diocese-limoges.fr\/creuse\/wp-content\/uploads\/sites\/3\/2022\/09\/incription-aumonerie-5eme-4eme-3eme.png 270w, https:\/\/www.diocese-limoges.fr\/creuse\/wp-content\/uploads\/sites\/3\/2022\/09\/incription-aumonerie-5eme-4eme-3eme-150x150.png 150w\" sizes=\"auto, (max-width: 270px) 100vw, 270px\" \/><\/figure>\n\n\n\n<p><a href=\"https:\/\/public.enoria.app\/pubinsc\/gp\/227ac8e10ebe6cb\/open\">Inscription &#8211; Paroisse Saint Jacques (enoria.app)<\/a><\/p>\n","protected":false},"author":43,"featured_media":183,"parent":22,"menu_order":14,"template":"","meta":{"_acf_changed":false},"class_list":["post-29","paroisse","type-paroisse","status-publish","has-post-thumbnail","hentry"],"acf":[],"yoast_head":"<!-- This site is optimized with the Yoast SEO plugin v26.4 - https:\/\/yoast.com\/wordpress\/plugins\/seo\/ -->\n<title>Aum\u00f4nerie le Z\u00e9phyr du Saint-Esprit - Doyenn\u00e9s de la Creuse<\/title>\n<meta name=\"robots\" content=\"index, follow, max-snippet:-1, max-image-preview:large, max-video-preview:-1\" \/>\n<link rel=\"canonical\" href=\"https:\/\/www.diocese-limoges.fr\/creuse\/paroisses\/paroisse-saint-jacques\/aumonerie-de-lenseignement-public\/\" \/>\n<meta property=\"og:locale\" content=\"fr_FR\" \/>\n<meta property=\"og:type\" content=\"article\" \/>\n<meta property=\"og:title\" content=\"Aum\u00f4nerie le Z\u00e9phyr du Saint-Esprit - Doyenn\u00e9s de la Creuse\" \/>\n<meta property=\"og:description\" content=\"L\u2019aum\u00f4nerie des jeunes continue et d\u00e9sormais LE Z\u00c9PHIR porte le souffle du SAINT-ESPRIT&nbsp;! Si vous cherchez un appui \u00e0 votre foi, venez cheminer avec nous, vivre des exp\u00e9riences originales et fraternelles. Si vous voulez r\u00e9inventer votre place, porter un regard neuf sur votre quotidien, venez saisir l\u2019occasion d\u2019\u00e9couter et de partager, de d\u00e9couvrir et de [&hellip;]\" \/>\n<meta property=\"og:url\" content=\"https:\/\/www.diocese-limoges.fr\/creuse\/paroisses\/paroisse-saint-jacques\/aumonerie-de-lenseignement-public\/\" \/>\n<meta property=\"og:site_name\" content=\"Doyenn\u00e9s de la Creuse\" \/>\n<meta property=\"article:modified_time\" content=\"2024-10-21T14:45:01+00:00\" \/>\n<meta property=\"og:image\" content=\"https:\/\/www.diocese-limoges.fr\/creuse\/wp-content\/uploads\/sites\/3\/2020\/01\/hannah-busing-zyx1bk9mqma-unsplash.jpg\" \/>\n\t<meta property=\"og:image:width\" content=\"1920\" \/>\n\t<meta property=\"og:image:height\" content=\"1280\" \/>\n\t<meta property=\"og:image:type\" content=\"image\/jpeg\" \/>\n<meta name=\"twitter:card\" content=\"summary_large_image\" \/>\n<meta name=\"twitter:label1\" content=\"Dur\u00e9e de lecture estim\u00e9e\" \/>\n\t<meta name=\"twitter:data1\" content=\"2 minutes\" \/>\n<script type=\"application\/ld+json\" class=\"yoast-schema-graph\">{\"@context\":\"https:\/\/schema.org\",\"@graph\":[{\"@type\":\"WebPage\",\"@id\":\"https:\/\/www.diocese-limoges.fr\/creuse\/paroisses\/paroisse-saint-jacques\/aumonerie-de-lenseignement-public\/\",\"url\":\"https:\/\/www.diocese-limoges.fr\/creuse\/paroisses\/paroisse-saint-jacques\/aumonerie-de-lenseignement-public\/\",\"name\":\"Aum\u00f4nerie le Z\u00e9phyr du Saint-Esprit - Doyenn\u00e9s de la Creuse\",\"isPartOf\":{\"@id\":\"https:\/\/www.diocese-limoges.fr\/creuse\/#website\"},\"primaryImageOfPage\":{\"@id\":\"https:\/\/www.diocese-limoges.fr\/creuse\/paroisses\/paroisse-saint-jacques\/aumonerie-de-lenseignement-public\/#primaryimage\"},\"image\":{\"@id\":\"https:\/\/www.diocese-limoges.fr\/creuse\/paroisses\/paroisse-saint-jacques\/aumonerie-de-lenseignement-public\/#primaryimage\"},\"thumbnailUrl\":\"https:\/\/www.diocese-limoges.fr\/creuse\/wp-content\/uploads\/sites\/3\/2020\/01\/hannah-busing-zyx1bk9mqma-unsplash.jpg\",\"datePublished\":\"2020-01-16T16:34:55+00:00\",\"dateModified\":\"2024-10-21T14:45:01+00:00\",\"breadcrumb\":{\"@id\":\"https:\/\/www.diocese-limoges.fr\/creuse\/paroisses\/paroisse-saint-jacques\/aumonerie-de-lenseignement-public\/#breadcrumb\"},\"inLanguage\":\"fr-FR\",\"potentialAction\":[{\"@type\":\"ReadAction\",\"target\":[\"https:\/\/www.diocese-limoges.fr\/creuse\/paroisses\/paroisse-saint-jacques\/aumonerie-de-lenseignement-public\/\"]}]},{\"@type\":\"ImageObject\",\"inLanguage\":\"fr-FR\",\"@id\":\"https:\/\/www.diocese-limoges.fr\/creuse\/paroisses\/paroisse-saint-jacques\/aumonerie-de-lenseignement-public\/#primaryimage\",\"url\":\"https:\/\/www.diocese-limoges.fr\/creuse\/wp-content\/uploads\/sites\/3\/2020\/01\/hannah-busing-zyx1bk9mqma-unsplash.jpg\",\"contentUrl\":\"https:\/\/www.diocese-limoges.fr\/creuse\/wp-content\/uploads\/sites\/3\/2020\/01\/hannah-busing-zyx1bk9mqma-unsplash.jpg\",\"width\":1920,\"height\":1280,\"caption\":\"Aum\u00f4nerie Le Z\u00e9phyr\"},{\"@type\":\"BreadcrumbList\",\"@id\":\"https:\/\/www.diocese-limoges.fr\/creuse\/paroisses\/paroisse-saint-jacques\/aumonerie-de-lenseignement-public\/#breadcrumb\",\"itemListElement\":[{\"@type\":\"ListItem\",\"position\":1,\"name\":\"Accueil\",\"item\":\"https:\/\/www.diocese-limoges.fr\/creuse\/\"},{\"@type\":\"ListItem\",\"position\":2,\"name\":\"Paroisse Saint Jacques\",\"item\":\"https:\/\/www.diocese-limoges.fr\/creuse\/paroisses\/paroisse-saint-jacques\/\"},{\"@type\":\"ListItem\",\"position\":3,\"name\":\"Aum\u00f4nerie le Z\u00e9phyr du Saint-Esprit\"}]},{\"@type\":\"WebSite\",\"@id\":\"https:\/\/www.diocese-limoges.fr\/creuse\/#website\",\"url\":\"https:\/\/www.diocese-limoges.fr\/creuse\/\",\"name\":\"Doyenn\u00e9s de la Creuse\",\"description\":\"Dioc\u00e8se de Limoges\",\"potentialAction\":[{\"@type\":\"SearchAction\",\"target\":{\"@type\":\"EntryPoint\",\"urlTemplate\":\"https:\/\/www.diocese-limoges.fr\/creuse\/?s={search_term_string}\"},\"query-input\":{\"@type\":\"PropertyValueSpecification\",\"valueRequired\":true,\"valueName\":\"search_term_string\"}}],\"inLanguage\":\"fr-FR\"}]}<\/script>\n<!-- \/ Yoast SEO plugin. -->","yoast_head_json":{"title":"Aum\u00f4nerie le Z\u00e9phyr du Saint-Esprit - Doyenn\u00e9s de la Creuse","robots":{"index":"index","follow":"follow","max-snippet":"max-snippet:-1","max-image-preview":"max-image-preview:large","max-video-preview":"max-video-preview:-1"},"canonical":"https:\/\/www.diocese-limoges.fr\/creuse\/paroisses\/paroisse-saint-jacques\/aumonerie-de-lenseignement-public\/","og_locale":"fr_FR","og_type":"article","og_title":"Aum\u00f4nerie le Z\u00e9phyr du Saint-Esprit - Doyenn\u00e9s de la Creuse","og_description":"L\u2019aum\u00f4nerie des jeunes continue et d\u00e9sormais LE Z\u00c9PHIR porte le souffle du SAINT-ESPRIT&nbsp;! Si vous cherchez un appui \u00e0 votre foi, venez cheminer avec nous, vivre des exp\u00e9riences originales et fraternelles. Si vous voulez r\u00e9inventer votre place, porter un regard neuf sur votre quotidien, venez saisir l\u2019occasion d\u2019\u00e9couter et de partager, de d\u00e9couvrir et de [&hellip;]","og_url":"https:\/\/www.diocese-limoges.fr\/creuse\/paroisses\/paroisse-saint-jacques\/aumonerie-de-lenseignement-public\/","og_site_name":"Doyenn\u00e9s de la Creuse","article_modified_time":"2024-10-21T14:45:01+00:00","og_image":[{"width":1920,"height":1280,"url":"https:\/\/www.diocese-limoges.fr\/creuse\/wp-content\/uploads\/sites\/3\/2020\/01\/hannah-busing-zyx1bk9mqma-unsplash.jpg","type":"image\/jpeg"}],"twitter_card":"summary_large_image","twitter_misc":{"Dur\u00e9e de lecture estim\u00e9e":"2 minutes"},"schema":{"@context":"https:\/\/schema.org","@graph":[{"@type":"WebPage","@id":"https:\/\/www.diocese-limoges.fr\/creuse\/paroisses\/paroisse-saint-jacques\/aumonerie-de-lenseignement-public\/","url":"https:\/\/www.diocese-limoges.fr\/creuse\/paroisses\/paroisse-saint-jacques\/aumonerie-de-lenseignement-public\/","name":"Aum\u00f4nerie le Z\u00e9phyr du Saint-Esprit - Doyenn\u00e9s de la Creuse","isPartOf":{"@id":"https:\/\/www.diocese-limoges.fr\/creuse\/#website"},"primaryImageOfPage":{"@id":"https:\/\/www.diocese-limoges.fr\/creuse\/paroisses\/paroisse-saint-jacques\/aumonerie-de-lenseignement-public\/#primaryimage"},"image":{"@id":"https:\/\/www.diocese-limoges.fr\/creuse\/paroisses\/paroisse-saint-jacques\/aumonerie-de-lenseignement-public\/#primaryimage"},"thumbnailUrl":"https:\/\/www.diocese-limoges.fr\/creuse\/wp-content\/uploads\/sites\/3\/2020\/01\/hannah-busing-zyx1bk9mqma-unsplash.jpg","datePublished":"2020-01-16T16:34:55+00:00","dateModified":"2024-10-21T14:45:01+00:00","breadcrumb":{"@id":"https:\/\/www.diocese-limoges.fr\/creuse\/paroisses\/paroisse-saint-jacques\/aumonerie-de-lenseignement-public\/#breadcrumb"},"inLanguage":"fr-FR","potentialAction":[{"@type":"ReadAction","target":["https:\/\/www.diocese-limoges.fr\/creuse\/paroisses\/paroisse-saint-jacques\/aumonerie-de-lenseignement-public\/"]}]},{"@type":"ImageObject","inLanguage":"fr-FR","@id":"https:\/\/www.diocese-limoges.fr\/creuse\/paroisses\/paroisse-saint-jacques\/aumonerie-de-lenseignement-public\/#primaryimage","url":"https:\/\/www.diocese-limoges.fr\/creuse\/wp-content\/uploads\/sites\/3\/2020\/01\/hannah-busing-zyx1bk9mqma-unsplash.jpg","contentUrl":"https:\/\/www.diocese-limoges.fr\/creuse\/wp-content\/uploads\/sites\/3\/2020\/01\/hannah-busing-zyx1bk9mqma-unsplash.jpg","width":1920,"height":1280,"caption":"Aum\u00f4nerie Le Z\u00e9phyr"},{"@type":"BreadcrumbList","@id":"https:\/\/www.diocese-limoges.fr\/creuse\/paroisses\/paroisse-saint-jacques\/aumonerie-de-lenseignement-public\/#breadcrumb","itemListElement":[{"@type":"ListItem","position":1,"name":"Accueil","item":"https:\/\/www.diocese-limoges.fr\/creuse\/"},{"@type":"ListItem","position":2,"name":"Paroisse Saint Jacques","item":"https:\/\/www.diocese-limoges.fr\/creuse\/paroisses\/paroisse-saint-jacques\/"},{"@type":"ListItem","position":3,"name":"Aum\u00f4nerie le Z\u00e9phyr du Saint-Esprit"}]},{"@type":"WebSite","@id":"https:\/\/www.diocese-limoges.fr\/creuse\/#website","url":"https:\/\/www.diocese-limoges.fr\/creuse\/","name":"Doyenn\u00e9s de la Creuse","description":"Dioc\u00e8se de Limoges","potentialAction":[{"@type":"SearchAction","target":{"@type":"EntryPoint","urlTemplate":"https:\/\/www.diocese-limoges.fr\/creuse\/?s={search_term_string}"},"query-input":{"@type":"PropertyValueSpecification","valueRequired":true,"valueName":"search_term_string"}}],"inLanguage":"fr-FR"}]}},"_links":{"self":[{"href":"https:\/\/www.diocese-limoges.fr\/creuse\/wp-json\/wp\/v2\/paroisse\/29","targetHints":{"allow":["GET"]}}],"collection":[{"href":"https:\/\/www.diocese-limoges.fr\/creuse\/wp-json\/wp\/v2\/paroisse"}],"about":[{"href":"https:\/\/www.diocese-limoges.fr\/creuse\/wp-json\/wp\/v2\/types\/paroisse"}],"author":[{"embeddable":true,"href":"https:\/\/www.diocese-limoges.fr\/creuse\/wp-json\/wp\/v2\/users\/43"}],"up":[{"embeddable":true,"href":"https:\/\/www.diocese-limoges.fr\/creuse\/wp-json\/wp\/v2\/paroisse\/22"}],"wp:featuredmedia":[{"embeddable":true,"href":"https:\/\/www.diocese-limoges.fr\/creuse\/wp-json\/wp\/v2\/media\/183"}],"wp:attachment":[{"href":"https:\/\/www.diocese-limoges.fr\/creuse\/wp-json\/wp\/v2\/media?parent=29"}],"curies":[{"name":"wp","href":"https:\/\/api.w.org\/{rel}","templated":true}]}}