{"version":"1.0","provider_name":"Doyenn\u00e9s du Grand Limoges","provider_url":"https:\/\/www.diocese-limoges.fr\/grand-limoges","title":"Bricole ton printemps - Doyenn\u00e9s du Grand Limoges","type":"rich","width":600,"height":338,"html":"<blockquote class=\"wp-embedded-content\" data-secret=\"btGo9OEO7E\"><a href=\"https:\/\/www.diocese-limoges.fr\/grand-limoges\/actualites\/bricole-ton-printemps\/\">Bricole ton printemps<\/a><\/blockquote><iframe sandbox=\"allow-scripts\" security=\"restricted\" src=\"https:\/\/www.diocese-limoges.fr\/grand-limoges\/actualites\/bricole-ton-printemps\/embed\/#?secret=btGo9OEO7E\" width=\"600\" height=\"338\" title=\"\u00ab\u00a0Bricole ton printemps\u00a0\u00bb &#8212; Doyenn\u00e9s du Grand Limoges\" data-secret=\"btGo9OEO7E\" frameborder=\"0\" marginwidth=\"0\" marginheight=\"0\" scrolling=\"no\" class=\"wp-embedded-content\"><\/iframe><script type=\"text\/javascript\">\n\/* <![CDATA[ *\/\n\/*! This file is auto-generated *\/\n!function(d,l){\"use strict\";l.querySelector&&d.addEventListener&&\"undefined\"!=typeof URL&&(d.wp=d.wp||{},d.wp.receiveEmbedMessage||(d.wp.receiveEmbedMessage=function(e){var t=e.data;if((t||t.secret||t.message||t.value)&&!\/[^a-zA-Z0-9]\/.test(t.secret)){for(var s,r,n,a=l.querySelectorAll('iframe[data-secret=\"'+t.secret+'\"]'),o=l.querySelectorAll('blockquote[data-secret=\"'+t.secret+'\"]'),c=new RegExp(\"^https?:$\",\"i\"),i=0;i<o.length;i++)o[i].style.display=\"none\";for(i=0;i<a.length;i++)s=a[i],e.source===s.contentWindow&&(s.removeAttribute(\"style\"),\"height\"===t.message?(1e3<(r=parseInt(t.value,10))?r=1e3:~~r<200&&(r=200),s.height=r):\"link\"===t.message&&(r=new URL(s.getAttribute(\"src\")),n=new URL(t.value),c.test(n.protocol))&&n.host===r.host&&l.activeElement===s&&(d.top.location.href=t.value))}},d.addEventListener(\"message\",d.wp.receiveEmbedMessage,!1),l.addEventListener(\"DOMContentLoaded\",function(){for(var e,t,s=l.querySelectorAll(\"iframe.wp-embedded-content\"),r=0;r<s.length;r++)(t=(e=s[r]).getAttribute(\"data-secret\"))||(t=Math.random().toString(36).substring(2,12),e.src+=\"#?secret=\"+t,e.setAttribute(\"data-secret\",t)),e.contentWindow.postMessage({message:\"ready\",secret:t},\"*\")},!1)))}(window,document);\n\/* ]]> *\/\n<\/script>\n","thumbnail_url":"https:\/\/www.diocese-limoges.fr\/grand-limoges\/wp-content\/uploads\/sites\/2\/2024\/04\/naturel-scaled.jpg","thumbnail_width":2560,"thumbnail_height":916,"description":"C&rsquo;est le printemps Cette ann\u00e9e, la f\u00eate du jardin se d\u00e9localise sur le parvis de Sainte-Th\u00e9r\u00e8se et vous attend pour, bien s\u00fbr, acheter vos plans et vos fleurs mais aussi d\u00e9couvrir des ateliers autour de la nature et de la r\u00e9cup\u00e9ration dans l\u2019esprit d\u2019\u00c9glise Verte. (r\u00e9paration de petit \u00e9lectrom\u00e9nager \u00e0 apporter). Voir affiche ci- jointe [&hellip;]"}