{"version":"1.0","provider_name":"Doyenn\u00e9s du Grand Limoges","provider_url":"https:\/\/www.diocese-limoges.fr\/grand-limoges","title":"Convoquons notre \u00e2me d'enfant ! - Doyenn\u00e9s du Grand Limoges","type":"rich","width":600,"height":338,"html":"<blockquote class=\"wp-embedded-content\" data-secret=\"zRAaS3Wrj6\"><a href=\"https:\/\/www.diocese-limoges.fr\/grand-limoges\/actualites\/convoquons-notre-ame-denfant\/\">Convoquons notre \u00e2me d&rsquo;enfant !<\/a><\/blockquote><iframe sandbox=\"allow-scripts\" security=\"restricted\" src=\"https:\/\/www.diocese-limoges.fr\/grand-limoges\/actualites\/convoquons-notre-ame-denfant\/embed\/#?secret=zRAaS3Wrj6\" width=\"600\" height=\"338\" title=\"\u00ab\u00a0Convoquons notre \u00e2me d&rsquo;enfant !\u00a0\u00bb &#8212; Doyenn\u00e9s du Grand Limoges\" data-secret=\"zRAaS3Wrj6\" frameborder=\"0\" marginwidth=\"0\" marginheight=\"0\" scrolling=\"no\" class=\"wp-embedded-content\"><\/iframe><script type=\"text\/javascript\">\n\/* <![CDATA[ *\/\n\/*! This file is auto-generated *\/\n!function(d,l){\"use strict\";l.querySelector&&d.addEventListener&&\"undefined\"!=typeof URL&&(d.wp=d.wp||{},d.wp.receiveEmbedMessage||(d.wp.receiveEmbedMessage=function(e){var t=e.data;if((t||t.secret||t.message||t.value)&&!\/[^a-zA-Z0-9]\/.test(t.secret)){for(var s,r,n,a=l.querySelectorAll('iframe[data-secret=\"'+t.secret+'\"]'),o=l.querySelectorAll('blockquote[data-secret=\"'+t.secret+'\"]'),c=new RegExp(\"^https?:$\",\"i\"),i=0;i<o.length;i++)o[i].style.display=\"none\";for(i=0;i<a.length;i++)s=a[i],e.source===s.contentWindow&&(s.removeAttribute(\"style\"),\"height\"===t.message?(1e3<(r=parseInt(t.value,10))?r=1e3:~~r<200&&(r=200),s.height=r):\"link\"===t.message&&(r=new URL(s.getAttribute(\"src\")),n=new URL(t.value),c.test(n.protocol))&&n.host===r.host&&l.activeElement===s&&(d.top.location.href=t.value))}},d.addEventListener(\"message\",d.wp.receiveEmbedMessage,!1),l.addEventListener(\"DOMContentLoaded\",function(){for(var e,t,s=l.querySelectorAll(\"iframe.wp-embedded-content\"),r=0;r<s.length;r++)(t=(e=s[r]).getAttribute(\"data-secret\"))||(t=Math.random().toString(36).substring(2,12),e.src+=\"#?secret=\"+t,e.setAttribute(\"data-secret\",t)),e.contentWindow.postMessage({message:\"ready\",secret:t},\"*\")},!1)))}(window,document);\n\/* ]]> *\/\n<\/script>\n","description":"Cette ann\u00e9e notre paroisse \u00e0 la joie d\u2019accueillir un calendrier de l\u2019Avent g\u00e9ant qui va nous accompagner vers No\u00ebl. Chaque jour du temps de l\u2019Avent une fen\u00eatre sera ouverte, une m\u00e9ditation lue, une bougie allum\u00e9e, une pri\u00e8re pour pr\u00e9parer nos c\u0153urs \u00e0 recevoir le Sauveur. Nous allons d\u00e9couvrir jour apr\u00e8s jour, avec la tendresse et [&hellip;]","thumbnail_url":"https:\/\/www.diocese-limoges.fr\/wp-content\/uploads\/2019\/12\/AFFICHE-CALENDRIER-DE-LAVENT-2019-212x300.jpg"}