{"version":"1.0","provider_name":"Doyenn\u00e9s du Grand Limoges","provider_url":"https:\/\/www.diocese-limoges.fr\/grand-limoges","title":"D\u00e9couvrir saint Fran\u00e7ois - Doyenn\u00e9s du Grand Limoges","type":"rich","width":600,"height":338,"html":"<blockquote class=\"wp-embedded-content\" data-secret=\"R3zWsu7dgr\"><a href=\"https:\/\/www.diocese-limoges.fr\/grand-limoges\/actualites\/decouvrir-saint-francois\/\">D\u00e9couvrir saint Fran\u00e7ois<\/a><\/blockquote><iframe sandbox=\"allow-scripts\" security=\"restricted\" src=\"https:\/\/www.diocese-limoges.fr\/grand-limoges\/actualites\/decouvrir-saint-francois\/embed\/#?secret=R3zWsu7dgr\" width=\"600\" height=\"338\" title=\"\u00ab\u00a0D\u00e9couvrir saint Fran\u00e7ois\u00a0\u00bb &#8212; Doyenn\u00e9s du Grand Limoges\" data-secret=\"R3zWsu7dgr\" frameborder=\"0\" marginwidth=\"0\" marginheight=\"0\" scrolling=\"no\" class=\"wp-embedded-content\"><\/iframe><script type=\"text\/javascript\">\n\/* <![CDATA[ *\/\n\/*! This file is auto-generated *\/\n!function(d,l){\"use strict\";l.querySelector&&d.addEventListener&&\"undefined\"!=typeof URL&&(d.wp=d.wp||{},d.wp.receiveEmbedMessage||(d.wp.receiveEmbedMessage=function(e){var t=e.data;if((t||t.secret||t.message||t.value)&&!\/[^a-zA-Z0-9]\/.test(t.secret)){for(var s,r,n,a=l.querySelectorAll('iframe[data-secret=\"'+t.secret+'\"]'),o=l.querySelectorAll('blockquote[data-secret=\"'+t.secret+'\"]'),c=new RegExp(\"^https?:$\",\"i\"),i=0;i<o.length;i++)o[i].style.display=\"none\";for(i=0;i<a.length;i++)s=a[i],e.source===s.contentWindow&&(s.removeAttribute(\"style\"),\"height\"===t.message?(1e3<(r=parseInt(t.value,10))?r=1e3:~~r<200&&(r=200),s.height=r):\"link\"===t.message&&(r=new URL(s.getAttribute(\"src\")),n=new URL(t.value),c.test(n.protocol))&&n.host===r.host&&l.activeElement===s&&(d.top.location.href=t.value))}},d.addEventListener(\"message\",d.wp.receiveEmbedMessage,!1),l.addEventListener(\"DOMContentLoaded\",function(){for(var e,t,s=l.querySelectorAll(\"iframe.wp-embedded-content\"),r=0;r<s.length;r++)(t=(e=s[r]).getAttribute(\"data-secret\"))||(t=Math.random().toString(36).substring(2,12),e.src+=\"#?secret=\"+t,e.setAttribute(\"data-secret\",t)),e.contentWindow.postMessage({message:\"ready\",secret:t},\"*\")},!1)))}(window,document);\n\/* ]]> *\/\n<\/script>\n","description":"La communaut\u00e9 de notre paroisse depuis la rentr\u00e9e scolaire, met ses pas dans les pas de saint Fran\u00e7ois. Elle s\u2019est r\u00e9unie le 17 janvier, au Faubourien, pour une soir\u00e9e d\u00e9couverte de saint Fran\u00e7ois, anim\u00e9e par les s\u0153urs de Saint-Fran\u00e7ois-d\u2019Assise de Limoges. Apr\u00e8s un repas convivial partag\u00e9 par une vingtaine de personnes, c\u2019est pr\u00e8s de 60 [&hellip;]","thumbnail_url":"https:\/\/www.diocese-limoges.fr\/wp-content\/uploads\/2019\/02\/soiree-St-Francois-1-300x200.jpg"}