{"version":"1.0","provider_name":"Doyenn\u00e9s du Grand Limoges","provider_url":"https:\/\/www.diocese-limoges.fr\/grand-limoges","title":"Go\u00fbter - Doyenn\u00e9s du Grand Limoges","type":"rich","width":600,"height":338,"html":"<blockquote class=\"wp-embedded-content\" data-secret=\"gMuW9Fl93J\"><a href=\"https:\/\/www.diocese-limoges.fr\/grand-limoges\/actualites\/gouter-jardinage\/\">Go\u00fbter<\/a><\/blockquote><iframe sandbox=\"allow-scripts\" security=\"restricted\" src=\"https:\/\/www.diocese-limoges.fr\/grand-limoges\/actualites\/gouter-jardinage\/embed\/#?secret=gMuW9Fl93J\" width=\"600\" height=\"338\" title=\"\u00ab\u00a0Go\u00fbter\u00a0\u00bb &#8212; Doyenn\u00e9s du Grand Limoges\" data-secret=\"gMuW9Fl93J\" frameborder=\"0\" marginwidth=\"0\" marginheight=\"0\" scrolling=\"no\" class=\"wp-embedded-content\"><\/iframe><script type=\"text\/javascript\">\n\/* <![CDATA[ *\/\n\/*! This file is auto-generated *\/\n!function(d,l){\"use strict\";l.querySelector&&d.addEventListener&&\"undefined\"!=typeof URL&&(d.wp=d.wp||{},d.wp.receiveEmbedMessage||(d.wp.receiveEmbedMessage=function(e){var t=e.data;if((t||t.secret||t.message||t.value)&&!\/[^a-zA-Z0-9]\/.test(t.secret)){for(var s,r,n,a=l.querySelectorAll('iframe[data-secret=\"'+t.secret+'\"]'),o=l.querySelectorAll('blockquote[data-secret=\"'+t.secret+'\"]'),c=new RegExp(\"^https?:$\",\"i\"),i=0;i<o.length;i++)o[i].style.display=\"none\";for(i=0;i<a.length;i++)s=a[i],e.source===s.contentWindow&&(s.removeAttribute(\"style\"),\"height\"===t.message?(1e3<(r=parseInt(t.value,10))?r=1e3:~~r<200&&(r=200),s.height=r):\"link\"===t.message&&(r=new URL(s.getAttribute(\"src\")),n=new URL(t.value),c.test(n.protocol))&&n.host===r.host&&l.activeElement===s&&(d.top.location.href=t.value))}},d.addEventListener(\"message\",d.wp.receiveEmbedMessage,!1),l.addEventListener(\"DOMContentLoaded\",function(){for(var e,t,s=l.querySelectorAll(\"iframe.wp-embedded-content\"),r=0;r<s.length;r++)(t=(e=s[r]).getAttribute(\"data-secret\"))||(t=Math.random().toString(36).substring(2,12),e.src+=\"#?secret=\"+t,e.setAttribute(\"data-secret\",t)),e.contentWindow.postMessage({message:\"ready\",secret:t},\"*\")},!1)))}(window,document);\n\/* ]]> *\/\n<\/script>\n","description":"Un go\u00fbter avec atelier jardinage communautaire, pour tous les \u00e2ges, vous est propos\u00e9 le samedi 27 ao\u00fbt, de 15h30 \u00e0 17h au jardin communautaire, \u00e0 La Chapelle Saint Jean Baptiste, 21 rue Fustel de Coulanges. Apporter de quoi go\u00fbter ou un arrosoir, si possible. Contact : Vinciane Trancart 06 71 59 38 56. vinciane.trancart@gmail.com"}