{"version":"1.0","provider_name":"Doyenn\u00e9s du Grand Limoges","provider_url":"https:\/\/www.diocese-limoges.fr\/grand-limoges","title":"March\u00e9 de No\u00ebl - Doyenn\u00e9s du Grand Limoges","type":"rich","width":600,"height":338,"html":"<blockquote class=\"wp-embedded-content\" data-secret=\"7xGLiqHPkE\"><a href=\"https:\/\/www.diocese-limoges.fr\/grand-limoges\/actualites\/marche-de-noel-5\/\">March\u00e9 de No\u00ebl<\/a><\/blockquote><iframe sandbox=\"allow-scripts\" security=\"restricted\" src=\"https:\/\/www.diocese-limoges.fr\/grand-limoges\/actualites\/marche-de-noel-5\/embed\/#?secret=7xGLiqHPkE\" width=\"600\" height=\"338\" title=\"\u00ab\u00a0March\u00e9 de No\u00ebl\u00a0\u00bb &#8212; Doyenn\u00e9s du Grand Limoges\" data-secret=\"7xGLiqHPkE\" frameborder=\"0\" marginwidth=\"0\" marginheight=\"0\" scrolling=\"no\" class=\"wp-embedded-content\"><\/iframe><script type=\"text\/javascript\">\n\/* <![CDATA[ *\/\n\/*! This file is auto-generated *\/\n!function(d,l){\"use strict\";l.querySelector&&d.addEventListener&&\"undefined\"!=typeof URL&&(d.wp=d.wp||{},d.wp.receiveEmbedMessage||(d.wp.receiveEmbedMessage=function(e){var t=e.data;if((t||t.secret||t.message||t.value)&&!\/[^a-zA-Z0-9]\/.test(t.secret)){for(var s,r,n,a=l.querySelectorAll('iframe[data-secret=\"'+t.secret+'\"]'),o=l.querySelectorAll('blockquote[data-secret=\"'+t.secret+'\"]'),c=new RegExp(\"^https?:$\",\"i\"),i=0;i<o.length;i++)o[i].style.display=\"none\";for(i=0;i<a.length;i++)s=a[i],e.source===s.contentWindow&&(s.removeAttribute(\"style\"),\"height\"===t.message?(1e3<(r=parseInt(t.value,10))?r=1e3:~~r<200&&(r=200),s.height=r):\"link\"===t.message&&(r=new URL(s.getAttribute(\"src\")),n=new URL(t.value),c.test(n.protocol))&&n.host===r.host&&l.activeElement===s&&(d.top.location.href=t.value))}},d.addEventListener(\"message\",d.wp.receiveEmbedMessage,!1),l.addEventListener(\"DOMContentLoaded\",function(){for(var e,t,s=l.querySelectorAll(\"iframe.wp-embedded-content\"),r=0;r<s.length;r++)(t=(e=s[r]).getAttribute(\"data-secret\"))||(t=Math.random().toString(36).substring(2,12),e.src+=\"#?secret=\"+t,e.setAttribute(\"data-secret\",t)),e.contentWindow.postMessage({message:\"ready\",secret:t},\"*\")},!1)))}(window,document);\n\/* ]]> *\/\n<\/script>\n","thumbnail_url":"https:\/\/www.diocese-limoges.fr\/grand-limoges\/wp-content\/uploads\/sites\/2\/2023\/11\/noel.jpg","thumbnail_width":529,"thumbnail_height":168,"description":"Le traditionnel march\u00e9 de No\u00ebl de la Paroisse a eu lieu le samedi 2 d\u00e9cembre&#8230; Pour entrer en Avent le march\u00e9 de No\u00ebl a permis \u00e0 de nombreux visiteurs de faire leurs emplettes parmi les d\u00e9cors de No\u00ebl, les petits bijoux, les livres, tableaux, les bonnets et \u00e9charpes pour l\u2019hiver ou les gourmandises miel, pain [&hellip;]"}