{"version":"1.0","provider_name":"Doyenn\u00e9s du Grand Limoges","provider_url":"https:\/\/www.diocese-limoges.fr\/grand-limoges","title":"Saint-Eloi a pris la parole - Doyenn\u00e9s du Grand Limoges","type":"rich","width":600,"height":338,"html":"<blockquote class=\"wp-embedded-content\" data-secret=\"Va1AaRn7Nm\"><a href=\"https:\/\/www.diocese-limoges.fr\/grand-limoges\/actualites\/saint-eloi-a-pris-la-parole\/\">Saint-Eloi a pris la parole<\/a><\/blockquote><iframe sandbox=\"allow-scripts\" security=\"restricted\" src=\"https:\/\/www.diocese-limoges.fr\/grand-limoges\/actualites\/saint-eloi-a-pris-la-parole\/embed\/#?secret=Va1AaRn7Nm\" width=\"600\" height=\"338\" title=\"\u00ab\u00a0Saint-Eloi a pris la parole\u00a0\u00bb &#8212; Doyenn\u00e9s du Grand Limoges\" data-secret=\"Va1AaRn7Nm\" frameborder=\"0\" marginwidth=\"0\" marginheight=\"0\" scrolling=\"no\" class=\"wp-embedded-content\"><\/iframe><script type=\"text\/javascript\">\n\/* <![CDATA[ *\/\n\/*! This file is auto-generated *\/\n!function(d,l){\"use strict\";l.querySelector&&d.addEventListener&&\"undefined\"!=typeof URL&&(d.wp=d.wp||{},d.wp.receiveEmbedMessage||(d.wp.receiveEmbedMessage=function(e){var t=e.data;if((t||t.secret||t.message||t.value)&&!\/[^a-zA-Z0-9]\/.test(t.secret)){for(var s,r,n,a=l.querySelectorAll('iframe[data-secret=\"'+t.secret+'\"]'),o=l.querySelectorAll('blockquote[data-secret=\"'+t.secret+'\"]'),c=new RegExp(\"^https?:$\",\"i\"),i=0;i<o.length;i++)o[i].style.display=\"none\";for(i=0;i<a.length;i++)s=a[i],e.source===s.contentWindow&&(s.removeAttribute(\"style\"),\"height\"===t.message?(1e3<(r=parseInt(t.value,10))?r=1e3:~~r<200&&(r=200),s.height=r):\"link\"===t.message&&(r=new URL(s.getAttribute(\"src\")),n=new URL(t.value),c.test(n.protocol))&&n.host===r.host&&l.activeElement===s&&(d.top.location.href=t.value))}},d.addEventListener(\"message\",d.wp.receiveEmbedMessage,!1),l.addEventListener(\"DOMContentLoaded\",function(){for(var e,t,s=l.querySelectorAll(\"iframe.wp-embedded-content\"),r=0;r<s.length;r++)(t=(e=s[r]).getAttribute(\"data-secret\"))||(t=Math.random().toString(36).substring(2,12),e.src+=\"#?secret=\"+t,e.setAttribute(\"data-secret\",t)),e.contentWindow.postMessage({message:\"ready\",secret:t},\"*\")},!1)))}(window,document);\n\/* ]]> *\/\n<\/script>\n","description":"Annonc\u00e9e depuis plusieurs semaines, pr\u00e9par\u00e9e par de nombreuses rencontres, l\u2019assembl\u00e9e paroissiale de la paroisse Saint-Eloi-des-Hauts-de-l\u2019Aurence s\u2019est tenue le dimanche 24 janvier dans la salle du faubourien. Une centaine de personnes est venue partager la synth\u00e8se de ces groupes constitu\u00e9s librement. Des synth\u00e8ses fid\u00e8les \u00e0 ce qui avait \u00e9t\u00e9 r\u00e9fl\u00e9chi \u00e0 partir des cinq questions nous [&hellip;]","thumbnail_url":"http:\/\/www.paroisse-saint-eloi.fr\/sites\/paroisse-saint-eloi.fr\/files\/telechargements\/utilisateur_13\/2016%20As%20P%20%20assistance%206.JPG"}