{"id":12,"date":"2020-01-09T16:43:28","date_gmt":"2020-01-09T15:43:28","guid":{"rendered":"https:\/\/www.diocese-limoges.fr\/grand-limoges\/?post_type=paroisse&#038;p=12"},"modified":"2024-09-18T15:21:38","modified_gmt":"2024-09-18T13:21:38","slug":"paroisse-de-la-trinite","status":"publish","type":"paroisse","link":"https:\/\/www.diocese-limoges.fr\/grand-limoges\/paroisses\/paroisse-de-la-trinite\/","title":{"rendered":"Paroisse de la Trinit\u00e9"},"content":{"rendered":"\n\n\n<p><strong><u>Permanences d\u2019accueil<\/u><\/strong><\/p>\n\n\n\n<p>Presbyt\u00e8re de l\u2019\u00e9glise Sainte-Bernadette<\/p>\n\n\n\n<p>6 rue Marcel Pagnol \u00e0 Limoges<\/p>\n\n\n\n<p>T\u00e9l.&nbsp;: 05 55 37 28 71<\/p>\n\n\n\n<p>le jeudi : 14h30 \u00e0 16h30<\/p>\n\n\n\n<p><strong><u>Secr\u00e9tariat&nbsp;:<\/u><\/strong><\/p>\n\n\n\n<p>6 rue Marcel Pagnol<\/p>\n\n\n\n<p>le mercredi : 10h \u00e0 12h30 \u2013\u00a0 14h \u00e0 16h30<\/p>\n\n\n\n<p>T\u00e9l. : 05 55 37 28 71<\/p>\n\n\n\n<p>Email&nbsp;:&nbsp;paroissetrinite87@outlook.fr<\/p>\n","protected":false},"author":33,"featured_media":13,"parent":0,"menu_order":77,"template":"","meta":{"_acf_changed":false},"class_list":["post-12","paroisse","type-paroisse","status-publish","has-post-thumbnail","hentry"],"acf":[],"yoast_head":"<!-- This site is optimized with the Yoast SEO plugin v26.4 - https:\/\/yoast.com\/wordpress\/plugins\/seo\/ -->\n<title>Paroisse de la Trinit\u00e9 - Doyenn\u00e9s du Grand Limoges<\/title>\n<meta name=\"robots\" content=\"index, follow, max-snippet:-1, max-image-preview:large, max-video-preview:-1\" \/>\n<link rel=\"canonical\" href=\"https:\/\/www.diocese-limoges.fr\/grand-limoges\/paroisses\/paroisse-de-la-trinite\/\" \/>\n<meta property=\"og:locale\" content=\"fr_FR\" \/>\n<meta property=\"og:type\" content=\"article\" \/>\n<meta property=\"og:title\" content=\"Paroisse de la Trinit\u00e9 - Doyenn\u00e9s du Grand Limoges\" \/>\n<meta property=\"og:description\" content=\"Permanences d\u2019accueil Presbyt\u00e8re de l\u2019\u00e9glise Sainte-Bernadette 6 rue Marcel Pagnol \u00e0 Limoges T\u00e9l.&nbsp;: 05 55 37 28 71 le jeudi : 14h30 \u00e0 16h30 Secr\u00e9tariat&nbsp;: 6 rue Marcel Pagnol le mercredi : 10h \u00e0 12h30 \u2013\u00a0 14h \u00e0 16h30 T\u00e9l. : 05 55 37 28 71 Email&nbsp;:&nbsp;paroissetrinite87@outlook.fr\" \/>\n<meta property=\"og:url\" content=\"https:\/\/www.diocese-limoges.fr\/grand-limoges\/paroisses\/paroisse-de-la-trinite\/\" \/>\n<meta property=\"og:site_name\" content=\"Doyenn\u00e9s du Grand Limoges\" \/>\n<meta property=\"article:modified_time\" content=\"2024-09-18T13:21:38+00:00\" \/>\n<meta property=\"og:image\" content=\"https:\/\/www.diocese-limoges.fr\/grand-limoges\/wp-content\/uploads\/sites\/2\/2020\/01\/DSC05994-Copie-800x340-1.jpg\" \/>\n\t<meta property=\"og:image:width\" content=\"800\" \/>\n\t<meta property=\"og:image:height\" content=\"340\" \/>\n\t<meta property=\"og:image:type\" content=\"image\/jpeg\" \/>\n<meta name=\"twitter:card\" content=\"summary_large_image\" \/>\n<meta name=\"twitter:label1\" content=\"Dur\u00e9e de lecture estim\u00e9e\" \/>\n\t<meta name=\"twitter:data1\" content=\"1 minute\" \/>\n<script type=\"application\/ld+json\" class=\"yoast-schema-graph\">{\"@context\":\"https:\/\/schema.org\",\"@graph\":[{\"@type\":\"WebPage\",\"@id\":\"https:\/\/www.diocese-limoges.fr\/grand-limoges\/paroisses\/paroisse-de-la-trinite\/\",\"url\":\"https:\/\/www.diocese-limoges.fr\/grand-limoges\/paroisses\/paroisse-de-la-trinite\/\",\"name\":\"Paroisse de la Trinit\u00e9 - Doyenn\u00e9s du Grand Limoges\",\"isPartOf\":{\"@id\":\"https:\/\/www.diocese-limoges.fr\/grand-limoges\/#website\"},\"primaryImageOfPage\":{\"@id\":\"https:\/\/www.diocese-limoges.fr\/grand-limoges\/paroisses\/paroisse-de-la-trinite\/#primaryimage\"},\"image\":{\"@id\":\"https:\/\/www.diocese-limoges.fr\/grand-limoges\/paroisses\/paroisse-de-la-trinite\/#primaryimage\"},\"thumbnailUrl\":\"https:\/\/www.diocese-limoges.fr\/grand-limoges\/wp-content\/uploads\/sites\/2\/2020\/01\/DSC05994-Copie-800x340-1.jpg\",\"datePublished\":\"2020-01-09T15:43:28+00:00\",\"dateModified\":\"2024-09-18T13:21:38+00:00\",\"breadcrumb\":{\"@id\":\"https:\/\/www.diocese-limoges.fr\/grand-limoges\/paroisses\/paroisse-de-la-trinite\/#breadcrumb\"},\"inLanguage\":\"fr-FR\",\"potentialAction\":[{\"@type\":\"ReadAction\",\"target\":[\"https:\/\/www.diocese-limoges.fr\/grand-limoges\/paroisses\/paroisse-de-la-trinite\/\"]}]},{\"@type\":\"ImageObject\",\"inLanguage\":\"fr-FR\",\"@id\":\"https:\/\/www.diocese-limoges.fr\/grand-limoges\/paroisses\/paroisse-de-la-trinite\/#primaryimage\",\"url\":\"https:\/\/www.diocese-limoges.fr\/grand-limoges\/wp-content\/uploads\/sites\/2\/2020\/01\/DSC05994-Copie-800x340-1.jpg\",\"contentUrl\":\"https:\/\/www.diocese-limoges.fr\/grand-limoges\/wp-content\/uploads\/sites\/2\/2020\/01\/DSC05994-Copie-800x340-1.jpg\",\"width\":800,\"height\":340},{\"@type\":\"BreadcrumbList\",\"@id\":\"https:\/\/www.diocese-limoges.fr\/grand-limoges\/paroisses\/paroisse-de-la-trinite\/#breadcrumb\",\"itemListElement\":[{\"@type\":\"ListItem\",\"position\":1,\"name\":\"Accueil\",\"item\":\"https:\/\/www.diocese-limoges.fr\/grand-limoges\/\"},{\"@type\":\"ListItem\",\"position\":2,\"name\":\"Paroisse de la Trinit\u00e9\"}]},{\"@type\":\"WebSite\",\"@id\":\"https:\/\/www.diocese-limoges.fr\/grand-limoges\/#website\",\"url\":\"https:\/\/www.diocese-limoges.fr\/grand-limoges\/\",\"name\":\"Doyenn\u00e9s du Grand Limoges\",\"description\":\"Dioc\u00e8se de Limoges\",\"potentialAction\":[{\"@type\":\"SearchAction\",\"target\":{\"@type\":\"EntryPoint\",\"urlTemplate\":\"https:\/\/www.diocese-limoges.fr\/grand-limoges\/?s={search_term_string}\"},\"query-input\":{\"@type\":\"PropertyValueSpecification\",\"valueRequired\":true,\"valueName\":\"search_term_string\"}}],\"inLanguage\":\"fr-FR\"}]}<\/script>\n<!-- \/ Yoast SEO plugin. -->","yoast_head_json":{"title":"Paroisse de la Trinit\u00e9 - Doyenn\u00e9s du Grand Limoges","robots":{"index":"index","follow":"follow","max-snippet":"max-snippet:-1","max-image-preview":"max-image-preview:large","max-video-preview":"max-video-preview:-1"},"canonical":"https:\/\/www.diocese-limoges.fr\/grand-limoges\/paroisses\/paroisse-de-la-trinite\/","og_locale":"fr_FR","og_type":"article","og_title":"Paroisse de la Trinit\u00e9 - Doyenn\u00e9s du Grand Limoges","og_description":"Permanences d\u2019accueil Presbyt\u00e8re de l\u2019\u00e9glise Sainte-Bernadette 6 rue Marcel Pagnol \u00e0 Limoges T\u00e9l.&nbsp;: 05 55 37 28 71 le jeudi : 14h30 \u00e0 16h30 Secr\u00e9tariat&nbsp;: 6 rue Marcel Pagnol le mercredi : 10h \u00e0 12h30 \u2013\u00a0 14h \u00e0 16h30 T\u00e9l. : 05 55 37 28 71 Email&nbsp;:&nbsp;paroissetrinite87@outlook.fr","og_url":"https:\/\/www.diocese-limoges.fr\/grand-limoges\/paroisses\/paroisse-de-la-trinite\/","og_site_name":"Doyenn\u00e9s du Grand Limoges","article_modified_time":"2024-09-18T13:21:38+00:00","og_image":[{"width":800,"height":340,"url":"https:\/\/www.diocese-limoges.fr\/grand-limoges\/wp-content\/uploads\/sites\/2\/2020\/01\/DSC05994-Copie-800x340-1.jpg","type":"image\/jpeg"}],"twitter_card":"summary_large_image","twitter_misc":{"Dur\u00e9e de lecture estim\u00e9e":"1 minute"},"schema":{"@context":"https:\/\/schema.org","@graph":[{"@type":"WebPage","@id":"https:\/\/www.diocese-limoges.fr\/grand-limoges\/paroisses\/paroisse-de-la-trinite\/","url":"https:\/\/www.diocese-limoges.fr\/grand-limoges\/paroisses\/paroisse-de-la-trinite\/","name":"Paroisse de la Trinit\u00e9 - Doyenn\u00e9s du Grand Limoges","isPartOf":{"@id":"https:\/\/www.diocese-limoges.fr\/grand-limoges\/#website"},"primaryImageOfPage":{"@id":"https:\/\/www.diocese-limoges.fr\/grand-limoges\/paroisses\/paroisse-de-la-trinite\/#primaryimage"},"image":{"@id":"https:\/\/www.diocese-limoges.fr\/grand-limoges\/paroisses\/paroisse-de-la-trinite\/#primaryimage"},"thumbnailUrl":"https:\/\/www.diocese-limoges.fr\/grand-limoges\/wp-content\/uploads\/sites\/2\/2020\/01\/DSC05994-Copie-800x340-1.jpg","datePublished":"2020-01-09T15:43:28+00:00","dateModified":"2024-09-18T13:21:38+00:00","breadcrumb":{"@id":"https:\/\/www.diocese-limoges.fr\/grand-limoges\/paroisses\/paroisse-de-la-trinite\/#breadcrumb"},"inLanguage":"fr-FR","potentialAction":[{"@type":"ReadAction","target":["https:\/\/www.diocese-limoges.fr\/grand-limoges\/paroisses\/paroisse-de-la-trinite\/"]}]},{"@type":"ImageObject","inLanguage":"fr-FR","@id":"https:\/\/www.diocese-limoges.fr\/grand-limoges\/paroisses\/paroisse-de-la-trinite\/#primaryimage","url":"https:\/\/www.diocese-limoges.fr\/grand-limoges\/wp-content\/uploads\/sites\/2\/2020\/01\/DSC05994-Copie-800x340-1.jpg","contentUrl":"https:\/\/www.diocese-limoges.fr\/grand-limoges\/wp-content\/uploads\/sites\/2\/2020\/01\/DSC05994-Copie-800x340-1.jpg","width":800,"height":340},{"@type":"BreadcrumbList","@id":"https:\/\/www.diocese-limoges.fr\/grand-limoges\/paroisses\/paroisse-de-la-trinite\/#breadcrumb","itemListElement":[{"@type":"ListItem","position":1,"name":"Accueil","item":"https:\/\/www.diocese-limoges.fr\/grand-limoges\/"},{"@type":"ListItem","position":2,"name":"Paroisse de la Trinit\u00e9"}]},{"@type":"WebSite","@id":"https:\/\/www.diocese-limoges.fr\/grand-limoges\/#website","url":"https:\/\/www.diocese-limoges.fr\/grand-limoges\/","name":"Doyenn\u00e9s du Grand Limoges","description":"Dioc\u00e8se de Limoges","potentialAction":[{"@type":"SearchAction","target":{"@type":"EntryPoint","urlTemplate":"https:\/\/www.diocese-limoges.fr\/grand-limoges\/?s={search_term_string}"},"query-input":{"@type":"PropertyValueSpecification","valueRequired":true,"valueName":"search_term_string"}}],"inLanguage":"fr-FR"}]}},"_links":{"self":[{"href":"https:\/\/www.diocese-limoges.fr\/grand-limoges\/wp-json\/wp\/v2\/paroisse\/12","targetHints":{"allow":["GET"]}}],"collection":[{"href":"https:\/\/www.diocese-limoges.fr\/grand-limoges\/wp-json\/wp\/v2\/paroisse"}],"about":[{"href":"https:\/\/www.diocese-limoges.fr\/grand-limoges\/wp-json\/wp\/v2\/types\/paroisse"}],"author":[{"embeddable":true,"href":"https:\/\/www.diocese-limoges.fr\/grand-limoges\/wp-json\/wp\/v2\/users\/33"}],"wp:featuredmedia":[{"embeddable":true,"href":"https:\/\/www.diocese-limoges.fr\/grand-limoges\/wp-json\/wp\/v2\/media\/13"}],"wp:attachment":[{"href":"https:\/\/www.diocese-limoges.fr\/grand-limoges\/wp-json\/wp\/v2\/media?parent=12"}],"curies":[{"name":"wp","href":"https:\/\/api.w.org\/{rel}","templated":true}]}}