{"id":17205,"date":"2024-10-23T15:37:19","date_gmt":"2024-10-23T13:37:19","guid":{"rendered":"https:\/\/www.diocese-limoges.fr\/grand-limoges\/?post_type=paroisse&#038;p=17205"},"modified":"2024-12-13T00:14:32","modified_gmt":"2024-12-12T23:14:32","slug":"lequipe-pastorale","status":"publish","type":"paroisse","link":"https:\/\/www.diocese-limoges.fr\/grand-limoges\/paroisses\/saint-eloi-des-hauts-de-laurence\/notre-paroisse\/lequipe-pastorale\/","title":{"rendered":"L&rsquo;Equipe Pastorale"},"content":{"rendered":"\n<p>Elle a la responsabilit\u00e9 de l&rsquo;animation de la Paroisse. Elle se r\u00e9unit r\u00e9guli\u00e8rement et le  projet  pastoral. Elle veille \u00e0 l&rsquo;unit\u00e9 de la paroisse et a le souci d&rsquo;\u00eatre \u00e0 l&rsquo;\u00e9coute des communaut\u00e9s de relais et des personnes qui vivent sur la paroisse . Elle est compos\u00e9e d du cur\u00e9 de la paroisse et de trois ou quatre membres nomm\u00e9s par l\u2019\u00c9v\u00eaque.<\/p>\n\n\n\n<p>L&rsquo;\u00c9quipe Pastorale de la paroisse Saint-\u00c9loi est compos\u00e9e de<\/p>\n\n\n<p><img loading=\"lazy\" decoding=\"async\" class=\"alignnone  wp-image-18304\" src=\"https:\/\/www.diocese-limoges.fr\/grand-limoges\/wp-content\/uploads\/sites\/2\/2020\/04\/vero-r-253x300.jpg\" alt=\"\" width=\"211\" height=\"251\" srcset=\"https:\/\/www.diocese-limoges.fr\/grand-limoges\/wp-content\/uploads\/sites\/2\/2020\/04\/vero-r-253x300.jpg 253w, https:\/\/www.diocese-limoges.fr\/grand-limoges\/wp-content\/uploads\/sites\/2\/2020\/04\/vero-r.jpg 350w\" sizes=\"auto, (max-width: 211px) 100vw, 211px\" \/>\u00a0 \u00a0 \u00a0 \u00a0 \u00a0 \u00a0 \u00a0 \u00a0 \u00a0 <img loading=\"lazy\" decoding=\"async\" class=\"alignnone  wp-image-23867\" src=\"https:\/\/www.diocese-limoges.fr\/grand-limoges\/wp-content\/uploads\/sites\/2\/2024\/10\/dominique-213x300.jpg\" alt=\"\" width=\"175\" height=\"246\" srcset=\"https:\/\/www.diocese-limoges.fr\/grand-limoges\/wp-content\/uploads\/sites\/2\/2024\/10\/dominique-213x300.jpg 213w, https:\/\/www.diocese-limoges.fr\/grand-limoges\/wp-content\/uploads\/sites\/2\/2024\/10\/dominique.jpg 487w\" sizes=\"auto, (max-width: 175px) 100vw, 175px\" \/>\u00a0 \u00a0 \u00a0 \u00a0 \u00a0 \u00a0 \u00a0 \u00a0 \u00a0 \u00a0 <img loading=\"lazy\" decoding=\"async\" class=\"alignnone  wp-image-23868\" src=\"https:\/\/www.diocese-limoges.fr\/grand-limoges\/wp-content\/uploads\/sites\/2\/2024\/10\/nadine-223x300.jpg\" alt=\"\" width=\"183\" height=\"246\" srcset=\"https:\/\/www.diocese-limoges.fr\/grand-limoges\/wp-content\/uploads\/sites\/2\/2024\/10\/nadine-223x300.jpg 223w, https:\/\/www.diocese-limoges.fr\/grand-limoges\/wp-content\/uploads\/sites\/2\/2024\/10\/nadine.jpg 434w\" sizes=\"auto, (max-width: 183px) 100vw, 183px\" \/>\u00a0 \u00a0 \u00a0 \u00a0 \u00a0 \u00a0 \u00a0<img loading=\"lazy\" decoding=\"async\" class=\"alignnone  wp-image-18293\" src=\"https:\/\/www.diocese-limoges.fr\/grand-limoges\/wp-content\/uploads\/sites\/2\/2020\/11\/2018-jean-michel-283x300.jpg\" alt=\"\" width=\"230\" height=\"244\" srcset=\"https:\/\/www.diocese-limoges.fr\/grand-limoges\/wp-content\/uploads\/sites\/2\/2020\/11\/2018-jean-michel-283x300.jpg 283w, https:\/\/www.diocese-limoges.fr\/grand-limoges\/wp-content\/uploads\/sites\/2\/2020\/11\/2018-jean-michel.jpg 354w\" sizes=\"auto, (max-width: 230px) 100vw, 230px\" \/> \u00a0 \u00a0 \u00a0 \u00a0 \u00a0 \u00a0 \u00a0 \u00a0 \u00a0 \u00a0 \u00a0 \u00a0 \u00a0 \u00a0 \u00a0 \u00a0 \u00a0 \u00a0 \u00a0 \u00a0 \u00a0 \u00a0 \u00a0 \u00a0 \u00a0 \u00a0 \u00a0 \u00a0 \u00a0 \u00a0 \u00a0 \u00a0 \u00a0 \u00a0 \u00a0 \u00a0 \u00a0 \u00a0 \u00a0 \u00a0 \u00a0 \u00a0 \u00a0 \u00a0 \u00a0 \u00a0 \u00a0 \u00a0 \u00a0 \u00a0 \u00a0 \u00a0\u00a0<\/p>\n\n\n<figure class=\"wp-block-table\"><table class=\"has-fixed-layout\"><tbody><tr><td>V\u00e9ronique Bonnet<\/td><td>Dominique Lagane<\/td><td>Nadine Faure (regardante)<\/td><td>P\u00e8re Jean-Michel Bonnin<\/td><\/tr><tr><td><\/td><td><\/td><td><\/td><td><\/td><\/tr><\/tbody><\/table><\/figure>\n\n\n\n<p><\/p>\n\n\n\n<p><\/p>\n\n\n\n<p><br><\/p>\n\n\n\n<p><\/p>\n\n\n\n<p><\/p>\n\n\n\n<p><\/p>\n\n\n\n<p><\/p>\n\n\n\n<p><\/p>\n\n\n\n<p><br><\/p>\n","protected":false},"author":10,"featured_media":17847,"parent":17202,"menu_order":137,"template":"","meta":{"_acf_changed":false},"class_list":["post-17205","paroisse","type-paroisse","status-publish","has-post-thumbnail","hentry"],"acf":[],"yoast_head":"<!-- This site is optimized with the Yoast SEO plugin v26.4 - https:\/\/yoast.com\/wordpress\/plugins\/seo\/ -->\n<title>L&#039;Equipe Pastorale - Doyenn\u00e9s du Grand Limoges<\/title>\n<meta name=\"robots\" content=\"index, follow, max-snippet:-1, max-image-preview:large, max-video-preview:-1\" \/>\n<link rel=\"canonical\" href=\"https:\/\/www.diocese-limoges.fr\/grand-limoges\/paroisses\/saint-eloi-des-hauts-de-laurence\/notre-paroisse\/lequipe-pastorale\/\" \/>\n<meta property=\"og:locale\" content=\"fr_FR\" \/>\n<meta property=\"og:type\" content=\"article\" \/>\n<meta property=\"og:title\" content=\"L&#039;Equipe Pastorale - Doyenn\u00e9s du Grand Limoges\" \/>\n<meta property=\"og:description\" content=\"Elle a la responsabilit\u00e9 de l&rsquo;animation de la Paroisse. Elle se r\u00e9unit r\u00e9guli\u00e8rement et le projet pastoral. Elle veille \u00e0 l&rsquo;unit\u00e9 de la paroisse et a le souci d&rsquo;\u00eatre \u00e0 l&rsquo;\u00e9coute des communaut\u00e9s de relais et des personnes qui vivent sur la paroisse . Elle est compos\u00e9e d du cur\u00e9 de la paroisse et de [&hellip;]\" \/>\n<meta property=\"og:url\" content=\"https:\/\/www.diocese-limoges.fr\/grand-limoges\/paroisses\/saint-eloi-des-hauts-de-laurence\/notre-paroisse\/lequipe-pastorale\/\" \/>\n<meta property=\"og:site_name\" content=\"Doyenn\u00e9s du Grand Limoges\" \/>\n<meta property=\"article:modified_time\" content=\"2024-12-12T23:14:32+00:00\" \/>\n<meta property=\"og:image\" content=\"https:\/\/www.diocese-limoges.fr\/grand-limoges\/wp-content\/uploads\/sites\/2\/2020\/04\/dscf1642-scaled.jpg\" \/>\n\t<meta property=\"og:image:width\" content=\"2560\" \/>\n\t<meta property=\"og:image:height\" content=\"1920\" \/>\n\t<meta property=\"og:image:type\" content=\"image\/jpeg\" \/>\n<meta name=\"twitter:card\" content=\"summary_large_image\" \/>\n<meta name=\"twitter:label1\" content=\"Dur\u00e9e de lecture estim\u00e9e\" \/>\n\t<meta name=\"twitter:data1\" content=\"2 minutes\" \/>\n<script type=\"application\/ld+json\" class=\"yoast-schema-graph\">{\"@context\":\"https:\/\/schema.org\",\"@graph\":[{\"@type\":\"WebPage\",\"@id\":\"https:\/\/www.diocese-limoges.fr\/grand-limoges\/paroisses\/saint-eloi-des-hauts-de-laurence\/notre-paroisse\/lequipe-pastorale\/\",\"url\":\"https:\/\/www.diocese-limoges.fr\/grand-limoges\/paroisses\/saint-eloi-des-hauts-de-laurence\/notre-paroisse\/lequipe-pastorale\/\",\"name\":\"L'Equipe Pastorale - Doyenn\u00e9s du Grand Limoges\",\"isPartOf\":{\"@id\":\"https:\/\/www.diocese-limoges.fr\/grand-limoges\/#website\"},\"primaryImageOfPage\":{\"@id\":\"https:\/\/www.diocese-limoges.fr\/grand-limoges\/paroisses\/saint-eloi-des-hauts-de-laurence\/notre-paroisse\/lequipe-pastorale\/#primaryimage\"},\"image\":{\"@id\":\"https:\/\/www.diocese-limoges.fr\/grand-limoges\/paroisses\/saint-eloi-des-hauts-de-laurence\/notre-paroisse\/lequipe-pastorale\/#primaryimage\"},\"thumbnailUrl\":\"https:\/\/www.diocese-limoges.fr\/grand-limoges\/wp-content\/uploads\/sites\/2\/2020\/04\/dscf1642-scaled.jpg\",\"datePublished\":\"2024-10-23T13:37:19+00:00\",\"dateModified\":\"2024-12-12T23:14:32+00:00\",\"breadcrumb\":{\"@id\":\"https:\/\/www.diocese-limoges.fr\/grand-limoges\/paroisses\/saint-eloi-des-hauts-de-laurence\/notre-paroisse\/lequipe-pastorale\/#breadcrumb\"},\"inLanguage\":\"fr-FR\",\"potentialAction\":[{\"@type\":\"ReadAction\",\"target\":[\"https:\/\/www.diocese-limoges.fr\/grand-limoges\/paroisses\/saint-eloi-des-hauts-de-laurence\/notre-paroisse\/lequipe-pastorale\/\"]}]},{\"@type\":\"ImageObject\",\"inLanguage\":\"fr-FR\",\"@id\":\"https:\/\/www.diocese-limoges.fr\/grand-limoges\/paroisses\/saint-eloi-des-hauts-de-laurence\/notre-paroisse\/lequipe-pastorale\/#primaryimage\",\"url\":\"https:\/\/www.diocese-limoges.fr\/grand-limoges\/wp-content\/uploads\/sites\/2\/2020\/04\/dscf1642-scaled.jpg\",\"contentUrl\":\"https:\/\/www.diocese-limoges.fr\/grand-limoges\/wp-content\/uploads\/sites\/2\/2020\/04\/dscf1642-scaled.jpg\",\"width\":2560,\"height\":1920},{\"@type\":\"BreadcrumbList\",\"@id\":\"https:\/\/www.diocese-limoges.fr\/grand-limoges\/paroisses\/saint-eloi-des-hauts-de-laurence\/notre-paroisse\/lequipe-pastorale\/#breadcrumb\",\"itemListElement\":[{\"@type\":\"ListItem\",\"position\":1,\"name\":\"Accueil\",\"item\":\"https:\/\/www.diocese-limoges.fr\/grand-limoges\/\"},{\"@type\":\"ListItem\",\"position\":2,\"name\":\"Paroisse Saint-\u00c9loi-des-Hauts-de-l&rsquo;Aurence\",\"item\":\"https:\/\/www.diocese-limoges.fr\/grand-limoges\/paroisses\/saint-eloi-des-hauts-de-laurence\/\"},{\"@type\":\"ListItem\",\"position\":3,\"name\":\"La vie de notre paroisse : \u00c9quipe pastorale, \u00c9quipes d&rsquo;animation de Relais, Conseil \u00e9conomique&#8230;\",\"item\":\"https:\/\/www.diocese-limoges.fr\/grand-limoges\/paroisses\/saint-eloi-des-hauts-de-laurence\/notre-paroisse\/\"},{\"@type\":\"ListItem\",\"position\":4,\"name\":\"L&rsquo;Equipe Pastorale\"}]},{\"@type\":\"WebSite\",\"@id\":\"https:\/\/www.diocese-limoges.fr\/grand-limoges\/#website\",\"url\":\"https:\/\/www.diocese-limoges.fr\/grand-limoges\/\",\"name\":\"Doyenn\u00e9s du Grand Limoges\",\"description\":\"Dioc\u00e8se de Limoges\",\"potentialAction\":[{\"@type\":\"SearchAction\",\"target\":{\"@type\":\"EntryPoint\",\"urlTemplate\":\"https:\/\/www.diocese-limoges.fr\/grand-limoges\/?s={search_term_string}\"},\"query-input\":{\"@type\":\"PropertyValueSpecification\",\"valueRequired\":true,\"valueName\":\"search_term_string\"}}],\"inLanguage\":\"fr-FR\"}]}<\/script>\n<!-- \/ Yoast SEO plugin. -->","yoast_head_json":{"title":"L'Equipe Pastorale - Doyenn\u00e9s du Grand Limoges","robots":{"index":"index","follow":"follow","max-snippet":"max-snippet:-1","max-image-preview":"max-image-preview:large","max-video-preview":"max-video-preview:-1"},"canonical":"https:\/\/www.diocese-limoges.fr\/grand-limoges\/paroisses\/saint-eloi-des-hauts-de-laurence\/notre-paroisse\/lequipe-pastorale\/","og_locale":"fr_FR","og_type":"article","og_title":"L'Equipe Pastorale - Doyenn\u00e9s du Grand Limoges","og_description":"Elle a la responsabilit\u00e9 de l&rsquo;animation de la Paroisse. Elle se r\u00e9unit r\u00e9guli\u00e8rement et le projet pastoral. Elle veille \u00e0 l&rsquo;unit\u00e9 de la paroisse et a le souci d&rsquo;\u00eatre \u00e0 l&rsquo;\u00e9coute des communaut\u00e9s de relais et des personnes qui vivent sur la paroisse . Elle est compos\u00e9e d du cur\u00e9 de la paroisse et de [&hellip;]","og_url":"https:\/\/www.diocese-limoges.fr\/grand-limoges\/paroisses\/saint-eloi-des-hauts-de-laurence\/notre-paroisse\/lequipe-pastorale\/","og_site_name":"Doyenn\u00e9s du Grand Limoges","article_modified_time":"2024-12-12T23:14:32+00:00","og_image":[{"width":2560,"height":1920,"url":"https:\/\/www.diocese-limoges.fr\/grand-limoges\/wp-content\/uploads\/sites\/2\/2020\/04\/dscf1642-scaled.jpg","type":"image\/jpeg"}],"twitter_card":"summary_large_image","twitter_misc":{"Dur\u00e9e de lecture estim\u00e9e":"2 minutes"},"schema":{"@context":"https:\/\/schema.org","@graph":[{"@type":"WebPage","@id":"https:\/\/www.diocese-limoges.fr\/grand-limoges\/paroisses\/saint-eloi-des-hauts-de-laurence\/notre-paroisse\/lequipe-pastorale\/","url":"https:\/\/www.diocese-limoges.fr\/grand-limoges\/paroisses\/saint-eloi-des-hauts-de-laurence\/notre-paroisse\/lequipe-pastorale\/","name":"L'Equipe Pastorale - Doyenn\u00e9s du Grand Limoges","isPartOf":{"@id":"https:\/\/www.diocese-limoges.fr\/grand-limoges\/#website"},"primaryImageOfPage":{"@id":"https:\/\/www.diocese-limoges.fr\/grand-limoges\/paroisses\/saint-eloi-des-hauts-de-laurence\/notre-paroisse\/lequipe-pastorale\/#primaryimage"},"image":{"@id":"https:\/\/www.diocese-limoges.fr\/grand-limoges\/paroisses\/saint-eloi-des-hauts-de-laurence\/notre-paroisse\/lequipe-pastorale\/#primaryimage"},"thumbnailUrl":"https:\/\/www.diocese-limoges.fr\/grand-limoges\/wp-content\/uploads\/sites\/2\/2020\/04\/dscf1642-scaled.jpg","datePublished":"2024-10-23T13:37:19+00:00","dateModified":"2024-12-12T23:14:32+00:00","breadcrumb":{"@id":"https:\/\/www.diocese-limoges.fr\/grand-limoges\/paroisses\/saint-eloi-des-hauts-de-laurence\/notre-paroisse\/lequipe-pastorale\/#breadcrumb"},"inLanguage":"fr-FR","potentialAction":[{"@type":"ReadAction","target":["https:\/\/www.diocese-limoges.fr\/grand-limoges\/paroisses\/saint-eloi-des-hauts-de-laurence\/notre-paroisse\/lequipe-pastorale\/"]}]},{"@type":"ImageObject","inLanguage":"fr-FR","@id":"https:\/\/www.diocese-limoges.fr\/grand-limoges\/paroisses\/saint-eloi-des-hauts-de-laurence\/notre-paroisse\/lequipe-pastorale\/#primaryimage","url":"https:\/\/www.diocese-limoges.fr\/grand-limoges\/wp-content\/uploads\/sites\/2\/2020\/04\/dscf1642-scaled.jpg","contentUrl":"https:\/\/www.diocese-limoges.fr\/grand-limoges\/wp-content\/uploads\/sites\/2\/2020\/04\/dscf1642-scaled.jpg","width":2560,"height":1920},{"@type":"BreadcrumbList","@id":"https:\/\/www.diocese-limoges.fr\/grand-limoges\/paroisses\/saint-eloi-des-hauts-de-laurence\/notre-paroisse\/lequipe-pastorale\/#breadcrumb","itemListElement":[{"@type":"ListItem","position":1,"name":"Accueil","item":"https:\/\/www.diocese-limoges.fr\/grand-limoges\/"},{"@type":"ListItem","position":2,"name":"Paroisse Saint-\u00c9loi-des-Hauts-de-l&rsquo;Aurence","item":"https:\/\/www.diocese-limoges.fr\/grand-limoges\/paroisses\/saint-eloi-des-hauts-de-laurence\/"},{"@type":"ListItem","position":3,"name":"La vie de notre paroisse : \u00c9quipe pastorale, \u00c9quipes d&rsquo;animation de Relais, Conseil \u00e9conomique&#8230;","item":"https:\/\/www.diocese-limoges.fr\/grand-limoges\/paroisses\/saint-eloi-des-hauts-de-laurence\/notre-paroisse\/"},{"@type":"ListItem","position":4,"name":"L&rsquo;Equipe Pastorale"}]},{"@type":"WebSite","@id":"https:\/\/www.diocese-limoges.fr\/grand-limoges\/#website","url":"https:\/\/www.diocese-limoges.fr\/grand-limoges\/","name":"Doyenn\u00e9s du Grand Limoges","description":"Dioc\u00e8se de Limoges","potentialAction":[{"@type":"SearchAction","target":{"@type":"EntryPoint","urlTemplate":"https:\/\/www.diocese-limoges.fr\/grand-limoges\/?s={search_term_string}"},"query-input":{"@type":"PropertyValueSpecification","valueRequired":true,"valueName":"search_term_string"}}],"inLanguage":"fr-FR"}]}},"_links":{"self":[{"href":"https:\/\/www.diocese-limoges.fr\/grand-limoges\/wp-json\/wp\/v2\/paroisse\/17205","targetHints":{"allow":["GET"]}}],"collection":[{"href":"https:\/\/www.diocese-limoges.fr\/grand-limoges\/wp-json\/wp\/v2\/paroisse"}],"about":[{"href":"https:\/\/www.diocese-limoges.fr\/grand-limoges\/wp-json\/wp\/v2\/types\/paroisse"}],"author":[{"embeddable":true,"href":"https:\/\/www.diocese-limoges.fr\/grand-limoges\/wp-json\/wp\/v2\/users\/10"}],"up":[{"embeddable":true,"href":"https:\/\/www.diocese-limoges.fr\/grand-limoges\/wp-json\/wp\/v2\/paroisse\/17202"}],"wp:featuredmedia":[{"embeddable":true,"href":"https:\/\/www.diocese-limoges.fr\/grand-limoges\/wp-json\/wp\/v2\/media\/17847"}],"wp:attachment":[{"href":"https:\/\/www.diocese-limoges.fr\/grand-limoges\/wp-json\/wp\/v2\/media?parent=17205"}],"curies":[{"name":"wp","href":"https:\/\/api.w.org\/{rel}","templated":true}]}}