{"id":17207,"date":"2020-04-16T00:32:55","date_gmt":"2020-04-15T22:32:55","guid":{"rendered":"https:\/\/www.diocese-limoges.fr\/grand-limoges\/?post_type=paroisse&#038;p=17207"},"modified":"2023-09-22T00:20:28","modified_gmt":"2023-09-21T22:20:28","slug":"le-conseil-pastoral-de-paroisse","status":"publish","type":"paroisse","link":"https:\/\/www.diocese-limoges.fr\/grand-limoges\/paroisses\/saint-eloi-des-hauts-de-laurence\/notre-paroisse\/le-conseil-pastoral-de-paroisse\/","title":{"rendered":"Le Conseil Pastoral de Paroisse"},"content":{"rendered":"\n<p><\/p>\n\n\n\n<h1 class=\"wp-block-heading has-vivid-red-color has-text-color\"><em>&nbsp;&nbsp;<\/em>&nbsp;Le Conseil Pastoral c\u00e8de la place aux Assembl\u00e9es  paroissiales<\/h1>\n\n\n\n<p><em>&nbsp;&nbsp;&nbsp;&nbsp;&nbsp;&nbsp;&nbsp;&nbsp;&nbsp;&nbsp;&nbsp;&nbsp;&nbsp;&nbsp;&nbsp; <\/em>Dans l&rsquo;organigramme des paroisses, on trouve en g\u00e9n\u00e9ral l&rsquo;Equipe Pastorale, le Conseil Economique et le Conseil Pastoral qui a pour mission de conseiller l&rsquo;Equipe Pastorale. Dans notre paroisse, comme dans un certain nombre d\u2019 autres, apr\u00e8s un bilan de quatre ann\u00e9es, cette instance ne semble plus corresponde aux attentes des membres \u00e9lus ou d\u00e9sign\u00e9s. Aussi, sur proposition de notre cur\u00e9 et apr\u00e8s en avoir d\u00e9battu en&nbsp; Equipe Pastorale, \u00e0 titre exp\u00e9rimental sur un an ou deux, \u00e0 partir du 1\u00b0 Septembre 2020, le Conseil Pastoral est \u00ab\u00a0remplac\u00e9\u00a0\u00bb par des Assembl\u00e9es des chr\u00e9tiens. En effet, pour nous aider \u00e0 mieux prendre des orientations pastorales pour notre paroisse, nous tenons \u00e0 ce que le peuple de Dieu soit consult\u00e9 et donne son avis. Aussi, cette ann\u00e9e 2020\/2021, auront lieu trois rencontres ouvertes \u00e0 tous les chr\u00e9tiens de la paroisse :<\/p>\n\n\n\n<p>&nbsp;&nbsp;&nbsp;&nbsp;&nbsp;&nbsp;&nbsp;&nbsp;&nbsp;  Samedi 03 Octobre de 15 H 00 \u00e0 18 H 00;&nbsp;&nbsp;&nbsp;&nbsp;&nbsp;&nbsp;&nbsp;&nbsp;&nbsp; Dimanche 17 Janvier de 8 H 30 \u00e0 11 H 00&nbsp;&nbsp;&nbsp;&nbsp;&nbsp;&nbsp;&nbsp;&nbsp;&nbsp;&nbsp;  Dimanche 09 mai de 8 H 30 \u00e0 11 H 00.<\/p>\n\n\n\n<p><em>&nbsp;&nbsp;&nbsp;&nbsp;&nbsp;&nbsp;&nbsp;&nbsp;&nbsp;&nbsp;&nbsp;&nbsp;&nbsp;&nbsp;<\/em>&nbsp; Chaque assembl\u00e9e sera suivie de l&rsquo;Eucharistie et du verre de l&rsquo;amiti\u00e9. Cette ann\u00e9e, toutes les assembl\u00e9es auront lieu \u00e0 la Salle du Faubourien et \u00e0 l&rsquo;\u00e9glise des Saints-Anges en raison des possibilit\u00e9s d&rsquo;accueil et des distanciations relatives \u00e0 la Covid-19&Prime;.<\/p>\n","protected":false},"author":10,"featured_media":17252,"parent":17202,"menu_order":132,"template":"","meta":{"_acf_changed":false},"class_list":["post-17207","paroisse","type-paroisse","status-publish","has-post-thumbnail","hentry"],"acf":[],"yoast_head":"<!-- This site is optimized with the Yoast SEO plugin v26.4 - https:\/\/yoast.com\/wordpress\/plugins\/seo\/ -->\n<title>Le Conseil Pastoral de Paroisse - Doyenn\u00e9s du Grand Limoges<\/title>\n<meta name=\"robots\" content=\"index, follow, max-snippet:-1, max-image-preview:large, max-video-preview:-1\" \/>\n<link rel=\"canonical\" href=\"https:\/\/www.diocese-limoges.fr\/grand-limoges\/paroisses\/saint-eloi-des-hauts-de-laurence\/notre-paroisse\/le-conseil-pastoral-de-paroisse\/\" \/>\n<meta property=\"og:locale\" content=\"fr_FR\" \/>\n<meta property=\"og:type\" content=\"article\" \/>\n<meta property=\"og:title\" content=\"Le Conseil Pastoral de Paroisse - Doyenn\u00e9s du Grand Limoges\" \/>\n<meta property=\"og:description\" content=\"&nbsp;&nbsp;&nbsp;Le Conseil Pastoral c\u00e8de la place aux Assembl\u00e9es paroissiales &nbsp;&nbsp;&nbsp;&nbsp;&nbsp;&nbsp;&nbsp;&nbsp;&nbsp;&nbsp;&nbsp;&nbsp;&nbsp;&nbsp;&nbsp; Dans l&rsquo;organigramme des paroisses, on trouve en g\u00e9n\u00e9ral l&rsquo;Equipe Pastorale, le Conseil Economique et le Conseil Pastoral qui a pour mission de conseiller l&rsquo;Equipe Pastorale. Dans notre paroisse, comme dans un certain nombre d\u2019 autres, apr\u00e8s un bilan de quatre ann\u00e9es, cette instance ne semble [&hellip;]\" \/>\n<meta property=\"og:url\" content=\"https:\/\/www.diocese-limoges.fr\/grand-limoges\/paroisses\/saint-eloi-des-hauts-de-laurence\/notre-paroisse\/le-conseil-pastoral-de-paroisse\/\" \/>\n<meta property=\"og:site_name\" content=\"Doyenn\u00e9s du Grand Limoges\" \/>\n<meta property=\"article:modified_time\" content=\"2023-09-21T22:20:28+00:00\" \/>\n<meta property=\"og:image\" content=\"https:\/\/www.diocese-limoges.fr\/grand-limoges\/wp-content\/uploads\/sites\/2\/2020\/04\/les-4-eglises-page-001-e1587306045928.jpg\" \/>\n\t<meta property=\"og:image:width\" content=\"1495\" \/>\n\t<meta property=\"og:image:height\" content=\"574\" \/>\n\t<meta property=\"og:image:type\" content=\"image\/jpeg\" \/>\n<meta name=\"twitter:card\" content=\"summary_large_image\" \/>\n<meta name=\"twitter:label1\" content=\"Dur\u00e9e de lecture estim\u00e9e\" \/>\n\t<meta name=\"twitter:data1\" content=\"2 minutes\" \/>\n<script type=\"application\/ld+json\" class=\"yoast-schema-graph\">{\"@context\":\"https:\/\/schema.org\",\"@graph\":[{\"@type\":\"WebPage\",\"@id\":\"https:\/\/www.diocese-limoges.fr\/grand-limoges\/paroisses\/saint-eloi-des-hauts-de-laurence\/notre-paroisse\/le-conseil-pastoral-de-paroisse\/\",\"url\":\"https:\/\/www.diocese-limoges.fr\/grand-limoges\/paroisses\/saint-eloi-des-hauts-de-laurence\/notre-paroisse\/le-conseil-pastoral-de-paroisse\/\",\"name\":\"Le Conseil Pastoral de Paroisse - Doyenn\u00e9s du Grand Limoges\",\"isPartOf\":{\"@id\":\"https:\/\/www.diocese-limoges.fr\/grand-limoges\/#website\"},\"primaryImageOfPage\":{\"@id\":\"https:\/\/www.diocese-limoges.fr\/grand-limoges\/paroisses\/saint-eloi-des-hauts-de-laurence\/notre-paroisse\/le-conseil-pastoral-de-paroisse\/#primaryimage\"},\"image\":{\"@id\":\"https:\/\/www.diocese-limoges.fr\/grand-limoges\/paroisses\/saint-eloi-des-hauts-de-laurence\/notre-paroisse\/le-conseil-pastoral-de-paroisse\/#primaryimage\"},\"thumbnailUrl\":\"https:\/\/www.diocese-limoges.fr\/grand-limoges\/wp-content\/uploads\/sites\/2\/2020\/04\/les-4-eglises-page-001-e1587306045928.jpg\",\"datePublished\":\"2020-04-15T22:32:55+00:00\",\"dateModified\":\"2023-09-21T22:20:28+00:00\",\"breadcrumb\":{\"@id\":\"https:\/\/www.diocese-limoges.fr\/grand-limoges\/paroisses\/saint-eloi-des-hauts-de-laurence\/notre-paroisse\/le-conseil-pastoral-de-paroisse\/#breadcrumb\"},\"inLanguage\":\"fr-FR\",\"potentialAction\":[{\"@type\":\"ReadAction\",\"target\":[\"https:\/\/www.diocese-limoges.fr\/grand-limoges\/paroisses\/saint-eloi-des-hauts-de-laurence\/notre-paroisse\/le-conseil-pastoral-de-paroisse\/\"]}]},{\"@type\":\"ImageObject\",\"inLanguage\":\"fr-FR\",\"@id\":\"https:\/\/www.diocese-limoges.fr\/grand-limoges\/paroisses\/saint-eloi-des-hauts-de-laurence\/notre-paroisse\/le-conseil-pastoral-de-paroisse\/#primaryimage\",\"url\":\"https:\/\/www.diocese-limoges.fr\/grand-limoges\/wp-content\/uploads\/sites\/2\/2020\/04\/les-4-eglises-page-001-e1587306045928.jpg\",\"contentUrl\":\"https:\/\/www.diocese-limoges.fr\/grand-limoges\/wp-content\/uploads\/sites\/2\/2020\/04\/les-4-eglises-page-001-e1587306045928.jpg\",\"width\":1495,\"height\":574},{\"@type\":\"BreadcrumbList\",\"@id\":\"https:\/\/www.diocese-limoges.fr\/grand-limoges\/paroisses\/saint-eloi-des-hauts-de-laurence\/notre-paroisse\/le-conseil-pastoral-de-paroisse\/#breadcrumb\",\"itemListElement\":[{\"@type\":\"ListItem\",\"position\":1,\"name\":\"Accueil\",\"item\":\"https:\/\/www.diocese-limoges.fr\/grand-limoges\/\"},{\"@type\":\"ListItem\",\"position\":2,\"name\":\"Paroisse Saint-\u00c9loi-des-Hauts-de-l&rsquo;Aurence\",\"item\":\"https:\/\/www.diocese-limoges.fr\/grand-limoges\/paroisses\/saint-eloi-des-hauts-de-laurence\/\"},{\"@type\":\"ListItem\",\"position\":3,\"name\":\"La vie de notre paroisse : \u00c9quipe pastorale, \u00c9quipes d&rsquo;animation de Relais, Conseil \u00e9conomique&#8230;\",\"item\":\"https:\/\/www.diocese-limoges.fr\/grand-limoges\/paroisses\/saint-eloi-des-hauts-de-laurence\/notre-paroisse\/\"},{\"@type\":\"ListItem\",\"position\":4,\"name\":\"Le Conseil Pastoral de Paroisse\"}]},{\"@type\":\"WebSite\",\"@id\":\"https:\/\/www.diocese-limoges.fr\/grand-limoges\/#website\",\"url\":\"https:\/\/www.diocese-limoges.fr\/grand-limoges\/\",\"name\":\"Doyenn\u00e9s du Grand Limoges\",\"description\":\"Dioc\u00e8se de Limoges\",\"potentialAction\":[{\"@type\":\"SearchAction\",\"target\":{\"@type\":\"EntryPoint\",\"urlTemplate\":\"https:\/\/www.diocese-limoges.fr\/grand-limoges\/?s={search_term_string}\"},\"query-input\":{\"@type\":\"PropertyValueSpecification\",\"valueRequired\":true,\"valueName\":\"search_term_string\"}}],\"inLanguage\":\"fr-FR\"}]}<\/script>\n<!-- \/ Yoast SEO plugin. -->","yoast_head_json":{"title":"Le Conseil Pastoral de Paroisse - Doyenn\u00e9s du Grand Limoges","robots":{"index":"index","follow":"follow","max-snippet":"max-snippet:-1","max-image-preview":"max-image-preview:large","max-video-preview":"max-video-preview:-1"},"canonical":"https:\/\/www.diocese-limoges.fr\/grand-limoges\/paroisses\/saint-eloi-des-hauts-de-laurence\/notre-paroisse\/le-conseil-pastoral-de-paroisse\/","og_locale":"fr_FR","og_type":"article","og_title":"Le Conseil Pastoral de Paroisse - Doyenn\u00e9s du Grand Limoges","og_description":"&nbsp;&nbsp;&nbsp;Le Conseil Pastoral c\u00e8de la place aux Assembl\u00e9es paroissiales &nbsp;&nbsp;&nbsp;&nbsp;&nbsp;&nbsp;&nbsp;&nbsp;&nbsp;&nbsp;&nbsp;&nbsp;&nbsp;&nbsp;&nbsp; Dans l&rsquo;organigramme des paroisses, on trouve en g\u00e9n\u00e9ral l&rsquo;Equipe Pastorale, le Conseil Economique et le Conseil Pastoral qui a pour mission de conseiller l&rsquo;Equipe Pastorale. Dans notre paroisse, comme dans un certain nombre d\u2019 autres, apr\u00e8s un bilan de quatre ann\u00e9es, cette instance ne semble [&hellip;]","og_url":"https:\/\/www.diocese-limoges.fr\/grand-limoges\/paroisses\/saint-eloi-des-hauts-de-laurence\/notre-paroisse\/le-conseil-pastoral-de-paroisse\/","og_site_name":"Doyenn\u00e9s du Grand Limoges","article_modified_time":"2023-09-21T22:20:28+00:00","og_image":[{"width":1495,"height":574,"url":"https:\/\/www.diocese-limoges.fr\/grand-limoges\/wp-content\/uploads\/sites\/2\/2020\/04\/les-4-eglises-page-001-e1587306045928.jpg","type":"image\/jpeg"}],"twitter_card":"summary_large_image","twitter_misc":{"Dur\u00e9e de lecture estim\u00e9e":"2 minutes"},"schema":{"@context":"https:\/\/schema.org","@graph":[{"@type":"WebPage","@id":"https:\/\/www.diocese-limoges.fr\/grand-limoges\/paroisses\/saint-eloi-des-hauts-de-laurence\/notre-paroisse\/le-conseil-pastoral-de-paroisse\/","url":"https:\/\/www.diocese-limoges.fr\/grand-limoges\/paroisses\/saint-eloi-des-hauts-de-laurence\/notre-paroisse\/le-conseil-pastoral-de-paroisse\/","name":"Le Conseil Pastoral de Paroisse - Doyenn\u00e9s du Grand Limoges","isPartOf":{"@id":"https:\/\/www.diocese-limoges.fr\/grand-limoges\/#website"},"primaryImageOfPage":{"@id":"https:\/\/www.diocese-limoges.fr\/grand-limoges\/paroisses\/saint-eloi-des-hauts-de-laurence\/notre-paroisse\/le-conseil-pastoral-de-paroisse\/#primaryimage"},"image":{"@id":"https:\/\/www.diocese-limoges.fr\/grand-limoges\/paroisses\/saint-eloi-des-hauts-de-laurence\/notre-paroisse\/le-conseil-pastoral-de-paroisse\/#primaryimage"},"thumbnailUrl":"https:\/\/www.diocese-limoges.fr\/grand-limoges\/wp-content\/uploads\/sites\/2\/2020\/04\/les-4-eglises-page-001-e1587306045928.jpg","datePublished":"2020-04-15T22:32:55+00:00","dateModified":"2023-09-21T22:20:28+00:00","breadcrumb":{"@id":"https:\/\/www.diocese-limoges.fr\/grand-limoges\/paroisses\/saint-eloi-des-hauts-de-laurence\/notre-paroisse\/le-conseil-pastoral-de-paroisse\/#breadcrumb"},"inLanguage":"fr-FR","potentialAction":[{"@type":"ReadAction","target":["https:\/\/www.diocese-limoges.fr\/grand-limoges\/paroisses\/saint-eloi-des-hauts-de-laurence\/notre-paroisse\/le-conseil-pastoral-de-paroisse\/"]}]},{"@type":"ImageObject","inLanguage":"fr-FR","@id":"https:\/\/www.diocese-limoges.fr\/grand-limoges\/paroisses\/saint-eloi-des-hauts-de-laurence\/notre-paroisse\/le-conseil-pastoral-de-paroisse\/#primaryimage","url":"https:\/\/www.diocese-limoges.fr\/grand-limoges\/wp-content\/uploads\/sites\/2\/2020\/04\/les-4-eglises-page-001-e1587306045928.jpg","contentUrl":"https:\/\/www.diocese-limoges.fr\/grand-limoges\/wp-content\/uploads\/sites\/2\/2020\/04\/les-4-eglises-page-001-e1587306045928.jpg","width":1495,"height":574},{"@type":"BreadcrumbList","@id":"https:\/\/www.diocese-limoges.fr\/grand-limoges\/paroisses\/saint-eloi-des-hauts-de-laurence\/notre-paroisse\/le-conseil-pastoral-de-paroisse\/#breadcrumb","itemListElement":[{"@type":"ListItem","position":1,"name":"Accueil","item":"https:\/\/www.diocese-limoges.fr\/grand-limoges\/"},{"@type":"ListItem","position":2,"name":"Paroisse Saint-\u00c9loi-des-Hauts-de-l&rsquo;Aurence","item":"https:\/\/www.diocese-limoges.fr\/grand-limoges\/paroisses\/saint-eloi-des-hauts-de-laurence\/"},{"@type":"ListItem","position":3,"name":"La vie de notre paroisse : \u00c9quipe pastorale, \u00c9quipes d&rsquo;animation de Relais, Conseil \u00e9conomique&#8230;","item":"https:\/\/www.diocese-limoges.fr\/grand-limoges\/paroisses\/saint-eloi-des-hauts-de-laurence\/notre-paroisse\/"},{"@type":"ListItem","position":4,"name":"Le Conseil Pastoral de Paroisse"}]},{"@type":"WebSite","@id":"https:\/\/www.diocese-limoges.fr\/grand-limoges\/#website","url":"https:\/\/www.diocese-limoges.fr\/grand-limoges\/","name":"Doyenn\u00e9s du Grand Limoges","description":"Dioc\u00e8se de Limoges","potentialAction":[{"@type":"SearchAction","target":{"@type":"EntryPoint","urlTemplate":"https:\/\/www.diocese-limoges.fr\/grand-limoges\/?s={search_term_string}"},"query-input":{"@type":"PropertyValueSpecification","valueRequired":true,"valueName":"search_term_string"}}],"inLanguage":"fr-FR"}]}},"_links":{"self":[{"href":"https:\/\/www.diocese-limoges.fr\/grand-limoges\/wp-json\/wp\/v2\/paroisse\/17207","targetHints":{"allow":["GET"]}}],"collection":[{"href":"https:\/\/www.diocese-limoges.fr\/grand-limoges\/wp-json\/wp\/v2\/paroisse"}],"about":[{"href":"https:\/\/www.diocese-limoges.fr\/grand-limoges\/wp-json\/wp\/v2\/types\/paroisse"}],"author":[{"embeddable":true,"href":"https:\/\/www.diocese-limoges.fr\/grand-limoges\/wp-json\/wp\/v2\/users\/10"}],"up":[{"embeddable":true,"href":"https:\/\/www.diocese-limoges.fr\/grand-limoges\/wp-json\/wp\/v2\/paroisse\/17202"}],"wp:featuredmedia":[{"embeddable":true,"href":"https:\/\/www.diocese-limoges.fr\/grand-limoges\/wp-json\/wp\/v2\/media\/17252"}],"wp:attachment":[{"href":"https:\/\/www.diocese-limoges.fr\/grand-limoges\/wp-json\/wp\/v2\/media?parent=17207"}],"curies":[{"name":"wp","href":"https:\/\/api.w.org\/{rel}","templated":true}]}}