{"id":17216,"date":"2020-04-16T02:02:03","date_gmt":"2020-04-16T00:02:03","guid":{"rendered":"https:\/\/www.diocese-limoges.fr\/grand-limoges\/?post_type=paroisse&#038;p=17216"},"modified":"2023-10-05T22:41:44","modified_gmt":"2023-10-05T20:41:44","slug":"les-equipes-danimation-de-relais-ear","status":"publish","type":"paroisse","link":"https:\/\/www.diocese-limoges.fr\/grand-limoges\/paroisses\/saint-eloi-des-hauts-de-laurence\/notre-paroisse\/les-equipes-danimation-de-relais-ear\/","title":{"rendered":"Les \u00e9quipes d&rsquo;animation de relais (EAR)"},"content":{"rendered":"\n<p>Elles ont une mission de proximit\u00e9. Elles veillent \u00e0 la qualit\u00e9 des liens au sein des relais paroissiaux : accueil, information et communication, c\u00e9l\u00e9brations liturgiques, besoins mat\u00e9riels, solidarit\u00e9 et charit\u00e9, pr\u00e9sence aux personnes \u00e2g\u00e9es ou malades, relations avec les familles pour les bapt\u00eames, les mariages ou les fun\u00e9railles&#8230;<\/p>\n\n\n\n<p><\/p>\n\n\n\n<p>les \u00e9quipes de relais se r\u00e9unissent toutes les six semaines environ. elles prennent le temps de prier, de relire les \u00e9v\u00e9nements du relais et de la paroisse.<\/p>\n\n\n\n<p>Sur notre paroisse il y a une \u00e9quipe dans chaque relais. Cliquer sur l&rsquo;image ou le titre.<\/p>\n\n\n\n<div class=\"wp-block-columns is-layout-flex wp-container-core-columns-is-layout-28f84493 wp-block-columns-is-layout-flex\">\n<div class=\"wp-block-column is-layout-flow wp-block-column-is-layout-flow\">\n<figure class=\"wp-block-image size-large is-resized\"><a href=\"https:\/\/www.diocese-limoges.fr\/grand-limoges\/wp-admin\/post.php?post=19474&amp;action=edit\"><img loading=\"lazy\" decoding=\"async\" src=\"https:\/\/www.diocese-limoges.fr\/grand-limoges\/wp-content\/uploads\/sites\/2\/2021\/09\/presbytere-sa-2.jpg\" alt=\"\" class=\"wp-image-19538\" style=\"width:349px;height:268px\" width=\"349\" height=\"268\" \/><\/a><\/figure>\n\n\n\n<p>Relais Paroissial des Saints-Anges<\/p>\n<\/div>\n\n\n\n<div class=\"wp-block-column is-layout-flow wp-block-column-is-layout-flow\"><div class=\"wp-block-image\">\n<figure class=\"aligncenter size-large is-resized\"><a href=\"https:\/\/www.diocese-limoges.fr\/grand-limoges\/wp-admin\/post.php?post=19479&amp;action=edit\"><img loading=\"lazy\" decoding=\"async\" src=\"https:\/\/www.diocese-limoges.fr\/grand-limoges\/wp-content\/uploads\/sites\/2\/2020\/04\/sainte-therese-768x1024.jpg\" alt=\"\" class=\"wp-image-17347\" style=\"width:273px;height:364px\" width=\"273\" height=\"364\" srcset=\"https:\/\/www.diocese-limoges.fr\/grand-limoges\/wp-content\/uploads\/sites\/2\/2020\/04\/sainte-therese-768x1024.jpg 768w, https:\/\/www.diocese-limoges.fr\/grand-limoges\/wp-content\/uploads\/sites\/2\/2020\/04\/sainte-therese-225x300.jpg 225w, https:\/\/www.diocese-limoges.fr\/grand-limoges\/wp-content\/uploads\/sites\/2\/2020\/04\/sainte-therese-1152x1536.jpg 1152w, https:\/\/www.diocese-limoges.fr\/grand-limoges\/wp-content\/uploads\/sites\/2\/2020\/04\/sainte-therese-1536x2048.jpg 1536w, https:\/\/www.diocese-limoges.fr\/grand-limoges\/wp-content\/uploads\/sites\/2\/2020\/04\/sainte-therese-scaled.jpg 1920w\" sizes=\"auto, (max-width: 273px) 100vw, 273px\" \/><\/a><\/figure><\/div>\n\n\n<p class=\"has-text-align-center\"><a href=\"https:\/\/www.diocese-limoges.fr\/grand-limoges\/wp-admin\/post.php?post=19479&amp;action=edit\">Relais paroissial de Sainte-Th\u00e9r\u00e8se<\/a><\/p>\n\n\n\n<p><\/p>\n<\/div>\n\n\n\n<div class=\"wp-block-column is-layout-flow wp-block-column-is-layout-flow\">\n<figure class=\"wp-block-image size-large is-resized\"><img loading=\"lazy\" decoding=\"async\" src=\"https:\/\/www.diocese-limoges.fr\/grand-limoges\/wp-content\/uploads\/sites\/2\/2021\/10\/eglise-couzeix-c.jpg\" alt=\"\" class=\"wp-image-19626\" style=\"width:361px;height:270px\" width=\"361\" height=\"270\" srcset=\"https:\/\/www.diocese-limoges.fr\/grand-limoges\/wp-content\/uploads\/sites\/2\/2021\/10\/eglise-couzeix-c.jpg 1000w, https:\/\/www.diocese-limoges.fr\/grand-limoges\/wp-content\/uploads\/sites\/2\/2021\/10\/eglise-couzeix-c-300x225.jpg 300w, https:\/\/www.diocese-limoges.fr\/grand-limoges\/wp-content\/uploads\/sites\/2\/2021\/10\/eglise-couzeix-c-768x576.jpg 768w\" sizes=\"auto, (max-width: 361px) 100vw, 361px\" \/><\/figure>\n\n\n\n<p class=\"has-text-align-center\">Relais paroissial de Couzeix-Chaptelat<\/p>\n<\/div>\n<\/div>\n\n\n\n<p><\/p>\n","protected":false},"author":10,"featured_media":17217,"parent":17202,"menu_order":128,"template":"","meta":{"_acf_changed":false},"class_list":["post-17216","paroisse","type-paroisse","status-publish","has-post-thumbnail","hentry"],"acf":[],"yoast_head":"<!-- This site is optimized with the Yoast SEO plugin v26.4 - https:\/\/yoast.com\/wordpress\/plugins\/seo\/ -->\n<title>Les \u00e9quipes d&#039;animation de relais (EAR) - Doyenn\u00e9s du Grand Limoges<\/title>\n<meta name=\"robots\" content=\"index, follow, max-snippet:-1, max-image-preview:large, max-video-preview:-1\" \/>\n<link rel=\"canonical\" href=\"https:\/\/www.diocese-limoges.fr\/grand-limoges\/paroisses\/saint-eloi-des-hauts-de-laurence\/notre-paroisse\/les-equipes-danimation-de-relais-ear\/\" \/>\n<meta property=\"og:locale\" content=\"fr_FR\" \/>\n<meta property=\"og:type\" content=\"article\" \/>\n<meta property=\"og:title\" content=\"Les \u00e9quipes d&#039;animation de relais (EAR) - Doyenn\u00e9s du Grand Limoges\" \/>\n<meta property=\"og:description\" content=\"Elles ont une mission de proximit\u00e9. Elles veillent \u00e0 la qualit\u00e9 des liens au sein des relais paroissiaux : accueil, information et communication, c\u00e9l\u00e9brations liturgiques, besoins mat\u00e9riels, solidarit\u00e9 et charit\u00e9, pr\u00e9sence aux personnes \u00e2g\u00e9es ou malades, relations avec les familles pour les bapt\u00eames, les mariages ou les fun\u00e9railles&#8230; les \u00e9quipes de relais se r\u00e9unissent toutes [&hellip;]\" \/>\n<meta property=\"og:url\" content=\"https:\/\/www.diocese-limoges.fr\/grand-limoges\/paroisses\/saint-eloi-des-hauts-de-laurence\/notre-paroisse\/les-equipes-danimation-de-relais-ear\/\" \/>\n<meta property=\"og:site_name\" content=\"Doyenn\u00e9s du Grand Limoges\" \/>\n<meta property=\"article:modified_time\" content=\"2023-10-05T20:41:44+00:00\" \/>\n<meta property=\"og:image\" content=\"https:\/\/www.diocese-limoges.fr\/grand-limoges\/wp-content\/uploads\/sites\/2\/2020\/04\/galette-7-pf.jpg\" \/>\n\t<meta property=\"og:image:width\" content=\"1000\" \/>\n\t<meta property=\"og:image:height\" content=\"400\" \/>\n\t<meta property=\"og:image:type\" content=\"image\/jpeg\" \/>\n<meta name=\"twitter:card\" content=\"summary_large_image\" \/>\n<meta name=\"twitter:label1\" content=\"Dur\u00e9e de lecture estim\u00e9e\" \/>\n\t<meta name=\"twitter:data1\" content=\"2 minutes\" \/>\n<script type=\"application\/ld+json\" class=\"yoast-schema-graph\">{\"@context\":\"https:\/\/schema.org\",\"@graph\":[{\"@type\":\"WebPage\",\"@id\":\"https:\/\/www.diocese-limoges.fr\/grand-limoges\/paroisses\/saint-eloi-des-hauts-de-laurence\/notre-paroisse\/les-equipes-danimation-de-relais-ear\/\",\"url\":\"https:\/\/www.diocese-limoges.fr\/grand-limoges\/paroisses\/saint-eloi-des-hauts-de-laurence\/notre-paroisse\/les-equipes-danimation-de-relais-ear\/\",\"name\":\"Les \u00e9quipes d'animation de relais (EAR) - Doyenn\u00e9s du Grand Limoges\",\"isPartOf\":{\"@id\":\"https:\/\/www.diocese-limoges.fr\/grand-limoges\/#website\"},\"primaryImageOfPage\":{\"@id\":\"https:\/\/www.diocese-limoges.fr\/grand-limoges\/paroisses\/saint-eloi-des-hauts-de-laurence\/notre-paroisse\/les-equipes-danimation-de-relais-ear\/#primaryimage\"},\"image\":{\"@id\":\"https:\/\/www.diocese-limoges.fr\/grand-limoges\/paroisses\/saint-eloi-des-hauts-de-laurence\/notre-paroisse\/les-equipes-danimation-de-relais-ear\/#primaryimage\"},\"thumbnailUrl\":\"https:\/\/www.diocese-limoges.fr\/grand-limoges\/wp-content\/uploads\/sites\/2\/2020\/04\/galette-7-pf.jpg\",\"datePublished\":\"2020-04-16T00:02:03+00:00\",\"dateModified\":\"2023-10-05T20:41:44+00:00\",\"breadcrumb\":{\"@id\":\"https:\/\/www.diocese-limoges.fr\/grand-limoges\/paroisses\/saint-eloi-des-hauts-de-laurence\/notre-paroisse\/les-equipes-danimation-de-relais-ear\/#breadcrumb\"},\"inLanguage\":\"fr-FR\",\"potentialAction\":[{\"@type\":\"ReadAction\",\"target\":[\"https:\/\/www.diocese-limoges.fr\/grand-limoges\/paroisses\/saint-eloi-des-hauts-de-laurence\/notre-paroisse\/les-equipes-danimation-de-relais-ear\/\"]}]},{\"@type\":\"ImageObject\",\"inLanguage\":\"fr-FR\",\"@id\":\"https:\/\/www.diocese-limoges.fr\/grand-limoges\/paroisses\/saint-eloi-des-hauts-de-laurence\/notre-paroisse\/les-equipes-danimation-de-relais-ear\/#primaryimage\",\"url\":\"https:\/\/www.diocese-limoges.fr\/grand-limoges\/wp-content\/uploads\/sites\/2\/2020\/04\/galette-7-pf.jpg\",\"contentUrl\":\"https:\/\/www.diocese-limoges.fr\/grand-limoges\/wp-content\/uploads\/sites\/2\/2020\/04\/galette-7-pf.jpg\",\"width\":1000,\"height\":400},{\"@type\":\"BreadcrumbList\",\"@id\":\"https:\/\/www.diocese-limoges.fr\/grand-limoges\/paroisses\/saint-eloi-des-hauts-de-laurence\/notre-paroisse\/les-equipes-danimation-de-relais-ear\/#breadcrumb\",\"itemListElement\":[{\"@type\":\"ListItem\",\"position\":1,\"name\":\"Accueil\",\"item\":\"https:\/\/www.diocese-limoges.fr\/grand-limoges\/\"},{\"@type\":\"ListItem\",\"position\":2,\"name\":\"Paroisse Saint-\u00c9loi-des-Hauts-de-l&rsquo;Aurence\",\"item\":\"https:\/\/www.diocese-limoges.fr\/grand-limoges\/paroisses\/saint-eloi-des-hauts-de-laurence\/\"},{\"@type\":\"ListItem\",\"position\":3,\"name\":\"La vie de notre paroisse : \u00c9quipe pastorale, \u00c9quipes d&rsquo;animation de Relais, Conseil \u00e9conomique&#8230;\",\"item\":\"https:\/\/www.diocese-limoges.fr\/grand-limoges\/paroisses\/saint-eloi-des-hauts-de-laurence\/notre-paroisse\/\"},{\"@type\":\"ListItem\",\"position\":4,\"name\":\"Les \u00e9quipes d&rsquo;animation de relais (EAR)\"}]},{\"@type\":\"WebSite\",\"@id\":\"https:\/\/www.diocese-limoges.fr\/grand-limoges\/#website\",\"url\":\"https:\/\/www.diocese-limoges.fr\/grand-limoges\/\",\"name\":\"Doyenn\u00e9s du Grand Limoges\",\"description\":\"Dioc\u00e8se de Limoges\",\"potentialAction\":[{\"@type\":\"SearchAction\",\"target\":{\"@type\":\"EntryPoint\",\"urlTemplate\":\"https:\/\/www.diocese-limoges.fr\/grand-limoges\/?s={search_term_string}\"},\"query-input\":{\"@type\":\"PropertyValueSpecification\",\"valueRequired\":true,\"valueName\":\"search_term_string\"}}],\"inLanguage\":\"fr-FR\"}]}<\/script>\n<!-- \/ Yoast SEO plugin. -->","yoast_head_json":{"title":"Les \u00e9quipes d'animation de relais (EAR) - Doyenn\u00e9s du Grand Limoges","robots":{"index":"index","follow":"follow","max-snippet":"max-snippet:-1","max-image-preview":"max-image-preview:large","max-video-preview":"max-video-preview:-1"},"canonical":"https:\/\/www.diocese-limoges.fr\/grand-limoges\/paroisses\/saint-eloi-des-hauts-de-laurence\/notre-paroisse\/les-equipes-danimation-de-relais-ear\/","og_locale":"fr_FR","og_type":"article","og_title":"Les \u00e9quipes d'animation de relais (EAR) - Doyenn\u00e9s du Grand Limoges","og_description":"Elles ont une mission de proximit\u00e9. Elles veillent \u00e0 la qualit\u00e9 des liens au sein des relais paroissiaux : accueil, information et communication, c\u00e9l\u00e9brations liturgiques, besoins mat\u00e9riels, solidarit\u00e9 et charit\u00e9, pr\u00e9sence aux personnes \u00e2g\u00e9es ou malades, relations avec les familles pour les bapt\u00eames, les mariages ou les fun\u00e9railles&#8230; les \u00e9quipes de relais se r\u00e9unissent toutes [&hellip;]","og_url":"https:\/\/www.diocese-limoges.fr\/grand-limoges\/paroisses\/saint-eloi-des-hauts-de-laurence\/notre-paroisse\/les-equipes-danimation-de-relais-ear\/","og_site_name":"Doyenn\u00e9s du Grand Limoges","article_modified_time":"2023-10-05T20:41:44+00:00","og_image":[{"width":1000,"height":400,"url":"https:\/\/www.diocese-limoges.fr\/grand-limoges\/wp-content\/uploads\/sites\/2\/2020\/04\/galette-7-pf.jpg","type":"image\/jpeg"}],"twitter_card":"summary_large_image","twitter_misc":{"Dur\u00e9e de lecture estim\u00e9e":"2 minutes"},"schema":{"@context":"https:\/\/schema.org","@graph":[{"@type":"WebPage","@id":"https:\/\/www.diocese-limoges.fr\/grand-limoges\/paroisses\/saint-eloi-des-hauts-de-laurence\/notre-paroisse\/les-equipes-danimation-de-relais-ear\/","url":"https:\/\/www.diocese-limoges.fr\/grand-limoges\/paroisses\/saint-eloi-des-hauts-de-laurence\/notre-paroisse\/les-equipes-danimation-de-relais-ear\/","name":"Les \u00e9quipes d'animation de relais (EAR) - Doyenn\u00e9s du Grand Limoges","isPartOf":{"@id":"https:\/\/www.diocese-limoges.fr\/grand-limoges\/#website"},"primaryImageOfPage":{"@id":"https:\/\/www.diocese-limoges.fr\/grand-limoges\/paroisses\/saint-eloi-des-hauts-de-laurence\/notre-paroisse\/les-equipes-danimation-de-relais-ear\/#primaryimage"},"image":{"@id":"https:\/\/www.diocese-limoges.fr\/grand-limoges\/paroisses\/saint-eloi-des-hauts-de-laurence\/notre-paroisse\/les-equipes-danimation-de-relais-ear\/#primaryimage"},"thumbnailUrl":"https:\/\/www.diocese-limoges.fr\/grand-limoges\/wp-content\/uploads\/sites\/2\/2020\/04\/galette-7-pf.jpg","datePublished":"2020-04-16T00:02:03+00:00","dateModified":"2023-10-05T20:41:44+00:00","breadcrumb":{"@id":"https:\/\/www.diocese-limoges.fr\/grand-limoges\/paroisses\/saint-eloi-des-hauts-de-laurence\/notre-paroisse\/les-equipes-danimation-de-relais-ear\/#breadcrumb"},"inLanguage":"fr-FR","potentialAction":[{"@type":"ReadAction","target":["https:\/\/www.diocese-limoges.fr\/grand-limoges\/paroisses\/saint-eloi-des-hauts-de-laurence\/notre-paroisse\/les-equipes-danimation-de-relais-ear\/"]}]},{"@type":"ImageObject","inLanguage":"fr-FR","@id":"https:\/\/www.diocese-limoges.fr\/grand-limoges\/paroisses\/saint-eloi-des-hauts-de-laurence\/notre-paroisse\/les-equipes-danimation-de-relais-ear\/#primaryimage","url":"https:\/\/www.diocese-limoges.fr\/grand-limoges\/wp-content\/uploads\/sites\/2\/2020\/04\/galette-7-pf.jpg","contentUrl":"https:\/\/www.diocese-limoges.fr\/grand-limoges\/wp-content\/uploads\/sites\/2\/2020\/04\/galette-7-pf.jpg","width":1000,"height":400},{"@type":"BreadcrumbList","@id":"https:\/\/www.diocese-limoges.fr\/grand-limoges\/paroisses\/saint-eloi-des-hauts-de-laurence\/notre-paroisse\/les-equipes-danimation-de-relais-ear\/#breadcrumb","itemListElement":[{"@type":"ListItem","position":1,"name":"Accueil","item":"https:\/\/www.diocese-limoges.fr\/grand-limoges\/"},{"@type":"ListItem","position":2,"name":"Paroisse Saint-\u00c9loi-des-Hauts-de-l&rsquo;Aurence","item":"https:\/\/www.diocese-limoges.fr\/grand-limoges\/paroisses\/saint-eloi-des-hauts-de-laurence\/"},{"@type":"ListItem","position":3,"name":"La vie de notre paroisse : \u00c9quipe pastorale, \u00c9quipes d&rsquo;animation de Relais, Conseil \u00e9conomique&#8230;","item":"https:\/\/www.diocese-limoges.fr\/grand-limoges\/paroisses\/saint-eloi-des-hauts-de-laurence\/notre-paroisse\/"},{"@type":"ListItem","position":4,"name":"Les \u00e9quipes d&rsquo;animation de relais (EAR)"}]},{"@type":"WebSite","@id":"https:\/\/www.diocese-limoges.fr\/grand-limoges\/#website","url":"https:\/\/www.diocese-limoges.fr\/grand-limoges\/","name":"Doyenn\u00e9s du Grand Limoges","description":"Dioc\u00e8se de Limoges","potentialAction":[{"@type":"SearchAction","target":{"@type":"EntryPoint","urlTemplate":"https:\/\/www.diocese-limoges.fr\/grand-limoges\/?s={search_term_string}"},"query-input":{"@type":"PropertyValueSpecification","valueRequired":true,"valueName":"search_term_string"}}],"inLanguage":"fr-FR"}]}},"_links":{"self":[{"href":"https:\/\/www.diocese-limoges.fr\/grand-limoges\/wp-json\/wp\/v2\/paroisse\/17216","targetHints":{"allow":["GET"]}}],"collection":[{"href":"https:\/\/www.diocese-limoges.fr\/grand-limoges\/wp-json\/wp\/v2\/paroisse"}],"about":[{"href":"https:\/\/www.diocese-limoges.fr\/grand-limoges\/wp-json\/wp\/v2\/types\/paroisse"}],"author":[{"embeddable":true,"href":"https:\/\/www.diocese-limoges.fr\/grand-limoges\/wp-json\/wp\/v2\/users\/10"}],"up":[{"embeddable":true,"href":"https:\/\/www.diocese-limoges.fr\/grand-limoges\/wp-json\/wp\/v2\/paroisse\/17202"}],"wp:featuredmedia":[{"embeddable":true,"href":"https:\/\/www.diocese-limoges.fr\/grand-limoges\/wp-json\/wp\/v2\/media\/17217"}],"wp:attachment":[{"href":"https:\/\/www.diocese-limoges.fr\/grand-limoges\/wp-json\/wp\/v2\/media?parent=17216"}],"curies":[{"name":"wp","href":"https:\/\/api.w.org\/{rel}","templated":true}]}}