{"id":17247,"date":"2020-04-19T16:05:35","date_gmt":"2020-04-19T14:05:35","guid":{"rendered":"https:\/\/www.diocese-limoges.fr\/grand-limoges\/?post_type=paroisse&#038;p=17247"},"modified":"2021-01-29T23:15:00","modified_gmt":"2021-01-29T22:15:00","slug":"eglise-sainte-therese-de-lenfant-jesus","status":"publish","type":"paroisse","link":"https:\/\/www.diocese-limoges.fr\/grand-limoges\/paroisses\/saint-eloi-des-hauts-de-laurence\/nos-eglises\/eglise-sainte-therese-de-lenfant-jesus\/","title":{"rendered":"Eglise Sainte-Th\u00e9r\u00e8se-de-l&rsquo;Enfant-J\u00e9sus"},"content":{"rendered":"\n<div class=\"wp-block-image\"><figure class=\"alignleft size-large is-resized\"><img loading=\"lazy\" decoding=\"async\" src=\"https:\/\/www.diocese-limoges.fr\/grand-limoges\/wp-content\/uploads\/sites\/2\/2020\/04\/st-1.jpg\" alt=\"\" class=\"wp-image-17346\" width=\"388\" height=\"291\" srcset=\"https:\/\/www.diocese-limoges.fr\/grand-limoges\/wp-content\/uploads\/sites\/2\/2020\/04\/st-1.jpg 567w, https:\/\/www.diocese-limoges.fr\/grand-limoges\/wp-content\/uploads\/sites\/2\/2020\/04\/st-1-300x225.jpg 300w\" sizes=\"auto, (max-width: 388px) 100vw, 388px\" \/><\/figure><\/div>\n\n\n\n<p>L&rsquo;\u00e9glise Sainte-Th\u00e9r\u00e8se de l&rsquo;Enfant-J\u00e9sus, situ\u00e9e 129  avenue des Ruchoux, a f\u00eat\u00e9 ses 70 ans en octobre 2019. Cette \u00e9glise  a \u00e9t\u00e9 longtemps le si\u00e8ge des pr\u00eatres de la mission de France<\/p>\n\n\n<p>En 1947, l\u2019Ev\u00eaque de Limoges, Monseigneur Louis Rastouil, en accord avec la Mission de France, charge l\u2019abb\u00e9 Joseph Rousselot, membre d\u2019une \u00e9quipe de pr\u00eatres au travail, d\u2019implanter une paroisse nouvelle dans le secteur Beaublanc \u2013 Ruchoux \u2013 Montjovis, quartiers majoritairement ouvriers et qui \u00e0 l\u2019\u00e9poque, \u00e9taient situ\u00e9s \u00e0 la p\u00e9riph\u00e9rie de Limoges.<\/p>\n<p>La paroisse commence \u00e0 exister avec les habitants du secteur, qui accueillent les pr\u00eatres et les chr\u00e9tiens \u00e0 leur domicile (appartement, garage, magasin, \u2026) pour la c\u00e9l\u00e9bration des offices du dimanche et des grandes f\u00eates. Une association est cr\u00e9\u00e9e en vue de la construction d\u2019une \u00e9glise. En mars 1949, un terrain est acquis avenue des Ruchoux \u2026 sans aucune subvention, ni souscription, mais uniquement avec les dons modestes, mais tr\u00e8s nombreux des gens du quartier.<\/p>\n\n\n<div class=\"wp-block-columns is-layout-flex wp-container-core-columns-is-layout-28f84493 wp-block-columns-is-layout-flex\">\n<div class=\"wp-block-column is-layout-flow wp-block-column-is-layout-flow\" style=\"flex-basis:66.66%\">\n<p><\/p>\n\n\n\n<p>Le 19 mars 1949, le premier coup de pioche est donn\u00e9 et le 29 mai 1949, c\u2019est la pose de la premi\u00e8re pierre. Gr\u00e2ce au travail d\u2019une foule de b\u00e9n\u00e9voles, croyants ou non-croyants, l\u2019\u00e9glise est construite en moins de 6 mois !! C\u2019est la premi\u00e8re \u00e9glise du dioc\u00e8se construite de l\u2019apr\u00e8s-guerre. Elle est d\u00e9di\u00e9e \u00e0 Sainte-Th\u00e9r\u00e8se-de-l\u2019Enfant-J\u00e9sus, patronne des missions. Le 30 octobre 1949, c\u2019est la b\u00e9n\u00e9diction de l\u2019\u00e9qlise par Monseigneur l\u2019Ev\u00eaque, et son inauguration devant une tr\u00e8s nombreuse assistance.<\/p>\n<\/div>\n\n\n\n<div class=\"wp-block-column is-layout-flow wp-block-column-is-layout-flow\" style=\"flex-basis:33.33%\"><\/div>\n<\/div>\n\n\n\n<div class=\"wp-block-columns is-layout-flex wp-container-core-columns-is-layout-28f84493 wp-block-columns-is-layout-flex\">\n<div class=\"wp-block-column is-layout-flow wp-block-column-is-layout-flow\" style=\"flex-basis:33.33%\">\n<figure class=\"wp-block-image size-large\"><img loading=\"lazy\" decoding=\"async\" width=\"640\" height=\"479\" src=\"https:\/\/www.diocese-limoges.fr\/grand-limoges\/wp-content\/uploads\/sites\/2\/2020\/04\/st-eglise.jpg\" alt=\"\" class=\"wp-image-17374\" srcset=\"https:\/\/www.diocese-limoges.fr\/grand-limoges\/wp-content\/uploads\/sites\/2\/2020\/04\/st-eglise.jpg 640w, https:\/\/www.diocese-limoges.fr\/grand-limoges\/wp-content\/uploads\/sites\/2\/2020\/04\/st-eglise-300x225.jpg 300w\" sizes=\"auto, (max-width: 640px) 100vw, 640px\" \/><figcaption><em>Int\u00e9rieur de l&rsquo;\u00e9glise<\/em><\/figcaption><\/figure>\n\n\n\n<p><\/p>\n<\/div>\n\n\n\n<div class=\"wp-block-column is-layout-flow wp-block-column-is-layout-flow\" style=\"flex-basis:66.66%\">\n<p>L\u2019\u00e9glise de Sainte-Th\u00e9r\u00e8se ne poss\u00e8de pas de richesses architecturales particuli\u00e8res. Elle est avant tout riche de son histoire, li\u00e9e intimement \u00e0 la vie ouvri\u00e8re de la butte Montjovis. Ses liens particuliers \u00e0 la porcelaine de Limoges sont effectifs par plusieurs dons :<\/p>\n\n\n\n<ul class=\"wp-block-list\"><li>Le ciboire conserv\u00e9 dans le tabernacle a \u00e9t\u00e9 sp\u00e9cialement cr\u00e9\u00e9 par un ouvrier porcelainier. C\u2019est une pi\u00e8ce unique, car une fois le ciboire \u00e9maill\u00e9, dor\u00e9 et recuit, cet artisan a cass\u00e9 le moule n\u00e9cessaire \u00e0 sa fabrication.&nbsp;<\/li><\/ul>\n\n\n\n<ul class=\"wp-block-list\"><li>Le chemin de croix a \u00e9t\u00e9 r\u00e9alis\u00e9 \u00e0 partir de simples plaques en porcelaines blanche. Une ouvri\u00e8re d\u00e9coratrice les a dot\u00e9es une simple croix dor\u00e9e \u00e0 l\u2019or fin, et recuites.<\/li><\/ul>\n<\/div>\n<\/div>\n\n\n\n<div class=\"wp-block-columns is-layout-flex wp-container-core-columns-is-layout-28f84493 wp-block-columns-is-layout-flex\">\n<div class=\"wp-block-column is-layout-flow wp-block-column-is-layout-flow\" style=\"flex-basis:66.66%\"><\/div>\n\n\n\n<div class=\"wp-block-column is-layout-flow wp-block-column-is-layout-flow\" style=\"flex-basis:33.33%\"><\/div>\n<\/div>\n\n\n\n<div class=\"wp-block-columns is-layout-flex wp-container-core-columns-is-layout-28f84493 wp-block-columns-is-layout-flex\">\n<div class=\"wp-block-column is-layout-flow wp-block-column-is-layout-flow\">\n<figure class=\"wp-block-image size-large is-resized\"><img loading=\"lazy\" decoding=\"async\" src=\"https:\/\/www.diocese-limoges.fr\/grand-limoges\/wp-content\/uploads\/sites\/2\/2020\/05\/photo-47-couleur-933x1024.jpg\" alt=\"\" class=\"wp-image-17393\" width=\"186\" height=\"203\" srcset=\"https:\/\/www.diocese-limoges.fr\/grand-limoges\/wp-content\/uploads\/sites\/2\/2020\/05\/photo-47-couleur-933x1024.jpg 933w, https:\/\/www.diocese-limoges.fr\/grand-limoges\/wp-content\/uploads\/sites\/2\/2020\/05\/photo-47-couleur-273x300.jpg 273w, https:\/\/www.diocese-limoges.fr\/grand-limoges\/wp-content\/uploads\/sites\/2\/2020\/05\/photo-47-couleur-768x842.jpg 768w, https:\/\/www.diocese-limoges.fr\/grand-limoges\/wp-content\/uploads\/sites\/2\/2020\/05\/photo-47-couleur.jpg 1134w\" sizes=\"auto, (max-width: 186px) 100vw, 186px\" \/><figcaption><em>Le ciboire<\/em> <em>en porcelaine d\u00e9cor\u00e9e d&rsquo;une pluie de roses<\/em><\/figcaption><\/figure>\n<\/div>\n\n\n\n<div class=\"wp-block-column is-layout-flow wp-block-column-is-layout-flow\">\n<figure class=\"wp-block-image size-large is-resized\"><img loading=\"lazy\" decoding=\"async\" src=\"https:\/\/www.diocese-limoges.fr\/grand-limoges\/wp-content\/uploads\/sites\/2\/2020\/05\/ciboire-3-998x1024.jpg\" alt=\"\" class=\"wp-image-17394\" width=\"198\" height=\"203\" srcset=\"https:\/\/www.diocese-limoges.fr\/grand-limoges\/wp-content\/uploads\/sites\/2\/2020\/05\/ciboire-3-998x1024.jpg 998w, https:\/\/www.diocese-limoges.fr\/grand-limoges\/wp-content\/uploads\/sites\/2\/2020\/05\/ciboire-3-293x300.jpg 293w, https:\/\/www.diocese-limoges.fr\/grand-limoges\/wp-content\/uploads\/sites\/2\/2020\/05\/ciboire-3-768x788.jpg 768w, https:\/\/www.diocese-limoges.fr\/grand-limoges\/wp-content\/uploads\/sites\/2\/2020\/05\/ciboire-3-1498x1536.jpg 1498w, https:\/\/www.diocese-limoges.fr\/grand-limoges\/wp-content\/uploads\/sites\/2\/2020\/05\/ciboire-3-1997x2048.jpg 1997w\" sizes=\"auto, (max-width: 198px) 100vw, 198px\" \/><figcaption><em>Dessus du ciboire<\/em><\/figcaption><\/figure>\n\n\n\n<p><\/p>\n<\/div>\n\n\n\n<div class=\"wp-block-column is-layout-flow wp-block-column-is-layout-flow\">\n<figure class=\"wp-block-image size-large is-resized\"><img loading=\"lazy\" decoding=\"async\" src=\"https:\/\/www.diocese-limoges.fr\/grand-limoges\/wp-content\/uploads\/sites\/2\/2020\/05\/photo-55-couleur-762x1024.jpg\" alt=\"\" class=\"wp-image-17395\" width=\"140\" height=\"188\" srcset=\"https:\/\/www.diocese-limoges.fr\/grand-limoges\/wp-content\/uploads\/sites\/2\/2020\/05\/photo-55-couleur-762x1024.jpg 762w, https:\/\/www.diocese-limoges.fr\/grand-limoges\/wp-content\/uploads\/sites\/2\/2020\/05\/photo-55-couleur-223x300.jpg 223w, https:\/\/www.diocese-limoges.fr\/grand-limoges\/wp-content\/uploads\/sites\/2\/2020\/05\/photo-55-couleur-768x1032.jpg 768w, https:\/\/www.diocese-limoges.fr\/grand-limoges\/wp-content\/uploads\/sites\/2\/2020\/05\/photo-55-couleur.jpg 1134w\" sizes=\"auto, (max-width: 140px) 100vw, 140px\" \/><figcaption><em>Une station  du chemin de croix en porcelaine<\/em><\/figcaption><\/figure>\n\n\n\n<p><\/p>\n<\/div>\n<\/div>\n\n\n\n<p>L&rsquo;\u00e9glise est orn\u00e9e de vitraux tr\u00e8s sobres. Le vitrail circulaire sur le c\u00f4t\u00e9 ouest (sur le mur du choeur) est \u00e9clair\u00e9 au soleil couchant. <br>Les vitraux lat\u00e9raux, tous identiques, ont \u00e9t\u00e9 r\u00e9alis\u00e9s avec des formes simples, et comme le vitrail circulaire du ch\u0153ur, la croix du Christ en est l\u2019\u00e9l\u00e9ment principal. Pos\u00e9s de concert au moment de la construction de l\u2019\u00e9glise, ils sont en harmonie avec le vitrail du ch\u0153ur. Ils ont \u00e9t\u00e9 r\u00e9alis\u00e9s \u00e0 \u00ab l\u2019Atelier du Vitrail \u00bb, par des \u00e9l\u00e8ves de Francis Chigot<br>Il y a aussi des vitraux plus figuratifs, plus r\u00e9cents :<br>Sur le mur est, souvent \u00e9clair\u00e9 au soleil levant, le vitrail en forme de croix repr\u00e9sente un calvaire limousin en granite, du plateau de Millevaches, avec le ciel aux nuages ros\u00e9s du matin (cr\u00e9ation des ateliers Doumingue, avenue des Ruchoux, fin des ann\u00e9es 90).<br>Un oculus s\u2019inscrit dans l\u2019ajout qui a \u00e9t\u00e9 fait au porche vers 1985.<\/p>\n\n\n\n<div class=\"wp-block-columns are-vertically-aligned-top is-layout-flex wp-container-core-columns-is-layout-28f84493 wp-block-columns-is-layout-flex\">\n<div class=\"wp-block-column is-vertically-aligned-top is-layout-flow wp-block-column-is-layout-flow\">\n<figure class=\"wp-block-image size-large is-resized\"><img loading=\"lazy\" decoding=\"async\" src=\"https:\/\/www.diocese-limoges.fr\/grand-limoges\/wp-content\/uploads\/sites\/2\/2020\/05\/photo-50-couleur-1024x768.jpg\" alt=\"\" class=\"wp-image-17398\" width=\"261\" height=\"195\" srcset=\"https:\/\/www.diocese-limoges.fr\/grand-limoges\/wp-content\/uploads\/sites\/2\/2020\/05\/photo-50-couleur-1024x768.jpg 1024w, https:\/\/www.diocese-limoges.fr\/grand-limoges\/wp-content\/uploads\/sites\/2\/2020\/05\/photo-50-couleur-300x225.jpg 300w, https:\/\/www.diocese-limoges.fr\/grand-limoges\/wp-content\/uploads\/sites\/2\/2020\/05\/photo-50-couleur-768x576.jpg 768w, https:\/\/www.diocese-limoges.fr\/grand-limoges\/wp-content\/uploads\/sites\/2\/2020\/05\/photo-50-couleur-1536x1152.jpg 1536w, https:\/\/www.diocese-limoges.fr\/grand-limoges\/wp-content\/uploads\/sites\/2\/2020\/05\/photo-50-couleur.jpg 2038w\" sizes=\"auto, (max-width: 261px) 100vw, 261px\" \/><figcaption><em>Vitrail lat\u00e9ral<\/em><\/figcaption><\/figure>\n\n\n\n<figure class=\"wp-block-image size-large is-resized\"><img loading=\"lazy\" decoding=\"async\" src=\"https:\/\/www.diocese-limoges.fr\/grand-limoges\/wp-content\/uploads\/sites\/2\/2020\/05\/photo-53-couleur-1024x768.jpg\" alt=\"\" class=\"wp-image-17400\" width=\"245\" height=\"183\" srcset=\"https:\/\/www.diocese-limoges.fr\/grand-limoges\/wp-content\/uploads\/sites\/2\/2020\/05\/photo-53-couleur-1024x768.jpg 1024w, https:\/\/www.diocese-limoges.fr\/grand-limoges\/wp-content\/uploads\/sites\/2\/2020\/05\/photo-53-couleur-300x225.jpg 300w, https:\/\/www.diocese-limoges.fr\/grand-limoges\/wp-content\/uploads\/sites\/2\/2020\/05\/photo-53-couleur-768x576.jpg 768w, https:\/\/www.diocese-limoges.fr\/grand-limoges\/wp-content\/uploads\/sites\/2\/2020\/05\/photo-53-couleur-1536x1152.jpg 1536w, https:\/\/www.diocese-limoges.fr\/grand-limoges\/wp-content\/uploads\/sites\/2\/2020\/05\/photo-53-couleur-2048x1536.jpg 2048w\" sizes=\"auto, (max-width: 245px) 100vw, 245px\" \/><figcaption><em>Oculus au-dessus de l&rsquo;entr\u00e9e<\/em><\/figcaption><\/figure>\n\n\n\n<p>Pas de clocher pour la cloche  baptis\u00e9e \u00ab\u00a0Marie-Louise\u00a0\u00bb mais un campanile sommaire situ\u00e9 \u00e0 gauche de l&rsquo;\u00e9glise.<\/p>\n<\/div>\n\n\n\n<div class=\"wp-block-column is-vertically-aligned-top is-layout-flow wp-block-column-is-layout-flow\">\n<figure class=\"wp-block-image size-large is-resized\"><img loading=\"lazy\" decoding=\"async\" src=\"https:\/\/www.diocese-limoges.fr\/grand-limoges\/wp-content\/uploads\/sites\/2\/2020\/05\/vitrail-rond-1024x1024.jpg\" alt=\"\" class=\"wp-image-17397\" width=\"250\" height=\"250\" srcset=\"https:\/\/www.diocese-limoges.fr\/grand-limoges\/wp-content\/uploads\/sites\/2\/2020\/05\/vitrail-rond-1024x1024.jpg 1024w, https:\/\/www.diocese-limoges.fr\/grand-limoges\/wp-content\/uploads\/sites\/2\/2020\/05\/vitrail-rond-300x300.jpg 300w, https:\/\/www.diocese-limoges.fr\/grand-limoges\/wp-content\/uploads\/sites\/2\/2020\/05\/vitrail-rond-150x150.jpg 150w, https:\/\/www.diocese-limoges.fr\/grand-limoges\/wp-content\/uploads\/sites\/2\/2020\/05\/vitrail-rond-768x768.jpg 768w, https:\/\/www.diocese-limoges.fr\/grand-limoges\/wp-content\/uploads\/sites\/2\/2020\/05\/vitrail-rond-1536x1536.jpg 1536w, https:\/\/www.diocese-limoges.fr\/grand-limoges\/wp-content\/uploads\/sites\/2\/2020\/05\/vitrail-rond.jpg 1936w\" sizes=\"auto, (max-width: 250px) 100vw, 250px\" \/><figcaption><em>Vitrail du ch\u0153ur<\/em><\/figcaption><\/figure>\n\n\n\n<figure class=\"wp-block-image size-large is-resized\"><img loading=\"lazy\" decoding=\"async\" src=\"https:\/\/www.diocese-limoges.fr\/grand-limoges\/wp-content\/uploads\/sites\/2\/2020\/05\/photo-27-couleur-1024x865.jpg\" alt=\"\" class=\"wp-image-17401\" width=\"313\" height=\"264\" srcset=\"https:\/\/www.diocese-limoges.fr\/grand-limoges\/wp-content\/uploads\/sites\/2\/2020\/05\/photo-27-couleur-1024x865.jpg 1024w, https:\/\/www.diocese-limoges.fr\/grand-limoges\/wp-content\/uploads\/sites\/2\/2020\/05\/photo-27-couleur-300x253.jpg 300w, https:\/\/www.diocese-limoges.fr\/grand-limoges\/wp-content\/uploads\/sites\/2\/2020\/05\/photo-27-couleur-768x649.jpg 768w, https:\/\/www.diocese-limoges.fr\/grand-limoges\/wp-content\/uploads\/sites\/2\/2020\/05\/photo-27-couleur-1536x1297.jpg 1536w, https:\/\/www.diocese-limoges.fr\/grand-limoges\/wp-content\/uploads\/sites\/2\/2020\/05\/photo-27-couleur.jpg 1538w\" sizes=\"auto, (max-width: 313px) 100vw, 313px\" \/><\/figure>\n<\/div>\n\n\n\n<div class=\"wp-block-column is-vertically-aligned-top is-layout-flow wp-block-column-is-layout-flow\">\n<div class=\"wp-block-group\"><div class=\"wp-block-group__inner-container is-layout-flow wp-block-group-is-layout-flow\">\n<div class=\"wp-block-image\"><figure class=\"aligncenter size-large is-resized\"><img loading=\"lazy\" decoding=\"async\" src=\"https:\/\/www.diocese-limoges.fr\/grand-limoges\/wp-content\/uploads\/sites\/2\/2020\/05\/photo-51-vitrail-croix-recadre-666x1024.jpg\" alt=\"\" class=\"wp-image-17399\" width=\"169\" height=\"259\" srcset=\"https:\/\/www.diocese-limoges.fr\/grand-limoges\/wp-content\/uploads\/sites\/2\/2020\/05\/photo-51-vitrail-croix-recadre-666x1024.jpg 666w, https:\/\/www.diocese-limoges.fr\/grand-limoges\/wp-content\/uploads\/sites\/2\/2020\/05\/photo-51-vitrail-croix-recadre-195x300.jpg 195w, https:\/\/www.diocese-limoges.fr\/grand-limoges\/wp-content\/uploads\/sites\/2\/2020\/05\/photo-51-vitrail-croix-recadre-768x1181.jpg 768w, https:\/\/www.diocese-limoges.fr\/grand-limoges\/wp-content\/uploads\/sites\/2\/2020\/05\/photo-51-vitrail-croix-recadre-999x1536.jpg 999w, https:\/\/www.diocese-limoges.fr\/grand-limoges\/wp-content\/uploads\/sites\/2\/2020\/05\/photo-51-vitrail-croix-recadre-1332x2048.jpg 1332w, https:\/\/www.diocese-limoges.fr\/grand-limoges\/wp-content\/uploads\/sites\/2\/2020\/05\/photo-51-vitrail-croix-recadre-scaled.jpg 1665w\" sizes=\"auto, (max-width: 169px) 100vw, 169px\" \/><figcaption><em>Vitrail est  en croix<\/em><\/figcaption><\/figure><\/div>\n\n\n\n<p><\/p>\n<\/div><\/div>\n\n\n\n<div class=\"wp-block-image\"><figure class=\"aligncenter size-large is-resized\"><img loading=\"lazy\" decoding=\"async\" src=\"https:\/\/www.diocese-limoges.fr\/grand-limoges\/wp-content\/uploads\/sites\/2\/2020\/05\/photo-81-2018-09-detail-cloche-marie-louise-1024x689.jpg\" alt=\"\" class=\"wp-image-17402\" width=\"264\" height=\"177\" srcset=\"https:\/\/www.diocese-limoges.fr\/grand-limoges\/wp-content\/uploads\/sites\/2\/2020\/05\/photo-81-2018-09-detail-cloche-marie-louise-1024x689.jpg 1024w, https:\/\/www.diocese-limoges.fr\/grand-limoges\/wp-content\/uploads\/sites\/2\/2020\/05\/photo-81-2018-09-detail-cloche-marie-louise-300x202.jpg 300w, https:\/\/www.diocese-limoges.fr\/grand-limoges\/wp-content\/uploads\/sites\/2\/2020\/05\/photo-81-2018-09-detail-cloche-marie-louise-768x516.jpg 768w, https:\/\/www.diocese-limoges.fr\/grand-limoges\/wp-content\/uploads\/sites\/2\/2020\/05\/photo-81-2018-09-detail-cloche-marie-louise-1536x1033.jpg 1536w, https:\/\/www.diocese-limoges.fr\/grand-limoges\/wp-content\/uploads\/sites\/2\/2020\/05\/photo-81-2018-09-detail-cloche-marie-louise-2048x1377.jpg 2048w\" sizes=\"auto, (max-width: 264px) 100vw, 264px\" \/><figcaption><em>Inscriptions de la cloche<\/em><\/figcaption><\/figure><\/div>\n<\/div>\n<\/div>\n\n\n\n<p><\/p>\n","protected":false},"author":10,"featured_media":17260,"parent":17246,"menu_order":121,"template":"","meta":{"_acf_changed":false},"class_list":["post-17247","paroisse","type-paroisse","status-publish","has-post-thumbnail","hentry"],"acf":[],"yoast_head":"<!-- This site is optimized with the Yoast SEO plugin v26.4 - https:\/\/yoast.com\/wordpress\/plugins\/seo\/ -->\n<title>Eglise Sainte-Th\u00e9r\u00e8se-de-l&#039;Enfant-J\u00e9sus - Doyenn\u00e9s du Grand Limoges<\/title>\n<meta name=\"robots\" content=\"index, follow, max-snippet:-1, max-image-preview:large, max-video-preview:-1\" \/>\n<link rel=\"canonical\" href=\"https:\/\/www.diocese-limoges.fr\/grand-limoges\/paroisses\/saint-eloi-des-hauts-de-laurence\/nos-eglises\/eglise-sainte-therese-de-lenfant-jesus\/\" \/>\n<meta property=\"og:locale\" content=\"fr_FR\" \/>\n<meta property=\"og:type\" content=\"article\" \/>\n<meta property=\"og:title\" content=\"Eglise Sainte-Th\u00e9r\u00e8se-de-l&#039;Enfant-J\u00e9sus - Doyenn\u00e9s du Grand Limoges\" \/>\n<meta property=\"og:description\" content=\"L&rsquo;\u00e9glise Sainte-Th\u00e9r\u00e8se de l&rsquo;Enfant-J\u00e9sus, situ\u00e9e 129 avenue des Ruchoux, a f\u00eat\u00e9 ses 70 ans en octobre 2019. Cette \u00e9glise a \u00e9t\u00e9 longtemps le si\u00e8ge des pr\u00eatres de la mission de France En 1947, l\u2019Ev\u00eaque de Limoges, Monseigneur Louis Rastouil, en accord avec la Mission de France, charge l\u2019abb\u00e9 Joseph Rousselot, membre d\u2019une \u00e9quipe de pr\u00eatres [&hellip;]\" \/>\n<meta property=\"og:url\" content=\"https:\/\/www.diocese-limoges.fr\/grand-limoges\/paroisses\/saint-eloi-des-hauts-de-laurence\/nos-eglises\/eglise-sainte-therese-de-lenfant-jesus\/\" \/>\n<meta property=\"og:site_name\" content=\"Doyenn\u00e9s du Grand Limoges\" \/>\n<meta property=\"article:modified_time\" content=\"2021-01-29T22:15:00+00:00\" \/>\n<meta property=\"og:image\" content=\"https:\/\/www.diocese-limoges.fr\/grand-limoges\/wp-content\/uploads\/sites\/2\/2020\/04\/stp.jpg\" \/>\n\t<meta property=\"og:image:width\" content=\"567\" \/>\n\t<meta property=\"og:image:height\" content=\"313\" \/>\n\t<meta property=\"og:image:type\" content=\"image\/jpeg\" \/>\n<meta name=\"twitter:card\" content=\"summary_large_image\" \/>\n<meta name=\"twitter:label1\" content=\"Dur\u00e9e de lecture estim\u00e9e\" \/>\n\t<meta name=\"twitter:data1\" content=\"3 minutes\" \/>\n<script type=\"application\/ld+json\" class=\"yoast-schema-graph\">{\"@context\":\"https:\/\/schema.org\",\"@graph\":[{\"@type\":\"WebPage\",\"@id\":\"https:\/\/www.diocese-limoges.fr\/grand-limoges\/paroisses\/saint-eloi-des-hauts-de-laurence\/nos-eglises\/eglise-sainte-therese-de-lenfant-jesus\/\",\"url\":\"https:\/\/www.diocese-limoges.fr\/grand-limoges\/paroisses\/saint-eloi-des-hauts-de-laurence\/nos-eglises\/eglise-sainte-therese-de-lenfant-jesus\/\",\"name\":\"Eglise Sainte-Th\u00e9r\u00e8se-de-l'Enfant-J\u00e9sus - Doyenn\u00e9s du Grand Limoges\",\"isPartOf\":{\"@id\":\"https:\/\/www.diocese-limoges.fr\/grand-limoges\/#website\"},\"primaryImageOfPage\":{\"@id\":\"https:\/\/www.diocese-limoges.fr\/grand-limoges\/paroisses\/saint-eloi-des-hauts-de-laurence\/nos-eglises\/eglise-sainte-therese-de-lenfant-jesus\/#primaryimage\"},\"image\":{\"@id\":\"https:\/\/www.diocese-limoges.fr\/grand-limoges\/paroisses\/saint-eloi-des-hauts-de-laurence\/nos-eglises\/eglise-sainte-therese-de-lenfant-jesus\/#primaryimage\"},\"thumbnailUrl\":\"https:\/\/www.diocese-limoges.fr\/grand-limoges\/wp-content\/uploads\/sites\/2\/2020\/04\/stp.jpg\",\"datePublished\":\"2020-04-19T14:05:35+00:00\",\"dateModified\":\"2021-01-29T22:15:00+00:00\",\"breadcrumb\":{\"@id\":\"https:\/\/www.diocese-limoges.fr\/grand-limoges\/paroisses\/saint-eloi-des-hauts-de-laurence\/nos-eglises\/eglise-sainte-therese-de-lenfant-jesus\/#breadcrumb\"},\"inLanguage\":\"fr-FR\",\"potentialAction\":[{\"@type\":\"ReadAction\",\"target\":[\"https:\/\/www.diocese-limoges.fr\/grand-limoges\/paroisses\/saint-eloi-des-hauts-de-laurence\/nos-eglises\/eglise-sainte-therese-de-lenfant-jesus\/\"]}]},{\"@type\":\"ImageObject\",\"inLanguage\":\"fr-FR\",\"@id\":\"https:\/\/www.diocese-limoges.fr\/grand-limoges\/paroisses\/saint-eloi-des-hauts-de-laurence\/nos-eglises\/eglise-sainte-therese-de-lenfant-jesus\/#primaryimage\",\"url\":\"https:\/\/www.diocese-limoges.fr\/grand-limoges\/wp-content\/uploads\/sites\/2\/2020\/04\/stp.jpg\",\"contentUrl\":\"https:\/\/www.diocese-limoges.fr\/grand-limoges\/wp-content\/uploads\/sites\/2\/2020\/04\/stp.jpg\",\"width\":567,\"height\":313},{\"@type\":\"BreadcrumbList\",\"@id\":\"https:\/\/www.diocese-limoges.fr\/grand-limoges\/paroisses\/saint-eloi-des-hauts-de-laurence\/nos-eglises\/eglise-sainte-therese-de-lenfant-jesus\/#breadcrumb\",\"itemListElement\":[{\"@type\":\"ListItem\",\"position\":1,\"name\":\"Accueil\",\"item\":\"https:\/\/www.diocese-limoges.fr\/grand-limoges\/\"},{\"@type\":\"ListItem\",\"position\":2,\"name\":\"Paroisse Saint-\u00c9loi-des-Hauts-de-l&rsquo;Aurence\",\"item\":\"https:\/\/www.diocese-limoges.fr\/grand-limoges\/paroisses\/saint-eloi-des-hauts-de-laurence\/\"},{\"@type\":\"ListItem\",\"position\":3,\"name\":\"Nos \u00e9glises\",\"item\":\"https:\/\/www.diocese-limoges.fr\/grand-limoges\/paroisses\/saint-eloi-des-hauts-de-laurence\/nos-eglises\/\"},{\"@type\":\"ListItem\",\"position\":4,\"name\":\"Eglise Sainte-Th\u00e9r\u00e8se-de-l&rsquo;Enfant-J\u00e9sus\"}]},{\"@type\":\"WebSite\",\"@id\":\"https:\/\/www.diocese-limoges.fr\/grand-limoges\/#website\",\"url\":\"https:\/\/www.diocese-limoges.fr\/grand-limoges\/\",\"name\":\"Doyenn\u00e9s du Grand Limoges\",\"description\":\"Dioc\u00e8se de Limoges\",\"potentialAction\":[{\"@type\":\"SearchAction\",\"target\":{\"@type\":\"EntryPoint\",\"urlTemplate\":\"https:\/\/www.diocese-limoges.fr\/grand-limoges\/?s={search_term_string}\"},\"query-input\":{\"@type\":\"PropertyValueSpecification\",\"valueRequired\":true,\"valueName\":\"search_term_string\"}}],\"inLanguage\":\"fr-FR\"}]}<\/script>\n<!-- \/ Yoast SEO plugin. -->","yoast_head_json":{"title":"Eglise Sainte-Th\u00e9r\u00e8se-de-l'Enfant-J\u00e9sus - Doyenn\u00e9s du Grand Limoges","robots":{"index":"index","follow":"follow","max-snippet":"max-snippet:-1","max-image-preview":"max-image-preview:large","max-video-preview":"max-video-preview:-1"},"canonical":"https:\/\/www.diocese-limoges.fr\/grand-limoges\/paroisses\/saint-eloi-des-hauts-de-laurence\/nos-eglises\/eglise-sainte-therese-de-lenfant-jesus\/","og_locale":"fr_FR","og_type":"article","og_title":"Eglise Sainte-Th\u00e9r\u00e8se-de-l'Enfant-J\u00e9sus - Doyenn\u00e9s du Grand Limoges","og_description":"L&rsquo;\u00e9glise Sainte-Th\u00e9r\u00e8se de l&rsquo;Enfant-J\u00e9sus, situ\u00e9e 129 avenue des Ruchoux, a f\u00eat\u00e9 ses 70 ans en octobre 2019. Cette \u00e9glise a \u00e9t\u00e9 longtemps le si\u00e8ge des pr\u00eatres de la mission de France En 1947, l\u2019Ev\u00eaque de Limoges, Monseigneur Louis Rastouil, en accord avec la Mission de France, charge l\u2019abb\u00e9 Joseph Rousselot, membre d\u2019une \u00e9quipe de pr\u00eatres [&hellip;]","og_url":"https:\/\/www.diocese-limoges.fr\/grand-limoges\/paroisses\/saint-eloi-des-hauts-de-laurence\/nos-eglises\/eglise-sainte-therese-de-lenfant-jesus\/","og_site_name":"Doyenn\u00e9s du Grand Limoges","article_modified_time":"2021-01-29T22:15:00+00:00","og_image":[{"width":567,"height":313,"url":"https:\/\/www.diocese-limoges.fr\/grand-limoges\/wp-content\/uploads\/sites\/2\/2020\/04\/stp.jpg","type":"image\/jpeg"}],"twitter_card":"summary_large_image","twitter_misc":{"Dur\u00e9e de lecture estim\u00e9e":"3 minutes"},"schema":{"@context":"https:\/\/schema.org","@graph":[{"@type":"WebPage","@id":"https:\/\/www.diocese-limoges.fr\/grand-limoges\/paroisses\/saint-eloi-des-hauts-de-laurence\/nos-eglises\/eglise-sainte-therese-de-lenfant-jesus\/","url":"https:\/\/www.diocese-limoges.fr\/grand-limoges\/paroisses\/saint-eloi-des-hauts-de-laurence\/nos-eglises\/eglise-sainte-therese-de-lenfant-jesus\/","name":"Eglise Sainte-Th\u00e9r\u00e8se-de-l'Enfant-J\u00e9sus - Doyenn\u00e9s du Grand Limoges","isPartOf":{"@id":"https:\/\/www.diocese-limoges.fr\/grand-limoges\/#website"},"primaryImageOfPage":{"@id":"https:\/\/www.diocese-limoges.fr\/grand-limoges\/paroisses\/saint-eloi-des-hauts-de-laurence\/nos-eglises\/eglise-sainte-therese-de-lenfant-jesus\/#primaryimage"},"image":{"@id":"https:\/\/www.diocese-limoges.fr\/grand-limoges\/paroisses\/saint-eloi-des-hauts-de-laurence\/nos-eglises\/eglise-sainte-therese-de-lenfant-jesus\/#primaryimage"},"thumbnailUrl":"https:\/\/www.diocese-limoges.fr\/grand-limoges\/wp-content\/uploads\/sites\/2\/2020\/04\/stp.jpg","datePublished":"2020-04-19T14:05:35+00:00","dateModified":"2021-01-29T22:15:00+00:00","breadcrumb":{"@id":"https:\/\/www.diocese-limoges.fr\/grand-limoges\/paroisses\/saint-eloi-des-hauts-de-laurence\/nos-eglises\/eglise-sainte-therese-de-lenfant-jesus\/#breadcrumb"},"inLanguage":"fr-FR","potentialAction":[{"@type":"ReadAction","target":["https:\/\/www.diocese-limoges.fr\/grand-limoges\/paroisses\/saint-eloi-des-hauts-de-laurence\/nos-eglises\/eglise-sainte-therese-de-lenfant-jesus\/"]}]},{"@type":"ImageObject","inLanguage":"fr-FR","@id":"https:\/\/www.diocese-limoges.fr\/grand-limoges\/paroisses\/saint-eloi-des-hauts-de-laurence\/nos-eglises\/eglise-sainte-therese-de-lenfant-jesus\/#primaryimage","url":"https:\/\/www.diocese-limoges.fr\/grand-limoges\/wp-content\/uploads\/sites\/2\/2020\/04\/stp.jpg","contentUrl":"https:\/\/www.diocese-limoges.fr\/grand-limoges\/wp-content\/uploads\/sites\/2\/2020\/04\/stp.jpg","width":567,"height":313},{"@type":"BreadcrumbList","@id":"https:\/\/www.diocese-limoges.fr\/grand-limoges\/paroisses\/saint-eloi-des-hauts-de-laurence\/nos-eglises\/eglise-sainte-therese-de-lenfant-jesus\/#breadcrumb","itemListElement":[{"@type":"ListItem","position":1,"name":"Accueil","item":"https:\/\/www.diocese-limoges.fr\/grand-limoges\/"},{"@type":"ListItem","position":2,"name":"Paroisse Saint-\u00c9loi-des-Hauts-de-l&rsquo;Aurence","item":"https:\/\/www.diocese-limoges.fr\/grand-limoges\/paroisses\/saint-eloi-des-hauts-de-laurence\/"},{"@type":"ListItem","position":3,"name":"Nos \u00e9glises","item":"https:\/\/www.diocese-limoges.fr\/grand-limoges\/paroisses\/saint-eloi-des-hauts-de-laurence\/nos-eglises\/"},{"@type":"ListItem","position":4,"name":"Eglise Sainte-Th\u00e9r\u00e8se-de-l&rsquo;Enfant-J\u00e9sus"}]},{"@type":"WebSite","@id":"https:\/\/www.diocese-limoges.fr\/grand-limoges\/#website","url":"https:\/\/www.diocese-limoges.fr\/grand-limoges\/","name":"Doyenn\u00e9s du Grand Limoges","description":"Dioc\u00e8se de Limoges","potentialAction":[{"@type":"SearchAction","target":{"@type":"EntryPoint","urlTemplate":"https:\/\/www.diocese-limoges.fr\/grand-limoges\/?s={search_term_string}"},"query-input":{"@type":"PropertyValueSpecification","valueRequired":true,"valueName":"search_term_string"}}],"inLanguage":"fr-FR"}]}},"_links":{"self":[{"href":"https:\/\/www.diocese-limoges.fr\/grand-limoges\/wp-json\/wp\/v2\/paroisse\/17247","targetHints":{"allow":["GET"]}}],"collection":[{"href":"https:\/\/www.diocese-limoges.fr\/grand-limoges\/wp-json\/wp\/v2\/paroisse"}],"about":[{"href":"https:\/\/www.diocese-limoges.fr\/grand-limoges\/wp-json\/wp\/v2\/types\/paroisse"}],"author":[{"embeddable":true,"href":"https:\/\/www.diocese-limoges.fr\/grand-limoges\/wp-json\/wp\/v2\/users\/10"}],"up":[{"embeddable":true,"href":"https:\/\/www.diocese-limoges.fr\/grand-limoges\/wp-json\/wp\/v2\/paroisse\/17246"}],"wp:featuredmedia":[{"embeddable":true,"href":"https:\/\/www.diocese-limoges.fr\/grand-limoges\/wp-json\/wp\/v2\/media\/17260"}],"wp:attachment":[{"href":"https:\/\/www.diocese-limoges.fr\/grand-limoges\/wp-json\/wp\/v2\/media?parent=17247"}],"curies":[{"name":"wp","href":"https:\/\/api.w.org\/{rel}","templated":true}]}}