{"id":17256,"date":"2020-04-19T19:10:32","date_gmt":"2020-04-19T17:10:32","guid":{"rendered":"https:\/\/www.diocese-limoges.fr\/grand-limoges\/?post_type=paroisse&#038;p=17256"},"modified":"2020-11-04T11:41:59","modified_gmt":"2020-11-04T10:41:59","slug":"eglise-sainte-marie-madeleine-a-couzeix","status":"publish","type":"paroisse","link":"https:\/\/www.diocese-limoges.fr\/grand-limoges\/paroisses\/saint-eloi-des-hauts-de-laurence\/nos-eglises\/eglise-sainte-marie-madeleine-a-couzeix\/","title":{"rendered":"Eglise Sainte Marie-Madeleine \u00e0 Couzeix"},"content":{"rendered":"\n<div class=\"wp-block-image\"><figure class=\"alignleft size-large is-resized\"><img loading=\"lazy\" decoding=\"async\" src=\"https:\/\/www.diocese-limoges.fr\/grand-limoges\/wp-content\/uploads\/sites\/2\/2020\/04\/eglise-couzeix.jpg\" alt=\"\" class=\"wp-image-17268\" width=\"179\" height=\"285\" srcset=\"https:\/\/www.diocese-limoges.fr\/grand-limoges\/wp-content\/uploads\/sites\/2\/2020\/04\/eglise-couzeix.jpg 302w, https:\/\/www.diocese-limoges.fr\/grand-limoges\/wp-content\/uploads\/sites\/2\/2020\/04\/eglise-couzeix-189x300.jpg 189w\" sizes=\"auto, (max-width: 179px) 100vw, 179px\" \/><\/figure><\/div>\n\n\n\n<p>A Couzeix, plant\u00e9e sur le point le plus haut du bourg, l\u2019\u00e9glise Sainte-Marie-Madeleine nous attend comme une grand-m\u00e8re qui voit venir ses petits enfants se blottir sous sa vieille vo\u00fbte romane solide et accueillante. Depuis plus de 1000 ans \u00ab&nbsp;Cozei&nbsp;\u00bb \u00e9tait d\u00e9j\u00e0 nomm\u00e9e dans une bulle papale comme possession de l\u2019abbaye Saint-Martial de Limoges. <\/p>\n\n\n\n<p class=\"has-text-align-left\">&nbsp;L&rsquo;Eglise a \u00e9t\u00e9 construite au 11e si\u00e8cle avec des reprises du 15e si\u00e8cle, puis restaur\u00e9e en 1823 , en 1869-1875 et en 1888. Lors de cette derni\u00e8re campagne de travaux, les chapelles lat\u00e9rales ont \u00e9t\u00e9 d\u00e9gag\u00e9es au niveau de la trav\u00e9e d\u2019avant-ch\u0153ur, des arcs doubleaux et des colonnes ont \u00e9t\u00e9 r\u00e9alis\u00e9s en granite et en calcaire pour recevoir les vo\u00fbtements.<\/p>\n\n\n\n<p>C&rsquo;est un \u00e9difice caract\u00e9ris\u00e9 par une nef vo\u00fbt\u00e9e en berceau bris\u00e9 confort\u00e9 par des arcs doubleaux retombant sur des pilastres, des chapelles lat\u00e9rales sur les deux c\u00f4t\u00e9s au niveau de chaque trav\u00e9e et un ch\u0153ur semi-circulaire vo\u00fbt\u00e9 en cul-de-four. Les chapelles lat\u00e9rales vo\u00fbt\u00e9es en berceau bris\u00e9 communiquent entre elles ce qui constitue une sorte de faux bas-c\u00f4t\u00e9. Cette communication am\u00e9nag\u00e9e entre chacune ne semble pas d\u2019origine. Le portail est en arc en plein-cintre \u00e0 trois voussures avec boudins retombant sur des colonnettes. Le clocher est couvert d\u2019une fl\u00e8che polygonale. Sa cloche du XIII \u00b0 si\u00e8cle est la doyenne du d\u00e9partement.<\/p>\n\n\n\n<div class=\"wp-block-image\"><figure class=\"alignright size-large is-resized\"><img loading=\"lazy\" decoding=\"async\" src=\"https:\/\/www.diocese-limoges.fr\/grand-limoges\/wp-content\/uploads\/sites\/2\/2020\/04\/choeur-couzeix-1-1024x577.jpg\" alt=\"\" class=\"wp-image-17267\" width=\"418\" height=\"234\" srcset=\"https:\/\/www.diocese-limoges.fr\/grand-limoges\/wp-content\/uploads\/sites\/2\/2020\/04\/choeur-couzeix-1-300x169.jpg 300w, https:\/\/www.diocese-limoges.fr\/grand-limoges\/wp-content\/uploads\/sites\/2\/2020\/04\/choeur-couzeix-1-1536x865.jpg 1536w\" sizes=\"auto, (max-width: 418px) 100vw, 418px\" \/><figcaption><em>Le nouveau mobilier dans le choeur de l&rsquo;\u00e9glise<\/em><\/figcaption><\/figure><\/div>\n\n\n\n<p><\/p>\n\n\n\n<p>Plus proche de nous,&nbsp;en 2012 le ch\u0153ur a \u00e9t\u00e9 dot\u00e9  d\u2019un mobilier liturgique moderne (autel, ambon, si\u00e8ge du c\u00e9l\u00e9brant) sur des dessins d\u2019Evelyne GUEROUX et des \u00e9maux de L\u00e9a SHAM\u2019S. L&rsquo;autel a \u00e9t\u00e9 d\u00e9dicac\u00e9 le 1er  juillet 2012 par Mgr Kalist<\/p>\n\n\n\n<div class=\"wp-block-columns is-layout-flex wp-container-core-columns-is-layout-28f84493 wp-block-columns-is-layout-flex\">\n<div class=\"wp-block-column is-layout-flow wp-block-column-is-layout-flow\">\n<figure class=\"wp-block-image size-large is-resized\"><img loading=\"lazy\" decoding=\"async\" src=\"https:\/\/www.diocese-limoges.fr\/grand-limoges\/wp-content\/uploads\/sites\/2\/2020\/04\/ambon-couzeix-detail-1-1-680x1024.jpg\" alt=\"\" class=\"wp-image-17340\" width=\"155\" height=\"234\" srcset=\"https:\/\/www.diocese-limoges.fr\/grand-limoges\/wp-content\/uploads\/sites\/2\/2020\/04\/ambon-couzeix-detail-1-1-680x1024.jpg 680w, https:\/\/www.diocese-limoges.fr\/grand-limoges\/wp-content\/uploads\/sites\/2\/2020\/04\/ambon-couzeix-detail-1-1-199x300.jpg 199w, https:\/\/www.diocese-limoges.fr\/grand-limoges\/wp-content\/uploads\/sites\/2\/2020\/04\/ambon-couzeix-detail-1-1-768x1156.jpg 768w, https:\/\/www.diocese-limoges.fr\/grand-limoges\/wp-content\/uploads\/sites\/2\/2020\/04\/ambon-couzeix-detail-1-1-1020x1536.jpg 1020w, https:\/\/www.diocese-limoges.fr\/grand-limoges\/wp-content\/uploads\/sites\/2\/2020\/04\/ambon-couzeix-detail-1-1-1361x2048.jpg 1361w, https:\/\/www.diocese-limoges.fr\/grand-limoges\/wp-content\/uploads\/sites\/2\/2020\/04\/ambon-couzeix-detail-1-1-scaled.jpg 1701w\" sizes=\"auto, (max-width: 155px) 100vw, 155px\" \/><figcaption><em>D\u00e9tails de l&rsquo;ambon<\/em><\/figcaption><\/figure>\n\n\n\n<p> Luc et Jean<\/p>\n<\/div>\n\n\n\n<div class=\"wp-block-column is-layout-flow wp-block-column-is-layout-flow\">\n<div class=\"wp-block-group\"><div class=\"wp-block-group__inner-container is-layout-flow wp-block-group-is-layout-flow\">\n<div class=\"wp-block-image\"><figure class=\"aligncenter size-large is-resized\"><img loading=\"lazy\" decoding=\"async\" src=\"https:\/\/www.diocese-limoges.fr\/grand-limoges\/wp-content\/uploads\/sites\/2\/2020\/04\/ambon-couzeix-detail-2-680x1024.jpg\" alt=\"\" class=\"wp-image-17341\" width=\"156\" height=\"234\" srcset=\"https:\/\/www.diocese-limoges.fr\/grand-limoges\/wp-content\/uploads\/sites\/2\/2020\/04\/ambon-couzeix-detail-2-680x1024.jpg 680w, https:\/\/www.diocese-limoges.fr\/grand-limoges\/wp-content\/uploads\/sites\/2\/2020\/04\/ambon-couzeix-detail-2-199x300.jpg 199w, https:\/\/www.diocese-limoges.fr\/grand-limoges\/wp-content\/uploads\/sites\/2\/2020\/04\/ambon-couzeix-detail-2-768x1156.jpg 768w, https:\/\/www.diocese-limoges.fr\/grand-limoges\/wp-content\/uploads\/sites\/2\/2020\/04\/ambon-couzeix-detail-2-1020x1536.jpg 1020w, https:\/\/www.diocese-limoges.fr\/grand-limoges\/wp-content\/uploads\/sites\/2\/2020\/04\/ambon-couzeix-detail-2-1360x2048.jpg 1360w, https:\/\/www.diocese-limoges.fr\/grand-limoges\/wp-content\/uploads\/sites\/2\/2020\/04\/ambon-couzeix-detail-2-scaled.jpg 1700w\" sizes=\"auto, (max-width: 156px) 100vw, 156px\" \/><figcaption><em>repr\u00e9sentants les <\/em><\/figcaption><\/figure><\/div>\n<\/div><\/div>\n\n\n\n<p><\/p>\n<\/div>\n\n\n\n<div class=\"wp-block-column is-layout-flow wp-block-column-is-layout-flow\">\n<figure class=\"wp-block-image size-large is-resized\"><img loading=\"lazy\" decoding=\"async\" src=\"https:\/\/www.diocese-limoges.fr\/grand-limoges\/wp-content\/uploads\/sites\/2\/2020\/04\/ambon-couzeix-detail-3-1-680x1024.jpg\" alt=\"\" class=\"wp-image-17342\" width=\"155\" height=\"233\" srcset=\"https:\/\/www.diocese-limoges.fr\/grand-limoges\/wp-content\/uploads\/sites\/2\/2020\/04\/ambon-couzeix-detail-3-1-680x1024.jpg 680w, https:\/\/www.diocese-limoges.fr\/grand-limoges\/wp-content\/uploads\/sites\/2\/2020\/04\/ambon-couzeix-detail-3-1-199x300.jpg 199w, https:\/\/www.diocese-limoges.fr\/grand-limoges\/wp-content\/uploads\/sites\/2\/2020\/04\/ambon-couzeix-detail-3-1-768x1156.jpg 768w, https:\/\/www.diocese-limoges.fr\/grand-limoges\/wp-content\/uploads\/sites\/2\/2020\/04\/ambon-couzeix-detail-3-1-1020x1536.jpg 1020w, https:\/\/www.diocese-limoges.fr\/grand-limoges\/wp-content\/uploads\/sites\/2\/2020\/04\/ambon-couzeix-detail-3-1-1360x2048.jpg 1360w, https:\/\/www.diocese-limoges.fr\/grand-limoges\/wp-content\/uploads\/sites\/2\/2020\/04\/ambon-couzeix-detail-3-1-scaled.jpg 1700w\" sizes=\"auto, (max-width: 155px) 100vw, 155px\" \/><figcaption><em>quatre<\/em> <em>\u00e9vang\u00e9listes<\/em><\/figcaption><\/figure>\n\n\n\n<p> Matthieu et Marc<\/p>\n<\/div>\n<\/div>\n\n\n\n<p>Trois objets sont de pr\u00e9cieuses et admirables donations assez r\u00e9centes&nbsp;: une rare repr\u00e9sentation de la Sainte Trinit\u00e9 datant du XVI\u00b0 si\u00e8cle , une tr\u00e8s \u00e9mouvante Piet\u00e0 du XVII\u00b0 si\u00e8cle et une petite statue de bois du XVII\u00b0 si\u00e8cle, un Saint Roch et son chien.<\/p>\n\n\n\n<div class=\"wp-block-columns is-layout-flex wp-container-core-columns-is-layout-28f84493 wp-block-columns-is-layout-flex\">\n<div class=\"wp-block-column is-layout-flow wp-block-column-is-layout-flow\">\n<figure class=\"wp-block-image size-large is-resized\"><img loading=\"lazy\" decoding=\"async\" src=\"https:\/\/www.diocese-limoges.fr\/grand-limoges\/wp-content\/uploads\/sites\/2\/2020\/04\/dsc_0719-1-680x1024.jpg\" alt=\"\" class=\"wp-image-17338\" width=\"288\" height=\"432\" \/><\/figure>\n<\/div>\n\n\n\n<div class=\"wp-block-column is-layout-flow wp-block-column-is-layout-flow\">\n<figure class=\"wp-block-image size-large is-resized\"><img loading=\"lazy\" decoding=\"async\" src=\"https:\/\/www.diocese-limoges.fr\/grand-limoges\/wp-content\/uploads\/sites\/2\/2020\/04\/pieta-2-680x1024.jpg\" alt=\"\" class=\"wp-image-17337\" width=\"286\" height=\"431\" srcset=\"https:\/\/www.diocese-limoges.fr\/grand-limoges\/wp-content\/uploads\/sites\/2\/2020\/04\/pieta-2-680x1024.jpg 680w, https:\/\/www.diocese-limoges.fr\/grand-limoges\/wp-content\/uploads\/sites\/2\/2020\/04\/pieta-2-199x300.jpg 199w, https:\/\/www.diocese-limoges.fr\/grand-limoges\/wp-content\/uploads\/sites\/2\/2020\/04\/pieta-2-768x1156.jpg 768w, https:\/\/www.diocese-limoges.fr\/grand-limoges\/wp-content\/uploads\/sites\/2\/2020\/04\/pieta-2-1020x1536.jpg 1020w, https:\/\/www.diocese-limoges.fr\/grand-limoges\/wp-content\/uploads\/sites\/2\/2020\/04\/pieta-2-1360x2048.jpg 1360w, https:\/\/www.diocese-limoges.fr\/grand-limoges\/wp-content\/uploads\/sites\/2\/2020\/04\/pieta-2-scaled.jpg 1700w\" sizes=\"auto, (max-width: 286px) 100vw, 286px\" \/><\/figure>\n<\/div>\n\n\n\n<div class=\"wp-block-column is-layout-flow wp-block-column-is-layout-flow\">\n<figure class=\"wp-block-image size-large is-resized\"><img loading=\"lazy\" decoding=\"async\" src=\"https:\/\/www.diocese-limoges.fr\/grand-limoges\/wp-content\/uploads\/sites\/2\/2020\/04\/saint-roch-1-680x1024.jpg\" alt=\"\" class=\"wp-image-17339\" width=\"294\" height=\"444\" srcset=\"https:\/\/www.diocese-limoges.fr\/grand-limoges\/wp-content\/uploads\/sites\/2\/2020\/04\/saint-roch-1-680x1024.jpg 680w, https:\/\/www.diocese-limoges.fr\/grand-limoges\/wp-content\/uploads\/sites\/2\/2020\/04\/saint-roch-1-199x300.jpg 199w, https:\/\/www.diocese-limoges.fr\/grand-limoges\/wp-content\/uploads\/sites\/2\/2020\/04\/saint-roch-1-768x1156.jpg 768w, https:\/\/www.diocese-limoges.fr\/grand-limoges\/wp-content\/uploads\/sites\/2\/2020\/04\/saint-roch-1-1020x1536.jpg 1020w, https:\/\/www.diocese-limoges.fr\/grand-limoges\/wp-content\/uploads\/sites\/2\/2020\/04\/saint-roch-1-1360x2048.jpg 1360w, https:\/\/www.diocese-limoges.fr\/grand-limoges\/wp-content\/uploads\/sites\/2\/2020\/04\/saint-roch-1-scaled.jpg 1700w\" sizes=\"auto, (max-width: 294px) 100vw, 294px\" \/><\/figure>\n<\/div>\n<\/div>\n\n\n\n<p><\/p>\n","protected":false},"author":10,"featured_media":17259,"parent":17246,"menu_order":118,"template":"","meta":{"_acf_changed":false},"class_list":["post-17256","paroisse","type-paroisse","status-publish","has-post-thumbnail","hentry"],"acf":[],"yoast_head":"<!-- This site is optimized with the Yoast SEO plugin v26.4 - https:\/\/yoast.com\/wordpress\/plugins\/seo\/ -->\n<title>Eglise Sainte Marie-Madeleine \u00e0 Couzeix - Doyenn\u00e9s du Grand Limoges<\/title>\n<meta name=\"robots\" content=\"index, follow, max-snippet:-1, max-image-preview:large, max-video-preview:-1\" \/>\n<link rel=\"canonical\" href=\"https:\/\/www.diocese-limoges.fr\/grand-limoges\/paroisses\/saint-eloi-des-hauts-de-laurence\/nos-eglises\/eglise-sainte-marie-madeleine-a-couzeix\/\" \/>\n<meta property=\"og:locale\" content=\"fr_FR\" \/>\n<meta property=\"og:type\" content=\"article\" \/>\n<meta property=\"og:title\" content=\"Eglise Sainte Marie-Madeleine \u00e0 Couzeix - Doyenn\u00e9s du Grand Limoges\" \/>\n<meta property=\"og:description\" content=\"A Couzeix, plant\u00e9e sur le point le plus haut du bourg, l\u2019\u00e9glise Sainte-Marie-Madeleine nous attend comme une grand-m\u00e8re qui voit venir ses petits enfants se blottir sous sa vieille vo\u00fbte romane solide et accueillante. Depuis plus de 1000 ans \u00ab&nbsp;Cozei&nbsp;\u00bb \u00e9tait d\u00e9j\u00e0 nomm\u00e9e dans une bulle papale comme possession de l\u2019abbaye Saint-Martial de Limoges. &nbsp;L&rsquo;Eglise [&hellip;]\" \/>\n<meta property=\"og:url\" content=\"https:\/\/www.diocese-limoges.fr\/grand-limoges\/paroisses\/saint-eloi-des-hauts-de-laurence\/nos-eglises\/eglise-sainte-marie-madeleine-a-couzeix\/\" \/>\n<meta property=\"og:site_name\" content=\"Doyenn\u00e9s du Grand Limoges\" \/>\n<meta property=\"article:modified_time\" content=\"2020-11-04T10:41:59+00:00\" \/>\n<meta property=\"og:image\" content=\"https:\/\/www.diocese-limoges.fr\/grand-limoges\/wp-content\/uploads\/sites\/2\/2020\/04\/couzeix-smm-e1587327040813.jpg\" \/>\n\t<meta property=\"og:image:width\" content=\"821\" \/>\n\t<meta property=\"og:image:height\" content=\"492\" \/>\n\t<meta property=\"og:image:type\" content=\"image\/jpeg\" \/>\n<meta name=\"twitter:card\" content=\"summary_large_image\" \/>\n<meta name=\"twitter:label1\" content=\"Dur\u00e9e de lecture estim\u00e9e\" \/>\n\t<meta name=\"twitter:data1\" content=\"2 minutes\" \/>\n<script type=\"application\/ld+json\" class=\"yoast-schema-graph\">{\"@context\":\"https:\/\/schema.org\",\"@graph\":[{\"@type\":\"WebPage\",\"@id\":\"https:\/\/www.diocese-limoges.fr\/grand-limoges\/paroisses\/saint-eloi-des-hauts-de-laurence\/nos-eglises\/eglise-sainte-marie-madeleine-a-couzeix\/\",\"url\":\"https:\/\/www.diocese-limoges.fr\/grand-limoges\/paroisses\/saint-eloi-des-hauts-de-laurence\/nos-eglises\/eglise-sainte-marie-madeleine-a-couzeix\/\",\"name\":\"Eglise Sainte Marie-Madeleine \u00e0 Couzeix - Doyenn\u00e9s du Grand Limoges\",\"isPartOf\":{\"@id\":\"https:\/\/www.diocese-limoges.fr\/grand-limoges\/#website\"},\"primaryImageOfPage\":{\"@id\":\"https:\/\/www.diocese-limoges.fr\/grand-limoges\/paroisses\/saint-eloi-des-hauts-de-laurence\/nos-eglises\/eglise-sainte-marie-madeleine-a-couzeix\/#primaryimage\"},\"image\":{\"@id\":\"https:\/\/www.diocese-limoges.fr\/grand-limoges\/paroisses\/saint-eloi-des-hauts-de-laurence\/nos-eglises\/eglise-sainte-marie-madeleine-a-couzeix\/#primaryimage\"},\"thumbnailUrl\":\"https:\/\/www.diocese-limoges.fr\/grand-limoges\/wp-content\/uploads\/sites\/2\/2020\/04\/couzeix-smm-e1587327040813.jpg\",\"datePublished\":\"2020-04-19T17:10:32+00:00\",\"dateModified\":\"2020-11-04T10:41:59+00:00\",\"breadcrumb\":{\"@id\":\"https:\/\/www.diocese-limoges.fr\/grand-limoges\/paroisses\/saint-eloi-des-hauts-de-laurence\/nos-eglises\/eglise-sainte-marie-madeleine-a-couzeix\/#breadcrumb\"},\"inLanguage\":\"fr-FR\",\"potentialAction\":[{\"@type\":\"ReadAction\",\"target\":[\"https:\/\/www.diocese-limoges.fr\/grand-limoges\/paroisses\/saint-eloi-des-hauts-de-laurence\/nos-eglises\/eglise-sainte-marie-madeleine-a-couzeix\/\"]}]},{\"@type\":\"ImageObject\",\"inLanguage\":\"fr-FR\",\"@id\":\"https:\/\/www.diocese-limoges.fr\/grand-limoges\/paroisses\/saint-eloi-des-hauts-de-laurence\/nos-eglises\/eglise-sainte-marie-madeleine-a-couzeix\/#primaryimage\",\"url\":\"https:\/\/www.diocese-limoges.fr\/grand-limoges\/wp-content\/uploads\/sites\/2\/2020\/04\/couzeix-smm-e1587327040813.jpg\",\"contentUrl\":\"https:\/\/www.diocese-limoges.fr\/grand-limoges\/wp-content\/uploads\/sites\/2\/2020\/04\/couzeix-smm-e1587327040813.jpg\",\"width\":821,\"height\":492},{\"@type\":\"BreadcrumbList\",\"@id\":\"https:\/\/www.diocese-limoges.fr\/grand-limoges\/paroisses\/saint-eloi-des-hauts-de-laurence\/nos-eglises\/eglise-sainte-marie-madeleine-a-couzeix\/#breadcrumb\",\"itemListElement\":[{\"@type\":\"ListItem\",\"position\":1,\"name\":\"Accueil\",\"item\":\"https:\/\/www.diocese-limoges.fr\/grand-limoges\/\"},{\"@type\":\"ListItem\",\"position\":2,\"name\":\"Paroisse Saint-\u00c9loi-des-Hauts-de-l&rsquo;Aurence\",\"item\":\"https:\/\/www.diocese-limoges.fr\/grand-limoges\/paroisses\/saint-eloi-des-hauts-de-laurence\/\"},{\"@type\":\"ListItem\",\"position\":3,\"name\":\"Nos \u00e9glises\",\"item\":\"https:\/\/www.diocese-limoges.fr\/grand-limoges\/paroisses\/saint-eloi-des-hauts-de-laurence\/nos-eglises\/\"},{\"@type\":\"ListItem\",\"position\":4,\"name\":\"Eglise Sainte Marie-Madeleine \u00e0 Couzeix\"}]},{\"@type\":\"WebSite\",\"@id\":\"https:\/\/www.diocese-limoges.fr\/grand-limoges\/#website\",\"url\":\"https:\/\/www.diocese-limoges.fr\/grand-limoges\/\",\"name\":\"Doyenn\u00e9s du Grand Limoges\",\"description\":\"Dioc\u00e8se de Limoges\",\"potentialAction\":[{\"@type\":\"SearchAction\",\"target\":{\"@type\":\"EntryPoint\",\"urlTemplate\":\"https:\/\/www.diocese-limoges.fr\/grand-limoges\/?s={search_term_string}\"},\"query-input\":{\"@type\":\"PropertyValueSpecification\",\"valueRequired\":true,\"valueName\":\"search_term_string\"}}],\"inLanguage\":\"fr-FR\"}]}<\/script>\n<!-- \/ Yoast SEO plugin. -->","yoast_head_json":{"title":"Eglise Sainte Marie-Madeleine \u00e0 Couzeix - Doyenn\u00e9s du Grand Limoges","robots":{"index":"index","follow":"follow","max-snippet":"max-snippet:-1","max-image-preview":"max-image-preview:large","max-video-preview":"max-video-preview:-1"},"canonical":"https:\/\/www.diocese-limoges.fr\/grand-limoges\/paroisses\/saint-eloi-des-hauts-de-laurence\/nos-eglises\/eglise-sainte-marie-madeleine-a-couzeix\/","og_locale":"fr_FR","og_type":"article","og_title":"Eglise Sainte Marie-Madeleine \u00e0 Couzeix - Doyenn\u00e9s du Grand Limoges","og_description":"A Couzeix, plant\u00e9e sur le point le plus haut du bourg, l\u2019\u00e9glise Sainte-Marie-Madeleine nous attend comme une grand-m\u00e8re qui voit venir ses petits enfants se blottir sous sa vieille vo\u00fbte romane solide et accueillante. Depuis plus de 1000 ans \u00ab&nbsp;Cozei&nbsp;\u00bb \u00e9tait d\u00e9j\u00e0 nomm\u00e9e dans une bulle papale comme possession de l\u2019abbaye Saint-Martial de Limoges. &nbsp;L&rsquo;Eglise [&hellip;]","og_url":"https:\/\/www.diocese-limoges.fr\/grand-limoges\/paroisses\/saint-eloi-des-hauts-de-laurence\/nos-eglises\/eglise-sainte-marie-madeleine-a-couzeix\/","og_site_name":"Doyenn\u00e9s du Grand Limoges","article_modified_time":"2020-11-04T10:41:59+00:00","og_image":[{"width":821,"height":492,"url":"https:\/\/www.diocese-limoges.fr\/grand-limoges\/wp-content\/uploads\/sites\/2\/2020\/04\/couzeix-smm-e1587327040813.jpg","type":"image\/jpeg"}],"twitter_card":"summary_large_image","twitter_misc":{"Dur\u00e9e de lecture estim\u00e9e":"2 minutes"},"schema":{"@context":"https:\/\/schema.org","@graph":[{"@type":"WebPage","@id":"https:\/\/www.diocese-limoges.fr\/grand-limoges\/paroisses\/saint-eloi-des-hauts-de-laurence\/nos-eglises\/eglise-sainte-marie-madeleine-a-couzeix\/","url":"https:\/\/www.diocese-limoges.fr\/grand-limoges\/paroisses\/saint-eloi-des-hauts-de-laurence\/nos-eglises\/eglise-sainte-marie-madeleine-a-couzeix\/","name":"Eglise Sainte Marie-Madeleine \u00e0 Couzeix - Doyenn\u00e9s du Grand Limoges","isPartOf":{"@id":"https:\/\/www.diocese-limoges.fr\/grand-limoges\/#website"},"primaryImageOfPage":{"@id":"https:\/\/www.diocese-limoges.fr\/grand-limoges\/paroisses\/saint-eloi-des-hauts-de-laurence\/nos-eglises\/eglise-sainte-marie-madeleine-a-couzeix\/#primaryimage"},"image":{"@id":"https:\/\/www.diocese-limoges.fr\/grand-limoges\/paroisses\/saint-eloi-des-hauts-de-laurence\/nos-eglises\/eglise-sainte-marie-madeleine-a-couzeix\/#primaryimage"},"thumbnailUrl":"https:\/\/www.diocese-limoges.fr\/grand-limoges\/wp-content\/uploads\/sites\/2\/2020\/04\/couzeix-smm-e1587327040813.jpg","datePublished":"2020-04-19T17:10:32+00:00","dateModified":"2020-11-04T10:41:59+00:00","breadcrumb":{"@id":"https:\/\/www.diocese-limoges.fr\/grand-limoges\/paroisses\/saint-eloi-des-hauts-de-laurence\/nos-eglises\/eglise-sainte-marie-madeleine-a-couzeix\/#breadcrumb"},"inLanguage":"fr-FR","potentialAction":[{"@type":"ReadAction","target":["https:\/\/www.diocese-limoges.fr\/grand-limoges\/paroisses\/saint-eloi-des-hauts-de-laurence\/nos-eglises\/eglise-sainte-marie-madeleine-a-couzeix\/"]}]},{"@type":"ImageObject","inLanguage":"fr-FR","@id":"https:\/\/www.diocese-limoges.fr\/grand-limoges\/paroisses\/saint-eloi-des-hauts-de-laurence\/nos-eglises\/eglise-sainte-marie-madeleine-a-couzeix\/#primaryimage","url":"https:\/\/www.diocese-limoges.fr\/grand-limoges\/wp-content\/uploads\/sites\/2\/2020\/04\/couzeix-smm-e1587327040813.jpg","contentUrl":"https:\/\/www.diocese-limoges.fr\/grand-limoges\/wp-content\/uploads\/sites\/2\/2020\/04\/couzeix-smm-e1587327040813.jpg","width":821,"height":492},{"@type":"BreadcrumbList","@id":"https:\/\/www.diocese-limoges.fr\/grand-limoges\/paroisses\/saint-eloi-des-hauts-de-laurence\/nos-eglises\/eglise-sainte-marie-madeleine-a-couzeix\/#breadcrumb","itemListElement":[{"@type":"ListItem","position":1,"name":"Accueil","item":"https:\/\/www.diocese-limoges.fr\/grand-limoges\/"},{"@type":"ListItem","position":2,"name":"Paroisse Saint-\u00c9loi-des-Hauts-de-l&rsquo;Aurence","item":"https:\/\/www.diocese-limoges.fr\/grand-limoges\/paroisses\/saint-eloi-des-hauts-de-laurence\/"},{"@type":"ListItem","position":3,"name":"Nos \u00e9glises","item":"https:\/\/www.diocese-limoges.fr\/grand-limoges\/paroisses\/saint-eloi-des-hauts-de-laurence\/nos-eglises\/"},{"@type":"ListItem","position":4,"name":"Eglise Sainte Marie-Madeleine \u00e0 Couzeix"}]},{"@type":"WebSite","@id":"https:\/\/www.diocese-limoges.fr\/grand-limoges\/#website","url":"https:\/\/www.diocese-limoges.fr\/grand-limoges\/","name":"Doyenn\u00e9s du Grand Limoges","description":"Dioc\u00e8se de Limoges","potentialAction":[{"@type":"SearchAction","target":{"@type":"EntryPoint","urlTemplate":"https:\/\/www.diocese-limoges.fr\/grand-limoges\/?s={search_term_string}"},"query-input":{"@type":"PropertyValueSpecification","valueRequired":true,"valueName":"search_term_string"}}],"inLanguage":"fr-FR"}]}},"_links":{"self":[{"href":"https:\/\/www.diocese-limoges.fr\/grand-limoges\/wp-json\/wp\/v2\/paroisse\/17256","targetHints":{"allow":["GET"]}}],"collection":[{"href":"https:\/\/www.diocese-limoges.fr\/grand-limoges\/wp-json\/wp\/v2\/paroisse"}],"about":[{"href":"https:\/\/www.diocese-limoges.fr\/grand-limoges\/wp-json\/wp\/v2\/types\/paroisse"}],"author":[{"embeddable":true,"href":"https:\/\/www.diocese-limoges.fr\/grand-limoges\/wp-json\/wp\/v2\/users\/10"}],"up":[{"embeddable":true,"href":"https:\/\/www.diocese-limoges.fr\/grand-limoges\/wp-json\/wp\/v2\/paroisse\/17246"}],"wp:featuredmedia":[{"embeddable":true,"href":"https:\/\/www.diocese-limoges.fr\/grand-limoges\/wp-json\/wp\/v2\/media\/17259"}],"wp:attachment":[{"href":"https:\/\/www.diocese-limoges.fr\/grand-limoges\/wp-json\/wp\/v2\/media?parent=17256"}],"curies":[{"name":"wp","href":"https:\/\/api.w.org\/{rel}","templated":true}]}}