{"id":17307,"date":"2020-04-22T18:31:24","date_gmt":"2020-04-22T16:31:24","guid":{"rendered":"https:\/\/www.diocese-limoges.fr\/grand-limoges\/?post_type=paroisse&#038;p=17307"},"modified":"2026-03-27T18:22:32","modified_gmt":"2026-03-27T17:22:32","slug":"les-differents-mouvements","status":"publish","type":"paroisse","link":"https:\/\/www.diocese-limoges.fr\/grand-limoges\/paroisses\/paroisse-saint-vincent-de-paul\/les-differents-mouvements\/","title":{"rendered":"Les diff\u00e9rents mouvements"},"content":{"rendered":"\n<div class=\"wp-block-columns is-layout-flex wp-container-core-columns-is-layout-28f84493 wp-block-columns-is-layout-flex\">\n<div class=\"wp-block-column is-layout-flow wp-block-column-is-layout-flow\" style=\"flex-basis:33.33%\">\n<figure class=\"wp-block-image size-large\"><img loading=\"lazy\" decoding=\"async\" width=\"445\" height=\"338\" src=\"https:\/\/www.diocese-limoges.fr\/grand-limoges\/wp-content\/uploads\/sites\/2\/2020\/04\/sacrement-des-malades_theme_image.jpg\" alt=\"\" class=\"wp-image-17309\" srcset=\"https:\/\/www.diocese-limoges.fr\/grand-limoges\/wp-content\/uploads\/sites\/2\/2020\/04\/sacrement-des-malades_theme_image.jpg 445w, https:\/\/www.diocese-limoges.fr\/grand-limoges\/wp-content\/uploads\/sites\/2\/2020\/04\/sacrement-des-malades_theme_image-300x228.jpg 300w\" sizes=\"auto, (max-width: 445px) 100vw, 445px\" \/><\/figure>\n\n\n\n<p>Vous \u00eates malade, \u00e2g\u00e9, isol\u00e9, vous vivez un handicap, vous \u00eates en\u00a0 souci pour une personne seule ou fatigu\u00e9e, les \u00e9preuves de sant\u00e9, de vieillesse, de handicap conduisent parfois \u00e0 un questionnement sur le sens de la\u00a0 vie.<\/p>\n<p>Le <strong>SEM <\/strong>propose un accompagnement humain et spirituel dans le respect de chacun.<\/p>\n\n\n\n<figure class=\"wp-block-image size-large\"><img loading=\"lazy\" decoding=\"async\" width=\"107\" height=\"120\" src=\"https:\/\/www.diocese-limoges.fr\/grand-limoges\/wp-content\/uploads\/sites\/2\/2020\/04\/mcr.jpg\" alt=\"\" class=\"wp-image-17310\"\/><\/figure>\n\n\n\n<p>Comment vivre pleinement sa retraite et \u00eatre missionnaire au quotidien ?<\/p>\n<hr \/>\n<p>Le Mouvement chr\u00e9tien des retrait\u00e9s, regroupe ceux et celles qui ont cess\u00e9 leur activit\u00e9 professionnelle et qui veulent \u00e9clairer leur foi et\u00a0\u00a0\u00a0\u00a0\u00a0\u00a0\u00a0\u00a0\u00a0 r\u00e9fl\u00e9chir ensemble sur leur \u00e9tat de vie.<\/p>\n<\/div>\n\n\n\n<div class=\"wp-block-column is-layout-flow wp-block-column-is-layout-flow\" style=\"flex-basis:66.66%\">\n<h3>SEM (Service \u00c9vang\u00e9lique des Malades)<\/h3>\n<p>P\u00e8re Fran\u00e7ois RENARD<br \/>Administrateur de la paroisse<\/p>\n<p><span style=\"text-decoration: underline;\"><strong>Correspondante pour L\u2019Ehpad de Panazol<\/strong><\/span><\/p>\n<p><strong>Bernadette Maigret :<\/strong>\u00a0<a href=\"mailto:maigretbernadette@gmail.com\">maigretbernadette@gmail.com<\/a><\/p>\n<p><strong><span style=\"text-decoration: underline;\">Correspondante pour L\u2019Ehpad du Mas Rome.<\/span> <\/strong><\/p>\n<p><strong>Bernadette Dessart :<\/strong> <strong>05 55 30 45 49<\/strong><\/p>\n<hr \/>\n<p>Tous les 2<sup>\u00e8me<\/sup> mercredi de chaque mois \u00e0 17h, messe \u00e0 la R\u00e9sidence du Parc (Ehpad), 2 rue Raoul Vergez, 87350 Panazol<\/p>\n<p>Tous les 1er jeudi de chaque mois \u00e0 15h30, messe \u00e0 L\u2019Ehpad du Mas Rome, 72 rue de Feytiat &#8211; 87000 Limoges<\/p>\n<hr \/>\n\n\n\n<h3>Le MCR (Mouvement chr\u00e9tien des retrait\u00e9s)<\/h3>\n<p><strong>Responsable sur la paroisse St Vincent de Paul<\/strong><\/p>\n<p><strong>Bernadette Maigret :\u00a0<\/strong><a href=\"mailto:maigretbernadette@gmail.com\">maigretbernadette@gmail.com<\/a><\/p>\n<p><strong><u>Groupe de Panazol<\/u><\/strong><\/p>\n<p>Les rencontres ont lieu le 1<sup>er<\/sup> lundi de chaque mois, salle St Pierre\u00a0\u00a0\u00a0\u00a0\u00a0\u00a0\u00a0\u00a0\u00a0\u00a0\u00a0\u00a0\u00a0\u00a0\u00a0\u00a0 derri\u00e8re l\u2019\u00e9glise<\/p>\n<p>Contact : Mme Suzanne Clavaud\u00a0 &#8211; 05 55 30 41 87<\/p>\n<p><strong><u>Groupe de Ste Anne<\/u><\/strong><\/p>\n<p>Les rencontres ont lieu le 2<sup>\u00e8me<\/sup> jeudi de chaque mois.<\/p>\n<p>Contact : Mme Pierrette Joyeux &#8211; 05 55 30 75 98<\/p>\n\n\n\n<hr \/>\n<\/div>\n<\/div>\n\n\n\n<div class=\"wp-block-columns is-layout-flex wp-container-core-columns-is-layout-28f84493 wp-block-columns-is-layout-flex\">\n<div class=\"wp-block-column is-layout-flow wp-block-column-is-layout-flow\" style=\"flex-basis:66.66%\">\n<h3>Le Rosaire<\/h3>\n<p><strong><em><u>\u00c9quipe de Ste Val\u00e9rie\u00a0 Panazol rencontres\u00a0: <\/u><\/em><\/strong>le 3<sup>\u00e8me<\/sup> jeudi de chaque mois.<\/p>\n<p>Nous nous r\u00e9unissons durant 1 h chaque mois pour lire ensemble et partager \u00e0 l&rsquo;aide d&rsquo;un petit livret un passage d&rsquo;\u00c9vangile, avec un commentaire, un partage et un temps de pri\u00e8re pour nos intentions et celles de l&rsquo;\u00e9glise.<\/p>\n<p>14 h30 \u00e0 la salle St Joseph \u00e0 c\u00f4t\u00e9 de l&rsquo;\u00e9glise Ste Val\u00e9rie, 14 rue Eug\u00e8ne Varlin<\/p>\n<p><span style=\"text-decoration: underline\"><strong><em>\u00a0<\/em><\/strong><strong>Correspondante:<\/strong><\/span><\/p>\n<p>\u00a0<strong>Mme Monique Bernard : <\/strong>05 55 30 67 26<\/p>\n<\/div>\n\n\n\n<div class=\"wp-block-column is-layout-flow wp-block-column-is-layout-flow\" style=\"flex-basis:33.33%\"><div class=\"wp-block-image\">\n<figure class=\"aligncenter size-large is-resized\"><img loading=\"lazy\" decoding=\"async\" width=\"300\" height=\"415\" src=\"https:\/\/www.diocese-limoges.fr\/grand-limoges\/wp-content\/uploads\/sites\/2\/2020\/04\/ob_61b51d_2017055948how-to-pray-the-rosary.jpg\" alt=\"\" class=\"wp-image-17314\" style=\"width:193px;height:267px\" srcset=\"https:\/\/www.diocese-limoges.fr\/grand-limoges\/wp-content\/uploads\/sites\/2\/2020\/04\/ob_61b51d_2017055948how-to-pray-the-rosary.jpg 300w, https:\/\/www.diocese-limoges.fr\/grand-limoges\/wp-content\/uploads\/sites\/2\/2020\/04\/ob_61b51d_2017055948how-to-pray-the-rosary-217x300.jpg 217w\" sizes=\"auto, (max-width: 300px) 100vw, 300px\" \/><\/figure><\/div>\n\n\n<p><u>L&rsquo;\u00e9quipe du rosaire de Ste Val\u00e9rie<\/u><\/p>\n<p>Cette \u00e9quipe rassemble une vingtaine de personnes voulant devenir disciples de J\u00e9sus aid\u00e9es par Marie. Nous nous engageons \u00e0 dire chaque jour une dizaine du chapelet du rosaire.<\/p>\n<p>Le th\u00e8me de cette ann\u00e9e\u00a0: <strong>\u00ab\u00a0Il est grand le myst\u00e8re de la foi\u00a0\u00bb.<\/strong><\/p>\n<\/div>\n<\/div>\n","protected":false},"author":16,"featured_media":0,"parent":70,"menu_order":125,"template":"","meta":{"_acf_changed":false},"class_list":["post-17307","paroisse","type-paroisse","status-publish","hentry"],"acf":[],"yoast_head":"<!-- This site is optimized with the Yoast SEO plugin v26.4 - https:\/\/yoast.com\/wordpress\/plugins\/seo\/ -->\n<title>Les diff\u00e9rents mouvements - Doyenn\u00e9s du Grand Limoges<\/title>\n<meta name=\"robots\" content=\"index, follow, max-snippet:-1, max-image-preview:large, max-video-preview:-1\" \/>\n<link rel=\"canonical\" href=\"https:\/\/www.diocese-limoges.fr\/grand-limoges\/paroisses\/paroisse-saint-vincent-de-paul\/les-differents-mouvements\/\" \/>\n<meta property=\"og:locale\" content=\"fr_FR\" \/>\n<meta property=\"og:type\" content=\"article\" \/>\n<meta property=\"og:title\" content=\"Les diff\u00e9rents mouvements - Doyenn\u00e9s du Grand Limoges\" \/>\n<meta property=\"og:description\" content=\"Vous \u00eates malade, \u00e2g\u00e9, isol\u00e9, vous vivez un handicap, vous \u00eates en\u00a0 souci pour une personne seule ou fatigu\u00e9e, les \u00e9preuves de sant\u00e9, de vieillesse, de handicap conduisent parfois \u00e0 un questionnement sur le sens de la\u00a0 vie. Le SEM propose un accompagnement humain et spirituel dans le respect de chacun. Comment vivre pleinement sa [&hellip;]\" \/>\n<meta property=\"og:url\" content=\"https:\/\/www.diocese-limoges.fr\/grand-limoges\/paroisses\/paroisse-saint-vincent-de-paul\/les-differents-mouvements\/\" \/>\n<meta property=\"og:site_name\" content=\"Doyenn\u00e9s du Grand Limoges\" \/>\n<meta property=\"article:modified_time\" content=\"2026-03-27T17:22:32+00:00\" \/>\n<meta property=\"og:image\" content=\"https:\/\/www.diocese-limoges.fr\/grand-limoges\/wp-content\/uploads\/sites\/2\/2020\/04\/sacrement-des-malades_theme_image.jpg\" \/>\n\t<meta property=\"og:image:width\" content=\"445\" \/>\n\t<meta property=\"og:image:height\" content=\"338\" \/>\n\t<meta property=\"og:image:type\" content=\"image\/jpeg\" \/>\n<meta name=\"twitter:card\" content=\"summary_large_image\" \/>\n<meta name=\"twitter:label1\" content=\"Dur\u00e9e de lecture estim\u00e9e\" \/>\n\t<meta name=\"twitter:data1\" content=\"3 minutes\" \/>\n<script type=\"application\/ld+json\" class=\"yoast-schema-graph\">{\"@context\":\"https:\/\/schema.org\",\"@graph\":[{\"@type\":\"WebPage\",\"@id\":\"https:\/\/www.diocese-limoges.fr\/grand-limoges\/paroisses\/paroisse-saint-vincent-de-paul\/les-differents-mouvements\/\",\"url\":\"https:\/\/www.diocese-limoges.fr\/grand-limoges\/paroisses\/paroisse-saint-vincent-de-paul\/les-differents-mouvements\/\",\"name\":\"Les diff\u00e9rents mouvements - Doyenn\u00e9s du Grand Limoges\",\"isPartOf\":{\"@id\":\"https:\/\/www.diocese-limoges.fr\/grand-limoges\/#website\"},\"primaryImageOfPage\":{\"@id\":\"https:\/\/www.diocese-limoges.fr\/grand-limoges\/paroisses\/paroisse-saint-vincent-de-paul\/les-differents-mouvements\/#primaryimage\"},\"image\":{\"@id\":\"https:\/\/www.diocese-limoges.fr\/grand-limoges\/paroisses\/paroisse-saint-vincent-de-paul\/les-differents-mouvements\/#primaryimage\"},\"thumbnailUrl\":\"https:\/\/www.diocese-limoges.fr\/grand-limoges\/wp-content\/uploads\/sites\/2\/2020\/04\/sacrement-des-malades_theme_image.jpg\",\"datePublished\":\"2020-04-22T16:31:24+00:00\",\"dateModified\":\"2026-03-27T17:22:32+00:00\",\"breadcrumb\":{\"@id\":\"https:\/\/www.diocese-limoges.fr\/grand-limoges\/paroisses\/paroisse-saint-vincent-de-paul\/les-differents-mouvements\/#breadcrumb\"},\"inLanguage\":\"fr-FR\",\"potentialAction\":[{\"@type\":\"ReadAction\",\"target\":[\"https:\/\/www.diocese-limoges.fr\/grand-limoges\/paroisses\/paroisse-saint-vincent-de-paul\/les-differents-mouvements\/\"]}]},{\"@type\":\"ImageObject\",\"inLanguage\":\"fr-FR\",\"@id\":\"https:\/\/www.diocese-limoges.fr\/grand-limoges\/paroisses\/paroisse-saint-vincent-de-paul\/les-differents-mouvements\/#primaryimage\",\"url\":\"https:\/\/www.diocese-limoges.fr\/grand-limoges\/wp-content\/uploads\/sites\/2\/2020\/04\/sacrement-des-malades_theme_image.jpg\",\"contentUrl\":\"https:\/\/www.diocese-limoges.fr\/grand-limoges\/wp-content\/uploads\/sites\/2\/2020\/04\/sacrement-des-malades_theme_image.jpg\",\"width\":445,\"height\":338},{\"@type\":\"BreadcrumbList\",\"@id\":\"https:\/\/www.diocese-limoges.fr\/grand-limoges\/paroisses\/paroisse-saint-vincent-de-paul\/les-differents-mouvements\/#breadcrumb\",\"itemListElement\":[{\"@type\":\"ListItem\",\"position\":1,\"name\":\"Accueil\",\"item\":\"https:\/\/www.diocese-limoges.fr\/grand-limoges\/\"},{\"@type\":\"ListItem\",\"position\":2,\"name\":\"Paroisse Saint-Vincent-de-Paul\",\"item\":\"https:\/\/www.diocese-limoges.fr\/grand-limoges\/paroisses\/paroisse-saint-vincent-de-paul\/\"},{\"@type\":\"ListItem\",\"position\":3,\"name\":\"Les diff\u00e9rents mouvements\"}]},{\"@type\":\"WebSite\",\"@id\":\"https:\/\/www.diocese-limoges.fr\/grand-limoges\/#website\",\"url\":\"https:\/\/www.diocese-limoges.fr\/grand-limoges\/\",\"name\":\"Doyenn\u00e9s du Grand Limoges\",\"description\":\"Dioc\u00e8se de Limoges\",\"potentialAction\":[{\"@type\":\"SearchAction\",\"target\":{\"@type\":\"EntryPoint\",\"urlTemplate\":\"https:\/\/www.diocese-limoges.fr\/grand-limoges\/?s={search_term_string}\"},\"query-input\":{\"@type\":\"PropertyValueSpecification\",\"valueRequired\":true,\"valueName\":\"search_term_string\"}}],\"inLanguage\":\"fr-FR\"}]}<\/script>\n<!-- \/ Yoast SEO plugin. -->","yoast_head_json":{"title":"Les diff\u00e9rents mouvements - Doyenn\u00e9s du Grand Limoges","robots":{"index":"index","follow":"follow","max-snippet":"max-snippet:-1","max-image-preview":"max-image-preview:large","max-video-preview":"max-video-preview:-1"},"canonical":"https:\/\/www.diocese-limoges.fr\/grand-limoges\/paroisses\/paroisse-saint-vincent-de-paul\/les-differents-mouvements\/","og_locale":"fr_FR","og_type":"article","og_title":"Les diff\u00e9rents mouvements - Doyenn\u00e9s du Grand Limoges","og_description":"Vous \u00eates malade, \u00e2g\u00e9, isol\u00e9, vous vivez un handicap, vous \u00eates en\u00a0 souci pour une personne seule ou fatigu\u00e9e, les \u00e9preuves de sant\u00e9, de vieillesse, de handicap conduisent parfois \u00e0 un questionnement sur le sens de la\u00a0 vie. Le SEM propose un accompagnement humain et spirituel dans le respect de chacun. Comment vivre pleinement sa [&hellip;]","og_url":"https:\/\/www.diocese-limoges.fr\/grand-limoges\/paroisses\/paroisse-saint-vincent-de-paul\/les-differents-mouvements\/","og_site_name":"Doyenn\u00e9s du Grand Limoges","article_modified_time":"2026-03-27T17:22:32+00:00","og_image":[{"width":445,"height":338,"url":"https:\/\/www.diocese-limoges.fr\/grand-limoges\/wp-content\/uploads\/sites\/2\/2020\/04\/sacrement-des-malades_theme_image.jpg","type":"image\/jpeg"}],"twitter_card":"summary_large_image","twitter_misc":{"Dur\u00e9e de lecture estim\u00e9e":"3 minutes"},"schema":{"@context":"https:\/\/schema.org","@graph":[{"@type":"WebPage","@id":"https:\/\/www.diocese-limoges.fr\/grand-limoges\/paroisses\/paroisse-saint-vincent-de-paul\/les-differents-mouvements\/","url":"https:\/\/www.diocese-limoges.fr\/grand-limoges\/paroisses\/paroisse-saint-vincent-de-paul\/les-differents-mouvements\/","name":"Les diff\u00e9rents mouvements - Doyenn\u00e9s du Grand Limoges","isPartOf":{"@id":"https:\/\/www.diocese-limoges.fr\/grand-limoges\/#website"},"primaryImageOfPage":{"@id":"https:\/\/www.diocese-limoges.fr\/grand-limoges\/paroisses\/paroisse-saint-vincent-de-paul\/les-differents-mouvements\/#primaryimage"},"image":{"@id":"https:\/\/www.diocese-limoges.fr\/grand-limoges\/paroisses\/paroisse-saint-vincent-de-paul\/les-differents-mouvements\/#primaryimage"},"thumbnailUrl":"https:\/\/www.diocese-limoges.fr\/grand-limoges\/wp-content\/uploads\/sites\/2\/2020\/04\/sacrement-des-malades_theme_image.jpg","datePublished":"2020-04-22T16:31:24+00:00","dateModified":"2026-03-27T17:22:32+00:00","breadcrumb":{"@id":"https:\/\/www.diocese-limoges.fr\/grand-limoges\/paroisses\/paroisse-saint-vincent-de-paul\/les-differents-mouvements\/#breadcrumb"},"inLanguage":"fr-FR","potentialAction":[{"@type":"ReadAction","target":["https:\/\/www.diocese-limoges.fr\/grand-limoges\/paroisses\/paroisse-saint-vincent-de-paul\/les-differents-mouvements\/"]}]},{"@type":"ImageObject","inLanguage":"fr-FR","@id":"https:\/\/www.diocese-limoges.fr\/grand-limoges\/paroisses\/paroisse-saint-vincent-de-paul\/les-differents-mouvements\/#primaryimage","url":"https:\/\/www.diocese-limoges.fr\/grand-limoges\/wp-content\/uploads\/sites\/2\/2020\/04\/sacrement-des-malades_theme_image.jpg","contentUrl":"https:\/\/www.diocese-limoges.fr\/grand-limoges\/wp-content\/uploads\/sites\/2\/2020\/04\/sacrement-des-malades_theme_image.jpg","width":445,"height":338},{"@type":"BreadcrumbList","@id":"https:\/\/www.diocese-limoges.fr\/grand-limoges\/paroisses\/paroisse-saint-vincent-de-paul\/les-differents-mouvements\/#breadcrumb","itemListElement":[{"@type":"ListItem","position":1,"name":"Accueil","item":"https:\/\/www.diocese-limoges.fr\/grand-limoges\/"},{"@type":"ListItem","position":2,"name":"Paroisse Saint-Vincent-de-Paul","item":"https:\/\/www.diocese-limoges.fr\/grand-limoges\/paroisses\/paroisse-saint-vincent-de-paul\/"},{"@type":"ListItem","position":3,"name":"Les diff\u00e9rents mouvements"}]},{"@type":"WebSite","@id":"https:\/\/www.diocese-limoges.fr\/grand-limoges\/#website","url":"https:\/\/www.diocese-limoges.fr\/grand-limoges\/","name":"Doyenn\u00e9s du Grand Limoges","description":"Dioc\u00e8se de Limoges","potentialAction":[{"@type":"SearchAction","target":{"@type":"EntryPoint","urlTemplate":"https:\/\/www.diocese-limoges.fr\/grand-limoges\/?s={search_term_string}"},"query-input":{"@type":"PropertyValueSpecification","valueRequired":true,"valueName":"search_term_string"}}],"inLanguage":"fr-FR"}]}},"_links":{"self":[{"href":"https:\/\/www.diocese-limoges.fr\/grand-limoges\/wp-json\/wp\/v2\/paroisse\/17307","targetHints":{"allow":["GET"]}}],"collection":[{"href":"https:\/\/www.diocese-limoges.fr\/grand-limoges\/wp-json\/wp\/v2\/paroisse"}],"about":[{"href":"https:\/\/www.diocese-limoges.fr\/grand-limoges\/wp-json\/wp\/v2\/types\/paroisse"}],"author":[{"embeddable":true,"href":"https:\/\/www.diocese-limoges.fr\/grand-limoges\/wp-json\/wp\/v2\/users\/16"}],"up":[{"embeddable":true,"href":"https:\/\/www.diocese-limoges.fr\/grand-limoges\/wp-json\/wp\/v2\/paroisse\/70"}],"wp:attachment":[{"href":"https:\/\/www.diocese-limoges.fr\/grand-limoges\/wp-json\/wp\/v2\/media?parent=17307"}],"curies":[{"name":"wp","href":"https:\/\/api.w.org\/{rel}","templated":true}]}}