{"id":17325,"date":"2020-06-18T11:45:00","date_gmt":"2020-06-18T09:45:00","guid":{"rendered":"https:\/\/www.diocese-limoges.fr\/grand-limoges\/?post_type=paroisse&#038;p=17325"},"modified":"2026-04-29T09:12:44","modified_gmt":"2026-04-29T07:12:44","slug":"actualite","status":"publish","type":"paroisse","link":"https:\/\/www.diocese-limoges.fr\/grand-limoges\/paroisses\/paroisse-saint-benoit\/actualite\/","title":{"rendered":"Actualit\u00e9"},"content":{"rendered":"\n<p class=\"has-vivid-red-color has-text-color\" style=\"font-size:25px\"><strong>A voir dans le Sillon (n\u00b0893- Mai 2026) <\/strong><\/p>\n\n\n\n<figure class=\"wp-block-image is-resized\"><a href=\"https:\/\/campaigns.milibris.com\/s\/tfVKSOVBVDbM\" target=\"_blank\" rel=\"noreferrer noopener\"><img decoding=\"async\" src=\"https:\/\/espace-abonne.journallesillon.info\/storage\/publication\/9e58494d4435d3eb37f2ee68f03cf731.jpg\" alt=\"\" style=\"width:294px;height:auto\" \/><\/a><\/figure>\n\n\n\n<p><strong>Editorial <\/strong>: Adresse aux lecteurs par Marie-Flore de Rousiers &#8211; R\u00e9dactrice en chef (Page 3)<br><strong>Agenda dioc\u00e9sain <\/strong>(Pages 2 et 3)<br><strong>Nominations<\/strong> (Page 4)<br><strong>Lettre aux dioc\u00e9sains de Monseigneur Aubert <\/strong>(Page 5)<strong><br>Dossier du mois:<\/strong> Monseigneur Beno\u00eet Aubert (Pages 9 \u00e0 11)<br><strong>Vie de l&rsquo;\u00e9glise et du dioc\u00e8se<\/strong> (pages 4 \u00e0 8)<br><strong>Forums et actualit\u00e9s<\/strong> (pages 12 \u00e0 15)<br><strong>Vie des paroisses<\/strong> (Pages 18 \u00e0 77) &#8211; <strong>Paroisse Saint-Beno\u00eet: pages 46<\/strong> &#8211;<strong> 47<\/strong>)<br><strong>Chroniques:<\/strong> Regard sur l&rsquo;Histoire, Lecture, Art &#8230; (pages 79 \u00e0 83)<\/p>\n\n\n\n<p class=\"has-vivid-red-color has-text-color has-medium-font-size\"><strong>Abonnement possible sur le site du sillon :<\/strong> <a href=\"http:\/\/www.journallesillon.info\/\">http:\/\/www.journallesillon.info\/<\/a> ou <a href=\"https:\/\/www.facebook.com\/journalLe Sillon\/\">https:\/\/www.facebook.com\/journalLe Sillon\/<\/a><\/p>\n\n\n\n<figure class=\"wp-block-image size-full is-resized\"><img loading=\"lazy\" decoding=\"async\" width=\"501\" height=\"704\" src=\"https:\/\/www.diocese-limoges.fr\/grand-limoges\/wp-content\/uploads\/sites\/2\/2020\/06\/image-5.png\" alt=\"\" class=\"wp-image-25010\" style=\"width:534px;height:auto\" srcset=\"https:\/\/www.diocese-limoges.fr\/grand-limoges\/wp-content\/uploads\/sites\/2\/2020\/06\/image-5.png 501w, https:\/\/www.diocese-limoges.fr\/grand-limoges\/wp-content\/uploads\/sites\/2\/2020\/06\/image-5-213x300.png 213w\" sizes=\"auto, (max-width: 501px) 100vw, 501px\" \/><\/figure>\n\n\n\n<p class=\"has-vivid-purple-color has-text-color has-link-color wp-elements-2adb518b1a2e741e31705ecf131a4f47\" style=\"font-size:22px\"><strong>B\u00e9n\u00e9diction du Calvaire de la Chalussie (Boisseuil)<\/strong> &#8211; 16 novembre 2025<\/p>\n\n\n\n<figure class=\"wp-block-image size-large is-resized\"><img loading=\"lazy\" decoding=\"async\" width=\"1024\" height=\"576\" src=\"https:\/\/www.diocese-limoges.fr\/grand-limoges\/wp-content\/uploads\/sites\/2\/2020\/06\/calvaire-1024x576.jpg\" alt=\"\" class=\"wp-image-24673\" style=\"width:323px;height:auto\" srcset=\"https:\/\/www.diocese-limoges.fr\/grand-limoges\/wp-content\/uploads\/sites\/2\/2020\/06\/calvaire-1024x576.jpg 1024w, https:\/\/www.diocese-limoges.fr\/grand-limoges\/wp-content\/uploads\/sites\/2\/2020\/06\/calvaire-300x169.jpg 300w, https:\/\/www.diocese-limoges.fr\/grand-limoges\/wp-content\/uploads\/sites\/2\/2020\/06\/calvaire-768x432.jpg 768w, https:\/\/www.diocese-limoges.fr\/grand-limoges\/wp-content\/uploads\/sites\/2\/2020\/06\/calvaire.jpg 1280w\" sizes=\"auto, (max-width: 1024px) 100vw, 1024px\" \/><\/figure>\n\n\n\n<figure class=\"wp-block-image size-large is-resized\"><img loading=\"lazy\" decoding=\"async\" width=\"1024\" height=\"576\" src=\"https:\/\/www.diocese-limoges.fr\/grand-limoges\/wp-content\/uploads\/sites\/2\/2020\/06\/calvaire2-1024x576.jpg\" alt=\"\" class=\"wp-image-24674\" style=\"width:270px;height:auto\" srcset=\"https:\/\/www.diocese-limoges.fr\/grand-limoges\/wp-content\/uploads\/sites\/2\/2020\/06\/calvaire2-1024x576.jpg 1024w, https:\/\/www.diocese-limoges.fr\/grand-limoges\/wp-content\/uploads\/sites\/2\/2020\/06\/calvaire2-300x169.jpg 300w, https:\/\/www.diocese-limoges.fr\/grand-limoges\/wp-content\/uploads\/sites\/2\/2020\/06\/calvaire2-768x432.jpg 768w, https:\/\/www.diocese-limoges.fr\/grand-limoges\/wp-content\/uploads\/sites\/2\/2020\/06\/calvaire2.jpg 1280w\" sizes=\"auto, (max-width: 1024px) 100vw, 1024px\" \/><\/figure>\n\n\n\n<p class=\"has-vivid-purple-color has-text-color has-link-color wp-elements-e7dde511081704b89144fd5ad248c3ba\" style=\"font-size:22px\"><strong>B\u00e9n\u00e9diction de la seconde cloche de l&rsquo;\u00e9glise du Vigen<\/strong><\/p>\n\n\n\n<figure class=\"wp-block-image size-large is-resized\"><img loading=\"lazy\" decoding=\"async\" width=\"1024\" height=\"576\" src=\"https:\/\/www.diocese-limoges.fr\/grand-limoges\/wp-content\/uploads\/sites\/2\/2020\/06\/cloche-josephine-1024x576.jpg\" alt=\"\" class=\"wp-image-24671\" style=\"width:397px;height:auto\" srcset=\"https:\/\/www.diocese-limoges.fr\/grand-limoges\/wp-content\/uploads\/sites\/2\/2020\/06\/cloche-josephine-1024x576.jpg 1024w, https:\/\/www.diocese-limoges.fr\/grand-limoges\/wp-content\/uploads\/sites\/2\/2020\/06\/cloche-josephine-300x169.jpg 300w, https:\/\/www.diocese-limoges.fr\/grand-limoges\/wp-content\/uploads\/sites\/2\/2020\/06\/cloche-josephine-768x432.jpg 768w, https:\/\/www.diocese-limoges.fr\/grand-limoges\/wp-content\/uploads\/sites\/2\/2020\/06\/cloche-josephine.jpg 1280w\" sizes=\"auto, (max-width: 1024px) 100vw, 1024px\" \/><\/figure>\n\n\n\n<p>Le 8 novembre 2025, \u00ab\u00a0Jos\u00e9phine\u00a0\u00bb, embellie par sa r\u00e9novation a re\u00e7u la b\u00e9n\u00e9diction du p\u00e8re Emmanuel Dangin, en pr\u00e9sence de monsieur le maire du Vigen , Monsieur Jean-Luc Bonnet, ainsi que d&rsquo;une vingtaine de fid\u00e8les.<br>Aujourd&rsquo;hui, \u00ab\u00a0Jos\u00e9phine\u00a0\u00bb a retrouv\u00e9 sa place aux c\u00f4t\u00e9s de sa petite s\u0153ur \u00ab\u00a0Olympe\u00a0\u00bb, r\u00e9nov\u00e9e en 2024, dans le beffroi de l&rsquo;\u00e9glise Saint-Mathurin.<\/p>\n\n\n\n<p class=\"has-text-color has-link-color has-medium-font-size wp-elements-1b3bdc7bd5197a2797dcc74e94821b75\" style=\"color:#2b12e1\"><strong>Repas \u00ab\u00a0Famissio\u00a0\u00bb du 04 janvier 2026<\/strong><\/p>\n\n\n\n<p><\/p>\n\n\n\n<div class=\"wp-block-group\"><div class=\"wp-block-group__inner-container is-layout-constrained wp-block-group-is-layout-constrained\">\n<div class=\"wp-block-group\"><div class=\"wp-block-group__inner-container is-layout-constrained wp-block-group-is-layout-constrained\">\n<figure class=\"wp-block-gallery has-nested-images columns-default is-cropped wp-block-gallery-1 is-layout-flex wp-block-gallery-is-layout-flex\">\n<figure class=\"wp-block-image size-large\"><img loading=\"lazy\" decoding=\"async\" width=\"1024\" height=\"768\" data-id=\"24766\" src=\"https:\/\/www.diocese-limoges.fr\/grand-limoges\/wp-content\/uploads\/sites\/2\/2020\/06\/img_20260106_164925-1024x768.jpg\" alt=\"\" class=\"wp-image-24766\" srcset=\"https:\/\/www.diocese-limoges.fr\/grand-limoges\/wp-content\/uploads\/sites\/2\/2020\/06\/img_20260106_164925-1024x768.jpg 1024w, https:\/\/www.diocese-limoges.fr\/grand-limoges\/wp-content\/uploads\/sites\/2\/2020\/06\/img_20260106_164925-300x225.jpg 300w, https:\/\/www.diocese-limoges.fr\/grand-limoges\/wp-content\/uploads\/sites\/2\/2020\/06\/img_20260106_164925-768x576.jpg 768w, https:\/\/www.diocese-limoges.fr\/grand-limoges\/wp-content\/uploads\/sites\/2\/2020\/06\/img_20260106_164925-1536x1152.jpg 1536w, https:\/\/www.diocese-limoges.fr\/grand-limoges\/wp-content\/uploads\/sites\/2\/2020\/06\/img_20260106_164925-2048x1536.jpg 2048w\" sizes=\"auto, (max-width: 1024px) 100vw, 1024px\" \/><\/figure>\n\n\n\n<figure class=\"wp-block-image size-large\"><img loading=\"lazy\" decoding=\"async\" width=\"1024\" height=\"768\" data-id=\"24767\" src=\"https:\/\/www.diocese-limoges.fr\/grand-limoges\/wp-content\/uploads\/sites\/2\/2020\/06\/img_20260104_114933-1024x768.jpg\" alt=\"\" class=\"wp-image-24767\" srcset=\"https:\/\/www.diocese-limoges.fr\/grand-limoges\/wp-content\/uploads\/sites\/2\/2020\/06\/img_20260104_114933-1024x768.jpg 1024w, https:\/\/www.diocese-limoges.fr\/grand-limoges\/wp-content\/uploads\/sites\/2\/2020\/06\/img_20260104_114933-300x225.jpg 300w, https:\/\/www.diocese-limoges.fr\/grand-limoges\/wp-content\/uploads\/sites\/2\/2020\/06\/img_20260104_114933-768x576.jpg 768w, https:\/\/www.diocese-limoges.fr\/grand-limoges\/wp-content\/uploads\/sites\/2\/2020\/06\/img_20260104_114933-1536x1152.jpg 1536w, https:\/\/www.diocese-limoges.fr\/grand-limoges\/wp-content\/uploads\/sites\/2\/2020\/06\/img_20260104_114933-2048x1536.jpg 2048w\" sizes=\"auto, (max-width: 1024px) 100vw, 1024px\" \/><\/figure>\n<\/figure>\n<\/div><\/div>\n<\/div><\/div>\n\n\n\n<figure class=\"wp-block-gallery has-nested-images columns-default is-cropped wp-block-gallery-2 is-layout-flex wp-block-gallery-is-layout-flex\">\n<figure class=\"wp-block-image size-large\"><img loading=\"lazy\" decoding=\"async\" width=\"878\" height=\"1024\" data-id=\"24768\" src=\"https:\/\/www.diocese-limoges.fr\/grand-limoges\/wp-content\/uploads\/sites\/2\/2020\/06\/img_20260104_114637-878x1024.jpg\" alt=\"\" class=\"wp-image-24768\" srcset=\"https:\/\/www.diocese-limoges.fr\/grand-limoges\/wp-content\/uploads\/sites\/2\/2020\/06\/img_20260104_114637-878x1024.jpg 878w, https:\/\/www.diocese-limoges.fr\/grand-limoges\/wp-content\/uploads\/sites\/2\/2020\/06\/img_20260104_114637-257x300.jpg 257w, https:\/\/www.diocese-limoges.fr\/grand-limoges\/wp-content\/uploads\/sites\/2\/2020\/06\/img_20260104_114637-768x896.jpg 768w, https:\/\/www.diocese-limoges.fr\/grand-limoges\/wp-content\/uploads\/sites\/2\/2020\/06\/img_20260104_114637-1317x1536.jpg 1317w, https:\/\/www.diocese-limoges.fr\/grand-limoges\/wp-content\/uploads\/sites\/2\/2020\/06\/img_20260104_114637-1755x2048.jpg 1755w\" sizes=\"auto, (max-width: 878px) 100vw, 878px\" \/><\/figure>\n\n\n\n<figure class=\"wp-block-image size-large\"><img loading=\"lazy\" decoding=\"async\" width=\"1024\" height=\"768\" data-id=\"24777\" src=\"https:\/\/www.diocese-limoges.fr\/grand-limoges\/wp-content\/uploads\/sites\/2\/2020\/06\/1000004591-1024x768.jpg\" alt=\"\" class=\"wp-image-24777\" srcset=\"https:\/\/www.diocese-limoges.fr\/grand-limoges\/wp-content\/uploads\/sites\/2\/2020\/06\/1000004591-1024x768.jpg 1024w, https:\/\/www.diocese-limoges.fr\/grand-limoges\/wp-content\/uploads\/sites\/2\/2020\/06\/1000004591-300x225.jpg 300w, https:\/\/www.diocese-limoges.fr\/grand-limoges\/wp-content\/uploads\/sites\/2\/2020\/06\/1000004591-768x576.jpg 768w, https:\/\/www.diocese-limoges.fr\/grand-limoges\/wp-content\/uploads\/sites\/2\/2020\/06\/1000004591-1536x1152.jpg 1536w, https:\/\/www.diocese-limoges.fr\/grand-limoges\/wp-content\/uploads\/sites\/2\/2020\/06\/1000004591-2048x1536.jpg 2048w\" sizes=\"auto, (max-width: 1024px) 100vw, 1024px\" \/><\/figure>\n\n\n\n<figure class=\"wp-block-image size-large\"><img loading=\"lazy\" decoding=\"async\" width=\"768\" height=\"1024\" data-id=\"24769\" src=\"https:\/\/www.diocese-limoges.fr\/grand-limoges\/wp-content\/uploads\/sites\/2\/2020\/06\/img_20260104_112955-768x1024.jpg\" alt=\"\" class=\"wp-image-24769\" srcset=\"https:\/\/www.diocese-limoges.fr\/grand-limoges\/wp-content\/uploads\/sites\/2\/2020\/06\/img_20260104_112955-768x1024.jpg 768w, https:\/\/www.diocese-limoges.fr\/grand-limoges\/wp-content\/uploads\/sites\/2\/2020\/06\/img_20260104_112955-225x300.jpg 225w, https:\/\/www.diocese-limoges.fr\/grand-limoges\/wp-content\/uploads\/sites\/2\/2020\/06\/img_20260104_112955-1152x1536.jpg 1152w, https:\/\/www.diocese-limoges.fr\/grand-limoges\/wp-content\/uploads\/sites\/2\/2020\/06\/img_20260104_112955-1536x2048.jpg 1536w, https:\/\/www.diocese-limoges.fr\/grand-limoges\/wp-content\/uploads\/sites\/2\/2020\/06\/img_20260104_112955-scaled.jpg 1920w\" sizes=\"auto, (max-width: 768px) 100vw, 768px\" \/><\/figure>\n<\/figure>\n\n\n\n<p class=\"has-vivid-purple-color has-text-color has-link-color wp-elements-42624173b8a05d61db086530ecb59757\" style=\"font-size:21px\"><strong>Cr\u00e8che Solignac 2025<\/strong><\/p>\n\n\n\n<figure class=\"wp-block-gallery has-nested-images columns-default is-cropped wp-block-gallery-3 is-layout-flex wp-block-gallery-is-layout-flex\">\n<figure class=\"wp-block-image size-large\"><img loading=\"lazy\" decoding=\"async\" width=\"1024\" height=\"683\" data-id=\"24772\" src=\"https:\/\/www.diocese-limoges.fr\/grand-limoges\/wp-content\/uploads\/sites\/2\/2020\/06\/dsc_2253-1024x683.jpg\" alt=\"\" class=\"wp-image-24772\" srcset=\"https:\/\/www.diocese-limoges.fr\/grand-limoges\/wp-content\/uploads\/sites\/2\/2020\/06\/dsc_2253-1024x683.jpg 1024w, https:\/\/www.diocese-limoges.fr\/grand-limoges\/wp-content\/uploads\/sites\/2\/2020\/06\/dsc_2253-300x200.jpg 300w, https:\/\/www.diocese-limoges.fr\/grand-limoges\/wp-content\/uploads\/sites\/2\/2020\/06\/dsc_2253-768x512.jpg 768w, https:\/\/www.diocese-limoges.fr\/grand-limoges\/wp-content\/uploads\/sites\/2\/2020\/06\/dsc_2253-1536x1024.jpg 1536w, https:\/\/www.diocese-limoges.fr\/grand-limoges\/wp-content\/uploads\/sites\/2\/2020\/06\/dsc_2253-2048x1365.jpg 2048w\" sizes=\"auto, (max-width: 1024px) 100vw, 1024px\" \/><\/figure>\n\n\n\n<figure class=\"wp-block-image size-large\"><img loading=\"lazy\" decoding=\"async\" width=\"1024\" height=\"761\" data-id=\"24775\" src=\"https:\/\/www.diocese-limoges.fr\/grand-limoges\/wp-content\/uploads\/sites\/2\/2020\/06\/dsc_2254ia-1-1024x761.jpg\" alt=\"\" class=\"wp-image-24775\" srcset=\"https:\/\/www.diocese-limoges.fr\/grand-limoges\/wp-content\/uploads\/sites\/2\/2020\/06\/dsc_2254ia-1-1024x761.jpg 1024w, https:\/\/www.diocese-limoges.fr\/grand-limoges\/wp-content\/uploads\/sites\/2\/2020\/06\/dsc_2254ia-1-300x223.jpg 300w, https:\/\/www.diocese-limoges.fr\/grand-limoges\/wp-content\/uploads\/sites\/2\/2020\/06\/dsc_2254ia-1-768x571.jpg 768w, https:\/\/www.diocese-limoges.fr\/grand-limoges\/wp-content\/uploads\/sites\/2\/2020\/06\/dsc_2254ia-1-1536x1142.jpg 1536w, https:\/\/www.diocese-limoges.fr\/grand-limoges\/wp-content\/uploads\/sites\/2\/2020\/06\/dsc_2254ia-1-2048x1522.jpg 2048w\" sizes=\"auto, (max-width: 1024px) 100vw, 1024px\" \/><\/figure>\n\n\n\n<figure class=\"wp-block-image size-large\"><img loading=\"lazy\" decoding=\"async\" width=\"1024\" height=\"481\" data-id=\"24771\" src=\"https:\/\/www.diocese-limoges.fr\/grand-limoges\/wp-content\/uploads\/sites\/2\/2020\/06\/dsc_2264-1024x481.jpg\" alt=\"\" class=\"wp-image-24771\" srcset=\"https:\/\/www.diocese-limoges.fr\/grand-limoges\/wp-content\/uploads\/sites\/2\/2020\/06\/dsc_2264-1024x481.jpg 1024w, https:\/\/www.diocese-limoges.fr\/grand-limoges\/wp-content\/uploads\/sites\/2\/2020\/06\/dsc_2264-300x141.jpg 300w, https:\/\/www.diocese-limoges.fr\/grand-limoges\/wp-content\/uploads\/sites\/2\/2020\/06\/dsc_2264-768x361.jpg 768w, https:\/\/www.diocese-limoges.fr\/grand-limoges\/wp-content\/uploads\/sites\/2\/2020\/06\/dsc_2264-1536x721.jpg 1536w, https:\/\/www.diocese-limoges.fr\/grand-limoges\/wp-content\/uploads\/sites\/2\/2020\/06\/dsc_2264-2048x962.jpg 2048w\" sizes=\"auto, (max-width: 1024px) 100vw, 1024px\" \/><\/figure>\n\n\n\n<figure class=\"wp-block-image size-large\"><img loading=\"lazy\" decoding=\"async\" width=\"1024\" height=\"768\" data-id=\"24770\" src=\"https:\/\/www.diocese-limoges.fr\/grand-limoges\/wp-content\/uploads\/sites\/2\/2020\/06\/img_20260107_110815-1024x768.jpg\" alt=\"\" class=\"wp-image-24770\" srcset=\"https:\/\/www.diocese-limoges.fr\/grand-limoges\/wp-content\/uploads\/sites\/2\/2020\/06\/img_20260107_110815-1024x768.jpg 1024w, https:\/\/www.diocese-limoges.fr\/grand-limoges\/wp-content\/uploads\/sites\/2\/2020\/06\/img_20260107_110815-300x225.jpg 300w, https:\/\/www.diocese-limoges.fr\/grand-limoges\/wp-content\/uploads\/sites\/2\/2020\/06\/img_20260107_110815-768x576.jpg 768w, https:\/\/www.diocese-limoges.fr\/grand-limoges\/wp-content\/uploads\/sites\/2\/2020\/06\/img_20260107_110815-1536x1152.jpg 1536w, https:\/\/www.diocese-limoges.fr\/grand-limoges\/wp-content\/uploads\/sites\/2\/2020\/06\/img_20260107_110815-2048x1536.jpg 2048w\" sizes=\"auto, (max-width: 1024px) 100vw, 1024px\" \/><\/figure>\n<\/figure>\n\n\n\n<figure class=\"wp-block-image size-large is-resized\"><img loading=\"lazy\" decoding=\"async\" width=\"1024\" height=\"766\" src=\"https:\/\/www.diocese-limoges.fr\/grand-limoges\/wp-content\/uploads\/sites\/2\/2020\/06\/dsc_2251-1024x766.jpg\" alt=\"\" class=\"wp-image-24774\" style=\"width:440px;height:auto\" srcset=\"https:\/\/www.diocese-limoges.fr\/grand-limoges\/wp-content\/uploads\/sites\/2\/2020\/06\/dsc_2251-1024x766.jpg 1024w, https:\/\/www.diocese-limoges.fr\/grand-limoges\/wp-content\/uploads\/sites\/2\/2020\/06\/dsc_2251-300x224.jpg 300w, https:\/\/www.diocese-limoges.fr\/grand-limoges\/wp-content\/uploads\/sites\/2\/2020\/06\/dsc_2251-768x574.jpg 768w, https:\/\/www.diocese-limoges.fr\/grand-limoges\/wp-content\/uploads\/sites\/2\/2020\/06\/dsc_2251-1536x1148.jpg 1536w, https:\/\/www.diocese-limoges.fr\/grand-limoges\/wp-content\/uploads\/sites\/2\/2020\/06\/dsc_2251-2048x1531.jpg 2048w\" sizes=\"auto, (max-width: 1024px) 100vw, 1024px\" \/><\/figure>\n\n\n\n<p class=\"has-text-color has-medium-font-size\" style=\"color:#7914d7\"><strong>Rappel vid\u00e9os et galerie<\/strong><\/p>\n\n\n\n<p><strong>4. R\u00e9novation des cloches de l&rsquo;\u00e9glise St Mathurin (Le Vigen)<br><\/strong><a href=\"https:\/\/youtu.be\/5XvxRYwBgM4\">https:\/\/youtu.be\/5XvxRYwBgM4<\/a><\/p>\n\n\n\n<p><\/p>\n\n\n\n<p><strong>3. St Roch &#8211; 18\/08\/2023<\/strong><\/p>\n\n\n\n<figure class=\"wp-block-image size-large is-resized\"><img loading=\"lazy\" decoding=\"async\" width=\"1024\" height=\"576\" src=\"https:\/\/www.diocese-limoges.fr\/grand-limoges\/wp-content\/uploads\/sites\/2\/2023\/09\/diapositive3-2-1024x576.jpg\" alt=\"\" class=\"wp-image-22038\" style=\"aspect-ratio:1.7777777777777777;width:280px;height:auto\" srcset=\"https:\/\/www.diocese-limoges.fr\/grand-limoges\/wp-content\/uploads\/sites\/2\/2023\/09\/diapositive3-2-1024x576.jpg 1024w, https:\/\/www.diocese-limoges.fr\/grand-limoges\/wp-content\/uploads\/sites\/2\/2023\/09\/diapositive3-2-300x169.jpg 300w, https:\/\/www.diocese-limoges.fr\/grand-limoges\/wp-content\/uploads\/sites\/2\/2023\/09\/diapositive3-2-768x432.jpg 768w, https:\/\/www.diocese-limoges.fr\/grand-limoges\/wp-content\/uploads\/sites\/2\/2023\/09\/diapositive3-2.jpg 1280w\" sizes=\"auto, (max-width: 1024px) 100vw, 1024px\" \/><\/figure>\n\n\n\n<p class=\"has-black-color has-text-color\" style=\"font-size:15px\"><strong>F\u00eate c\u00e9l\u00e9br\u00e9e le 19 ao\u00fbt \u00e0 Jourgnac, marqu\u00e9e par la derni\u00e8re c\u00e9l\u00e9bration du P\u00e8re Hubert de Passemar au sein de notre paroisse, suivie du verre de l&rsquo;amiti\u00e9<\/strong>.<\/p>\n\n\n\n<figure class=\"wp-block-image size-large is-resized is-style-rounded\"><img loading=\"lazy\" decoding=\"async\" width=\"1024\" height=\"576\" src=\"https:\/\/www.diocese-limoges.fr\/grand-limoges\/wp-content\/uploads\/sites\/2\/2023\/09\/diapositive4-1-1024x576.jpg\" alt=\"\" class=\"wp-image-22037\" style=\"aspect-ratio:1.7777777777777777;width:281px;height:auto\" srcset=\"https:\/\/www.diocese-limoges.fr\/grand-limoges\/wp-content\/uploads\/sites\/2\/2023\/09\/diapositive4-1-1024x576.jpg 1024w, https:\/\/www.diocese-limoges.fr\/grand-limoges\/wp-content\/uploads\/sites\/2\/2023\/09\/diapositive4-1-300x169.jpg 300w, https:\/\/www.diocese-limoges.fr\/grand-limoges\/wp-content\/uploads\/sites\/2\/2023\/09\/diapositive4-1-768x432.jpg 768w, https:\/\/www.diocese-limoges.fr\/grand-limoges\/wp-content\/uploads\/sites\/2\/2023\/09\/diapositive4-1.jpg 1280w\" sizes=\"auto, (max-width: 1024px) 100vw, 1024px\" \/><\/figure>\n\n\n\n<p><\/p>\n","protected":false},"author":23,"featured_media":21367,"parent":58,"menu_order":116,"template":"","meta":{"_acf_changed":false},"class_list":["post-17325","paroisse","type-paroisse","status-publish","has-post-thumbnail","hentry"],"acf":[],"yoast_head":"<!-- This site is optimized with the Yoast SEO plugin v26.4 - https:\/\/yoast.com\/wordpress\/plugins\/seo\/ -->\n<title>Actualit\u00e9 - Doyenn\u00e9s du Grand Limoges<\/title>\n<meta name=\"robots\" content=\"index, follow, max-snippet:-1, max-image-preview:large, max-video-preview:-1\" \/>\n<link rel=\"canonical\" href=\"https:\/\/www.diocese-limoges.fr\/grand-limoges\/paroisses\/paroisse-saint-benoit\/actualite\/\" \/>\n<meta property=\"og:locale\" content=\"fr_FR\" \/>\n<meta property=\"og:type\" content=\"article\" \/>\n<meta property=\"og:title\" content=\"Actualit\u00e9 - Doyenn\u00e9s du Grand Limoges\" \/>\n<meta property=\"og:description\" content=\"A voir dans le Sillon (n\u00b0893- Mai 2026) Editorial : Adresse aux lecteurs par Marie-Flore de Rousiers &#8211; R\u00e9dactrice en chef (Page 3)Agenda dioc\u00e9sain (Pages 2 et 3)Nominations (Page 4)Lettre aux dioc\u00e9sains de Monseigneur Aubert (Page 5)Dossier du mois: Monseigneur Beno\u00eet Aubert (Pages 9 \u00e0 11)Vie de l&rsquo;\u00e9glise et du dioc\u00e8se (pages 4 \u00e0 8)Forums [&hellip;]\" \/>\n<meta property=\"og:url\" content=\"https:\/\/www.diocese-limoges.fr\/grand-limoges\/paroisses\/paroisse-saint-benoit\/actualite\/\" \/>\n<meta property=\"og:site_name\" content=\"Doyenn\u00e9s du Grand Limoges\" \/>\n<meta property=\"article:modified_time\" content=\"2026-04-29T07:12:44+00:00\" \/>\n<meta property=\"og:image\" content=\"https:\/\/www.diocese-limoges.fr\/grand-limoges\/wp-content\/uploads\/sites\/2\/2023\/01\/actu5-4.jpg\" \/>\n\t<meta property=\"og:image:width\" content=\"1280\" \/>\n\t<meta property=\"og:image:height\" content=\"720\" \/>\n\t<meta property=\"og:image:type\" content=\"image\/jpeg\" \/>\n<meta name=\"twitter:card\" content=\"summary_large_image\" \/>\n<meta name=\"twitter:label1\" content=\"Dur\u00e9e de lecture estim\u00e9e\" \/>\n\t<meta name=\"twitter:data1\" content=\"5 minutes\" \/>\n<script type=\"application\/ld+json\" class=\"yoast-schema-graph\">{\"@context\":\"https:\/\/schema.org\",\"@graph\":[{\"@type\":\"WebPage\",\"@id\":\"https:\/\/www.diocese-limoges.fr\/grand-limoges\/paroisses\/paroisse-saint-benoit\/actualite\/\",\"url\":\"https:\/\/www.diocese-limoges.fr\/grand-limoges\/paroisses\/paroisse-saint-benoit\/actualite\/\",\"name\":\"Actualit\u00e9 - Doyenn\u00e9s du Grand Limoges\",\"isPartOf\":{\"@id\":\"https:\/\/www.diocese-limoges.fr\/grand-limoges\/#website\"},\"primaryImageOfPage\":{\"@id\":\"https:\/\/www.diocese-limoges.fr\/grand-limoges\/paroisses\/paroisse-saint-benoit\/actualite\/#primaryimage\"},\"image\":{\"@id\":\"https:\/\/www.diocese-limoges.fr\/grand-limoges\/paroisses\/paroisse-saint-benoit\/actualite\/#primaryimage\"},\"thumbnailUrl\":\"https:\/\/www.diocese-limoges.fr\/grand-limoges\/wp-content\/uploads\/sites\/2\/2023\/01\/actu5-4.jpg\",\"datePublished\":\"2020-06-18T09:45:00+00:00\",\"dateModified\":\"2026-04-29T07:12:44+00:00\",\"breadcrumb\":{\"@id\":\"https:\/\/www.diocese-limoges.fr\/grand-limoges\/paroisses\/paroisse-saint-benoit\/actualite\/#breadcrumb\"},\"inLanguage\":\"fr-FR\",\"potentialAction\":[{\"@type\":\"ReadAction\",\"target\":[\"https:\/\/www.diocese-limoges.fr\/grand-limoges\/paroisses\/paroisse-saint-benoit\/actualite\/\"]}]},{\"@type\":\"ImageObject\",\"inLanguage\":\"fr-FR\",\"@id\":\"https:\/\/www.diocese-limoges.fr\/grand-limoges\/paroisses\/paroisse-saint-benoit\/actualite\/#primaryimage\",\"url\":\"https:\/\/www.diocese-limoges.fr\/grand-limoges\/wp-content\/uploads\/sites\/2\/2023\/01\/actu5-4.jpg\",\"contentUrl\":\"https:\/\/www.diocese-limoges.fr\/grand-limoges\/wp-content\/uploads\/sites\/2\/2023\/01\/actu5-4.jpg\",\"width\":1280,\"height\":720},{\"@type\":\"BreadcrumbList\",\"@id\":\"https:\/\/www.diocese-limoges.fr\/grand-limoges\/paroisses\/paroisse-saint-benoit\/actualite\/#breadcrumb\",\"itemListElement\":[{\"@type\":\"ListItem\",\"position\":1,\"name\":\"Accueil\",\"item\":\"https:\/\/www.diocese-limoges.fr\/grand-limoges\/\"},{\"@type\":\"ListItem\",\"position\":2,\"name\":\"Paroisse Saint-Beno\u00eet\",\"item\":\"https:\/\/www.diocese-limoges.fr\/grand-limoges\/paroisses\/paroisse-saint-benoit\/\"},{\"@type\":\"ListItem\",\"position\":3,\"name\":\"Actualit\u00e9\"}]},{\"@type\":\"WebSite\",\"@id\":\"https:\/\/www.diocese-limoges.fr\/grand-limoges\/#website\",\"url\":\"https:\/\/www.diocese-limoges.fr\/grand-limoges\/\",\"name\":\"Doyenn\u00e9s du Grand Limoges\",\"description\":\"Dioc\u00e8se de Limoges\",\"potentialAction\":[{\"@type\":\"SearchAction\",\"target\":{\"@type\":\"EntryPoint\",\"urlTemplate\":\"https:\/\/www.diocese-limoges.fr\/grand-limoges\/?s={search_term_string}\"},\"query-input\":{\"@type\":\"PropertyValueSpecification\",\"valueRequired\":true,\"valueName\":\"search_term_string\"}}],\"inLanguage\":\"fr-FR\"}]}<\/script>\n<!-- \/ Yoast SEO plugin. -->","yoast_head_json":{"title":"Actualit\u00e9 - Doyenn\u00e9s du Grand Limoges","robots":{"index":"index","follow":"follow","max-snippet":"max-snippet:-1","max-image-preview":"max-image-preview:large","max-video-preview":"max-video-preview:-1"},"canonical":"https:\/\/www.diocese-limoges.fr\/grand-limoges\/paroisses\/paroisse-saint-benoit\/actualite\/","og_locale":"fr_FR","og_type":"article","og_title":"Actualit\u00e9 - Doyenn\u00e9s du Grand Limoges","og_description":"A voir dans le Sillon (n\u00b0893- Mai 2026) Editorial : Adresse aux lecteurs par Marie-Flore de Rousiers &#8211; R\u00e9dactrice en chef (Page 3)Agenda dioc\u00e9sain (Pages 2 et 3)Nominations (Page 4)Lettre aux dioc\u00e9sains de Monseigneur Aubert (Page 5)Dossier du mois: Monseigneur Beno\u00eet Aubert (Pages 9 \u00e0 11)Vie de l&rsquo;\u00e9glise et du dioc\u00e8se (pages 4 \u00e0 8)Forums [&hellip;]","og_url":"https:\/\/www.diocese-limoges.fr\/grand-limoges\/paroisses\/paroisse-saint-benoit\/actualite\/","og_site_name":"Doyenn\u00e9s du Grand Limoges","article_modified_time":"2026-04-29T07:12:44+00:00","og_image":[{"width":1280,"height":720,"url":"https:\/\/www.diocese-limoges.fr\/grand-limoges\/wp-content\/uploads\/sites\/2\/2023\/01\/actu5-4.jpg","type":"image\/jpeg"}],"twitter_card":"summary_large_image","twitter_misc":{"Dur\u00e9e de lecture estim\u00e9e":"5 minutes"},"schema":{"@context":"https:\/\/schema.org","@graph":[{"@type":"WebPage","@id":"https:\/\/www.diocese-limoges.fr\/grand-limoges\/paroisses\/paroisse-saint-benoit\/actualite\/","url":"https:\/\/www.diocese-limoges.fr\/grand-limoges\/paroisses\/paroisse-saint-benoit\/actualite\/","name":"Actualit\u00e9 - Doyenn\u00e9s du Grand Limoges","isPartOf":{"@id":"https:\/\/www.diocese-limoges.fr\/grand-limoges\/#website"},"primaryImageOfPage":{"@id":"https:\/\/www.diocese-limoges.fr\/grand-limoges\/paroisses\/paroisse-saint-benoit\/actualite\/#primaryimage"},"image":{"@id":"https:\/\/www.diocese-limoges.fr\/grand-limoges\/paroisses\/paroisse-saint-benoit\/actualite\/#primaryimage"},"thumbnailUrl":"https:\/\/www.diocese-limoges.fr\/grand-limoges\/wp-content\/uploads\/sites\/2\/2023\/01\/actu5-4.jpg","datePublished":"2020-06-18T09:45:00+00:00","dateModified":"2026-04-29T07:12:44+00:00","breadcrumb":{"@id":"https:\/\/www.diocese-limoges.fr\/grand-limoges\/paroisses\/paroisse-saint-benoit\/actualite\/#breadcrumb"},"inLanguage":"fr-FR","potentialAction":[{"@type":"ReadAction","target":["https:\/\/www.diocese-limoges.fr\/grand-limoges\/paroisses\/paroisse-saint-benoit\/actualite\/"]}]},{"@type":"ImageObject","inLanguage":"fr-FR","@id":"https:\/\/www.diocese-limoges.fr\/grand-limoges\/paroisses\/paroisse-saint-benoit\/actualite\/#primaryimage","url":"https:\/\/www.diocese-limoges.fr\/grand-limoges\/wp-content\/uploads\/sites\/2\/2023\/01\/actu5-4.jpg","contentUrl":"https:\/\/www.diocese-limoges.fr\/grand-limoges\/wp-content\/uploads\/sites\/2\/2023\/01\/actu5-4.jpg","width":1280,"height":720},{"@type":"BreadcrumbList","@id":"https:\/\/www.diocese-limoges.fr\/grand-limoges\/paroisses\/paroisse-saint-benoit\/actualite\/#breadcrumb","itemListElement":[{"@type":"ListItem","position":1,"name":"Accueil","item":"https:\/\/www.diocese-limoges.fr\/grand-limoges\/"},{"@type":"ListItem","position":2,"name":"Paroisse Saint-Beno\u00eet","item":"https:\/\/www.diocese-limoges.fr\/grand-limoges\/paroisses\/paroisse-saint-benoit\/"},{"@type":"ListItem","position":3,"name":"Actualit\u00e9"}]},{"@type":"WebSite","@id":"https:\/\/www.diocese-limoges.fr\/grand-limoges\/#website","url":"https:\/\/www.diocese-limoges.fr\/grand-limoges\/","name":"Doyenn\u00e9s du Grand Limoges","description":"Dioc\u00e8se de Limoges","potentialAction":[{"@type":"SearchAction","target":{"@type":"EntryPoint","urlTemplate":"https:\/\/www.diocese-limoges.fr\/grand-limoges\/?s={search_term_string}"},"query-input":{"@type":"PropertyValueSpecification","valueRequired":true,"valueName":"search_term_string"}}],"inLanguage":"fr-FR"}]}},"_links":{"self":[{"href":"https:\/\/www.diocese-limoges.fr\/grand-limoges\/wp-json\/wp\/v2\/paroisse\/17325","targetHints":{"allow":["GET"]}}],"collection":[{"href":"https:\/\/www.diocese-limoges.fr\/grand-limoges\/wp-json\/wp\/v2\/paroisse"}],"about":[{"href":"https:\/\/www.diocese-limoges.fr\/grand-limoges\/wp-json\/wp\/v2\/types\/paroisse"}],"author":[{"embeddable":true,"href":"https:\/\/www.diocese-limoges.fr\/grand-limoges\/wp-json\/wp\/v2\/users\/23"}],"up":[{"embeddable":true,"href":"https:\/\/www.diocese-limoges.fr\/grand-limoges\/wp-json\/wp\/v2\/paroisse\/58"}],"wp:featuredmedia":[{"embeddable":true,"href":"https:\/\/www.diocese-limoges.fr\/grand-limoges\/wp-json\/wp\/v2\/media\/21367"}],"wp:attachment":[{"href":"https:\/\/www.diocese-limoges.fr\/grand-limoges\/wp-json\/wp\/v2\/media?parent=17325"}],"curies":[{"name":"wp","href":"https:\/\/api.w.org\/{rel}","templated":true}]}}