{"id":17978,"date":"2020-10-01T11:24:32","date_gmt":"2020-10-01T09:24:32","guid":{"rendered":"https:\/\/www.diocese-limoges.fr\/grand-limoges\/?post_type=paroisse&#038;p=17978"},"modified":"2020-10-01T12:32:54","modified_gmt":"2020-10-01T10:32:54","slug":"une-communaute-qui-se-rassemble","status":"publish","type":"paroisse","link":"https:\/\/www.diocese-limoges.fr\/grand-limoges\/paroisses\/paroisse-sainte-blandine\/notre-paroisse\/une-communaute-qui-se-rassemble\/","title":{"rendered":"Une communaut\u00e9 qui se rassemble"},"content":{"rendered":"\n<p>Vous pouvez consulter les horaires des messes du mois en cours sur ce site dans les onglets <a href=\"https:\/\/www.diocese-limoges.fr\/grand-limoges\/paroisses\/paroisse-sainte-blandine\/horaires-des-messes\">\u00ab\u00a0Horaire des Messes\u00a0\u00bb <\/a> et <a href=\"https:\/\/www.diocese-limoges.fr\/grand-limoges\/paroisses\/paroisse-sainte-blandine\/infos-du-mois\">\u00ab\u00a0Infos du Mois\u00a0\u00bb <\/a> et ainsi que dans la feuille d\u2019information paroissiale disponible dans les \u00e9glises de la paroisse.<\/p>\n\n\n\n<p><strong>\u00c9glise St Fran\u00e7ois, <\/strong>tous les samedis soir \u00e0 18h<\/p>\n\n\n\n<p><strong>\u00c9glise St Martial, t<\/strong>ous les dimanches \u00e0 10h30<\/p>\n","protected":false},"author":20,"featured_media":73,"parent":17245,"menu_order":103,"template":"","meta":{"_acf_changed":false},"class_list":["post-17978","paroisse","type-paroisse","status-publish","has-post-thumbnail","hentry"],"acf":[],"yoast_head":"<!-- This site is optimized with the Yoast SEO plugin v26.4 - https:\/\/yoast.com\/wordpress\/plugins\/seo\/ -->\n<title>Une communaut\u00e9 qui se rassemble - Doyenn\u00e9s du Grand Limoges<\/title>\n<meta name=\"robots\" content=\"index, follow, max-snippet:-1, max-image-preview:large, max-video-preview:-1\" \/>\n<link rel=\"canonical\" href=\"https:\/\/www.diocese-limoges.fr\/grand-limoges\/paroisses\/paroisse-sainte-blandine\/notre-paroisse\/une-communaute-qui-se-rassemble\/\" \/>\n<meta property=\"og:locale\" content=\"fr_FR\" \/>\n<meta property=\"og:type\" content=\"article\" \/>\n<meta property=\"og:title\" content=\"Une communaut\u00e9 qui se rassemble - Doyenn\u00e9s du Grand Limoges\" \/>\n<meta property=\"og:description\" content=\"Vous pouvez consulter les horaires des messes du mois en cours sur ce site dans les onglets \u00ab\u00a0Horaire des Messes\u00a0\u00bb et \u00ab\u00a0Infos du Mois\u00a0\u00bb et ainsi que dans la feuille d\u2019information paroissiale disponible dans les \u00e9glises de la paroisse. \u00c9glise St Fran\u00e7ois, tous les samedis soir \u00e0 18h \u00c9glise St Martial, tous les dimanches \u00e0 [&hellip;]\" \/>\n<meta property=\"og:url\" content=\"https:\/\/www.diocese-limoges.fr\/grand-limoges\/paroisses\/paroisse-sainte-blandine\/notre-paroisse\/une-communaute-qui-se-rassemble\/\" \/>\n<meta property=\"og:site_name\" content=\"Doyenn\u00e9s du Grand Limoges\" \/>\n<meta property=\"article:modified_time\" content=\"2020-10-01T10:32:54+00:00\" \/>\n<meta property=\"og:image\" content=\"https:\/\/www.diocese-limoges.fr\/grand-limoges\/wp-content\/uploads\/sites\/2\/2020\/01\/triptique-st-franC3A7ois2-800x340-1.jpg\" \/>\n\t<meta property=\"og:image:width\" content=\"800\" \/>\n\t<meta property=\"og:image:height\" content=\"340\" \/>\n\t<meta property=\"og:image:type\" content=\"image\/jpeg\" \/>\n<meta name=\"twitter:card\" content=\"summary_large_image\" \/>\n<script type=\"application\/ld+json\" class=\"yoast-schema-graph\">{\"@context\":\"https:\/\/schema.org\",\"@graph\":[{\"@type\":\"WebPage\",\"@id\":\"https:\/\/www.diocese-limoges.fr\/grand-limoges\/paroisses\/paroisse-sainte-blandine\/notre-paroisse\/une-communaute-qui-se-rassemble\/\",\"url\":\"https:\/\/www.diocese-limoges.fr\/grand-limoges\/paroisses\/paroisse-sainte-blandine\/notre-paroisse\/une-communaute-qui-se-rassemble\/\",\"name\":\"Une communaut\u00e9 qui se rassemble - Doyenn\u00e9s du Grand Limoges\",\"isPartOf\":{\"@id\":\"https:\/\/www.diocese-limoges.fr\/grand-limoges\/#website\"},\"primaryImageOfPage\":{\"@id\":\"https:\/\/www.diocese-limoges.fr\/grand-limoges\/paroisses\/paroisse-sainte-blandine\/notre-paroisse\/une-communaute-qui-se-rassemble\/#primaryimage\"},\"image\":{\"@id\":\"https:\/\/www.diocese-limoges.fr\/grand-limoges\/paroisses\/paroisse-sainte-blandine\/notre-paroisse\/une-communaute-qui-se-rassemble\/#primaryimage\"},\"thumbnailUrl\":\"https:\/\/www.diocese-limoges.fr\/grand-limoges\/wp-content\/uploads\/sites\/2\/2020\/01\/triptique-st-franC3A7ois2-800x340-1.jpg\",\"datePublished\":\"2020-10-01T09:24:32+00:00\",\"dateModified\":\"2020-10-01T10:32:54+00:00\",\"breadcrumb\":{\"@id\":\"https:\/\/www.diocese-limoges.fr\/grand-limoges\/paroisses\/paroisse-sainte-blandine\/notre-paroisse\/une-communaute-qui-se-rassemble\/#breadcrumb\"},\"inLanguage\":\"fr-FR\",\"potentialAction\":[{\"@type\":\"ReadAction\",\"target\":[\"https:\/\/www.diocese-limoges.fr\/grand-limoges\/paroisses\/paroisse-sainte-blandine\/notre-paroisse\/une-communaute-qui-se-rassemble\/\"]}]},{\"@type\":\"ImageObject\",\"inLanguage\":\"fr-FR\",\"@id\":\"https:\/\/www.diocese-limoges.fr\/grand-limoges\/paroisses\/paroisse-sainte-blandine\/notre-paroisse\/une-communaute-qui-se-rassemble\/#primaryimage\",\"url\":\"https:\/\/www.diocese-limoges.fr\/grand-limoges\/wp-content\/uploads\/sites\/2\/2020\/01\/triptique-st-franC3A7ois2-800x340-1.jpg\",\"contentUrl\":\"https:\/\/www.diocese-limoges.fr\/grand-limoges\/wp-content\/uploads\/sites\/2\/2020\/01\/triptique-st-franC3A7ois2-800x340-1.jpg\",\"width\":800,\"height\":340},{\"@type\":\"BreadcrumbList\",\"@id\":\"https:\/\/www.diocese-limoges.fr\/grand-limoges\/paroisses\/paroisse-sainte-blandine\/notre-paroisse\/une-communaute-qui-se-rassemble\/#breadcrumb\",\"itemListElement\":[{\"@type\":\"ListItem\",\"position\":1,\"name\":\"Accueil\",\"item\":\"https:\/\/www.diocese-limoges.fr\/grand-limoges\/\"},{\"@type\":\"ListItem\",\"position\":2,\"name\":\"Paroisse Sainte-Blandine\",\"item\":\"https:\/\/www.diocese-limoges.fr\/grand-limoges\/paroisses\/paroisse-sainte-blandine\/\"},{\"@type\":\"ListItem\",\"position\":3,\"name\":\"Notre Paroisse\",\"item\":\"https:\/\/www.diocese-limoges.fr\/grand-limoges\/paroisses\/paroisse-sainte-blandine\/notre-paroisse\/\"},{\"@type\":\"ListItem\",\"position\":4,\"name\":\"Une communaut\u00e9 qui se rassemble\"}]},{\"@type\":\"WebSite\",\"@id\":\"https:\/\/www.diocese-limoges.fr\/grand-limoges\/#website\",\"url\":\"https:\/\/www.diocese-limoges.fr\/grand-limoges\/\",\"name\":\"Doyenn\u00e9s du Grand Limoges\",\"description\":\"Dioc\u00e8se de Limoges\",\"potentialAction\":[{\"@type\":\"SearchAction\",\"target\":{\"@type\":\"EntryPoint\",\"urlTemplate\":\"https:\/\/www.diocese-limoges.fr\/grand-limoges\/?s={search_term_string}\"},\"query-input\":{\"@type\":\"PropertyValueSpecification\",\"valueRequired\":true,\"valueName\":\"search_term_string\"}}],\"inLanguage\":\"fr-FR\"}]}<\/script>\n<!-- \/ Yoast SEO plugin. -->","yoast_head_json":{"title":"Une communaut\u00e9 qui se rassemble - Doyenn\u00e9s du Grand Limoges","robots":{"index":"index","follow":"follow","max-snippet":"max-snippet:-1","max-image-preview":"max-image-preview:large","max-video-preview":"max-video-preview:-1"},"canonical":"https:\/\/www.diocese-limoges.fr\/grand-limoges\/paroisses\/paroisse-sainte-blandine\/notre-paroisse\/une-communaute-qui-se-rassemble\/","og_locale":"fr_FR","og_type":"article","og_title":"Une communaut\u00e9 qui se rassemble - Doyenn\u00e9s du Grand Limoges","og_description":"Vous pouvez consulter les horaires des messes du mois en cours sur ce site dans les onglets \u00ab\u00a0Horaire des Messes\u00a0\u00bb et \u00ab\u00a0Infos du Mois\u00a0\u00bb et ainsi que dans la feuille d\u2019information paroissiale disponible dans les \u00e9glises de la paroisse. \u00c9glise St Fran\u00e7ois, tous les samedis soir \u00e0 18h \u00c9glise St Martial, tous les dimanches \u00e0 [&hellip;]","og_url":"https:\/\/www.diocese-limoges.fr\/grand-limoges\/paroisses\/paroisse-sainte-blandine\/notre-paroisse\/une-communaute-qui-se-rassemble\/","og_site_name":"Doyenn\u00e9s du Grand Limoges","article_modified_time":"2020-10-01T10:32:54+00:00","og_image":[{"width":800,"height":340,"url":"https:\/\/www.diocese-limoges.fr\/grand-limoges\/wp-content\/uploads\/sites\/2\/2020\/01\/triptique-st-franC3A7ois2-800x340-1.jpg","type":"image\/jpeg"}],"twitter_card":"summary_large_image","schema":{"@context":"https:\/\/schema.org","@graph":[{"@type":"WebPage","@id":"https:\/\/www.diocese-limoges.fr\/grand-limoges\/paroisses\/paroisse-sainte-blandine\/notre-paroisse\/une-communaute-qui-se-rassemble\/","url":"https:\/\/www.diocese-limoges.fr\/grand-limoges\/paroisses\/paroisse-sainte-blandine\/notre-paroisse\/une-communaute-qui-se-rassemble\/","name":"Une communaut\u00e9 qui se rassemble - Doyenn\u00e9s du Grand Limoges","isPartOf":{"@id":"https:\/\/www.diocese-limoges.fr\/grand-limoges\/#website"},"primaryImageOfPage":{"@id":"https:\/\/www.diocese-limoges.fr\/grand-limoges\/paroisses\/paroisse-sainte-blandine\/notre-paroisse\/une-communaute-qui-se-rassemble\/#primaryimage"},"image":{"@id":"https:\/\/www.diocese-limoges.fr\/grand-limoges\/paroisses\/paroisse-sainte-blandine\/notre-paroisse\/une-communaute-qui-se-rassemble\/#primaryimage"},"thumbnailUrl":"https:\/\/www.diocese-limoges.fr\/grand-limoges\/wp-content\/uploads\/sites\/2\/2020\/01\/triptique-st-franC3A7ois2-800x340-1.jpg","datePublished":"2020-10-01T09:24:32+00:00","dateModified":"2020-10-01T10:32:54+00:00","breadcrumb":{"@id":"https:\/\/www.diocese-limoges.fr\/grand-limoges\/paroisses\/paroisse-sainte-blandine\/notre-paroisse\/une-communaute-qui-se-rassemble\/#breadcrumb"},"inLanguage":"fr-FR","potentialAction":[{"@type":"ReadAction","target":["https:\/\/www.diocese-limoges.fr\/grand-limoges\/paroisses\/paroisse-sainte-blandine\/notre-paroisse\/une-communaute-qui-se-rassemble\/"]}]},{"@type":"ImageObject","inLanguage":"fr-FR","@id":"https:\/\/www.diocese-limoges.fr\/grand-limoges\/paroisses\/paroisse-sainte-blandine\/notre-paroisse\/une-communaute-qui-se-rassemble\/#primaryimage","url":"https:\/\/www.diocese-limoges.fr\/grand-limoges\/wp-content\/uploads\/sites\/2\/2020\/01\/triptique-st-franC3A7ois2-800x340-1.jpg","contentUrl":"https:\/\/www.diocese-limoges.fr\/grand-limoges\/wp-content\/uploads\/sites\/2\/2020\/01\/triptique-st-franC3A7ois2-800x340-1.jpg","width":800,"height":340},{"@type":"BreadcrumbList","@id":"https:\/\/www.diocese-limoges.fr\/grand-limoges\/paroisses\/paroisse-sainte-blandine\/notre-paroisse\/une-communaute-qui-se-rassemble\/#breadcrumb","itemListElement":[{"@type":"ListItem","position":1,"name":"Accueil","item":"https:\/\/www.diocese-limoges.fr\/grand-limoges\/"},{"@type":"ListItem","position":2,"name":"Paroisse Sainte-Blandine","item":"https:\/\/www.diocese-limoges.fr\/grand-limoges\/paroisses\/paroisse-sainte-blandine\/"},{"@type":"ListItem","position":3,"name":"Notre Paroisse","item":"https:\/\/www.diocese-limoges.fr\/grand-limoges\/paroisses\/paroisse-sainte-blandine\/notre-paroisse\/"},{"@type":"ListItem","position":4,"name":"Une communaut\u00e9 qui se rassemble"}]},{"@type":"WebSite","@id":"https:\/\/www.diocese-limoges.fr\/grand-limoges\/#website","url":"https:\/\/www.diocese-limoges.fr\/grand-limoges\/","name":"Doyenn\u00e9s du Grand Limoges","description":"Dioc\u00e8se de Limoges","potentialAction":[{"@type":"SearchAction","target":{"@type":"EntryPoint","urlTemplate":"https:\/\/www.diocese-limoges.fr\/grand-limoges\/?s={search_term_string}"},"query-input":{"@type":"PropertyValueSpecification","valueRequired":true,"valueName":"search_term_string"}}],"inLanguage":"fr-FR"}]}},"_links":{"self":[{"href":"https:\/\/www.diocese-limoges.fr\/grand-limoges\/wp-json\/wp\/v2\/paroisse\/17978","targetHints":{"allow":["GET"]}}],"collection":[{"href":"https:\/\/www.diocese-limoges.fr\/grand-limoges\/wp-json\/wp\/v2\/paroisse"}],"about":[{"href":"https:\/\/www.diocese-limoges.fr\/grand-limoges\/wp-json\/wp\/v2\/types\/paroisse"}],"author":[{"embeddable":true,"href":"https:\/\/www.diocese-limoges.fr\/grand-limoges\/wp-json\/wp\/v2\/users\/20"}],"up":[{"embeddable":true,"href":"https:\/\/www.diocese-limoges.fr\/grand-limoges\/wp-json\/wp\/v2\/paroisse\/17245"}],"wp:featuredmedia":[{"embeddable":true,"href":"https:\/\/www.diocese-limoges.fr\/grand-limoges\/wp-json\/wp\/v2\/media\/73"}],"wp:attachment":[{"href":"https:\/\/www.diocese-limoges.fr\/grand-limoges\/wp-json\/wp\/v2\/media?parent=17978"}],"curies":[{"name":"wp","href":"https:\/\/api.w.org\/{rel}","templated":true}]}}