{"id":18466,"date":"2020-12-05T23:02:43","date_gmt":"2020-12-05T22:02:43","guid":{"rendered":"https:\/\/www.diocese-limoges.fr\/grand-limoges\/?post_type=paroisse&#038;p=18466"},"modified":"2025-03-11T21:34:41","modified_gmt":"2025-03-11T20:34:41","slug":"fraternite-chretiennes-des-personnes-malades-et-handicapees","status":"publish","type":"paroisse","link":"https:\/\/www.diocese-limoges.fr\/grand-limoges\/paroisses\/saint-luc\/mouvements-deglise\/fraternite-chretiennes-des-personnes-malades-et-handicapees\/","title":{"rendered":"Fraternit\u00e9 Chr\u00e9tienne des personnes malades et handicap\u00e9es (FCPMH)"},"content":{"rendered":"\n<p><strong><span class=\"has-inline-color has-vivid-red-color\"><em>(Voir en fin de page : \u00ab\u00a01. Qu&rsquo;est-ce que <\/em>la FCPMH ?\u00a0\u00bb)<\/span><\/strong><\/p>\n\n\n\n<h3 class=\"wp-block-heading has-large-font-size\">1. Actualit\u00e9s<\/h3>\n\n\n\n<p><\/p>\n\n\n\n<p><\/p>\n\n\n\n<h1 class=\"wp-block-heading\">2. Qu&rsquo;est-ce que la FCPMH ?<\/h1>\n\n\n\n<div class=\"wp-block-group\"><div class=\"wp-block-group__inner-container is-layout-flow wp-block-group-is-layout-flow\">\n<div class=\"wp-block-group\"><div class=\"wp-block-group__inner-container is-layout-flow wp-block-group-is-layout-flow\">\n<p>La FCPMH (anciennement la Fraternit\u00e9) est un mouvement d&rsquo;\u00e9glise n\u00e9e en 1945 de la rencontre de quelques personnes malades et handicap\u00e9es. Le p\u00e8re Henri Fran\u00e7ois (1897- 1986), cur\u00e9 de Verdun ayant lui m\u00eame connu la maladie, a suscit\u00e9 cet \u00e9lan d&rsquo;amiti\u00e9 et de fraternit\u00e9 apostolique. Tr\u00e8s t\u00f4t son existence est marqu\u00e9e par la maladie grave.<br>La fraternit\u00e9 s&rsquo;\u00e9tend en France et dans le monde entier. Le 11 f\u00e9vrier 1993, elle a \u00e9t\u00e9 reconnue comme mouvement international d&rsquo;\u00e9vang\u00e9lisation des personnes malades chroniques et handicap\u00e9es physiques.<\/p>\n\n\n<div class=\"wp-block-image\">\n<figure class=\"alignright size-large is-resized\"><img loading=\"lazy\" decoding=\"async\" width=\"1024\" height=\"768\" src=\"https:\/\/www.diocese-limoges.fr\/grand-limoges\/wp-content\/uploads\/sites\/2\/2020\/10\/img_20190616_150255-1024x768.jpg\" alt=\"\" class=\"wp-image-18000\" style=\"width:400px;height:300px\" \/><\/figure><\/div>\n\n\n<p><span style=\"text-decoration: underline\"><strong>Ses objectifs<\/strong><\/span><strong> : <em>Rejoindre<\/em><\/strong> les personnes malades chroniques et handicap\u00e9es physiques l\u00e0 o\u00f9 elles vivent, <strong><em>cheminer<\/em><\/strong> avec elles dans le respect, leur <strong><em>permettre<\/em><\/strong> de s&rsquo;\u00e9panouir et de vivre pleinement de s&rsquo;int\u00e9grer dans leur milieu de vie, d&rsquo;agir en solidarit\u00e9 avec d&rsquo;autres&nbsp;: associations diverses, mouvements et services d\u2019\u00c9glise.<\/p>\n<\/div><\/div>\n\n\n\n<p><strong><u>Programme<\/u>&nbsp;: <\/strong>Rencontres mensuelles \u00e0 Sainte-Claire ou \u00e0 la maison dioc\u00e9saine&nbsp;: Moments conviviaux (Chandeleur, cin\u00e9ma\u2026), week-end spirituel, p\u00e8lerinage \u00e0 Saint-Auvent, partage de la campagne d&rsquo;ann\u00e9e en lien avec le National, approfondir sa foi&nbsp;avec l&rsquo;accompagnateur spirituel, messe, repas de fin d&rsquo;ann\u00e9e. Prochaine rencontre le samedi 17 octobre 2020 14 h 00 salle Sainte-Claire <\/p>\n\n\n\n<ul class=\"wp-block-list\">\n<li><strong>Prochaine rencontre <span class=\"has-inline-color has-vivid-red-color\">le samedi 17 octobre 2020 14 h 00<\/span> salle Sainte-Claire<\/strong><\/li>\n<\/ul>\n\n\n\n<div class=\"wp-block-group\"><div class=\"wp-block-group__inner-container is-layout-flow wp-block-group-is-layout-flow\">\n<p><strong><u>Contact&nbsp;:<\/u><\/strong><strong><\/strong><\/p>\n\n\n\n<ul class=\"wp-block-list\">\n<li><strong>Responsable dioc\u00e9sain <\/strong>\u00a0: Marie-Pierre CLAIN\u00a0: <a href=\"mailto:FCPMH87@yahoo.com\">FCPMH87@yahoo.com<\/a>\u00a0 t\u00e9l: 06.22.01.23.38   15 rue Eug\u00e8ne Varlin 87000 Limoges<\/li>\n\n\n\n<li><strong>Responsable Saint-Junien<\/strong>\u00a0: Catherine TIZON t\u00e9l\u00a0: 06.76.83.84.79<\/li>\n\n\n\n<li><strong>Responsable Creuse<\/strong>\u00a0: Bernadette BLONDET t\u00e9l\u00a0: 06.32.56.57.93<\/li>\n<\/ul>\n<\/div><\/div>\n\n\n\n<blockquote class=\"wp-block-quote is-layout-flow wp-block-quote-is-layout-flow\">\n<p><strong><em>\u00ab\u00a0On ne s&rsquo;en sort pas tout seul\u00a0\u00bb \u00ab\u00a0Tu es vivant\u00a0\u00bb \u00ab\u00a0L\u00e8ve-toi et marche\u00a0\u00bb<\/em><\/strong><\/p>\n<cite>(FCPMH)<\/cite><\/blockquote>\n<\/div><\/div>\n\n\n\n<div class=\"wp-block-file\"><a href=\"https:\/\/www.diocese-limoges.fr\/grand-limoges\/wp-content\/uploads\/sites\/2\/2021\/06\/annonces-du-dimanche-20-juin-2021.pdf\">annonces-du-dimanche-20-juin-2021<\/a><a href=\"https:\/\/www.diocese-limoges.fr\/grand-limoges\/wp-content\/uploads\/sites\/2\/2021\/06\/annonces-du-dimanche-20-juin-2021.pdf\" class=\"wp-block-file__button wp-element-button\" download>T\u00e9l\u00e9charger<\/a><\/div>\n\n\n\n<p><\/p>\n","protected":false},"author":12,"featured_media":0,"parent":17425,"menu_order":87,"template":"","meta":{"_acf_changed":false},"class_list":["post-18466","paroisse","type-paroisse","status-publish","hentry"],"acf":[],"yoast_head":"<!-- This site is optimized with the Yoast SEO plugin v26.4 - https:\/\/yoast.com\/wordpress\/plugins\/seo\/ -->\n<title>Fraternit\u00e9 Chr\u00e9tienne des personnes malades et handicap\u00e9es (FCPMH) - Doyenn\u00e9s du Grand Limoges<\/title>\n<meta name=\"robots\" content=\"index, follow, max-snippet:-1, max-image-preview:large, max-video-preview:-1\" \/>\n<link rel=\"canonical\" href=\"https:\/\/www.diocese-limoges.fr\/grand-limoges\/paroisses\/saint-luc\/mouvements-deglise\/fraternite-chretiennes-des-personnes-malades-et-handicapees\/\" \/>\n<meta property=\"og:locale\" content=\"fr_FR\" \/>\n<meta property=\"og:type\" content=\"article\" \/>\n<meta property=\"og:title\" content=\"Fraternit\u00e9 Chr\u00e9tienne des personnes malades et handicap\u00e9es (FCPMH) - Doyenn\u00e9s du Grand Limoges\" \/>\n<meta property=\"og:description\" content=\"(Voir en fin de page : \u00ab\u00a01. Qu&rsquo;est-ce que la FCPMH ?\u00a0\u00bb) 1. Actualit\u00e9s 2. Qu&rsquo;est-ce que la FCPMH ? La FCPMH (anciennement la Fraternit\u00e9) est un mouvement d&rsquo;\u00e9glise n\u00e9e en 1945 de la rencontre de quelques personnes malades et handicap\u00e9es. Le p\u00e8re Henri Fran\u00e7ois (1897- 1986), cur\u00e9 de Verdun ayant lui m\u00eame connu la [&hellip;]\" \/>\n<meta property=\"og:url\" content=\"https:\/\/www.diocese-limoges.fr\/grand-limoges\/paroisses\/saint-luc\/mouvements-deglise\/fraternite-chretiennes-des-personnes-malades-et-handicapees\/\" \/>\n<meta property=\"og:site_name\" content=\"Doyenn\u00e9s du Grand Limoges\" \/>\n<meta property=\"article:modified_time\" content=\"2025-03-11T20:34:41+00:00\" \/>\n<meta property=\"og:image\" content=\"https:\/\/www.diocese-limoges.fr\/grand-limoges\/wp-content\/uploads\/sites\/2\/2020\/10\/img_20190616_150255-scaled-e1601668252686.jpg\" \/>\n\t<meta property=\"og:image:width\" content=\"300\" \/>\n\t<meta property=\"og:image:height\" content=\"225\" \/>\n\t<meta property=\"og:image:type\" content=\"image\/jpeg\" \/>\n<meta name=\"twitter:card\" content=\"summary_large_image\" \/>\n<meta name=\"twitter:label1\" content=\"Dur\u00e9e de lecture estim\u00e9e\" \/>\n\t<meta name=\"twitter:data1\" content=\"2 minutes\" \/>\n<script type=\"application\/ld+json\" class=\"yoast-schema-graph\">{\"@context\":\"https:\/\/schema.org\",\"@graph\":[{\"@type\":\"WebPage\",\"@id\":\"https:\/\/www.diocese-limoges.fr\/grand-limoges\/paroisses\/saint-luc\/mouvements-deglise\/fraternite-chretiennes-des-personnes-malades-et-handicapees\/\",\"url\":\"https:\/\/www.diocese-limoges.fr\/grand-limoges\/paroisses\/saint-luc\/mouvements-deglise\/fraternite-chretiennes-des-personnes-malades-et-handicapees\/\",\"name\":\"Fraternit\u00e9 Chr\u00e9tienne des personnes malades et handicap\u00e9es (FCPMH) - Doyenn\u00e9s du Grand Limoges\",\"isPartOf\":{\"@id\":\"https:\/\/www.diocese-limoges.fr\/grand-limoges\/#website\"},\"primaryImageOfPage\":{\"@id\":\"https:\/\/www.diocese-limoges.fr\/grand-limoges\/paroisses\/saint-luc\/mouvements-deglise\/fraternite-chretiennes-des-personnes-malades-et-handicapees\/#primaryimage\"},\"image\":{\"@id\":\"https:\/\/www.diocese-limoges.fr\/grand-limoges\/paroisses\/saint-luc\/mouvements-deglise\/fraternite-chretiennes-des-personnes-malades-et-handicapees\/#primaryimage\"},\"thumbnailUrl\":\"https:\/\/www.diocese-limoges.fr\/grand-limoges\/wp-content\/uploads\/sites\/2\/2020\/10\/img_20190616_150255-1024x768.jpg\",\"datePublished\":\"2020-12-05T22:02:43+00:00\",\"dateModified\":\"2025-03-11T20:34:41+00:00\",\"breadcrumb\":{\"@id\":\"https:\/\/www.diocese-limoges.fr\/grand-limoges\/paroisses\/saint-luc\/mouvements-deglise\/fraternite-chretiennes-des-personnes-malades-et-handicapees\/#breadcrumb\"},\"inLanguage\":\"fr-FR\",\"potentialAction\":[{\"@type\":\"ReadAction\",\"target\":[\"https:\/\/www.diocese-limoges.fr\/grand-limoges\/paroisses\/saint-luc\/mouvements-deglise\/fraternite-chretiennes-des-personnes-malades-et-handicapees\/\"]}]},{\"@type\":\"ImageObject\",\"inLanguage\":\"fr-FR\",\"@id\":\"https:\/\/www.diocese-limoges.fr\/grand-limoges\/paroisses\/saint-luc\/mouvements-deglise\/fraternite-chretiennes-des-personnes-malades-et-handicapees\/#primaryimage\",\"url\":\"https:\/\/www.diocese-limoges.fr\/grand-limoges\/wp-content\/uploads\/sites\/2\/2020\/10\/img_20190616_150255-1024x768.jpg\",\"contentUrl\":\"https:\/\/www.diocese-limoges.fr\/grand-limoges\/wp-content\/uploads\/sites\/2\/2020\/10\/img_20190616_150255-1024x768.jpg\"},{\"@type\":\"BreadcrumbList\",\"@id\":\"https:\/\/www.diocese-limoges.fr\/grand-limoges\/paroisses\/saint-luc\/mouvements-deglise\/fraternite-chretiennes-des-personnes-malades-et-handicapees\/#breadcrumb\",\"itemListElement\":[{\"@type\":\"ListItem\",\"position\":1,\"name\":\"Accueil\",\"item\":\"https:\/\/www.diocese-limoges.fr\/grand-limoges\/\"},{\"@type\":\"ListItem\",\"position\":2,\"name\":\"Paroisse Saint-Luc\",\"item\":\"https:\/\/www.diocese-limoges.fr\/grand-limoges\/paroisses\/saint-luc\/\"},{\"@type\":\"ListItem\",\"position\":3,\"name\":\"MOUVEMENTS D&rsquo;EGLISE et AUTRES\",\"item\":\"https:\/\/www.diocese-limoges.fr\/grand-limoges\/paroisses\/saint-luc\/mouvements-deglise\/\"},{\"@type\":\"ListItem\",\"position\":4,\"name\":\"Fraternit\u00e9 Chr\u00e9tienne des personnes malades et handicap\u00e9es (FCPMH)\"}]},{\"@type\":\"WebSite\",\"@id\":\"https:\/\/www.diocese-limoges.fr\/grand-limoges\/#website\",\"url\":\"https:\/\/www.diocese-limoges.fr\/grand-limoges\/\",\"name\":\"Doyenn\u00e9s du Grand Limoges\",\"description\":\"Dioc\u00e8se de Limoges\",\"potentialAction\":[{\"@type\":\"SearchAction\",\"target\":{\"@type\":\"EntryPoint\",\"urlTemplate\":\"https:\/\/www.diocese-limoges.fr\/grand-limoges\/?s={search_term_string}\"},\"query-input\":{\"@type\":\"PropertyValueSpecification\",\"valueRequired\":true,\"valueName\":\"search_term_string\"}}],\"inLanguage\":\"fr-FR\"}]}<\/script>\n<!-- \/ Yoast SEO plugin. -->","yoast_head_json":{"title":"Fraternit\u00e9 Chr\u00e9tienne des personnes malades et handicap\u00e9es (FCPMH) - Doyenn\u00e9s du Grand Limoges","robots":{"index":"index","follow":"follow","max-snippet":"max-snippet:-1","max-image-preview":"max-image-preview:large","max-video-preview":"max-video-preview:-1"},"canonical":"https:\/\/www.diocese-limoges.fr\/grand-limoges\/paroisses\/saint-luc\/mouvements-deglise\/fraternite-chretiennes-des-personnes-malades-et-handicapees\/","og_locale":"fr_FR","og_type":"article","og_title":"Fraternit\u00e9 Chr\u00e9tienne des personnes malades et handicap\u00e9es (FCPMH) - Doyenn\u00e9s du Grand Limoges","og_description":"(Voir en fin de page : \u00ab\u00a01. Qu&rsquo;est-ce que la FCPMH ?\u00a0\u00bb) 1. Actualit\u00e9s 2. Qu&rsquo;est-ce que la FCPMH ? La FCPMH (anciennement la Fraternit\u00e9) est un mouvement d&rsquo;\u00e9glise n\u00e9e en 1945 de la rencontre de quelques personnes malades et handicap\u00e9es. Le p\u00e8re Henri Fran\u00e7ois (1897- 1986), cur\u00e9 de Verdun ayant lui m\u00eame connu la [&hellip;]","og_url":"https:\/\/www.diocese-limoges.fr\/grand-limoges\/paroisses\/saint-luc\/mouvements-deglise\/fraternite-chretiennes-des-personnes-malades-et-handicapees\/","og_site_name":"Doyenn\u00e9s du Grand Limoges","article_modified_time":"2025-03-11T20:34:41+00:00","og_image":[{"width":300,"height":225,"url":"https:\/\/www.diocese-limoges.fr\/grand-limoges\/wp-content\/uploads\/sites\/2\/2020\/10\/img_20190616_150255-scaled-e1601668252686.jpg","type":"image\/jpeg"}],"twitter_card":"summary_large_image","twitter_misc":{"Dur\u00e9e de lecture estim\u00e9e":"2 minutes"},"schema":{"@context":"https:\/\/schema.org","@graph":[{"@type":"WebPage","@id":"https:\/\/www.diocese-limoges.fr\/grand-limoges\/paroisses\/saint-luc\/mouvements-deglise\/fraternite-chretiennes-des-personnes-malades-et-handicapees\/","url":"https:\/\/www.diocese-limoges.fr\/grand-limoges\/paroisses\/saint-luc\/mouvements-deglise\/fraternite-chretiennes-des-personnes-malades-et-handicapees\/","name":"Fraternit\u00e9 Chr\u00e9tienne des personnes malades et handicap\u00e9es (FCPMH) - Doyenn\u00e9s du Grand Limoges","isPartOf":{"@id":"https:\/\/www.diocese-limoges.fr\/grand-limoges\/#website"},"primaryImageOfPage":{"@id":"https:\/\/www.diocese-limoges.fr\/grand-limoges\/paroisses\/saint-luc\/mouvements-deglise\/fraternite-chretiennes-des-personnes-malades-et-handicapees\/#primaryimage"},"image":{"@id":"https:\/\/www.diocese-limoges.fr\/grand-limoges\/paroisses\/saint-luc\/mouvements-deglise\/fraternite-chretiennes-des-personnes-malades-et-handicapees\/#primaryimage"},"thumbnailUrl":"https:\/\/www.diocese-limoges.fr\/grand-limoges\/wp-content\/uploads\/sites\/2\/2020\/10\/img_20190616_150255-1024x768.jpg","datePublished":"2020-12-05T22:02:43+00:00","dateModified":"2025-03-11T20:34:41+00:00","breadcrumb":{"@id":"https:\/\/www.diocese-limoges.fr\/grand-limoges\/paroisses\/saint-luc\/mouvements-deglise\/fraternite-chretiennes-des-personnes-malades-et-handicapees\/#breadcrumb"},"inLanguage":"fr-FR","potentialAction":[{"@type":"ReadAction","target":["https:\/\/www.diocese-limoges.fr\/grand-limoges\/paroisses\/saint-luc\/mouvements-deglise\/fraternite-chretiennes-des-personnes-malades-et-handicapees\/"]}]},{"@type":"ImageObject","inLanguage":"fr-FR","@id":"https:\/\/www.diocese-limoges.fr\/grand-limoges\/paroisses\/saint-luc\/mouvements-deglise\/fraternite-chretiennes-des-personnes-malades-et-handicapees\/#primaryimage","url":"https:\/\/www.diocese-limoges.fr\/grand-limoges\/wp-content\/uploads\/sites\/2\/2020\/10\/img_20190616_150255-1024x768.jpg","contentUrl":"https:\/\/www.diocese-limoges.fr\/grand-limoges\/wp-content\/uploads\/sites\/2\/2020\/10\/img_20190616_150255-1024x768.jpg"},{"@type":"BreadcrumbList","@id":"https:\/\/www.diocese-limoges.fr\/grand-limoges\/paroisses\/saint-luc\/mouvements-deglise\/fraternite-chretiennes-des-personnes-malades-et-handicapees\/#breadcrumb","itemListElement":[{"@type":"ListItem","position":1,"name":"Accueil","item":"https:\/\/www.diocese-limoges.fr\/grand-limoges\/"},{"@type":"ListItem","position":2,"name":"Paroisse Saint-Luc","item":"https:\/\/www.diocese-limoges.fr\/grand-limoges\/paroisses\/saint-luc\/"},{"@type":"ListItem","position":3,"name":"MOUVEMENTS D&rsquo;EGLISE et AUTRES","item":"https:\/\/www.diocese-limoges.fr\/grand-limoges\/paroisses\/saint-luc\/mouvements-deglise\/"},{"@type":"ListItem","position":4,"name":"Fraternit\u00e9 Chr\u00e9tienne des personnes malades et handicap\u00e9es (FCPMH)"}]},{"@type":"WebSite","@id":"https:\/\/www.diocese-limoges.fr\/grand-limoges\/#website","url":"https:\/\/www.diocese-limoges.fr\/grand-limoges\/","name":"Doyenn\u00e9s du Grand Limoges","description":"Dioc\u00e8se de Limoges","potentialAction":[{"@type":"SearchAction","target":{"@type":"EntryPoint","urlTemplate":"https:\/\/www.diocese-limoges.fr\/grand-limoges\/?s={search_term_string}"},"query-input":{"@type":"PropertyValueSpecification","valueRequired":true,"valueName":"search_term_string"}}],"inLanguage":"fr-FR"}]}},"_links":{"self":[{"href":"https:\/\/www.diocese-limoges.fr\/grand-limoges\/wp-json\/wp\/v2\/paroisse\/18466","targetHints":{"allow":["GET"]}}],"collection":[{"href":"https:\/\/www.diocese-limoges.fr\/grand-limoges\/wp-json\/wp\/v2\/paroisse"}],"about":[{"href":"https:\/\/www.diocese-limoges.fr\/grand-limoges\/wp-json\/wp\/v2\/types\/paroisse"}],"author":[{"embeddable":true,"href":"https:\/\/www.diocese-limoges.fr\/grand-limoges\/wp-json\/wp\/v2\/users\/12"}],"up":[{"embeddable":true,"href":"https:\/\/www.diocese-limoges.fr\/grand-limoges\/wp-json\/wp\/v2\/paroisse\/17425"}],"wp:attachment":[{"href":"https:\/\/www.diocese-limoges.fr\/grand-limoges\/wp-json\/wp\/v2\/media?parent=18466"}],"curies":[{"name":"wp","href":"https:\/\/api.w.org\/{rel}","templated":true}]}}