{"id":18630,"date":"2021-01-09T08:44:00","date_gmt":"2021-01-09T07:44:00","guid":{"rendered":"https:\/\/www.diocese-limoges.fr\/grand-limoges\/?post_type=paroisse&#038;p=18630"},"modified":"2023-11-23T22:58:11","modified_gmt":"2023-11-23T21:58:11","slug":"revision-loi-biethique","status":"publish","type":"paroisse","link":"https:\/\/www.diocese-limoges.fr\/grand-limoges\/paroisses\/saint-luc\/informations-locales\/revision-loi-biethique\/","title":{"rendered":"BIOETHIQUE"},"content":{"rendered":"\n<p><em>(L&rsquo;\u00e9v\u00eaque du dioc\u00e8se de Limoges, Mgr Pierre-Antoine BOZO, est membre du groupe <strong>\u00c9glise et Bio\u00e9thique <\/strong>de la Conf\u00e9rence des \u00e9v\u00eaques de France)<\/em><\/p>\n\n\n\n<p><\/p>\n\n\n\n<h2 class=\"wp-block-heading\"><em>2 d\u00e9cembre 2023 :<\/em> Veill\u00e9e pour la vie <em>(pr\u00e9c\u00e9d\u00e9e d&rsquo;une table-ronde)<\/em><\/h2>\n\n\n\n<blockquote class=\"wp-block-quote is-layout-flow wp-block-quote-is-layout-flow\">\n<p>\u00ab\u00a0Le Pr\u00e9sident de la R\u00e9publique a annonc\u00e9 r\u00e9cemment sa d\u00e9cision d\u2019entamer le processus devant aboutir \u00e0 l\u2019inscription dans la Constitution de la libert\u00e9 d\u2019acc\u00e8s \u00e0 l\u2019interruption volontaire de grossesse. \u00c9v\u00eaques de France, nous voulons dire notre inqui\u00e9tude devant ce que signifierait cette inscription. Nous le r\u00e9affirmons : toute vie est un don pour ce monde, un don fragile et pr\u00e9cieux, infiniment digne, \u00e0 accueillir et \u00e0 servir depuis son commencement jusqu\u2019\u00e0 sa fin naturelle.\u00a0\u00bb <em>(Les \u00e9v\u00eaques de France, r\u00e9unis \u00e0 Lourdes en Assembl\u00e9e pl\u00e9ni\u00e8re, le 7 novembre 2023).<\/em><\/p>\n\n\n\n<p>En r\u00e9f\u00e9rence \u00e0 cette d\u00e9claration des \u00e9v\u00eaques de France r\u00e9unis \u00e0 Lourdes, vous \u00eates invit\u00e9s \u00e0 participer \u00e0 la <strong>Veill\u00e9e pour la vie <\/strong>qui aura lieu <strong>\u00e0 Limoges le samedi 2 d\u00e9cembre 2023 \u00e0 20h30 \u00e0 la basilique saint-Michel des Lions<\/strong>. Programme sur <a href=\"https:\/\/www.diocese-limoges.fr\/grand-limoges\/wp-content\/uploads\/sites\/2\/2023\/11\/veillees-pour-la-vie_samedi-2decembre2023_basilique-saint-michel-des-lions.png\"><strong>Veill\u00e9e pour la vie &#8211; Limoges<\/strong><\/a><\/p>\n\n\n\n<p><strong>Elle sera pr\u00e9c\u00e9d\u00e9e, <mark class=\"has-inline-color has-vivid-red-color\">\u00e0 19h30, d&rsquo;une table-ronde<\/mark> sur le th\u00e8me <em>\u00ab\u00a0L&rsquo;avortement sera toujours un drame. Peut-on le constitutionnaliser ? \u00ab\u00a0<\/em><\/strong> en pr\u00e9sence, entre autres, du P\u00e8re Emmanuel RENAULT, titulaire d&rsquo;une licence canonique en th\u00e9ologie morale.<\/p>\n<\/blockquote>\n\n\n\n<h2 class=\"wp-block-heading\"><em>8 avril 2021 :<\/em> Projet de loi sur l&rsquo;euthanasie<\/h2>\n\n\n\n<p>Le jeudi 8 avril 2021, l&rsquo;Assembl\u00e9e Nationale va examiner une <strong>proposition de loi pour une <em>fin de vie libre et choisie<\/em>, <\/strong>visant in fine \u00e0 l\u00e9galiser l&rsquo;euthanasie et le suicide assist\u00e9.<\/p>\n\n\n\n<p>Pour permettre \u00e0 chacun de pouvoir juger r\u00e9ellement des enjeux de ce projet de loi, le responsable national de la <em>Pastorale de la sant\u00e9<\/em> de l\u2019Eglise catholique, le p\u00e8re Jean-Marie Onfray, met \u00e0 notre disposition un texte intitul\u00e9 : <strong><em>\u00ab\u00a0En conscience\u00a0\u00bb.<\/em><\/strong> <\/p>\n\n\n\n<p>Pour acc\u00e9der au document, <strong>cliquer <\/strong>sur <a href=\"https:\/\/www.diocese-limoges.fr\/grand-limoges\/wp-content\/uploads\/sites\/2\/2021\/04\/pere-jean-marie-onfray_snfs-cef_euthanasie_en-conscience-2_date-du-7avril-2021.pdf\">\u00ab\u00a0En conscience\u00a0\u00bb<\/a> <\/p>\n\n\n\n<p><\/p>\n\n\n\n<h2 class=\"wp-block-heading\"><em>Janvier &#8211; F\u00e9vrier 2021 : <\/em>R\u00e9vision de la loi de Bio\u00e9thique 2020\/2021<\/h2>\n\n\n\n<p>La r\u00e9vision de la loi de bio\u00e9thique adopt\u00e9e en deuxi\u00e8me lecture par l&rsquo;Assembl\u00e9e Nationale le 31 juillet 2020 va \u00eatre examin\u00e9e en deuxi\u00e8me lecture par le S\u00e9nat dans les jours \u00e0 venir :<\/p>\n\n\n\n<ul class=\"wp-block-list\">\n<li>en commission sp\u00e9ciale, le 19 janvier 2021<\/li>\n\n\n\n<li>en assembl\u00e9e pl\u00e9ni\u00e8re, les 2, 3 et 4 f\u00e9vrier 2021.<\/li>\n<\/ul>\n\n\n\n<h3 class=\"wp-block-heading\"><em>24 janvier 2021 : <\/em>I<strong>nformation sur le contenu du projet de loi relatif \u00e0 la bio\u00e9thique<\/strong> <strong>qui sera d\u00e9battu en seconde lecture au S\u00e9nat les 2, 3 et 4 f\u00e9vrier 2021<\/strong><\/h3>\n\n\n\n<p><em>Dans la d\u00e9marche <strong>\u00ab&nbsp;Que nos yeux s\u2019ouvrent&nbsp;\u00bb <\/strong>(Voir paragraphe suivant : \u00ab\u00a0R\u00e9vision de la loi de Bio\u00e9thique : \u00ab\u00a0Que nos yeux s&rsquo;ouvrent\u00a0\u00bb),<strong> <\/strong>les \u00e9v\u00eaques de France ont souhait\u00e9&nbsp;\u00ab&nbsp;appeler tous les catholiques ainsi que les hommes et femmes de bonne volont\u00e9 \u00e0 <strong>se tourner vers Dieu en priant et en je\u00fbnant<\/strong> pour Lui demander la gr\u00e2ce de nous ouvrir les yeux \u00e0 tous et d\u2019\u00eatre ensemble des artisans du respect de l\u2019\u00eatre humain d\u00e8s sa conception&nbsp;\u00bb (cf. Le document \u00ab&nbsp;Que nos yeux s\u2019ouvrent&nbsp;!&nbsp;\u00bb &#8211; Je\u00fbnons et prions pour sortir d\u2019une bio\u00e9thique aveugl\u00e9e&nbsp;\u00bb distribu\u00e9 lors des messes du dimanche 17 janvier 2021). <\/em><\/p>\n\n\n\n<p><strong>Pour aider ceux et celles qui d\u00e9sireraient approfondir un peu plus les enjeux que soul\u00e8vent ce projet de loi relatif \u00e0 la bio\u00e9thique<\/strong>, la Conf\u00e9rence des \u00e9v\u00eaques de France (CEF) met \u00e0 leur disposition via internet le podcast<em> \u00ab\u00a0Eglise et bio\u00e9thique\u00a0\u00bb<\/em> qui propose <strong>une \u00ab&nbsp;r\u00e9flexion simple sur les 10 principes fondamentaux<\/strong> de la pr\u00e9servation de la dignit\u00e9 humaine et qui invite chacun \u00e0 un discernement personnel et engag\u00e9&nbsp;\u00bb tout en se laissant interroger par tel ou tel \u00ab&nbsp;principe&nbsp;\u00bb qui lui tient plus particuli\u00e8rement \u00e0 c\u0153ur. <\/p>\n\n\n\n<p><strong>Ce podcast est accessible <\/strong>via le lien internet <em>eglise.catholique.fr<\/em> en cliquant sur <strong><a href=\"https:\/\/eglise.catholique.fr\/podcasts-eglise-bioethique\/\">Acc\u00e8s Podcast<\/a><\/strong>. <strong>Bonne \u00e9coute !<\/strong><\/p>\n\n\n\n<p><strong>A noter que le sommaire de ce podcast consacr\u00e9 aux 10 principes fondamentaux <\/strong>pr\u00e9cit\u00e9s sera distribu\u00e9 dans notre paroisse aux messes de ce dimanche 24 janvier 2021. Et que chaque intitul\u00e9 est accompagn\u00e9s d\u2019<strong>une br\u00e8ve introduction de trois lignes <\/strong>qui situe l\u2019enjeu qu\u2019il suscite.<\/p>\n\n\n\n<p>Ce sommaire est accessible en cliquant sur <strong><a href=\"https:\/\/www.diocese-limoges.fr\/grand-limoges\/wp-content\/uploads\/sites\/2\/2021\/01\/saint-luc_podcast-eglise-et-bioethique_23janvier2021.pdf\">Sommaire<\/a><\/strong>.<\/p>\n\n\n\n<p><em>Equipe pastorale et Equipe COM \u00ab\u00a0Saint-Luc\u00a0\u00bb, 23 janvier 2021<\/em><\/p>\n\n\n\n<h3 class=\"wp-block-heading\"><em>17 janvier 2021 : <\/em>R\u00e9vision de la loi de bio\u00e9thique : Document de la commission \u00ab\u00a0Eglise et Bio\u00e9thique\u00a0\u00bb de la Conf\u00e9rence des \u00e9v\u00eaques de France : \u00ab\u00a0Que nos yeux s&rsquo;ouvrent\u00a0\u00bb<\/h3>\n\n\n\n<p><strong>Au vu de l&rsquo;extr\u00eame gravit\u00e9 des enjeux,<\/strong> la commission <strong>\u00ab\u00a0Eglise et Bio\u00e9thique\u00a0\u00bb<\/strong> de la conf\u00e9rence des Ev\u00eaques de France propose une <strong>d\u00e9marche \u00ab\u00a0Pri\u00e8re et je\u00fbne\u00a0\u00bb<\/strong> pour demander au Seigneur d&rsquo;aider nos \u00e9lus nationaux \u00e0 rester fid\u00e8les \u00e0 la vision anthropologique de l&rsquo;homme telle que l&rsquo;a voulu Dieu en cr\u00e9ant l&rsquo;homme \u00e0 son image comme \u00e0 sa ressemblance  (Gn 1).<\/p>\n\n\n\n<p><strong>Pour acc\u00e9der au texte complet \u00ab\u00a0pr\u00e9sentation du contexte + d\u00e9marche<\/strong>\u00ab\u00a0, cliquer sur <a href=\"https:\/\/www.diocese-limoges.fr\/grand-limoges\/wp-content\/uploads\/sites\/2\/2021\/01\/revision-loi-de-bioethique-janvier-2021_priere-et-jeune.pdf\"><strong><span class=\"has-inline-color has-vivid-red-color\">\u00ab\u00a0Que nos yeux s&rsquo;ouvrent : Je\u00fbnons et prions pour sortir d&rsquo;une bio\u00e9thique aveugl\u00e9e\u00a0\u00bb<\/span><\/strong><\/a>.<\/p>\n\n\n\n<p><strong><span class=\"has-inline-color has-vivid-red-color\">Pour avoir la d\u00e9marche pr\u00e9sent\u00e9e sur une page recto-verso<\/span><\/strong>, voir ci-dessous le mail de l&rsquo;\u00e9quipe pastorale de notre paroisse et le texte de la d\u00e9marche en pi\u00e8ce jointe :<\/p>\n\n\n\n<ul class=\"wp-block-list\">\n<li>mail : cliquer sur <a href=\"https:\/\/www.diocese-limoges.fr\/grand-limoges\/wp-content\/uploads\/sites\/2\/2021\/01\/saint-luc_equipe-pastorale_mail-14-01-2021_jeunons-et-prions_revision-loi-bioethique.pdf\"><strong><span class=\"has-inline-color has-vivid-red-color\">\u00ab\u00a0mail\u00a0\u00bb<\/span><\/strong><\/a><\/li>\n\n\n\n<li>d\u00e9marche : cliquer sur<a href=\"https:\/\/www.diocese-limoges.fr\/grand-limoges\/wp-content\/uploads\/sites\/2\/2021\/01\/saint-luc_equipe-pastorale_demarche-mgr-bozo_priere-et-jeune-bioethique-1_14janvier2021-2.pdf\"> <strong><span class=\"has-inline-color has-vivid-red-color\">\u00ab\u00a0d\u00e9marche\u00a0\u00bb<\/span><\/strong><\/a><\/li>\n<\/ul>\n\n\n\n<p><\/p>\n","protected":false},"author":12,"featured_media":0,"parent":18844,"menu_order":83,"template":"","meta":{"_acf_changed":false},"class_list":["post-18630","paroisse","type-paroisse","status-publish","hentry"],"acf":[],"yoast_head":"<!-- This site is optimized with the Yoast SEO plugin v26.4 - https:\/\/yoast.com\/wordpress\/plugins\/seo\/ -->\n<title>BIOETHIQUE - Doyenn\u00e9s du Grand Limoges<\/title>\n<meta name=\"robots\" content=\"index, follow, max-snippet:-1, max-image-preview:large, max-video-preview:-1\" \/>\n<link rel=\"canonical\" href=\"https:\/\/www.diocese-limoges.fr\/grand-limoges\/paroisses\/saint-luc\/informations-locales\/revision-loi-biethique\/\" \/>\n<meta property=\"og:locale\" content=\"fr_FR\" \/>\n<meta property=\"og:type\" content=\"article\" \/>\n<meta property=\"og:title\" content=\"BIOETHIQUE - Doyenn\u00e9s du Grand Limoges\" \/>\n<meta property=\"og:description\" content=\"(L&rsquo;\u00e9v\u00eaque du dioc\u00e8se de Limoges, Mgr Pierre-Antoine BOZO, est membre du groupe \u00c9glise et Bio\u00e9thique de la Conf\u00e9rence des \u00e9v\u00eaques de France) 2 d\u00e9cembre 2023 : Veill\u00e9e pour la vie (pr\u00e9c\u00e9d\u00e9e d&rsquo;une table-ronde) \u00ab\u00a0Le Pr\u00e9sident de la R\u00e9publique a annonc\u00e9 r\u00e9cemment sa d\u00e9cision d\u2019entamer le processus devant aboutir \u00e0 l\u2019inscription dans la Constitution de la [&hellip;]\" \/>\n<meta property=\"og:url\" content=\"https:\/\/www.diocese-limoges.fr\/grand-limoges\/paroisses\/saint-luc\/informations-locales\/revision-loi-biethique\/\" \/>\n<meta property=\"og:site_name\" content=\"Doyenn\u00e9s du Grand Limoges\" \/>\n<meta property=\"article:modified_time\" content=\"2023-11-23T21:58:11+00:00\" \/>\n<meta name=\"twitter:card\" content=\"summary_large_image\" \/>\n<meta name=\"twitter:label1\" content=\"Dur\u00e9e de lecture estim\u00e9e\" \/>\n\t<meta name=\"twitter:data1\" content=\"4 minutes\" \/>\n<script type=\"application\/ld+json\" class=\"yoast-schema-graph\">{\"@context\":\"https:\/\/schema.org\",\"@graph\":[{\"@type\":\"WebPage\",\"@id\":\"https:\/\/www.diocese-limoges.fr\/grand-limoges\/paroisses\/saint-luc\/informations-locales\/revision-loi-biethique\/\",\"url\":\"https:\/\/www.diocese-limoges.fr\/grand-limoges\/paroisses\/saint-luc\/informations-locales\/revision-loi-biethique\/\",\"name\":\"BIOETHIQUE - Doyenn\u00e9s du Grand Limoges\",\"isPartOf\":{\"@id\":\"https:\/\/www.diocese-limoges.fr\/grand-limoges\/#website\"},\"datePublished\":\"2021-01-09T07:44:00+00:00\",\"dateModified\":\"2023-11-23T21:58:11+00:00\",\"breadcrumb\":{\"@id\":\"https:\/\/www.diocese-limoges.fr\/grand-limoges\/paroisses\/saint-luc\/informations-locales\/revision-loi-biethique\/#breadcrumb\"},\"inLanguage\":\"fr-FR\",\"potentialAction\":[{\"@type\":\"ReadAction\",\"target\":[\"https:\/\/www.diocese-limoges.fr\/grand-limoges\/paroisses\/saint-luc\/informations-locales\/revision-loi-biethique\/\"]}]},{\"@type\":\"BreadcrumbList\",\"@id\":\"https:\/\/www.diocese-limoges.fr\/grand-limoges\/paroisses\/saint-luc\/informations-locales\/revision-loi-biethique\/#breadcrumb\",\"itemListElement\":[{\"@type\":\"ListItem\",\"position\":1,\"name\":\"Accueil\",\"item\":\"https:\/\/www.diocese-limoges.fr\/grand-limoges\/\"},{\"@type\":\"ListItem\",\"position\":2,\"name\":\"Paroisse Saint-Luc\",\"item\":\"https:\/\/www.diocese-limoges.fr\/grand-limoges\/paroisses\/saint-luc\/\"},{\"@type\":\"ListItem\",\"position\":3,\"name\":\"BIOETHIQUE \/ FIN DE VIE \/ CIASE &#8211; ABUS SEXUELS\",\"item\":\"https:\/\/www.diocese-limoges.fr\/grand-limoges\/paroisses\/saint-luc\/informations-locales\/\"},{\"@type\":\"ListItem\",\"position\":4,\"name\":\"BIOETHIQUE\"}]},{\"@type\":\"WebSite\",\"@id\":\"https:\/\/www.diocese-limoges.fr\/grand-limoges\/#website\",\"url\":\"https:\/\/www.diocese-limoges.fr\/grand-limoges\/\",\"name\":\"Doyenn\u00e9s du Grand Limoges\",\"description\":\"Dioc\u00e8se de Limoges\",\"potentialAction\":[{\"@type\":\"SearchAction\",\"target\":{\"@type\":\"EntryPoint\",\"urlTemplate\":\"https:\/\/www.diocese-limoges.fr\/grand-limoges\/?s={search_term_string}\"},\"query-input\":{\"@type\":\"PropertyValueSpecification\",\"valueRequired\":true,\"valueName\":\"search_term_string\"}}],\"inLanguage\":\"fr-FR\"}]}<\/script>\n<!-- \/ Yoast SEO plugin. -->","yoast_head_json":{"title":"BIOETHIQUE - Doyenn\u00e9s du Grand Limoges","robots":{"index":"index","follow":"follow","max-snippet":"max-snippet:-1","max-image-preview":"max-image-preview:large","max-video-preview":"max-video-preview:-1"},"canonical":"https:\/\/www.diocese-limoges.fr\/grand-limoges\/paroisses\/saint-luc\/informations-locales\/revision-loi-biethique\/","og_locale":"fr_FR","og_type":"article","og_title":"BIOETHIQUE - Doyenn\u00e9s du Grand Limoges","og_description":"(L&rsquo;\u00e9v\u00eaque du dioc\u00e8se de Limoges, Mgr Pierre-Antoine BOZO, est membre du groupe \u00c9glise et Bio\u00e9thique de la Conf\u00e9rence des \u00e9v\u00eaques de France) 2 d\u00e9cembre 2023 : Veill\u00e9e pour la vie (pr\u00e9c\u00e9d\u00e9e d&rsquo;une table-ronde) \u00ab\u00a0Le Pr\u00e9sident de la R\u00e9publique a annonc\u00e9 r\u00e9cemment sa d\u00e9cision d\u2019entamer le processus devant aboutir \u00e0 l\u2019inscription dans la Constitution de la [&hellip;]","og_url":"https:\/\/www.diocese-limoges.fr\/grand-limoges\/paroisses\/saint-luc\/informations-locales\/revision-loi-biethique\/","og_site_name":"Doyenn\u00e9s du Grand Limoges","article_modified_time":"2023-11-23T21:58:11+00:00","twitter_card":"summary_large_image","twitter_misc":{"Dur\u00e9e de lecture estim\u00e9e":"4 minutes"},"schema":{"@context":"https:\/\/schema.org","@graph":[{"@type":"WebPage","@id":"https:\/\/www.diocese-limoges.fr\/grand-limoges\/paroisses\/saint-luc\/informations-locales\/revision-loi-biethique\/","url":"https:\/\/www.diocese-limoges.fr\/grand-limoges\/paroisses\/saint-luc\/informations-locales\/revision-loi-biethique\/","name":"BIOETHIQUE - Doyenn\u00e9s du Grand Limoges","isPartOf":{"@id":"https:\/\/www.diocese-limoges.fr\/grand-limoges\/#website"},"datePublished":"2021-01-09T07:44:00+00:00","dateModified":"2023-11-23T21:58:11+00:00","breadcrumb":{"@id":"https:\/\/www.diocese-limoges.fr\/grand-limoges\/paroisses\/saint-luc\/informations-locales\/revision-loi-biethique\/#breadcrumb"},"inLanguage":"fr-FR","potentialAction":[{"@type":"ReadAction","target":["https:\/\/www.diocese-limoges.fr\/grand-limoges\/paroisses\/saint-luc\/informations-locales\/revision-loi-biethique\/"]}]},{"@type":"BreadcrumbList","@id":"https:\/\/www.diocese-limoges.fr\/grand-limoges\/paroisses\/saint-luc\/informations-locales\/revision-loi-biethique\/#breadcrumb","itemListElement":[{"@type":"ListItem","position":1,"name":"Accueil","item":"https:\/\/www.diocese-limoges.fr\/grand-limoges\/"},{"@type":"ListItem","position":2,"name":"Paroisse Saint-Luc","item":"https:\/\/www.diocese-limoges.fr\/grand-limoges\/paroisses\/saint-luc\/"},{"@type":"ListItem","position":3,"name":"BIOETHIQUE \/ FIN DE VIE \/ CIASE &#8211; ABUS SEXUELS","item":"https:\/\/www.diocese-limoges.fr\/grand-limoges\/paroisses\/saint-luc\/informations-locales\/"},{"@type":"ListItem","position":4,"name":"BIOETHIQUE"}]},{"@type":"WebSite","@id":"https:\/\/www.diocese-limoges.fr\/grand-limoges\/#website","url":"https:\/\/www.diocese-limoges.fr\/grand-limoges\/","name":"Doyenn\u00e9s du Grand Limoges","description":"Dioc\u00e8se de Limoges","potentialAction":[{"@type":"SearchAction","target":{"@type":"EntryPoint","urlTemplate":"https:\/\/www.diocese-limoges.fr\/grand-limoges\/?s={search_term_string}"},"query-input":{"@type":"PropertyValueSpecification","valueRequired":true,"valueName":"search_term_string"}}],"inLanguage":"fr-FR"}]}},"_links":{"self":[{"href":"https:\/\/www.diocese-limoges.fr\/grand-limoges\/wp-json\/wp\/v2\/paroisse\/18630","targetHints":{"allow":["GET"]}}],"collection":[{"href":"https:\/\/www.diocese-limoges.fr\/grand-limoges\/wp-json\/wp\/v2\/paroisse"}],"about":[{"href":"https:\/\/www.diocese-limoges.fr\/grand-limoges\/wp-json\/wp\/v2\/types\/paroisse"}],"author":[{"embeddable":true,"href":"https:\/\/www.diocese-limoges.fr\/grand-limoges\/wp-json\/wp\/v2\/users\/12"}],"up":[{"embeddable":true,"href":"https:\/\/www.diocese-limoges.fr\/grand-limoges\/wp-json\/wp\/v2\/paroisse\/18844"}],"wp:attachment":[{"href":"https:\/\/www.diocese-limoges.fr\/grand-limoges\/wp-json\/wp\/v2\/media?parent=18630"}],"curies":[{"name":"wp","href":"https:\/\/api.w.org\/{rel}","templated":true}]}}