{"id":19474,"date":"2021-08-04T14:10:52","date_gmt":"2021-08-04T12:10:52","guid":{"rendered":"https:\/\/www.diocese-limoges.fr\/grand-limoges\/?post_type=paroisse&#038;p=19474"},"modified":"2025-02-19T23:22:50","modified_gmt":"2025-02-19T22:22:50","slug":"ear-des-saints-anges","status":"publish","type":"paroisse","link":"https:\/\/www.diocese-limoges.fr\/grand-limoges\/paroisses\/saint-eloi-des-hauts-de-laurence\/notre-paroisse\/les-equipes-danimation-de-relais-ear\/ear-des-saints-anges\/","title":{"rendered":"EAR des Saints-Anges"},"content":{"rendered":"\n<div class=\"wp-block-columns is-layout-flex wp-container-core-columns-is-layout-28f84493 wp-block-columns-is-layout-flex\">\n<div class=\"wp-block-column is-layout-flow wp-block-column-is-layout-flow\" style=\"flex-basis:33.33%\">\n<p><\/p>\n\n\n\n<div class=\"wp-block-columns is-layout-flex wp-container-core-columns-is-layout-28f84493 wp-block-columns-is-layout-flex\">\n<div class=\"wp-block-column is-layout-flow wp-block-column-is-layout-flow\">\n<figure class=\"wp-block-image size-full is-style-rounded\"><img loading=\"lazy\" decoding=\"async\" width=\"273\" height=\"446\" src=\"https:\/\/www.diocese-limoges.fr\/grand-limoges\/wp-content\/uploads\/sites\/2\/2023\/05\/2021ear-saints-anges-6.jpg\" alt=\"\" class=\"wp-image-21783\" srcset=\"https:\/\/www.diocese-limoges.fr\/grand-limoges\/wp-content\/uploads\/sites\/2\/2023\/05\/2021ear-saints-anges-6.jpg 273w, https:\/\/www.diocese-limoges.fr\/grand-limoges\/wp-content\/uploads\/sites\/2\/2023\/05\/2021ear-saints-anges-6-184x300.jpg 184w\" sizes=\"auto, (max-width: 273px) 100vw, 273px\" \/><figcaption>Gis\u00e8le<\/figcaption><\/figure>\n<\/div>\n\n\n\n<div class=\"wp-block-column is-layout-flow wp-block-column-is-layout-flow\">\n<figure class=\"wp-block-image size-full is-resized is-style-rounded\"><img loading=\"lazy\" decoding=\"async\" src=\"https:\/\/www.diocese-limoges.fr\/grand-limoges\/wp-content\/uploads\/sites\/2\/2023\/05\/2021ear-saints-anges-4.jpg\" alt=\"\" class=\"wp-image-21781\" width=\"95\" height=\"143\" srcset=\"https:\/\/www.diocese-limoges.fr\/grand-limoges\/wp-content\/uploads\/sites\/2\/2023\/05\/2021ear-saints-anges-4.jpg 355w, https:\/\/www.diocese-limoges.fr\/grand-limoges\/wp-content\/uploads\/sites\/2\/2023\/05\/2021ear-saints-anges-4-199x300.jpg 199w\" sizes=\"auto, (max-width: 95px) 100vw, 95px\" \/><figcaption>MarieNo\u00ebl<\/figcaption><\/figure>\n<\/div>\n\n\n\n<div class=\"wp-block-column is-layout-flow wp-block-column-is-layout-flow\">\n<figure class=\"wp-block-image size-full is-resized is-style-rounded\"><img loading=\"lazy\" decoding=\"async\" src=\"https:\/\/www.diocese-limoges.fr\/grand-limoges\/wp-content\/uploads\/sites\/2\/2023\/05\/2021ear-saints-anges-7.jpg\" alt=\"\" class=\"wp-image-21785\" width=\"105\" height=\"165\" srcset=\"https:\/\/www.diocese-limoges.fr\/grand-limoges\/wp-content\/uploads\/sites\/2\/2023\/05\/2021ear-saints-anges-7.jpg 259w, https:\/\/www.diocese-limoges.fr\/grand-limoges\/wp-content\/uploads\/sites\/2\/2023\/05\/2021ear-saints-anges-7-190x300.jpg 190w\" sizes=\"auto, (max-width: 105px) 100vw, 105px\" \/><figcaption>Laurence<\/figcaption><\/figure>\n<\/div>\n<\/div>\n\n\n\n<p><\/p>\n<\/div>\n\n\n\n<div class=\"wp-block-column is-layout-flow wp-block-column-is-layout-flow\" style=\"flex-basis:66.66%\">\n<p><a>Une nouvelle \u00e9quipe d\u2019animation au Relais des Saints-Anges<\/a><\/p>\n\n\n\n<p>Trois visages bien connus \u00e0 l\u2019int\u00e9rieur comme \u00e0 l\u2019ext\u00e9rieur de l\u2019\u00e9glise constituent cette  \u00e9quipe\u00a0: Gis\u00e8le Robert, Marie-No\u00ebl Marcon, Laurence Nancy . Elles se r\u00e9unissent chaque mois avec un membre de l\u2019\u00c9quipe Pastorale et se mobilisent sur des initiatives et des actions de proximit\u00e9 dans un esprit missionnaire. Aujourd\u2019hui elles veillent par exemple \u00e0 l\u2019organisation des permanences de relais et des ouverture et fermetures de l\u2019\u00e9glise des Saints Anges\u2026<\/p>\n\n\n\n<p><\/p>\n<\/div>\n<\/div>\n\n\n\n<p><\/p>\n","protected":false},"author":10,"featured_media":19534,"parent":17216,"menu_order":129,"template":"","meta":{"_acf_changed":true},"class_list":["post-19474","paroisse","type-paroisse","status-publish","has-post-thumbnail","hentry"],"acf":[],"yoast_head":"<!-- This site is optimized with the Yoast SEO plugin v26.4 - https:\/\/yoast.com\/wordpress\/plugins\/seo\/ -->\n<title>EAR des Saints-Anges - Doyenn\u00e9s du Grand Limoges<\/title>\n<meta name=\"robots\" content=\"index, follow, max-snippet:-1, max-image-preview:large, max-video-preview:-1\" \/>\n<link rel=\"canonical\" href=\"https:\/\/www.diocese-limoges.fr\/grand-limoges\/paroisses\/saint-eloi-des-hauts-de-laurence\/notre-paroisse\/les-equipes-danimation-de-relais-ear\/ear-des-saints-anges\/\" \/>\n<meta property=\"og:locale\" content=\"fr_FR\" \/>\n<meta property=\"og:type\" content=\"article\" \/>\n<meta property=\"og:title\" content=\"EAR des Saints-Anges - Doyenn\u00e9s du Grand Limoges\" \/>\n<meta property=\"og:description\" content=\"Une nouvelle \u00e9quipe d\u2019animation au Relais des Saints-Anges Trois visages bien connus \u00e0 l\u2019int\u00e9rieur comme \u00e0 l\u2019ext\u00e9rieur de l\u2019\u00e9glise constituent cette \u00e9quipe\u00a0: Gis\u00e8le Robert, Marie-No\u00ebl Marcon, Laurence Nancy . Elles se r\u00e9unissent chaque mois avec un membre de l\u2019\u00c9quipe Pastorale et se mobilisent sur des initiatives et des actions de proximit\u00e9 dans un esprit missionnaire. [&hellip;]\" \/>\n<meta property=\"og:url\" content=\"https:\/\/www.diocese-limoges.fr\/grand-limoges\/paroisses\/saint-eloi-des-hauts-de-laurence\/notre-paroisse\/les-equipes-danimation-de-relais-ear\/ear-des-saints-anges\/\" \/>\n<meta property=\"og:site_name\" content=\"Doyenn\u00e9s du Grand Limoges\" \/>\n<meta property=\"article:modified_time\" content=\"2025-02-19T22:22:50+00:00\" \/>\n<meta property=\"og:image\" content=\"https:\/\/www.diocese-limoges.fr\/grand-limoges\/wp-content\/uploads\/sites\/2\/2021\/08\/presbytere-sa-3.jpg\" \/>\n\t<meta property=\"og:image:width\" content=\"951\" \/>\n\t<meta property=\"og:image:height\" content=\"325\" \/>\n\t<meta property=\"og:image:type\" content=\"image\/jpeg\" \/>\n<meta name=\"twitter:card\" content=\"summary_large_image\" \/>\n<meta name=\"twitter:label1\" content=\"Dur\u00e9e de lecture estim\u00e9e\" \/>\n\t<meta name=\"twitter:data1\" content=\"2 minutes\" \/>\n<script type=\"application\/ld+json\" class=\"yoast-schema-graph\">{\"@context\":\"https:\/\/schema.org\",\"@graph\":[{\"@type\":\"WebPage\",\"@id\":\"https:\/\/www.diocese-limoges.fr\/grand-limoges\/paroisses\/saint-eloi-des-hauts-de-laurence\/notre-paroisse\/les-equipes-danimation-de-relais-ear\/ear-des-saints-anges\/\",\"url\":\"https:\/\/www.diocese-limoges.fr\/grand-limoges\/paroisses\/saint-eloi-des-hauts-de-laurence\/notre-paroisse\/les-equipes-danimation-de-relais-ear\/ear-des-saints-anges\/\",\"name\":\"EAR des Saints-Anges - Doyenn\u00e9s du Grand Limoges\",\"isPartOf\":{\"@id\":\"https:\/\/www.diocese-limoges.fr\/grand-limoges\/#website\"},\"primaryImageOfPage\":{\"@id\":\"https:\/\/www.diocese-limoges.fr\/grand-limoges\/paroisses\/saint-eloi-des-hauts-de-laurence\/notre-paroisse\/les-equipes-danimation-de-relais-ear\/ear-des-saints-anges\/#primaryimage\"},\"image\":{\"@id\":\"https:\/\/www.diocese-limoges.fr\/grand-limoges\/paroisses\/saint-eloi-des-hauts-de-laurence\/notre-paroisse\/les-equipes-danimation-de-relais-ear\/ear-des-saints-anges\/#primaryimage\"},\"thumbnailUrl\":\"https:\/\/www.diocese-limoges.fr\/grand-limoges\/wp-content\/uploads\/sites\/2\/2021\/08\/presbytere-sa-3.jpg\",\"datePublished\":\"2021-08-04T12:10:52+00:00\",\"dateModified\":\"2025-02-19T22:22:50+00:00\",\"breadcrumb\":{\"@id\":\"https:\/\/www.diocese-limoges.fr\/grand-limoges\/paroisses\/saint-eloi-des-hauts-de-laurence\/notre-paroisse\/les-equipes-danimation-de-relais-ear\/ear-des-saints-anges\/#breadcrumb\"},\"inLanguage\":\"fr-FR\",\"potentialAction\":[{\"@type\":\"ReadAction\",\"target\":[\"https:\/\/www.diocese-limoges.fr\/grand-limoges\/paroisses\/saint-eloi-des-hauts-de-laurence\/notre-paroisse\/les-equipes-danimation-de-relais-ear\/ear-des-saints-anges\/\"]}]},{\"@type\":\"ImageObject\",\"inLanguage\":\"fr-FR\",\"@id\":\"https:\/\/www.diocese-limoges.fr\/grand-limoges\/paroisses\/saint-eloi-des-hauts-de-laurence\/notre-paroisse\/les-equipes-danimation-de-relais-ear\/ear-des-saints-anges\/#primaryimage\",\"url\":\"https:\/\/www.diocese-limoges.fr\/grand-limoges\/wp-content\/uploads\/sites\/2\/2021\/08\/presbytere-sa-3.jpg\",\"contentUrl\":\"https:\/\/www.diocese-limoges.fr\/grand-limoges\/wp-content\/uploads\/sites\/2\/2021\/08\/presbytere-sa-3.jpg\",\"width\":951,\"height\":325},{\"@type\":\"BreadcrumbList\",\"@id\":\"https:\/\/www.diocese-limoges.fr\/grand-limoges\/paroisses\/saint-eloi-des-hauts-de-laurence\/notre-paroisse\/les-equipes-danimation-de-relais-ear\/ear-des-saints-anges\/#breadcrumb\",\"itemListElement\":[{\"@type\":\"ListItem\",\"position\":1,\"name\":\"Accueil\",\"item\":\"https:\/\/www.diocese-limoges.fr\/grand-limoges\/\"},{\"@type\":\"ListItem\",\"position\":2,\"name\":\"Paroisse Saint-\u00c9loi-des-Hauts-de-l&rsquo;Aurence\",\"item\":\"https:\/\/www.diocese-limoges.fr\/grand-limoges\/paroisses\/saint-eloi-des-hauts-de-laurence\/\"},{\"@type\":\"ListItem\",\"position\":3,\"name\":\"La vie de notre paroisse : \u00c9quipe pastorale, \u00c9quipes d&rsquo;animation de Relais, Conseil \u00e9conomique&#8230;\",\"item\":\"https:\/\/www.diocese-limoges.fr\/grand-limoges\/paroisses\/saint-eloi-des-hauts-de-laurence\/notre-paroisse\/\"},{\"@type\":\"ListItem\",\"position\":4,\"name\":\"Les \u00e9quipes d&rsquo;animation de relais (EAR)\",\"item\":\"https:\/\/www.diocese-limoges.fr\/grand-limoges\/paroisses\/saint-eloi-des-hauts-de-laurence\/notre-paroisse\/les-equipes-danimation-de-relais-ear\/\"},{\"@type\":\"ListItem\",\"position\":5,\"name\":\"EAR des Saints-Anges\"}]},{\"@type\":\"WebSite\",\"@id\":\"https:\/\/www.diocese-limoges.fr\/grand-limoges\/#website\",\"url\":\"https:\/\/www.diocese-limoges.fr\/grand-limoges\/\",\"name\":\"Doyenn\u00e9s du Grand Limoges\",\"description\":\"Dioc\u00e8se de Limoges\",\"potentialAction\":[{\"@type\":\"SearchAction\",\"target\":{\"@type\":\"EntryPoint\",\"urlTemplate\":\"https:\/\/www.diocese-limoges.fr\/grand-limoges\/?s={search_term_string}\"},\"query-input\":{\"@type\":\"PropertyValueSpecification\",\"valueRequired\":true,\"valueName\":\"search_term_string\"}}],\"inLanguage\":\"fr-FR\"}]}<\/script>\n<!-- \/ Yoast SEO plugin. -->","yoast_head_json":{"title":"EAR des Saints-Anges - Doyenn\u00e9s du Grand Limoges","robots":{"index":"index","follow":"follow","max-snippet":"max-snippet:-1","max-image-preview":"max-image-preview:large","max-video-preview":"max-video-preview:-1"},"canonical":"https:\/\/www.diocese-limoges.fr\/grand-limoges\/paroisses\/saint-eloi-des-hauts-de-laurence\/notre-paroisse\/les-equipes-danimation-de-relais-ear\/ear-des-saints-anges\/","og_locale":"fr_FR","og_type":"article","og_title":"EAR des Saints-Anges - Doyenn\u00e9s du Grand Limoges","og_description":"Une nouvelle \u00e9quipe d\u2019animation au Relais des Saints-Anges Trois visages bien connus \u00e0 l\u2019int\u00e9rieur comme \u00e0 l\u2019ext\u00e9rieur de l\u2019\u00e9glise constituent cette \u00e9quipe\u00a0: Gis\u00e8le Robert, Marie-No\u00ebl Marcon, Laurence Nancy . Elles se r\u00e9unissent chaque mois avec un membre de l\u2019\u00c9quipe Pastorale et se mobilisent sur des initiatives et des actions de proximit\u00e9 dans un esprit missionnaire. [&hellip;]","og_url":"https:\/\/www.diocese-limoges.fr\/grand-limoges\/paroisses\/saint-eloi-des-hauts-de-laurence\/notre-paroisse\/les-equipes-danimation-de-relais-ear\/ear-des-saints-anges\/","og_site_name":"Doyenn\u00e9s du Grand Limoges","article_modified_time":"2025-02-19T22:22:50+00:00","og_image":[{"width":951,"height":325,"url":"https:\/\/www.diocese-limoges.fr\/grand-limoges\/wp-content\/uploads\/sites\/2\/2021\/08\/presbytere-sa-3.jpg","type":"image\/jpeg"}],"twitter_card":"summary_large_image","twitter_misc":{"Dur\u00e9e de lecture estim\u00e9e":"2 minutes"},"schema":{"@context":"https:\/\/schema.org","@graph":[{"@type":"WebPage","@id":"https:\/\/www.diocese-limoges.fr\/grand-limoges\/paroisses\/saint-eloi-des-hauts-de-laurence\/notre-paroisse\/les-equipes-danimation-de-relais-ear\/ear-des-saints-anges\/","url":"https:\/\/www.diocese-limoges.fr\/grand-limoges\/paroisses\/saint-eloi-des-hauts-de-laurence\/notre-paroisse\/les-equipes-danimation-de-relais-ear\/ear-des-saints-anges\/","name":"EAR des Saints-Anges - Doyenn\u00e9s du Grand Limoges","isPartOf":{"@id":"https:\/\/www.diocese-limoges.fr\/grand-limoges\/#website"},"primaryImageOfPage":{"@id":"https:\/\/www.diocese-limoges.fr\/grand-limoges\/paroisses\/saint-eloi-des-hauts-de-laurence\/notre-paroisse\/les-equipes-danimation-de-relais-ear\/ear-des-saints-anges\/#primaryimage"},"image":{"@id":"https:\/\/www.diocese-limoges.fr\/grand-limoges\/paroisses\/saint-eloi-des-hauts-de-laurence\/notre-paroisse\/les-equipes-danimation-de-relais-ear\/ear-des-saints-anges\/#primaryimage"},"thumbnailUrl":"https:\/\/www.diocese-limoges.fr\/grand-limoges\/wp-content\/uploads\/sites\/2\/2021\/08\/presbytere-sa-3.jpg","datePublished":"2021-08-04T12:10:52+00:00","dateModified":"2025-02-19T22:22:50+00:00","breadcrumb":{"@id":"https:\/\/www.diocese-limoges.fr\/grand-limoges\/paroisses\/saint-eloi-des-hauts-de-laurence\/notre-paroisse\/les-equipes-danimation-de-relais-ear\/ear-des-saints-anges\/#breadcrumb"},"inLanguage":"fr-FR","potentialAction":[{"@type":"ReadAction","target":["https:\/\/www.diocese-limoges.fr\/grand-limoges\/paroisses\/saint-eloi-des-hauts-de-laurence\/notre-paroisse\/les-equipes-danimation-de-relais-ear\/ear-des-saints-anges\/"]}]},{"@type":"ImageObject","inLanguage":"fr-FR","@id":"https:\/\/www.diocese-limoges.fr\/grand-limoges\/paroisses\/saint-eloi-des-hauts-de-laurence\/notre-paroisse\/les-equipes-danimation-de-relais-ear\/ear-des-saints-anges\/#primaryimage","url":"https:\/\/www.diocese-limoges.fr\/grand-limoges\/wp-content\/uploads\/sites\/2\/2021\/08\/presbytere-sa-3.jpg","contentUrl":"https:\/\/www.diocese-limoges.fr\/grand-limoges\/wp-content\/uploads\/sites\/2\/2021\/08\/presbytere-sa-3.jpg","width":951,"height":325},{"@type":"BreadcrumbList","@id":"https:\/\/www.diocese-limoges.fr\/grand-limoges\/paroisses\/saint-eloi-des-hauts-de-laurence\/notre-paroisse\/les-equipes-danimation-de-relais-ear\/ear-des-saints-anges\/#breadcrumb","itemListElement":[{"@type":"ListItem","position":1,"name":"Accueil","item":"https:\/\/www.diocese-limoges.fr\/grand-limoges\/"},{"@type":"ListItem","position":2,"name":"Paroisse Saint-\u00c9loi-des-Hauts-de-l&rsquo;Aurence","item":"https:\/\/www.diocese-limoges.fr\/grand-limoges\/paroisses\/saint-eloi-des-hauts-de-laurence\/"},{"@type":"ListItem","position":3,"name":"La vie de notre paroisse : \u00c9quipe pastorale, \u00c9quipes d&rsquo;animation de Relais, Conseil \u00e9conomique&#8230;","item":"https:\/\/www.diocese-limoges.fr\/grand-limoges\/paroisses\/saint-eloi-des-hauts-de-laurence\/notre-paroisse\/"},{"@type":"ListItem","position":4,"name":"Les \u00e9quipes d&rsquo;animation de relais (EAR)","item":"https:\/\/www.diocese-limoges.fr\/grand-limoges\/paroisses\/saint-eloi-des-hauts-de-laurence\/notre-paroisse\/les-equipes-danimation-de-relais-ear\/"},{"@type":"ListItem","position":5,"name":"EAR des Saints-Anges"}]},{"@type":"WebSite","@id":"https:\/\/www.diocese-limoges.fr\/grand-limoges\/#website","url":"https:\/\/www.diocese-limoges.fr\/grand-limoges\/","name":"Doyenn\u00e9s du Grand Limoges","description":"Dioc\u00e8se de Limoges","potentialAction":[{"@type":"SearchAction","target":{"@type":"EntryPoint","urlTemplate":"https:\/\/www.diocese-limoges.fr\/grand-limoges\/?s={search_term_string}"},"query-input":{"@type":"PropertyValueSpecification","valueRequired":true,"valueName":"search_term_string"}}],"inLanguage":"fr-FR"}]}},"_links":{"self":[{"href":"https:\/\/www.diocese-limoges.fr\/grand-limoges\/wp-json\/wp\/v2\/paroisse\/19474","targetHints":{"allow":["GET"]}}],"collection":[{"href":"https:\/\/www.diocese-limoges.fr\/grand-limoges\/wp-json\/wp\/v2\/paroisse"}],"about":[{"href":"https:\/\/www.diocese-limoges.fr\/grand-limoges\/wp-json\/wp\/v2\/types\/paroisse"}],"author":[{"embeddable":true,"href":"https:\/\/www.diocese-limoges.fr\/grand-limoges\/wp-json\/wp\/v2\/users\/10"}],"up":[{"embeddable":true,"href":"https:\/\/www.diocese-limoges.fr\/grand-limoges\/wp-json\/wp\/v2\/paroisse\/17216"}],"wp:featuredmedia":[{"embeddable":true,"href":"https:\/\/www.diocese-limoges.fr\/grand-limoges\/wp-json\/wp\/v2\/media\/19534"}],"wp:attachment":[{"href":"https:\/\/www.diocese-limoges.fr\/grand-limoges\/wp-json\/wp\/v2\/media?parent=19474"}],"curies":[{"name":"wp","href":"https:\/\/api.w.org\/{rel}","templated":true}]}}