{"id":19652,"date":"2021-10-23T10:00:00","date_gmt":"2021-10-23T08:00:00","guid":{"rendered":"https:\/\/www.diocese-limoges.fr\/grand-limoges\/?post_type=paroisse&#038;p=19652"},"modified":"2023-10-15T19:23:40","modified_gmt":"2023-10-15T17:23:40","slug":"synodalite-diocese-de-limoges","status":"publish","type":"paroisse","link":"https:\/\/www.diocese-limoges.fr\/grand-limoges\/paroisses\/saint-luc\/synodalite-diocese-de-limoges\/","title":{"rendered":"SYNODALITE"},"content":{"rendered":"\n<p class=\"has-small-font-size\"><em><mark class=\"has-inline-color has-black-color\">Nous conservons dans cette rubrique l&rsquo;ensemble des documents mis \u00e0 la disposition de notre communaut\u00e9 paroissiale Saint-Luc au titre <\/mark><\/em><\/p>\n\n\n\n<ul class=\"has-small-font-size wp-block-list\">\n<li><em>d&rsquo;une part, <mark class=\"has-inline-color has-black-color\">de <strong>notre participation \u00e0 la d\u00e9marche synodale dioc\u00e9saine \u00ab\u00a0Pentec\u00f4te 2022\u00a0\u00bb <\/strong>initi\u00e9e en mai 2021 <\/mark><\/em><\/li>\n\n\n\n<li><em><mark class=\"has-inline-color has-black-color\">et d&rsquo;autre part, <strong>de l&rsquo;\u00e9laboration et de la mise en oeuvre de projets<\/strong> <\/mark>visant \u00e0 rendre notre communaut\u00e9 plus fraternelle et plus missionnaire dans l&rsquo;annonce de la Bonne Nouvelle<\/em>.<\/li>\n<\/ul>\n\n\n\n<p class=\"has-small-font-size\">Concernant l&rsquo;acc\u00e8s aux documents, <\/p>\n\n\n\n<ul class=\"has-small-font-size wp-block-list\">\n<li><strong><mark class=\"has-inline-color has-black-color\">Les intitul\u00e9s<\/mark><\/strong><mark class=\"has-inline-color has-black-color\"><strong> des <\/strong><\/mark><strong><mark class=\"has-inline-color has-black-color\">informations <\/mark>relevant de la paroisse Saint Luc <\/strong>sont en <strong><mark class=\"has-inline-color has-vivid-purple-color\">violet<\/mark><\/strong>, celles du dioc\u00e8se et d&rsquo;autres sources sont en<strong><mark class=\"has-inline-color has-black-color\"> noir<\/mark><\/strong>.<\/li>\n\n\n\n<li>Les <strong>informations <\/strong>sont class\u00e9es par ordre chronologique avec, <strong>si l&rsquo;information est importante<\/strong>, indication de la date en <strong><mark class=\"has-inline-color has-vivid-red-color\">rouge<\/mark><\/strong>. <\/li>\n\n\n\n<li><strong><mark class=\"has-inline-color has-black-color\">Le lien d&rsquo;acc\u00e8s <\/mark><\/strong><mark class=\"has-inline-color has-black-color\">\u00e0 l&rsquo;information est en<\/mark><strong><mark class=\"has-inline-color has-black-color\"> <\/mark><mark class=\"has-inline-color has-vivid-cyan-blue-color\"><span style=\"text-decoration: underline\">bleu soulign\u00e9<\/span><\/mark><\/strong> annonc\u00e9 soit par <strong><span style=\"text-decoration: underline\"><mark class=\"has-inline-color has-vivid-cyan-blue-color\">Cliquer ICI<\/mark><\/span><\/strong> soit par un<mark class=\"has-inline-color has-vivid-cyan-blue-color\"> <strong><span style=\"text-decoration: underline\">titre soulign\u00e9<\/span><\/strong><\/mark>.<\/li>\n<\/ul>\n\n\n\n<h3 class=\"wp-block-heading\"><mark class=\"has-inline-color has-vivid-red-color\">23.\/ Dimanche 15 octobre 2023 :<\/mark> <mark class=\"has-inline-color has-vivid-purple-color\">Annonce aux messes messes dominicales des 14 et 15 octobre, sur la suite de notre d\u00e9marche \u00ab\u00a0SYNODALITE\u00a0\u00bb<\/mark><\/h3>\n\n\n\n<p>Notre d\u00e9marche synodale dans la paroisse saint Luc va franchir aujourd\u2019hui <strong>une nouvelle \u00e9tape<\/strong>&nbsp;:<\/p>\n\n\n\n<ul class=\"wp-block-list\">\n<li>A partir des comptes-rendus des petits groupes d\u2019avril\/mai derniers, nous avons identifi\u00e9 <strong>7 grands th\u00e8mes \u00e0 travailler<\/strong> pour rendre notre paroisse toujours plus fid\u00e8le \u00e0 sa mission. Chacun de ces th\u00e8mes sera pris en main par un groupe de paroissiens qui identifiera les actions concr\u00e8tes \u00e0 mettre en \u0153uvre.<\/li>\n\n\n\n<li>Ces 7 sujets ne pourront pas \u00eatre trait\u00e9s simultan\u00e9ment. Et nous avons besoin de votre avis pour \u00e9tablir <strong>les priorit\u00e9s<\/strong>.<\/li>\n<\/ul>\n\n\n\n<p>A la sortie de cette messe, <strong><a href=\"https:\/\/www.diocese-limoges.fr\/grand-limoges\/wp-content\/uploads\/sites\/2\/2023\/10\/saint-luc_synodalite_questionnaire-projets-a-mettre-en-oeuvre_valide-12oct2023_pour-distribution.pdf\">un \u00ab\u00a0QUESTIONNAIRE\u00a0\u00bb r\u00e9capitulant ces diff\u00e9rents th\u00e8mes<\/a><\/strong> vous sera distribu\u00e9. Et vous \u00eates invit\u00e9s \u00e0 <strong>cocher <\/strong>les 3 sujets parmi les 7 qui vous paraissent <strong>les plus urgents<\/strong>. Vous remettrez ensuite le document ainsi coch\u00e9 dans une des bo\u00eetes en bas des \u00e9glises ou dans une pani\u00e8re de qu\u00eate lors des messes, au plus tard le<strong> 29 octobre<\/strong>, c\u2019est-\u00e0-dire dans 15 jours.<\/p>\n\n\n\n<p>A partir de vos r\u00e9ponses, nous \u00e9tablirons donc la liste des priorit\u00e9s. Et le 18 novembre les principaux acteurs paroissiaux se r\u00e9uniront pour organiser l\u2019\u00e9tude et la mise en \u0153uvre des premiers sujets.<\/p>\n\n\n\n<h3 class=\"wp-block-heading\"><mark class=\"has-inline-color has-vivid-red-color\">22.\/ Samedi 14 octobre 2023<\/mark><mark class=\"has-inline-color has-black-color\"> : Deux \u00e9missions KTO \u00e0 conna\u00eetre sur la rencontre en cours au Vatican concernant l&rsquo;\u00e9tape \u00ab\u00a0continentale\u00a0\u00bb du Synode sur l&rsquo;avenir de l&rsquo;Eglise<\/mark><\/h3>\n\n\n\n<p>Actuellement se tient durant tout ce mois d\u2019octobre 2023, une rencontre \u00e0 Rome pour examiner les \u00ab&nbsp;remont\u00e9es&nbsp;continentales&nbsp;\u00bb de l\u2019ensemble des propositions de chaque \u00ab&nbsp;continent&nbsp;\u00bb. Deux \u00e9missions KTO permettent d\u2019en saisir toute l\u2019importance pour l\u2019Eglise d\u2019aujourd\u2019hui, une Eglise r\u00e9partie sur 7 continents avec des contextes sp\u00e9cifiques \u00e0 chacun :<\/p>\n\n\n\n<ul class=\"wp-block-list\">\n<li><strong><a href=\"https:\/\/www.youtube.com\/watch?v=xX68S76GANw\">\u00ab&nbsp;Les enjeux&nbsp;\u00bb de ce synode sur l\u2019Eglise<\/a> (4 octobre 2023). <\/strong>Avec, parmi les participants \u00e0 cette \u00e9mission, une religieuse de la congr\u00e9gation des Soeurs de l\u2019Immacul\u00e9e Conception de Castres pr\u00e9sente sur notre paroisse Saint-Luc.<\/li>\n\n\n\n<li>le <strong><a href=\"https:\/\/www.ktotv.com\/video\/00430712\/grands-temoins-nathalie-becquart#:~:text=%C3%80%20l%27occasion%20de%20la,au%2014%20ao%C3%BBt%20%C3%A0%2014h30.\">\u00ab&nbsp;Pourquoi ce Synode sur l\u2019avenir de l\u2019Eglise&nbsp;\u00bb<\/a> <\/strong>pr\u00e9sent\u00e9e \u00e0 Lourdes en Ao\u00fbt 2023 par Sr Nathalie Becquart<strong>,<\/strong> sous-secr\u00e9taire du Synode des Ev\u00eaques au Vatican. A noter, entre autres, une pr\u00e9sentation de la prise de d\u00e9cision en groupe appel\u00e9e <strong>\u00ab&nbsp;Conversation dans l\u2019Esprit&nbsp;\u00bb<\/strong> (Cf. <em><a href=\"https:\/\/www.synod.va\/content\/dam\/synod\/common\/phases\/universal-stage\/il\/FRA_INSTRUMENTUM-LABORIS.pdf\"><strong>Instrumentum laboris<\/strong><\/a><\/em>, pages 14 \u00e0 17).<\/li>\n<\/ul>\n\n\n\n<h3 class=\"wp-block-heading\"><mark class=\"has-inline-color has-vivid-red-color\"><strong>21.\/ Samedi 24 juin 2023 : <\/strong><\/mark><mark class=\"has-inline-color has-vivid-purple-color\"><strong>Point d&rsquo;\u00e9tape accompagn\u00e9 des<\/strong> <strong>comptes-rendus des groupes de r\u00e9flexion \u00ab\u00a0SYNODALITE\u00a0\u00bb sur les trois th\u00e8mes retenus en vue de rendre notre paroisse Saint-Luc plus ouverte au monde d&rsquo;aujourd&rsquo;hui<\/strong><\/mark><strong><mark class=\"has-inline-color has-black-color\"> <\/mark><\/strong><\/h3>\n\n\n\n<p><em>(<mark><mark style=\"background-color:#ffffff\" class=\"has-inline-color\">Voir ci-dessous annonce en date du <\/mark><strong><mark style=\"background-color:#ffffff\" class=\"has-inline-color has-vivid-red-color\">19.\/ Samedi 11 et dimanche 12 f\u00e9vrier 2023 <\/mark><\/strong><mark style=\"background-color:#ffffff\" class=\"has-inline-color\">: <\/mark><strong><mark style=\"background-color:#ffffff\" class=\"has-inline-color has-vivid-red-color\">\u00ab\u00a0Pentec\u00f4te 2022 &#8211; La suite en 2023\u00a0\u00bb<\/mark><\/strong><mark style=\"background-color:#ffffff\" class=\"has-inline-color\"> : Mise en route d&rsquo;une r\u00e9flexion <\/mark><\/mark><\/em><mark><mark style=\"background-color:#ffffff\" class=\"has-inline-color\"><em>autour du th\u00e8me \u00ab\u00a0Avancer dans la mise en oeuvre concr\u00e8te de projets\u00a0\u00bb)<\/em><\/mark><\/mark><\/p>\n\n\n\n<p><strong>Point d\u2019\u00e9tape \u00ab&nbsp;Synodalit\u00e9&nbsp;\u00bb au 24 juin 2024<\/strong><\/p>\n\n\n\n<p>Les&nbsp;comptes-rendus des&nbsp;14 r\u00e9unions sur les 3 th\u00e8mes propos\u00e9s, \u00ab&nbsp;Accueil&nbsp;\u00bb, \u00ab&nbsp;Relais&nbsp;\u00bb et \u00ab&nbsp;Communication&nbsp;\u00bb, en vue d\u2019aider notre communaut\u00e9 paroissiale \u00e0 \u00eatre plus fraternelle et plus missionnaire,&nbsp;sont disponibles ci-apr\u00e8s.&nbsp;&nbsp;Ces \u00e9changes ont mis en avant de nombreuses propositions.&nbsp;Nous avons travaill\u00e9 \u00e0 en d\u00e9gager les principales, qui soient aussi des propositions r\u00e9alisables. Elles seront pr\u00e9sent\u00e9es \u00e0 l\u2018Equipe d&rsquo;animation pastorale&nbsp;\u00bb fin juin de cette ann\u00e9e.&nbsp; A la rentr\u00e9e, en septembre\/octobre, nous proposerons \u00e0 tous les paroissiens de choisir les propositions qu\u2019ils estimeront prioritaires (Les autres ne seront pas \u00e9vacu\u00e9es&nbsp;!). Vous serez ensuite associ\u00e9s \u00e0 leur mise en \u0153uvre qui deviendra l\u2019affaire de tous.&nbsp;<em>&nbsp;L\u2019\u00e9quipe Synodalit\u00e9<\/em><\/p>\n\n\n\n<p><strong>Comptes-Rendus SYNODALITE sur le th\u00e8me \u00ab\u00a0L&rsquo;accueil et l&rsquo;\u00e9coute dans la vie paroissiale\u00a0\u00bb (Mars 2023)<\/strong><\/p>\n\n\n\n<ul class=\"wp-block-list\">\n<li><a href=\"https:\/\/www.diocese-limoges.fr\/grand-limoges\/wp-content\/uploads\/sites\/2\/2023\/07\/cr-synodalite-theme-accueil_groupel-ste-claire-1_14mars2023-jm.pdf\">CR Synodalit\u00e9 Th\u00e8me \u00ab\u00a0ACCUEIL et ECOUTE\u00a0\u00bb Groupe Ste Claire 1 &#8211; 14 mars 2023<\/a><\/li>\n\n\n\n<li><a href=\"https:\/\/www.diocese-limoges.fr\/grand-limoges\/wp-content\/uploads\/sites\/2\/2023\/06\/cr-synodalite-theme-accueil_groupe-ste-claire-2_14mars2023-mm.pdf\">CR Synodalit\u00e9 Th\u00e8me \u00ab\u00a0ACCUEIL et ECOUTE\u00a0\u00bb Groupe Ste Claire 2 &#8211; 14 mars 2023<\/a><\/li>\n\n\n\n<li><a href=\"https:\/\/www.diocese-limoges.fr\/grand-limoges\/wp-content\/uploads\/sites\/2\/2023\/06\/cr-synodalite-theme-accueil_groupe-condat_16mars2023.pdf\">CR Synodalit\u00e9 Th\u00e8me \u00ab\u00a0ACCUEIL et ECOUTE\u00a0\u00bb Groupe Condat &#8211; 16 mars 2023<\/a><\/li>\n\n\n\n<li><a href=\"https:\/\/www.diocese-limoges.fr\/grand-limoges\/wp-content\/uploads\/sites\/2\/2023\/06\/cr-synodalite-theme-accueil_groupe-isle-1_18mars2023.pdf\">CR Synodalit\u00e9 Th\u00e8me \u00ab\u00a0ACCUEIL et ECOUTE\u00a0\u00bb Groupe Isle 1 &#8211; 18 mars 2023<\/a><\/li>\n\n\n\n<li><a href=\"https:\/\/www.diocese-limoges.fr\/grand-limoges\/wp-content\/uploads\/sites\/2\/2023\/06\/cr-synodalite-theme-accueil_groupe-isle-2_18mars2023.pdf\">CR Synodalit\u00e9 Th\u00e8me \u00ab\u00a0ACCUEIL et ECOUTE\u00a0\u00bb Groupe Isle 2 &#8211; 18 mars 2023<\/a><\/li>\n<\/ul>\n\n\n\n<p><strong>Comptes-Rendus SYNODALITE sur le th\u00e8me \u00ab\u00a0Le r\u00f4le des relais, un outil de proximit\u00e9 au service de tous\u00a0\u00bb (Avril 2023)<\/strong><\/p>\n\n\n\n<ul class=\"wp-block-list\">\n<li><a href=\"https:\/\/www.diocese-limoges.fr\/grand-limoges\/wp-content\/uploads\/sites\/2\/2023\/06\/cr-synodalite-theme-relais_groupe-ste-claire_18avril2023.pdf\">CR Synodalit\u00e9 Th\u00e8me &lsquo;RELAIS\u00a0\u00bb Groupe Ste-Claire &#8211; 18 avril 2023<\/a><\/li>\n\n\n\n<li><a href=\"https:\/\/www.diocese-limoges.fr\/grand-limoges\/wp-content\/uploads\/sites\/2\/2023\/06\/cr-synodalite-theme-relais_groupe-condat_20avril2023.pdf\">CR Synodalit\u00e9 Th\u00e8me \u00ab\u00a0RELAIS\u00a0\u00bb Groupe Condat &#8211; 20 avril 2023<\/a><\/li>\n\n\n\n<li><a href=\"https:\/\/www.diocese-limoges.fr\/grand-limoges\/wp-content\/uploads\/sites\/2\/2023\/06\/cr-synodalite-theme-relais_groupe-isle-1_22avril2023.pdf\">CR Synodalit\u00e9 Th\u00e8me \u00ab\u00a0RELAIS\u00a0\u00bb Groupe Isle 1 &#8211; 22 avril 2023<\/a><\/li>\n\n\n\n<li><a href=\"https:\/\/www.diocese-limoges.fr\/grand-limoges\/wp-content\/uploads\/sites\/2\/2023\/06\/cr-synodalite-theme-relais_groupe-isle-2_22avril2023.pdf\">CR Synodalit\u00e9 Th\u00e8me \u00ab\u00a0RELAIS\u00a0\u00bb Groupe Isle 2 &#8211; 22 avril 2023<\/a><\/li>\n<\/ul>\n\n\n\n<p><strong>Comptes-Rendus SYNODALITE sur le th\u00e8me <strong>\u00ab\u00a0<em>La communication, au sein de la paroisse, et vers l\u2019ext\u00e9rieur<\/em><\/strong>\u00a0\u00bb (Mai 2023)<\/strong><\/p>\n\n\n\n<ul class=\"wp-block-list\">\n<li><a href=\"https:\/\/www.diocese-limoges.fr\/grand-limoges\/wp-content\/uploads\/sites\/2\/2023\/06\/cr-synodalite-theme-communication_groupe-ste-claire_23mai2023.pdf\">CR Synodalit\u00e9 Th\u00e8me \u00ab\u00a0COMMUNICATION\u00a0\u00bb Groupe Ste Claire 1 &#8211; 23mai2023<\/a><\/li>\n\n\n\n<li><a href=\"https:\/\/www.diocese-limoges.fr\/grand-limoges\/wp-content\/uploads\/sites\/2\/2023\/06\/cr-synodalite-ste-claire-2-communication.pdf\">CR Synodalit\u00e9 Th\u00e8me \u00ab\u00a0COMMUNICATION\u00a0\u00bb Groupe Ste Claire 2 &#8211; 23mai2023<\/a><\/li>\n\n\n\n<li><a href=\"https:\/\/www.diocese-limoges.fr\/grand-limoges\/wp-content\/uploads\/sites\/2\/2023\/06\/synodalite-cr-communication-condat-25mai2023.pdf\">CR Synodalit\u00e9 Th\u00e8me \u00ab\u00a0COMMUNICATION\u00a0\u00bb Groupe Condat &#8211; 25mai2023<\/a><\/li>\n\n\n\n<li><a href=\"https:\/\/www.diocese-limoges.fr\/grand-limoges\/wp-content\/uploads\/sites\/2\/2023\/06\/cr-synodalite-theme-communication_groupe-isle-1_27mai2023.pdf\">CR Synodalit\u00e9 Th\u00e8me \u00ab\u00a0COMMUNICATION\u00a0\u00bb Groupe Isle 1 &#8211; 27mai2023<\/a><\/li>\n\n\n\n<li><a href=\"https:\/\/www.diocese-limoges.fr\/grand-limoges\/wp-content\/uploads\/sites\/2\/2023\/06\/cr-synodalite-theme-communication_groupe-isle-2_27mai2023.pdf\">CR Synodalit\u00e9 Th\u00e8me \u00ab\u00a0COMMUNICATION\u00a0\u00bb Groupe Isle 2- 27mai2023<\/a><\/li>\n<\/ul>\n\n\n\n<h3 class=\"wp-block-heading\"><mark class=\"has-inline-color has-vivid-red-color\">20.\/ Jeudi 02 mars 2023 :<\/mark> <mark class=\"has-inline-color has-vivid-purple-color\">Comment rendre notre paroisse Saint-Luc plus ouverte au monde d&rsquo;aujourd&rsquo;hui : INVITATION \u00e0 la 1\u00e8re rencontre qui porte sur le th\u00e8me \u00ab\u00a0L&rsquo; accueil et l&rsquo;\u00e9coute dans la vie paroissiale\u00a0\u00bb<\/mark><\/h3>\n\n\n\n<p>L\u2019objectif de cette premi\u00e8re rencontre est de donner l\u2019occasion \u00e0 chaque participant d\u2019exprimer son opinion, et de permettre, apr\u00e8s discernement, de b\u00e2tir&nbsp;<strong>des projets concrets et r\u00e9alisables <\/strong>qui rendront notre paroisse plus fraternelle, plus missionnaire, plus ouverte sur l\u2019ext\u00e9rieur, c\u2019est-\u00e0-dire plus fid\u00e8le aux valeurs de l\u2019\u00c9vangile. D\u2019ici l\u2019\u00e9t\u00e9 prochain, <strong>trois th\u00e8mes<\/strong> seront abord\u00e9s respectivement sur les mois de mars, avril et mai.<\/p>\n\n\n\n<p><strong>Pour acc\u00e9der au tract \u00ab\u00a0INVITATION\u00a0\u00bb <\/strong>, cliquer sur <strong><em><a href=\"https:\/\/www.diocese-limoges.fr\/grand-limoges\/wp-content\/uploads\/sites\/2\/2023\/03\/synodalite-et-apres_tract-invitation-groupes-reflexion_edl-chb-edl-28fevrier2023.pdf\">\u00ab&nbsp;L\u2019accueil et l\u2019\u00e9coute dans la vie paroissiale \u00bb<\/a>.<\/em><\/strong><\/p>\n\n\n\n<p>Vous pouvez <strong>transf\u00e9rer ce tract \u00e0 votre tour \u00e0 d&rsquo;autres personnes,<\/strong> \u00e0 l&rsquo;aide d&rsquo;un texte appropri\u00e9 de votre part sur l&rsquo;importance de cette r\u00e9flexion, pour inviter vos destinataires \u00e0 apporter leurs contributions <em>(En cas de transfert par mail, le faire en copie cach\u00e9e <\/em><strong><em>\u201ccci\u201d<\/em><\/strong><em>)<\/em>. <\/p>\n\n\n\n<h3 class=\"wp-block-heading\"><mark class=\"has-inline-color has-vivid-red-color\">19.\/ Samedi 11 et Dimanche 12 f\u00e9vrier 2023 : <\/mark><mark class=\"has-inline-color has-vivid-purple-color\"><em>\u00ab\u00a0Pentec\u00f4te 2022 &#8211; La suite en 2023\u00a0\u00bb <\/em>: Mise en route d&rsquo;une r\u00e9flexion autour du th\u00e8me \u00ab\u00a0Avancer dans la mise en oeuvre concr\u00e8te de projets\u00a0\u00bb<\/mark> <\/h3>\n\n\n\n<p>Ce tract pr\u00e9sente, <strong>pour la paroisse Saint-Luc<\/strong>, <strong>le programme des th\u00e8mes et des rencontres pour les mois \u00e0 venir <\/strong>sur les \u00ab\u00a0trois th\u00e8mes\u00a0\u00bb qui ont obtenu le plus de suffrages \u00e0 la journ\u00e9e de synth\u00e8se de la d\u00e9marche synodale \u00ab\u00a0Pentec\u00f4te 2022 du 4 juin 2022 (Cf <a href=\"\/Users\/EDOUARD\/AppData\/Local\/Temp\/MicrosoftEdgeDownloads\/c012b7a0-8966-434f-a239-754e48cb7b5e\/lettre-aux-diocesains-2022-2.pdf\"><strong>Lettre aux dioc\u00e9sains de Mgr Bozo, du 1er octobre 2023<\/strong><\/a>) :<\/p>\n\n\n\n<ol class=\"wp-block-list\">\n<li>\u00ab\u00a0Des communaut\u00e9s plus fraternelles\u00a0\u00bb<\/li>\n\n\n\n<li>\u00ab\u00a0Des paroisses plus missionnaires\u00a0\u00bb<\/li>\n\n\n\n<li>\u00ab\u00a0Les p\u00e9riph\u00e9ries, une chance pour l&rsquo;Eglise\u00a0\u00bb. <\/li>\n<\/ol>\n\n\n\n<p>Cliquer sur : <a href=\"https:\/\/www.diocese-limoges.fr\/grand-limoges\/wp-content\/uploads\/sites\/2\/2023\/03\/synodalite-et-apres_annonce-ecrite-09fevrier-2023_version-definitive-09fevrier2023.pdf\"><strong>Mise en route (11 f\u00e9vrier 2023)<\/strong><\/a><\/p>\n\n\n\n<h3 class=\"wp-block-heading\"><mark class=\"has-inline-color has-vivid-red-color\">18.\/ Dimanche 22 janvier 2023<\/mark><mark class=\"has-inline-color has-black-color\"> : Entretien KTO avec le Cardinal Hollerich, rapporteur g\u00e9n\u00e9ral du Synode (9 janvier 2023)<\/mark><\/h3>\n\n\n\n<p>Au moment o\u00f9 notre paroisse Saint-Luc a pris la d\u00e9cision de donner <strong>suite aux recommandations de \u00ab\u00a0Pentec\u00f4te 2022\u00a0\u00bb<\/strong> <em>(Cf. Ci-dessous <mark class=\"has-inline-color has-vivid-red-color\">16.\/ Vendredi 7 octobre 2022)<\/mark><\/em>, en vue d&rsquo;aboutir, en concertation avec la communaut\u00e9 paroissiale, \u00e0 des <strong>actions concr\u00e8tes<\/strong> pour rendre notre paroisse plus fraternelle, plus missionnaire et plus ouverte aux p\u00e9riph\u00e9ries, il nous para\u00eet important d&rsquo;\u00e9couter avec attention les mots que nous dit Mgr HOLLERICH, archev\u00eaque du Luxembourg et rapporteur g\u00e9n\u00e9ral du Synode universel pour une Eglise synodale, des mots qui peuvent \u00eatre utiles pour \u00ab\u00a0la suite \u00e0 donner\u00a0\u00bb \u00e0 notre synode dioc\u00e9sain. <\/p>\n\n\n\n<p>C<strong>liquer sur <a href=\"https:\/\/www.ktotv.com\/video\/00418600\/entretien-avec-le-cardinal-archeveque-du-luxembourg-mgr-hollerich\">Entretien KTO avec Mgr J. Hollerich<\/a><\/strong><\/p>\n\n\n\n<h3 class=\"wp-block-heading\"><mark class=\"has-inline-color has-vivid-red-color\">17.\/ Jeudi 19 janvier 2023 <em>(Saint-Luc)<\/em> :<\/mark><mark class=\"has-inline-color has-vivid-purple-color\"> Synodalit\u00e9 \u00ab\u00a0Pentec\u00f4te 2022\u00a0\u00bb &#8211; La suite en 2023 : Point d&rsquo;\u00e9tape pour la paroisse saint-Luc<\/mark><\/h3>\n\n\n\n<p>Dans sa \u00ab\u00a0lettre adress\u00e9e aux dioc\u00e9sains &#8230;\u00a0\u00bb du 1er octobre 2022, notre \u00e9v\u00eaque, Mgr P.-A. Bozo, nous invitait, entre autres, \u00e0 avancer dans la mise en oeuvre concr\u00e8te de projets en r\u00e9ponse aux propositions de \u00ab\u00a0Pentec\u00f4te 2022\u00a0\u00bb (Cf. Ci-dessous l&rsquo;information N\u00b016.\/ Vendredi 7 octobre 2022).<\/p>\n\n\n\n<p> Pour conna\u00eetre o\u00f9 en est notre paroisse Saint-Luc en r\u00e9ponse \u00e0 notre \u00e9v\u00eaque, <strong>cliquer sur <\/strong><a href=\"https:\/\/www.diocese-limoges.fr\/grand-limoges\/wp-content\/uploads\/sites\/2\/2023\/01\/demarche-synodalesuite_point-d-etape-a5_sam21etdim22janv23-corrige20-01-23.pdf\"><strong>\u00ab\u00a0Point d&rsquo;\u00e9tape au 19 janvier 2023\u00a0\u00bb<\/strong><\/a> . Ce document au format A5 a \u00e9t\u00e9 distribu\u00e9 aux messes dominicales des samedi 21 et dimanche 22 janvier 2023.<\/p>\n\n\n\n<p>Voir \u00e9galement l&rsquo;invitation de l&rsquo;\u00e9quipe \u00ab\u00a0Pentec\u00f4te 2022\u00a0\u00bb \u00e0 participer au programme de <strong>rencontres organis\u00e9es les lundi 23, mercredi 25 et jeudi 26<\/strong> pour s&rsquo;informer et partager sur nos initiatives respectives dans le cadre de \u00ab\u00a0la suite \u00e0 donner en 2023\u00a0\u00bb aux <strong>trois portes d&rsquo;entr\u00e9e prioritaires<\/strong> propos\u00e9es par notre \u00e9v\u00eaque dans sa lettre aux dioc\u00e9sains pr\u00e9cit\u00e9e : <a href=\"\/\/www.cathedrale-limoges.fr\/files\/cathedralestetienne\/contenus\/Images-actualite\/Les%20rencontres%20de%20janvier.pdf\"><strong>Cliquer sur \u00ab\u00a0affiche\u00a0\u00bb<\/strong><\/a>.<\/p>\n\n\n\n<p><\/p>\n\n\n\n<h3 class=\"wp-block-heading\"><mark class=\"has-inline-color has-vivid-red-color\">16.\/ Vendredi 7 octobre 2022 : <\/mark><mark class=\"has-inline-color has-black-color\">Lettre de Mgr P.-A. Bozo adress\u00e9e aux dioc\u00e9sains \u00e0 l&rsquo;occasion du mois missionnaire <\/mark><\/h3>\n\n\n\n<p>En ce mois missionnaire qu&rsquo;est Octobre 2022, et pour faire suite \u00e0 l\u2019assembl\u00e9e dioc\u00e9saine de Pentec\u00f4te 2022 et \u00e0 la rentr\u00e9e dioc\u00e9saine du 17 septembre dernier, <strong>Monseigneur Bozo a r\u00e9dig\u00e9 une lettre \u00e0 l&rsquo;attention de tous les dioc\u00e9sains.&nbsp; Elle pr\u00e9sente diff\u00e9rents points d\u2019attention pour nous permettre de continuer la belle histoire de l\u2019\u00e9vang\u00e9lisation en Limousin&nbsp;!<\/strong><\/p>\n\n\n\n<p><strong>Pour acc\u00e9der au document<\/strong>, <strong><a href=\"https:\/\/www.diocese-limoges.fr\/wp-content\/uploads\/2022\/10\/lettre-aux-diocesains-2022-2.pdf\">cliquer ICI<\/a><\/strong>.<\/p>\n\n\n\n<p><\/p>\n\n\n\n<h3 class=\"wp-block-heading\">15.\/ Samedi 1er et dimanche 2 octobre 2022 <em>(Saint-Luc)<\/em> : <mark class=\"has-inline-color has-vivid-purple-color\">Suite donn\u00e9e \u00e0 la r\u00e9flexion sur la synth\u00e8se dioc\u00e8saine de \u00ab\u00a0Pentec\u00f4te\u00a0\u00bb<\/mark><\/h3>\n\n\n\n<p>Lors des messes dominicales des samedi 1er et dimanche 2 octobre, il a \u00e9t\u00e9 annonc\u00e9 qu&rsquo;<strong>une suite sera donn\u00e9e \u00e0 la synth\u00e8se dioc\u00e9saine de \u00ab\u00a0Pentec\u00f4te 2022\u00a0\u00bb<\/strong> intitul\u00e9e\u00a0\u00bb<strong> \u00ab\u00a09 portes d&rsquo;entr\u00e9e pour la mission\u00a0\u00bb<\/strong> et, \u00e0 travers elle, aux contributions des groupes de partage \u00ab\u00a0Synodalit\u00e9\u00a0\u00bb de la paroisse Saint-Luc (cf. Information 4.\/ ci-dessous) : <a href=\"https:\/\/www.diocese-limoges.fr\/grand-limoges\/wp-content\/uploads\/sites\/2\/2022\/10\/ch-bourcy_9-portes-synode_annonce-lue-aux-messes-des-01-et-02-octobre-2022.pdf\"><strong>Cliquer ICI<\/strong><\/a><\/p>\n\n\n\n<p><\/p>\n\n\n\n<h3 class=\"wp-block-heading\"><mark class=\"has-inline-color has-vivid-red-color\">14.\/ Vendredi 17 juin 2022 :<\/mark> <mark class=\"has-inline-color has-black-color\">Emission KTO sur la synth\u00e8se nationale de l&rsquo;Eglise de France &#8211; Documents envoy\u00e9s \u00e0 Rome dans le cadre du Synode romain sur la synodalit\u00e9 2021 &#8211; 2023<\/mark><\/h3>\n\n\n\n<p><strong>Pr\u00e9sentation KTO : <\/strong>\u00ab\u00a0En France, plus de 150 000 personnes ont pris part \u00e0 la premi\u00e8re phase dioc\u00e9saine de la d\u00e9marche synodale initi\u00e9e par le pape Fran\u00e7ois. Les 14 et 15 juin, une assembl\u00e9e pl\u00e9ni\u00e8re extraordinaire \u00e0 Lyon rassemble \u00e9v\u00eaques, la\u00efcs et pr\u00eatres, pour faire le point sur la synth\u00e8se nationale. Certains interrogent la repr\u00e9sentativit\u00e9 et la port\u00e9e de la d\u00e9marche, quand d\u2019autres y per\u00e7oivent une transformation de l\u2019Eglise en profondeur. Que se passe-t-il dans les communaut\u00e9s chr\u00e9tiennes ? Que peut changer ce chemin synodal ? Nos invit\u00e9s en d\u00e9battent\u00a0\u00bb. (Ndlr : <em>C&rsquo;est particuli\u00e8rement important \u00e0 \u00e9couter, voire m\u00eame plusieurs fois de suite pour bien entendre ce que chaque participant \u00e0 l&rsquo;\u00e9mission dit<\/em> (<em>Edouard Latrille)<\/em>.<\/p>\n\n\n\n<p><strong>Cliquer sur<\/strong> : <a href=\"https:\/\/www.ktotv.com\/video\/00373474\/la-demarche-synodale-sans-langue-de-buis\"><strong>Synode romain : D\u00e9marche synodale sans langue de buis<\/strong><\/a><\/p>\n\n\n\n<p><\/p>\n\n\n\n<h3 class=\"wp-block-heading\"><mark class=\"has-inline-color has-vivid-red-color\">13.\/ Vendredi 17 juin 2022 :<\/mark><mark class=\"has-inline-color has-black-color\"> <\/mark>Synth\u00e8se nationale de l&rsquo;Eglise de France &#8211; Documents envoy\u00e9s \u00e0 Rome dans le cadre du Synode romain sur la synodalit\u00e9 2021 &#8211; 2023<\/h3>\n\n\n\n<p>\u00c0 la demande du pape Fran\u00e7ois, les conf\u00e9rences \u00e9piscopales du monde ont \u00e9t\u00e9 invit\u00e9es \u00e0 r\u00e9unir leurs membres pour faire un bilan d\u2019\u00e9tape dans le processus synodal lanc\u00e9 en octobre 2021, qui doit se conclure en octobre 2023. En France, c\u2019est \u00e0 Lyon que les \u00e9v\u00eaques et les personnes en charge du Synode 2023 sur la synodalit\u00e9 dans les dioc\u00e8ses se sont r\u00e9unis les 14 et 15 juin 2022 pour acter les documents \u00e0 envoyer \u00e0 Rome. <br>Les 100 \u00e9v\u00eaques de France \u00e0 l\u2019\u00e9coute de leurs 100 invit\u00e9s ont vot\u00e9 un texte pour accompagner la collecte des synth\u00e8ses synodales qui sera envoy\u00e9e \u00e0 Rome. Les deux documents \u00e0 retenir sont :<\/p>\n\n\n\n<ul class=\"wp-block-list\">\n<li>la <a href=\"https:\/\/www.diocese-limoges.fr\/grand-limoges\/wp-content\/uploads\/sites\/2\/2022\/06\/collecte-des-syntheses-synodales-cef-juin-2022.docx_.pdf\"><strong>synth\u00e8se de la collecte nationale<\/strong>,<\/a> c\u2019est-\u00e0-dire la synth\u00e8se des contributions de pr\u00e8s de 150.000 fid\u00e8les catholiques de toute la France.<\/li>\n\n\n\n<li>le <strong><a href=\"https:\/\/www.diocese-limoges.fr\/grand-limoges\/wp-content\/uploads\/sites\/2\/2022\/06\/synode2023_document-accompagnement-de-la-collecte-des-syntheses-synodales_vote-le-15-juin-2022.pdf\">texte d\u2019accompagnement de cette synth\u00e8se nationale<\/a><\/strong>, vot\u00e9 par les \u00e9v\u00eaques le 15 juin 2022.<\/li>\n<\/ul>\n\n\n\n<p>Le tout sera envoy\u00e9 au Vatican pour alimenter une phase continentale au cours de l\u2019ann\u00e9e prochaine. Le Synode 2023 se conclura au Vatican en octobre 2023 par l\u2019Assembl\u00e9e g\u00e9n\u00e9rale du Synode des \u00e9v\u00eaques.<\/p>\n\n\n\n<p><\/p>\n\n\n\n<h3 class=\"wp-block-heading\"><mark class=\"has-inline-color has-vivid-red-color\">12.\/ Dimanche 12 juin 2022 :<\/mark><mark class=\"has-inline-color has-vivid-purple-color\"> <\/mark><mark class=\"has-inline-color has-black-color\">Synode romain sur la synodalit\u00e9 2021 &#8211; 2023 : Synth\u00e8se du dioc\u00e8se de Limoges pour le Synode romain.<\/mark><\/h3>\n\n\n\n<p>L\u2019ensemble de l&rsquo;\u00c9glise de Dieu a \u00e9t\u00e9 convoqu\u00e9 par le Pape Fran\u00e7ois en <strong>Synode <\/strong>sur la p\u00e9riode 2021 &#8211; 2023 : un temps d\u2019\u00e9coute, de dialogue et de discernement que l\u2019\u00c9glise tout enti\u00e8re entend mener au cours des deux prochaines ann\u00e9es afin de mieux r\u00e9pondre \u00e0 sa mission d\u2019annoncer la Bonne Nouvelle de J\u00e9sus-Christ au monde entier. <strong>Accompagner ce cheminement de l\u2019\u00c9glise de mani\u00e8re synodale<\/strong>, c\u2019est aussi informer et partager les joies, les espoirs et les bonnes pratiques de nos communaut\u00e9s. C\u2019est un \u00e9v\u00e8nement important de l\u2019Eglise locale et universelle, <strong>un \u00e9v\u00e8nement qui concerne tous les chr\u00e9tiens : fid\u00e8les la\u00efcs, clercs et personnes consacr\u00e9es<\/strong>.  (Extraits du site internet de la Conf\u00e9rence des \u00e9v\u00eaques de France).<\/p>\n\n\n\n<p>Le dioc\u00e8se de Limoges a transmis en son temps \u00e0 la Conf\u00e9rence des \u00e9v\u00eaques de France, sa contribution r\u00e9dig\u00e9e avec l&rsquo;aide de l&rsquo;<a href=\"https:\/\/www.diocese-limoges.fr\/actualites\/synode-romain\/\"><strong>\u00e9quipe dioc\u00e9saine d&rsquo;\u00e9veil synodal<\/strong><\/a> constitu\u00e9 \u00e0 cet effet et prenant appui sur les travaux de la d\u00e9marche synodale dioc\u00e9saine \u00ab\u00a0Pentec\u00f4te 2022\u00a0\u00bb mise en oeuvre au titre de sa lettre pastorale du 3 septembre 2020 et qui a pris fin lors de la solennit\u00e9 de Pentec\u00f4te 2022, le samedi 4 juin 2022. <\/p>\n\n\n\n<p>Pour <strong>acc\u00e9der \u00e0 cette contribution<\/strong>, <strong><a href=\"https:\/\/www.diocese-limoges.fr\/wp-content\/uploads\/2022\/05\/synthese-synode-romain-diocese-de-limoges-18-mai-2022.pdf\">cliquer ici<\/a><\/strong>   <\/p>\n\n\n\n<p><\/p>\n\n\n\n<h3 class=\"wp-block-heading\"><strong><mark class=\"has-inline-color has-vivid-red-color\">1<\/mark><\/strong><mark class=\"has-inline-color has-vivid-red-color\">1.\/ Dimanche 12 juin 2022 <em>(Dioc\u00e8se) <\/em>:<\/mark><mark class=\"has-inline-color has-vivid-purple-color\">  <\/mark><mark class=\"has-inline-color has-black-color\">\u00ab\u00a0Pentec\u00f4te 2022\u00a0\u00bb &#8211; Synth\u00e8se finale du samedi 4 juin 2022 : 9 portes d&rsquo;entr\u00e9e pour une Eglise en mission <\/mark><\/h3>\n\n\n\n<p>\u00ab\u00a0<strong>Ces neuf portes sont \u00e0 franchir<\/strong> par chaque paroisse, mouvement, service comme ils l&rsquo;entendent, en puisant dans tout le travail de l&rsquo;assembl\u00e9e. Apr\u00e8s avoir pris le temps de la consultation et de la r\u00e9flexion, \u00e0 la rentr\u00e9e, je proposerai des rep\u00e8res et un tempo pour que notre dioc\u00e8se honore tout ce qui nous a \u00e9t\u00e9 donn\u00e9 en cette Pentec\u00f4te\u00a0\u00bb (Pierre-Antoine BOZO, \u00e9v\u00eaque de Limoges)<\/p>\n\n\n\n<p><strong>Pour consulter cette synth\u00e8se,<\/strong> <strong><a href=\"https:\/\/www.diocese-limoges.fr\/wp-content\/uploads\/2022\/06\/synthese-finale.pdf\">cliquer ICI<\/a><\/strong><\/p>\n\n\n\n<p><\/p>\n\n\n\n<h3 class=\"wp-block-heading\">10.\/ <mark class=\"has-inline-color has-black-color\">Samedi 4 et dimanche 5 juin 2022 (Annonce Dioc\u00e8se) : Assembl\u00e9e synodale des d\u00e9l\u00e9gu\u00e9s dioc\u00e9sains \u00ab\u00a0Pentec\u00f4te 2022\u00a0\u00bb <\/mark><\/h3>\n\n\n\n<p>En ce week-end de Pentec\u00f4te 2022, les d\u00e9l\u00e9gu\u00e9s dioc\u00e9sains vont se r\u00e9unir au terme du cheminement de synodalit\u00e9 commenc\u00e9 en avril 2021 \u00ab\u00a0dans une perspective de conversion et de renouvellement missionnaire, en pr\u00eatant attention aux jeunes g\u00e9n\u00e9rations, aux personnes \u00e2g\u00e9es et \u00e0 l&rsquo;\u00e9cologie int\u00e9grale\u00a0\u00bb (Cf. Livret<em>\u00ab\u00a0Pour une Eglise en mission<\/em> <em>&#8211; 1\u00e8re \u00e9tape<\/em>). Nous aurons \u00e0 coeur de porter dans notre pri\u00e8re les quelques 300 d\u00e9l\u00e9gu\u00e9s de notre dioc\u00e8se, dont les deux qui repr\u00e9senteront notre paroisse. <\/p>\n\n\n\n<p><strong>Pour vous informer<\/strong> sur le programme de ce week-end, <a href=\"https:\/\/www.diocese-limoges.fr\/actualites\/programme-de-pentecote-2022\/\"><strong>cliquer ICI<\/strong><\/a><\/p>\n\n\n\n<p><\/p>\n\n\n\n<h3 class=\"wp-block-heading\"><mark class=\"has-inline-color has-vivid-red-color\">9.\/ 15 janvier 2022 <em>( Saint-Luc) <\/em>:<\/mark> <mark class=\"has-inline-color has-vivid-purple-color\">Journ\u00e9e dioc\u00e9saine : Invitation \u00e0 sa relecture en relais<\/mark><\/h3>\n\n\n\n<p><strong>Suite \u00e0 la journ\u00e9e dioc\u00e9saine du 15 janvier sur la synodalit\u00e9, <\/strong><mark class=\"has-inline-color has-black-color\"><strong>deux r\u00e9unions de relecture<\/strong> <\/mark>sont pr\u00e9vues dans la paroisse&nbsp;:<\/p>\n\n\n\n<ul class=\"wp-block-list\">\n<li>Pour <strong>Sainte-Claire<\/strong>, le lundi 24 janvier \u00e0 18 heures salle Sainte-Claire<\/li>\n\n\n\n<li>Pour <strong>Isle et Condat<\/strong>, mercredi 26 janvier \u00e0 18 heures aux salles paroissiales rue Joseph Cazautet \u00e0 Isle.<\/li>\n<\/ul>\n\n\n\n<p>Le partage se situera autour de la <strong>question centrale<\/strong> pos\u00e9e par le dioc\u00e8se :<mark class=\"has-inline-color has-black-color\"> <strong><em>\u00ab Qu&rsquo;est-ce qui m&rsquo;a interpell\u00e9, r\u00e9confort\u00e9, \u00e9clair\u00e9, appel\u00e9 \u00e0 avancer (autrement&nbsp;?) et invit\u00e9 \u00e0 agir pour \u00eatre chr\u00e9tien aujourd&rsquo;hui et partager la joie de l&rsquo;\u00c9vangile ? \u00bb<\/em><\/strong><\/mark><\/p>\n\n\n\n<p><mark class=\"has-inline-color has-black-color\">Les documents (Vid\u00e9os, documents PDF, &#8230;) de la journ\u00e9e dioc\u00e9saine du 15 janvier devraient \u00eatre <strong>consultables sur le site du dioc\u00e8se<\/strong> \u00e0 partir du samedi 22 janvier 2022 en <strong><a href=\"https:\/\/www.diocese-limoges.fr\/actualites\/assemblee-synodale\/\">Cliquant ICI<\/a><\/strong><\/mark><\/p>\n\n\n\n<p>Merci \u00e0 tous pour votre participation.<\/p>\n\n\n\n<p><\/p>\n\n\n\n<h3 class=\"wp-block-heading\"><mark class=\"has-inline-color has-vivid-red-color\">8.\/ Mercredi 5 janvier 2022 \u00e0 18h30 <em>(Saint-Luc)<\/em> :<\/mark> <mark class=\"has-inline-color has-vivid-purple-color\">Rencontres en relais pour partager sur le th\u00e8me \u00ab\u00a0Vivre la fraternit\u00e9\u00a0\u00bb(Etape 2 &#8211; D\u00e9cembre 2021 &#8211; Janvier 2022)<\/mark><\/h3>\n\n\n\n<ul class=\"wp-block-list\">\n<li><strong><mark class=\"has-inline-color has-black-color\">Tract <\/mark>\u00a0\u00bb Synodalit\u00e9 &#8211; Invitation \u00e0 participer (et \u00e0 se pr\u00e9parer) \u00e0 une rencontre sur \u00ab\u00a0Vivre la fraternit\u00e9\u00a0\u00bb<\/strong><mark class=\"has-inline-color has-black-color\"> <strong>le mercredi 5 novembre 2022 \u00e0 18h30<\/strong><\/mark> : <a href=\"https:\/\/www.diocese-limoges.fr\/grand-limoges\/wp-content\/uploads\/sites\/2\/2022\/01\/saint-luc_invitation-participer-etape-2-la-fraternite_30dec2021_en-vue-distribution.pdf\"><strong>CLIQUER ICI<\/strong><\/a><\/li>\n\n\n\n<li><mark class=\"has-inline-color has-black-color\"><strong>Dossier dioc\u00e9sain<\/strong> :<\/mark> <em>\u00ab\u00a0<strong>Vers Pentec\u00f4te 2022 &#8230; Rencontres fraternelles synodales &#8211; 2\u00e8me \u00e9tape : Vivre la fraternit\u00e9\u00a0\u00bb<\/strong><\/em>. Pour acc\u00e9der au document, <strong><a href=\"https:\/\/www.diocese-limoges.fr\/grand-limoges\/wp-content\/uploads\/sites\/2\/2021\/11\/document-diocese_vers-pentecote-2022_dossier-vivre-la-fraternite_25nov2021.pdf\">Cliquer ICI<\/a><\/strong><\/li>\n<\/ul>\n\n\n\n<p><\/p>\n\n\n\n<h3 class=\"wp-block-heading\"><mark class=\"has-inline-color has-vivid-red-color\">7.\/ Samedi 27 et dimanche 29 novembre 2021 <em>(Saint-Luc)<\/em><\/mark><mark class=\"has-inline-color has-black-color\"> : <\/mark><mark class=\"has-inline-color has-vivid-purple-color\">La paroisse SAINT-LUC est invit\u00e9e \u00e0 entrer dans l&rsquo;\u00e9tape 2 de la D\u00e9marche Synodale vers l&rsquo;Assembl\u00e9e dioc\u00e9saine de Pentec\u00f4te 2022 (4 et 5 juin) : <strong><em><span style=\"text-decoration: underline\">\u00ab\u00a0Vivre la fraternit\u00e9\u00a0\u00bb<\/span><\/em><\/strong><\/mark><\/h3>\n\n\n\n<p>Pour cela, prendre connaissance des documents suivants :<\/p>\n\n\n\n<ul class=\"wp-block-list\">\n<li><strong><mark class=\"has-inline-color has-black-color\">Tract <\/mark>\u00ab\u00a0Paroisse Saint-Luc du 26 novembre 2021<\/strong> : <strong><em>\u00ab\u00a0Synodalit\u00e9 &#8230; Vivre la Fraternit\u00e9\u00a0\u00bb<\/em><\/strong> &#8211; <strong><span style=\"text-decoration: underline\"><strong><a href=\"https:\/\/www.diocese-limoges.fr\/grand-limoges\/wp-content\/uploads\/sites\/2\/2021\/11\/tract-paroisse-saint-luc_synodalite-etape-2_mise-en-oeuvre.pdf\">Cliquer ICI<\/a><\/strong><\/span><\/strong><\/li>\n\n\n\n<li><strong><mark class=\"has-inline-color has-black-color\">Fiche dioc\u00e9saine <\/mark>: <em>\u00ab\u00a0D\u00e9marche dioc\u00e9saine \u2018Vers Pentec\u00f4te 2022 &#8211; Pour un Dioc\u00e8se en Mission en Creuse et Haute-Vienne\u00a0\u00bb <\/em><\/strong>qui pr\u00e9sente le \u00ab\u00a0programme\u00a0\u00bb du cheminement vers Pentec\u00f4te 2022 &#8211; Pour y acc\u00e9der, <strong><span style=\"text-decoration: underline\"><a href=\"https:\/\/www.diocese-limoges.fr\/grand-limoges\/wp-content\/uploads\/sites\/2\/2021\/11\/document-diocese_vers-pentecote-2022_fiche-demarche_25non2021.pdf\">Cliquer ICI<\/a><\/span><\/strong>.<\/li>\n\n\n\n<li><mark class=\"has-inline-color has-black-color\"><strong>Dossier dioc\u00e9sain<\/strong> <\/mark>: <em>\u00ab\u00a0<strong>Vers Pentec\u00f4te 2022 &#8230; Rencontres fraternelles synodales &#8211; <span style=\"text-decoration: underline\">2\u00e8me \u00e9tape : Vivre la fraternit\u00e9<\/span>\u00ab\u00a0<\/strong><\/em>. Pour acc\u00e9der au document, <strong><span style=\"text-decoration: underline\"><strong><a href=\"https:\/\/www.diocese-limoges.fr\/grand-limoges\/wp-content\/uploads\/sites\/2\/2021\/11\/document-diocese_vers-pentecote-2022_dossier-vivre-la-fraternite_25nov2021.pdf\">Cliquer ICI<\/a><\/strong><\/span><\/strong><\/li>\n<\/ul>\n\n\n\n<p><\/p>\n\n\n\n<h3 class=\"wp-block-heading\">6.\/ Samedi 13 novembre 2021 <mark class=\"has-inline-color has-black-color\"><em>(Dioc\u00e8se) <\/em>: L&rsquo;\u00e9quipe dioc\u00e9saine en charge de la D\u00e9marche Synodale vers l\u2019Assembl\u00e9e dioc\u00e9saine de Pentec\u00f4te 2022 \u2018Pour une Eglise en Mission\u2019 nous informe du lancement de la 2\u00e8me \u00e9tape.<\/mark><\/h3>\n\n\n\n<p>\u00ab\u00a0<strong>Rejoignez le millier de chr\u00e9tiens du Dioc\u00e8se qui ont commenc\u00e9 \u00e0 se rassembler (pour l&rsquo;Etape 1, d&rsquo;avril \u00e0 juin 2021) \u2026&nbsp;<\/strong>\u00ab\u00a0<\/p>\n\n\n\n<p>\u00ab\u00a0Cette deuxi\u00e8me s\u00e9rie de rencontres <strong>est lanc\u00e9e autour de <mark class=\"has-inline-color has-black-color\">\u2018Vivre la fraternit\u00e9\u2019<\/mark>, ouverte \u00e0 tous<\/strong>. <strong>N\u2019h\u00e9sitez pas \u00e0 vous manifester \u00e0 votre paroisse ou mouvement si vous voulez vous lancer pour ensemble r\u00e9pondre \u00e0 l\u2019invitation de notre Ev\u00eaque \u00e0 nous engager \u2018pour une Eglise en Mission\u2019&nbsp;<\/strong>\u2026\u00a0\u00bb<\/p>\n\n\n\n<p>\u00ab\u00a0<strong>Vivre la fraternit\u00e9<\/strong>&nbsp;:<strong>&nbsp;proposition de r\u00e9flexion et d\u2019\u00e9changes \u00e0 partir de 5 portes d\u2019entr\u00e9e, afin de vous laisser animer vos rencontres selon ce qui vous semble plus facile ou adapt\u00e9, et d\u2019aller \u00e0 la rencontre de personnes moins \u2018engag\u00e9es\u2019 ou m\u00eame \u2018\u00e0 distance\u2019 de la communaut\u00e9\u2026<\/strong>&nbsp;Une r\u00e9ponse possible \u00e0 l\u2019appel du pape Fran\u00e7ois \u00e0 \u2018\u00eatre une Eglise en sortie\u2019 et \u00e0 \u2018vivre l\u2019amiti\u00e9 sociale\u2019 :<\/p>\n\n\n\n<ul class=\"wp-block-list\">\n<li>La fraternit\u00e9 \u00e0 partir de quelques questions \u2026.<\/li>\n\n\n\n<li>La fraternit\u00e9 \u00e0 partir de t\u00e9moignages \u2013 vid\u00e9os \u2026<\/li>\n\n\n\n<li>La fraternit\u00e9 \u00e0 partir de l\u2019enseignement du pape Fran\u00e7ois \u2026<\/li>\n\n\n\n<li>La fraternit\u00e9 \u00e0 partir de textes de l\u2019Ecriture \u2026La fraternit\u00e9 \u00e0 de beaux textes \u2018spirituels\u2019..\u00a0\u00bb<\/li>\n<\/ul>\n\n\n\n<p class=\"has-medium-font-size\"><strong><mark class=\"has-inline-color has-black-color\">Pour ouvrir le Livret \u2018Vivre la fraternit\u00e9\u2019,<\/mark>&nbsp;<a href=\"https:\/\/drive.google.com\/file\/d\/1h8XMmZivsUPc-SANf8sSva06tV1ZYhr1\/view?usp=sharing\">Cliquer ICI<\/a><\/strong><\/p>\n\n\n\n<p><strong>Voir aussi la page Internet du dioc\u00e8se<\/strong> qui est consacr\u00e9e \u00e0 cette \u00e9tape 2 en <strong>CLIQUANT<\/strong> sur <strong><a href=\"https:\/\/www.diocese-limoges.fr\/actualites\/vivre-la-fraternite-lancement-de-la-2e-etape-vers-pentecote-2022-pour-un-diocese-en-mission\" rel=\"sponsored nofollow\">Vivre la Fraternit\u00e9 &#8211; lancement de la 2\u00e8 \u00e9tape &lsquo;vers Pentec\u00f4te 2022 &#8211; pour un Dioc\u00e8se en Mission&rsquo;<\/a> <\/strong><\/p>\n\n\n\n<p><\/p>\n\n\n\n<h3 class=\"wp-block-heading\"><mark class=\"has-inline-color has-vivid-red-color\">5.\/ 30 octobre 2021<\/mark> <em><mark class=\"has-inline-color has-vivid-red-color\">(Dioc\u00e8se)<\/mark> <\/em><mark class=\"has-inline-color has-vivid-red-color\">:<\/mark><mark class=\"has-inline-color has-black-color\"><em> <\/em><span style=\"text-decoration: underline\">Synth\u00e8se dioc\u00e9sain<\/span>e tir\u00e9e des rencontres \u00ab\u00a0Synodalit\u00e9\u00a0\u00bb tenues en juin 2021 dans le dioc\u00e8se de Limoges dans le cadre de la pr\u00e9paration de l&rsquo;Assembl\u00e9e synodale de Pentec\u00f4te 2022 (Etape 1 &#8211; Avril \u00e0 Juin 2021)<\/mark><\/h3>\n\n\n\n<ol class=\"wp-block-list\">\n<li><strong>Acc\u00e8s direct <mark class=\"has-inline-color has-vivid-red-color\">\u00ab\u00a0Synth\u00e8se dioc\u00e9saine<\/mark><\/strong> : <strong><a href=\"https:\/\/www.diocese-limoges.fr\/grand-limoges\/wp-content\/uploads\/sites\/2\/2021\/10\/synthese-reponses-assemblee-synodale.pdf\">Cliquer ICI<\/a><\/strong> (Pour plus de d\u00e9tails, voir ci-dessous paragraphes 1\/, , 2\/. et 3\/.)<\/li>\n\n\n\n<li><strong>Acc\u00e8s direct<mark class=\"has-inline-color has-vivid-red-color\"> \u00ab\u00a0Points d&rsquo;attention Groupes \u00ab\u00a0Saint-Luc\u00a0\u00bb<\/mark> <\/strong>: <strong><a href=\"https:\/\/www.diocese-limoges.fr\/grand-limoges\/wp-content\/uploads\/sites\/2\/2021\/10\/synthese-synodalite_diocese_limoges_etape-1_groupes-saint-luc_10octobre2021-1.pdf\">Cliquer ICI<\/a>.<\/strong> (Pour plus de d\u00e9tails, <strong>voir annonce plus bas du 23 octobre 2021<\/strong> : <strong><em>Rencontres \u00ab\u00a0Synodalit\u00e9\u00a0\u00bb tenues en juin 2021 dans notre paroisse Saint-Luc<\/em><\/strong> &#8230;)<\/li>\n\n\n\n<li><strong>Acc\u00e8s direct <mark class=\"has-inline-color has-vivid-red-color\">\u00ab\u00a0R\u00e9ponses des Groupes \u00ab\u00a0Saint-Luc\u00a0\u00bb<\/mark> :<\/strong> <strong>CLIQUER sur<\/strong> <strong><a href=\"https:\/\/www.diocese-limoges.fr\/grand-limoges\/wp-content\/uploads\/sites\/2\/2021\/10\/paroisse-saint-luc_synodalite-etape-1_questionnaire-juin-2021_reponses-groupe-condat_gilles.pdf\">Groupe Relais Condat<\/a><\/strong> <strong>\/<\/strong> <a href=\"https:\/\/www.diocese-limoges.fr\/grand-limoges\/wp-content\/uploads\/sites\/2\/2021\/10\/paroisse-saint-luc_synodalite-etape-1_questionnaire-juin-2021_reponses-groupe-isle-1_bernadette.pdf\"><strong>Groupe Relais Isle 1<\/strong><\/a> <strong>\/<\/strong> <a href=\"https:\/\/www.diocese-limoges.fr\/grand-limoges\/wp-content\/uploads\/sites\/2\/2021\/10\/paroisse-saint-luc_synodalite-etape-1_questionnaire-juin-2021_reponses-groupe-isle-2_yacine.pdf\"><strong>Groupe Relais Isle 2<\/strong><\/a><strong> \/ <\/strong><a href=\"https:\/\/www.diocese-limoges.fr\/grand-limoges\/wp-content\/uploads\/sites\/2\/2021\/10\/paroisse-saint-luc_synodalite-etape-1_questionnaire-juin-2021_reponses-groupe-sainte-claire_marie-anne.pdf\"><strong>Groupe Relais Sainte-Claire<\/strong><\/a><\/li>\n<\/ol>\n\n\n\n<p><strong>Remarque 1 :  <\/strong><mark class=\"has-inline-color has-black-color\">La pr\u00e9sente synth\u00e8se dioc\u00e9saine concerne l&rsquo;ensemble des rencontres \u00ab\u00a0Synodalit\u00e9s\u00a0\u00bb qui se sont tenues d&rsquo;avril \u00e0 juin 2021 au niveau de l&rsquo;ensemble du dioc\u00e8se, donc<strong> quatre mois avant la remise du rapport de la CIASE sur les abus sexuels dans l&rsquo;Eglise (5 octobre 2021), ce qui explique l&rsquo;absence de r\u00e9f\u00e9rence \u00e0 ce rapport.<\/strong>  <\/mark><\/p>\n\n\n\n<p>Elle  pr\u00e9sen<mark class=\"has-inline-color has-black-color\">te <strong>une <\/strong><\/mark><strong><mark class=\"has-inline-color has-black-color\">photographie de la situation actuelle de l\u2019Eglise dans notre dioc\u00e8se et des attente<\/mark><\/strong><mark class=\"has-inline-color has-black-color\"><strong>s du millier de personnes<\/strong> qui ont particip\u00e9 \u00e0 ces rencontres dans le cadre de la pr\u00e9paration de l&rsquo;Assembl\u00e9e synodale de Pentec\u00f4te 2022 en r\u00e9pondant en groupe, parfois <\/mark>individuellement, \u00e0 un questionnaire qui visait \u00e0 identifier : <\/p>\n\n\n\n<ul class=\"wp-block-list\">\n<li>\u00ab\u00a0Nos <strong>pr\u00e9occupations<\/strong> du moment, nos questions sans r\u00e9ponse, dans notre groupe, dans nos engagements en Eglise&#8230;\u00a0\u00bb<\/li>\n\n\n\n<li>\u00ab\u00a0Ce qui nous<strong> r\u00e9jouit<\/strong> dans nos vies, dans notre monde d&rsquo;aujourd&rsquo;hui, dans notre Eglise dioc\u00e9saine\u00a0\u00bb.<\/li>\n\n\n\n<li>Notre r\u00e9ponse actuelle \u00e0 l&rsquo;appel \u00e0 \u00eatre \u00ab\u00a0<strong>disciples missionnaires<\/strong> ? Nos freins personnels et collectifs\u00a0\u00bb \u00e0 y r\u00e9pondre.<\/li>\n\n\n\n<li>\u00ab\u00a0Les <strong>d\u00e9fis <\/strong>que doit relever notre Eglise dioc\u00e9saine pour devenir davantage une Eglise \u00ab\u00a0en sortie\u00a0\u00bb, une Eglise missionnaire\u00a0\u00bb.<\/li>\n<\/ul>\n\n\n\n<p><strong>Environ 170 r\u00e9ponses<\/strong> dont celles des <strong>4 groupes de la paroisse Saint-Luc <\/strong>(Voir ci-dessous l&rsquo;annonce <em>\u00ab\u00a023 octobre 2021<\/em>\u00ab\u00a0) sont parvenues au dioc\u00e8se. \u00ab\u00a0La taille moyenne des groupes est de 6 personnes. <strong>Un peu plus de 1 000 personnes <\/strong>ont donc r\u00e9pondu. Le d\u00e9pouillement qui en a \u00e9t\u00e9 fait ne peut pas avoir de pr\u00e9tention statistique : certains groupes ont synth\u00e9tis\u00e9 les interventions dans leurs comptes-rendus, d\u2019autres ont juxtapos\u00e9 les interventions individuelles\u00a0\u00bb. Les responsables de la pr\u00e9paration de l&rsquo;Assembl\u00e9e synodale remercie vivement tous ceux et celles d&rsquo;entre nous qui ont particip\u00e9 \u00e0 cette Etape 1.<\/p>\n\n\n\n<p><strong>Pour acc\u00e9der \u00e0 cette synth\u00e8se<\/strong> <mark class=\"has-inline-color has-vivid-red-color\"><strong><a href=\"https:\/\/www.diocese-limoges.fr\/grand-limoges\/wp-content\/uploads\/sites\/2\/2021\/10\/synthese-reponses-assemblee-synodale.pdf\">Cliquer ICI<\/a><\/strong>.<\/mark>  <\/p>\n\n\n\n<p>Pour plus d\u00e9tails sur la pr\u00e9sentation des principes du questionnaire, <strong><mark class=\"has-inline-color has-vivid-red-color\"><a href=\"https:\/\/www.diocese-limoges.fr\/wp-content\/uploads\/2021\/05\/livret-assemblee-synodale-v2.pdf\">Cliquer ICI pour acc\u00e9der \u00e0 la plaquette<\/a><\/mark> <\/strong>:<em> Pour une Eglise en mission &#8211; 1\u00e8re \u00e9tape : Osons nous rencontrer, nous mettre \u00e0 l&rsquo;\u00e9coute et prendre la parole . Avril \u00e0 Juin <strong>2<\/strong>021 &#8211; Pentec\u00f4te 2021, Assembl\u00e9e synodale du dioc\u00e8se de Limoges<\/em>.<\/p>\n\n\n\n<p><mark class=\"has-inline-color has-black-color\"><strong>Remarque 2 : Prochaine<\/strong><\/mark><strong><mark class=\"has-inline-color has-black-color\">s \u00e9tapes en vue de la pr\u00e9paration de l&rsquo;Assembl\u00e9e synodale de Pentec\u00f4te 2022:<\/mark><\/strong><mark class=\"has-inline-color has-vivid-red-color\"><strong> <\/strong><\/mark><\/p>\n\n\n\n<ul class=\"wp-block-list\">\n<li>Une proposition de r\u00e9flexion sur le th\u00e8me de <strong><em>&lsquo;la fraternit\u00e9&rsquo; <\/em><\/strong>qui est au coeur de notre vie de chr\u00e9tien. <\/li>\n\n\n\n<li>Le 15 Janvier 2022, une journ\u00e9e de r\u00e9flexion autour de &lsquo;<strong><em>Eglise,&nbsp;Synodalit\u00e9 et Mission&rsquo;<\/em><\/strong> en pr\u00e9paration \u00e0 l&rsquo;assembl\u00e9e synodale de Pentec\u00f4te 2022 (4 et 5 juin).<\/li>\n<\/ul>\n\n\n\n<p><\/p>\n\n\n\n<h3 class=\"wp-block-heading\"><mark class=\"has-inline-color has-vivid-red-color\">4.\/ 30 octobre 2021 <em>(Saint-Luc)<\/em><\/mark><mark class=\"has-inline-color has-black-color\"><em> <\/em>:<\/mark><mark class=\"has-inline-color has-vivid-red-color\"> <\/mark><mark class=\"has-inline-color has-vivid-purple-color\">R\u00e9ponses de chacun des groupes de rencontre \u00ab\u00a0Synodalit\u00e9\u00a0\u00bb r\u00e9unis en juin 2021 dans notre paroisse <em>Saint-Luc <\/em>dans le cadre de la pr\u00e9paration de l&rsquo;Assembl\u00e9e synodale de Pentec\u00f4te 2022 (Etape 1) <\/mark><\/h3>\n\n\n\n<ul class=\"wp-block-list\" id=\"block-258964fe-99b8-4a2d-b71b-51ce01f23600\">\n<li><strong><a href=\"https:\/\/www.diocese-limoges.fr\/grand-limoges\/wp-content\/uploads\/sites\/2\/2021\/10\/paroisse-saint-luc_synodalite-etape-1_questionnaire-juin-2021_reponses-groupe-condat_gilles.pdf\">Groupe Relais Condat<\/a><\/strong><\/li>\n\n\n\n<li><a href=\"https:\/\/www.diocese-limoges.fr\/grand-limoges\/wp-content\/uploads\/sites\/2\/2021\/10\/paroisse-saint-luc_synodalite-etape-1_questionnaire-juin-2021_reponses-groupe-isle-1_bernadette.pdf\"><strong>Groupe Relais Isle 1<\/strong><\/a><\/li>\n\n\n\n<li><a href=\"https:\/\/www.diocese-limoges.fr\/grand-limoges\/wp-content\/uploads\/sites\/2\/2021\/10\/paroisse-saint-luc_synodalite-etape-1_questionnaire-juin-2021_reponses-groupe-isle-2_yacine.pdf\"><strong>Groupe Relais Isle 2<\/strong><\/a><\/li>\n\n\n\n<li><a href=\"https:\/\/www.diocese-limoges.fr\/grand-limoges\/wp-content\/uploads\/sites\/2\/2021\/10\/paroisse-saint-luc_synodalite-etape-1_questionnaire-juin-2021_reponses-groupe-sainte-claire_marie-anne.pdf\"><strong>Groupe Relais Sainte-Claire<\/strong><\/a><\/li>\n<\/ul>\n\n\n\n<p><\/p>\n\n\n\n<h4 class=\"wp-block-heading\"><mark class=\"has-inline-color has-vivid-red-color\">3.\/ 23 octobre 2021 <em>(Saint-Luc) <\/em>:<\/mark> <mark class=\"has-inline-color has-vivid-purple-color\">Quelques points d&rsquo;importance pour notre paroisse et l&rsquo;Eglise dioc\u00e9saine tir\u00e9s des rencontres \u00ab\u00a0Synodalit\u00e9\u00a0\u00bb tenues en juin 2021 dans notre paroisse <em>Saint-Luc <\/em>dans le cadre de la pr\u00e9paration de l&rsquo;Assembl\u00e9e synodale de Pentec\u00f4te 2022 (Etape 1)<\/mark><\/h4>\n\n\n\n<p>D\u00e9but juin 2021, <strong>pr\u00e8s de 40 personnes des trois relais<\/strong> de notre paroisse se sont retrouv\u00e9s en 4 groupes et en 2 rencontres pour <strong>r\u00e9pondre \u00e0 une vingtaine de questions<\/strong>. Qu\u2019ils soient remerci\u00e9s pour leur participation \u00e0 cette \u00e9tape de la <strong>pr\u00e9paration de l\u2019Assembl\u00e9e synodale de Pentec\u00f4te 2022<\/strong>.<\/p>\n\n\n\n<p>Au vu de la richesse et de la diversit\u00e9 des r\u00e9ponses, vouloir en pr\u00e9senter une synth\u00e8se en quelques paragraphes nous est apparu bien pr\u00e9somptueux de notre part. Aussi nous limiterons-nous \u00e0 pr\u00e9senter <strong>quelques points <\/strong>jug\u00e9s d\u2019importance : <strong><mark class=\"has-inline-color has-black-color\">Pour acc\u00e9der au document<\/mark><\/strong><mark class=\"has-inline-color has-vivid-red-color\"> <\/mark><strong><mark class=\"has-inline-color has-vivid-red-color\"><a href=\"https:\/\/www.diocese-limoges.fr\/grand-limoges\/wp-content\/uploads\/sites\/2\/2021\/10\/synthese-synodalite_diocese_limoges_etape-1_groupes-saint-luc_10octobre2021-1.pdf\">CLIQUER ICI<\/a>.<\/mark><\/strong><\/p>\n\n\n\n<p>NB. L\u2019\u00e9laboration du questionnaire par le dioc\u00e8se et les r\u00e9ponses des groupes <strong>datent de 4 mois avant la remise du rapport CIASE sur les abus sexuels dans l\u2019Eglise<\/strong> (5 octobre 2021).<\/p>\n\n\n\n<h3 class=\"wp-block-heading\"><mark class=\"has-inline-color has-black-color\">2.\/ Dimanche 30 mai 2021 <\/mark><em><mark class=\"has-inline-color has-black-color\"><mark class=\"has-inline-color has-black-color\">(Saint-Luc)<\/mark><\/mark> <\/em><mark class=\"has-inline-color has-black-color\">:<\/mark><mark class=\"has-inline-color has-vivid-purple-color\"> Dates et pr\u00e9sentation des rencontres de r\u00e9flexion en relais sur la synodalit\u00e9 (mercredis 2 et 9 juin)<\/mark><\/h3>\n\n\n\n<p>Pour acc\u00e9der \u00e0 cette annonce, <a href=\"https:\/\/www.diocese-limoges.fr\/grand-limoges\/wp-content\/uploads\/sites\/2\/2021\/05\/saint-luc_annonces-du-dimanche-30-mai_presentation-site.pdf\"><strong>Cliquer ICI<\/strong><\/a>. Vous trouverez les questions propos\u00e9es \u00e0 votre r\u00e9flexion en <strong>cliquant<\/strong> sur <a href=\"https:\/\/www.diocese-limoges.fr\/grand-limoges\/wp-content\/uploads\/sites\/2\/2021\/05\/ch-b_questions-synodalite-2021_27mai2021_presentation-amelioree_au-format-a4.pdf\"><strong>Format A4<\/strong><\/a> ou sur <strong><mark class=\"has-inline-color has-vivid-red-color\"><a href=\"https:\/\/www.diocese-limoges.fr\/grand-limoges\/wp-content\/uploads\/sites\/2\/2021\/05\/ch-b_questions-synodalite-2021_27mai2021_presentation-amelioree.pdf\">Format A5<\/a><\/mark><\/strong><\/p>\n\n\n\n<p><\/p>\n\n\n\n<h3 class=\"wp-block-heading\">1.\/ Dimanche 16 mai 2021 <em><mark class=\"has-inline-color has-black-color\">(Saint-Luc)<\/mark> <\/em>: <mark class=\"has-inline-color has-vivid-purple-color\">Annonce a\/s 2\u00e8me intervention \u00ab\u00a0Synodalit\u00e9\u00a0\u00bb <\/mark><\/h3>\n\n\n\n<p>Quelques pr\u00e9cisions sur les<strong><mark class=\"has-inline-color has-vivid-red-color\"> <\/mark><mark class=\"has-inline-color has-black-color\">groupes de synodalit\u00e9<\/mark><mark class=\"has-inline-color has-vivid-red-color\"> <\/mark><\/strong>qui vous ont \u00e9t\u00e9 annonc\u00e9s ces derni\u00e8res semaines.<\/p>\n\n\n\n<p><strong>Tout d\u2019abord un rappel rapide&nbsp;:<\/strong> notre \u00e9v\u00eaque Mgr Bozo organise pour notre dioc\u00e8se, <strong>un synode, dans un an,<\/strong> \u00e0 la Pentec\u00f4te 2022. Un synode, c\u2019est l\u2019occasion de <strong>faire le point<\/strong> sur la vie de notre dioc\u00e8se, avec toutes ses forces vives, et de <strong>faire des projets<\/strong> pour mieux accompagner les chr\u00e9tiens que nous sommes, dans le monde d\u2019aujourd\u2019hui. Ensuite il nous est propos\u00e9 de <strong>cheminer <\/strong>d\u00e8s maintenant vers cet \u00e9v\u00e9nement \u00e0 travers plusieurs \u00e9tapes, \u00e0 la fois pour nous y pr\u00e9parer, et \u00e0 la fois pour donner \u00e0 notre \u00e9v\u00eaque des \u00e9l\u00e9ments pour le b\u00e2tir. <strong><mark class=\"has-inline-color has-black-color\">Pour lire la suite<\/mark><\/strong>, cliquer<mark class=\"has-inline-color has-vivid-red-color\"> <a href=\"https:\/\/www.diocese-limoges.fr\/grand-limoges\/wp-content\/uploads\/sites\/2\/2021\/05\/2eme-annonce-synodalite-du-16-mai-2021-1.pdf\"><strong>Cliquer ICI<\/strong><\/a><\/mark><\/p>\n\n\n\n<ul class=\"wp-block-list\">\n<li><\/li>\n<\/ul>\n\n\n\n<ul class=\"wp-block-list\">\n<li><\/li>\n<\/ul>\n\n\n\n<ul class=\"wp-block-list\">\n<li><\/li>\n<\/ul>\n","protected":false},"author":12,"featured_media":0,"parent":63,"menu_order":57,"template":"","meta":{"_acf_changed":false},"class_list":["post-19652","paroisse","type-paroisse","status-publish","hentry"],"acf":[],"yoast_head":"<!-- This site is optimized with the Yoast SEO plugin v26.4 - https:\/\/yoast.com\/wordpress\/plugins\/seo\/ -->\n<title>SYNODALITE - Doyenn\u00e9s du Grand Limoges<\/title>\n<meta name=\"robots\" content=\"index, follow, max-snippet:-1, max-image-preview:large, max-video-preview:-1\" \/>\n<link rel=\"canonical\" href=\"https:\/\/www.diocese-limoges.fr\/grand-limoges\/paroisses\/saint-luc\/synodalite-diocese-de-limoges\/\" \/>\n<meta property=\"og:locale\" content=\"fr_FR\" \/>\n<meta property=\"og:type\" content=\"article\" \/>\n<meta property=\"og:title\" content=\"SYNODALITE - Doyenn\u00e9s du Grand Limoges\" \/>\n<meta property=\"og:description\" content=\"Nous conservons dans cette rubrique l&rsquo;ensemble des documents mis \u00e0 la disposition de notre communaut\u00e9 paroissiale Saint-Luc au titre Concernant l&rsquo;acc\u00e8s aux documents, 23.\/ Dimanche 15 octobre 2023 : Annonce aux messes messes dominicales des 14 et 15 octobre, sur la suite de notre d\u00e9marche \u00ab\u00a0SYNODALITE\u00a0\u00bb Notre d\u00e9marche synodale dans la paroisse saint Luc va [&hellip;]\" \/>\n<meta property=\"og:url\" content=\"https:\/\/www.diocese-limoges.fr\/grand-limoges\/paroisses\/saint-luc\/synodalite-diocese-de-limoges\/\" \/>\n<meta property=\"og:site_name\" content=\"Doyenn\u00e9s du Grand Limoges\" \/>\n<meta property=\"article:modified_time\" content=\"2023-10-15T17:23:40+00:00\" \/>\n<meta name=\"twitter:card\" content=\"summary_large_image\" \/>\n<meta name=\"twitter:label1\" content=\"Dur\u00e9e de lecture estim\u00e9e\" \/>\n\t<meta name=\"twitter:data1\" content=\"20 minutes\" \/>\n<script type=\"application\/ld+json\" class=\"yoast-schema-graph\">{\"@context\":\"https:\/\/schema.org\",\"@graph\":[{\"@type\":\"WebPage\",\"@id\":\"https:\/\/www.diocese-limoges.fr\/grand-limoges\/paroisses\/saint-luc\/synodalite-diocese-de-limoges\/\",\"url\":\"https:\/\/www.diocese-limoges.fr\/grand-limoges\/paroisses\/saint-luc\/synodalite-diocese-de-limoges\/\",\"name\":\"SYNODALITE - Doyenn\u00e9s du Grand Limoges\",\"isPartOf\":{\"@id\":\"https:\/\/www.diocese-limoges.fr\/grand-limoges\/#website\"},\"datePublished\":\"2021-10-23T08:00:00+00:00\",\"dateModified\":\"2023-10-15T17:23:40+00:00\",\"breadcrumb\":{\"@id\":\"https:\/\/www.diocese-limoges.fr\/grand-limoges\/paroisses\/saint-luc\/synodalite-diocese-de-limoges\/#breadcrumb\"},\"inLanguage\":\"fr-FR\",\"potentialAction\":[{\"@type\":\"ReadAction\",\"target\":[\"https:\/\/www.diocese-limoges.fr\/grand-limoges\/paroisses\/saint-luc\/synodalite-diocese-de-limoges\/\"]}]},{\"@type\":\"BreadcrumbList\",\"@id\":\"https:\/\/www.diocese-limoges.fr\/grand-limoges\/paroisses\/saint-luc\/synodalite-diocese-de-limoges\/#breadcrumb\",\"itemListElement\":[{\"@type\":\"ListItem\",\"position\":1,\"name\":\"Accueil\",\"item\":\"https:\/\/www.diocese-limoges.fr\/grand-limoges\/\"},{\"@type\":\"ListItem\",\"position\":2,\"name\":\"Paroisse Saint-Luc\",\"item\":\"https:\/\/www.diocese-limoges.fr\/grand-limoges\/paroisses\/saint-luc\/\"},{\"@type\":\"ListItem\",\"position\":3,\"name\":\"SYNODALITE\"}]},{\"@type\":\"WebSite\",\"@id\":\"https:\/\/www.diocese-limoges.fr\/grand-limoges\/#website\",\"url\":\"https:\/\/www.diocese-limoges.fr\/grand-limoges\/\",\"name\":\"Doyenn\u00e9s du Grand Limoges\",\"description\":\"Dioc\u00e8se de Limoges\",\"potentialAction\":[{\"@type\":\"SearchAction\",\"target\":{\"@type\":\"EntryPoint\",\"urlTemplate\":\"https:\/\/www.diocese-limoges.fr\/grand-limoges\/?s={search_term_string}\"},\"query-input\":{\"@type\":\"PropertyValueSpecification\",\"valueRequired\":true,\"valueName\":\"search_term_string\"}}],\"inLanguage\":\"fr-FR\"}]}<\/script>\n<!-- \/ Yoast SEO plugin. -->","yoast_head_json":{"title":"SYNODALITE - Doyenn\u00e9s du Grand Limoges","robots":{"index":"index","follow":"follow","max-snippet":"max-snippet:-1","max-image-preview":"max-image-preview:large","max-video-preview":"max-video-preview:-1"},"canonical":"https:\/\/www.diocese-limoges.fr\/grand-limoges\/paroisses\/saint-luc\/synodalite-diocese-de-limoges\/","og_locale":"fr_FR","og_type":"article","og_title":"SYNODALITE - Doyenn\u00e9s du Grand Limoges","og_description":"Nous conservons dans cette rubrique l&rsquo;ensemble des documents mis \u00e0 la disposition de notre communaut\u00e9 paroissiale Saint-Luc au titre Concernant l&rsquo;acc\u00e8s aux documents, 23.\/ Dimanche 15 octobre 2023 : Annonce aux messes messes dominicales des 14 et 15 octobre, sur la suite de notre d\u00e9marche \u00ab\u00a0SYNODALITE\u00a0\u00bb Notre d\u00e9marche synodale dans la paroisse saint Luc va [&hellip;]","og_url":"https:\/\/www.diocese-limoges.fr\/grand-limoges\/paroisses\/saint-luc\/synodalite-diocese-de-limoges\/","og_site_name":"Doyenn\u00e9s du Grand Limoges","article_modified_time":"2023-10-15T17:23:40+00:00","twitter_card":"summary_large_image","twitter_misc":{"Dur\u00e9e de lecture estim\u00e9e":"20 minutes"},"schema":{"@context":"https:\/\/schema.org","@graph":[{"@type":"WebPage","@id":"https:\/\/www.diocese-limoges.fr\/grand-limoges\/paroisses\/saint-luc\/synodalite-diocese-de-limoges\/","url":"https:\/\/www.diocese-limoges.fr\/grand-limoges\/paroisses\/saint-luc\/synodalite-diocese-de-limoges\/","name":"SYNODALITE - Doyenn\u00e9s du Grand Limoges","isPartOf":{"@id":"https:\/\/www.diocese-limoges.fr\/grand-limoges\/#website"},"datePublished":"2021-10-23T08:00:00+00:00","dateModified":"2023-10-15T17:23:40+00:00","breadcrumb":{"@id":"https:\/\/www.diocese-limoges.fr\/grand-limoges\/paroisses\/saint-luc\/synodalite-diocese-de-limoges\/#breadcrumb"},"inLanguage":"fr-FR","potentialAction":[{"@type":"ReadAction","target":["https:\/\/www.diocese-limoges.fr\/grand-limoges\/paroisses\/saint-luc\/synodalite-diocese-de-limoges\/"]}]},{"@type":"BreadcrumbList","@id":"https:\/\/www.diocese-limoges.fr\/grand-limoges\/paroisses\/saint-luc\/synodalite-diocese-de-limoges\/#breadcrumb","itemListElement":[{"@type":"ListItem","position":1,"name":"Accueil","item":"https:\/\/www.diocese-limoges.fr\/grand-limoges\/"},{"@type":"ListItem","position":2,"name":"Paroisse Saint-Luc","item":"https:\/\/www.diocese-limoges.fr\/grand-limoges\/paroisses\/saint-luc\/"},{"@type":"ListItem","position":3,"name":"SYNODALITE"}]},{"@type":"WebSite","@id":"https:\/\/www.diocese-limoges.fr\/grand-limoges\/#website","url":"https:\/\/www.diocese-limoges.fr\/grand-limoges\/","name":"Doyenn\u00e9s du Grand Limoges","description":"Dioc\u00e8se de Limoges","potentialAction":[{"@type":"SearchAction","target":{"@type":"EntryPoint","urlTemplate":"https:\/\/www.diocese-limoges.fr\/grand-limoges\/?s={search_term_string}"},"query-input":{"@type":"PropertyValueSpecification","valueRequired":true,"valueName":"search_term_string"}}],"inLanguage":"fr-FR"}]}},"_links":{"self":[{"href":"https:\/\/www.diocese-limoges.fr\/grand-limoges\/wp-json\/wp\/v2\/paroisse\/19652","targetHints":{"allow":["GET"]}}],"collection":[{"href":"https:\/\/www.diocese-limoges.fr\/grand-limoges\/wp-json\/wp\/v2\/paroisse"}],"about":[{"href":"https:\/\/www.diocese-limoges.fr\/grand-limoges\/wp-json\/wp\/v2\/types\/paroisse"}],"author":[{"embeddable":true,"href":"https:\/\/www.diocese-limoges.fr\/grand-limoges\/wp-json\/wp\/v2\/users\/12"}],"up":[{"embeddable":true,"href":"https:\/\/www.diocese-limoges.fr\/grand-limoges\/wp-json\/wp\/v2\/paroisse\/63"}],"wp:attachment":[{"href":"https:\/\/www.diocese-limoges.fr\/grand-limoges\/wp-json\/wp\/v2\/media?parent=19652"}],"curies":[{"name":"wp","href":"https:\/\/api.w.org\/{rel}","templated":true}]}}