{"id":20167,"date":"2022-01-27T23:16:13","date_gmt":"2022-01-27T22:16:13","guid":{"rendered":"https:\/\/www.diocese-limoges.fr\/grand-limoges\/?post_type=paroisse&#038;p=20167"},"modified":"2022-01-28T16:36:25","modified_gmt":"2022-01-28T15:36:25","slug":"foi-et-lumiere","status":"publish","type":"paroisse","link":"https:\/\/www.diocese-limoges.fr\/grand-limoges\/paroisses\/saint-luc\/mouvements-deglise\/foi-et-lumiere\/","title":{"rendered":"Foi et Lumi\u00e8re"},"content":{"rendered":"\n<figure class=\"wp-block-image size-large is-resized\"><img loading=\"lazy\" decoding=\"async\" src=\"https:\/\/www.diocese-limoges.fr\/grand-limoges\/wp-content\/uploads\/sites\/2\/2022\/01\/image-2.png\" alt=\"\" class=\"wp-image-20170\" width=\"473\" height=\"227\" srcset=\"https:\/\/www.diocese-limoges.fr\/grand-limoges\/wp-content\/uploads\/sites\/2\/2022\/01\/image-2.png 945w, https:\/\/www.diocese-limoges.fr\/grand-limoges\/wp-content\/uploads\/sites\/2\/2022\/01\/image-2-300x144.png 300w, https:\/\/www.diocese-limoges.fr\/grand-limoges\/wp-content\/uploads\/sites\/2\/2022\/01\/image-2-768x368.png 768w\" sizes=\"auto, (max-width: 473px) 100vw, 473px\" \/><\/figure>\n\n\n\n<h3 class=\"wp-block-heading\"><span class=\"has-inline-color has-vivid-purple-color\">Une communaut\u00e9 \u00ab\u00a0Foi et Lumi\u00e8re\u00a0\u00bb sur la paroisse Saint-Luc<\/span> <\/h3>\n\n\n\n<p><strong>Foi et Lumi\u00e8re regroupe des communaut\u00e9s de rencontre form\u00e9es de personnes ayant un handicap mental, de leurs familles et d&rsquo;amis<\/strong>,&nbsp;qui se retrouvent r\u00e9guli\u00e8rement dans un esprit chr\u00e9tien, pour partager leur amiti\u00e9, prier ensemble, f\u00eater et c\u00e9l\u00e9brer la vie. Pour plus d&rsquo;informations, voir site Foi et Lumi\u00e8re international. <a href=\"https:\/\/www.foietlumiere.org\"><strong><span style=\"text-decoration: underline\">https:\/\/www.foietlumiere.org<\/span><\/strong><\/a><\/p>\n\n\n\n<p>Notre communaut\u00e9 qui a pour nom <strong>\u00ab Pain et Soleil \u00bb<\/strong>, fait partie de la <strong><a href=\"https:\/\/www.diocese-limoges.fr\/grand-limoges\/paroisses\/saint-luc\/\">paroisse saint Luc<\/a><\/strong> o\u00f9 le p\u00e8re Pierre et l\u2019\u00e9quipe pastorale nous accueillent, nous h\u00e9bergent et nous proposent ses liturgies paroissiales que nous aimons.<\/p>\n\n\n\n<p><strong><span class=\"has-inline-color has-vivid-red-color\">Venez et voyez<\/span> !<\/strong> C&rsquo;est tout simple : Invitez-vous \u00e0 l&rsquo;une de nos rencontre (Voir le calendrier de nos <strong>rencontres<\/strong> 2021 2022&nbsp; <a href=\"https:\/\/www.diocese-limoges.fr\/grand-limoges\/wp-content\/uploads\/sites\/2\/2022\/01\/foi-et-lumiere_calendriers-des-rencontres_2021-2022.pdf\"><strong>\u00ab\u00a0Venez et Voyez\u00a0\u00bb<\/strong><\/a><\/p>\n\n\n\n<p class=\"has-medium-font-size\"><span class=\"has-inline-color has-vivid-red-color\"><strong>Nos projets d\u2019ann\u00e9e<\/strong> :<\/span><\/p>\n\n\n\n<ul class=\"wp-block-list\"><li><strong>Un atelier couture<\/strong> tous les premiers vendredi du mois de 14H \u00e0 17H : Venez et Voyez !<\/li><li><strong>Une vente de nos productions le vendredi 8 avril<\/strong> de 15h \u00e0 18H \u00e0 la salle sainte Claire : Venez acheter !<\/li><li><strong>Un p\u00e8lerinage \u00e0 Lourdes pour les 50 ans de Foi et Lumi\u00e8re du 27 au 31 octobre 2022<\/strong> : <strong><a href=\"https:\/\/www.diocese-limoges.fr\/grand-limoges\/wp-content\/uploads\/sites\/2\/2022\/01\/foi-et-lumiere_flyer-don-v2.pdf\">Voir d\u00e9pliant<\/a><\/strong>.<\/li><\/ul>\n\n\n\n<p><\/p>\n","protected":false},"author":12,"featured_media":0,"parent":17425,"menu_order":85,"template":"","meta":{"_acf_changed":false},"class_list":["post-20167","paroisse","type-paroisse","status-publish","hentry"],"acf":[],"yoast_head":"<!-- This site is optimized with the Yoast SEO plugin v26.4 - https:\/\/yoast.com\/wordpress\/plugins\/seo\/ -->\n<title>Foi et Lumi\u00e8re - Doyenn\u00e9s du Grand Limoges<\/title>\n<meta name=\"robots\" content=\"index, follow, max-snippet:-1, max-image-preview:large, max-video-preview:-1\" \/>\n<link rel=\"canonical\" href=\"https:\/\/www.diocese-limoges.fr\/grand-limoges\/paroisses\/saint-luc\/mouvements-deglise\/foi-et-lumiere\/\" \/>\n<meta property=\"og:locale\" content=\"fr_FR\" \/>\n<meta property=\"og:type\" content=\"article\" \/>\n<meta property=\"og:title\" content=\"Foi et Lumi\u00e8re - Doyenn\u00e9s du Grand Limoges\" \/>\n<meta property=\"og:description\" content=\"Une communaut\u00e9 \u00ab\u00a0Foi et Lumi\u00e8re\u00a0\u00bb sur la paroisse Saint-Luc Foi et Lumi\u00e8re regroupe des communaut\u00e9s de rencontre form\u00e9es de personnes ayant un handicap mental, de leurs familles et d&rsquo;amis,&nbsp;qui se retrouvent r\u00e9guli\u00e8rement dans un esprit chr\u00e9tien, pour partager leur amiti\u00e9, prier ensemble, f\u00eater et c\u00e9l\u00e9brer la vie. Pour plus d&rsquo;informations, voir site Foi et Lumi\u00e8re [&hellip;]\" \/>\n<meta property=\"og:url\" content=\"https:\/\/www.diocese-limoges.fr\/grand-limoges\/paroisses\/saint-luc\/mouvements-deglise\/foi-et-lumiere\/\" \/>\n<meta property=\"og:site_name\" content=\"Doyenn\u00e9s du Grand Limoges\" \/>\n<meta property=\"article:modified_time\" content=\"2022-01-28T15:36:25+00:00\" \/>\n<meta property=\"og:image\" content=\"https:\/\/www.diocese-limoges.fr\/grand-limoges\/wp-content\/uploads\/sites\/2\/2022\/01\/image-2.png\" \/>\n<meta name=\"twitter:card\" content=\"summary_large_image\" \/>\n<meta name=\"twitter:label1\" content=\"Dur\u00e9e de lecture estim\u00e9e\" \/>\n\t<meta name=\"twitter:data1\" content=\"1 minute\" \/>\n<script type=\"application\/ld+json\" class=\"yoast-schema-graph\">{\"@context\":\"https:\/\/schema.org\",\"@graph\":[{\"@type\":\"WebPage\",\"@id\":\"https:\/\/www.diocese-limoges.fr\/grand-limoges\/paroisses\/saint-luc\/mouvements-deglise\/foi-et-lumiere\/\",\"url\":\"https:\/\/www.diocese-limoges.fr\/grand-limoges\/paroisses\/saint-luc\/mouvements-deglise\/foi-et-lumiere\/\",\"name\":\"Foi et Lumi\u00e8re - Doyenn\u00e9s du Grand Limoges\",\"isPartOf\":{\"@id\":\"https:\/\/www.diocese-limoges.fr\/grand-limoges\/#website\"},\"primaryImageOfPage\":{\"@id\":\"https:\/\/www.diocese-limoges.fr\/grand-limoges\/paroisses\/saint-luc\/mouvements-deglise\/foi-et-lumiere\/#primaryimage\"},\"image\":{\"@id\":\"https:\/\/www.diocese-limoges.fr\/grand-limoges\/paroisses\/saint-luc\/mouvements-deglise\/foi-et-lumiere\/#primaryimage\"},\"thumbnailUrl\":\"https:\/\/www.diocese-limoges.fr\/grand-limoges\/wp-content\/uploads\/sites\/2\/2022\/01\/image-2.png\",\"datePublished\":\"2022-01-27T22:16:13+00:00\",\"dateModified\":\"2022-01-28T15:36:25+00:00\",\"breadcrumb\":{\"@id\":\"https:\/\/www.diocese-limoges.fr\/grand-limoges\/paroisses\/saint-luc\/mouvements-deglise\/foi-et-lumiere\/#breadcrumb\"},\"inLanguage\":\"fr-FR\",\"potentialAction\":[{\"@type\":\"ReadAction\",\"target\":[\"https:\/\/www.diocese-limoges.fr\/grand-limoges\/paroisses\/saint-luc\/mouvements-deglise\/foi-et-lumiere\/\"]}]},{\"@type\":\"ImageObject\",\"inLanguage\":\"fr-FR\",\"@id\":\"https:\/\/www.diocese-limoges.fr\/grand-limoges\/paroisses\/saint-luc\/mouvements-deglise\/foi-et-lumiere\/#primaryimage\",\"url\":\"https:\/\/www.diocese-limoges.fr\/grand-limoges\/wp-content\/uploads\/sites\/2\/2022\/01\/image-2.png\",\"contentUrl\":\"https:\/\/www.diocese-limoges.fr\/grand-limoges\/wp-content\/uploads\/sites\/2\/2022\/01\/image-2.png\",\"width\":945,\"height\":453},{\"@type\":\"BreadcrumbList\",\"@id\":\"https:\/\/www.diocese-limoges.fr\/grand-limoges\/paroisses\/saint-luc\/mouvements-deglise\/foi-et-lumiere\/#breadcrumb\",\"itemListElement\":[{\"@type\":\"ListItem\",\"position\":1,\"name\":\"Accueil\",\"item\":\"https:\/\/www.diocese-limoges.fr\/grand-limoges\/\"},{\"@type\":\"ListItem\",\"position\":2,\"name\":\"Paroisse Saint-Luc\",\"item\":\"https:\/\/www.diocese-limoges.fr\/grand-limoges\/paroisses\/saint-luc\/\"},{\"@type\":\"ListItem\",\"position\":3,\"name\":\"MOUVEMENTS D&rsquo;EGLISE et AUTRES\",\"item\":\"https:\/\/www.diocese-limoges.fr\/grand-limoges\/paroisses\/saint-luc\/mouvements-deglise\/\"},{\"@type\":\"ListItem\",\"position\":4,\"name\":\"Foi et Lumi\u00e8re\"}]},{\"@type\":\"WebSite\",\"@id\":\"https:\/\/www.diocese-limoges.fr\/grand-limoges\/#website\",\"url\":\"https:\/\/www.diocese-limoges.fr\/grand-limoges\/\",\"name\":\"Doyenn\u00e9s du Grand Limoges\",\"description\":\"Dioc\u00e8se de Limoges\",\"potentialAction\":[{\"@type\":\"SearchAction\",\"target\":{\"@type\":\"EntryPoint\",\"urlTemplate\":\"https:\/\/www.diocese-limoges.fr\/grand-limoges\/?s={search_term_string}\"},\"query-input\":{\"@type\":\"PropertyValueSpecification\",\"valueRequired\":true,\"valueName\":\"search_term_string\"}}],\"inLanguage\":\"fr-FR\"}]}<\/script>\n<!-- \/ Yoast SEO plugin. -->","yoast_head_json":{"title":"Foi et Lumi\u00e8re - Doyenn\u00e9s du Grand Limoges","robots":{"index":"index","follow":"follow","max-snippet":"max-snippet:-1","max-image-preview":"max-image-preview:large","max-video-preview":"max-video-preview:-1"},"canonical":"https:\/\/www.diocese-limoges.fr\/grand-limoges\/paroisses\/saint-luc\/mouvements-deglise\/foi-et-lumiere\/","og_locale":"fr_FR","og_type":"article","og_title":"Foi et Lumi\u00e8re - Doyenn\u00e9s du Grand Limoges","og_description":"Une communaut\u00e9 \u00ab\u00a0Foi et Lumi\u00e8re\u00a0\u00bb sur la paroisse Saint-Luc Foi et Lumi\u00e8re regroupe des communaut\u00e9s de rencontre form\u00e9es de personnes ayant un handicap mental, de leurs familles et d&rsquo;amis,&nbsp;qui se retrouvent r\u00e9guli\u00e8rement dans un esprit chr\u00e9tien, pour partager leur amiti\u00e9, prier ensemble, f\u00eater et c\u00e9l\u00e9brer la vie. Pour plus d&rsquo;informations, voir site Foi et Lumi\u00e8re [&hellip;]","og_url":"https:\/\/www.diocese-limoges.fr\/grand-limoges\/paroisses\/saint-luc\/mouvements-deglise\/foi-et-lumiere\/","og_site_name":"Doyenn\u00e9s du Grand Limoges","article_modified_time":"2022-01-28T15:36:25+00:00","og_image":[{"url":"https:\/\/www.diocese-limoges.fr\/grand-limoges\/wp-content\/uploads\/sites\/2\/2022\/01\/image-2.png","type":"","width":"","height":""}],"twitter_card":"summary_large_image","twitter_misc":{"Dur\u00e9e de lecture estim\u00e9e":"1 minute"},"schema":{"@context":"https:\/\/schema.org","@graph":[{"@type":"WebPage","@id":"https:\/\/www.diocese-limoges.fr\/grand-limoges\/paroisses\/saint-luc\/mouvements-deglise\/foi-et-lumiere\/","url":"https:\/\/www.diocese-limoges.fr\/grand-limoges\/paroisses\/saint-luc\/mouvements-deglise\/foi-et-lumiere\/","name":"Foi et Lumi\u00e8re - Doyenn\u00e9s du Grand Limoges","isPartOf":{"@id":"https:\/\/www.diocese-limoges.fr\/grand-limoges\/#website"},"primaryImageOfPage":{"@id":"https:\/\/www.diocese-limoges.fr\/grand-limoges\/paroisses\/saint-luc\/mouvements-deglise\/foi-et-lumiere\/#primaryimage"},"image":{"@id":"https:\/\/www.diocese-limoges.fr\/grand-limoges\/paroisses\/saint-luc\/mouvements-deglise\/foi-et-lumiere\/#primaryimage"},"thumbnailUrl":"https:\/\/www.diocese-limoges.fr\/grand-limoges\/wp-content\/uploads\/sites\/2\/2022\/01\/image-2.png","datePublished":"2022-01-27T22:16:13+00:00","dateModified":"2022-01-28T15:36:25+00:00","breadcrumb":{"@id":"https:\/\/www.diocese-limoges.fr\/grand-limoges\/paroisses\/saint-luc\/mouvements-deglise\/foi-et-lumiere\/#breadcrumb"},"inLanguage":"fr-FR","potentialAction":[{"@type":"ReadAction","target":["https:\/\/www.diocese-limoges.fr\/grand-limoges\/paroisses\/saint-luc\/mouvements-deglise\/foi-et-lumiere\/"]}]},{"@type":"ImageObject","inLanguage":"fr-FR","@id":"https:\/\/www.diocese-limoges.fr\/grand-limoges\/paroisses\/saint-luc\/mouvements-deglise\/foi-et-lumiere\/#primaryimage","url":"https:\/\/www.diocese-limoges.fr\/grand-limoges\/wp-content\/uploads\/sites\/2\/2022\/01\/image-2.png","contentUrl":"https:\/\/www.diocese-limoges.fr\/grand-limoges\/wp-content\/uploads\/sites\/2\/2022\/01\/image-2.png","width":945,"height":453},{"@type":"BreadcrumbList","@id":"https:\/\/www.diocese-limoges.fr\/grand-limoges\/paroisses\/saint-luc\/mouvements-deglise\/foi-et-lumiere\/#breadcrumb","itemListElement":[{"@type":"ListItem","position":1,"name":"Accueil","item":"https:\/\/www.diocese-limoges.fr\/grand-limoges\/"},{"@type":"ListItem","position":2,"name":"Paroisse Saint-Luc","item":"https:\/\/www.diocese-limoges.fr\/grand-limoges\/paroisses\/saint-luc\/"},{"@type":"ListItem","position":3,"name":"MOUVEMENTS D&rsquo;EGLISE et AUTRES","item":"https:\/\/www.diocese-limoges.fr\/grand-limoges\/paroisses\/saint-luc\/mouvements-deglise\/"},{"@type":"ListItem","position":4,"name":"Foi et Lumi\u00e8re"}]},{"@type":"WebSite","@id":"https:\/\/www.diocese-limoges.fr\/grand-limoges\/#website","url":"https:\/\/www.diocese-limoges.fr\/grand-limoges\/","name":"Doyenn\u00e9s du Grand Limoges","description":"Dioc\u00e8se de Limoges","potentialAction":[{"@type":"SearchAction","target":{"@type":"EntryPoint","urlTemplate":"https:\/\/www.diocese-limoges.fr\/grand-limoges\/?s={search_term_string}"},"query-input":{"@type":"PropertyValueSpecification","valueRequired":true,"valueName":"search_term_string"}}],"inLanguage":"fr-FR"}]}},"_links":{"self":[{"href":"https:\/\/www.diocese-limoges.fr\/grand-limoges\/wp-json\/wp\/v2\/paroisse\/20167","targetHints":{"allow":["GET"]}}],"collection":[{"href":"https:\/\/www.diocese-limoges.fr\/grand-limoges\/wp-json\/wp\/v2\/paroisse"}],"about":[{"href":"https:\/\/www.diocese-limoges.fr\/grand-limoges\/wp-json\/wp\/v2\/types\/paroisse"}],"author":[{"embeddable":true,"href":"https:\/\/www.diocese-limoges.fr\/grand-limoges\/wp-json\/wp\/v2\/users\/12"}],"up":[{"embeddable":true,"href":"https:\/\/www.diocese-limoges.fr\/grand-limoges\/wp-json\/wp\/v2\/paroisse\/17425"}],"wp:attachment":[{"href":"https:\/\/www.diocese-limoges.fr\/grand-limoges\/wp-json\/wp\/v2\/media?parent=20167"}],"curies":[{"name":"wp","href":"https:\/\/api.w.org\/{rel}","templated":true}]}}