{"id":21468,"date":"2023-02-01T21:15:40","date_gmt":"2023-02-01T20:15:40","guid":{"rendered":"https:\/\/www.diocese-limoges.fr\/grand-limoges\/?post_type=paroisse&#038;p=21468"},"modified":"2025-12-06T18:29:21","modified_gmt":"2025-12-06T17:29:21","slug":"confirmation","status":"publish","type":"paroisse","link":"https:\/\/www.diocese-limoges.fr\/grand-limoges\/paroisses\/saint-jean-paul-ii\/grandes-etapes-de-la-vie-chretienne\/sacrements\/confirmation\/","title":{"rendered":"Confirmation et Eucharistie"},"content":{"rendered":"\n<h2 class=\"wp-block-heading\">Sacrement de l&rsquo;initiation chr\u00e9tienne des adolescents et des adultes\u00a0: bapt\u00eame, confirmation, eucharistie<\/h2>\n\n\n\n<p> <strong>Le Cat\u00e9chisme de l\u2019\u00c9glise Catholique<\/strong> (au n\u00b0 1212) nous enseigne : \u00ab <strong>Par les sacrements de l\u2019initiation chr\u00e9tienne, le Bapt\u00eame, la Confirmation et l\u2019Eucharistie<\/strong> sont pos\u00e9s <strong>les fondements de toute vie chr\u00e9tienne<\/strong>. \u00bb <strong>La participation \u00e0 la nature divine<\/strong>, donn\u00e9e aux hommes par la gr\u00e2ce du Christ, comporte une certaine analogie avec l\u2019origine, la croissance et le soutien de la vie naturelle. N\u00e9s \u00e0 une <strong>vie nouvelle par le Bapt\u00eame<\/strong>, les fid\u00e8les sont en effet <strong>fortifi\u00e9s par le sacrement de Confirmation<\/strong> et re\u00e7oivent dans l\u2019<strong>Eucharistie le pain de la vie \u00e9ternelle<\/strong>. Ainsi, par ces sacrements de l\u2019initiation chr\u00e9tienne, ils re\u00e7oivent toujours davantage les <strong>richesses de la vie divine<\/strong> et s\u2019avancent vers la <strong>perfection de la charit\u00e9<\/strong> \u00bb(Paul VI, const. ap. \u201cDivin\u00e6 consortium natur\u00e6\u201d ; cf. OICA pr\u00e6no-tanda 1-2).<\/p>\n\n\n\n<h4 class=\"wp-block-heading\">Contact<\/h4>\n\n\n\n<ul class=\"wp-block-list\">\n<li>Pour les adultes : <strong>P\u00e8re Vincent Poitau, au 06 72 64 50 51 ou <a href=\"mailto:perevincentpoitau@gmail.com\">perevincentpoitau@gmail.com<\/a><\/strong><\/li>\n\n\n\n<li>Pour les adolescents : <strong>Nicole Bousquet, au 06 04 46 66 90,ou <a href=\"mailto:bousquet.nicole87@free.fr\">bousquet.nicole87@free.fr<\/a><\/strong><\/li>\n<\/ul>\n","protected":false},"author":18,"featured_media":24692,"parent":21465,"menu_order":42,"template":"","meta":{"_acf_changed":false},"class_list":["post-21468","paroisse","type-paroisse","status-publish","has-post-thumbnail","hentry"],"acf":[],"yoast_head":"<!-- This site is optimized with the Yoast SEO plugin v26.4 - https:\/\/yoast.com\/wordpress\/plugins\/seo\/ -->\n<title>Confirmation et Eucharistie - Doyenn\u00e9s du Grand Limoges<\/title>\n<meta name=\"robots\" content=\"index, follow, max-snippet:-1, max-image-preview:large, max-video-preview:-1\" \/>\n<link rel=\"canonical\" href=\"https:\/\/www.diocese-limoges.fr\/grand-limoges\/paroisses\/saint-jean-paul-ii\/grandes-etapes-de-la-vie-chretienne\/sacrements\/confirmation\/\" \/>\n<meta property=\"og:locale\" content=\"fr_FR\" \/>\n<meta property=\"og:type\" content=\"article\" \/>\n<meta property=\"og:title\" content=\"Confirmation et Eucharistie - Doyenn\u00e9s du Grand Limoges\" \/>\n<meta property=\"og:description\" content=\"Sacrement de l&rsquo;initiation chr\u00e9tienne des adolescents et des adultes\u00a0: bapt\u00eame, confirmation, eucharistie Le Cat\u00e9chisme de l\u2019\u00c9glise Catholique (au n\u00b0 1212) nous enseigne : \u00ab Par les sacrements de l\u2019initiation chr\u00e9tienne, le Bapt\u00eame, la Confirmation et l\u2019Eucharistie sont pos\u00e9s les fondements de toute vie chr\u00e9tienne. \u00bb La participation \u00e0 la nature divine, donn\u00e9e aux hommes par [&hellip;]\" \/>\n<meta property=\"og:url\" content=\"https:\/\/www.diocese-limoges.fr\/grand-limoges\/paroisses\/saint-jean-paul-ii\/grandes-etapes-de-la-vie-chretienne\/sacrements\/confirmation\/\" \/>\n<meta property=\"og:site_name\" content=\"Doyenn\u00e9s du Grand Limoges\" \/>\n<meta property=\"article:modified_time\" content=\"2025-12-06T17:29:21+00:00\" \/>\n<meta property=\"og:image\" content=\"https:\/\/www.diocese-limoges.fr\/grand-limoges\/wp-content\/uploads\/sites\/2\/2023\/02\/photos-3-clochers-site-web.jpeg\" \/>\n\t<meta property=\"og:image:width\" content=\"1280\" \/>\n\t<meta property=\"og:image:height\" content=\"629\" \/>\n\t<meta property=\"og:image:type\" content=\"image\/jpeg\" \/>\n<meta name=\"twitter:card\" content=\"summary_large_image\" \/>\n<meta name=\"twitter:label1\" content=\"Dur\u00e9e de lecture estim\u00e9e\" \/>\n\t<meta name=\"twitter:data1\" content=\"1 minute\" \/>\n<script type=\"application\/ld+json\" class=\"yoast-schema-graph\">{\"@context\":\"https:\/\/schema.org\",\"@graph\":[{\"@type\":\"WebPage\",\"@id\":\"https:\/\/www.diocese-limoges.fr\/grand-limoges\/paroisses\/saint-jean-paul-ii\/grandes-etapes-de-la-vie-chretienne\/sacrements\/confirmation\/\",\"url\":\"https:\/\/www.diocese-limoges.fr\/grand-limoges\/paroisses\/saint-jean-paul-ii\/grandes-etapes-de-la-vie-chretienne\/sacrements\/confirmation\/\",\"name\":\"Confirmation et Eucharistie - Doyenn\u00e9s du Grand Limoges\",\"isPartOf\":{\"@id\":\"https:\/\/www.diocese-limoges.fr\/grand-limoges\/#website\"},\"primaryImageOfPage\":{\"@id\":\"https:\/\/www.diocese-limoges.fr\/grand-limoges\/paroisses\/saint-jean-paul-ii\/grandes-etapes-de-la-vie-chretienne\/sacrements\/confirmation\/#primaryimage\"},\"image\":{\"@id\":\"https:\/\/www.diocese-limoges.fr\/grand-limoges\/paroisses\/saint-jean-paul-ii\/grandes-etapes-de-la-vie-chretienne\/sacrements\/confirmation\/#primaryimage\"},\"thumbnailUrl\":\"https:\/\/www.diocese-limoges.fr\/grand-limoges\/wp-content\/uploads\/sites\/2\/2023\/02\/photos-3-clochers-site-web.jpeg\",\"datePublished\":\"2023-02-01T20:15:40+00:00\",\"dateModified\":\"2025-12-06T17:29:21+00:00\",\"breadcrumb\":{\"@id\":\"https:\/\/www.diocese-limoges.fr\/grand-limoges\/paroisses\/saint-jean-paul-ii\/grandes-etapes-de-la-vie-chretienne\/sacrements\/confirmation\/#breadcrumb\"},\"inLanguage\":\"fr-FR\",\"potentialAction\":[{\"@type\":\"ReadAction\",\"target\":[\"https:\/\/www.diocese-limoges.fr\/grand-limoges\/paroisses\/saint-jean-paul-ii\/grandes-etapes-de-la-vie-chretienne\/sacrements\/confirmation\/\"]}]},{\"@type\":\"ImageObject\",\"inLanguage\":\"fr-FR\",\"@id\":\"https:\/\/www.diocese-limoges.fr\/grand-limoges\/paroisses\/saint-jean-paul-ii\/grandes-etapes-de-la-vie-chretienne\/sacrements\/confirmation\/#primaryimage\",\"url\":\"https:\/\/www.diocese-limoges.fr\/grand-limoges\/wp-content\/uploads\/sites\/2\/2023\/02\/photos-3-clochers-site-web.jpeg\",\"contentUrl\":\"https:\/\/www.diocese-limoges.fr\/grand-limoges\/wp-content\/uploads\/sites\/2\/2023\/02\/photos-3-clochers-site-web.jpeg\",\"width\":1280,\"height\":629},{\"@type\":\"BreadcrumbList\",\"@id\":\"https:\/\/www.diocese-limoges.fr\/grand-limoges\/paroisses\/saint-jean-paul-ii\/grandes-etapes-de-la-vie-chretienne\/sacrements\/confirmation\/#breadcrumb\",\"itemListElement\":[{\"@type\":\"ListItem\",\"position\":1,\"name\":\"Accueil\",\"item\":\"https:\/\/www.diocese-limoges.fr\/grand-limoges\/\"},{\"@type\":\"ListItem\",\"position\":2,\"name\":\"Paroisse Saint-Jean-Paul II\",\"item\":\"https:\/\/www.diocese-limoges.fr\/grand-limoges\/paroisses\/saint-jean-paul-ii\/\"},{\"@type\":\"ListItem\",\"position\":3,\"name\":\"Grandes \u00e9tapes de la vie chr\u00e9tienne\",\"item\":\"https:\/\/www.diocese-limoges.fr\/grand-limoges\/paroisses\/saint-jean-paul-ii\/grandes-etapes-de-la-vie-chretienne\/\"},{\"@type\":\"ListItem\",\"position\":4,\"name\":\"Sacrements\",\"item\":\"https:\/\/www.diocese-limoges.fr\/grand-limoges\/paroisses\/saint-jean-paul-ii\/grandes-etapes-de-la-vie-chretienne\/sacrements\/\"},{\"@type\":\"ListItem\",\"position\":5,\"name\":\"Confirmation et Eucharistie\"}]},{\"@type\":\"WebSite\",\"@id\":\"https:\/\/www.diocese-limoges.fr\/grand-limoges\/#website\",\"url\":\"https:\/\/www.diocese-limoges.fr\/grand-limoges\/\",\"name\":\"Doyenn\u00e9s du Grand Limoges\",\"description\":\"Dioc\u00e8se de Limoges\",\"potentialAction\":[{\"@type\":\"SearchAction\",\"target\":{\"@type\":\"EntryPoint\",\"urlTemplate\":\"https:\/\/www.diocese-limoges.fr\/grand-limoges\/?s={search_term_string}\"},\"query-input\":{\"@type\":\"PropertyValueSpecification\",\"valueRequired\":true,\"valueName\":\"search_term_string\"}}],\"inLanguage\":\"fr-FR\"}]}<\/script>\n<!-- \/ Yoast SEO plugin. -->","yoast_head_json":{"title":"Confirmation et Eucharistie - Doyenn\u00e9s du Grand Limoges","robots":{"index":"index","follow":"follow","max-snippet":"max-snippet:-1","max-image-preview":"max-image-preview:large","max-video-preview":"max-video-preview:-1"},"canonical":"https:\/\/www.diocese-limoges.fr\/grand-limoges\/paroisses\/saint-jean-paul-ii\/grandes-etapes-de-la-vie-chretienne\/sacrements\/confirmation\/","og_locale":"fr_FR","og_type":"article","og_title":"Confirmation et Eucharistie - Doyenn\u00e9s du Grand Limoges","og_description":"Sacrement de l&rsquo;initiation chr\u00e9tienne des adolescents et des adultes\u00a0: bapt\u00eame, confirmation, eucharistie Le Cat\u00e9chisme de l\u2019\u00c9glise Catholique (au n\u00b0 1212) nous enseigne : \u00ab Par les sacrements de l\u2019initiation chr\u00e9tienne, le Bapt\u00eame, la Confirmation et l\u2019Eucharistie sont pos\u00e9s les fondements de toute vie chr\u00e9tienne. \u00bb La participation \u00e0 la nature divine, donn\u00e9e aux hommes par [&hellip;]","og_url":"https:\/\/www.diocese-limoges.fr\/grand-limoges\/paroisses\/saint-jean-paul-ii\/grandes-etapes-de-la-vie-chretienne\/sacrements\/confirmation\/","og_site_name":"Doyenn\u00e9s du Grand Limoges","article_modified_time":"2025-12-06T17:29:21+00:00","og_image":[{"width":1280,"height":629,"url":"https:\/\/www.diocese-limoges.fr\/grand-limoges\/wp-content\/uploads\/sites\/2\/2023\/02\/photos-3-clochers-site-web.jpeg","type":"image\/jpeg"}],"twitter_card":"summary_large_image","twitter_misc":{"Dur\u00e9e de lecture estim\u00e9e":"1 minute"},"schema":{"@context":"https:\/\/schema.org","@graph":[{"@type":"WebPage","@id":"https:\/\/www.diocese-limoges.fr\/grand-limoges\/paroisses\/saint-jean-paul-ii\/grandes-etapes-de-la-vie-chretienne\/sacrements\/confirmation\/","url":"https:\/\/www.diocese-limoges.fr\/grand-limoges\/paroisses\/saint-jean-paul-ii\/grandes-etapes-de-la-vie-chretienne\/sacrements\/confirmation\/","name":"Confirmation et Eucharistie - Doyenn\u00e9s du Grand Limoges","isPartOf":{"@id":"https:\/\/www.diocese-limoges.fr\/grand-limoges\/#website"},"primaryImageOfPage":{"@id":"https:\/\/www.diocese-limoges.fr\/grand-limoges\/paroisses\/saint-jean-paul-ii\/grandes-etapes-de-la-vie-chretienne\/sacrements\/confirmation\/#primaryimage"},"image":{"@id":"https:\/\/www.diocese-limoges.fr\/grand-limoges\/paroisses\/saint-jean-paul-ii\/grandes-etapes-de-la-vie-chretienne\/sacrements\/confirmation\/#primaryimage"},"thumbnailUrl":"https:\/\/www.diocese-limoges.fr\/grand-limoges\/wp-content\/uploads\/sites\/2\/2023\/02\/photos-3-clochers-site-web.jpeg","datePublished":"2023-02-01T20:15:40+00:00","dateModified":"2025-12-06T17:29:21+00:00","breadcrumb":{"@id":"https:\/\/www.diocese-limoges.fr\/grand-limoges\/paroisses\/saint-jean-paul-ii\/grandes-etapes-de-la-vie-chretienne\/sacrements\/confirmation\/#breadcrumb"},"inLanguage":"fr-FR","potentialAction":[{"@type":"ReadAction","target":["https:\/\/www.diocese-limoges.fr\/grand-limoges\/paroisses\/saint-jean-paul-ii\/grandes-etapes-de-la-vie-chretienne\/sacrements\/confirmation\/"]}]},{"@type":"ImageObject","inLanguage":"fr-FR","@id":"https:\/\/www.diocese-limoges.fr\/grand-limoges\/paroisses\/saint-jean-paul-ii\/grandes-etapes-de-la-vie-chretienne\/sacrements\/confirmation\/#primaryimage","url":"https:\/\/www.diocese-limoges.fr\/grand-limoges\/wp-content\/uploads\/sites\/2\/2023\/02\/photos-3-clochers-site-web.jpeg","contentUrl":"https:\/\/www.diocese-limoges.fr\/grand-limoges\/wp-content\/uploads\/sites\/2\/2023\/02\/photos-3-clochers-site-web.jpeg","width":1280,"height":629},{"@type":"BreadcrumbList","@id":"https:\/\/www.diocese-limoges.fr\/grand-limoges\/paroisses\/saint-jean-paul-ii\/grandes-etapes-de-la-vie-chretienne\/sacrements\/confirmation\/#breadcrumb","itemListElement":[{"@type":"ListItem","position":1,"name":"Accueil","item":"https:\/\/www.diocese-limoges.fr\/grand-limoges\/"},{"@type":"ListItem","position":2,"name":"Paroisse Saint-Jean-Paul II","item":"https:\/\/www.diocese-limoges.fr\/grand-limoges\/paroisses\/saint-jean-paul-ii\/"},{"@type":"ListItem","position":3,"name":"Grandes \u00e9tapes de la vie chr\u00e9tienne","item":"https:\/\/www.diocese-limoges.fr\/grand-limoges\/paroisses\/saint-jean-paul-ii\/grandes-etapes-de-la-vie-chretienne\/"},{"@type":"ListItem","position":4,"name":"Sacrements","item":"https:\/\/www.diocese-limoges.fr\/grand-limoges\/paroisses\/saint-jean-paul-ii\/grandes-etapes-de-la-vie-chretienne\/sacrements\/"},{"@type":"ListItem","position":5,"name":"Confirmation et Eucharistie"}]},{"@type":"WebSite","@id":"https:\/\/www.diocese-limoges.fr\/grand-limoges\/#website","url":"https:\/\/www.diocese-limoges.fr\/grand-limoges\/","name":"Doyenn\u00e9s du Grand Limoges","description":"Dioc\u00e8se de Limoges","potentialAction":[{"@type":"SearchAction","target":{"@type":"EntryPoint","urlTemplate":"https:\/\/www.diocese-limoges.fr\/grand-limoges\/?s={search_term_string}"},"query-input":{"@type":"PropertyValueSpecification","valueRequired":true,"valueName":"search_term_string"}}],"inLanguage":"fr-FR"}]}},"_links":{"self":[{"href":"https:\/\/www.diocese-limoges.fr\/grand-limoges\/wp-json\/wp\/v2\/paroisse\/21468","targetHints":{"allow":["GET"]}}],"collection":[{"href":"https:\/\/www.diocese-limoges.fr\/grand-limoges\/wp-json\/wp\/v2\/paroisse"}],"about":[{"href":"https:\/\/www.diocese-limoges.fr\/grand-limoges\/wp-json\/wp\/v2\/types\/paroisse"}],"author":[{"embeddable":true,"href":"https:\/\/www.diocese-limoges.fr\/grand-limoges\/wp-json\/wp\/v2\/users\/18"}],"up":[{"embeddable":true,"href":"https:\/\/www.diocese-limoges.fr\/grand-limoges\/wp-json\/wp\/v2\/paroisse\/21465"}],"wp:featuredmedia":[{"embeddable":true,"href":"https:\/\/www.diocese-limoges.fr\/grand-limoges\/wp-json\/wp\/v2\/media\/24692"}],"wp:attachment":[{"href":"https:\/\/www.diocese-limoges.fr\/grand-limoges\/wp-json\/wp\/v2\/media?parent=21468"}],"curies":[{"name":"wp","href":"https:\/\/api.w.org\/{rel}","templated":true}]}}