{"id":22020,"date":"2023-09-07T02:00:40","date_gmt":"2023-09-07T00:00:40","guid":{"rendered":"https:\/\/www.diocese-limoges.fr\/grand-limoges\/?post_type=paroisse&#038;p=22020"},"modified":"2024-08-21T13:21:16","modified_gmt":"2024-08-21T11:21:16","slug":"9-11-ans-2","status":"publish","type":"paroisse","link":"https:\/\/www.diocese-limoges.fr\/grand-limoges\/paroisses\/saint-eloi-des-hauts-de-laurence\/catechisme\/9-11-ans-2\/","title":{"rendered":"9-11 ans"},"content":{"rendered":"\n<p class=\"has-luminous-vivid-amber-background-color has-background\"><strong>Pour les 9-11 ans et leurs familles, comment continuer \u00e0 conna\u00eetre et \u00e0 aimer J\u00e9sus, d\u00e9couvrir son message dans nos vies et devenir son ami.<\/strong><\/p>\n\n\n\n<div class=\"wp-block-columns is-layout-flex wp-container-core-columns-is-layout-28f84493 wp-block-columns-is-layout-flex\">\n<div class=\"wp-block-column is-layout-flow wp-block-column-is-layout-flow\">\n<p><\/p>\n\n\n\n<p><\/p>\n\n\n\n<p class=\"has-luminous-vivid-orange-color has-text-color\"><strong>\u00ab&nbsp;T\u00e9moigner. De quoi&nbsp;?De la joie&nbsp;! T\u00e9moigner de la joie de la rencontre avec J\u00e9sus, parce que j&rsquo;ai dit que notre rencontre avec J\u00e9sus change la vie, et aussi que toute rencontre avec J\u00e9sus nous remplit de joie, de cette joie qui vient de l&rsquo;int\u00e9rieur.&nbsp;\u00bb<\/strong><\/p>\n\n\n\n<p class=\"has-luminous-vivid-orange-color has-text-color\"><em>Pape Fran\u00e7ois, hom\u00e9lie du 23 mars 2014<\/em><\/p>\n<\/div>\n\n\n\n<div class=\"wp-block-column is-layout-flow wp-block-column-is-layout-flow\">\n<figure class=\"wp-block-image size-large is-resized\"><img loading=\"lazy\" decoding=\"async\" width=\"724\" height=\"1024\" src=\"https:\/\/www.diocese-limoges.fr\/grand-limoges\/wp-content\/uploads\/sites\/2\/2023\/07\/affiche-ose-le-cate--724x1024.jpg\" alt=\"\" class=\"wp-image-21948\" style=\"width:206px;height:291px\" srcset=\"https:\/\/www.diocese-limoges.fr\/grand-limoges\/wp-content\/uploads\/sites\/2\/2023\/07\/affiche-ose-le-cate--724x1024.jpg 724w, https:\/\/www.diocese-limoges.fr\/grand-limoges\/wp-content\/uploads\/sites\/2\/2023\/07\/affiche-ose-le-cate--212x300.jpg 212w, https:\/\/www.diocese-limoges.fr\/grand-limoges\/wp-content\/uploads\/sites\/2\/2023\/07\/affiche-ose-le-cate--768x1086.jpg 768w, https:\/\/www.diocese-limoges.fr\/grand-limoges\/wp-content\/uploads\/sites\/2\/2023\/07\/affiche-ose-le-cate--1086x1536.jpg 1086w, https:\/\/www.diocese-limoges.fr\/grand-limoges\/wp-content\/uploads\/sites\/2\/2023\/07\/affiche-ose-le-cate--1448x2048.jpg 1448w, https:\/\/www.diocese-limoges.fr\/grand-limoges\/wp-content\/uploads\/sites\/2\/2023\/07\/affiche-ose-le-cate--scaled.jpg 1810w\" sizes=\"auto, (max-width: 724px) 100vw, 724px\" \/><\/figure>\n<\/div>\n<\/div>\n\n\n\n<p class=\"has-luminous-vivid-amber-color has-text-color has-medium-font-size\"><strong>La cat\u00e9ch\u00e8se est offerte \u00e0 tous les enfants baptis\u00e9s ou non<\/strong>.<\/p>\n\n\n\n<div class=\"wp-block-columns is-layout-flex wp-container-core-columns-is-layout-28f84493 wp-block-columns-is-layout-flex\">\n<div class=\"wp-block-column is-layout-flow wp-block-column-is-layout-flow\">\n<figure class=\"wp-block-image size-full\"><img loading=\"lazy\" decoding=\"async\" width=\"333\" height=\"378\" src=\"https:\/\/www.diocese-limoges.fr\/grand-limoges\/wp-content\/uploads\/sites\/2\/2023\/09\/image1.png\" alt=\"\" class=\"wp-image-22016\" srcset=\"https:\/\/www.diocese-limoges.fr\/grand-limoges\/wp-content\/uploads\/sites\/2\/2023\/09\/image1.png 333w, https:\/\/www.diocese-limoges.fr\/grand-limoges\/wp-content\/uploads\/sites\/2\/2023\/09\/image1-264x300.png 264w\" sizes=\"auto, (max-width: 333px) 100vw, 333px\" \/><\/figure>\n<\/div>\n\n\n\n<div class=\"wp-block-column is-layout-flow wp-block-column-is-layout-flow\">\n<div class=\"wp-block-group is-vertical is-layout-flex wp-container-core-group-is-layout-fe9cc265 wp-block-group-is-layout-flex\">\n<p>Tu as cr\u00e9\u00e9, par ton amour&nbsp;;<\/p>\n\n\n\n<p>Tu nous as fait, \u00e0 ton image.<\/p>\n\n\n\n<p>Tu nous connais, et tu nous aimes&nbsp;!<\/p>\n\n\n\n<p>Merci Seigneur, pour cette vie,<\/p>\n\n\n\n<p>Que tu nous donnes, que tu b\u00e9nis&nbsp;!<\/p>\n\n\n\n<p><strong>Que tu es bon Seigneur<\/strong><\/p>\n\n\n\n<p><strong>Ton amour est pour nous<\/strong><\/p>\n\n\n\n<p><strong>Comme un manteau,<\/strong><\/p>\n\n\n\n<p><strong>Qui nous entoure.<\/strong><\/p>\n\n\n\n<p class=\"has-small-font-size\"><em>Extrait&nbsp;; texte et musique de S\u0153ur Agathe<\/em><\/p>\n<\/div>\n<\/div>\n<\/div>\n\n\n\n<p class=\"has-luminous-vivid-amber-color has-text-color has-medium-font-size\"><strong>En \u00e9quipe, ils cheminent vers Dieu qui est Amour&nbsp;!<\/strong><\/p>\n\n\n\n<p>Chers parents, voici la pr\u00e9vision des dates des s\u00e9ances de cat\u00e9chisme, des messes des familles,<br>ainsi que les dates des temps forts que votre enfant va vivre cette ann\u00e9e.<\/p>\n\n\n\n<div class=\"wp-block-file\"><a id=\"wp-block-file--media-f0c8b20c-5eef-4741-ac9c-34377e36186e\" href=\"https:\/\/www.diocese-limoges.fr\/grand-limoges\/wp-content\/uploads\/sites\/2\/2023\/09\/planning-seances-9-11-ans-2023-2024.pdf\">planning-seances-9-11-ans-2023-2024<\/a><a href=\"https:\/\/www.diocese-limoges.fr\/grand-limoges\/wp-content\/uploads\/sites\/2\/2023\/09\/planning-seances-9-11-ans-2023-2024.pdf\" class=\"wp-block-file__button wp-element-button\" download aria-describedby=\"wp-block-file--media-f0c8b20c-5eef-4741-ac9c-34377e36186e\">T\u00e9l\u00e9charger<\/a><\/div>\n","protected":false},"author":10,"featured_media":18238,"parent":18233,"menu_order":79,"template":"","meta":{"_acf_changed":false},"class_list":["post-22020","paroisse","type-paroisse","status-publish","has-post-thumbnail","hentry"],"acf":[],"yoast_head":"<!-- This site is optimized with the Yoast SEO plugin v26.4 - https:\/\/yoast.com\/wordpress\/plugins\/seo\/ -->\n<title>9-11 ans - Doyenn\u00e9s du Grand Limoges<\/title>\n<meta name=\"robots\" content=\"index, follow, max-snippet:-1, max-image-preview:large, max-video-preview:-1\" \/>\n<link rel=\"canonical\" href=\"https:\/\/www.diocese-limoges.fr\/grand-limoges\/paroisses\/saint-eloi-des-hauts-de-laurence\/catechisme\/9-11-ans-2\/\" \/>\n<meta property=\"og:locale\" content=\"fr_FR\" \/>\n<meta property=\"og:type\" content=\"article\" \/>\n<meta property=\"og:title\" content=\"9-11 ans - Doyenn\u00e9s du Grand Limoges\" \/>\n<meta property=\"og:description\" content=\"Pour les 9-11 ans et leurs familles, comment continuer \u00e0 conna\u00eetre et \u00e0 aimer J\u00e9sus, d\u00e9couvrir son message dans nos vies et devenir son ami. \u00ab&nbsp;T\u00e9moigner. De quoi&nbsp;?De la joie&nbsp;! T\u00e9moigner de la joie de la rencontre avec J\u00e9sus, parce que j&rsquo;ai dit que notre rencontre avec J\u00e9sus change la vie, et aussi que toute [&hellip;]\" \/>\n<meta property=\"og:url\" content=\"https:\/\/www.diocese-limoges.fr\/grand-limoges\/paroisses\/saint-eloi-des-hauts-de-laurence\/catechisme\/9-11-ans-2\/\" \/>\n<meta property=\"og:site_name\" content=\"Doyenn\u00e9s du Grand Limoges\" \/>\n<meta property=\"article:modified_time\" content=\"2024-08-21T11:21:16+00:00\" \/>\n<meta property=\"og:image\" content=\"https:\/\/www.diocese-limoges.fr\/grand-limoges\/wp-content\/uploads\/sites\/2\/2020\/11\/9-11-ans-e1604951586249.jpg\" \/>\n\t<meta property=\"og:image:width\" content=\"1164\" \/>\n\t<meta property=\"og:image:height\" content=\"825\" \/>\n\t<meta property=\"og:image:type\" content=\"image\/jpeg\" \/>\n<meta name=\"twitter:card\" content=\"summary_large_image\" \/>\n<meta name=\"twitter:label1\" content=\"Dur\u00e9e de lecture estim\u00e9e\" \/>\n\t<meta name=\"twitter:data1\" content=\"2 minutes\" \/>\n<script type=\"application\/ld+json\" class=\"yoast-schema-graph\">{\"@context\":\"https:\/\/schema.org\",\"@graph\":[{\"@type\":\"WebPage\",\"@id\":\"https:\/\/www.diocese-limoges.fr\/grand-limoges\/paroisses\/saint-eloi-des-hauts-de-laurence\/catechisme\/9-11-ans-2\/\",\"url\":\"https:\/\/www.diocese-limoges.fr\/grand-limoges\/paroisses\/saint-eloi-des-hauts-de-laurence\/catechisme\/9-11-ans-2\/\",\"name\":\"9-11 ans - Doyenn\u00e9s du Grand Limoges\",\"isPartOf\":{\"@id\":\"https:\/\/www.diocese-limoges.fr\/grand-limoges\/#website\"},\"primaryImageOfPage\":{\"@id\":\"https:\/\/www.diocese-limoges.fr\/grand-limoges\/paroisses\/saint-eloi-des-hauts-de-laurence\/catechisme\/9-11-ans-2\/#primaryimage\"},\"image\":{\"@id\":\"https:\/\/www.diocese-limoges.fr\/grand-limoges\/paroisses\/saint-eloi-des-hauts-de-laurence\/catechisme\/9-11-ans-2\/#primaryimage\"},\"thumbnailUrl\":\"https:\/\/www.diocese-limoges.fr\/grand-limoges\/wp-content\/uploads\/sites\/2\/2020\/11\/9-11-ans-e1604951586249.jpg\",\"datePublished\":\"2023-09-07T00:00:40+00:00\",\"dateModified\":\"2024-08-21T11:21:16+00:00\",\"breadcrumb\":{\"@id\":\"https:\/\/www.diocese-limoges.fr\/grand-limoges\/paroisses\/saint-eloi-des-hauts-de-laurence\/catechisme\/9-11-ans-2\/#breadcrumb\"},\"inLanguage\":\"fr-FR\",\"potentialAction\":[{\"@type\":\"ReadAction\",\"target\":[\"https:\/\/www.diocese-limoges.fr\/grand-limoges\/paroisses\/saint-eloi-des-hauts-de-laurence\/catechisme\/9-11-ans-2\/\"]}]},{\"@type\":\"ImageObject\",\"inLanguage\":\"fr-FR\",\"@id\":\"https:\/\/www.diocese-limoges.fr\/grand-limoges\/paroisses\/saint-eloi-des-hauts-de-laurence\/catechisme\/9-11-ans-2\/#primaryimage\",\"url\":\"https:\/\/www.diocese-limoges.fr\/grand-limoges\/wp-content\/uploads\/sites\/2\/2020\/11\/9-11-ans-e1604951586249.jpg\",\"contentUrl\":\"https:\/\/www.diocese-limoges.fr\/grand-limoges\/wp-content\/uploads\/sites\/2\/2020\/11\/9-11-ans-e1604951586249.jpg\",\"width\":1164,\"height\":825},{\"@type\":\"BreadcrumbList\",\"@id\":\"https:\/\/www.diocese-limoges.fr\/grand-limoges\/paroisses\/saint-eloi-des-hauts-de-laurence\/catechisme\/9-11-ans-2\/#breadcrumb\",\"itemListElement\":[{\"@type\":\"ListItem\",\"position\":1,\"name\":\"Accueil\",\"item\":\"https:\/\/www.diocese-limoges.fr\/grand-limoges\/\"},{\"@type\":\"ListItem\",\"position\":2,\"name\":\"Paroisse Saint-\u00c9loi-des-Hauts-de-l&rsquo;Aurence\",\"item\":\"https:\/\/www.diocese-limoges.fr\/grand-limoges\/paroisses\/saint-eloi-des-hauts-de-laurence\/\"},{\"@type\":\"ListItem\",\"position\":3,\"name\":\"Cat\u00e9ch\u00e8se\",\"item\":\"https:\/\/www.diocese-limoges.fr\/grand-limoges\/paroisses\/saint-eloi-des-hauts-de-laurence\/catechisme\/\"},{\"@type\":\"ListItem\",\"position\":4,\"name\":\"9-11 ans\"}]},{\"@type\":\"WebSite\",\"@id\":\"https:\/\/www.diocese-limoges.fr\/grand-limoges\/#website\",\"url\":\"https:\/\/www.diocese-limoges.fr\/grand-limoges\/\",\"name\":\"Doyenn\u00e9s du Grand Limoges\",\"description\":\"Dioc\u00e8se de Limoges\",\"potentialAction\":[{\"@type\":\"SearchAction\",\"target\":{\"@type\":\"EntryPoint\",\"urlTemplate\":\"https:\/\/www.diocese-limoges.fr\/grand-limoges\/?s={search_term_string}\"},\"query-input\":{\"@type\":\"PropertyValueSpecification\",\"valueRequired\":true,\"valueName\":\"search_term_string\"}}],\"inLanguage\":\"fr-FR\"}]}<\/script>\n<!-- \/ Yoast SEO plugin. -->","yoast_head_json":{"title":"9-11 ans - Doyenn\u00e9s du Grand Limoges","robots":{"index":"index","follow":"follow","max-snippet":"max-snippet:-1","max-image-preview":"max-image-preview:large","max-video-preview":"max-video-preview:-1"},"canonical":"https:\/\/www.diocese-limoges.fr\/grand-limoges\/paroisses\/saint-eloi-des-hauts-de-laurence\/catechisme\/9-11-ans-2\/","og_locale":"fr_FR","og_type":"article","og_title":"9-11 ans - Doyenn\u00e9s du Grand Limoges","og_description":"Pour les 9-11 ans et leurs familles, comment continuer \u00e0 conna\u00eetre et \u00e0 aimer J\u00e9sus, d\u00e9couvrir son message dans nos vies et devenir son ami. \u00ab&nbsp;T\u00e9moigner. De quoi&nbsp;?De la joie&nbsp;! T\u00e9moigner de la joie de la rencontre avec J\u00e9sus, parce que j&rsquo;ai dit que notre rencontre avec J\u00e9sus change la vie, et aussi que toute [&hellip;]","og_url":"https:\/\/www.diocese-limoges.fr\/grand-limoges\/paroisses\/saint-eloi-des-hauts-de-laurence\/catechisme\/9-11-ans-2\/","og_site_name":"Doyenn\u00e9s du Grand Limoges","article_modified_time":"2024-08-21T11:21:16+00:00","og_image":[{"width":1164,"height":825,"url":"https:\/\/www.diocese-limoges.fr\/grand-limoges\/wp-content\/uploads\/sites\/2\/2020\/11\/9-11-ans-e1604951586249.jpg","type":"image\/jpeg"}],"twitter_card":"summary_large_image","twitter_misc":{"Dur\u00e9e de lecture estim\u00e9e":"2 minutes"},"schema":{"@context":"https:\/\/schema.org","@graph":[{"@type":"WebPage","@id":"https:\/\/www.diocese-limoges.fr\/grand-limoges\/paroisses\/saint-eloi-des-hauts-de-laurence\/catechisme\/9-11-ans-2\/","url":"https:\/\/www.diocese-limoges.fr\/grand-limoges\/paroisses\/saint-eloi-des-hauts-de-laurence\/catechisme\/9-11-ans-2\/","name":"9-11 ans - Doyenn\u00e9s du Grand Limoges","isPartOf":{"@id":"https:\/\/www.diocese-limoges.fr\/grand-limoges\/#website"},"primaryImageOfPage":{"@id":"https:\/\/www.diocese-limoges.fr\/grand-limoges\/paroisses\/saint-eloi-des-hauts-de-laurence\/catechisme\/9-11-ans-2\/#primaryimage"},"image":{"@id":"https:\/\/www.diocese-limoges.fr\/grand-limoges\/paroisses\/saint-eloi-des-hauts-de-laurence\/catechisme\/9-11-ans-2\/#primaryimage"},"thumbnailUrl":"https:\/\/www.diocese-limoges.fr\/grand-limoges\/wp-content\/uploads\/sites\/2\/2020\/11\/9-11-ans-e1604951586249.jpg","datePublished":"2023-09-07T00:00:40+00:00","dateModified":"2024-08-21T11:21:16+00:00","breadcrumb":{"@id":"https:\/\/www.diocese-limoges.fr\/grand-limoges\/paroisses\/saint-eloi-des-hauts-de-laurence\/catechisme\/9-11-ans-2\/#breadcrumb"},"inLanguage":"fr-FR","potentialAction":[{"@type":"ReadAction","target":["https:\/\/www.diocese-limoges.fr\/grand-limoges\/paroisses\/saint-eloi-des-hauts-de-laurence\/catechisme\/9-11-ans-2\/"]}]},{"@type":"ImageObject","inLanguage":"fr-FR","@id":"https:\/\/www.diocese-limoges.fr\/grand-limoges\/paroisses\/saint-eloi-des-hauts-de-laurence\/catechisme\/9-11-ans-2\/#primaryimage","url":"https:\/\/www.diocese-limoges.fr\/grand-limoges\/wp-content\/uploads\/sites\/2\/2020\/11\/9-11-ans-e1604951586249.jpg","contentUrl":"https:\/\/www.diocese-limoges.fr\/grand-limoges\/wp-content\/uploads\/sites\/2\/2020\/11\/9-11-ans-e1604951586249.jpg","width":1164,"height":825},{"@type":"BreadcrumbList","@id":"https:\/\/www.diocese-limoges.fr\/grand-limoges\/paroisses\/saint-eloi-des-hauts-de-laurence\/catechisme\/9-11-ans-2\/#breadcrumb","itemListElement":[{"@type":"ListItem","position":1,"name":"Accueil","item":"https:\/\/www.diocese-limoges.fr\/grand-limoges\/"},{"@type":"ListItem","position":2,"name":"Paroisse Saint-\u00c9loi-des-Hauts-de-l&rsquo;Aurence","item":"https:\/\/www.diocese-limoges.fr\/grand-limoges\/paroisses\/saint-eloi-des-hauts-de-laurence\/"},{"@type":"ListItem","position":3,"name":"Cat\u00e9ch\u00e8se","item":"https:\/\/www.diocese-limoges.fr\/grand-limoges\/paroisses\/saint-eloi-des-hauts-de-laurence\/catechisme\/"},{"@type":"ListItem","position":4,"name":"9-11 ans"}]},{"@type":"WebSite","@id":"https:\/\/www.diocese-limoges.fr\/grand-limoges\/#website","url":"https:\/\/www.diocese-limoges.fr\/grand-limoges\/","name":"Doyenn\u00e9s du Grand Limoges","description":"Dioc\u00e8se de Limoges","potentialAction":[{"@type":"SearchAction","target":{"@type":"EntryPoint","urlTemplate":"https:\/\/www.diocese-limoges.fr\/grand-limoges\/?s={search_term_string}"},"query-input":{"@type":"PropertyValueSpecification","valueRequired":true,"valueName":"search_term_string"}}],"inLanguage":"fr-FR"}]}},"_links":{"self":[{"href":"https:\/\/www.diocese-limoges.fr\/grand-limoges\/wp-json\/wp\/v2\/paroisse\/22020","targetHints":{"allow":["GET"]}}],"collection":[{"href":"https:\/\/www.diocese-limoges.fr\/grand-limoges\/wp-json\/wp\/v2\/paroisse"}],"about":[{"href":"https:\/\/www.diocese-limoges.fr\/grand-limoges\/wp-json\/wp\/v2\/types\/paroisse"}],"author":[{"embeddable":true,"href":"https:\/\/www.diocese-limoges.fr\/grand-limoges\/wp-json\/wp\/v2\/users\/10"}],"up":[{"embeddable":true,"href":"https:\/\/www.diocese-limoges.fr\/grand-limoges\/wp-json\/wp\/v2\/paroisse\/18233"}],"wp:featuredmedia":[{"embeddable":true,"href":"https:\/\/www.diocese-limoges.fr\/grand-limoges\/wp-json\/wp\/v2\/media\/18238"}],"wp:attachment":[{"href":"https:\/\/www.diocese-limoges.fr\/grand-limoges\/wp-json\/wp\/v2\/media?parent=22020"}],"curies":[{"name":"wp","href":"https:\/\/api.w.org\/{rel}","templated":true}]}}