{"id":22359,"date":"2023-10-26T16:47:11","date_gmt":"2023-10-26T14:47:11","guid":{"rendered":"https:\/\/www.diocese-limoges.fr\/grand-limoges\/?post_type=paroisse&#038;p=22359"},"modified":"2025-11-12T09:55:48","modified_gmt":"2025-11-12T08:55:48","slug":"eglise-verte","status":"publish","type":"paroisse","link":"https:\/\/www.diocese-limoges.fr\/grand-limoges\/paroisses\/saint-eloi-des-hauts-de-laurence\/eglise-verte\/","title":{"rendered":"\u00c9glise verte"},"content":{"rendered":"\n<p class=\"has-large-font-size\"><strong>No\u00ebl 2025<\/strong><\/p>\n\n\n\n<p><strong>Nos cadeaux \u00e9cologiques riment avec No\u00ebl f\u00e9erique<\/strong><\/p>\n\n\n\n<p>Plus de 300 millions de cadeaux sont offerts en France \u00e0 No\u00ebl&nbsp;; cela repr\u00e9sente 57% des \u00e9missions de gaz \u00e0 effet de serre \u00e9mis pour l\u2019occasion. Mais continuons \u00e0 faire plaisir \u00e0 ceux que nous aimons tout en prot\u00e9geant la cr\u00e9ation&nbsp;; voici quelques pistes. Assurons-nous que nos cadeaux ne co\u00fbtent pas chers \u00e0 la plan\u00e8te, lisons les \u00e9tiquettes, privil\u00e9gions les produits \u00e9quitables, locaux, offrons de la seconde main (c\u2019est tr\u00e8s tendance!) et cr\u00e9ons des cadeaux faits maison.<\/p>\n\n\n\n<p>Pour les enfants \u00e9vitons le plastique, les jouets \u00e0 piles et pensons \u00e0 offrir des moments de qualit\u00e9 et de complicit\u00e9&nbsp;: un spectacle, une nuit dans une cabane, une journ\u00e9e balade, des cours de dessin etc&#8230; Pour les grands offrons du temps&nbsp;pour \u00e9viter que de nombreux cadeaux finissent \u00e0 la d\u00e9charge&nbsp;: venir cuisiner une fois par mois, faire du baby-sitting, du bricolage, aller boire un caf\u00e9 r\u00e9guli\u00e8rement etc&#8230;Il suffit de cr\u00e9er de jolies cartes pour y inscrire nos belles id\u00e9es.<\/p>\n\n\n\n<p>No\u00ebl est fait d\u2019\u00e9merveillement, de gratitude, de partage, c\u2019est tout cela que nous c\u00e9l\u00e9brerons par nos cadeaux respectueux de notre terre sur laquelle notre Dieu est venu, humblement loin du luxe et du gaspillage.<\/p>\n\n\n\n<p class=\"has-large-font-size\"><strong>Novembre 2025 : mois sans tabac<\/strong><\/p>\n\n\n\n<div class=\"wp-block-columns is-layout-flex wp-container-core-columns-is-layout-28f84493 wp-block-columns-is-layout-flex\">\n<div class=\"wp-block-column is-layout-flow wp-block-column-is-layout-flow\">\n<p><strong>137 000 m\u00e9gots de cigarettes directement jet\u00e9s au sol chaque seconde dans le monde<\/strong><img loading=\"lazy\" decoding=\"async\" width=\"193\" height=\"196\" src=\"\/Users\/chris\/AppData\/Local\/Temp\/msohtmlclip1\/01\/clip_image002.jpg\" alt=\"La Journ\u00e9e Mondiale sans tabac \u00e0 Saint-Paul\"><strong>\u2026<\/strong>Amis fumeurs, si vous h\u00e9sitez encore \u00e0 participer \u00e0 la 10<sup>e<\/sup> \u00e9dition du mois sans tabac qui d\u00e9butera le 1<sup>er<\/sup> novembre prochain, sachez que l\u2019industrie du tabac contribue \u00e0 couper et br\u00fbler plusieurs dizaines de millions d\u2019arbres. Sans compter le cocktail de produits toxiques qu\u2019une cigarette r\u00e9pand dans l\u2019air et le nombre de m\u00e9gots retrouv\u00e9s chaque ann\u00e9e dans la nature. <strong>En milieu terrestre comme en milieu marin, la nature \u00e9limine un filtre de cigarette en 12 ans environ.<\/strong> Lorsqu\u2019un m\u00e9got est biod\u00e9grad\u00e9, plus de 54 milliards d\u2019autres m\u00e9gots auront donc \u00e9t\u00e9 jet\u00e9s entre-temps&nbsp;!Alors, que pensez-vous de ce d\u00e9fi, un seul geste pour une triple action, agir en faveur de votre sant\u00e9, celle de vos proches et celle de la plan\u00e8te&nbsp;?<\/p>\n<\/div>\n\n\n\n<div class=\"wp-block-column is-layout-flow wp-block-column-is-layout-flow\"><div class=\"wp-block-image\">\n<figure class=\"aligncenter size-full is-resized\"><img loading=\"lazy\" decoding=\"async\" width=\"474\" height=\"662\" src=\"https:\/\/www.diocese-limoges.fr\/grand-limoges\/wp-content\/uploads\/sites\/2\/2023\/10\/mois-sans-tabac.jpg\" alt=\"\" class=\"wp-image-24581\" style=\"width:306px;height:auto\" srcset=\"https:\/\/www.diocese-limoges.fr\/grand-limoges\/wp-content\/uploads\/sites\/2\/2023\/10\/mois-sans-tabac.jpg 474w, https:\/\/www.diocese-limoges.fr\/grand-limoges\/wp-content\/uploads\/sites\/2\/2023\/10\/mois-sans-tabac-215x300.jpg 215w\" sizes=\"auto, (max-width: 474px) 100vw, 474px\" \/><\/figure><\/div><\/div>\n<\/div>\n\n\n\n<div class=\"wp-block-columns is-layout-flex wp-container-core-columns-is-layout-28f84493 wp-block-columns-is-layout-flex\">\n<div class=\"wp-block-column is-layout-flow wp-block-column-is-layout-flow\" style=\"flex-basis:66.66%\">\n<p class=\"has-large-font-size\"><strong>Au printemps les \u00e9co-gestes fleurissent<\/strong><\/p>\n\n\n\n<p><strong>C&rsquo;est parti pour le grand m\u00e9nage de printemps<\/strong> car il faut bien dire que le duo tartre et poussi\u00e8re ne fait pas bon m\u00e9nage avec la facture d\u2019\u00e9nergie.<\/p>\n\n\n\n<p>* un radiateur, une grille de VMC ou une ampoule poussi\u00e9reuse et la diffusion de la chaleur ou de la lumi\u00e8re est alt\u00e9r\u00e9e.<\/p>\n\n\n\n<p>* sur la lanc\u00e9e on d\u00e9tartre le lave-linge et le lave-vaisselle, on d\u00e9givre le r\u00e9frig\u00e9rateur et le cong\u00e9lateur.<\/p>\n\n\n\n<p class=\"has-text-align-left\"><strong>C\u2019est aussi parti au jardin ou sur le balcon<\/strong><\/p>\n\n\n\n<p>* favorisons la diversit\u00e9 car cultiver un grand nombre de plantes c\u2019est la meilleure solution pour \u00e9viter les attaques massives de parasites.<\/p>\n\n\n\n<p>* si nous devons vous r\u00e9soudre \u00e0 traiter, il existe des solutions naturelles. L\u2019ortie et le sureau sont de bons r\u00e9pulsifs (1kg de feuilles dans 10 litres d\u2019eau pendant 12heures) tout comme le m\u00e9lange 1 tasse d\u2019huile v\u00e9g\u00e9tale, une cuill\u00e8re \u00e0 soupe de savon noir ou de Marseille dans 250ml d\u2019eau.<\/p>\n\n\n\n<p>* c\u2019est le moment d\u2019utiliser l\u2019eau de pluie que nous aurons r\u00e9cup\u00e9r\u00e9e et le compost que nous aurons patiemment constitu\u00e9.<\/p>\n\n\n\n<p><strong>Nos fleurs, nos plantes aromatiques, nos fruits, nos l\u00e9gumes&nbsp;vont \u00eatre beaux&nbsp;!<\/strong><\/p>\n<\/div>\n\n\n\n<div class=\"wp-block-column is-layout-flow wp-block-column-is-layout-flow\"><\/div>\n\n\n\n<div class=\"wp-block-column is-layout-flow wp-block-column-is-layout-flow\" style=\"flex-basis:33.33%\">\n<figure class=\"wp-block-image size-large\"><img loading=\"lazy\" decoding=\"async\" width=\"1024\" height=\"640\" src=\"https:\/\/www.diocese-limoges.fr\/grand-limoges\/wp-content\/uploads\/sites\/2\/2023\/10\/degivrer-frigo-1024x640.jpg\" alt=\"\" class=\"wp-image-24590\" srcset=\"https:\/\/www.diocese-limoges.fr\/grand-limoges\/wp-content\/uploads\/sites\/2\/2023\/10\/degivrer-frigo-1024x640.jpg 1024w, https:\/\/www.diocese-limoges.fr\/grand-limoges\/wp-content\/uploads\/sites\/2\/2023\/10\/degivrer-frigo-300x188.jpg 300w, https:\/\/www.diocese-limoges.fr\/grand-limoges\/wp-content\/uploads\/sites\/2\/2023\/10\/degivrer-frigo-768x480.jpg 768w, https:\/\/www.diocese-limoges.fr\/grand-limoges\/wp-content\/uploads\/sites\/2\/2023\/10\/degivrer-frigo.jpg 1280w\" sizes=\"auto, (max-width: 1024px) 100vw, 1024px\" \/><\/figure>\n\n\n\n<figure class=\"wp-block-image size-full\"><img loading=\"lazy\" decoding=\"async\" width=\"1024\" height=\"645\" src=\"https:\/\/www.diocese-limoges.fr\/grand-limoges\/wp-content\/uploads\/sites\/2\/2023\/10\/ecogestes-printemps-1024x645-1.png\" alt=\"\" class=\"wp-image-24591\" srcset=\"https:\/\/www.diocese-limoges.fr\/grand-limoges\/wp-content\/uploads\/sites\/2\/2023\/10\/ecogestes-printemps-1024x645-1.png 1024w, https:\/\/www.diocese-limoges.fr\/grand-limoges\/wp-content\/uploads\/sites\/2\/2023\/10\/ecogestes-printemps-1024x645-1-300x189.png 300w, https:\/\/www.diocese-limoges.fr\/grand-limoges\/wp-content\/uploads\/sites\/2\/2023\/10\/ecogestes-printemps-1024x645-1-768x484.png 768w\" sizes=\"auto, (max-width: 1024px) 100vw, 1024px\" \/><\/figure>\n<\/div>\n<\/div>\n\n\n\n<p class=\"has-large-font-size\"><strong>La fresque du Climat<\/strong> (<em><strong>octobre 2023<\/strong><\/em>)<\/p>\n\n\n\n<p>Le groupe \u00ab&nbsp;Eglise Verte&nbsp;\u00bb de notre paroisse a organis\u00e9 un atelier, anim\u00e9 par Nicolas Momper, de formation ludique et scientifique autour du r\u00e9chauffement climatique. A l\u2019aide d\u2019un jeu de cartes, issues des donn\u00e9es scientifiques des chercheurs du GIEC, nous avons r\u00e9fl\u00e9chi sur les relations entre activit\u00e9s humaines et cons\u00e9quences environnementales. Cet atelier a fait l&rsquo;objet d&rsquo;un reportage par l&rsquo;\u00e9quipe du \u00ab\u00a0Jour du Seigneur\u00a0\u00bb<\/p>\n\n\n\n<figure class=\"wp-block-embed is-type-video is-provider-youtube wp-block-embed-youtube wp-embed-aspect-16-9 wp-has-aspect-ratio\"><div class=\"wp-block-embed__wrapper\">\n<iframe loading=\"lazy\" title=\"Vous nous \u00e9tonnez | Nicolas Monper et l&#039;#ecologie int\u00e9grale\" width=\"500\" height=\"281\" src=\"https:\/\/www.youtube.com\/embed\/XrRPIY3no5o?start=21&#038;feature=oembed\" frameborder=\"0\" allow=\"accelerometer; autoplay; clipboard-write; encrypted-media; gyroscope; picture-in-picture; web-share\" referrerpolicy=\"strict-origin-when-cross-origin\" allowfullscreen><\/iframe>\n<\/div><\/figure>\n\n\n\n<p>Nous avons essay\u00e9 de placer sur une fresque la cinquantaine de cartes propos\u00e9es, en mettant en relation causes et cons\u00e9quences. Ce ne fut pas toujours facile, mais les deux fresques de plus de deux m\u00e8tres, \u00e9tablies par&nbsp; les deux \u00e9quipes ind\u00e9pendantes que nous avons form\u00e9es, ont abouti au m\u00eame constat&nbsp;: \u00e0 l\u2019origine, nos activit\u00e9s humaines et \u00e0 l\u2019horizon final, h\u00e9las, &nbsp;le d\u00e9placement des populations et les risques de conflits arm\u00e9s, avec pour moteur le r\u00e9chauffement de la plan\u00e8te.<\/p>\n\n\n\n<p>Pour conclure sur une note plus positive, nous avons partag\u00e9 les petits gestes \u00ab&nbsp;colibris&nbsp;\u00bb que nous pouvons faire chacun \u00e0 notre place, sans culpabilisation, pour limiter cet \u00e9tat des lieux d\u00e9moralisant.<\/p>\n\n\n\n<p class=\"has-black-color has-text-color\">A travers ce jeu de \u00ab&nbsp;la Fresque du Climat&nbsp;\u00bb, nos \u00e9changes ont pris, de fait, le m\u00eame chemin que \u00ab&nbsp;Laudate Deum&nbsp;\u00bb, chemin que le Pape Fran\u00e7ois propose dans un compl\u00e9ment \u00e0 son encyclique \u00ab&nbsp;Laudate Si&nbsp;\u00bb, sous la forme d\u2019un appel vigoureux \u00e0 toutes les personnes de bonne volont\u00e9 au sujet de la crise climatique. Le sentiment d\u2019urgence qui marque toute cette apostrophe est aussi l\u2019occasion d\u2019un t\u00e9moignage <strong>d\u2019<a href=\"https:\/\/eglise.catholique.fr\/glossaire\/esperance\">esp\u00e9rance<\/a>.<\/strong><\/p>\n\n\n\n<p class=\"has-vivid-green-cyan-color has-text-color has-large-font-size\"><strong>Atelier en  photos <\/strong><\/p>\n\n\n\n<div class=\"wp-block-columns is-layout-flex wp-container-core-columns-is-layout-28f84493 wp-block-columns-is-layout-flex\">\n<div class=\"wp-block-column is-layout-flow wp-block-column-is-layout-flow\">\n<figure class=\"wp-block-image size-large\"><img loading=\"lazy\" decoding=\"async\" width=\"1024\" height=\"518\" src=\"https:\/\/www.diocese-limoges.fr\/grand-limoges\/wp-content\/uploads\/sites\/2\/2023\/10\/2.-presentation-atelier-1024x518.jpg\" alt=\"\" class=\"wp-image-22370\" srcset=\"https:\/\/www.diocese-limoges.fr\/grand-limoges\/wp-content\/uploads\/sites\/2\/2023\/10\/2.-presentation-atelier-1024x518.jpg 1024w, https:\/\/www.diocese-limoges.fr\/grand-limoges\/wp-content\/uploads\/sites\/2\/2023\/10\/2.-presentation-atelier-300x152.jpg 300w, https:\/\/www.diocese-limoges.fr\/grand-limoges\/wp-content\/uploads\/sites\/2\/2023\/10\/2.-presentation-atelier-768x389.jpg 768w, https:\/\/www.diocese-limoges.fr\/grand-limoges\/wp-content\/uploads\/sites\/2\/2023\/10\/2.-presentation-atelier-1536x778.jpg 1536w, https:\/\/www.diocese-limoges.fr\/grand-limoges\/wp-content\/uploads\/sites\/2\/2023\/10\/2.-presentation-atelier-2048x1037.jpg 2048w\" sizes=\"auto, (max-width: 1024px) 100vw, 1024px\" \/><\/figure>\n\n\n\n<p class=\"has-vivid-cyan-blue-color has-text-color\">Pr\u00e9sentation de l&rsquo;atelier<\/p>\n<\/div>\n\n\n\n<div class=\"wp-block-column is-layout-flow wp-block-column-is-layout-flow\">\n<figure class=\"wp-block-image size-large\"><img loading=\"lazy\" decoding=\"async\" width=\"1024\" height=\"683\" src=\"https:\/\/www.diocese-limoges.fr\/grand-limoges\/wp-content\/uploads\/sites\/2\/2023\/10\/3.-commencement-fresque-1024x683.jpg\" alt=\"\" class=\"wp-image-22371\" srcset=\"https:\/\/www.diocese-limoges.fr\/grand-limoges\/wp-content\/uploads\/sites\/2\/2023\/10\/3.-commencement-fresque-1024x683.jpg 1024w, https:\/\/www.diocese-limoges.fr\/grand-limoges\/wp-content\/uploads\/sites\/2\/2023\/10\/3.-commencement-fresque-300x200.jpg 300w, https:\/\/www.diocese-limoges.fr\/grand-limoges\/wp-content\/uploads\/sites\/2\/2023\/10\/3.-commencement-fresque-768x512.jpg 768w, https:\/\/www.diocese-limoges.fr\/grand-limoges\/wp-content\/uploads\/sites\/2\/2023\/10\/3.-commencement-fresque-1536x1024.jpg 1536w, https:\/\/www.diocese-limoges.fr\/grand-limoges\/wp-content\/uploads\/sites\/2\/2023\/10\/3.-commencement-fresque-2048x1365.jpg 2048w\" sizes=\"auto, (max-width: 1024px) 100vw, 1024px\" \/><\/figure>\n\n\n\n<p class=\"has-vivid-cyan-blue-color has-text-color\">Construction de la fresque<\/p>\n<\/div>\n\n\n\n<div class=\"wp-block-column is-layout-flow wp-block-column-is-layout-flow\">\n<figure class=\"wp-block-image size-large\"><img loading=\"lazy\" decoding=\"async\" width=\"1024\" height=\"683\" src=\"https:\/\/www.diocese-limoges.fr\/grand-limoges\/wp-content\/uploads\/sites\/2\/2023\/10\/4.-fresque-presque-terminee-1024x683.jpg\" alt=\"\" class=\"wp-image-22372\" srcset=\"https:\/\/www.diocese-limoges.fr\/grand-limoges\/wp-content\/uploads\/sites\/2\/2023\/10\/4.-fresque-presque-terminee-1024x683.jpg 1024w, https:\/\/www.diocese-limoges.fr\/grand-limoges\/wp-content\/uploads\/sites\/2\/2023\/10\/4.-fresque-presque-terminee-300x200.jpg 300w, https:\/\/www.diocese-limoges.fr\/grand-limoges\/wp-content\/uploads\/sites\/2\/2023\/10\/4.-fresque-presque-terminee-768x512.jpg 768w, https:\/\/www.diocese-limoges.fr\/grand-limoges\/wp-content\/uploads\/sites\/2\/2023\/10\/4.-fresque-presque-terminee-1536x1024.jpg 1536w, https:\/\/www.diocese-limoges.fr\/grand-limoges\/wp-content\/uploads\/sites\/2\/2023\/10\/4.-fresque-presque-terminee-2048x1365.jpg 2048w\" sizes=\"auto, (max-width: 1024px) 100vw, 1024px\" \/><\/figure>\n\n\n\n<p class=\"has-vivid-cyan-blue-color has-text-color\">Fresque presque termin\u00e9e<\/p>\n<\/div>\n<\/div>\n\n\n\n<div class=\"wp-block-columns is-layout-flex wp-container-core-columns-is-layout-28f84493 wp-block-columns-is-layout-flex\">\n<div class=\"wp-block-column is-layout-flow wp-block-column-is-layout-flow\">\n<figure class=\"wp-block-image size-large\"><img loading=\"lazy\" decoding=\"async\" width=\"1024\" height=\"680\" src=\"https:\/\/www.diocese-limoges.fr\/grand-limoges\/wp-content\/uploads\/sites\/2\/2023\/10\/5.-autre-equipe-1024x680.jpg\" alt=\"\" class=\"wp-image-22373\" srcset=\"https:\/\/www.diocese-limoges.fr\/grand-limoges\/wp-content\/uploads\/sites\/2\/2023\/10\/5.-autre-equipe-1024x680.jpg 1024w, https:\/\/www.diocese-limoges.fr\/grand-limoges\/wp-content\/uploads\/sites\/2\/2023\/10\/5.-autre-equipe-300x199.jpg 300w, https:\/\/www.diocese-limoges.fr\/grand-limoges\/wp-content\/uploads\/sites\/2\/2023\/10\/5.-autre-equipe-768x510.jpg 768w, https:\/\/www.diocese-limoges.fr\/grand-limoges\/wp-content\/uploads\/sites\/2\/2023\/10\/5.-autre-equipe-1536x1021.jpg 1536w, https:\/\/www.diocese-limoges.fr\/grand-limoges\/wp-content\/uploads\/sites\/2\/2023\/10\/5.-autre-equipe-2048x1361.jpg 2048w\" sizes=\"auto, (max-width: 1024px) 100vw, 1024px\" \/><\/figure>\n\n\n\n<p class=\"has-vivid-cyan-blue-color has-text-color\">Un autre groupe imagine sa fresque<\/p>\n<\/div>\n\n\n\n<div class=\"wp-block-column is-layout-flow wp-block-column-is-layout-flow\">\n<figure class=\"wp-block-image size-large\"><img loading=\"lazy\" decoding=\"async\" width=\"1024\" height=\"683\" src=\"https:\/\/www.diocese-limoges.fr\/grand-limoges\/wp-content\/uploads\/sites\/2\/2023\/10\/6.-sylvie-met-le-titre-1024x683.jpg\" alt=\"\" class=\"wp-image-22374\" srcset=\"https:\/\/www.diocese-limoges.fr\/grand-limoges\/wp-content\/uploads\/sites\/2\/2023\/10\/6.-sylvie-met-le-titre-1024x683.jpg 1024w, https:\/\/www.diocese-limoges.fr\/grand-limoges\/wp-content\/uploads\/sites\/2\/2023\/10\/6.-sylvie-met-le-titre-300x200.jpg 300w, https:\/\/www.diocese-limoges.fr\/grand-limoges\/wp-content\/uploads\/sites\/2\/2023\/10\/6.-sylvie-met-le-titre-768x512.jpg 768w, https:\/\/www.diocese-limoges.fr\/grand-limoges\/wp-content\/uploads\/sites\/2\/2023\/10\/6.-sylvie-met-le-titre-1536x1024.jpg 1536w, https:\/\/www.diocese-limoges.fr\/grand-limoges\/wp-content\/uploads\/sites\/2\/2023\/10\/6.-sylvie-met-le-titre-2048x1365.jpg 2048w\" sizes=\"auto, (max-width: 1024px) 100vw, 1024px\" \/><\/figure>\n<\/div>\n\n\n\n<div class=\"wp-block-column is-layout-flow wp-block-column-is-layout-flow\">\n<figure class=\"wp-block-image size-large\"><img loading=\"lazy\" decoding=\"async\" width=\"1024\" height=\"649\" src=\"https:\/\/www.diocese-limoges.fr\/grand-limoges\/wp-content\/uploads\/sites\/2\/2023\/10\/8.-proposition-dactions-1024x649.jpg\" alt=\"\" class=\"wp-image-22375\" srcset=\"https:\/\/www.diocese-limoges.fr\/grand-limoges\/wp-content\/uploads\/sites\/2\/2023\/10\/8.-proposition-dactions-1024x649.jpg 1024w, https:\/\/www.diocese-limoges.fr\/grand-limoges\/wp-content\/uploads\/sites\/2\/2023\/10\/8.-proposition-dactions-300x190.jpg 300w, https:\/\/www.diocese-limoges.fr\/grand-limoges\/wp-content\/uploads\/sites\/2\/2023\/10\/8.-proposition-dactions-768x487.jpg 768w, https:\/\/www.diocese-limoges.fr\/grand-limoges\/wp-content\/uploads\/sites\/2\/2023\/10\/8.-proposition-dactions-1536x974.jpg 1536w, https:\/\/www.diocese-limoges.fr\/grand-limoges\/wp-content\/uploads\/sites\/2\/2023\/10\/8.-proposition-dactions-2048x1298.jpg 2048w\" sizes=\"auto, (max-width: 1024px) 100vw, 1024px\" \/><\/figure>\n\n\n\n<p class=\"has-vivid-cyan-blue-color has-text-color\">Propositions d&rsquo;actions<\/p>\n<\/div>\n<\/div>\n\n\n\n<p class=\"has-large-font-size\"><strong>Exposition : Le monde comme un jardin (2 au 13 octobre 2022<\/strong>)<\/p>\n\n\n\n<p><strong>Cultiver la terre, cultiver l\u2019humain : une question de sens\u2026<\/strong><\/p>\n\n\n\n<p>Tout jardin exprime une vision du monde, un rapport particulier \u00e0 la terre et une compr\u00e9hension de soi et d\u2019autrui, une organisation par rapport \u00e0 la terre et \u00e0 l\u2019environnement, y compris l\u2019environnement social. Cette exposition, structur\u00e9e autour de quatre p\u00f4les, propose d\u2019explorer les dimensions spirituelles de ces relations \u00e0 travers des jardins de diff\u00e9rentes \u00e9poques et diff\u00e9rentes cultures : Cultiver et garder, Jardin et lien social, Jardin int\u00e9rieur et Visions du monde<\/p>\n\n\n\n<p><strong><em>Chaque panneau, tr\u00e8s illustr\u00e9, invite \u00e0 d\u00e9couvrir, \u00e0 comprendre<\/em><\/strong>&nbsp;<strong><em>et \u00e0 r\u00e9fl\u00e9chir \u00e0 l\u2019aide de citations et de questions.<\/em><\/strong><\/p>\n\n\n\n<figure class=\"wp-block-image size-large\"><img loading=\"lazy\" decoding=\"async\" width=\"1024\" height=\"576\" src=\"https:\/\/www.diocese-limoges.fr\/grand-limoges\/wp-content\/uploads\/sites\/2\/2023\/10\/20221013_183547-1-1024x576.jpg\" alt=\"\" class=\"wp-image-24586\" srcset=\"https:\/\/www.diocese-limoges.fr\/grand-limoges\/wp-content\/uploads\/sites\/2\/2023\/10\/20221013_183547-1-1024x576.jpg 1024w, https:\/\/www.diocese-limoges.fr\/grand-limoges\/wp-content\/uploads\/sites\/2\/2023\/10\/20221013_183547-1-300x169.jpg 300w, https:\/\/www.diocese-limoges.fr\/grand-limoges\/wp-content\/uploads\/sites\/2\/2023\/10\/20221013_183547-1-768x432.jpg 768w, https:\/\/www.diocese-limoges.fr\/grand-limoges\/wp-content\/uploads\/sites\/2\/2023\/10\/20221013_183547-1-1536x864.jpg 1536w, https:\/\/www.diocese-limoges.fr\/grand-limoges\/wp-content\/uploads\/sites\/2\/2023\/10\/20221013_183547-1-2048x1152.jpg 2048w\" sizes=\"auto, (max-width: 1024px) 100vw, 1024px\" \/><\/figure>\n\n\n\n<div class=\"wp-block-columns is-layout-flex wp-container-core-columns-is-layout-28f84493 wp-block-columns-is-layout-flex\">\n<div class=\"wp-block-column is-layout-flow wp-block-column-is-layout-flow\"><div class=\"wp-block-image\">\n<figure class=\"aligncenter size-large is-resized\"><img loading=\"lazy\" decoding=\"async\" width=\"576\" height=\"1024\" src=\"https:\/\/www.diocese-limoges.fr\/grand-limoges\/wp-content\/uploads\/sites\/2\/2023\/10\/20221013_183531-576x1024.jpg\" alt=\"\" class=\"wp-image-24585\" style=\"width:244px;height:auto\" srcset=\"https:\/\/www.diocese-limoges.fr\/grand-limoges\/wp-content\/uploads\/sites\/2\/2023\/10\/20221013_183531-576x1024.jpg 576w, https:\/\/www.diocese-limoges.fr\/grand-limoges\/wp-content\/uploads\/sites\/2\/2023\/10\/20221013_183531-169x300.jpg 169w, https:\/\/www.diocese-limoges.fr\/grand-limoges\/wp-content\/uploads\/sites\/2\/2023\/10\/20221013_183531-768x1365.jpg 768w, https:\/\/www.diocese-limoges.fr\/grand-limoges\/wp-content\/uploads\/sites\/2\/2023\/10\/20221013_183531-864x1536.jpg 864w, https:\/\/www.diocese-limoges.fr\/grand-limoges\/wp-content\/uploads\/sites\/2\/2023\/10\/20221013_183531-1152x2048.jpg 1152w, https:\/\/www.diocese-limoges.fr\/grand-limoges\/wp-content\/uploads\/sites\/2\/2023\/10\/20221013_183531-scaled.jpg 1440w\" sizes=\"auto, (max-width: 576px) 100vw, 576px\" \/><\/figure><\/div><\/div>\n\n\n\n<div class=\"wp-block-column is-layout-flow wp-block-column-is-layout-flow\">\n<figure class=\"wp-block-image size-large is-resized\"><img loading=\"lazy\" decoding=\"async\" width=\"576\" height=\"1024\" src=\"https:\/\/www.diocese-limoges.fr\/grand-limoges\/wp-content\/uploads\/sites\/2\/2023\/10\/20221013_183516-576x1024.jpg\" alt=\"\" class=\"wp-image-24587\" style=\"width:239px;height:auto\" srcset=\"https:\/\/www.diocese-limoges.fr\/grand-limoges\/wp-content\/uploads\/sites\/2\/2023\/10\/20221013_183516-576x1024.jpg 576w, https:\/\/www.diocese-limoges.fr\/grand-limoges\/wp-content\/uploads\/sites\/2\/2023\/10\/20221013_183516-169x300.jpg 169w, https:\/\/www.diocese-limoges.fr\/grand-limoges\/wp-content\/uploads\/sites\/2\/2023\/10\/20221013_183516-768x1365.jpg 768w, https:\/\/www.diocese-limoges.fr\/grand-limoges\/wp-content\/uploads\/sites\/2\/2023\/10\/20221013_183516-864x1536.jpg 864w, https:\/\/www.diocese-limoges.fr\/grand-limoges\/wp-content\/uploads\/sites\/2\/2023\/10\/20221013_183516-1152x2048.jpg 1152w, https:\/\/www.diocese-limoges.fr\/grand-limoges\/wp-content\/uploads\/sites\/2\/2023\/10\/20221013_183516-scaled.jpg 1440w\" sizes=\"auto, (max-width: 576px) 100vw, 576px\" \/><\/figure>\n<\/div>\n<\/div>\n\n\n\n<p class=\"has-large-font-size\"><strong>Un jardin bien arros\u00e9 1er ao\u00fbt 2022<\/strong><\/p>\n\n\n\n<div class=\"wp-block-columns is-layout-flex wp-container-core-columns-is-layout-28f84493 wp-block-columns-is-layout-flex\">\n<div class=\"wp-block-column is-layout-flow wp-block-column-is-layout-flow\">\n<figure class=\"wp-block-image size-large\"><img loading=\"lazy\" decoding=\"async\" width=\"683\" height=\"1024\" src=\"https:\/\/www.diocese-limoges.fr\/grand-limoges\/wp-content\/uploads\/sites\/2\/2022\/08\/dsc04195-683x1024.jpg\" alt=\"\" class=\"wp-image-20801\" srcset=\"https:\/\/www.diocese-limoges.fr\/grand-limoges\/wp-content\/uploads\/sites\/2\/2022\/08\/dsc04195-683x1024.jpg 683w, https:\/\/www.diocese-limoges.fr\/grand-limoges\/wp-content\/uploads\/sites\/2\/2022\/08\/dsc04195-200x300.jpg 200w, https:\/\/www.diocese-limoges.fr\/grand-limoges\/wp-content\/uploads\/sites\/2\/2022\/08\/dsc04195-768x1152.jpg 768w, https:\/\/www.diocese-limoges.fr\/grand-limoges\/wp-content\/uploads\/sites\/2\/2022\/08\/dsc04195-1024x1536.jpg 1024w, https:\/\/www.diocese-limoges.fr\/grand-limoges\/wp-content\/uploads\/sites\/2\/2022\/08\/dsc04195-1365x2048.jpg 1365w, https:\/\/www.diocese-limoges.fr\/grand-limoges\/wp-content\/uploads\/sites\/2\/2022\/08\/dsc04195-scaled.jpg 1707w\" sizes=\"auto, (max-width: 683px) 100vw, 683px\" \/><\/figure>\n<\/div>\n\n\n\n<div class=\"wp-block-column is-layout-flow wp-block-column-is-layout-flow\">\n<p>Apr\u00e8s avoir dot\u00e9 le jardin de Sainte-Th\u00e9r\u00e8se d\u2019un grand composteur, l\u2019\u00e9quipe \u00ab&nbsp;Eglise Verte&nbsp;\u00bb de notre paroisse a d\u00e9cid\u00e9 la pose d\u2019un r\u00e9cup\u00e9rateur d\u2019eau \u2026 reli\u00e9 au toit de l\u2019\u00e9glise. Sous un beau soleil, Claude et Guy ont mis en place la cuve et son \u00ab&nbsp;piquage&nbsp;\u00bb sur la goutti\u00e8re. Deux jours plus tard, la pluie g\u00e9n\u00e9reuse du 30 juin a permis de baptiser le syst\u00e8me&nbsp;: la cuve est pleine. Une pluie de 5 mm suffit en effet \u00e0 remplir les 500 litres du r\u00e9cup\u00e9rateur \u2026Nous avons dispos\u00e9 une margelle pour que les arrosoirs puissent \u00eatre remplis sans avoir \u00e0 les porter \u2026 Et l\u2019eau r\u00e9cup\u00e9r\u00e9e coule tr\u00e8s claire \u2026<\/p>\n\n\n\n<p>Merci \u00e0 tous les acteurs qui ont permis cette belle installation.&nbsp;&nbsp;&nbsp;&nbsp;&nbsp;&nbsp;&nbsp;&nbsp;&nbsp;&nbsp;&nbsp;&nbsp;&nbsp;&nbsp;&nbsp;&nbsp;&nbsp;&nbsp;&nbsp;&nbsp;&nbsp;&nbsp;&nbsp;&nbsp;&nbsp;&nbsp;&nbsp;&nbsp;&nbsp;&nbsp;&nbsp;&nbsp;&nbsp;&nbsp;&nbsp;&nbsp;&nbsp;&nbsp;&nbsp;&nbsp;&nbsp;&nbsp;&nbsp;&nbsp;&nbsp;&nbsp;&nbsp;&nbsp;&nbsp;&nbsp;&nbsp;&nbsp;&nbsp;&nbsp;&nbsp;&nbsp;&nbsp;&nbsp;&nbsp;&nbsp;&nbsp;&nbsp;&nbsp;&nbsp;&nbsp;&nbsp;&nbsp;&nbsp;&nbsp;&nbsp;&nbsp;&nbsp;&nbsp;&nbsp;&nbsp;&nbsp;&nbsp;&nbsp;&nbsp;&nbsp;&nbsp;&nbsp;&nbsp;&nbsp;&nbsp;&nbsp;&nbsp;&nbsp;Le jardin reconnaissant<\/p>\n<\/div>\n\n\n\n<div class=\"wp-block-column is-layout-flow wp-block-column-is-layout-flow\">\n<figure class=\"wp-block-image size-large\"><img loading=\"lazy\" decoding=\"async\" width=\"768\" height=\"1024\" src=\"https:\/\/www.diocese-limoges.fr\/grand-limoges\/wp-content\/uploads\/sites\/2\/2022\/08\/premier-arrosoir-768x1024.jpg\" alt=\"\" class=\"wp-image-20802\" srcset=\"https:\/\/www.diocese-limoges.fr\/grand-limoges\/wp-content\/uploads\/sites\/2\/2022\/08\/premier-arrosoir-768x1024.jpg 768w, https:\/\/www.diocese-limoges.fr\/grand-limoges\/wp-content\/uploads\/sites\/2\/2022\/08\/premier-arrosoir-225x300.jpg 225w, https:\/\/www.diocese-limoges.fr\/grand-limoges\/wp-content\/uploads\/sites\/2\/2022\/08\/premier-arrosoir-1152x1536.jpg 1152w, https:\/\/www.diocese-limoges.fr\/grand-limoges\/wp-content\/uploads\/sites\/2\/2022\/08\/premier-arrosoir-1536x2048.jpg 1536w, https:\/\/www.diocese-limoges.fr\/grand-limoges\/wp-content\/uploads\/sites\/2\/2022\/08\/premier-arrosoir-scaled.jpg 1920w\" sizes=\"auto, (max-width: 768px) 100vw, 768px\" \/><\/figure>\n<\/div>\n<\/div>\n","protected":false},"author":10,"featured_media":24578,"parent":60,"menu_order":22,"template":"","meta":{"_acf_changed":false},"class_list":["post-22359","paroisse","type-paroisse","status-publish","has-post-thumbnail","hentry"],"acf":[],"yoast_head":"<!-- This site is optimized with the Yoast SEO plugin v26.4 - https:\/\/yoast.com\/wordpress\/plugins\/seo\/ -->\n<title>\u00c9glise verte - Doyenn\u00e9s du Grand Limoges<\/title>\n<meta name=\"robots\" content=\"index, follow, max-snippet:-1, max-image-preview:large, max-video-preview:-1\" \/>\n<link rel=\"canonical\" href=\"https:\/\/www.diocese-limoges.fr\/grand-limoges\/paroisses\/saint-eloi-des-hauts-de-laurence\/eglise-verte\/\" \/>\n<meta property=\"og:locale\" content=\"fr_FR\" \/>\n<meta property=\"og:type\" content=\"article\" \/>\n<meta property=\"og:title\" content=\"\u00c9glise verte - Doyenn\u00e9s du Grand Limoges\" \/>\n<meta property=\"og:description\" content=\"No\u00ebl 2025 Nos cadeaux \u00e9cologiques riment avec No\u00ebl f\u00e9erique Plus de 300 millions de cadeaux sont offerts en France \u00e0 No\u00ebl&nbsp;; cela repr\u00e9sente 57% des \u00e9missions de gaz \u00e0 effet de serre \u00e9mis pour l\u2019occasion. Mais continuons \u00e0 faire plaisir \u00e0 ceux que nous aimons tout en prot\u00e9geant la cr\u00e9ation&nbsp;; voici quelques pistes. Assurons-nous que [&hellip;]\" \/>\n<meta property=\"og:url\" content=\"https:\/\/www.diocese-limoges.fr\/grand-limoges\/paroisses\/saint-eloi-des-hauts-de-laurence\/eglise-verte\/\" \/>\n<meta property=\"og:site_name\" content=\"Doyenn\u00e9s du Grand Limoges\" \/>\n<meta property=\"article:modified_time\" content=\"2025-11-12T08:55:48+00:00\" \/>\n<meta property=\"og:image\" content=\"https:\/\/www.diocese-limoges.fr\/grand-limoges\/wp-content\/uploads\/sites\/2\/2023\/10\/eglise-verte.png\" \/>\n\t<meta property=\"og:image:width\" content=\"714\" \/>\n\t<meta property=\"og:image:height\" content=\"475\" \/>\n\t<meta property=\"og:image:type\" content=\"image\/png\" \/>\n<meta name=\"twitter:card\" content=\"summary_large_image\" \/>\n<meta name=\"twitter:label1\" content=\"Dur\u00e9e de lecture estim\u00e9e\" \/>\n\t<meta name=\"twitter:data1\" content=\"9 minutes\" \/>\n<script type=\"application\/ld+json\" class=\"yoast-schema-graph\">{\"@context\":\"https:\/\/schema.org\",\"@graph\":[{\"@type\":\"WebPage\",\"@id\":\"https:\/\/www.diocese-limoges.fr\/grand-limoges\/paroisses\/saint-eloi-des-hauts-de-laurence\/eglise-verte\/\",\"url\":\"https:\/\/www.diocese-limoges.fr\/grand-limoges\/paroisses\/saint-eloi-des-hauts-de-laurence\/eglise-verte\/\",\"name\":\"\u00c9glise verte - Doyenn\u00e9s du Grand Limoges\",\"isPartOf\":{\"@id\":\"https:\/\/www.diocese-limoges.fr\/grand-limoges\/#website\"},\"primaryImageOfPage\":{\"@id\":\"https:\/\/www.diocese-limoges.fr\/grand-limoges\/paroisses\/saint-eloi-des-hauts-de-laurence\/eglise-verte\/#primaryimage\"},\"image\":{\"@id\":\"https:\/\/www.diocese-limoges.fr\/grand-limoges\/paroisses\/saint-eloi-des-hauts-de-laurence\/eglise-verte\/#primaryimage\"},\"thumbnailUrl\":\"https:\/\/www.diocese-limoges.fr\/grand-limoges\/wp-content\/uploads\/sites\/2\/2023\/10\/eglise-verte.png\",\"datePublished\":\"2023-10-26T14:47:11+00:00\",\"dateModified\":\"2025-11-12T08:55:48+00:00\",\"breadcrumb\":{\"@id\":\"https:\/\/www.diocese-limoges.fr\/grand-limoges\/paroisses\/saint-eloi-des-hauts-de-laurence\/eglise-verte\/#breadcrumb\"},\"inLanguage\":\"fr-FR\",\"potentialAction\":[{\"@type\":\"ReadAction\",\"target\":[\"https:\/\/www.diocese-limoges.fr\/grand-limoges\/paroisses\/saint-eloi-des-hauts-de-laurence\/eglise-verte\/\"]}]},{\"@type\":\"ImageObject\",\"inLanguage\":\"fr-FR\",\"@id\":\"https:\/\/www.diocese-limoges.fr\/grand-limoges\/paroisses\/saint-eloi-des-hauts-de-laurence\/eglise-verte\/#primaryimage\",\"url\":\"https:\/\/www.diocese-limoges.fr\/grand-limoges\/wp-content\/uploads\/sites\/2\/2023\/10\/eglise-verte.png\",\"contentUrl\":\"https:\/\/www.diocese-limoges.fr\/grand-limoges\/wp-content\/uploads\/sites\/2\/2023\/10\/eglise-verte.png\",\"width\":714,\"height\":475},{\"@type\":\"BreadcrumbList\",\"@id\":\"https:\/\/www.diocese-limoges.fr\/grand-limoges\/paroisses\/saint-eloi-des-hauts-de-laurence\/eglise-verte\/#breadcrumb\",\"itemListElement\":[{\"@type\":\"ListItem\",\"position\":1,\"name\":\"Accueil\",\"item\":\"https:\/\/www.diocese-limoges.fr\/grand-limoges\/\"},{\"@type\":\"ListItem\",\"position\":2,\"name\":\"Paroisse Saint-\u00c9loi-des-Hauts-de-l&rsquo;Aurence\",\"item\":\"https:\/\/www.diocese-limoges.fr\/grand-limoges\/paroisses\/saint-eloi-des-hauts-de-laurence\/\"},{\"@type\":\"ListItem\",\"position\":3,\"name\":\"\u00c9glise verte\"}]},{\"@type\":\"WebSite\",\"@id\":\"https:\/\/www.diocese-limoges.fr\/grand-limoges\/#website\",\"url\":\"https:\/\/www.diocese-limoges.fr\/grand-limoges\/\",\"name\":\"Doyenn\u00e9s du Grand Limoges\",\"description\":\"Dioc\u00e8se de Limoges\",\"potentialAction\":[{\"@type\":\"SearchAction\",\"target\":{\"@type\":\"EntryPoint\",\"urlTemplate\":\"https:\/\/www.diocese-limoges.fr\/grand-limoges\/?s={search_term_string}\"},\"query-input\":{\"@type\":\"PropertyValueSpecification\",\"valueRequired\":true,\"valueName\":\"search_term_string\"}}],\"inLanguage\":\"fr-FR\"}]}<\/script>\n<!-- \/ Yoast SEO plugin. -->","yoast_head_json":{"title":"\u00c9glise verte - Doyenn\u00e9s du Grand Limoges","robots":{"index":"index","follow":"follow","max-snippet":"max-snippet:-1","max-image-preview":"max-image-preview:large","max-video-preview":"max-video-preview:-1"},"canonical":"https:\/\/www.diocese-limoges.fr\/grand-limoges\/paroisses\/saint-eloi-des-hauts-de-laurence\/eglise-verte\/","og_locale":"fr_FR","og_type":"article","og_title":"\u00c9glise verte - Doyenn\u00e9s du Grand Limoges","og_description":"No\u00ebl 2025 Nos cadeaux \u00e9cologiques riment avec No\u00ebl f\u00e9erique Plus de 300 millions de cadeaux sont offerts en France \u00e0 No\u00ebl&nbsp;; cela repr\u00e9sente 57% des \u00e9missions de gaz \u00e0 effet de serre \u00e9mis pour l\u2019occasion. Mais continuons \u00e0 faire plaisir \u00e0 ceux que nous aimons tout en prot\u00e9geant la cr\u00e9ation&nbsp;; voici quelques pistes. Assurons-nous que [&hellip;]","og_url":"https:\/\/www.diocese-limoges.fr\/grand-limoges\/paroisses\/saint-eloi-des-hauts-de-laurence\/eglise-verte\/","og_site_name":"Doyenn\u00e9s du Grand Limoges","article_modified_time":"2025-11-12T08:55:48+00:00","og_image":[{"width":714,"height":475,"url":"https:\/\/www.diocese-limoges.fr\/grand-limoges\/wp-content\/uploads\/sites\/2\/2023\/10\/eglise-verte.png","type":"image\/png"}],"twitter_card":"summary_large_image","twitter_misc":{"Dur\u00e9e de lecture estim\u00e9e":"9 minutes"},"schema":{"@context":"https:\/\/schema.org","@graph":[{"@type":"WebPage","@id":"https:\/\/www.diocese-limoges.fr\/grand-limoges\/paroisses\/saint-eloi-des-hauts-de-laurence\/eglise-verte\/","url":"https:\/\/www.diocese-limoges.fr\/grand-limoges\/paroisses\/saint-eloi-des-hauts-de-laurence\/eglise-verte\/","name":"\u00c9glise verte - Doyenn\u00e9s du Grand Limoges","isPartOf":{"@id":"https:\/\/www.diocese-limoges.fr\/grand-limoges\/#website"},"primaryImageOfPage":{"@id":"https:\/\/www.diocese-limoges.fr\/grand-limoges\/paroisses\/saint-eloi-des-hauts-de-laurence\/eglise-verte\/#primaryimage"},"image":{"@id":"https:\/\/www.diocese-limoges.fr\/grand-limoges\/paroisses\/saint-eloi-des-hauts-de-laurence\/eglise-verte\/#primaryimage"},"thumbnailUrl":"https:\/\/www.diocese-limoges.fr\/grand-limoges\/wp-content\/uploads\/sites\/2\/2023\/10\/eglise-verte.png","datePublished":"2023-10-26T14:47:11+00:00","dateModified":"2025-11-12T08:55:48+00:00","breadcrumb":{"@id":"https:\/\/www.diocese-limoges.fr\/grand-limoges\/paroisses\/saint-eloi-des-hauts-de-laurence\/eglise-verte\/#breadcrumb"},"inLanguage":"fr-FR","potentialAction":[{"@type":"ReadAction","target":["https:\/\/www.diocese-limoges.fr\/grand-limoges\/paroisses\/saint-eloi-des-hauts-de-laurence\/eglise-verte\/"]}]},{"@type":"ImageObject","inLanguage":"fr-FR","@id":"https:\/\/www.diocese-limoges.fr\/grand-limoges\/paroisses\/saint-eloi-des-hauts-de-laurence\/eglise-verte\/#primaryimage","url":"https:\/\/www.diocese-limoges.fr\/grand-limoges\/wp-content\/uploads\/sites\/2\/2023\/10\/eglise-verte.png","contentUrl":"https:\/\/www.diocese-limoges.fr\/grand-limoges\/wp-content\/uploads\/sites\/2\/2023\/10\/eglise-verte.png","width":714,"height":475},{"@type":"BreadcrumbList","@id":"https:\/\/www.diocese-limoges.fr\/grand-limoges\/paroisses\/saint-eloi-des-hauts-de-laurence\/eglise-verte\/#breadcrumb","itemListElement":[{"@type":"ListItem","position":1,"name":"Accueil","item":"https:\/\/www.diocese-limoges.fr\/grand-limoges\/"},{"@type":"ListItem","position":2,"name":"Paroisse Saint-\u00c9loi-des-Hauts-de-l&rsquo;Aurence","item":"https:\/\/www.diocese-limoges.fr\/grand-limoges\/paroisses\/saint-eloi-des-hauts-de-laurence\/"},{"@type":"ListItem","position":3,"name":"\u00c9glise verte"}]},{"@type":"WebSite","@id":"https:\/\/www.diocese-limoges.fr\/grand-limoges\/#website","url":"https:\/\/www.diocese-limoges.fr\/grand-limoges\/","name":"Doyenn\u00e9s du Grand Limoges","description":"Dioc\u00e8se de Limoges","potentialAction":[{"@type":"SearchAction","target":{"@type":"EntryPoint","urlTemplate":"https:\/\/www.diocese-limoges.fr\/grand-limoges\/?s={search_term_string}"},"query-input":{"@type":"PropertyValueSpecification","valueRequired":true,"valueName":"search_term_string"}}],"inLanguage":"fr-FR"}]}},"_links":{"self":[{"href":"https:\/\/www.diocese-limoges.fr\/grand-limoges\/wp-json\/wp\/v2\/paroisse\/22359","targetHints":{"allow":["GET"]}}],"collection":[{"href":"https:\/\/www.diocese-limoges.fr\/grand-limoges\/wp-json\/wp\/v2\/paroisse"}],"about":[{"href":"https:\/\/www.diocese-limoges.fr\/grand-limoges\/wp-json\/wp\/v2\/types\/paroisse"}],"author":[{"embeddable":true,"href":"https:\/\/www.diocese-limoges.fr\/grand-limoges\/wp-json\/wp\/v2\/users\/10"}],"up":[{"embeddable":true,"href":"https:\/\/www.diocese-limoges.fr\/grand-limoges\/wp-json\/wp\/v2\/paroisse\/60"}],"wp:featuredmedia":[{"embeddable":true,"href":"https:\/\/www.diocese-limoges.fr\/grand-limoges\/wp-json\/wp\/v2\/media\/24578"}],"wp:attachment":[{"href":"https:\/\/www.diocese-limoges.fr\/grand-limoges\/wp-json\/wp\/v2\/media?parent=22359"}],"curies":[{"name":"wp","href":"https:\/\/api.w.org\/{rel}","templated":true}]}}