{"id":22462,"date":"2023-11-13T22:43:57","date_gmt":"2023-11-13T21:43:57","guid":{"rendered":"https:\/\/www.diocese-limoges.fr\/grand-limoges\/?post_type=paroisse&#038;p=22462"},"modified":"2025-12-06T18:31:30","modified_gmt":"2025-12-06T17:31:30","slug":"funerailles","status":"publish","type":"paroisse","link":"https:\/\/www.diocese-limoges.fr\/grand-limoges\/paroisses\/saint-jean-paul-ii\/grandes-etapes-de-la-vie-chretienne\/grandir-dans-la-foi\/malades\/funerailles\/","title":{"rendered":"Fun\u00e9railles"},"content":{"rendered":"\n<h2 class=\"wp-block-heading\">Fun\u00e9railles<\/h2>\n\n\n\n<p>Vous venez de perdre l\u2019un des v\u00f4tres et vous demandez pour lui un enterrement religieux. Pour cela, vous vous tournez vers l\u2019\u00c9glise. La premi\u00e8re d\u00e9marche est de vous tourner vers une entreprise de pompes fun\u00e8bres. Elles prendront contact avec la paroisse pour \u00e9tablir le jour et l\u2019heure de la c\u00e9r\u00e9monie. Une \u00e9quipe de la\u00efcs missionn\u00e9e par l\u2019\u00e9v\u00eaque de Limoges vous accueillera et pr\u00e9parera avec vous la c\u00e9l\u00e9bration des obs\u00e8ques. Vous pourrez \u00e9voquer avec eux la vie de votre d\u00e9funt et pr\u00e9parer la c\u00e9l\u00e9bration. Ces m\u00eames personnes assureront le d\u00e9roulement de la c\u00e9l\u00e9bration.<\/p>\n\n\n\n<p><br><strong>Contact<br><\/strong>Services fun\u00e9raires<br>\u2013 Pompes fun\u00e8bres municipales : t\u00e9l. 05 55 33 29 24<br>\u2013 Pompes fun\u00e8bres g\u00e9n\u00e9rales : t\u00e9l. 05 55 34 29 15<br>\u2013 Roc Eclerc Fun\u00e8bres : t\u00e9l. 05 55 32 22 32<\/p>\n","protected":false},"author":18,"featured_media":24692,"parent":21456,"menu_order":32,"template":"","meta":{"_acf_changed":false},"class_list":["post-22462","paroisse","type-paroisse","status-publish","has-post-thumbnail","hentry"],"acf":[],"yoast_head":"<!-- This site is optimized with the Yoast SEO plugin v26.4 - https:\/\/yoast.com\/wordpress\/plugins\/seo\/ -->\n<title>Fun\u00e9railles - Doyenn\u00e9s du Grand Limoges<\/title>\n<meta name=\"robots\" content=\"index, follow, max-snippet:-1, max-image-preview:large, max-video-preview:-1\" \/>\n<link rel=\"canonical\" href=\"https:\/\/www.diocese-limoges.fr\/grand-limoges\/paroisses\/saint-jean-paul-ii\/grandes-etapes-de-la-vie-chretienne\/grandir-dans-la-foi\/malades\/funerailles\/\" \/>\n<meta property=\"og:locale\" content=\"fr_FR\" \/>\n<meta property=\"og:type\" content=\"article\" \/>\n<meta property=\"og:title\" content=\"Fun\u00e9railles - Doyenn\u00e9s du Grand Limoges\" \/>\n<meta property=\"og:description\" content=\"Fun\u00e9railles Vous venez de perdre l\u2019un des v\u00f4tres et vous demandez pour lui un enterrement religieux. Pour cela, vous vous tournez vers l\u2019\u00c9glise. La premi\u00e8re d\u00e9marche est de vous tourner vers une entreprise de pompes fun\u00e8bres. Elles prendront contact avec la paroisse pour \u00e9tablir le jour et l\u2019heure de la c\u00e9r\u00e9monie. Une \u00e9quipe de la\u00efcs [&hellip;]\" \/>\n<meta property=\"og:url\" content=\"https:\/\/www.diocese-limoges.fr\/grand-limoges\/paroisses\/saint-jean-paul-ii\/grandes-etapes-de-la-vie-chretienne\/grandir-dans-la-foi\/malades\/funerailles\/\" \/>\n<meta property=\"og:site_name\" content=\"Doyenn\u00e9s du Grand Limoges\" \/>\n<meta property=\"article:modified_time\" content=\"2025-12-06T17:31:30+00:00\" \/>\n<meta property=\"og:image\" content=\"https:\/\/www.diocese-limoges.fr\/grand-limoges\/wp-content\/uploads\/sites\/2\/2023\/02\/photos-3-clochers-site-web.jpeg\" \/>\n\t<meta property=\"og:image:width\" content=\"1280\" \/>\n\t<meta property=\"og:image:height\" content=\"629\" \/>\n\t<meta property=\"og:image:type\" content=\"image\/jpeg\" \/>\n<meta name=\"twitter:card\" content=\"summary_large_image\" \/>\n<meta name=\"twitter:label1\" content=\"Dur\u00e9e de lecture estim\u00e9e\" \/>\n\t<meta name=\"twitter:data1\" content=\"1 minute\" \/>\n<script type=\"application\/ld+json\" class=\"yoast-schema-graph\">{\"@context\":\"https:\/\/schema.org\",\"@graph\":[{\"@type\":\"WebPage\",\"@id\":\"https:\/\/www.diocese-limoges.fr\/grand-limoges\/paroisses\/saint-jean-paul-ii\/grandes-etapes-de-la-vie-chretienne\/grandir-dans-la-foi\/malades\/funerailles\/\",\"url\":\"https:\/\/www.diocese-limoges.fr\/grand-limoges\/paroisses\/saint-jean-paul-ii\/grandes-etapes-de-la-vie-chretienne\/grandir-dans-la-foi\/malades\/funerailles\/\",\"name\":\"Fun\u00e9railles - Doyenn\u00e9s du Grand Limoges\",\"isPartOf\":{\"@id\":\"https:\/\/www.diocese-limoges.fr\/grand-limoges\/#website\"},\"primaryImageOfPage\":{\"@id\":\"https:\/\/www.diocese-limoges.fr\/grand-limoges\/paroisses\/saint-jean-paul-ii\/grandes-etapes-de-la-vie-chretienne\/grandir-dans-la-foi\/malades\/funerailles\/#primaryimage\"},\"image\":{\"@id\":\"https:\/\/www.diocese-limoges.fr\/grand-limoges\/paroisses\/saint-jean-paul-ii\/grandes-etapes-de-la-vie-chretienne\/grandir-dans-la-foi\/malades\/funerailles\/#primaryimage\"},\"thumbnailUrl\":\"https:\/\/www.diocese-limoges.fr\/grand-limoges\/wp-content\/uploads\/sites\/2\/2023\/02\/photos-3-clochers-site-web.jpeg\",\"datePublished\":\"2023-11-13T21:43:57+00:00\",\"dateModified\":\"2025-12-06T17:31:30+00:00\",\"breadcrumb\":{\"@id\":\"https:\/\/www.diocese-limoges.fr\/grand-limoges\/paroisses\/saint-jean-paul-ii\/grandes-etapes-de-la-vie-chretienne\/grandir-dans-la-foi\/malades\/funerailles\/#breadcrumb\"},\"inLanguage\":\"fr-FR\",\"potentialAction\":[{\"@type\":\"ReadAction\",\"target\":[\"https:\/\/www.diocese-limoges.fr\/grand-limoges\/paroisses\/saint-jean-paul-ii\/grandes-etapes-de-la-vie-chretienne\/grandir-dans-la-foi\/malades\/funerailles\/\"]}]},{\"@type\":\"ImageObject\",\"inLanguage\":\"fr-FR\",\"@id\":\"https:\/\/www.diocese-limoges.fr\/grand-limoges\/paroisses\/saint-jean-paul-ii\/grandes-etapes-de-la-vie-chretienne\/grandir-dans-la-foi\/malades\/funerailles\/#primaryimage\",\"url\":\"https:\/\/www.diocese-limoges.fr\/grand-limoges\/wp-content\/uploads\/sites\/2\/2023\/02\/photos-3-clochers-site-web.jpeg\",\"contentUrl\":\"https:\/\/www.diocese-limoges.fr\/grand-limoges\/wp-content\/uploads\/sites\/2\/2023\/02\/photos-3-clochers-site-web.jpeg\",\"width\":1280,\"height\":629},{\"@type\":\"BreadcrumbList\",\"@id\":\"https:\/\/www.diocese-limoges.fr\/grand-limoges\/paroisses\/saint-jean-paul-ii\/grandes-etapes-de-la-vie-chretienne\/grandir-dans-la-foi\/malades\/funerailles\/#breadcrumb\",\"itemListElement\":[{\"@type\":\"ListItem\",\"position\":1,\"name\":\"Accueil\",\"item\":\"https:\/\/www.diocese-limoges.fr\/grand-limoges\/\"},{\"@type\":\"ListItem\",\"position\":2,\"name\":\"Paroisse Saint-Jean-Paul II\",\"item\":\"https:\/\/www.diocese-limoges.fr\/grand-limoges\/paroisses\/saint-jean-paul-ii\/\"},{\"@type\":\"ListItem\",\"position\":3,\"name\":\"Grandes \u00e9tapes de la vie chr\u00e9tienne\",\"item\":\"https:\/\/www.diocese-limoges.fr\/grand-limoges\/paroisses\/saint-jean-paul-ii\/grandes-etapes-de-la-vie-chretienne\/\"},{\"@type\":\"ListItem\",\"position\":4,\"name\":\"Grandir dans la foi\",\"item\":\"https:\/\/www.diocese-limoges.fr\/grand-limoges\/paroisses\/saint-jean-paul-ii\/grandes-etapes-de-la-vie-chretienne\/grandir-dans-la-foi\/\"},{\"@type\":\"ListItem\",\"position\":5,\"name\":\"Malades\",\"item\":\"https:\/\/www.diocese-limoges.fr\/grand-limoges\/paroisses\/saint-jean-paul-ii\/grandes-etapes-de-la-vie-chretienne\/grandir-dans-la-foi\/malades\/\"},{\"@type\":\"ListItem\",\"position\":6,\"name\":\"Fun\u00e9railles\"}]},{\"@type\":\"WebSite\",\"@id\":\"https:\/\/www.diocese-limoges.fr\/grand-limoges\/#website\",\"url\":\"https:\/\/www.diocese-limoges.fr\/grand-limoges\/\",\"name\":\"Doyenn\u00e9s du Grand Limoges\",\"description\":\"Dioc\u00e8se de Limoges\",\"potentialAction\":[{\"@type\":\"SearchAction\",\"target\":{\"@type\":\"EntryPoint\",\"urlTemplate\":\"https:\/\/www.diocese-limoges.fr\/grand-limoges\/?s={search_term_string}\"},\"query-input\":{\"@type\":\"PropertyValueSpecification\",\"valueRequired\":true,\"valueName\":\"search_term_string\"}}],\"inLanguage\":\"fr-FR\"}]}<\/script>\n<!-- \/ Yoast SEO plugin. -->","yoast_head_json":{"title":"Fun\u00e9railles - Doyenn\u00e9s du Grand Limoges","robots":{"index":"index","follow":"follow","max-snippet":"max-snippet:-1","max-image-preview":"max-image-preview:large","max-video-preview":"max-video-preview:-1"},"canonical":"https:\/\/www.diocese-limoges.fr\/grand-limoges\/paroisses\/saint-jean-paul-ii\/grandes-etapes-de-la-vie-chretienne\/grandir-dans-la-foi\/malades\/funerailles\/","og_locale":"fr_FR","og_type":"article","og_title":"Fun\u00e9railles - Doyenn\u00e9s du Grand Limoges","og_description":"Fun\u00e9railles Vous venez de perdre l\u2019un des v\u00f4tres et vous demandez pour lui un enterrement religieux. Pour cela, vous vous tournez vers l\u2019\u00c9glise. La premi\u00e8re d\u00e9marche est de vous tourner vers une entreprise de pompes fun\u00e8bres. Elles prendront contact avec la paroisse pour \u00e9tablir le jour et l\u2019heure de la c\u00e9r\u00e9monie. Une \u00e9quipe de la\u00efcs [&hellip;]","og_url":"https:\/\/www.diocese-limoges.fr\/grand-limoges\/paroisses\/saint-jean-paul-ii\/grandes-etapes-de-la-vie-chretienne\/grandir-dans-la-foi\/malades\/funerailles\/","og_site_name":"Doyenn\u00e9s du Grand Limoges","article_modified_time":"2025-12-06T17:31:30+00:00","og_image":[{"width":1280,"height":629,"url":"https:\/\/www.diocese-limoges.fr\/grand-limoges\/wp-content\/uploads\/sites\/2\/2023\/02\/photos-3-clochers-site-web.jpeg","type":"image\/jpeg"}],"twitter_card":"summary_large_image","twitter_misc":{"Dur\u00e9e de lecture estim\u00e9e":"1 minute"},"schema":{"@context":"https:\/\/schema.org","@graph":[{"@type":"WebPage","@id":"https:\/\/www.diocese-limoges.fr\/grand-limoges\/paroisses\/saint-jean-paul-ii\/grandes-etapes-de-la-vie-chretienne\/grandir-dans-la-foi\/malades\/funerailles\/","url":"https:\/\/www.diocese-limoges.fr\/grand-limoges\/paroisses\/saint-jean-paul-ii\/grandes-etapes-de-la-vie-chretienne\/grandir-dans-la-foi\/malades\/funerailles\/","name":"Fun\u00e9railles - Doyenn\u00e9s du Grand Limoges","isPartOf":{"@id":"https:\/\/www.diocese-limoges.fr\/grand-limoges\/#website"},"primaryImageOfPage":{"@id":"https:\/\/www.diocese-limoges.fr\/grand-limoges\/paroisses\/saint-jean-paul-ii\/grandes-etapes-de-la-vie-chretienne\/grandir-dans-la-foi\/malades\/funerailles\/#primaryimage"},"image":{"@id":"https:\/\/www.diocese-limoges.fr\/grand-limoges\/paroisses\/saint-jean-paul-ii\/grandes-etapes-de-la-vie-chretienne\/grandir-dans-la-foi\/malades\/funerailles\/#primaryimage"},"thumbnailUrl":"https:\/\/www.diocese-limoges.fr\/grand-limoges\/wp-content\/uploads\/sites\/2\/2023\/02\/photos-3-clochers-site-web.jpeg","datePublished":"2023-11-13T21:43:57+00:00","dateModified":"2025-12-06T17:31:30+00:00","breadcrumb":{"@id":"https:\/\/www.diocese-limoges.fr\/grand-limoges\/paroisses\/saint-jean-paul-ii\/grandes-etapes-de-la-vie-chretienne\/grandir-dans-la-foi\/malades\/funerailles\/#breadcrumb"},"inLanguage":"fr-FR","potentialAction":[{"@type":"ReadAction","target":["https:\/\/www.diocese-limoges.fr\/grand-limoges\/paroisses\/saint-jean-paul-ii\/grandes-etapes-de-la-vie-chretienne\/grandir-dans-la-foi\/malades\/funerailles\/"]}]},{"@type":"ImageObject","inLanguage":"fr-FR","@id":"https:\/\/www.diocese-limoges.fr\/grand-limoges\/paroisses\/saint-jean-paul-ii\/grandes-etapes-de-la-vie-chretienne\/grandir-dans-la-foi\/malades\/funerailles\/#primaryimage","url":"https:\/\/www.diocese-limoges.fr\/grand-limoges\/wp-content\/uploads\/sites\/2\/2023\/02\/photos-3-clochers-site-web.jpeg","contentUrl":"https:\/\/www.diocese-limoges.fr\/grand-limoges\/wp-content\/uploads\/sites\/2\/2023\/02\/photos-3-clochers-site-web.jpeg","width":1280,"height":629},{"@type":"BreadcrumbList","@id":"https:\/\/www.diocese-limoges.fr\/grand-limoges\/paroisses\/saint-jean-paul-ii\/grandes-etapes-de-la-vie-chretienne\/grandir-dans-la-foi\/malades\/funerailles\/#breadcrumb","itemListElement":[{"@type":"ListItem","position":1,"name":"Accueil","item":"https:\/\/www.diocese-limoges.fr\/grand-limoges\/"},{"@type":"ListItem","position":2,"name":"Paroisse Saint-Jean-Paul II","item":"https:\/\/www.diocese-limoges.fr\/grand-limoges\/paroisses\/saint-jean-paul-ii\/"},{"@type":"ListItem","position":3,"name":"Grandes \u00e9tapes de la vie chr\u00e9tienne","item":"https:\/\/www.diocese-limoges.fr\/grand-limoges\/paroisses\/saint-jean-paul-ii\/grandes-etapes-de-la-vie-chretienne\/"},{"@type":"ListItem","position":4,"name":"Grandir dans la foi","item":"https:\/\/www.diocese-limoges.fr\/grand-limoges\/paroisses\/saint-jean-paul-ii\/grandes-etapes-de-la-vie-chretienne\/grandir-dans-la-foi\/"},{"@type":"ListItem","position":5,"name":"Malades","item":"https:\/\/www.diocese-limoges.fr\/grand-limoges\/paroisses\/saint-jean-paul-ii\/grandes-etapes-de-la-vie-chretienne\/grandir-dans-la-foi\/malades\/"},{"@type":"ListItem","position":6,"name":"Fun\u00e9railles"}]},{"@type":"WebSite","@id":"https:\/\/www.diocese-limoges.fr\/grand-limoges\/#website","url":"https:\/\/www.diocese-limoges.fr\/grand-limoges\/","name":"Doyenn\u00e9s du Grand Limoges","description":"Dioc\u00e8se de Limoges","potentialAction":[{"@type":"SearchAction","target":{"@type":"EntryPoint","urlTemplate":"https:\/\/www.diocese-limoges.fr\/grand-limoges\/?s={search_term_string}"},"query-input":{"@type":"PropertyValueSpecification","valueRequired":true,"valueName":"search_term_string"}}],"inLanguage":"fr-FR"}]}},"_links":{"self":[{"href":"https:\/\/www.diocese-limoges.fr\/grand-limoges\/wp-json\/wp\/v2\/paroisse\/22462","targetHints":{"allow":["GET"]}}],"collection":[{"href":"https:\/\/www.diocese-limoges.fr\/grand-limoges\/wp-json\/wp\/v2\/paroisse"}],"about":[{"href":"https:\/\/www.diocese-limoges.fr\/grand-limoges\/wp-json\/wp\/v2\/types\/paroisse"}],"author":[{"embeddable":true,"href":"https:\/\/www.diocese-limoges.fr\/grand-limoges\/wp-json\/wp\/v2\/users\/18"}],"up":[{"embeddable":true,"href":"https:\/\/www.diocese-limoges.fr\/grand-limoges\/wp-json\/wp\/v2\/paroisse\/21456"}],"wp:featuredmedia":[{"embeddable":true,"href":"https:\/\/www.diocese-limoges.fr\/grand-limoges\/wp-json\/wp\/v2\/media\/24692"}],"wp:attachment":[{"href":"https:\/\/www.diocese-limoges.fr\/grand-limoges\/wp-json\/wp\/v2\/media?parent=22462"}],"curies":[{"name":"wp","href":"https:\/\/api.w.org\/{rel}","templated":true}]}}