{"id":63,"date":"2020-01-16T15:59:21","date_gmt":"2020-01-16T14:59:21","guid":{"rendered":"https:\/\/www.diocese-limoges.fr\/grand-limoges\/?post_type=paroisse&#038;p=63"},"modified":"2025-03-11T21:02:23","modified_gmt":"2025-03-11T20:02:23","slug":"saint-luc","status":"publish","type":"paroisse","link":"https:\/\/www.diocese-limoges.fr\/grand-limoges\/paroisses\/saint-luc\/","title":{"rendered":"Paroisse Saint-Luc"},"content":{"rendered":"\n<h1 class=\"wp-block-heading\">Accueil<\/h1>\n\n\n\n<p class=\"has-large-font-size\"><strong><span style=\"text-decoration: underline\">1\/ Secr\u00e9tariat <\/span><\/strong><span style=\"text-decoration: underline\"><strong>de la paroisse Saint-Luc<\/strong><\/span><\/p>\n\n\n\n<ul class=\"wp-block-list\"><li><strong><span class=\"has-inline-color has-vivid-red-color\">Ouvert<\/span> les mardi de 9h30 \u00e0 15h30 et vendredi de 9h00 \u00e0 12h00.<\/strong> <\/li><li><strong>Contact <\/strong>: Tel : 05 55 50 40 01 &amp; 06 80 22 00 07<strong> et par e-mail :<\/strong> <a href=\"mailto:secretairestluc87@gmail.com\">secretairestluc87@gmail.com<\/a><\/li><li><strong>Adresse<\/strong><em><strong> <\/strong><\/em>: 101 rue Pierre et Marie Curie 87000 Limoges<\/li><\/ul>\n\n\n\n<p>Pour un <strong><span class=\"has-inline-color has-vivid-red-color\">bapt\u00eame<\/span><\/strong>, un <span class=\"has-inline-color has-vivid-red-color\"><strong>mariage<\/strong><\/span>, une <strong><span class=\"has-inline-color has-vivid-red-color\">intention de messe<\/span><\/strong>, &#8230;, merci de <strong>contacter<\/strong> <strong><span class=\"has-inline-color has-vivid-red-color\">ci-apr\u00e8s <\/span>la permanence \u00ab\u00a0Accueil\u00a0\u00bb du RELAIS paroissial qui vous concerne<\/strong> : <em><strong>Sainte-Claire <\/strong><\/em><strong>de Limoges<\/strong><em>, <strong>Condat<\/strong>, <strong>Isle<\/strong><\/em><\/p>\n\n\n\n<p class=\"has-large-font-size\"><span style=\"text-decoration: underline\"><strong>2\/ Relais paroissiaux<\/strong><\/span><\/p>\n\n\n\n<p><em>La <strong>paroisse Saint-Luc <\/strong>est compos\u00e9e de <strong><span class=\"has-inline-color has-vivid-red-color\">trois relais<\/span> <\/strong>dont on trouvera un <strong>aper\u00e7u <\/strong>en cliquant <strong><a href=\"https:\/\/www.diocese-limoges.fr\/grand-limoges\/actualites\/ma-paroisse\">ICI<\/a><\/strong>. <\/em><\/p>\n\n\n\n<p style=\"font-size:24px\"><strong><span class=\"has-inline-color has-black-color\">Relais paroissial de <\/span><span class=\"has-inline-color has-vivid-red-color\"><em>SAINTE-CLAIRE<\/em> de Limoges<\/span><\/strong> <strong>et son \u00e9glise <em>Sainte-Claire<\/em><\/strong> <strong><span class=\"has-inline-color has-vivid-red-color\">\u2706 05 55 50 40 01<\/span><\/strong><\/p>\n\n\n\n<ul class=\"wp-block-list\">\n<li>Adresse de l&rsquo;\u00e9glise <em>Sainte-Claire<\/em>, 101 rue Pierre et Marie Curie &nbsp;&nbsp;87000 Limoges<\/li>\n\n\n\n<li><strong><span style=\"text-decoration: underline\">Adresse du relais<\/span> : <\/strong>Maison paroissiale, 101 rue Pierre et Marie Curie<strong> &nbsp;&nbsp;<\/strong>87000 Limoges<\/li>\n\n\n\n<li><strong><mark style=\"background-color:#ffffff\" class=\"has-inline-color has-vivid-red-color\">Permanence<\/mark> <\/strong><em>(Accueil pour une demande pour un bapt\u00eame, un mariage, une intention de messe, \u2026) <\/em>: <strong>\u2706 06 23 83 34 47 <\/strong><em><mark style=\"background-color:#ffffff\" class=\"has-inline-color has-black-color\">(Sauf Juillet et Ao\u00fbt)<\/mark><\/em><\/li>\n\n\n\n<li><strong>Permanence <mark style=\"background-color:#ffffff\" class=\"has-inline-color has-vivid-red-color\">\u00ab\u00a0Obs\u00e8ques\u00a0\u00bb <\/mark><\/strong>: <strong>\u2706<\/strong> <strong>06 70 28 23 14<\/strong><\/li>\n\n\n\n<li><strong>Eglise accessible aux personnes en <span style=\"text-decoration: underline\">fauteuil roulan<\/span>t <\/strong>(De plein pied &#8211; Suivre les indications visuelles et ne pas h\u00e9siter \u00e0 demander de l&rsquo;aide si n\u00e9cessaire).<\/li>\n<\/ul>\n\n\n\n<p style=\"font-size:24px\"><strong><span class=\"has-inline-color has-black-color\">Relais paroissial de<em> <\/em><\/span><span class=\"has-inline-color has-vivid-red-color\"><em>CONDAT<\/em> <\/span>et son \u00e9glise <em>Saint-Martin de Condat<\/em><\/strong> <span class=\"has-inline-color has-vivid-red-color\"><strong>\u2706 06 04 19 99 90<\/strong><\/span><\/p>\n\n\n\n<ul class=\"wp-block-list\">\n<li><strong>Adresse de l&rsquo;\u00e9glise <em>Saint-Martin<\/em><\/strong><em><strong> de Condat<\/strong><\/em> : 4 rue de Forstfeld   87920   Condat <em>(Eglise attenante \u00e0 la maison qui accueille le relais de Condat)<\/em><\/li>\n\n\n\n<li><strong><span style=\"text-decoration: underline\">Adresse du relais<\/span><\/strong> : <em>Salles paroissiales<\/em>, 4 rue de Forstfeld   87920   Condat <em>(Maison attenante \u00e0 l\u2019\u00e9glise)<\/em><\/li>\n\n\n\n<li><strong><strong><span class=\"has-inline-color has-vivid-red-color\">Permanenc<\/span>e <\/strong><\/strong><em>(Accueil pour une demande pour un bapt\u00eame,<\/em> <em>un mariage, une intention de messe, \u2026)<\/em> : <span class=\"has-inline-color has-vivid-red-color\"><strong>Samedi de 10h00 \u00e0 11h00<\/strong> <\/span><em><span class=\"has-inline-color has-black-color\">(Sauf Juillet et Ao\u00fbt)&nbsp;<\/span><\/em><span style=\"text-decoration: underline\"><strong><span class=\"has-inline-color has-black-color\">au relais<\/span><\/strong><\/span>&nbsp; <strong>\u2706 06 04 19 99 90<\/strong><\/li>\n\n\n\n<li><strong>Permanence <span class=\"has-inline-color has-vivid-red-color\">\u00ab\u00a0Obs\u00e8ques<\/span>\u00a0\u00bb <\/strong>: <strong>\u2706<\/strong> <strong>06 70 28 23 14<\/strong><\/li>\n\n\n\n<li><strong>Eglise accessible aux personnes <mark style=\"background-color:#ffffff\" class=\"has-inline-color\">en <span style=\"text-decoration: underline\">fauteuil roulant<\/span> (De plein pied via une rampe sur le c\u00f4t\u00e9 gauche de l&rsquo;\u00e9glise &#8211; Suivre les indications visuelles et ne pas h\u00e9siter \u00e0 demander de l&rsquo;aide si n\u00e9cessaire).<\/mark><\/strong><\/li>\n<\/ul>\n\n\n\n<p style=\"font-size:24px\"><strong><span class=\"has-inline-color has-black-color\">Relais paroissial d&rsquo;<\/span><span class=\"has-inline-color has-vivid-red-color\"><em>ISLE<\/em><\/span><em> <\/em>et son \u00e9glise <em>Saint-Martin d&rsquo;Isle<\/em><\/strong> <strong><span class=\"has-inline-color has-vivid-red-color\">\u2706 06 34 96 99 94<\/span><\/strong><\/p>\n\n\n\n<ul class=\"wp-block-list\">\n<li><strong>Adresse de l&rsquo;\u00e9glise <em>S<\/em><\/strong><em><strong>aint-Martin d&rsquo;Isle<\/strong><\/em> : Place de l&rsquo;Eglise   87170 Isle<\/li>\n\n\n\n<li><strong><span style=\"text-decoration: underline\">Adresse du relais<\/span><\/strong><em> : Maison paroissiale<\/em>, 5 rue Joseph Cazautets   87170 Isle <em>(En bas de la rue de la mairie)<\/em><\/li>\n\n\n\n<li><strong><span class=\"has-inline-color has-vivid-red-color\">Permanence <\/span><\/strong><em>\u00ab&nbsp;Accueil&nbsp;pour une demande pour un bapt\u00eame,<\/em> <em>un mariage, une intention de messe, \u2026, <span class=\"has-inline-color has-vivid-red-color\"><strong><span style=\"text-decoration: underline\">une \u00e9coute<\/span><\/strong><\/span>)<\/em> : <strong><span class=\"has-inline-color has-vivid-red-color\">Samedi de 10h00 \u00e0 11h30<strong> <\/strong><\/span><\/strong><span class=\"has-inline-color has-vivid-red-color\"><em><mark style=\"background-color:#ffffff\" class=\"has-inline-color has-black-color\">(Sauf Juillet et Ao\u00fbt)<\/mark><\/em> <\/span><strong><span style=\"text-decoration: underline\"><span class=\"has-inline-color has-black-color\">\u00e0 la sacristie de l&rsquo;\u00e9glise<\/span><\/span><\/strong>&nbsp;<em>(contre l&rsquo;\u00e9glise, c\u00f4t\u00e9 rue du G\u00e9n\u00e9ral de Gaulle) <\/em><strong>\u2706 06 34 96 99 94<\/strong><\/li>\n\n\n\n<li><strong>Permanence <span class=\"has-inline-color has-vivid-red-color\">\u00ab\u00a0Obs\u00e8ques\u00a0\u00bb<\/span> <\/strong>: <strong>\u2706<\/strong> <strong>06 70 28 23 14<\/strong><\/li>\n\n\n\n<li><strong>Eglise accessible aux personnes <mark style=\"background-color:#ffffff\" class=\"has-inline-color has-black-color\">en <span style=\"text-decoration: underline\">fauteuil roulant<\/span> <\/mark><\/strong>(Entr\u00e9e par la sacristie sur le c\u00f4t\u00e9 gauche de l&rsquo;\u00e9glise, c\u00f4t\u00e9 place avec fontaine &#8211; N\u00e9cessite l&rsquo;aide d&rsquo;une \u00e0 deux personnes pour franchir la petite marche qui va de la sacristie dans la nef via le choeur. A noter que la porte de la sacristie n&rsquo;est ouverte que lors d&rsquo;\u00e9v\u00e8nements dans l&rsquo;\u00e9glise : messes, mariages, bapt\u00eames, obs\u00e8ques, concerts &#8230;).<\/li>\n<\/ul>\n\n\n\n<p class=\"has-large-font-size\"><strong><span style=\"text-decoration: underline\">3\/ Contacts avec les services et mouvements de la paroisse<\/span><\/strong><\/p>\n\n\n\n<p><mark style=\"background-color:#ffffff\" class=\"has-inline-color has-black-color\"><strong>Cliquer<\/strong> sur <strong> <\/strong><\/mark><a href=\"https:\/\/www.diocese-limoges.fr\/grand-limoges\/wp-content\/uploads\/sites\/2\/2024\/12\/st-luc_depliant-qui-fait-quoi_2024-2025_couleurs-r-v-a5_maj-au-25nov2024_bon-a-tirer.pdf\"><strong>\u00ab\u00a0A QUI S&rsquo;ADRESSER\u00a0\u00bb<\/strong><\/a><\/p>\n\n\n\n<p><\/p>\n","protected":false},"author":12,"featured_media":64,"parent":0,"menu_order":23,"template":"","meta":{"_acf_changed":false},"class_list":["post-63","paroisse","type-paroisse","status-publish","has-post-thumbnail","hentry"],"acf":[],"yoast_head":"<!-- This site is optimized with the Yoast SEO plugin v26.4 - https:\/\/yoast.com\/wordpress\/plugins\/seo\/ -->\n<title>Paroisse Saint-Luc - Doyenn\u00e9s du Grand Limoges<\/title>\n<meta name=\"robots\" content=\"index, follow, max-snippet:-1, max-image-preview:large, max-video-preview:-1\" \/>\n<link rel=\"canonical\" href=\"https:\/\/www.diocese-limoges.fr\/grand-limoges\/paroisses\/saint-luc\/\" \/>\n<meta property=\"og:locale\" content=\"fr_FR\" \/>\n<meta property=\"og:type\" content=\"article\" \/>\n<meta property=\"og:title\" content=\"Paroisse Saint-Luc - Doyenn\u00e9s du Grand Limoges\" \/>\n<meta property=\"og:description\" content=\"Accueil 1\/ Secr\u00e9tariat de la paroisse Saint-Luc Pour un bapt\u00eame, un mariage, une intention de messe, &#8230;, merci de contacter ci-apr\u00e8s la permanence \u00ab\u00a0Accueil\u00a0\u00bb du RELAIS paroissial qui vous concerne : Sainte-Claire de Limoges, Condat, Isle 2\/ Relais paroissiaux La paroisse Saint-Luc est compos\u00e9e de trois relais dont on trouvera un aper\u00e7u en cliquant ICI. [&hellip;]\" \/>\n<meta property=\"og:url\" content=\"https:\/\/www.diocese-limoges.fr\/grand-limoges\/paroisses\/saint-luc\/\" \/>\n<meta property=\"og:site_name\" content=\"Doyenn\u00e9s du Grand Limoges\" \/>\n<meta property=\"article:modified_time\" content=\"2025-03-11T20:02:23+00:00\" \/>\n<meta property=\"og:image\" content=\"https:\/\/www.diocese-limoges.fr\/grand-limoges\/wp-content\/uploads\/sites\/2\/2020\/01\/Saint-Luc_bandeau-site_paroisse_20-10-17-1024x382-800x340-1.jpg\" \/>\n\t<meta property=\"og:image:width\" content=\"800\" \/>\n\t<meta property=\"og:image:height\" content=\"340\" \/>\n\t<meta property=\"og:image:type\" content=\"image\/jpeg\" \/>\n<meta name=\"twitter:card\" content=\"summary_large_image\" \/>\n<meta name=\"twitter:label1\" content=\"Dur\u00e9e de lecture estim\u00e9e\" \/>\n\t<meta name=\"twitter:data1\" content=\"3 minutes\" \/>\n<script type=\"application\/ld+json\" class=\"yoast-schema-graph\">{\"@context\":\"https:\/\/schema.org\",\"@graph\":[{\"@type\":\"WebPage\",\"@id\":\"https:\/\/www.diocese-limoges.fr\/grand-limoges\/paroisses\/saint-luc\/\",\"url\":\"https:\/\/www.diocese-limoges.fr\/grand-limoges\/paroisses\/saint-luc\/\",\"name\":\"Paroisse Saint-Luc - Doyenn\u00e9s du Grand Limoges\",\"isPartOf\":{\"@id\":\"https:\/\/www.diocese-limoges.fr\/grand-limoges\/#website\"},\"primaryImageOfPage\":{\"@id\":\"https:\/\/www.diocese-limoges.fr\/grand-limoges\/paroisses\/saint-luc\/#primaryimage\"},\"image\":{\"@id\":\"https:\/\/www.diocese-limoges.fr\/grand-limoges\/paroisses\/saint-luc\/#primaryimage\"},\"thumbnailUrl\":\"https:\/\/www.diocese-limoges.fr\/grand-limoges\/wp-content\/uploads\/sites\/2\/2020\/01\/Saint-Luc_bandeau-site_paroisse_20-10-17-1024x382-800x340-1.jpg\",\"datePublished\":\"2020-01-16T14:59:21+00:00\",\"dateModified\":\"2025-03-11T20:02:23+00:00\",\"breadcrumb\":{\"@id\":\"https:\/\/www.diocese-limoges.fr\/grand-limoges\/paroisses\/saint-luc\/#breadcrumb\"},\"inLanguage\":\"fr-FR\",\"potentialAction\":[{\"@type\":\"ReadAction\",\"target\":[\"https:\/\/www.diocese-limoges.fr\/grand-limoges\/paroisses\/saint-luc\/\"]}]},{\"@type\":\"ImageObject\",\"inLanguage\":\"fr-FR\",\"@id\":\"https:\/\/www.diocese-limoges.fr\/grand-limoges\/paroisses\/saint-luc\/#primaryimage\",\"url\":\"https:\/\/www.diocese-limoges.fr\/grand-limoges\/wp-content\/uploads\/sites\/2\/2020\/01\/Saint-Luc_bandeau-site_paroisse_20-10-17-1024x382-800x340-1.jpg\",\"contentUrl\":\"https:\/\/www.diocese-limoges.fr\/grand-limoges\/wp-content\/uploads\/sites\/2\/2020\/01\/Saint-Luc_bandeau-site_paroisse_20-10-17-1024x382-800x340-1.jpg\",\"width\":800,\"height\":340},{\"@type\":\"BreadcrumbList\",\"@id\":\"https:\/\/www.diocese-limoges.fr\/grand-limoges\/paroisses\/saint-luc\/#breadcrumb\",\"itemListElement\":[{\"@type\":\"ListItem\",\"position\":1,\"name\":\"Accueil\",\"item\":\"https:\/\/www.diocese-limoges.fr\/grand-limoges\/\"},{\"@type\":\"ListItem\",\"position\":2,\"name\":\"Paroisse Saint-Luc\"}]},{\"@type\":\"WebSite\",\"@id\":\"https:\/\/www.diocese-limoges.fr\/grand-limoges\/#website\",\"url\":\"https:\/\/www.diocese-limoges.fr\/grand-limoges\/\",\"name\":\"Doyenn\u00e9s du Grand Limoges\",\"description\":\"Dioc\u00e8se de Limoges\",\"potentialAction\":[{\"@type\":\"SearchAction\",\"target\":{\"@type\":\"EntryPoint\",\"urlTemplate\":\"https:\/\/www.diocese-limoges.fr\/grand-limoges\/?s={search_term_string}\"},\"query-input\":{\"@type\":\"PropertyValueSpecification\",\"valueRequired\":true,\"valueName\":\"search_term_string\"}}],\"inLanguage\":\"fr-FR\"}]}<\/script>\n<!-- \/ Yoast SEO plugin. -->","yoast_head_json":{"title":"Paroisse Saint-Luc - Doyenn\u00e9s du Grand Limoges","robots":{"index":"index","follow":"follow","max-snippet":"max-snippet:-1","max-image-preview":"max-image-preview:large","max-video-preview":"max-video-preview:-1"},"canonical":"https:\/\/www.diocese-limoges.fr\/grand-limoges\/paroisses\/saint-luc\/","og_locale":"fr_FR","og_type":"article","og_title":"Paroisse Saint-Luc - Doyenn\u00e9s du Grand Limoges","og_description":"Accueil 1\/ Secr\u00e9tariat de la paroisse Saint-Luc Pour un bapt\u00eame, un mariage, une intention de messe, &#8230;, merci de contacter ci-apr\u00e8s la permanence \u00ab\u00a0Accueil\u00a0\u00bb du RELAIS paroissial qui vous concerne : Sainte-Claire de Limoges, Condat, Isle 2\/ Relais paroissiaux La paroisse Saint-Luc est compos\u00e9e de trois relais dont on trouvera un aper\u00e7u en cliquant ICI. [&hellip;]","og_url":"https:\/\/www.diocese-limoges.fr\/grand-limoges\/paroisses\/saint-luc\/","og_site_name":"Doyenn\u00e9s du Grand Limoges","article_modified_time":"2025-03-11T20:02:23+00:00","og_image":[{"width":800,"height":340,"url":"https:\/\/www.diocese-limoges.fr\/grand-limoges\/wp-content\/uploads\/sites\/2\/2020\/01\/Saint-Luc_bandeau-site_paroisse_20-10-17-1024x382-800x340-1.jpg","type":"image\/jpeg"}],"twitter_card":"summary_large_image","twitter_misc":{"Dur\u00e9e de lecture estim\u00e9e":"3 minutes"},"schema":{"@context":"https:\/\/schema.org","@graph":[{"@type":"WebPage","@id":"https:\/\/www.diocese-limoges.fr\/grand-limoges\/paroisses\/saint-luc\/","url":"https:\/\/www.diocese-limoges.fr\/grand-limoges\/paroisses\/saint-luc\/","name":"Paroisse Saint-Luc - Doyenn\u00e9s du Grand Limoges","isPartOf":{"@id":"https:\/\/www.diocese-limoges.fr\/grand-limoges\/#website"},"primaryImageOfPage":{"@id":"https:\/\/www.diocese-limoges.fr\/grand-limoges\/paroisses\/saint-luc\/#primaryimage"},"image":{"@id":"https:\/\/www.diocese-limoges.fr\/grand-limoges\/paroisses\/saint-luc\/#primaryimage"},"thumbnailUrl":"https:\/\/www.diocese-limoges.fr\/grand-limoges\/wp-content\/uploads\/sites\/2\/2020\/01\/Saint-Luc_bandeau-site_paroisse_20-10-17-1024x382-800x340-1.jpg","datePublished":"2020-01-16T14:59:21+00:00","dateModified":"2025-03-11T20:02:23+00:00","breadcrumb":{"@id":"https:\/\/www.diocese-limoges.fr\/grand-limoges\/paroisses\/saint-luc\/#breadcrumb"},"inLanguage":"fr-FR","potentialAction":[{"@type":"ReadAction","target":["https:\/\/www.diocese-limoges.fr\/grand-limoges\/paroisses\/saint-luc\/"]}]},{"@type":"ImageObject","inLanguage":"fr-FR","@id":"https:\/\/www.diocese-limoges.fr\/grand-limoges\/paroisses\/saint-luc\/#primaryimage","url":"https:\/\/www.diocese-limoges.fr\/grand-limoges\/wp-content\/uploads\/sites\/2\/2020\/01\/Saint-Luc_bandeau-site_paroisse_20-10-17-1024x382-800x340-1.jpg","contentUrl":"https:\/\/www.diocese-limoges.fr\/grand-limoges\/wp-content\/uploads\/sites\/2\/2020\/01\/Saint-Luc_bandeau-site_paroisse_20-10-17-1024x382-800x340-1.jpg","width":800,"height":340},{"@type":"BreadcrumbList","@id":"https:\/\/www.diocese-limoges.fr\/grand-limoges\/paroisses\/saint-luc\/#breadcrumb","itemListElement":[{"@type":"ListItem","position":1,"name":"Accueil","item":"https:\/\/www.diocese-limoges.fr\/grand-limoges\/"},{"@type":"ListItem","position":2,"name":"Paroisse Saint-Luc"}]},{"@type":"WebSite","@id":"https:\/\/www.diocese-limoges.fr\/grand-limoges\/#website","url":"https:\/\/www.diocese-limoges.fr\/grand-limoges\/","name":"Doyenn\u00e9s du Grand Limoges","description":"Dioc\u00e8se de Limoges","potentialAction":[{"@type":"SearchAction","target":{"@type":"EntryPoint","urlTemplate":"https:\/\/www.diocese-limoges.fr\/grand-limoges\/?s={search_term_string}"},"query-input":{"@type":"PropertyValueSpecification","valueRequired":true,"valueName":"search_term_string"}}],"inLanguage":"fr-FR"}]}},"_links":{"self":[{"href":"https:\/\/www.diocese-limoges.fr\/grand-limoges\/wp-json\/wp\/v2\/paroisse\/63","targetHints":{"allow":["GET"]}}],"collection":[{"href":"https:\/\/www.diocese-limoges.fr\/grand-limoges\/wp-json\/wp\/v2\/paroisse"}],"about":[{"href":"https:\/\/www.diocese-limoges.fr\/grand-limoges\/wp-json\/wp\/v2\/types\/paroisse"}],"author":[{"embeddable":true,"href":"https:\/\/www.diocese-limoges.fr\/grand-limoges\/wp-json\/wp\/v2\/users\/12"}],"wp:featuredmedia":[{"embeddable":true,"href":"https:\/\/www.diocese-limoges.fr\/grand-limoges\/wp-json\/wp\/v2\/media\/64"}],"wp:attachment":[{"href":"https:\/\/www.diocese-limoges.fr\/grand-limoges\/wp-json\/wp\/v2\/media?parent=63"}],"curies":[{"name":"wp","href":"https:\/\/api.w.org\/{rel}","templated":true}]}}