{"id":70,"date":"2020-03-25T16:09:00","date_gmt":"2020-03-25T15:09:00","guid":{"rendered":"https:\/\/www.diocese-limoges.fr\/grand-limoges\/?post_type=paroisse&#038;p=70"},"modified":"2026-03-27T14:53:19","modified_gmt":"2026-03-27T13:53:19","slug":"paroisse-saint-vincent-de-paul","status":"publish","type":"paroisse","link":"https:\/\/www.diocese-limoges.fr\/grand-limoges\/paroisses\/paroisse-saint-vincent-de-paul\/","title":{"rendered":"Paroisse Saint-Vincent-de-Paul"},"content":{"rendered":"\n<div class=\"wp-block-columns is-layout-flex wp-container-core-columns-is-layout-28f84493 wp-block-columns-is-layout-flex\">\n<div class=\"wp-block-column is-layout-flow wp-block-column-is-layout-flow\" style=\"flex-basis:55%\">\n<p><strong>Soyez les bienvenus <\/strong><strong>sur la paroisse St Vincent de Paul !<\/strong><\/p>\n\n\n\n<p>Notre paroisse est une grande maison ouverte \u00e0 tous, en particulier \u00e0 vous qui \u00eates nouveaux sur la paroisse ou qui prenez contact pour la premi\u00e8re fois.<\/p>\n\n\n\n<p>Vous avez pouss\u00e9 la porte, vous cherchez un partage fraternel et convivial, au long de cette ann\u00e9e, nous pourrons red\u00e9couvrir la joie de chercher, de croire, d\u2019aimer et d\u2019esp\u00e9rer ensemble.<\/p>\n\n\n\n<p>Dans la pri\u00e8re et les sacrements, J\u00e9sus-Christ lui-m\u00eame vient \u00e0 notre rencontre et nous associe \u00e0 son myst\u00e8re d\u2019amour.<\/p>\n\n\n\n<p>Dans nos activit\u00e9s diverses d\u2019\u00e9ducation de la jeunesse, de formation, d\u2019entraide et de loisirs, nous approfondissons, \u00e0 tout \u00e2ge, la connaissance de ce myst\u00e8re pour en vivre et en t\u00e9moigner.<\/p>\n\n\n\n<p>Une paroisse n\u2019est vivante que par la vie de ceux qui la constituent. Venez comme vous \u00eates : d\u00e9couvrir et participer !<\/p>\n\n\n\n<p>Vous avez un d\u00e9sir de servir, des dons, des comp\u00e9tences, nous trouverons ensemble comment les mettre en \u0153uvre au service de tous : cat\u00e9ch\u00e8se des jeunes, c\u00e9l\u00e9bration liturgique, solidarit\u00e9, \u2026<\/p>\n\n\n\n<p>N\u2019h\u00e9sitez pas \u00e0 venir pour mieux conna\u00eetre la paroisse, en passant \u00e0 l\u2019accueil ou en rencontrant un pr\u00eatre.<\/p>\n\n\n\n<div class=\"wp-block-columns is-layout-flex wp-container-core-columns-is-layout-28f84493 wp-block-columns-is-layout-flex\">\n<div class=\"wp-block-column is-layout-flow wp-block-column-is-layout-flow\" style=\"flex-basis:50%\">\n<div class=\"wp-block-columns is-layout-flex wp-container-core-columns-is-layout-28f84493 wp-block-columns-is-layout-flex\">\n<div class=\"wp-block-column is-layout-flow wp-block-column-is-layout-flow\" style=\"flex-basis:100%\">\n<p class=\"has-text-align-right\">Cur\u00e9 de la Paroisse St Vincent de Paul<\/p>\n\n\n\n<p class=\"has-text-align-right\"><\/p>\n<\/div>\n<\/div>\n<\/div>\n\n\n\n<div class=\"wp-block-column is-layout-flow wp-block-column-is-layout-flow\" style=\"flex-basis:50%\">\n<div class=\"wp-block-columns is-layout-flex wp-container-core-columns-is-layout-28f84493 wp-block-columns-is-layout-flex\">\n<div class=\"wp-block-column is-layout-flow wp-block-column-is-layout-flow\" style=\"flex-basis:50%\"><\/div>\n<\/div>\n<\/div>\n<\/div>\n<\/div>\n\n\n\n<div class=\"wp-block-column is-layout-flow wp-block-column-is-layout-flow\" style=\"flex-basis:5%\"><\/div>\n\n\n\n<div class=\"wp-block-column is-layout-flow wp-block-column-is-layout-flow\" style=\"flex-basis:33.33%\">\n<h4 class=\"wp-block-heading has-text-align-center has-white-color has-text-color has-background\" style=\"background-color:#11571d\"><strong><mark style=\"background-color:rgba(0, 0, 0, 0)\" class=\"has-inline-color has-white-color\">Retrouvez des photos du 23 avril<\/mark><\/strong><\/h4>\n\n\n\n<div class=\"wp-block-group\"><div class=\"wp-block-group__inner-container is-layout-flow wp-block-group-is-layout-flow\">\n<figure class=\"wp-block-image size-large\"><a href=\"https:\/\/www.diocese-limoges.fr\/grand-limoges\/actualites\/le-23-avril-en-images\/\"><img loading=\"lazy\" decoding=\"async\" width=\"1024\" height=\"683\" src=\"https:\/\/www.diocese-limoges.fr\/grand-limoges\/wp-content\/uploads\/sites\/2\/2023\/05\/dsc_3637-1024x683.jpg\" alt=\"\" class=\"wp-image-21735\" srcset=\"https:\/\/www.diocese-limoges.fr\/grand-limoges\/wp-content\/uploads\/sites\/2\/2023\/05\/dsc_3637-1024x683.jpg 1024w, https:\/\/www.diocese-limoges.fr\/grand-limoges\/wp-content\/uploads\/sites\/2\/2023\/05\/dsc_3637-300x200.jpg 300w, https:\/\/www.diocese-limoges.fr\/grand-limoges\/wp-content\/uploads\/sites\/2\/2023\/05\/dsc_3637-768x512.jpg 768w, https:\/\/www.diocese-limoges.fr\/grand-limoges\/wp-content\/uploads\/sites\/2\/2023\/05\/dsc_3637-1536x1024.jpg 1536w, https:\/\/www.diocese-limoges.fr\/grand-limoges\/wp-content\/uploads\/sites\/2\/2023\/05\/dsc_3637-2048x1365.jpg 2048w\" sizes=\"auto, (max-width: 1024px) 100vw, 1024px\" \/><\/a><\/figure>\n<\/div><\/div>\n\n\n\n<div style=\"height:54px\" aria-hidden=\"true\" class=\"wp-block-spacer\"><\/div>\n<\/div>\n<\/div>\n\n\n\n<p><\/p>\n","protected":false},"author":16,"featured_media":71,"parent":0,"menu_order":67,"template":"","meta":{"_acf_changed":false},"class_list":["post-70","paroisse","type-paroisse","status-publish","has-post-thumbnail","hentry"],"acf":[],"yoast_head":"<!-- This site is optimized with the Yoast SEO plugin v26.4 - https:\/\/yoast.com\/wordpress\/plugins\/seo\/ -->\n<title>Paroisse Saint-Vincent-de-Paul - Doyenn\u00e9s du Grand Limoges<\/title>\n<meta name=\"robots\" content=\"index, follow, max-snippet:-1, max-image-preview:large, max-video-preview:-1\" \/>\n<link rel=\"canonical\" href=\"https:\/\/www.diocese-limoges.fr\/grand-limoges\/paroisses\/paroisse-saint-vincent-de-paul\/\" \/>\n<meta property=\"og:locale\" content=\"fr_FR\" \/>\n<meta property=\"og:type\" content=\"article\" \/>\n<meta property=\"og:title\" content=\"Paroisse Saint-Vincent-de-Paul - Doyenn\u00e9s du Grand Limoges\" \/>\n<meta property=\"og:description\" content=\"Soyez les bienvenus sur la paroisse St Vincent de Paul ! Notre paroisse est une grande maison ouverte \u00e0 tous, en particulier \u00e0 vous qui \u00eates nouveaux sur la paroisse ou qui prenez contact pour la premi\u00e8re fois. Vous avez pouss\u00e9 la porte, vous cherchez un partage fraternel et convivial, au long de cette ann\u00e9e, [&hellip;]\" \/>\n<meta property=\"og:url\" content=\"https:\/\/www.diocese-limoges.fr\/grand-limoges\/paroisses\/paroisse-saint-vincent-de-paul\/\" \/>\n<meta property=\"og:site_name\" content=\"Doyenn\u00e9s du Grand Limoges\" \/>\n<meta property=\"article:modified_time\" content=\"2026-03-27T13:53:19+00:00\" \/>\n<meta property=\"og:image\" content=\"https:\/\/www.diocese-limoges.fr\/grand-limoges\/wp-content\/uploads\/sites\/2\/2020\/01\/PANAZOL-DSC_0082-800x340-1.jpg\" \/>\n\t<meta property=\"og:image:width\" content=\"800\" \/>\n\t<meta property=\"og:image:height\" content=\"340\" \/>\n\t<meta property=\"og:image:type\" content=\"image\/jpeg\" \/>\n<meta name=\"twitter:card\" content=\"summary_large_image\" \/>\n<meta name=\"twitter:label1\" content=\"Dur\u00e9e de lecture estim\u00e9e\" \/>\n\t<meta name=\"twitter:data1\" content=\"2 minutes\" \/>\n<script type=\"application\/ld+json\" class=\"yoast-schema-graph\">{\"@context\":\"https:\/\/schema.org\",\"@graph\":[{\"@type\":\"WebPage\",\"@id\":\"https:\/\/www.diocese-limoges.fr\/grand-limoges\/paroisses\/paroisse-saint-vincent-de-paul\/\",\"url\":\"https:\/\/www.diocese-limoges.fr\/grand-limoges\/paroisses\/paroisse-saint-vincent-de-paul\/\",\"name\":\"Paroisse Saint-Vincent-de-Paul - Doyenn\u00e9s du Grand Limoges\",\"isPartOf\":{\"@id\":\"https:\/\/www.diocese-limoges.fr\/grand-limoges\/#website\"},\"primaryImageOfPage\":{\"@id\":\"https:\/\/www.diocese-limoges.fr\/grand-limoges\/paroisses\/paroisse-saint-vincent-de-paul\/#primaryimage\"},\"image\":{\"@id\":\"https:\/\/www.diocese-limoges.fr\/grand-limoges\/paroisses\/paroisse-saint-vincent-de-paul\/#primaryimage\"},\"thumbnailUrl\":\"https:\/\/www.diocese-limoges.fr\/grand-limoges\/wp-content\/uploads\/sites\/2\/2020\/01\/PANAZOL-DSC_0082-800x340-1.jpg\",\"datePublished\":\"2020-03-25T15:09:00+00:00\",\"dateModified\":\"2026-03-27T13:53:19+00:00\",\"breadcrumb\":{\"@id\":\"https:\/\/www.diocese-limoges.fr\/grand-limoges\/paroisses\/paroisse-saint-vincent-de-paul\/#breadcrumb\"},\"inLanguage\":\"fr-FR\",\"potentialAction\":[{\"@type\":\"ReadAction\",\"target\":[\"https:\/\/www.diocese-limoges.fr\/grand-limoges\/paroisses\/paroisse-saint-vincent-de-paul\/\"]}]},{\"@type\":\"ImageObject\",\"inLanguage\":\"fr-FR\",\"@id\":\"https:\/\/www.diocese-limoges.fr\/grand-limoges\/paroisses\/paroisse-saint-vincent-de-paul\/#primaryimage\",\"url\":\"https:\/\/www.diocese-limoges.fr\/grand-limoges\/wp-content\/uploads\/sites\/2\/2020\/01\/PANAZOL-DSC_0082-800x340-1.jpg\",\"contentUrl\":\"https:\/\/www.diocese-limoges.fr\/grand-limoges\/wp-content\/uploads\/sites\/2\/2020\/01\/PANAZOL-DSC_0082-800x340-1.jpg\",\"width\":800,\"height\":340},{\"@type\":\"BreadcrumbList\",\"@id\":\"https:\/\/www.diocese-limoges.fr\/grand-limoges\/paroisses\/paroisse-saint-vincent-de-paul\/#breadcrumb\",\"itemListElement\":[{\"@type\":\"ListItem\",\"position\":1,\"name\":\"Accueil\",\"item\":\"https:\/\/www.diocese-limoges.fr\/grand-limoges\/\"},{\"@type\":\"ListItem\",\"position\":2,\"name\":\"Paroisse Saint-Vincent-de-Paul\"}]},{\"@type\":\"WebSite\",\"@id\":\"https:\/\/www.diocese-limoges.fr\/grand-limoges\/#website\",\"url\":\"https:\/\/www.diocese-limoges.fr\/grand-limoges\/\",\"name\":\"Doyenn\u00e9s du Grand Limoges\",\"description\":\"Dioc\u00e8se de Limoges\",\"potentialAction\":[{\"@type\":\"SearchAction\",\"target\":{\"@type\":\"EntryPoint\",\"urlTemplate\":\"https:\/\/www.diocese-limoges.fr\/grand-limoges\/?s={search_term_string}\"},\"query-input\":{\"@type\":\"PropertyValueSpecification\",\"valueRequired\":true,\"valueName\":\"search_term_string\"}}],\"inLanguage\":\"fr-FR\"}]}<\/script>\n<!-- \/ Yoast SEO plugin. -->","yoast_head_json":{"title":"Paroisse Saint-Vincent-de-Paul - Doyenn\u00e9s du Grand Limoges","robots":{"index":"index","follow":"follow","max-snippet":"max-snippet:-1","max-image-preview":"max-image-preview:large","max-video-preview":"max-video-preview:-1"},"canonical":"https:\/\/www.diocese-limoges.fr\/grand-limoges\/paroisses\/paroisse-saint-vincent-de-paul\/","og_locale":"fr_FR","og_type":"article","og_title":"Paroisse Saint-Vincent-de-Paul - Doyenn\u00e9s du Grand Limoges","og_description":"Soyez les bienvenus sur la paroisse St Vincent de Paul ! Notre paroisse est une grande maison ouverte \u00e0 tous, en particulier \u00e0 vous qui \u00eates nouveaux sur la paroisse ou qui prenez contact pour la premi\u00e8re fois. Vous avez pouss\u00e9 la porte, vous cherchez un partage fraternel et convivial, au long de cette ann\u00e9e, [&hellip;]","og_url":"https:\/\/www.diocese-limoges.fr\/grand-limoges\/paroisses\/paroisse-saint-vincent-de-paul\/","og_site_name":"Doyenn\u00e9s du Grand Limoges","article_modified_time":"2026-03-27T13:53:19+00:00","og_image":[{"width":800,"height":340,"url":"https:\/\/www.diocese-limoges.fr\/grand-limoges\/wp-content\/uploads\/sites\/2\/2020\/01\/PANAZOL-DSC_0082-800x340-1.jpg","type":"image\/jpeg"}],"twitter_card":"summary_large_image","twitter_misc":{"Dur\u00e9e de lecture estim\u00e9e":"2 minutes"},"schema":{"@context":"https:\/\/schema.org","@graph":[{"@type":"WebPage","@id":"https:\/\/www.diocese-limoges.fr\/grand-limoges\/paroisses\/paroisse-saint-vincent-de-paul\/","url":"https:\/\/www.diocese-limoges.fr\/grand-limoges\/paroisses\/paroisse-saint-vincent-de-paul\/","name":"Paroisse Saint-Vincent-de-Paul - Doyenn\u00e9s du Grand Limoges","isPartOf":{"@id":"https:\/\/www.diocese-limoges.fr\/grand-limoges\/#website"},"primaryImageOfPage":{"@id":"https:\/\/www.diocese-limoges.fr\/grand-limoges\/paroisses\/paroisse-saint-vincent-de-paul\/#primaryimage"},"image":{"@id":"https:\/\/www.diocese-limoges.fr\/grand-limoges\/paroisses\/paroisse-saint-vincent-de-paul\/#primaryimage"},"thumbnailUrl":"https:\/\/www.diocese-limoges.fr\/grand-limoges\/wp-content\/uploads\/sites\/2\/2020\/01\/PANAZOL-DSC_0082-800x340-1.jpg","datePublished":"2020-03-25T15:09:00+00:00","dateModified":"2026-03-27T13:53:19+00:00","breadcrumb":{"@id":"https:\/\/www.diocese-limoges.fr\/grand-limoges\/paroisses\/paroisse-saint-vincent-de-paul\/#breadcrumb"},"inLanguage":"fr-FR","potentialAction":[{"@type":"ReadAction","target":["https:\/\/www.diocese-limoges.fr\/grand-limoges\/paroisses\/paroisse-saint-vincent-de-paul\/"]}]},{"@type":"ImageObject","inLanguage":"fr-FR","@id":"https:\/\/www.diocese-limoges.fr\/grand-limoges\/paroisses\/paroisse-saint-vincent-de-paul\/#primaryimage","url":"https:\/\/www.diocese-limoges.fr\/grand-limoges\/wp-content\/uploads\/sites\/2\/2020\/01\/PANAZOL-DSC_0082-800x340-1.jpg","contentUrl":"https:\/\/www.diocese-limoges.fr\/grand-limoges\/wp-content\/uploads\/sites\/2\/2020\/01\/PANAZOL-DSC_0082-800x340-1.jpg","width":800,"height":340},{"@type":"BreadcrumbList","@id":"https:\/\/www.diocese-limoges.fr\/grand-limoges\/paroisses\/paroisse-saint-vincent-de-paul\/#breadcrumb","itemListElement":[{"@type":"ListItem","position":1,"name":"Accueil","item":"https:\/\/www.diocese-limoges.fr\/grand-limoges\/"},{"@type":"ListItem","position":2,"name":"Paroisse Saint-Vincent-de-Paul"}]},{"@type":"WebSite","@id":"https:\/\/www.diocese-limoges.fr\/grand-limoges\/#website","url":"https:\/\/www.diocese-limoges.fr\/grand-limoges\/","name":"Doyenn\u00e9s du Grand Limoges","description":"Dioc\u00e8se de Limoges","potentialAction":[{"@type":"SearchAction","target":{"@type":"EntryPoint","urlTemplate":"https:\/\/www.diocese-limoges.fr\/grand-limoges\/?s={search_term_string}"},"query-input":{"@type":"PropertyValueSpecification","valueRequired":true,"valueName":"search_term_string"}}],"inLanguage":"fr-FR"}]}},"_links":{"self":[{"href":"https:\/\/www.diocese-limoges.fr\/grand-limoges\/wp-json\/wp\/v2\/paroisse\/70","targetHints":{"allow":["GET"]}}],"collection":[{"href":"https:\/\/www.diocese-limoges.fr\/grand-limoges\/wp-json\/wp\/v2\/paroisse"}],"about":[{"href":"https:\/\/www.diocese-limoges.fr\/grand-limoges\/wp-json\/wp\/v2\/types\/paroisse"}],"author":[{"embeddable":true,"href":"https:\/\/www.diocese-limoges.fr\/grand-limoges\/wp-json\/wp\/v2\/users\/16"}],"wp:featuredmedia":[{"embeddable":true,"href":"https:\/\/www.diocese-limoges.fr\/grand-limoges\/wp-json\/wp\/v2\/media\/71"}],"wp:attachment":[{"href":"https:\/\/www.diocese-limoges.fr\/grand-limoges\/wp-json\/wp\/v2\/media?parent=70"}],"curies":[{"name":"wp","href":"https:\/\/api.w.org\/{rel}","templated":true}]}}