{"version":"1.0","provider_name":"Doyenn\u00e9s de Haute Vienne","provider_url":"https:\/\/www.diocese-limoges.fr\/haute-vienne","title":"Bethl\u00e9em : la \"Maison du Pain\" - Doyenn\u00e9s de Haute Vienne","type":"rich","width":600,"height":338,"html":"<blockquote class=\"wp-embedded-content\" data-secret=\"WcBvMUqgWE\"><a href=\"https:\/\/www.diocese-limoges.fr\/haute-vienne\/actualites\/bethleem-la-maison-du-pain\/\">Bethl\u00e9em : la \u00ab\u00a0Maison du Pain\u00a0\u00bb<\/a><\/blockquote><iframe sandbox=\"allow-scripts\" security=\"restricted\" src=\"https:\/\/www.diocese-limoges.fr\/haute-vienne\/actualites\/bethleem-la-maison-du-pain\/embed\/#?secret=WcBvMUqgWE\" width=\"600\" height=\"338\" title=\"\u00ab\u00a0Bethl\u00e9em : la \u00ab\u00a0Maison du Pain\u00a0\u00bb\u00a0\u00bb &#8212; Doyenn\u00e9s de Haute Vienne\" data-secret=\"WcBvMUqgWE\" frameborder=\"0\" marginwidth=\"0\" marginheight=\"0\" scrolling=\"no\" class=\"wp-embedded-content\"><\/iframe><script type=\"text\/javascript\">\n\/* <![CDATA[ *\/\n\/*! This file is auto-generated *\/\n!function(d,l){\"use strict\";l.querySelector&&d.addEventListener&&\"undefined\"!=typeof URL&&(d.wp=d.wp||{},d.wp.receiveEmbedMessage||(d.wp.receiveEmbedMessage=function(e){var t=e.data;if((t||t.secret||t.message||t.value)&&!\/[^a-zA-Z0-9]\/.test(t.secret)){for(var s,r,n,a=l.querySelectorAll('iframe[data-secret=\"'+t.secret+'\"]'),o=l.querySelectorAll('blockquote[data-secret=\"'+t.secret+'\"]'),c=new RegExp(\"^https?:$\",\"i\"),i=0;i<o.length;i++)o[i].style.display=\"none\";for(i=0;i<a.length;i++)s=a[i],e.source===s.contentWindow&&(s.removeAttribute(\"style\"),\"height\"===t.message?(1e3<(r=parseInt(t.value,10))?r=1e3:~~r<200&&(r=200),s.height=r):\"link\"===t.message&&(r=new URL(s.getAttribute(\"src\")),n=new URL(t.value),c.test(n.protocol))&&n.host===r.host&&l.activeElement===s&&(d.top.location.href=t.value))}},d.addEventListener(\"message\",d.wp.receiveEmbedMessage,!1),l.addEventListener(\"DOMContentLoaded\",function(){for(var e,t,s=l.querySelectorAll(\"iframe.wp-embedded-content\"),r=0;r<s.length;r++)(t=(e=s[r]).getAttribute(\"data-secret\"))||(t=Math.random().toString(36).substring(2,12),e.src+=\"#?secret=\"+t,e.setAttribute(\"data-secret\",t)),e.contentWindow.postMessage({message:\"ready\",secret:t},\"*\")},!1)))}(window,document);\n\/* ]]> *\/\n<\/script>\n","thumbnail_url":"https:\/\/www.diocese-limoges.fr\/haute-vienne\/wp-content\/uploads\/sites\/4\/2020\/11\/livre-de-la-parole-2.jpg","thumbnail_width":448,"thumbnail_height":336,"description":"A Bethl\u00e9em, il y a quelques deux milles ans, il \u00e9tait question de Maison et de Pain ! Marie et Joseph \u00e9tait un couple comme les autres. Ils avaient pris la route, de Nazareth \u00e0 Bethl\u00e9em, pour ob\u00e9ir \u00e0 l\u2019ordre de l\u2019empereur Auguste et venir se faire recenser. Il fallait savoir combien l\u2019Empire comptait d\u2019habitants. [&hellip;]"}