{"version":"1.0","provider_name":"Doyenn\u00e9s de Haute Vienne","provider_url":"https:\/\/www.diocese-limoges.fr\/haute-vienne","title":"Merci P\u00e8re Raymond Rouger - Doyenn\u00e9s de Haute Vienne","type":"rich","width":600,"height":338,"html":"<blockquote class=\"wp-embedded-content\" data-secret=\"YxNc8Ugp9h\"><a href=\"https:\/\/www.diocese-limoges.fr\/haute-vienne\/actualites\/merci-pere-raymond-rouger\/\">Merci P\u00e8re Raymond Rouger<\/a><\/blockquote><iframe sandbox=\"allow-scripts\" security=\"restricted\" src=\"https:\/\/www.diocese-limoges.fr\/haute-vienne\/actualites\/merci-pere-raymond-rouger\/embed\/#?secret=YxNc8Ugp9h\" width=\"600\" height=\"338\" title=\"\u00ab\u00a0Merci P\u00e8re Raymond Rouger\u00a0\u00bb &#8212; Doyenn\u00e9s de Haute Vienne\" data-secret=\"YxNc8Ugp9h\" frameborder=\"0\" marginwidth=\"0\" marginheight=\"0\" scrolling=\"no\" class=\"wp-embedded-content\"><\/iframe><script type=\"text\/javascript\">\n\/* <![CDATA[ *\/\n\/*! This file is auto-generated *\/\n!function(d,l){\"use strict\";l.querySelector&&d.addEventListener&&\"undefined\"!=typeof URL&&(d.wp=d.wp||{},d.wp.receiveEmbedMessage||(d.wp.receiveEmbedMessage=function(e){var t=e.data;if((t||t.secret||t.message||t.value)&&!\/[^a-zA-Z0-9]\/.test(t.secret)){for(var s,r,n,a=l.querySelectorAll('iframe[data-secret=\"'+t.secret+'\"]'),o=l.querySelectorAll('blockquote[data-secret=\"'+t.secret+'\"]'),c=new RegExp(\"^https?:$\",\"i\"),i=0;i<o.length;i++)o[i].style.display=\"none\";for(i=0;i<a.length;i++)s=a[i],e.source===s.contentWindow&&(s.removeAttribute(\"style\"),\"height\"===t.message?(1e3<(r=parseInt(t.value,10))?r=1e3:~~r<200&&(r=200),s.height=r):\"link\"===t.message&&(r=new URL(s.getAttribute(\"src\")),n=new URL(t.value),c.test(n.protocol))&&n.host===r.host&&l.activeElement===s&&(d.top.location.href=t.value))}},d.addEventListener(\"message\",d.wp.receiveEmbedMessage,!1),l.addEventListener(\"DOMContentLoaded\",function(){for(var e,t,s=l.querySelectorAll(\"iframe.wp-embedded-content\"),r=0;r<s.length;r++)(t=(e=s[r]).getAttribute(\"data-secret\"))||(t=Math.random().toString(36).substring(2,12),e.src+=\"#?secret=\"+t,e.setAttribute(\"data-secret\",t)),e.contentWindow.postMessage({message:\"ready\",secret:t},\"*\")},!1)))}(window,document);\n\/* ]]> *\/\n<\/script>\n","thumbnail_url":"https:\/\/www.diocese-limoges.fr\/haute-vienne\/wp-content\/uploads\/sites\/4\/2021\/01\/rrouger-montagelong.jpg","thumbnail_width":1024,"thumbnail_height":272,"description":"En ce d\u00e9but d&rsquo;ann\u00e9e, nous sommes tous orphelins\u2026..Notre P\u00e8re ROUGER nous a quitt\u00e9s, ce 4 janvier 2021, avec cet impr\u00e9vu dont il avait le secret. Il n\u2019a pas \u00e9t\u00e9 rattrap\u00e9 par son cancer mais par un brutal infarctus que personne n\u2019avait vu venir.Nous sommes orphelins de sa parole g\u00e9n\u00e9reuse, de sa facult\u00e9 exceptionnelle \u00e0 percevoir [&hellip;]"}