{"id":28,"date":"2020-01-16T16:34:04","date_gmt":"2020-01-16T15:34:04","guid":{"rendered":"https:\/\/www.diocese-limoges.fr\/haute-vienne\/?post_type=paroisse&#038;p=28"},"modified":"2020-10-19T10:51:04","modified_gmt":"2020-10-19T08:51:04","slug":"tout-ce-que-la-paroisse-propose","status":"publish","type":"paroisse","link":"https:\/\/www.diocese-limoges.fr\/haute-vienne\/paroisses\/paroisse-saint-jean-baptiste\/tout-ce-que-la-paroisse-propose\/","title":{"rendered":"Tout ce que la paroisse propose"},"content":{"rendered":"\n<ul class=\"wp-block-list\"><li>Un service de cat\u00e9ch\u00e8se<\/li><li>Une aum\u00f4nerie de l\u2019enseignement public de 2 coll\u00e8ges<\/li><li>Eveil \u00e0 la foi pour les enfants de 3 \u00e0 7 ans.<\/li><li>Deux \u00e9quipes de pr\u00e9paration au bapt\u00eame des enfants<\/li><li>Une \u00e9quipe de pr\u00e9paration au mariage<\/li><li>Des \u00e9quipes d\u2019accompagnement des familles en deuil<\/li><li>Un groupe de partage biblique<\/li><li>Un service \u00e9vang\u00e9lique des malades (S.E.M.)<\/li><li>Un jumelage avec la paroisse de Hina au Cameroun<\/li><li>Des \u00e9quipes liturgiques<\/li><li>Une chorale liturgique<\/li><li>Servants d\u2019autel<\/li><li>Une \u00e9quipe du Rosaire<\/li><li>Pastorale du tourisme et des loisirs<\/li><li>Mouvement des Chr\u00e9tiens retrait\u00e9s (MCR)<\/li><li>Temps de pri\u00e8re d\u2019Adoration \u00e0 Pierre-Buffi\u00e8re (2 formules).<\/li><li>Confr\u00e9rie de Saint C\u00f4me et Saint Damien<\/li><li>Des \u00e9quipes d\u2019entretien des \u00e9glises \u2013 Equipes florales<\/li><li>Une \u00e9quipe de presse en relation avec le journal \u00ab&nbsp;Le Sillon&nbsp;\u00bb<\/li><li>Secr\u00e9tariat paroissial et une permanence.<\/li><li>Un site Internet<\/li><li><strong><em>Il nous manque un service de vocations !<\/em><\/strong><\/li><\/ul>\n","protected":false},"author":14,"featured_media":0,"parent":25,"menu_order":114,"template":"","meta":{"_acf_changed":false},"class_list":["post-28","paroisse","type-paroisse","status-publish","hentry"],"acf":[],"yoast_head":"<!-- This site is optimized with the Yoast SEO plugin v26.4 - https:\/\/yoast.com\/wordpress\/plugins\/seo\/ -->\n<title>Tout ce que la paroisse propose - Doyenn\u00e9s de Haute Vienne<\/title>\n<meta name=\"robots\" content=\"index, follow, max-snippet:-1, max-image-preview:large, max-video-preview:-1\" \/>\n<link rel=\"canonical\" href=\"https:\/\/www.diocese-limoges.fr\/haute-vienne\/paroisses\/paroisse-saint-jean-baptiste\/tout-ce-que-la-paroisse-propose\/\" \/>\n<meta property=\"og:locale\" content=\"fr_FR\" \/>\n<meta property=\"og:type\" content=\"article\" \/>\n<meta property=\"og:title\" content=\"Tout ce que la paroisse propose - Doyenn\u00e9s de Haute Vienne\" \/>\n<meta property=\"og:description\" content=\"Un service de cat\u00e9ch\u00e8se Une aum\u00f4nerie de l\u2019enseignement public de 2 coll\u00e8ges Eveil \u00e0 la foi pour les enfants de 3 \u00e0 7 ans. Deux \u00e9quipes de pr\u00e9paration au bapt\u00eame des enfants Une \u00e9quipe de pr\u00e9paration au mariage Des \u00e9quipes d\u2019accompagnement des familles en deuil Un groupe de partage biblique Un service \u00e9vang\u00e9lique des malades [&hellip;]\" \/>\n<meta property=\"og:url\" content=\"https:\/\/www.diocese-limoges.fr\/haute-vienne\/paroisses\/paroisse-saint-jean-baptiste\/tout-ce-que-la-paroisse-propose\/\" \/>\n<meta property=\"og:site_name\" content=\"Doyenn\u00e9s de Haute Vienne\" \/>\n<meta property=\"article:modified_time\" content=\"2020-10-19T08:51:04+00:00\" \/>\n<meta name=\"twitter:card\" content=\"summary_large_image\" \/>\n<meta name=\"twitter:label1\" content=\"Dur\u00e9e de lecture estim\u00e9e\" \/>\n\t<meta name=\"twitter:data1\" content=\"1 minute\" \/>\n<script type=\"application\/ld+json\" class=\"yoast-schema-graph\">{\"@context\":\"https:\/\/schema.org\",\"@graph\":[{\"@type\":\"WebPage\",\"@id\":\"https:\/\/www.diocese-limoges.fr\/haute-vienne\/paroisses\/paroisse-saint-jean-baptiste\/tout-ce-que-la-paroisse-propose\/\",\"url\":\"https:\/\/www.diocese-limoges.fr\/haute-vienne\/paroisses\/paroisse-saint-jean-baptiste\/tout-ce-que-la-paroisse-propose\/\",\"name\":\"Tout ce que la paroisse propose - Doyenn\u00e9s de Haute Vienne\",\"isPartOf\":{\"@id\":\"https:\/\/www.diocese-limoges.fr\/haute-vienne\/#website\"},\"datePublished\":\"2020-01-16T15:34:04+00:00\",\"dateModified\":\"2020-10-19T08:51:04+00:00\",\"breadcrumb\":{\"@id\":\"https:\/\/www.diocese-limoges.fr\/haute-vienne\/paroisses\/paroisse-saint-jean-baptiste\/tout-ce-que-la-paroisse-propose\/#breadcrumb\"},\"inLanguage\":\"fr-FR\",\"potentialAction\":[{\"@type\":\"ReadAction\",\"target\":[\"https:\/\/www.diocese-limoges.fr\/haute-vienne\/paroisses\/paroisse-saint-jean-baptiste\/tout-ce-que-la-paroisse-propose\/\"]}]},{\"@type\":\"BreadcrumbList\",\"@id\":\"https:\/\/www.diocese-limoges.fr\/haute-vienne\/paroisses\/paroisse-saint-jean-baptiste\/tout-ce-que-la-paroisse-propose\/#breadcrumb\",\"itemListElement\":[{\"@type\":\"ListItem\",\"position\":1,\"name\":\"Accueil\",\"item\":\"https:\/\/www.diocese-limoges.fr\/haute-vienne\/\"},{\"@type\":\"ListItem\",\"position\":2,\"name\":\"Paroisse Saint Jean-Baptiste\",\"item\":\"https:\/\/www.diocese-limoges.fr\/haute-vienne\/paroisses\/paroisse-saint-jean-baptiste\/\"},{\"@type\":\"ListItem\",\"position\":3,\"name\":\"Tout ce que la paroisse propose\"}]},{\"@type\":\"WebSite\",\"@id\":\"https:\/\/www.diocese-limoges.fr\/haute-vienne\/#website\",\"url\":\"https:\/\/www.diocese-limoges.fr\/haute-vienne\/\",\"name\":\"Doyenn\u00e9s de Haute Vienne\",\"description\":\"Dioc\u00e8se de Limoges\",\"potentialAction\":[{\"@type\":\"SearchAction\",\"target\":{\"@type\":\"EntryPoint\",\"urlTemplate\":\"https:\/\/www.diocese-limoges.fr\/haute-vienne\/?s={search_term_string}\"},\"query-input\":{\"@type\":\"PropertyValueSpecification\",\"valueRequired\":true,\"valueName\":\"search_term_string\"}}],\"inLanguage\":\"fr-FR\"}]}<\/script>\n<!-- \/ Yoast SEO plugin. -->","yoast_head_json":{"title":"Tout ce que la paroisse propose - Doyenn\u00e9s de Haute Vienne","robots":{"index":"index","follow":"follow","max-snippet":"max-snippet:-1","max-image-preview":"max-image-preview:large","max-video-preview":"max-video-preview:-1"},"canonical":"https:\/\/www.diocese-limoges.fr\/haute-vienne\/paroisses\/paroisse-saint-jean-baptiste\/tout-ce-que-la-paroisse-propose\/","og_locale":"fr_FR","og_type":"article","og_title":"Tout ce que la paroisse propose - Doyenn\u00e9s de Haute Vienne","og_description":"Un service de cat\u00e9ch\u00e8se Une aum\u00f4nerie de l\u2019enseignement public de 2 coll\u00e8ges Eveil \u00e0 la foi pour les enfants de 3 \u00e0 7 ans. Deux \u00e9quipes de pr\u00e9paration au bapt\u00eame des enfants Une \u00e9quipe de pr\u00e9paration au mariage Des \u00e9quipes d\u2019accompagnement des familles en deuil Un groupe de partage biblique Un service \u00e9vang\u00e9lique des malades [&hellip;]","og_url":"https:\/\/www.diocese-limoges.fr\/haute-vienne\/paroisses\/paroisse-saint-jean-baptiste\/tout-ce-que-la-paroisse-propose\/","og_site_name":"Doyenn\u00e9s de Haute Vienne","article_modified_time":"2020-10-19T08:51:04+00:00","twitter_card":"summary_large_image","twitter_misc":{"Dur\u00e9e de lecture estim\u00e9e":"1 minute"},"schema":{"@context":"https:\/\/schema.org","@graph":[{"@type":"WebPage","@id":"https:\/\/www.diocese-limoges.fr\/haute-vienne\/paroisses\/paroisse-saint-jean-baptiste\/tout-ce-que-la-paroisse-propose\/","url":"https:\/\/www.diocese-limoges.fr\/haute-vienne\/paroisses\/paroisse-saint-jean-baptiste\/tout-ce-que-la-paroisse-propose\/","name":"Tout ce que la paroisse propose - Doyenn\u00e9s de Haute Vienne","isPartOf":{"@id":"https:\/\/www.diocese-limoges.fr\/haute-vienne\/#website"},"datePublished":"2020-01-16T15:34:04+00:00","dateModified":"2020-10-19T08:51:04+00:00","breadcrumb":{"@id":"https:\/\/www.diocese-limoges.fr\/haute-vienne\/paroisses\/paroisse-saint-jean-baptiste\/tout-ce-que-la-paroisse-propose\/#breadcrumb"},"inLanguage":"fr-FR","potentialAction":[{"@type":"ReadAction","target":["https:\/\/www.diocese-limoges.fr\/haute-vienne\/paroisses\/paroisse-saint-jean-baptiste\/tout-ce-que-la-paroisse-propose\/"]}]},{"@type":"BreadcrumbList","@id":"https:\/\/www.diocese-limoges.fr\/haute-vienne\/paroisses\/paroisse-saint-jean-baptiste\/tout-ce-que-la-paroisse-propose\/#breadcrumb","itemListElement":[{"@type":"ListItem","position":1,"name":"Accueil","item":"https:\/\/www.diocese-limoges.fr\/haute-vienne\/"},{"@type":"ListItem","position":2,"name":"Paroisse Saint Jean-Baptiste","item":"https:\/\/www.diocese-limoges.fr\/haute-vienne\/paroisses\/paroisse-saint-jean-baptiste\/"},{"@type":"ListItem","position":3,"name":"Tout ce que la paroisse propose"}]},{"@type":"WebSite","@id":"https:\/\/www.diocese-limoges.fr\/haute-vienne\/#website","url":"https:\/\/www.diocese-limoges.fr\/haute-vienne\/","name":"Doyenn\u00e9s de Haute Vienne","description":"Dioc\u00e8se de Limoges","potentialAction":[{"@type":"SearchAction","target":{"@type":"EntryPoint","urlTemplate":"https:\/\/www.diocese-limoges.fr\/haute-vienne\/?s={search_term_string}"},"query-input":{"@type":"PropertyValueSpecification","valueRequired":true,"valueName":"search_term_string"}}],"inLanguage":"fr-FR"}]}},"_links":{"self":[{"href":"https:\/\/www.diocese-limoges.fr\/haute-vienne\/wp-json\/wp\/v2\/paroisse\/28","targetHints":{"allow":["GET"]}}],"collection":[{"href":"https:\/\/www.diocese-limoges.fr\/haute-vienne\/wp-json\/wp\/v2\/paroisse"}],"about":[{"href":"https:\/\/www.diocese-limoges.fr\/haute-vienne\/wp-json\/wp\/v2\/types\/paroisse"}],"author":[{"embeddable":true,"href":"https:\/\/www.diocese-limoges.fr\/haute-vienne\/wp-json\/wp\/v2\/users\/14"}],"up":[{"embeddable":true,"href":"https:\/\/www.diocese-limoges.fr\/haute-vienne\/wp-json\/wp\/v2\/paroisse\/25"}],"wp:attachment":[{"href":"https:\/\/www.diocese-limoges.fr\/haute-vienne\/wp-json\/wp\/v2\/media?parent=28"}],"curies":[{"name":"wp","href":"https:\/\/api.w.org\/{rel}","templated":true}]}}