{"id":473,"date":"2020-11-18T15:17:31","date_gmt":"2020-11-18T14:17:31","guid":{"rendered":"https:\/\/www.diocese-limoges.fr\/haute-vienne\/?post_type=paroisse&#038;p=473"},"modified":"2020-11-18T18:40:30","modified_gmt":"2020-11-18T17:40:30","slug":"le-bapteme","status":"publish","type":"paroisse","link":"https:\/\/www.diocese-limoges.fr\/haute-vienne\/paroisses\/paroisse-saint-aurelien\/vie-chretienne-et-sacrements\/le-bapteme\/","title":{"rendered":"Le Bapt\u00eame"},"content":{"rendered":"\n<div class=\"wp-block-image is-style-default\"><figure class=\"alignleft size-medium is-resized\"><img loading=\"lazy\" decoding=\"async\" src=\"https:\/\/www.diocese-limoges.fr\/haute-vienne\/wp-content\/uploads\/sites\/4\/2020\/11\/image-253x300.png\" alt=\"\" class=\"wp-image-476\" width=\"213\" height=\"253\" srcset=\"https:\/\/www.diocese-limoges.fr\/haute-vienne\/wp-content\/uploads\/sites\/4\/2020\/11\/image-253x300.png 253w, https:\/\/www.diocese-limoges.fr\/haute-vienne\/wp-content\/uploads\/sites\/4\/2020\/11\/image-863x1024.png 863w, https:\/\/www.diocese-limoges.fr\/haute-vienne\/wp-content\/uploads\/sites\/4\/2020\/11\/image-768x911.png 768w, https:\/\/www.diocese-limoges.fr\/haute-vienne\/wp-content\/uploads\/sites\/4\/2020\/11\/image-1295x1536.png 1295w, https:\/\/www.diocese-limoges.fr\/haute-vienne\/wp-content\/uploads\/sites\/4\/2020\/11\/image-1726x2048.png 1726w, https:\/\/www.diocese-limoges.fr\/haute-vienne\/wp-content\/uploads\/sites\/4\/2020\/11\/image.png 2038w\" sizes=\"auto, (max-width: 213px) 100vw, 213px\" \/><\/figure><\/div>\n\n\n\n<p>Le sacrement du bapt\u00eame est celui de l\u2019entr\u00e9e dans la famille des enfants de Dieu. On peut le recevoir \u00e0 tout \u00e2ge.<\/p>\n\n\n\n<ul class=\"wp-block-list\"><li><strong>Le bapt\u00eame des petits-enfants<\/strong><strong> :<\/strong><\/li><\/ul>\n\n\n\n<p>Les parents qui souhaitent demander le bapt\u00eame pour leur enfant doivent prendre contact avec la paroisse, suffisamment \u00e0 l\u2019avance.<\/p>\n\n\n\n<p>Les bapt\u00eames ont lieu \u00e0 St Yrieix la Perche, apr\u00e8s la messe du dimanche. Les futurs baptis\u00e9s sont accueillis par la Communaut\u00e9 rassembl\u00e9e pour c\u00e9l\u00e9brer l\u2019eucharistie dominicale.<\/p>\n\n\n\n<p>Les bapt\u00eames peuvent avoir lieu dans les autres \u00e9glises de la paroisse le samedi en fin de matin\u00e9e.<\/p>\n\n\n\n<p>Lors d&rsquo;une premi\u00e8re rencontre les parents recevront le livret pour les aider \u00e0 pr\u00e9parer la f\u00eate du bapt\u00eame. Puis, ils sont invit\u00e9s \u00e0 une rencontre avec d&rsquo;autres parents. Une derni\u00e8re rencontre les aidera \u00e0 finaliser la\u00a0 c\u00e9l\u00e9bration.<\/p>\n\n\n\n<div class=\"wp-block-file\"><a href=\"https:\/\/www.diocese-limoges.fr\/haute-vienne\/wp-content\/uploads\/sites\/4\/2020\/11\/pour-preparer-la-celebration.pdf\">Ce que vous aurez \u00e0 choisir dans le livret pour preparer la celebration<\/a><a href=\"https:\/\/www.diocese-limoges.fr\/haute-vienne\/wp-content\/uploads\/sites\/4\/2020\/11\/pour-preparer-la-celebration.pdf\" class=\"wp-block-file__button\" download>T\u00e9l\u00e9charger<\/a><\/div>\n\n\n\n<ul class=\"wp-block-list\"><li><strong>Le bapt\u00eame des enfants d\u2019\u00e2ge scolaire<\/strong><strong> :<\/strong><\/li><\/ul>\n\n\n\n<p>Le bapt\u00eame a lieu en plusieurs \u00e9tapes. La pr\u00e9paration se fait dans le cadre des \u00e9quipes de cat\u00e9ch\u00e8se ou d\u2019aum\u00f4nerie et dure environ un an.<\/p>\n\n\n\n<ul class=\"wp-block-list\"><li><strong>Le bapt\u00eame des adultes<\/strong><strong> :<\/strong><\/li><\/ul>\n\n\n\n<p>L\u2019adulte qui demande le bapt\u00eame est invit\u00e9 \u00e0 cheminer durant plusieurs mois avec une \u00e9quipe de chr\u00e9tiens qui se constitue autour de lui : c\u2019est le temps du cat\u00e9chum\u00e9nat.<\/p>\n\n\n\n<p>Comme pour les enfants d\u2019\u00e2ge scolaire, le bapt\u00eame a lieu en plusieurs \u00e9tapes dont l&rsquo;appel d\u00e9cisif qui est pr\u00e9sid\u00e9 par l&rsquo;\u00e9v\u00eaque.<\/p>\n","protected":false},"author":26,"featured_media":474,"parent":470,"menu_order":93,"template":"","meta":{"_acf_changed":false},"class_list":["post-473","paroisse","type-paroisse","status-publish","has-post-thumbnail","hentry"],"acf":[],"yoast_head":"<!-- This site is optimized with the Yoast SEO plugin v26.4 - https:\/\/yoast.com\/wordpress\/plugins\/seo\/ -->\n<title>Le Bapt\u00eame - Doyenn\u00e9s de Haute Vienne<\/title>\n<meta name=\"robots\" content=\"index, follow, max-snippet:-1, max-image-preview:large, max-video-preview:-1\" \/>\n<link rel=\"canonical\" href=\"https:\/\/www.diocese-limoges.fr\/haute-vienne\/paroisses\/paroisse-saint-aurelien\/vie-chretienne-et-sacrements\/le-bapteme\/\" \/>\n<meta property=\"og:locale\" content=\"fr_FR\" \/>\n<meta property=\"og:type\" content=\"article\" \/>\n<meta property=\"og:title\" content=\"Le Bapt\u00eame - Doyenn\u00e9s de Haute Vienne\" \/>\n<meta property=\"og:description\" content=\"Le sacrement du bapt\u00eame est celui de l\u2019entr\u00e9e dans la famille des enfants de Dieu. On peut le recevoir \u00e0 tout \u00e2ge. Le bapt\u00eame des petits-enfants : Les parents qui souhaitent demander le bapt\u00eame pour leur enfant doivent prendre contact avec la paroisse, suffisamment \u00e0 l\u2019avance. Les bapt\u00eames ont lieu \u00e0 St Yrieix la Perche, [&hellip;]\" \/>\n<meta property=\"og:url\" content=\"https:\/\/www.diocese-limoges.fr\/haute-vienne\/paroisses\/paroisse-saint-aurelien\/vie-chretienne-et-sacrements\/le-bapteme\/\" \/>\n<meta property=\"og:site_name\" content=\"Doyenn\u00e9s de Haute Vienne\" \/>\n<meta property=\"article:modified_time\" content=\"2020-11-18T17:40:30+00:00\" \/>\n<meta property=\"og:image\" content=\"https:\/\/www.diocese-limoges.fr\/haute-vienne\/wp-content\/uploads\/sites\/4\/2020\/11\/img_2334.jpeg\" \/>\n\t<meta property=\"og:image:width\" content=\"2048\" \/>\n\t<meta property=\"og:image:height\" content=\"1360\" \/>\n\t<meta property=\"og:image:type\" content=\"image\/jpeg\" \/>\n<meta name=\"twitter:card\" content=\"summary_large_image\" \/>\n<meta name=\"twitter:label1\" content=\"Dur\u00e9e de lecture estim\u00e9e\" \/>\n\t<meta name=\"twitter:data1\" content=\"1 minute\" \/>\n<script type=\"application\/ld+json\" class=\"yoast-schema-graph\">{\"@context\":\"https:\/\/schema.org\",\"@graph\":[{\"@type\":\"WebPage\",\"@id\":\"https:\/\/www.diocese-limoges.fr\/haute-vienne\/paroisses\/paroisse-saint-aurelien\/vie-chretienne-et-sacrements\/le-bapteme\/\",\"url\":\"https:\/\/www.diocese-limoges.fr\/haute-vienne\/paroisses\/paroisse-saint-aurelien\/vie-chretienne-et-sacrements\/le-bapteme\/\",\"name\":\"Le Bapt\u00eame - Doyenn\u00e9s de Haute Vienne\",\"isPartOf\":{\"@id\":\"https:\/\/www.diocese-limoges.fr\/haute-vienne\/#website\"},\"primaryImageOfPage\":{\"@id\":\"https:\/\/www.diocese-limoges.fr\/haute-vienne\/paroisses\/paroisse-saint-aurelien\/vie-chretienne-et-sacrements\/le-bapteme\/#primaryimage\"},\"image\":{\"@id\":\"https:\/\/www.diocese-limoges.fr\/haute-vienne\/paroisses\/paroisse-saint-aurelien\/vie-chretienne-et-sacrements\/le-bapteme\/#primaryimage\"},\"thumbnailUrl\":\"https:\/\/www.diocese-limoges.fr\/haute-vienne\/wp-content\/uploads\/sites\/4\/2020\/11\/img_2334.jpeg\",\"datePublished\":\"2020-11-18T14:17:31+00:00\",\"dateModified\":\"2020-11-18T17:40:30+00:00\",\"breadcrumb\":{\"@id\":\"https:\/\/www.diocese-limoges.fr\/haute-vienne\/paroisses\/paroisse-saint-aurelien\/vie-chretienne-et-sacrements\/le-bapteme\/#breadcrumb\"},\"inLanguage\":\"fr-FR\",\"potentialAction\":[{\"@type\":\"ReadAction\",\"target\":[\"https:\/\/www.diocese-limoges.fr\/haute-vienne\/paroisses\/paroisse-saint-aurelien\/vie-chretienne-et-sacrements\/le-bapteme\/\"]}]},{\"@type\":\"ImageObject\",\"inLanguage\":\"fr-FR\",\"@id\":\"https:\/\/www.diocese-limoges.fr\/haute-vienne\/paroisses\/paroisse-saint-aurelien\/vie-chretienne-et-sacrements\/le-bapteme\/#primaryimage\",\"url\":\"https:\/\/www.diocese-limoges.fr\/haute-vienne\/wp-content\/uploads\/sites\/4\/2020\/11\/img_2334.jpeg\",\"contentUrl\":\"https:\/\/www.diocese-limoges.fr\/haute-vienne\/wp-content\/uploads\/sites\/4\/2020\/11\/img_2334.jpeg\",\"width\":2048,\"height\":1360},{\"@type\":\"BreadcrumbList\",\"@id\":\"https:\/\/www.diocese-limoges.fr\/haute-vienne\/paroisses\/paroisse-saint-aurelien\/vie-chretienne-et-sacrements\/le-bapteme\/#breadcrumb\",\"itemListElement\":[{\"@type\":\"ListItem\",\"position\":1,\"name\":\"Accueil\",\"item\":\"https:\/\/www.diocese-limoges.fr\/haute-vienne\/\"},{\"@type\":\"ListItem\",\"position\":2,\"name\":\"Paroisse Saint Aur\u00e9lien\",\"item\":\"https:\/\/www.diocese-limoges.fr\/haute-vienne\/paroisses\/paroisse-saint-aurelien\/\"},{\"@type\":\"ListItem\",\"position\":3,\"name\":\"Vie chr\u00e9tienne et sacrements\",\"item\":\"https:\/\/www.diocese-limoges.fr\/haute-vienne\/paroisses\/paroisse-saint-aurelien\/vie-chretienne-et-sacrements\/\"},{\"@type\":\"ListItem\",\"position\":4,\"name\":\"Le Bapt\u00eame\"}]},{\"@type\":\"WebSite\",\"@id\":\"https:\/\/www.diocese-limoges.fr\/haute-vienne\/#website\",\"url\":\"https:\/\/www.diocese-limoges.fr\/haute-vienne\/\",\"name\":\"Doyenn\u00e9s de Haute Vienne\",\"description\":\"Dioc\u00e8se de Limoges\",\"potentialAction\":[{\"@type\":\"SearchAction\",\"target\":{\"@type\":\"EntryPoint\",\"urlTemplate\":\"https:\/\/www.diocese-limoges.fr\/haute-vienne\/?s={search_term_string}\"},\"query-input\":{\"@type\":\"PropertyValueSpecification\",\"valueRequired\":true,\"valueName\":\"search_term_string\"}}],\"inLanguage\":\"fr-FR\"}]}<\/script>\n<!-- \/ Yoast SEO plugin. -->","yoast_head_json":{"title":"Le Bapt\u00eame - Doyenn\u00e9s de Haute Vienne","robots":{"index":"index","follow":"follow","max-snippet":"max-snippet:-1","max-image-preview":"max-image-preview:large","max-video-preview":"max-video-preview:-1"},"canonical":"https:\/\/www.diocese-limoges.fr\/haute-vienne\/paroisses\/paroisse-saint-aurelien\/vie-chretienne-et-sacrements\/le-bapteme\/","og_locale":"fr_FR","og_type":"article","og_title":"Le Bapt\u00eame - Doyenn\u00e9s de Haute Vienne","og_description":"Le sacrement du bapt\u00eame est celui de l\u2019entr\u00e9e dans la famille des enfants de Dieu. On peut le recevoir \u00e0 tout \u00e2ge. Le bapt\u00eame des petits-enfants : Les parents qui souhaitent demander le bapt\u00eame pour leur enfant doivent prendre contact avec la paroisse, suffisamment \u00e0 l\u2019avance. Les bapt\u00eames ont lieu \u00e0 St Yrieix la Perche, [&hellip;]","og_url":"https:\/\/www.diocese-limoges.fr\/haute-vienne\/paroisses\/paroisse-saint-aurelien\/vie-chretienne-et-sacrements\/le-bapteme\/","og_site_name":"Doyenn\u00e9s de Haute Vienne","article_modified_time":"2020-11-18T17:40:30+00:00","og_image":[{"width":2048,"height":1360,"url":"https:\/\/www.diocese-limoges.fr\/haute-vienne\/wp-content\/uploads\/sites\/4\/2020\/11\/img_2334.jpeg","type":"image\/jpeg"}],"twitter_card":"summary_large_image","twitter_misc":{"Dur\u00e9e de lecture estim\u00e9e":"1 minute"},"schema":{"@context":"https:\/\/schema.org","@graph":[{"@type":"WebPage","@id":"https:\/\/www.diocese-limoges.fr\/haute-vienne\/paroisses\/paroisse-saint-aurelien\/vie-chretienne-et-sacrements\/le-bapteme\/","url":"https:\/\/www.diocese-limoges.fr\/haute-vienne\/paroisses\/paroisse-saint-aurelien\/vie-chretienne-et-sacrements\/le-bapteme\/","name":"Le Bapt\u00eame - Doyenn\u00e9s de Haute Vienne","isPartOf":{"@id":"https:\/\/www.diocese-limoges.fr\/haute-vienne\/#website"},"primaryImageOfPage":{"@id":"https:\/\/www.diocese-limoges.fr\/haute-vienne\/paroisses\/paroisse-saint-aurelien\/vie-chretienne-et-sacrements\/le-bapteme\/#primaryimage"},"image":{"@id":"https:\/\/www.diocese-limoges.fr\/haute-vienne\/paroisses\/paroisse-saint-aurelien\/vie-chretienne-et-sacrements\/le-bapteme\/#primaryimage"},"thumbnailUrl":"https:\/\/www.diocese-limoges.fr\/haute-vienne\/wp-content\/uploads\/sites\/4\/2020\/11\/img_2334.jpeg","datePublished":"2020-11-18T14:17:31+00:00","dateModified":"2020-11-18T17:40:30+00:00","breadcrumb":{"@id":"https:\/\/www.diocese-limoges.fr\/haute-vienne\/paroisses\/paroisse-saint-aurelien\/vie-chretienne-et-sacrements\/le-bapteme\/#breadcrumb"},"inLanguage":"fr-FR","potentialAction":[{"@type":"ReadAction","target":["https:\/\/www.diocese-limoges.fr\/haute-vienne\/paroisses\/paroisse-saint-aurelien\/vie-chretienne-et-sacrements\/le-bapteme\/"]}]},{"@type":"ImageObject","inLanguage":"fr-FR","@id":"https:\/\/www.diocese-limoges.fr\/haute-vienne\/paroisses\/paroisse-saint-aurelien\/vie-chretienne-et-sacrements\/le-bapteme\/#primaryimage","url":"https:\/\/www.diocese-limoges.fr\/haute-vienne\/wp-content\/uploads\/sites\/4\/2020\/11\/img_2334.jpeg","contentUrl":"https:\/\/www.diocese-limoges.fr\/haute-vienne\/wp-content\/uploads\/sites\/4\/2020\/11\/img_2334.jpeg","width":2048,"height":1360},{"@type":"BreadcrumbList","@id":"https:\/\/www.diocese-limoges.fr\/haute-vienne\/paroisses\/paroisse-saint-aurelien\/vie-chretienne-et-sacrements\/le-bapteme\/#breadcrumb","itemListElement":[{"@type":"ListItem","position":1,"name":"Accueil","item":"https:\/\/www.diocese-limoges.fr\/haute-vienne\/"},{"@type":"ListItem","position":2,"name":"Paroisse Saint Aur\u00e9lien","item":"https:\/\/www.diocese-limoges.fr\/haute-vienne\/paroisses\/paroisse-saint-aurelien\/"},{"@type":"ListItem","position":3,"name":"Vie chr\u00e9tienne et sacrements","item":"https:\/\/www.diocese-limoges.fr\/haute-vienne\/paroisses\/paroisse-saint-aurelien\/vie-chretienne-et-sacrements\/"},{"@type":"ListItem","position":4,"name":"Le Bapt\u00eame"}]},{"@type":"WebSite","@id":"https:\/\/www.diocese-limoges.fr\/haute-vienne\/#website","url":"https:\/\/www.diocese-limoges.fr\/haute-vienne\/","name":"Doyenn\u00e9s de Haute Vienne","description":"Dioc\u00e8se de Limoges","potentialAction":[{"@type":"SearchAction","target":{"@type":"EntryPoint","urlTemplate":"https:\/\/www.diocese-limoges.fr\/haute-vienne\/?s={search_term_string}"},"query-input":{"@type":"PropertyValueSpecification","valueRequired":true,"valueName":"search_term_string"}}],"inLanguage":"fr-FR"}]}},"_links":{"self":[{"href":"https:\/\/www.diocese-limoges.fr\/haute-vienne\/wp-json\/wp\/v2\/paroisse\/473","targetHints":{"allow":["GET"]}}],"collection":[{"href":"https:\/\/www.diocese-limoges.fr\/haute-vienne\/wp-json\/wp\/v2\/paroisse"}],"about":[{"href":"https:\/\/www.diocese-limoges.fr\/haute-vienne\/wp-json\/wp\/v2\/types\/paroisse"}],"author":[{"embeddable":true,"href":"https:\/\/www.diocese-limoges.fr\/haute-vienne\/wp-json\/wp\/v2\/users\/26"}],"up":[{"embeddable":true,"href":"https:\/\/www.diocese-limoges.fr\/haute-vienne\/wp-json\/wp\/v2\/paroisse\/470"}],"wp:featuredmedia":[{"embeddable":true,"href":"https:\/\/www.diocese-limoges.fr\/haute-vienne\/wp-json\/wp\/v2\/media\/474"}],"wp:attachment":[{"href":"https:\/\/www.diocese-limoges.fr\/haute-vienne\/wp-json\/wp\/v2\/media?parent=473"}],"curies":[{"name":"wp","href":"https:\/\/api.w.org\/{rel}","templated":true}]}}