{"id":490,"date":"2020-11-18T16:29:01","date_gmt":"2020-11-18T15:29:01","guid":{"rendered":"https:\/\/www.diocese-limoges.fr\/haute-vienne\/?post_type=paroisse&#038;p=490"},"modified":"2022-05-30T11:38:31","modified_gmt":"2022-05-30T09:38:31","slug":"leucharistie","status":"publish","type":"paroisse","link":"https:\/\/www.diocese-limoges.fr\/haute-vienne\/paroisses\/paroisse-saint-aurelien\/vie-chretienne-et-sacrements\/leucharistie\/","title":{"rendered":"L&rsquo;Eucharistie"},"content":{"rendered":"\n<p>&nbsp;<\/p>\n\n\n\n<div class=\"wp-block-image\"><figure class=\"alignleft size-large is-resized\"><img loading=\"lazy\" decoding=\"async\" src=\"https:\/\/www.diocese-limoges.fr\/haute-vienne\/wp-content\/uploads\/sites\/4\/2020\/11\/image-1-994x1024.png\" alt=\"\" class=\"wp-image-491\" width=\"145\" height=\"149\" srcset=\"https:\/\/www.diocese-limoges.fr\/haute-vienne\/wp-content\/uploads\/sites\/4\/2020\/11\/image-1-994x1024.png 994w, https:\/\/www.diocese-limoges.fr\/haute-vienne\/wp-content\/uploads\/sites\/4\/2020\/11\/image-1-291x300.png 291w, https:\/\/www.diocese-limoges.fr\/haute-vienne\/wp-content\/uploads\/sites\/4\/2020\/11\/image-1-768x791.png 768w, https:\/\/www.diocese-limoges.fr\/haute-vienne\/wp-content\/uploads\/sites\/4\/2020\/11\/image-1-1491x1536.png 1491w, https:\/\/www.diocese-limoges.fr\/haute-vienne\/wp-content\/uploads\/sites\/4\/2020\/11\/image-1.png 1872w\" sizes=\"auto, (max-width: 145px) 100vw, 145px\" \/><\/figure><\/div>\n\n\n\n<p>C\u2019est le sacrement qui nourrit le chr\u00e9tien du Pain de Vie.<\/p>\n\n\n\n<p>Lors de la deuxi\u00e8me ann\u00e9e de cat\u00e9chisme, il est propos\u00e9 aux enfants de se pr\u00e9parer \u00e0 vivre pour la premi\u00e8re fois ce sacrement.&nbsp;<\/p>\n\n\n\n<p>Les jeunes et les adultes qui re\u00e7oivent le sacrement du bapt\u00eame sont aussi invit\u00e9s \u00e0 recevoir le&nbsp; sacrement de l\u2019Eucharistie<\/p>\n\n\n\n<p><em>Des chr\u00e9tiens portent r\u00e9guli\u00e8rement la communion \u00e0 des personnes qui ne peuvent pas se d\u00e9placer et qui en font la demande.<\/em><\/p>\n\n\n\n<p class=\"has-vivid-red-color has-text-color\"><strong>EUCHARISTIE DOMINICALE<\/strong><\/p>\n\n\n\n<p><strong>&nbsp;L&rsquo;Eucharistie est c\u00e9l\u00e9br\u00e9e tous les dimanches<\/strong><\/p>\n\n\n\n<div class=\"wp-block-group\"><div class=\"wp-block-group__inner-container is-layout-flow wp-block-group-is-layout-flow\">\n<ul class=\"wp-block-list\"><li><strong>\u00e0 9 h 30, \u00e0 l&rsquo;\u00e9glise de Nexon<\/strong><\/li><\/ul>\n\n\n\n<ul class=\"wp-block-list\"><li><strong>\u00e0 11 h, \u00e0 la coll\u00e9giale de St Yriex la Perche<\/strong><\/li><\/ul>\n<\/div><\/div>\n\n\n\n<p>Le <strong>samedi<\/strong> l&rsquo;Eucharistie est c\u00e9l\u00e9br\u00e9e, de la Toussaint aux Rameaux,<strong> \u00e0 18 h<\/strong>, des Rameaux \u00e0 la Toussaint, <strong>\u00e0 18 h 30<\/strong><\/p>\n\n\n\n<ul class=\"wp-block-list\"><li>le premier samedi du mois, \u00e0 <strong>Ladignac le Long<\/strong><\/li><li>le deuxi\u00e8me samedi, \u00e0 <strong>La Meyze<\/strong><\/li><li>le troisi\u00e8me samedi du mois, \u00e0 <strong>Coussac Bonneval<\/strong><\/li><li>le quatri\u00e8me samedi du mois, \u00e0 <strong>St Hilaire les Places<\/strong><\/li><\/ul>\n\n\n\n<p class=\"has-vivid-red-color has-text-color\"><strong>MESSES EN SEMAINE<\/strong><\/p>\n\n\n\n<ul class=\"wp-block-list\"><li>le mardi, \u00e0 18 h 30, Eucharistie \u00e0 Saint Yrieix la Perche<\/li><li>le mercredi \u00e0 11 h, Eucharistie \u00e0 Nexon<\/li><li>le jeudi \u00e0 11 h \u00e0 Saint Yrieix la Perche\u00a0<\/li><li>\u00ab\u00a0Vendredi des Villages\u00a0\u00bb : des Rameaux \u00e0 la Toussaint la messe est c\u00e9l\u00e9br\u00e9e le vendredi soir, \u00e0 18 h 30, dans les autres \u00e9glises de la paroisse (voir l&rsquo;affichage dans les \u00e9glises ou le site internet)<\/li><\/ul>\n\n\n\n<p class=\"has-vivid-red-color has-text-color\"><strong>ADORATION EUCHARISTIQUE<\/strong><\/p>\n\n\n\n<ul class=\"wp-block-list\"><li>deux jeudis par mois, \u00e0 10 h, \u00e0 la coll\u00e9giale du Moustier (voir l&rsquo;affichage dans les \u00e9glise ou le site internet)<\/li><\/ul>\n","protected":false},"author":26,"featured_media":493,"parent":470,"menu_order":91,"template":"","meta":{"_acf_changed":false},"class_list":["post-490","paroisse","type-paroisse","status-publish","has-post-thumbnail","hentry"],"acf":[],"yoast_head":"<!-- This site is optimized with the Yoast SEO plugin v26.4 - https:\/\/yoast.com\/wordpress\/plugins\/seo\/ -->\n<title>L&#039;Eucharistie - Doyenn\u00e9s de Haute Vienne<\/title>\n<meta name=\"robots\" content=\"index, follow, max-snippet:-1, max-image-preview:large, max-video-preview:-1\" \/>\n<link rel=\"canonical\" href=\"https:\/\/www.diocese-limoges.fr\/haute-vienne\/paroisses\/paroisse-saint-aurelien\/vie-chretienne-et-sacrements\/leucharistie\/\" \/>\n<meta property=\"og:locale\" content=\"fr_FR\" \/>\n<meta property=\"og:type\" content=\"article\" \/>\n<meta property=\"og:title\" content=\"L&#039;Eucharistie - Doyenn\u00e9s de Haute Vienne\" \/>\n<meta property=\"og:description\" content=\"&nbsp; C\u2019est le sacrement qui nourrit le chr\u00e9tien du Pain de Vie. Lors de la deuxi\u00e8me ann\u00e9e de cat\u00e9chisme, il est propos\u00e9 aux enfants de se pr\u00e9parer \u00e0 vivre pour la premi\u00e8re fois ce sacrement.&nbsp; Les jeunes et les adultes qui re\u00e7oivent le sacrement du bapt\u00eame sont aussi invit\u00e9s \u00e0 recevoir le&nbsp; sacrement de l\u2019Eucharistie [&hellip;]\" \/>\n<meta property=\"og:url\" content=\"https:\/\/www.diocese-limoges.fr\/haute-vienne\/paroisses\/paroisse-saint-aurelien\/vie-chretienne-et-sacrements\/leucharistie\/\" \/>\n<meta property=\"og:site_name\" content=\"Doyenn\u00e9s de Haute Vienne\" \/>\n<meta property=\"article:modified_time\" content=\"2022-05-30T09:38:31+00:00\" \/>\n<meta property=\"og:image\" content=\"https:\/\/www.diocese-limoges.fr\/haute-vienne\/wp-content\/uploads\/sites\/4\/2020\/11\/diapo-43.jpg\" \/>\n\t<meta property=\"og:image:width\" content=\"454\" \/>\n\t<meta property=\"og:image:height\" content=\"322\" \/>\n\t<meta property=\"og:image:type\" content=\"image\/jpeg\" \/>\n<meta name=\"twitter:card\" content=\"summary_large_image\" \/>\n<meta name=\"twitter:label1\" content=\"Dur\u00e9e de lecture estim\u00e9e\" \/>\n\t<meta name=\"twitter:data1\" content=\"2 minutes\" \/>\n<script type=\"application\/ld+json\" class=\"yoast-schema-graph\">{\"@context\":\"https:\/\/schema.org\",\"@graph\":[{\"@type\":\"WebPage\",\"@id\":\"https:\/\/www.diocese-limoges.fr\/haute-vienne\/paroisses\/paroisse-saint-aurelien\/vie-chretienne-et-sacrements\/leucharistie\/\",\"url\":\"https:\/\/www.diocese-limoges.fr\/haute-vienne\/paroisses\/paroisse-saint-aurelien\/vie-chretienne-et-sacrements\/leucharistie\/\",\"name\":\"L'Eucharistie - Doyenn\u00e9s de Haute Vienne\",\"isPartOf\":{\"@id\":\"https:\/\/www.diocese-limoges.fr\/haute-vienne\/#website\"},\"primaryImageOfPage\":{\"@id\":\"https:\/\/www.diocese-limoges.fr\/haute-vienne\/paroisses\/paroisse-saint-aurelien\/vie-chretienne-et-sacrements\/leucharistie\/#primaryimage\"},\"image\":{\"@id\":\"https:\/\/www.diocese-limoges.fr\/haute-vienne\/paroisses\/paroisse-saint-aurelien\/vie-chretienne-et-sacrements\/leucharistie\/#primaryimage\"},\"thumbnailUrl\":\"https:\/\/www.diocese-limoges.fr\/haute-vienne\/wp-content\/uploads\/sites\/4\/2020\/11\/diapo-43.jpg\",\"datePublished\":\"2020-11-18T15:29:01+00:00\",\"dateModified\":\"2022-05-30T09:38:31+00:00\",\"breadcrumb\":{\"@id\":\"https:\/\/www.diocese-limoges.fr\/haute-vienne\/paroisses\/paroisse-saint-aurelien\/vie-chretienne-et-sacrements\/leucharistie\/#breadcrumb\"},\"inLanguage\":\"fr-FR\",\"potentialAction\":[{\"@type\":\"ReadAction\",\"target\":[\"https:\/\/www.diocese-limoges.fr\/haute-vienne\/paroisses\/paroisse-saint-aurelien\/vie-chretienne-et-sacrements\/leucharistie\/\"]}]},{\"@type\":\"ImageObject\",\"inLanguage\":\"fr-FR\",\"@id\":\"https:\/\/www.diocese-limoges.fr\/haute-vienne\/paroisses\/paroisse-saint-aurelien\/vie-chretienne-et-sacrements\/leucharistie\/#primaryimage\",\"url\":\"https:\/\/www.diocese-limoges.fr\/haute-vienne\/wp-content\/uploads\/sites\/4\/2020\/11\/diapo-43.jpg\",\"contentUrl\":\"https:\/\/www.diocese-limoges.fr\/haute-vienne\/wp-content\/uploads\/sites\/4\/2020\/11\/diapo-43.jpg\",\"width\":454,\"height\":322},{\"@type\":\"BreadcrumbList\",\"@id\":\"https:\/\/www.diocese-limoges.fr\/haute-vienne\/paroisses\/paroisse-saint-aurelien\/vie-chretienne-et-sacrements\/leucharistie\/#breadcrumb\",\"itemListElement\":[{\"@type\":\"ListItem\",\"position\":1,\"name\":\"Accueil\",\"item\":\"https:\/\/www.diocese-limoges.fr\/haute-vienne\/\"},{\"@type\":\"ListItem\",\"position\":2,\"name\":\"Paroisse Saint Aur\u00e9lien\",\"item\":\"https:\/\/www.diocese-limoges.fr\/haute-vienne\/paroisses\/paroisse-saint-aurelien\/\"},{\"@type\":\"ListItem\",\"position\":3,\"name\":\"Vie chr\u00e9tienne et sacrements\",\"item\":\"https:\/\/www.diocese-limoges.fr\/haute-vienne\/paroisses\/paroisse-saint-aurelien\/vie-chretienne-et-sacrements\/\"},{\"@type\":\"ListItem\",\"position\":4,\"name\":\"L&rsquo;Eucharistie\"}]},{\"@type\":\"WebSite\",\"@id\":\"https:\/\/www.diocese-limoges.fr\/haute-vienne\/#website\",\"url\":\"https:\/\/www.diocese-limoges.fr\/haute-vienne\/\",\"name\":\"Doyenn\u00e9s de Haute Vienne\",\"description\":\"Dioc\u00e8se de Limoges\",\"potentialAction\":[{\"@type\":\"SearchAction\",\"target\":{\"@type\":\"EntryPoint\",\"urlTemplate\":\"https:\/\/www.diocese-limoges.fr\/haute-vienne\/?s={search_term_string}\"},\"query-input\":{\"@type\":\"PropertyValueSpecification\",\"valueRequired\":true,\"valueName\":\"search_term_string\"}}],\"inLanguage\":\"fr-FR\"}]}<\/script>\n<!-- \/ Yoast SEO plugin. -->","yoast_head_json":{"title":"L'Eucharistie - Doyenn\u00e9s de Haute Vienne","robots":{"index":"index","follow":"follow","max-snippet":"max-snippet:-1","max-image-preview":"max-image-preview:large","max-video-preview":"max-video-preview:-1"},"canonical":"https:\/\/www.diocese-limoges.fr\/haute-vienne\/paroisses\/paroisse-saint-aurelien\/vie-chretienne-et-sacrements\/leucharistie\/","og_locale":"fr_FR","og_type":"article","og_title":"L'Eucharistie - Doyenn\u00e9s de Haute Vienne","og_description":"&nbsp; C\u2019est le sacrement qui nourrit le chr\u00e9tien du Pain de Vie. Lors de la deuxi\u00e8me ann\u00e9e de cat\u00e9chisme, il est propos\u00e9 aux enfants de se pr\u00e9parer \u00e0 vivre pour la premi\u00e8re fois ce sacrement.&nbsp; Les jeunes et les adultes qui re\u00e7oivent le sacrement du bapt\u00eame sont aussi invit\u00e9s \u00e0 recevoir le&nbsp; sacrement de l\u2019Eucharistie [&hellip;]","og_url":"https:\/\/www.diocese-limoges.fr\/haute-vienne\/paroisses\/paroisse-saint-aurelien\/vie-chretienne-et-sacrements\/leucharistie\/","og_site_name":"Doyenn\u00e9s de Haute Vienne","article_modified_time":"2022-05-30T09:38:31+00:00","og_image":[{"width":454,"height":322,"url":"https:\/\/www.diocese-limoges.fr\/haute-vienne\/wp-content\/uploads\/sites\/4\/2020\/11\/diapo-43.jpg","type":"image\/jpeg"}],"twitter_card":"summary_large_image","twitter_misc":{"Dur\u00e9e de lecture estim\u00e9e":"2 minutes"},"schema":{"@context":"https:\/\/schema.org","@graph":[{"@type":"WebPage","@id":"https:\/\/www.diocese-limoges.fr\/haute-vienne\/paroisses\/paroisse-saint-aurelien\/vie-chretienne-et-sacrements\/leucharistie\/","url":"https:\/\/www.diocese-limoges.fr\/haute-vienne\/paroisses\/paroisse-saint-aurelien\/vie-chretienne-et-sacrements\/leucharistie\/","name":"L'Eucharistie - Doyenn\u00e9s de Haute Vienne","isPartOf":{"@id":"https:\/\/www.diocese-limoges.fr\/haute-vienne\/#website"},"primaryImageOfPage":{"@id":"https:\/\/www.diocese-limoges.fr\/haute-vienne\/paroisses\/paroisse-saint-aurelien\/vie-chretienne-et-sacrements\/leucharistie\/#primaryimage"},"image":{"@id":"https:\/\/www.diocese-limoges.fr\/haute-vienne\/paroisses\/paroisse-saint-aurelien\/vie-chretienne-et-sacrements\/leucharistie\/#primaryimage"},"thumbnailUrl":"https:\/\/www.diocese-limoges.fr\/haute-vienne\/wp-content\/uploads\/sites\/4\/2020\/11\/diapo-43.jpg","datePublished":"2020-11-18T15:29:01+00:00","dateModified":"2022-05-30T09:38:31+00:00","breadcrumb":{"@id":"https:\/\/www.diocese-limoges.fr\/haute-vienne\/paroisses\/paroisse-saint-aurelien\/vie-chretienne-et-sacrements\/leucharistie\/#breadcrumb"},"inLanguage":"fr-FR","potentialAction":[{"@type":"ReadAction","target":["https:\/\/www.diocese-limoges.fr\/haute-vienne\/paroisses\/paroisse-saint-aurelien\/vie-chretienne-et-sacrements\/leucharistie\/"]}]},{"@type":"ImageObject","inLanguage":"fr-FR","@id":"https:\/\/www.diocese-limoges.fr\/haute-vienne\/paroisses\/paroisse-saint-aurelien\/vie-chretienne-et-sacrements\/leucharistie\/#primaryimage","url":"https:\/\/www.diocese-limoges.fr\/haute-vienne\/wp-content\/uploads\/sites\/4\/2020\/11\/diapo-43.jpg","contentUrl":"https:\/\/www.diocese-limoges.fr\/haute-vienne\/wp-content\/uploads\/sites\/4\/2020\/11\/diapo-43.jpg","width":454,"height":322},{"@type":"BreadcrumbList","@id":"https:\/\/www.diocese-limoges.fr\/haute-vienne\/paroisses\/paroisse-saint-aurelien\/vie-chretienne-et-sacrements\/leucharistie\/#breadcrumb","itemListElement":[{"@type":"ListItem","position":1,"name":"Accueil","item":"https:\/\/www.diocese-limoges.fr\/haute-vienne\/"},{"@type":"ListItem","position":2,"name":"Paroisse Saint Aur\u00e9lien","item":"https:\/\/www.diocese-limoges.fr\/haute-vienne\/paroisses\/paroisse-saint-aurelien\/"},{"@type":"ListItem","position":3,"name":"Vie chr\u00e9tienne et sacrements","item":"https:\/\/www.diocese-limoges.fr\/haute-vienne\/paroisses\/paroisse-saint-aurelien\/vie-chretienne-et-sacrements\/"},{"@type":"ListItem","position":4,"name":"L&rsquo;Eucharistie"}]},{"@type":"WebSite","@id":"https:\/\/www.diocese-limoges.fr\/haute-vienne\/#website","url":"https:\/\/www.diocese-limoges.fr\/haute-vienne\/","name":"Doyenn\u00e9s de Haute Vienne","description":"Dioc\u00e8se de Limoges","potentialAction":[{"@type":"SearchAction","target":{"@type":"EntryPoint","urlTemplate":"https:\/\/www.diocese-limoges.fr\/haute-vienne\/?s={search_term_string}"},"query-input":{"@type":"PropertyValueSpecification","valueRequired":true,"valueName":"search_term_string"}}],"inLanguage":"fr-FR"}]}},"_links":{"self":[{"href":"https:\/\/www.diocese-limoges.fr\/haute-vienne\/wp-json\/wp\/v2\/paroisse\/490","targetHints":{"allow":["GET"]}}],"collection":[{"href":"https:\/\/www.diocese-limoges.fr\/haute-vienne\/wp-json\/wp\/v2\/paroisse"}],"about":[{"href":"https:\/\/www.diocese-limoges.fr\/haute-vienne\/wp-json\/wp\/v2\/types\/paroisse"}],"author":[{"embeddable":true,"href":"https:\/\/www.diocese-limoges.fr\/haute-vienne\/wp-json\/wp\/v2\/users\/26"}],"up":[{"embeddable":true,"href":"https:\/\/www.diocese-limoges.fr\/haute-vienne\/wp-json\/wp\/v2\/paroisse\/470"}],"wp:featuredmedia":[{"embeddable":true,"href":"https:\/\/www.diocese-limoges.fr\/haute-vienne\/wp-json\/wp\/v2\/media\/493"}],"wp:attachment":[{"href":"https:\/\/www.diocese-limoges.fr\/haute-vienne\/wp-json\/wp\/v2\/media?parent=490"}],"curies":[{"name":"wp","href":"https:\/\/api.w.org\/{rel}","templated":true}]}}