{"id":5116,"date":"2025-10-31T15:49:02","date_gmt":"2025-10-31T14:49:02","guid":{"rendered":"https:\/\/www.diocese-limoges.fr\/haute-vienne\/?post_type=paroisse&#038;p=5116"},"modified":"2026-03-20T15:04:23","modified_gmt":"2026-03-20T14:04:23","slug":"saint-leonard","status":"publish","type":"paroisse","link":"https:\/\/www.diocese-limoges.fr\/haute-vienne\/paroisses\/paroisse-saint-leonard-en-limousin\/servir-sengager\/saint-leonard\/","title":{"rendered":"Confr\u00e9rie de Saint L\u00e9onard"},"content":{"rendered":"<div class=\"wp-block-image\">\n<figure class=\"aligncenter size-large is-resized\"><img loading=\"lazy\" decoding=\"async\" width=\"1024\" height=\"681\" src=\"https:\/\/www.diocese-limoges.fr\/haute-vienne\/wp-content\/uploads\/sites\/4\/2025\/10\/maltais_2012_087-1-1024x681.jpg\" alt=\"\" class=\"wp-image-5119\" style=\"width:400px\" srcset=\"https:\/\/www.diocese-limoges.fr\/haute-vienne\/wp-content\/uploads\/sites\/4\/2025\/10\/maltais_2012_087-1-1024x681.jpg 1024w, https:\/\/www.diocese-limoges.fr\/haute-vienne\/wp-content\/uploads\/sites\/4\/2025\/10\/maltais_2012_087-1-300x199.jpg 300w, https:\/\/www.diocese-limoges.fr\/haute-vienne\/wp-content\/uploads\/sites\/4\/2025\/10\/maltais_2012_087-1-768x510.jpg 768w, https:\/\/www.diocese-limoges.fr\/haute-vienne\/wp-content\/uploads\/sites\/4\/2025\/10\/maltais_2012_087-1-1536x1021.jpg 1536w, https:\/\/www.diocese-limoges.fr\/haute-vienne\/wp-content\/uploads\/sites\/4\/2025\/10\/maltais_2012_087-1-2048x1361.jpg 2048w\" sizes=\"auto, (max-width: 1024px) 100vw, 1024px\" \/><\/figure><\/div>\n\n\n<p>Saint L\u00e9onard est f\u00eat\u00e9 le 6 novembre. <\/p>\n\n\n\n<p><strong><u>La vie de Saint L\u00e9onard<\/u><\/strong><\/p>\n\n\n\n<p>L\u00e9onard na\u00eet en France vers la fin du<strong> V<sup>\u00e8me<\/sup>si\u00e8cle<\/strong> au temps o\u00f9 Anastase est Empereur d\u2019Orient [491 \u2013 518].\u00a0Il est issu d&rsquo;une famille franque b\u00e9n\u00e9ficiant de hautes fonctions \u00e0 la cour\u00a0du roi <strong>Clovis<\/strong>.\u00a0Il est baptis\u00e9 par <strong>Saint R\u00e9mi<\/strong> et grandit \u00e0 l&rsquo;\u00e9cole de ce grand saint.<br>Clovis est alors un petit roi \u00e0 la t\u00eate du peuple franc-salien au nord de la Gaule; il va \u00e9tendre peu \u00e0 peu son territoire vers le sud en affrontant successivement les autres puissances occupant ce\u00a0 pays. Il se convertit au christianisme et re\u00e7oit le bapt\u00eame \u00e0 Reims en 499. Pour compl\u00e9ter sa conqu\u00eate, Clovis occupe les deux \u00ab\u00a0Aquitaine\u00a0\u00bb en repoussant les Wisigoths en Espagne lors de sa campagne de 507 dirig\u00e9e vers Poitiers, Limoges et Arles.<strong><br>L\u00e9onard <\/strong>re\u00e7oit du roi des Francs le privil\u00e8ge de <strong>lib\u00e9rer les prisonniers<\/strong> qu&rsquo;il en juge dignes.<br>Adolescent, il refuse l&rsquo;invitation \u00e0 acc\u00e9der aux dignit\u00e9s de l&rsquo;Eglise et choisit de servir Dieu dans une condition obscure.\u00a0Avec son fr\u00e8re Liphard, il s\u00e9journe au monast\u00e8re de Micy (pr\u00e8s d&rsquo;Orl\u00e9ans), dirig\u00e9 par saint Maximin\u00a0 et p\u00e9pini\u00e8re de saints.\u00a0Saint Maximin le conduit aupr\u00e8s de l&rsquo;\u00e9v\u00eaque d&rsquo;Orl\u00e9ans de qui <strong>il re\u00e7oit le diaconat<\/strong>.\u00a0<br>L\u00e9onard quitte Micy et descend vers le<strong> Limousin<\/strong>, remonte la vall\u00e9e escarp\u00e9e de la rivi\u00e8re Vienne jusqu&rsquo;\u00e0 une \u00ab\u00a0montagne\u00a0\u00bb : le site forestier de Pauvain. Il y fonde son ermitage.\u00a0<br>En d\u00e9frichant la vaste for\u00eat, ces anciens d\u00e9linquants trouvent travail et foi et ne retombent pas dans leurs habitudes de rapines et de m\u00e9faits. C&rsquo;est l\u00e0 un des plus anciens exemples de r\u00e9insertion de prisonniers lib\u00e9r\u00e9s.\u00a0D&rsquo;anciens parents et serviteurs proches, ayant entendu le bruit de toutes les merveilles accomplies par L\u00e9onard, viennent eux-aussi se mettre au service de Dieu aupr\u00e8s de lui et il leur attribue des portions de la for\u00eat.<br>L\u00e9onard meurt dans la pi\u00e9t\u00e9 un 6 novembre au milieu de sa communaut\u00e9 et est enterr\u00e9 dans l&rsquo;oratoire qu&rsquo;il a cr\u00e9\u00e9.\u00a0Les miracles continuent apr\u00e8s sa mort :<\/p>\n\n\n\n<p>\u00ab&nbsp;Mort, comme vivant, il op\u00e9ra des merveilles. \u00bb <\/p>\n\n\n\n<p>Le bruit des prodiges qui s\u2019op\u00e8rent sur le tombeau de saint L\u00e9onard attire un grand concours de peuple et une petite ville se d\u00e9veloppe progressivement qui porte le nom de son fondateur.&nbsp;<strong><u><\/u><\/strong><\/p>\n\n\n\n<p><strong><u>U<\/u><\/strong><strong><u>n rayonnement internationa<\/u><\/strong><strong>l<\/strong>.<\/p>\n\n\n\n<p>En remerciement des gr\u00e2ces obtenues de notre Saint Patron et de retour dans leur r\u00e9gion ou pays d\u2019origine, un grand nombre de p\u00e8lerins ont choisi de consacrer l\u2019\u00e9glise de leur ville ou village \u00e0 <strong>Saint L\u00e9onard,<\/strong> conduisant ainsi \u00e0 l\u2019existence aujourd\u2019hui de <strong>1.200 lieux de culte<\/strong> consacr\u00e9s \u00e0 notre Saint Patron, \u00e0 travers l<strong>\u2019Europe<\/strong> principalement mais \u00e9galement dans le <strong>monde entier<\/strong>.<br>Peu \u00e0 peu de nombreuses personnes vinrent le voir et des prisonniers, d\u00e9livr\u00e9s par son intercession, lui demand\u00e8rent l\u2019asile. Saint L\u00e9onard serait mort un 6 novembre et enterr\u00e9 dans la chapelle qu\u2019il avait fond\u00e9e (dite \u00ab&nbsp;<strong>Notre-Dame sous les Arbres<\/strong>&nbsp;\u00bb). Il est invoqu\u00e9 pour la <strong>d\u00e9livrance<\/strong> des prisonniers et contre la <strong>st\u00e9rilit\u00e9<\/strong> des femmes.<br>Le culte de saint L\u00e9onard se r\u00e9pand rapidement dans toute la chr\u00e9tient\u00e9, son tombeau devient un lieu de p\u00e8lerinage o\u00f9 affluent les fid\u00e8les. De nombreux personnages illustres vinrent prier sur le tombeau de l\u2019ermite&nbsp;:<strong><\/strong><\/p>\n\n\n\n<ul class=\"wp-block-list\">\n<li><strong>Boh\u00e9mond<\/strong>, prince d\u2019Antioche (en 1106)&nbsp;;<\/li>\n\n\n\n<li><strong>Richard C\u0153ur de Lion<\/strong> (vers 1197)&nbsp;;<\/li>\n\n\n\n<li><strong>Charles VII <\/strong>et le dauphin, le <strong>futur Louis XI<\/strong> (en 1438)&nbsp;;<\/li>\n\n\n\n<li><strong>\u00c9l\u00e9onore d\u2019Autriche<\/strong>, \u00e9pouse de Fran\u00e7ois I<sup>er<\/sup> (en 1541)&nbsp;;<\/li>\n\n\n\n<li><strong>le prince de Cond\u00e9<\/strong> (en 1620)&nbsp;;<\/li>\n\n\n\n<li><strong>Anne d\u2019Autriche<\/strong> le remercia pour la <strong>naissance de Louis XIV<\/strong> ;<\/li>\n\n\n\n<li><strong>la tsarine Alexandra<\/strong>, \u00e9pouse de Nicolas II, fit d\u00e9l\u00e9guer quelqu\u2019un pour prier sur le tombeau de saint L\u00e9onard, pour la naissance du tsar\u00e9vitch Nicolas.<\/li>\n<\/ul>\n\n\n\n<p><strong><u>Pri\u00e8re \u00e0 Saint L\u00e9onard<\/u><\/strong><\/p>\n\n\n\n<p class=\"has-text-align-center\">Seigneur notre Dieu<br>Tu as accord\u00e9 \u00e0 Saint L\u00e9onard le don de lib\u00e9rer les prisonniers.<br>Accorde-nous par son intercession d\u2019\u00eatre lib\u00e9r\u00e9<br>de tout ce qui entrave notre vie.<br>Nous qui sommes prisonniers des cha\u00eenes du p\u00e9ch\u00e9,<br>fais que par l\u2019intercession de saint L\u00e9onard<br>nous soyons des hommes lib\u00e9r\u00e9s par le pardon<br>que tu nous donnes et que nous pouvons donner aux autres.<br>nous te le demandons par J\u00e9sus Christ<br>ton Fils notre Seigneur<br>qui vit et r\u00e8gne pour les si\u00e8cles des si\u00e8cles.&nbsp;<br>Amen<\/p>\n\n\n\n<p><strong><u>La Confr\u00e9rie <\/u><\/strong><\/p>\n\n\n\n<p><strong>La confr\u00e9rie de Saint l\u00e9onard a \u00e9t\u00e9 fond\u00e9e au lendemain du miracle des ardents, \u00e0 la fin du <em>XI\u00e8me si\u00e8cle<\/em>. Elle a pour principal objet la transmission des valeurs de L\u00e9onard, fondateur de la cit\u00e9e, patron des prisonniers et de toutes les d\u00e9livrances.&nbsp;<\/strong><\/p>\n\n\n\n<p><strong><\/strong>De nos jours, forte de son mill\u00e9naire d\u2019existence active, la Confr\u00e9rie de Saint L\u00e9onard perp\u00e9tue les valeurs ayant pr\u00e9sid\u00e9 \u00e0 sa cr\u00e9ation.&nbsp;<br>Elle a pour but, de veiller \u00e0 la conservation et \u00e0 la v\u00e9n\u00e9ration des reliques de saint L\u00e9onard.&nbsp;<br>Elle participe au rayonnement du culte de son saint patron dans le monde, entretient des rapports avec ceux qui, comme elle, sont attach\u00e9s \u00e0 son culte, favorise les \u00e9tudes historiques qui s\u2019y rapportent.<br>Elle se pr\u00e9occupe de l\u2019accueil de ses p\u00e8lerins.<br>Elle entretient des rapports avec les confr\u00e9ries Limousines et associations Fran\u00e7aises ou \u00e9trang\u00e8res qui perp\u00e9tuent le culte de Saint L\u00e9onard.<br>Elle contribue activement \u00e0 la vie de la paroisse et de la commune, principalement en organisant chaque ann\u00e9e les f\u00eates de Saint L\u00e9onard, dont la Quintaine, en participant tous les sept ans \u00e0 l\u2019organisation des Ostensions, reconnues comme patrimoine immat\u00e9riel de l\u2019Unesco, en collaborant \u00e0 l\u2019entretien et la mise en valeur de la coll\u00e9giale.<br>Elle a la particularit\u00e9 de compter plusieurs membres \u00e9trangers.&nbsp;<\/p>\n\n\n\n<p><strong><u>C\u00e9l\u00e9brations et manifestations<\/u><\/strong><\/p>\n\n\n\n<p>Les c\u00e9l\u00e9brations et manifestations organis\u00e9es par la confr\u00e9rie, sont li\u00e9s aux \u00e9v\u00e9nements historiques. Elles sont f\u00eat\u00e9es le dimanche le plus proche de la date anniversaire. Avec la sortie des reliques, la confr\u00e9rie propose une v\u00e9n\u00e9ration \u00e0 la fin de la messe<\/p>\n\n\n\n<ul class=\"wp-block-list\">\n<li><strong>le 17 f\u00e9vrier 1403&nbsp; invention des reliques <\/strong>(au cours de la guerre de cent ans, les anglais envahirent le Limousin, pillant tout sur leur passage. Les religieux de Noblat cach\u00e8rent les reliques dans l\u2019\u00e9glise. Plusieurs dizaines d\u2019ann\u00e9es apr\u00e8s la guerre, personne ne savait o\u00f9 \u00e9taient cach\u00e9es les reliques. Pendant une c\u00e9r\u00e9monie, un homme d\u00e9signa l\u2019endroit o\u00f9 \u00e9taient enfoui les pr\u00e9cieuses reliques&nbsp;\u00bb<\/li>\n\n\n\n<li><strong>le 11 ao\u00fbt 1094&nbsp; miracle des ardents<\/strong> (un fl\u00e9au terrible ravagea la ville&nbsp;\u00bb et le territoire de Noblat&nbsp;: le mal des ardents. Une procession&nbsp; des reliques de St L\u00e9onard f\u00fbt organis\u00e9e le 11 ao\u00fbt au milieu des habitants et des malades. Ils touch\u00e8rent les reliques et furent gu\u00e9ris)<\/li>\n\n\n\n<li><strong>le 17 octobre&nbsp; translation des reliques<\/strong> (la translation des reliques de Notre Dame de Sous les arbres dans la nouvelle \u00e9glise fut faites avec une grande solennit\u00e9)<\/li>\n\n\n\n<li><strong>le 6 novembre&nbsp; f\u00eate de St L\u00e9onard<\/strong> (anniversaire de la mort de Saint L\u00e9onard )<\/li>\n\n\n\n<li><strong>La f\u00eate de la quintaine<\/strong> se d\u00e9roule le dimanche suivant la f\u00eate de saint L\u00e9onard.<\/li>\n<\/ul>\n\n\n\n<p>&nbsp;Cette f\u00eate populaire symbolise la d\u00e9livrance de toutes les prisons, obtenue gr\u00e2ce \u00e0 l\u2019intervention de saint L\u00e9onard, \u00ab Lib\u00e9rateur des prisonniers \u00bb.<br>Apr\u00e8s une invocation de saint L\u00e9onard au pont de Noblat, la journ\u00e9e d\u00e9bute par une messe solennelle, et se termine le soir par la procession aux lampions dans la cit\u00e9 m\u00e9di\u00e9vale (qui commence par le&nbsp; Salve Regina devant l\u2019\u00e9glise).<br>Au cours de l\u2019apr\u00e8s-midi, les musiciens, la jeune garde (enfants de 6 \u00e0 12 ans), les confr\u00e8res portant la quintaine, suivi des cavaliers, traversent la ville en \u00e9voquant le saint patron au pied de quelques statues de la cit\u00e9.<br>A Champmain, les plus jeunes, soutenus par les musiciens, usent de toutes leurs forces pour briser leur prison. Ils cassent avec ferveur leur \u00ab&nbsp;petite Quintaine&nbsp;\u00bb. Puis les cavaliers, s\u2019\u00e9lancent tour \u00e0 tour au galop, arm\u00e9s de b\u00e2tons appel\u00e9s quillous, avec lesquels ils frappent successivement jusqu\u2019\u00e0 la destruction compl\u00e8te de la quintaine.<br>Une procession aux flambeaux cl\u00f4ture la journ\u00e9e.&nbsp;<\/p>\n\n\n\n<figure class=\"wp-block-image size-large is-resized is-style-default\"><img loading=\"lazy\" decoding=\"async\" width=\"1024\" height=\"739\" src=\"https:\/\/www.diocese-limoges.fr\/haute-vienne\/wp-content\/uploads\/sites\/4\/2025\/10\/20251017_180044-1024x739.jpg\" alt=\"\" class=\"wp-image-5220\" style=\"width:400px\" srcset=\"https:\/\/www.diocese-limoges.fr\/haute-vienne\/wp-content\/uploads\/sites\/4\/2025\/10\/20251017_180044-1024x739.jpg 1024w, https:\/\/www.diocese-limoges.fr\/haute-vienne\/wp-content\/uploads\/sites\/4\/2025\/10\/20251017_180044-300x217.jpg 300w, https:\/\/www.diocese-limoges.fr\/haute-vienne\/wp-content\/uploads\/sites\/4\/2025\/10\/20251017_180044-768x554.jpg 768w, https:\/\/www.diocese-limoges.fr\/haute-vienne\/wp-content\/uploads\/sites\/4\/2025\/10\/20251017_180044-1536x1109.jpg 1536w, https:\/\/www.diocese-limoges.fr\/haute-vienne\/wp-content\/uploads\/sites\/4\/2025\/10\/20251017_180044-2048x1479.jpg 2048w\" sizes=\"auto, (max-width: 1024px) 100vw, 1024px\" \/><figcaption class=\"wp-element-caption\">Merci \u00e0 Sylvie et Coralie Nardou pour avoir d\u00e9cor\u00e9 les quintaines 2025.\u00a0<\/figcaption><\/figure>\n\n\n\n<figure class=\"wp-block-image size-large is-resized\"><img loading=\"lazy\" decoding=\"async\" width=\"1024\" height=\"756\" src=\"https:\/\/www.diocese-limoges.fr\/haute-vienne\/wp-content\/uploads\/sites\/4\/2025\/10\/20251114_105527-1024x756.jpg\" alt=\"\" class=\"wp-image-5221\" style=\"width:400px\" srcset=\"https:\/\/www.diocese-limoges.fr\/haute-vienne\/wp-content\/uploads\/sites\/4\/2025\/10\/20251114_105527-1024x756.jpg 1024w, https:\/\/www.diocese-limoges.fr\/haute-vienne\/wp-content\/uploads\/sites\/4\/2025\/10\/20251114_105527-300x221.jpg 300w, https:\/\/www.diocese-limoges.fr\/haute-vienne\/wp-content\/uploads\/sites\/4\/2025\/10\/20251114_105527-768x567.jpg 768w, https:\/\/www.diocese-limoges.fr\/haute-vienne\/wp-content\/uploads\/sites\/4\/2025\/10\/20251114_105527-1536x1133.jpg 1536w, https:\/\/www.diocese-limoges.fr\/haute-vienne\/wp-content\/uploads\/sites\/4\/2025\/10\/20251114_105527-2048x1511.jpg 2048w\" sizes=\"auto, (max-width: 1024px) 100vw, 1024px\" \/><\/figure>\n\n\n\n<p><strong><u>Le bureau de la confr\u00e9rie et contacts<\/u><\/strong>\u200b\u200b\u200b\u200b\u200b\u200b\u200b<\/p>\n\n\n\n<p><em><u>premier bayle<\/u><\/em><em>: Michel Defaye<\/em><em><br>tel&nbsp;: 06 38 37 65 91&nbsp;&nbsp; <\/em><a href=\"mailto:michel.defaye@ymai.com\">michel.defaye@ymai.com<\/a><\/p>\n\n\n\n<p><em><u>second bayle&nbsp;<\/u><\/em><em>: Philippe Laycuras<\/em><em><br>tel&nbsp;: 06 40 23 59 73&nbsp;&nbsp; mjlaycuras@gmail.com<\/em><\/p>\n\n\n\n<p><em><u>troisi\u00e8me bayle<\/u><\/em><em>&nbsp;: Jean Louis David<\/em><em><br>tel&nbsp;: 06 98 86 56 70&nbsp; djl87400@gmail.com<\/em><\/p>\n\n\n\n<p><em><u>quatri\u00e8me bayle&nbsp;<\/u><\/em><em>: Patrick de Chalain&nbsp;<\/em><em><br>tel&nbsp;: 06 99 86 52 31&nbsp;&nbsp; <a href=\"mailto:patdecha@club-internet.fr\">patdecha@club-internet.fr<\/a><\/em><\/p>\n","protected":false},"author":24,"featured_media":5602,"parent":5478,"menu_order":9,"template":"","meta":{"_acf_changed":false},"class_list":["post-5116","paroisse","type-paroisse","status-publish","has-post-thumbnail","hentry"],"acf":[],"yoast_head":"<!-- This site is optimized with the Yoast SEO plugin v26.4 - https:\/\/yoast.com\/wordpress\/plugins\/seo\/ -->\n<title>Confr\u00e9rie de Saint L\u00e9onard - Doyenn\u00e9s de Haute Vienne<\/title>\n<meta name=\"robots\" content=\"index, follow, max-snippet:-1, max-image-preview:large, max-video-preview:-1\" \/>\n<link rel=\"canonical\" href=\"https:\/\/www.diocese-limoges.fr\/haute-vienne\/paroisses\/paroisse-saint-leonard-en-limousin\/servir-sengager\/saint-leonard\/\" \/>\n<meta property=\"og:locale\" content=\"fr_FR\" \/>\n<meta property=\"og:type\" content=\"article\" \/>\n<meta property=\"og:title\" content=\"Confr\u00e9rie de Saint L\u00e9onard - Doyenn\u00e9s de Haute Vienne\" \/>\n<meta property=\"og:description\" content=\"Saint L\u00e9onard est f\u00eat\u00e9 le 6 novembre. La vie de Saint L\u00e9onard L\u00e9onard na\u00eet en France vers la fin du V\u00e8mesi\u00e8cle au temps o\u00f9 Anastase est Empereur d\u2019Orient [491 \u2013 518].\u00a0Il est issu d&rsquo;une famille franque b\u00e9n\u00e9ficiant de hautes fonctions \u00e0 la cour\u00a0du roi Clovis.\u00a0Il est baptis\u00e9 par Saint R\u00e9mi et grandit \u00e0 l&rsquo;\u00e9cole de [&hellip;]\" \/>\n<meta property=\"og:url\" content=\"https:\/\/www.diocese-limoges.fr\/haute-vienne\/paroisses\/paroisse-saint-leonard-en-limousin\/servir-sengager\/saint-leonard\/\" \/>\n<meta property=\"og:site_name\" content=\"Doyenn\u00e9s de Haute Vienne\" \/>\n<meta property=\"article:modified_time\" content=\"2026-03-20T14:04:23+00:00\" \/>\n<meta property=\"og:image\" content=\"https:\/\/www.diocese-limoges.fr\/haute-vienne\/wp-content\/uploads\/sites\/4\/2025\/10\/bandeau-confrerie.png\" \/>\n\t<meta property=\"og:image:width\" content=\"861\" \/>\n\t<meta property=\"og:image:height\" content=\"245\" \/>\n\t<meta property=\"og:image:type\" content=\"image\/png\" \/>\n<meta name=\"twitter:card\" content=\"summary_large_image\" \/>\n<meta name=\"twitter:label1\" content=\"Dur\u00e9e de lecture estim\u00e9e\" \/>\n\t<meta name=\"twitter:data1\" content=\"8 minutes\" \/>\n<script type=\"application\/ld+json\" class=\"yoast-schema-graph\">{\"@context\":\"https:\/\/schema.org\",\"@graph\":[{\"@type\":\"WebPage\",\"@id\":\"https:\/\/www.diocese-limoges.fr\/haute-vienne\/paroisses\/paroisse-saint-leonard-en-limousin\/servir-sengager\/saint-leonard\/\",\"url\":\"https:\/\/www.diocese-limoges.fr\/haute-vienne\/paroisses\/paroisse-saint-leonard-en-limousin\/servir-sengager\/saint-leonard\/\",\"name\":\"Confr\u00e9rie de Saint L\u00e9onard - Doyenn\u00e9s de Haute Vienne\",\"isPartOf\":{\"@id\":\"https:\/\/www.diocese-limoges.fr\/haute-vienne\/#website\"},\"primaryImageOfPage\":{\"@id\":\"https:\/\/www.diocese-limoges.fr\/haute-vienne\/paroisses\/paroisse-saint-leonard-en-limousin\/servir-sengager\/saint-leonard\/#primaryimage\"},\"image\":{\"@id\":\"https:\/\/www.diocese-limoges.fr\/haute-vienne\/paroisses\/paroisse-saint-leonard-en-limousin\/servir-sengager\/saint-leonard\/#primaryimage\"},\"thumbnailUrl\":\"https:\/\/www.diocese-limoges.fr\/haute-vienne\/wp-content\/uploads\/sites\/4\/2025\/10\/bandeau-confrerie.png\",\"datePublished\":\"2025-10-31T14:49:02+00:00\",\"dateModified\":\"2026-03-20T14:04:23+00:00\",\"breadcrumb\":{\"@id\":\"https:\/\/www.diocese-limoges.fr\/haute-vienne\/paroisses\/paroisse-saint-leonard-en-limousin\/servir-sengager\/saint-leonard\/#breadcrumb\"},\"inLanguage\":\"fr-FR\",\"potentialAction\":[{\"@type\":\"ReadAction\",\"target\":[\"https:\/\/www.diocese-limoges.fr\/haute-vienne\/paroisses\/paroisse-saint-leonard-en-limousin\/servir-sengager\/saint-leonard\/\"]}]},{\"@type\":\"ImageObject\",\"inLanguage\":\"fr-FR\",\"@id\":\"https:\/\/www.diocese-limoges.fr\/haute-vienne\/paroisses\/paroisse-saint-leonard-en-limousin\/servir-sengager\/saint-leonard\/#primaryimage\",\"url\":\"https:\/\/www.diocese-limoges.fr\/haute-vienne\/wp-content\/uploads\/sites\/4\/2025\/10\/bandeau-confrerie.png\",\"contentUrl\":\"https:\/\/www.diocese-limoges.fr\/haute-vienne\/wp-content\/uploads\/sites\/4\/2025\/10\/bandeau-confrerie.png\",\"width\":861,\"height\":245},{\"@type\":\"BreadcrumbList\",\"@id\":\"https:\/\/www.diocese-limoges.fr\/haute-vienne\/paroisses\/paroisse-saint-leonard-en-limousin\/servir-sengager\/saint-leonard\/#breadcrumb\",\"itemListElement\":[{\"@type\":\"ListItem\",\"position\":1,\"name\":\"Accueil\",\"item\":\"https:\/\/www.diocese-limoges.fr\/haute-vienne\/\"},{\"@type\":\"ListItem\",\"position\":2,\"name\":\"Paroisse Saint L\u00e9onard en Limousin\",\"item\":\"https:\/\/www.diocese-limoges.fr\/haute-vienne\/paroisses\/paroisse-saint-leonard-en-limousin\/\"},{\"@type\":\"ListItem\",\"position\":3,\"name\":\"Servir\/s&rsquo;engager\",\"item\":\"https:\/\/www.diocese-limoges.fr\/haute-vienne\/paroisses\/paroisse-saint-leonard-en-limousin\/servir-sengager\/\"},{\"@type\":\"ListItem\",\"position\":4,\"name\":\"Confr\u00e9rie de Saint L\u00e9onard\"}]},{\"@type\":\"WebSite\",\"@id\":\"https:\/\/www.diocese-limoges.fr\/haute-vienne\/#website\",\"url\":\"https:\/\/www.diocese-limoges.fr\/haute-vienne\/\",\"name\":\"Doyenn\u00e9s de Haute Vienne\",\"description\":\"Dioc\u00e8se de Limoges\",\"potentialAction\":[{\"@type\":\"SearchAction\",\"target\":{\"@type\":\"EntryPoint\",\"urlTemplate\":\"https:\/\/www.diocese-limoges.fr\/haute-vienne\/?s={search_term_string}\"},\"query-input\":{\"@type\":\"PropertyValueSpecification\",\"valueRequired\":true,\"valueName\":\"search_term_string\"}}],\"inLanguage\":\"fr-FR\"}]}<\/script>\n<!-- \/ Yoast SEO plugin. -->","yoast_head_json":{"title":"Confr\u00e9rie de Saint L\u00e9onard - Doyenn\u00e9s de Haute Vienne","robots":{"index":"index","follow":"follow","max-snippet":"max-snippet:-1","max-image-preview":"max-image-preview:large","max-video-preview":"max-video-preview:-1"},"canonical":"https:\/\/www.diocese-limoges.fr\/haute-vienne\/paroisses\/paroisse-saint-leonard-en-limousin\/servir-sengager\/saint-leonard\/","og_locale":"fr_FR","og_type":"article","og_title":"Confr\u00e9rie de Saint L\u00e9onard - Doyenn\u00e9s de Haute Vienne","og_description":"Saint L\u00e9onard est f\u00eat\u00e9 le 6 novembre. La vie de Saint L\u00e9onard L\u00e9onard na\u00eet en France vers la fin du V\u00e8mesi\u00e8cle au temps o\u00f9 Anastase est Empereur d\u2019Orient [491 \u2013 518].\u00a0Il est issu d&rsquo;une famille franque b\u00e9n\u00e9ficiant de hautes fonctions \u00e0 la cour\u00a0du roi Clovis.\u00a0Il est baptis\u00e9 par Saint R\u00e9mi et grandit \u00e0 l&rsquo;\u00e9cole de [&hellip;]","og_url":"https:\/\/www.diocese-limoges.fr\/haute-vienne\/paroisses\/paroisse-saint-leonard-en-limousin\/servir-sengager\/saint-leonard\/","og_site_name":"Doyenn\u00e9s de Haute Vienne","article_modified_time":"2026-03-20T14:04:23+00:00","og_image":[{"width":861,"height":245,"url":"https:\/\/www.diocese-limoges.fr\/haute-vienne\/wp-content\/uploads\/sites\/4\/2025\/10\/bandeau-confrerie.png","type":"image\/png"}],"twitter_card":"summary_large_image","twitter_misc":{"Dur\u00e9e de lecture estim\u00e9e":"8 minutes"},"schema":{"@context":"https:\/\/schema.org","@graph":[{"@type":"WebPage","@id":"https:\/\/www.diocese-limoges.fr\/haute-vienne\/paroisses\/paroisse-saint-leonard-en-limousin\/servir-sengager\/saint-leonard\/","url":"https:\/\/www.diocese-limoges.fr\/haute-vienne\/paroisses\/paroisse-saint-leonard-en-limousin\/servir-sengager\/saint-leonard\/","name":"Confr\u00e9rie de Saint L\u00e9onard - Doyenn\u00e9s de Haute Vienne","isPartOf":{"@id":"https:\/\/www.diocese-limoges.fr\/haute-vienne\/#website"},"primaryImageOfPage":{"@id":"https:\/\/www.diocese-limoges.fr\/haute-vienne\/paroisses\/paroisse-saint-leonard-en-limousin\/servir-sengager\/saint-leonard\/#primaryimage"},"image":{"@id":"https:\/\/www.diocese-limoges.fr\/haute-vienne\/paroisses\/paroisse-saint-leonard-en-limousin\/servir-sengager\/saint-leonard\/#primaryimage"},"thumbnailUrl":"https:\/\/www.diocese-limoges.fr\/haute-vienne\/wp-content\/uploads\/sites\/4\/2025\/10\/bandeau-confrerie.png","datePublished":"2025-10-31T14:49:02+00:00","dateModified":"2026-03-20T14:04:23+00:00","breadcrumb":{"@id":"https:\/\/www.diocese-limoges.fr\/haute-vienne\/paroisses\/paroisse-saint-leonard-en-limousin\/servir-sengager\/saint-leonard\/#breadcrumb"},"inLanguage":"fr-FR","potentialAction":[{"@type":"ReadAction","target":["https:\/\/www.diocese-limoges.fr\/haute-vienne\/paroisses\/paroisse-saint-leonard-en-limousin\/servir-sengager\/saint-leonard\/"]}]},{"@type":"ImageObject","inLanguage":"fr-FR","@id":"https:\/\/www.diocese-limoges.fr\/haute-vienne\/paroisses\/paroisse-saint-leonard-en-limousin\/servir-sengager\/saint-leonard\/#primaryimage","url":"https:\/\/www.diocese-limoges.fr\/haute-vienne\/wp-content\/uploads\/sites\/4\/2025\/10\/bandeau-confrerie.png","contentUrl":"https:\/\/www.diocese-limoges.fr\/haute-vienne\/wp-content\/uploads\/sites\/4\/2025\/10\/bandeau-confrerie.png","width":861,"height":245},{"@type":"BreadcrumbList","@id":"https:\/\/www.diocese-limoges.fr\/haute-vienne\/paroisses\/paroisse-saint-leonard-en-limousin\/servir-sengager\/saint-leonard\/#breadcrumb","itemListElement":[{"@type":"ListItem","position":1,"name":"Accueil","item":"https:\/\/www.diocese-limoges.fr\/haute-vienne\/"},{"@type":"ListItem","position":2,"name":"Paroisse Saint L\u00e9onard en Limousin","item":"https:\/\/www.diocese-limoges.fr\/haute-vienne\/paroisses\/paroisse-saint-leonard-en-limousin\/"},{"@type":"ListItem","position":3,"name":"Servir\/s&rsquo;engager","item":"https:\/\/www.diocese-limoges.fr\/haute-vienne\/paroisses\/paroisse-saint-leonard-en-limousin\/servir-sengager\/"},{"@type":"ListItem","position":4,"name":"Confr\u00e9rie de Saint L\u00e9onard"}]},{"@type":"WebSite","@id":"https:\/\/www.diocese-limoges.fr\/haute-vienne\/#website","url":"https:\/\/www.diocese-limoges.fr\/haute-vienne\/","name":"Doyenn\u00e9s de Haute Vienne","description":"Dioc\u00e8se de Limoges","potentialAction":[{"@type":"SearchAction","target":{"@type":"EntryPoint","urlTemplate":"https:\/\/www.diocese-limoges.fr\/haute-vienne\/?s={search_term_string}"},"query-input":{"@type":"PropertyValueSpecification","valueRequired":true,"valueName":"search_term_string"}}],"inLanguage":"fr-FR"}]}},"_links":{"self":[{"href":"https:\/\/www.diocese-limoges.fr\/haute-vienne\/wp-json\/wp\/v2\/paroisse\/5116","targetHints":{"allow":["GET"]}}],"collection":[{"href":"https:\/\/www.diocese-limoges.fr\/haute-vienne\/wp-json\/wp\/v2\/paroisse"}],"about":[{"href":"https:\/\/www.diocese-limoges.fr\/haute-vienne\/wp-json\/wp\/v2\/types\/paroisse"}],"author":[{"embeddable":true,"href":"https:\/\/www.diocese-limoges.fr\/haute-vienne\/wp-json\/wp\/v2\/users\/24"}],"up":[{"embeddable":true,"href":"https:\/\/www.diocese-limoges.fr\/haute-vienne\/wp-json\/wp\/v2\/paroisse\/5478"}],"wp:featuredmedia":[{"embeddable":true,"href":"https:\/\/www.diocese-limoges.fr\/haute-vienne\/wp-json\/wp\/v2\/media\/5602"}],"wp:attachment":[{"href":"https:\/\/www.diocese-limoges.fr\/haute-vienne\/wp-json\/wp\/v2\/media?parent=5116"}],"curies":[{"name":"wp","href":"https:\/\/api.w.org\/{rel}","templated":true}]}}