{"id":5131,"date":"2025-11-07T11:57:08","date_gmt":"2025-11-07T10:57:08","guid":{"rendered":"https:\/\/www.diocese-limoges.fr\/haute-vienne\/?post_type=paroisse&#038;p=5131"},"modified":"2026-03-20T13:46:55","modified_gmt":"2026-03-20T12:46:55","slug":"bapteme","status":"publish","type":"paroisse","link":"https:\/\/www.diocese-limoges.fr\/haute-vienne\/paroisses\/paroisse-saint-leonard-en-limousin\/sacrements\/bapteme\/","title":{"rendered":"Baptiser mon enfant \/ \u00eatre baptis\u00e9"},"content":{"rendered":"\n<p><mark style=\"background-color:#8ed1fc\" class=\"has-inline-color has-black-color\"><strong>Inscriptions pour le bapt\u00eame<\/strong> des enfants de moins de 3 ans <\/mark><\/p>\n\n\n\n<p>sur rendez-vous ou pendant les permanences d&rsquo;accueil le vendredi matin de 10h \u00e0 12h30<br>au Centre paroissial, 8 rue de Strasbourg \u00e0 St L\u00e9onard de Noblat<br><mark class=\"has-inline-color has-black-color\">Contacts :&nbsp;&nbsp;<\/mark><br><mark class=\"has-inline-color has-vivid-cyan-blue-color\">06 12 05 92 74 : Fran\u00e7oise Defaye&nbsp;<br>05 55 56 31 37 ou paroisse.stleonard.noblat@diocese-limoges.fr : Paroisse&nbsp;<\/mark><\/p>\n\n\n\n<p>Pour une bonne organisation, avant de fixer la date de c\u00e9l\u00e9bration du bapt\u00eame (r\u00e9servation de salle, de traiteur, \u2026) la paroisse vous demande de contacter les personnes responsables au <strong>minimum 3 mois avant<\/strong>.&nbsp;<br><\/p>\n\n\n\n<figure class=\"wp-block-image size-large is-resized\"><img loading=\"lazy\" decoding=\"async\" width=\"1024\" height=\"768\" src=\"https:\/\/www.diocese-limoges.fr\/haute-vienne\/wp-content\/uploads\/sites\/4\/2025\/11\/4-1024x768.jpg\" alt=\"\" class=\"wp-image-5133\" style=\"width:200px\" srcset=\"https:\/\/www.diocese-limoges.fr\/haute-vienne\/wp-content\/uploads\/sites\/4\/2025\/11\/4-1024x768.jpg 1024w, https:\/\/www.diocese-limoges.fr\/haute-vienne\/wp-content\/uploads\/sites\/4\/2025\/11\/4-300x225.jpg 300w, https:\/\/www.diocese-limoges.fr\/haute-vienne\/wp-content\/uploads\/sites\/4\/2025\/11\/4-768x576.jpg 768w, https:\/\/www.diocese-limoges.fr\/haute-vienne\/wp-content\/uploads\/sites\/4\/2025\/11\/4-1536x1152.jpg 1536w, https:\/\/www.diocese-limoges.fr\/haute-vienne\/wp-content\/uploads\/sites\/4\/2025\/11\/4.jpg 1600w\" sizes=\"auto, (max-width: 1024px) 100vw, 1024px\" \/><\/figure>\n\n\n\n<p><mark style=\"background-color:#8ed1fc\" class=\"has-inline-color has-black-color\"><strong>Inscriptions pour le bapt\u00eame<\/strong> des enfants de 4 \u00e0 6 ans <\/mark><\/p>\n\n\n\n<p>Si votre enfant a entre 4 et 6 ans, quelques rencontres se feront entre lui, vous et le pr\u00eatre car il est en \u00e2ge de comprendre ce qu&rsquo;est le bapt\u00eame et qui est J\u00e9sus. <br>Merci de prendre contact : <br><mark class=\"has-inline-color has-vivid-cyan-blue-color\">06 12 05 92 74 : Fran\u00e7oise Defaye&nbsp;<br>05 55 56 31 37 ou paroisse.stleonard.noblat@diocese-limoges.fr : Paroisse&nbsp;<\/mark><\/p>\n\n\n\n<p><mark style=\"background-color:#8ed1fc\" class=\"has-inline-color\"><strong>Inscriptions pour le bapt\u00eame<\/strong> des enfants de 7 \u00e0 11 ans   <\/mark><\/p>\n\n\n\n<p>Votre enfant a entre 7 et 11 ans, il n&rsquo;a pas \u00e9t\u00e9 baptis\u00e9 b\u00e9b\u00e9. <br>C&rsquo;est donc fond\u00e9 sur un choix personnel et non plus uniquement sur celui des parents que votre enfant d\u00e9sire le bapt\u00eame. Cela demande de prendre le temps de la r\u00e9flexion. Pour que ce&nbsp;choix&nbsp;soit&nbsp;\u00e9clair\u00e9, les enfants doivent \u00eatre inscrits au cat\u00e9chisme pour d\u00e9couvrir J\u00e9sus et savoir s\u2019ils veulent le suivre. <br>Pour les enfants, plusieurs \u00e9tapes sont pr\u00e9vues avant le bapt\u00eame : elles se d\u00e9roulent sur&nbsp;<strong>deux ann\u00e9es scolaires<\/strong>&nbsp;et ont lieu au cours d\u2019une messe, au c\u0153ur de la communaut\u00e9. <br><br>sur rendez-vous ou pendant les permanences d&rsquo;accueil les vendredis matin de 10h \u00e0 12h30<br>au Centre paroissial, 8 rue de Strasbourg \u00e0 St L\u00e9onard de Noblat <br><mark class=\"has-inline-color has-vivid-cyan-blue-color\">Contacts :&nbsp;&nbsp;<\/mark><\/p>\n\n\n\n<p><mark class=\"has-inline-color has-vivid-cyan-blue-color\"><mark class=\"has-inline-color has-vivid-cyan-blue-color\">05 55 56 31 37 ou paroisse.stleonard.noblat@diocese-limoges.fr : Parois<\/mark>se <\/mark><\/p>\n\n\n\n<figure class=\"wp-block-image size-large is-resized\"><img loading=\"lazy\" decoding=\"async\" width=\"1024\" height=\"681\" src=\"https:\/\/www.diocese-limoges.fr\/haute-vienne\/wp-content\/uploads\/sites\/4\/2025\/11\/vp2373-1024x681.jpg\" alt=\"\" class=\"wp-image-5134\" style=\"width:200px\" srcset=\"https:\/\/www.diocese-limoges.fr\/haute-vienne\/wp-content\/uploads\/sites\/4\/2025\/11\/vp2373-1024x681.jpg 1024w, https:\/\/www.diocese-limoges.fr\/haute-vienne\/wp-content\/uploads\/sites\/4\/2025\/11\/vp2373-300x199.jpg 300w, https:\/\/www.diocese-limoges.fr\/haute-vienne\/wp-content\/uploads\/sites\/4\/2025\/11\/vp2373-768x511.jpg 768w, https:\/\/www.diocese-limoges.fr\/haute-vienne\/wp-content\/uploads\/sites\/4\/2025\/11\/vp2373-1536x1021.jpg 1536w, https:\/\/www.diocese-limoges.fr\/haute-vienne\/wp-content\/uploads\/sites\/4\/2025\/11\/vp2373-2048x1362.jpg 2048w\" sizes=\"auto, (max-width: 1024px) 100vw, 1024px\" \/><\/figure>\n\n\n\n<p><\/p>\n\n\n\n<p><mark style=\"background-color:#8ed1fc\" class=\"has-inline-color\"><strong>Inscriptions pour le bapt\u00eame<\/strong> pour les jeunes et les adultes   <\/mark><br><br>rendez-vous sur la page \u00ab\u00a0cat\u00e9chum\u00e9nat\u00a0\u00bb <\/p>\n\n\n\n<figure class=\"wp-block-embed is-type-wp-embed is-provider-doyenn-s-de-haute-vienne wp-block-embed-doyenn-s-de-haute-vienne\"><div class=\"wp-block-embed__wrapper\">\n<blockquote class=\"wp-embedded-content\" data-secret=\"52qItwRD7t\"><a href=\"https:\/\/www.diocese-limoges.fr\/haute-vienne\/paroisses\/paroisse-saint-leonard-en-limousin\/grandir-dans-la-foi\/catechumenat\/\">Cat\u00e9chum\u00e9nat<\/a><\/blockquote><iframe loading=\"lazy\" class=\"wp-embedded-content\" sandbox=\"allow-scripts\" security=\"restricted\" style=\"position: absolute; visibility: hidden;\" title=\"\u00ab\u00a0Cat\u00e9chum\u00e9nat\u00a0\u00bb &#8212; Doyenn\u00e9s de Haute Vienne\" src=\"https:\/\/www.diocese-limoges.fr\/haute-vienne\/paroisses\/paroisse-saint-leonard-en-limousin\/grandir-dans-la-foi\/catechumenat\/embed\/#?secret=YGFvn5s4PB#?secret=52qItwRD7t\" data-secret=\"52qItwRD7t\" width=\"500\" height=\"282\" frameborder=\"0\" marginwidth=\"0\" marginheight=\"0\" scrolling=\"no\"><\/iframe>\n<\/div><\/figure>\n\n\n\n<p><\/p>\n","protected":false},"author":24,"featured_media":5132,"parent":5130,"menu_order":2,"template":"","meta":{"_acf_changed":false},"class_list":["post-5131","paroisse","type-paroisse","status-publish","has-post-thumbnail","hentry"],"acf":[],"yoast_head":"<!-- This site is optimized with the Yoast SEO plugin v26.4 - https:\/\/yoast.com\/wordpress\/plugins\/seo\/ -->\n<title>Baptiser mon enfant \/ \u00eatre baptis\u00e9 - Doyenn\u00e9s de Haute Vienne<\/title>\n<meta name=\"robots\" content=\"index, follow, max-snippet:-1, max-image-preview:large, max-video-preview:-1\" \/>\n<link rel=\"canonical\" href=\"https:\/\/www.diocese-limoges.fr\/haute-vienne\/paroisses\/paroisse-saint-leonard-en-limousin\/sacrements\/bapteme\/\" \/>\n<meta property=\"og:locale\" content=\"fr_FR\" \/>\n<meta property=\"og:type\" content=\"article\" \/>\n<meta property=\"og:title\" content=\"Baptiser mon enfant \/ \u00eatre baptis\u00e9 - Doyenn\u00e9s de Haute Vienne\" \/>\n<meta property=\"og:description\" content=\"Inscriptions pour le bapt\u00eame des enfants de moins de 3 ans sur rendez-vous ou pendant les permanences d&rsquo;accueil le vendredi matin de 10h \u00e0 12h30au Centre paroissial, 8 rue de Strasbourg \u00e0 St L\u00e9onard de NoblatContacts :&nbsp;&nbsp;06 12 05 92 74 : Fran\u00e7oise Defaye&nbsp;05 55 56 31 37 ou paroisse.stleonard.noblat@diocese-limoges.fr : Paroisse&nbsp; Pour une bonne [&hellip;]\" \/>\n<meta property=\"og:url\" content=\"https:\/\/www.diocese-limoges.fr\/haute-vienne\/paroisses\/paroisse-saint-leonard-en-limousin\/sacrements\/bapteme\/\" \/>\n<meta property=\"og:site_name\" content=\"Doyenn\u00e9s de Haute Vienne\" \/>\n<meta property=\"article:modified_time\" content=\"2026-03-20T12:46:55+00:00\" \/>\n<meta property=\"og:image\" content=\"https:\/\/www.diocese-limoges.fr\/haute-vienne\/wp-content\/uploads\/sites\/4\/2025\/11\/bapteme-scaled.jpg\" \/>\n\t<meta property=\"og:image:width\" content=\"2560\" \/>\n\t<meta property=\"og:image:height\" content=\"1811\" \/>\n\t<meta property=\"og:image:type\" content=\"image\/jpeg\" \/>\n<meta name=\"twitter:card\" content=\"summary_large_image\" \/>\n<meta name=\"twitter:label1\" content=\"Dur\u00e9e de lecture estim\u00e9e\" \/>\n\t<meta name=\"twitter:data1\" content=\"3 minutes\" \/>\n<script type=\"application\/ld+json\" class=\"yoast-schema-graph\">{\"@context\":\"https:\/\/schema.org\",\"@graph\":[{\"@type\":\"WebPage\",\"@id\":\"https:\/\/www.diocese-limoges.fr\/haute-vienne\/paroisses\/paroisse-saint-leonard-en-limousin\/sacrements\/bapteme\/\",\"url\":\"https:\/\/www.diocese-limoges.fr\/haute-vienne\/paroisses\/paroisse-saint-leonard-en-limousin\/sacrements\/bapteme\/\",\"name\":\"Baptiser mon enfant \/ \u00eatre baptis\u00e9 - Doyenn\u00e9s de Haute Vienne\",\"isPartOf\":{\"@id\":\"https:\/\/www.diocese-limoges.fr\/haute-vienne\/#website\"},\"primaryImageOfPage\":{\"@id\":\"https:\/\/www.diocese-limoges.fr\/haute-vienne\/paroisses\/paroisse-saint-leonard-en-limousin\/sacrements\/bapteme\/#primaryimage\"},\"image\":{\"@id\":\"https:\/\/www.diocese-limoges.fr\/haute-vienne\/paroisses\/paroisse-saint-leonard-en-limousin\/sacrements\/bapteme\/#primaryimage\"},\"thumbnailUrl\":\"https:\/\/www.diocese-limoges.fr\/haute-vienne\/wp-content\/uploads\/sites\/4\/2025\/11\/bapteme-scaled.jpg\",\"datePublished\":\"2025-11-07T10:57:08+00:00\",\"dateModified\":\"2026-03-20T12:46:55+00:00\",\"breadcrumb\":{\"@id\":\"https:\/\/www.diocese-limoges.fr\/haute-vienne\/paroisses\/paroisse-saint-leonard-en-limousin\/sacrements\/bapteme\/#breadcrumb\"},\"inLanguage\":\"fr-FR\",\"potentialAction\":[{\"@type\":\"ReadAction\",\"target\":[\"https:\/\/www.diocese-limoges.fr\/haute-vienne\/paroisses\/paroisse-saint-leonard-en-limousin\/sacrements\/bapteme\/\"]}]},{\"@type\":\"ImageObject\",\"inLanguage\":\"fr-FR\",\"@id\":\"https:\/\/www.diocese-limoges.fr\/haute-vienne\/paroisses\/paroisse-saint-leonard-en-limousin\/sacrements\/bapteme\/#primaryimage\",\"url\":\"https:\/\/www.diocese-limoges.fr\/haute-vienne\/wp-content\/uploads\/sites\/4\/2025\/11\/bapteme-scaled.jpg\",\"contentUrl\":\"https:\/\/www.diocese-limoges.fr\/haute-vienne\/wp-content\/uploads\/sites\/4\/2025\/11\/bapteme-scaled.jpg\",\"width\":2560,\"height\":1811},{\"@type\":\"BreadcrumbList\",\"@id\":\"https:\/\/www.diocese-limoges.fr\/haute-vienne\/paroisses\/paroisse-saint-leonard-en-limousin\/sacrements\/bapteme\/#breadcrumb\",\"itemListElement\":[{\"@type\":\"ListItem\",\"position\":1,\"name\":\"Accueil\",\"item\":\"https:\/\/www.diocese-limoges.fr\/haute-vienne\/\"},{\"@type\":\"ListItem\",\"position\":2,\"name\":\"Paroisse Saint L\u00e9onard en Limousin\",\"item\":\"https:\/\/www.diocese-limoges.fr\/haute-vienne\/paroisses\/paroisse-saint-leonard-en-limousin\/\"},{\"@type\":\"ListItem\",\"position\":3,\"name\":\"Je souhaite&#8230;\",\"item\":\"https:\/\/www.diocese-limoges.fr\/haute-vienne\/paroisses\/paroisse-saint-leonard-en-limousin\/sacrements\/\"},{\"@type\":\"ListItem\",\"position\":4,\"name\":\"Baptiser mon enfant \/ \u00eatre baptis\u00e9\"}]},{\"@type\":\"WebSite\",\"@id\":\"https:\/\/www.diocese-limoges.fr\/haute-vienne\/#website\",\"url\":\"https:\/\/www.diocese-limoges.fr\/haute-vienne\/\",\"name\":\"Doyenn\u00e9s de Haute Vienne\",\"description\":\"Dioc\u00e8se de Limoges\",\"potentialAction\":[{\"@type\":\"SearchAction\",\"target\":{\"@type\":\"EntryPoint\",\"urlTemplate\":\"https:\/\/www.diocese-limoges.fr\/haute-vienne\/?s={search_term_string}\"},\"query-input\":{\"@type\":\"PropertyValueSpecification\",\"valueRequired\":true,\"valueName\":\"search_term_string\"}}],\"inLanguage\":\"fr-FR\"}]}<\/script>\n<!-- \/ Yoast SEO plugin. -->","yoast_head_json":{"title":"Baptiser mon enfant \/ \u00eatre baptis\u00e9 - Doyenn\u00e9s de Haute Vienne","robots":{"index":"index","follow":"follow","max-snippet":"max-snippet:-1","max-image-preview":"max-image-preview:large","max-video-preview":"max-video-preview:-1"},"canonical":"https:\/\/www.diocese-limoges.fr\/haute-vienne\/paroisses\/paroisse-saint-leonard-en-limousin\/sacrements\/bapteme\/","og_locale":"fr_FR","og_type":"article","og_title":"Baptiser mon enfant \/ \u00eatre baptis\u00e9 - Doyenn\u00e9s de Haute Vienne","og_description":"Inscriptions pour le bapt\u00eame des enfants de moins de 3 ans sur rendez-vous ou pendant les permanences d&rsquo;accueil le vendredi matin de 10h \u00e0 12h30au Centre paroissial, 8 rue de Strasbourg \u00e0 St L\u00e9onard de NoblatContacts :&nbsp;&nbsp;06 12 05 92 74 : Fran\u00e7oise Defaye&nbsp;05 55 56 31 37 ou paroisse.stleonard.noblat@diocese-limoges.fr : Paroisse&nbsp; Pour une bonne [&hellip;]","og_url":"https:\/\/www.diocese-limoges.fr\/haute-vienne\/paroisses\/paroisse-saint-leonard-en-limousin\/sacrements\/bapteme\/","og_site_name":"Doyenn\u00e9s de Haute Vienne","article_modified_time":"2026-03-20T12:46:55+00:00","og_image":[{"width":2560,"height":1811,"url":"https:\/\/www.diocese-limoges.fr\/haute-vienne\/wp-content\/uploads\/sites\/4\/2025\/11\/bapteme-scaled.jpg","type":"image\/jpeg"}],"twitter_card":"summary_large_image","twitter_misc":{"Dur\u00e9e de lecture estim\u00e9e":"3 minutes"},"schema":{"@context":"https:\/\/schema.org","@graph":[{"@type":"WebPage","@id":"https:\/\/www.diocese-limoges.fr\/haute-vienne\/paroisses\/paroisse-saint-leonard-en-limousin\/sacrements\/bapteme\/","url":"https:\/\/www.diocese-limoges.fr\/haute-vienne\/paroisses\/paroisse-saint-leonard-en-limousin\/sacrements\/bapteme\/","name":"Baptiser mon enfant \/ \u00eatre baptis\u00e9 - Doyenn\u00e9s de Haute Vienne","isPartOf":{"@id":"https:\/\/www.diocese-limoges.fr\/haute-vienne\/#website"},"primaryImageOfPage":{"@id":"https:\/\/www.diocese-limoges.fr\/haute-vienne\/paroisses\/paroisse-saint-leonard-en-limousin\/sacrements\/bapteme\/#primaryimage"},"image":{"@id":"https:\/\/www.diocese-limoges.fr\/haute-vienne\/paroisses\/paroisse-saint-leonard-en-limousin\/sacrements\/bapteme\/#primaryimage"},"thumbnailUrl":"https:\/\/www.diocese-limoges.fr\/haute-vienne\/wp-content\/uploads\/sites\/4\/2025\/11\/bapteme-scaled.jpg","datePublished":"2025-11-07T10:57:08+00:00","dateModified":"2026-03-20T12:46:55+00:00","breadcrumb":{"@id":"https:\/\/www.diocese-limoges.fr\/haute-vienne\/paroisses\/paroisse-saint-leonard-en-limousin\/sacrements\/bapteme\/#breadcrumb"},"inLanguage":"fr-FR","potentialAction":[{"@type":"ReadAction","target":["https:\/\/www.diocese-limoges.fr\/haute-vienne\/paroisses\/paroisse-saint-leonard-en-limousin\/sacrements\/bapteme\/"]}]},{"@type":"ImageObject","inLanguage":"fr-FR","@id":"https:\/\/www.diocese-limoges.fr\/haute-vienne\/paroisses\/paroisse-saint-leonard-en-limousin\/sacrements\/bapteme\/#primaryimage","url":"https:\/\/www.diocese-limoges.fr\/haute-vienne\/wp-content\/uploads\/sites\/4\/2025\/11\/bapteme-scaled.jpg","contentUrl":"https:\/\/www.diocese-limoges.fr\/haute-vienne\/wp-content\/uploads\/sites\/4\/2025\/11\/bapteme-scaled.jpg","width":2560,"height":1811},{"@type":"BreadcrumbList","@id":"https:\/\/www.diocese-limoges.fr\/haute-vienne\/paroisses\/paroisse-saint-leonard-en-limousin\/sacrements\/bapteme\/#breadcrumb","itemListElement":[{"@type":"ListItem","position":1,"name":"Accueil","item":"https:\/\/www.diocese-limoges.fr\/haute-vienne\/"},{"@type":"ListItem","position":2,"name":"Paroisse Saint L\u00e9onard en Limousin","item":"https:\/\/www.diocese-limoges.fr\/haute-vienne\/paroisses\/paroisse-saint-leonard-en-limousin\/"},{"@type":"ListItem","position":3,"name":"Je souhaite&#8230;","item":"https:\/\/www.diocese-limoges.fr\/haute-vienne\/paroisses\/paroisse-saint-leonard-en-limousin\/sacrements\/"},{"@type":"ListItem","position":4,"name":"Baptiser mon enfant \/ \u00eatre baptis\u00e9"}]},{"@type":"WebSite","@id":"https:\/\/www.diocese-limoges.fr\/haute-vienne\/#website","url":"https:\/\/www.diocese-limoges.fr\/haute-vienne\/","name":"Doyenn\u00e9s de Haute Vienne","description":"Dioc\u00e8se de Limoges","potentialAction":[{"@type":"SearchAction","target":{"@type":"EntryPoint","urlTemplate":"https:\/\/www.diocese-limoges.fr\/haute-vienne\/?s={search_term_string}"},"query-input":{"@type":"PropertyValueSpecification","valueRequired":true,"valueName":"search_term_string"}}],"inLanguage":"fr-FR"}]}},"_links":{"self":[{"href":"https:\/\/www.diocese-limoges.fr\/haute-vienne\/wp-json\/wp\/v2\/paroisse\/5131","targetHints":{"allow":["GET"]}}],"collection":[{"href":"https:\/\/www.diocese-limoges.fr\/haute-vienne\/wp-json\/wp\/v2\/paroisse"}],"about":[{"href":"https:\/\/www.diocese-limoges.fr\/haute-vienne\/wp-json\/wp\/v2\/types\/paroisse"}],"author":[{"embeddable":true,"href":"https:\/\/www.diocese-limoges.fr\/haute-vienne\/wp-json\/wp\/v2\/users\/24"}],"up":[{"embeddable":true,"href":"https:\/\/www.diocese-limoges.fr\/haute-vienne\/wp-json\/wp\/v2\/paroisse\/5130"}],"wp:featuredmedia":[{"embeddable":true,"href":"https:\/\/www.diocese-limoges.fr\/haute-vienne\/wp-json\/wp\/v2\/media\/5132"}],"wp:attachment":[{"href":"https:\/\/www.diocese-limoges.fr\/haute-vienne\/wp-json\/wp\/v2\/media?parent=5131"}],"curies":[{"name":"wp","href":"https:\/\/api.w.org\/{rel}","templated":true}]}}