{"id":5143,"date":"2025-11-07T15:34:24","date_gmt":"2025-11-07T14:34:24","guid":{"rendered":"https:\/\/www.diocese-limoges.fr\/haute-vienne\/?post_type=paroisse&#038;p=5143"},"modified":"2026-03-20T11:32:08","modified_gmt":"2026-03-20T10:32:08","slug":"mariage","status":"publish","type":"paroisse","link":"https:\/\/www.diocese-limoges.fr\/haute-vienne\/paroisses\/paroisse-saint-leonard-en-limousin\/sacrements\/mariage\/","title":{"rendered":"Nous marier"},"content":{"rendered":"\n<p>Le mariage est l\u2019alliance d\u2019un homme et d\u2019une femme qui prennent la d\u00e9cision de vivre ensemble et de s\u2019aimer pour toujours. \u00c0 l\u2019\u00e9glise, ils c\u00e9l\u00e8brent dans la foi en Dieu le sacrement du mariage et s\u2019engagent pour la vie.<br>Ce sacrement sanctifie l&rsquo;alliance entre un homme et une femme, unis par un m\u00eame amour, \u00e0 l\u2019image de l\u2019amour de Dieu pour l\u2019humanit\u00e9. Par le mariage Chr\u00e9tien c&rsquo;est Dieu qui vient donner sa gr\u00e2ce au couple.<\/p>\n\n\n\n<p>Pour se marier \u00e0 l&rsquo;Eglise, il faut que les futurs \u00e9poux, au moins l&rsquo;un d&rsquo;entre eux, soit baptis\u00e9s dans la religion catholique. La c\u00e9l\u00e9bration du mariage catholique est possible dans la mesure o\u00f9 le fianc\u00e9 non catholique s\u2019engage \u00e0 respecter la foi de son futur conjoint. N\u2019h\u00e9sitez pas \u00e0 prendre contact avec la paroisse en expliquant votre situation et nous vous accompagnerons en fonction.<\/p>\n\n\n\n<p>Il est demand\u00e9 aux fianc\u00e9s de s&rsquo;inscrire au minimum 1an avant la date qu&rsquo;ils envisagent pour leur mariage. Cela permet de cheminer et d&rsquo;\u00eatre accompagner dans la r\u00e9flexion et la pr\u00e9paration du mariage. <br>L&rsquo;anticipation est aussi n\u00e9cessaire car il n&rsquo;est pas possible de c\u00e9l\u00e9brer plus de 2 mariages par apr\u00e8s-midi. <\/p>\n\n\n\n<p>La pr\u00e9paration se d\u00e9roule en 3 rencontres avec les autres fianc\u00e9s de la paroisse ainsi que d&rsquo;autres individuelles avec le c\u00e9l\u00e9brant. <\/p>\n\n\n\n<p><mark class=\"has-inline-color has-luminous-vivid-orange-color\">Contacts :\u00a0\u00a006 84 25 97 62 : diacre Eric PATUREAU MIRAND<br>\u00a0 \u00a0 \u00a0 \u00a0 \u00a0 \u00a0 \u00a0 \u00a0 \u00a0 05 55 56 31 37 ou paroisse.stleonard.noblat@diocese-limoges.fr : Paroisse<\/mark><\/p>\n\n\n\n<p><\/p>\n","protected":false},"author":24,"featured_media":5151,"parent":5130,"menu_order":5,"template":"","meta":{"_acf_changed":false},"class_list":["post-5143","paroisse","type-paroisse","status-publish","has-post-thumbnail","hentry"],"acf":[],"yoast_head":"<!-- This site is optimized with the Yoast SEO plugin v26.4 - https:\/\/yoast.com\/wordpress\/plugins\/seo\/ -->\n<title>Nous marier - Doyenn\u00e9s de Haute Vienne<\/title>\n<meta name=\"robots\" content=\"index, follow, max-snippet:-1, max-image-preview:large, max-video-preview:-1\" \/>\n<link rel=\"canonical\" href=\"https:\/\/www.diocese-limoges.fr\/haute-vienne\/paroisses\/paroisse-saint-leonard-en-limousin\/sacrements\/mariage\/\" \/>\n<meta property=\"og:locale\" content=\"fr_FR\" \/>\n<meta property=\"og:type\" content=\"article\" \/>\n<meta property=\"og:title\" content=\"Nous marier - Doyenn\u00e9s de Haute Vienne\" \/>\n<meta property=\"og:description\" content=\"Le mariage est l\u2019alliance d\u2019un homme et d\u2019une femme qui prennent la d\u00e9cision de vivre ensemble et de s\u2019aimer pour toujours. \u00c0 l\u2019\u00e9glise, ils c\u00e9l\u00e8brent dans la foi en Dieu le sacrement du mariage et s\u2019engagent pour la vie.Ce sacrement sanctifie l&rsquo;alliance entre un homme et une femme, unis par un m\u00eame amour, \u00e0 l\u2019image [&hellip;]\" \/>\n<meta property=\"og:url\" content=\"https:\/\/www.diocese-limoges.fr\/haute-vienne\/paroisses\/paroisse-saint-leonard-en-limousin\/sacrements\/mariage\/\" \/>\n<meta property=\"og:site_name\" content=\"Doyenn\u00e9s de Haute Vienne\" \/>\n<meta property=\"article:modified_time\" content=\"2026-03-20T10:32:08+00:00\" \/>\n<meta property=\"og:image\" content=\"https:\/\/www.diocese-limoges.fr\/haute-vienne\/wp-content\/uploads\/sites\/4\/2025\/11\/mariage-2-1.jpg\" \/>\n\t<meta property=\"og:image:width\" content=\"1080\" \/>\n\t<meta property=\"og:image:height\" content=\"723\" \/>\n\t<meta property=\"og:image:type\" content=\"image\/jpeg\" \/>\n<meta name=\"twitter:card\" content=\"summary_large_image\" \/>\n<meta name=\"twitter:label1\" content=\"Dur\u00e9e de lecture estim\u00e9e\" \/>\n\t<meta name=\"twitter:data1\" content=\"2 minutes\" \/>\n<script type=\"application\/ld+json\" class=\"yoast-schema-graph\">{\"@context\":\"https:\/\/schema.org\",\"@graph\":[{\"@type\":\"WebPage\",\"@id\":\"https:\/\/www.diocese-limoges.fr\/haute-vienne\/paroisses\/paroisse-saint-leonard-en-limousin\/sacrements\/mariage\/\",\"url\":\"https:\/\/www.diocese-limoges.fr\/haute-vienne\/paroisses\/paroisse-saint-leonard-en-limousin\/sacrements\/mariage\/\",\"name\":\"Nous marier - Doyenn\u00e9s de Haute Vienne\",\"isPartOf\":{\"@id\":\"https:\/\/www.diocese-limoges.fr\/haute-vienne\/#website\"},\"primaryImageOfPage\":{\"@id\":\"https:\/\/www.diocese-limoges.fr\/haute-vienne\/paroisses\/paroisse-saint-leonard-en-limousin\/sacrements\/mariage\/#primaryimage\"},\"image\":{\"@id\":\"https:\/\/www.diocese-limoges.fr\/haute-vienne\/paroisses\/paroisse-saint-leonard-en-limousin\/sacrements\/mariage\/#primaryimage\"},\"thumbnailUrl\":\"https:\/\/www.diocese-limoges.fr\/haute-vienne\/wp-content\/uploads\/sites\/4\/2025\/11\/mariage-2-1.jpg\",\"datePublished\":\"2025-11-07T14:34:24+00:00\",\"dateModified\":\"2026-03-20T10:32:08+00:00\",\"breadcrumb\":{\"@id\":\"https:\/\/www.diocese-limoges.fr\/haute-vienne\/paroisses\/paroisse-saint-leonard-en-limousin\/sacrements\/mariage\/#breadcrumb\"},\"inLanguage\":\"fr-FR\",\"potentialAction\":[{\"@type\":\"ReadAction\",\"target\":[\"https:\/\/www.diocese-limoges.fr\/haute-vienne\/paroisses\/paroisse-saint-leonard-en-limousin\/sacrements\/mariage\/\"]}]},{\"@type\":\"ImageObject\",\"inLanguage\":\"fr-FR\",\"@id\":\"https:\/\/www.diocese-limoges.fr\/haute-vienne\/paroisses\/paroisse-saint-leonard-en-limousin\/sacrements\/mariage\/#primaryimage\",\"url\":\"https:\/\/www.diocese-limoges.fr\/haute-vienne\/wp-content\/uploads\/sites\/4\/2025\/11\/mariage-2-1.jpg\",\"contentUrl\":\"https:\/\/www.diocese-limoges.fr\/haute-vienne\/wp-content\/uploads\/sites\/4\/2025\/11\/mariage-2-1.jpg\",\"width\":1080,\"height\":723},{\"@type\":\"BreadcrumbList\",\"@id\":\"https:\/\/www.diocese-limoges.fr\/haute-vienne\/paroisses\/paroisse-saint-leonard-en-limousin\/sacrements\/mariage\/#breadcrumb\",\"itemListElement\":[{\"@type\":\"ListItem\",\"position\":1,\"name\":\"Accueil\",\"item\":\"https:\/\/www.diocese-limoges.fr\/haute-vienne\/\"},{\"@type\":\"ListItem\",\"position\":2,\"name\":\"Paroisse Saint L\u00e9onard en Limousin\",\"item\":\"https:\/\/www.diocese-limoges.fr\/haute-vienne\/paroisses\/paroisse-saint-leonard-en-limousin\/\"},{\"@type\":\"ListItem\",\"position\":3,\"name\":\"Je souhaite&#8230;\",\"item\":\"https:\/\/www.diocese-limoges.fr\/haute-vienne\/paroisses\/paroisse-saint-leonard-en-limousin\/sacrements\/\"},{\"@type\":\"ListItem\",\"position\":4,\"name\":\"Nous marier\"}]},{\"@type\":\"WebSite\",\"@id\":\"https:\/\/www.diocese-limoges.fr\/haute-vienne\/#website\",\"url\":\"https:\/\/www.diocese-limoges.fr\/haute-vienne\/\",\"name\":\"Doyenn\u00e9s de Haute Vienne\",\"description\":\"Dioc\u00e8se de Limoges\",\"potentialAction\":[{\"@type\":\"SearchAction\",\"target\":{\"@type\":\"EntryPoint\",\"urlTemplate\":\"https:\/\/www.diocese-limoges.fr\/haute-vienne\/?s={search_term_string}\"},\"query-input\":{\"@type\":\"PropertyValueSpecification\",\"valueRequired\":true,\"valueName\":\"search_term_string\"}}],\"inLanguage\":\"fr-FR\"}]}<\/script>\n<!-- \/ Yoast SEO plugin. -->","yoast_head_json":{"title":"Nous marier - Doyenn\u00e9s de Haute Vienne","robots":{"index":"index","follow":"follow","max-snippet":"max-snippet:-1","max-image-preview":"max-image-preview:large","max-video-preview":"max-video-preview:-1"},"canonical":"https:\/\/www.diocese-limoges.fr\/haute-vienne\/paroisses\/paroisse-saint-leonard-en-limousin\/sacrements\/mariage\/","og_locale":"fr_FR","og_type":"article","og_title":"Nous marier - Doyenn\u00e9s de Haute Vienne","og_description":"Le mariage est l\u2019alliance d\u2019un homme et d\u2019une femme qui prennent la d\u00e9cision de vivre ensemble et de s\u2019aimer pour toujours. \u00c0 l\u2019\u00e9glise, ils c\u00e9l\u00e8brent dans la foi en Dieu le sacrement du mariage et s\u2019engagent pour la vie.Ce sacrement sanctifie l&rsquo;alliance entre un homme et une femme, unis par un m\u00eame amour, \u00e0 l\u2019image [&hellip;]","og_url":"https:\/\/www.diocese-limoges.fr\/haute-vienne\/paroisses\/paroisse-saint-leonard-en-limousin\/sacrements\/mariage\/","og_site_name":"Doyenn\u00e9s de Haute Vienne","article_modified_time":"2026-03-20T10:32:08+00:00","og_image":[{"width":1080,"height":723,"url":"https:\/\/www.diocese-limoges.fr\/haute-vienne\/wp-content\/uploads\/sites\/4\/2025\/11\/mariage-2-1.jpg","type":"image\/jpeg"}],"twitter_card":"summary_large_image","twitter_misc":{"Dur\u00e9e de lecture estim\u00e9e":"2 minutes"},"schema":{"@context":"https:\/\/schema.org","@graph":[{"@type":"WebPage","@id":"https:\/\/www.diocese-limoges.fr\/haute-vienne\/paroisses\/paroisse-saint-leonard-en-limousin\/sacrements\/mariage\/","url":"https:\/\/www.diocese-limoges.fr\/haute-vienne\/paroisses\/paroisse-saint-leonard-en-limousin\/sacrements\/mariage\/","name":"Nous marier - Doyenn\u00e9s de Haute Vienne","isPartOf":{"@id":"https:\/\/www.diocese-limoges.fr\/haute-vienne\/#website"},"primaryImageOfPage":{"@id":"https:\/\/www.diocese-limoges.fr\/haute-vienne\/paroisses\/paroisse-saint-leonard-en-limousin\/sacrements\/mariage\/#primaryimage"},"image":{"@id":"https:\/\/www.diocese-limoges.fr\/haute-vienne\/paroisses\/paroisse-saint-leonard-en-limousin\/sacrements\/mariage\/#primaryimage"},"thumbnailUrl":"https:\/\/www.diocese-limoges.fr\/haute-vienne\/wp-content\/uploads\/sites\/4\/2025\/11\/mariage-2-1.jpg","datePublished":"2025-11-07T14:34:24+00:00","dateModified":"2026-03-20T10:32:08+00:00","breadcrumb":{"@id":"https:\/\/www.diocese-limoges.fr\/haute-vienne\/paroisses\/paroisse-saint-leonard-en-limousin\/sacrements\/mariage\/#breadcrumb"},"inLanguage":"fr-FR","potentialAction":[{"@type":"ReadAction","target":["https:\/\/www.diocese-limoges.fr\/haute-vienne\/paroisses\/paroisse-saint-leonard-en-limousin\/sacrements\/mariage\/"]}]},{"@type":"ImageObject","inLanguage":"fr-FR","@id":"https:\/\/www.diocese-limoges.fr\/haute-vienne\/paroisses\/paroisse-saint-leonard-en-limousin\/sacrements\/mariage\/#primaryimage","url":"https:\/\/www.diocese-limoges.fr\/haute-vienne\/wp-content\/uploads\/sites\/4\/2025\/11\/mariage-2-1.jpg","contentUrl":"https:\/\/www.diocese-limoges.fr\/haute-vienne\/wp-content\/uploads\/sites\/4\/2025\/11\/mariage-2-1.jpg","width":1080,"height":723},{"@type":"BreadcrumbList","@id":"https:\/\/www.diocese-limoges.fr\/haute-vienne\/paroisses\/paroisse-saint-leonard-en-limousin\/sacrements\/mariage\/#breadcrumb","itemListElement":[{"@type":"ListItem","position":1,"name":"Accueil","item":"https:\/\/www.diocese-limoges.fr\/haute-vienne\/"},{"@type":"ListItem","position":2,"name":"Paroisse Saint L\u00e9onard en Limousin","item":"https:\/\/www.diocese-limoges.fr\/haute-vienne\/paroisses\/paroisse-saint-leonard-en-limousin\/"},{"@type":"ListItem","position":3,"name":"Je souhaite&#8230;","item":"https:\/\/www.diocese-limoges.fr\/haute-vienne\/paroisses\/paroisse-saint-leonard-en-limousin\/sacrements\/"},{"@type":"ListItem","position":4,"name":"Nous marier"}]},{"@type":"WebSite","@id":"https:\/\/www.diocese-limoges.fr\/haute-vienne\/#website","url":"https:\/\/www.diocese-limoges.fr\/haute-vienne\/","name":"Doyenn\u00e9s de Haute Vienne","description":"Dioc\u00e8se de Limoges","potentialAction":[{"@type":"SearchAction","target":{"@type":"EntryPoint","urlTemplate":"https:\/\/www.diocese-limoges.fr\/haute-vienne\/?s={search_term_string}"},"query-input":{"@type":"PropertyValueSpecification","valueRequired":true,"valueName":"search_term_string"}}],"inLanguage":"fr-FR"}]}},"_links":{"self":[{"href":"https:\/\/www.diocese-limoges.fr\/haute-vienne\/wp-json\/wp\/v2\/paroisse\/5143","targetHints":{"allow":["GET"]}}],"collection":[{"href":"https:\/\/www.diocese-limoges.fr\/haute-vienne\/wp-json\/wp\/v2\/paroisse"}],"about":[{"href":"https:\/\/www.diocese-limoges.fr\/haute-vienne\/wp-json\/wp\/v2\/types\/paroisse"}],"author":[{"embeddable":true,"href":"https:\/\/www.diocese-limoges.fr\/haute-vienne\/wp-json\/wp\/v2\/users\/24"}],"up":[{"embeddable":true,"href":"https:\/\/www.diocese-limoges.fr\/haute-vienne\/wp-json\/wp\/v2\/paroisse\/5130"}],"wp:featuredmedia":[{"embeddable":true,"href":"https:\/\/www.diocese-limoges.fr\/haute-vienne\/wp-json\/wp\/v2\/media\/5151"}],"wp:attachment":[{"href":"https:\/\/www.diocese-limoges.fr\/haute-vienne\/wp-json\/wp\/v2\/media?parent=5143"}],"curies":[{"name":"wp","href":"https:\/\/api.w.org\/{rel}","templated":true}]}}