{"id":5186,"date":"2025-11-14T15:14:21","date_gmt":"2025-11-14T14:14:21","guid":{"rendered":"https:\/\/www.diocese-limoges.fr\/haute-vienne\/?post_type=paroisse&#038;p=5186"},"modified":"2026-03-20T11:59:20","modified_gmt":"2026-03-20T10:59:20","slug":"rosaire","status":"publish","type":"paroisse","link":"https:\/\/www.diocese-limoges.fr\/haute-vienne\/paroisses\/paroisse-saint-leonard-en-limousin\/prier\/rosaire\/","title":{"rendered":"Rosaire"},"content":{"rendered":"\n<p><strong>Responsable <\/strong>: en attente&nbsp;<\/p>\n\n\n\n<p>&nbsp; &nbsp; &nbsp;Notre \u00e9quipe se r\u00e9unit le&nbsp;deuxi\u00e8me vendredi du mois \u00e0 15h au Centre Paroissial.&nbsp;<\/p>\n\n\n\n<p>&nbsp; &nbsp; &nbsp;Le Rosaire est \u00e0 la fois une pri\u00e8re et une m\u00e9ditation. Nous r\u00e9citons des pri\u00e8res simples (Je vous Salue Marie, Notre P\u00e8re, &#8230;).<br><br>&nbsp; &nbsp; &nbsp;Publi\u00e9 chaque mois, notre feuillet nous permet de m\u00e9diter les principaux \u00e9v\u00e8nements de la vie de J\u00e9sus et de la Vierge Marie. Nous pr\u00e9sentons nos intentions personnelles et celles du monde, nous prions pour la paix, l&rsquo;\u00e9glise, les vocations, les malades, la famille, &#8230;<\/p>\n\n\n\n<p>&nbsp; &nbsp; &nbsp;Nous bavardons aussi avec entrain, joie et bienveillance et terminons toujours par un joyeuux et fervent Av\u00e9 Maria de Lourdes.&nbsp;<\/p>\n\n\n\n<p class=\"has-text-align-center\">Chaque mois d&rsquo;octobre, mois du Rosaire,&nbsp;<br>Nous prions le Chapelet tous les mardis et vendredis \u00e0 18h \u00e0 la Coll\u00e9giale.&nbsp;<\/p>\n\n\n\n<p class=\"has-text-align-center\"><br>Chaque mois de mai, mois de Marie,&nbsp;<br>Nous prions le Chapelet tous les mardis et vendredis \u00e0 17h15 \u00e0 la Coll\u00e9giale.&nbsp;<\/p>\n\n\n<div class=\"wp-block-image\">\n<figure class=\"aligncenter is-resized\"><img decoding=\"async\" src=\"http:\/\/paroisse-saint-leonard.e-monsite.com\/medias\/images\/capture-d-ecran-2024-01-19-103457.png\" alt=\"Capture d ecran 2024 01 19 103457\" style=\"width:433px;height:auto\" \/><\/figure><\/div>\n\n\n<p><\/p>\n","protected":false},"author":24,"featured_media":5187,"parent":5449,"menu_order":2,"template":"","meta":{"_acf_changed":false},"class_list":["post-5186","paroisse","type-paroisse","status-publish","has-post-thumbnail","hentry"],"acf":[],"yoast_head":"<!-- This site is optimized with the Yoast SEO plugin v26.4 - https:\/\/yoast.com\/wordpress\/plugins\/seo\/ -->\n<title>Rosaire - Doyenn\u00e9s de Haute Vienne<\/title>\n<meta name=\"robots\" content=\"index, follow, max-snippet:-1, max-image-preview:large, max-video-preview:-1\" \/>\n<link rel=\"canonical\" href=\"https:\/\/www.diocese-limoges.fr\/haute-vienne\/paroisses\/paroisse-saint-leonard-en-limousin\/prier\/rosaire\/\" \/>\n<meta property=\"og:locale\" content=\"fr_FR\" \/>\n<meta property=\"og:type\" content=\"article\" \/>\n<meta property=\"og:title\" content=\"Rosaire - Doyenn\u00e9s de Haute Vienne\" \/>\n<meta property=\"og:description\" content=\"Responsable : en attente&nbsp; &nbsp; &nbsp; &nbsp;Notre \u00e9quipe se r\u00e9unit le&nbsp;deuxi\u00e8me vendredi du mois \u00e0 15h au Centre Paroissial.&nbsp; &nbsp; &nbsp; &nbsp;Le Rosaire est \u00e0 la fois une pri\u00e8re et une m\u00e9ditation. Nous r\u00e9citons des pri\u00e8res simples (Je vous Salue Marie, Notre P\u00e8re, &#8230;). &nbsp; &nbsp; &nbsp;Publi\u00e9 chaque mois, notre feuillet nous permet de m\u00e9diter [&hellip;]\" \/>\n<meta property=\"og:url\" content=\"https:\/\/www.diocese-limoges.fr\/haute-vienne\/paroisses\/paroisse-saint-leonard-en-limousin\/prier\/rosaire\/\" \/>\n<meta property=\"og:site_name\" content=\"Doyenn\u00e9s de Haute Vienne\" \/>\n<meta property=\"article:modified_time\" content=\"2026-03-20T10:59:20+00:00\" \/>\n<meta property=\"og:image\" content=\"https:\/\/www.diocese-limoges.fr\/haute-vienne\/wp-content\/uploads\/sites\/4\/2025\/11\/er-logo-complet-grand.png\" \/>\n\t<meta property=\"og:image:width\" content=\"800\" \/>\n\t<meta property=\"og:image:height\" content=\"346\" \/>\n\t<meta property=\"og:image:type\" content=\"image\/png\" \/>\n<meta name=\"twitter:card\" content=\"summary_large_image\" \/>\n<meta name=\"twitter:label1\" content=\"Dur\u00e9e de lecture estim\u00e9e\" \/>\n\t<meta name=\"twitter:data1\" content=\"2 minutes\" \/>\n<script type=\"application\/ld+json\" class=\"yoast-schema-graph\">{\"@context\":\"https:\/\/schema.org\",\"@graph\":[{\"@type\":\"WebPage\",\"@id\":\"https:\/\/www.diocese-limoges.fr\/haute-vienne\/paroisses\/paroisse-saint-leonard-en-limousin\/prier\/rosaire\/\",\"url\":\"https:\/\/www.diocese-limoges.fr\/haute-vienne\/paroisses\/paroisse-saint-leonard-en-limousin\/prier\/rosaire\/\",\"name\":\"Rosaire - Doyenn\u00e9s de Haute Vienne\",\"isPartOf\":{\"@id\":\"https:\/\/www.diocese-limoges.fr\/haute-vienne\/#website\"},\"primaryImageOfPage\":{\"@id\":\"https:\/\/www.diocese-limoges.fr\/haute-vienne\/paroisses\/paroisse-saint-leonard-en-limousin\/prier\/rosaire\/#primaryimage\"},\"image\":{\"@id\":\"https:\/\/www.diocese-limoges.fr\/haute-vienne\/paroisses\/paroisse-saint-leonard-en-limousin\/prier\/rosaire\/#primaryimage\"},\"thumbnailUrl\":\"https:\/\/www.diocese-limoges.fr\/haute-vienne\/wp-content\/uploads\/sites\/4\/2025\/11\/er-logo-complet-grand.png\",\"datePublished\":\"2025-11-14T14:14:21+00:00\",\"dateModified\":\"2026-03-20T10:59:20+00:00\",\"breadcrumb\":{\"@id\":\"https:\/\/www.diocese-limoges.fr\/haute-vienne\/paroisses\/paroisse-saint-leonard-en-limousin\/prier\/rosaire\/#breadcrumb\"},\"inLanguage\":\"fr-FR\",\"potentialAction\":[{\"@type\":\"ReadAction\",\"target\":[\"https:\/\/www.diocese-limoges.fr\/haute-vienne\/paroisses\/paroisse-saint-leonard-en-limousin\/prier\/rosaire\/\"]}]},{\"@type\":\"ImageObject\",\"inLanguage\":\"fr-FR\",\"@id\":\"https:\/\/www.diocese-limoges.fr\/haute-vienne\/paroisses\/paroisse-saint-leonard-en-limousin\/prier\/rosaire\/#primaryimage\",\"url\":\"https:\/\/www.diocese-limoges.fr\/haute-vienne\/wp-content\/uploads\/sites\/4\/2025\/11\/er-logo-complet-grand.png\",\"contentUrl\":\"https:\/\/www.diocese-limoges.fr\/haute-vienne\/wp-content\/uploads\/sites\/4\/2025\/11\/er-logo-complet-grand.png\",\"width\":800,\"height\":346},{\"@type\":\"BreadcrumbList\",\"@id\":\"https:\/\/www.diocese-limoges.fr\/haute-vienne\/paroisses\/paroisse-saint-leonard-en-limousin\/prier\/rosaire\/#breadcrumb\",\"itemListElement\":[{\"@type\":\"ListItem\",\"position\":1,\"name\":\"Accueil\",\"item\":\"https:\/\/www.diocese-limoges.fr\/haute-vienne\/\"},{\"@type\":\"ListItem\",\"position\":2,\"name\":\"Paroisse Saint L\u00e9onard en Limousin\",\"item\":\"https:\/\/www.diocese-limoges.fr\/haute-vienne\/paroisses\/paroisse-saint-leonard-en-limousin\/\"},{\"@type\":\"ListItem\",\"position\":3,\"name\":\"Prier\",\"item\":\"https:\/\/www.diocese-limoges.fr\/haute-vienne\/paroisses\/paroisse-saint-leonard-en-limousin\/prier\/\"},{\"@type\":\"ListItem\",\"position\":4,\"name\":\"Rosaire\"}]},{\"@type\":\"WebSite\",\"@id\":\"https:\/\/www.diocese-limoges.fr\/haute-vienne\/#website\",\"url\":\"https:\/\/www.diocese-limoges.fr\/haute-vienne\/\",\"name\":\"Doyenn\u00e9s de Haute Vienne\",\"description\":\"Dioc\u00e8se de Limoges\",\"potentialAction\":[{\"@type\":\"SearchAction\",\"target\":{\"@type\":\"EntryPoint\",\"urlTemplate\":\"https:\/\/www.diocese-limoges.fr\/haute-vienne\/?s={search_term_string}\"},\"query-input\":{\"@type\":\"PropertyValueSpecification\",\"valueRequired\":true,\"valueName\":\"search_term_string\"}}],\"inLanguage\":\"fr-FR\"}]}<\/script>\n<!-- \/ Yoast SEO plugin. -->","yoast_head_json":{"title":"Rosaire - Doyenn\u00e9s de Haute Vienne","robots":{"index":"index","follow":"follow","max-snippet":"max-snippet:-1","max-image-preview":"max-image-preview:large","max-video-preview":"max-video-preview:-1"},"canonical":"https:\/\/www.diocese-limoges.fr\/haute-vienne\/paroisses\/paroisse-saint-leonard-en-limousin\/prier\/rosaire\/","og_locale":"fr_FR","og_type":"article","og_title":"Rosaire - Doyenn\u00e9s de Haute Vienne","og_description":"Responsable : en attente&nbsp; &nbsp; &nbsp; &nbsp;Notre \u00e9quipe se r\u00e9unit le&nbsp;deuxi\u00e8me vendredi du mois \u00e0 15h au Centre Paroissial.&nbsp; &nbsp; &nbsp; &nbsp;Le Rosaire est \u00e0 la fois une pri\u00e8re et une m\u00e9ditation. Nous r\u00e9citons des pri\u00e8res simples (Je vous Salue Marie, Notre P\u00e8re, &#8230;). &nbsp; &nbsp; &nbsp;Publi\u00e9 chaque mois, notre feuillet nous permet de m\u00e9diter [&hellip;]","og_url":"https:\/\/www.diocese-limoges.fr\/haute-vienne\/paroisses\/paroisse-saint-leonard-en-limousin\/prier\/rosaire\/","og_site_name":"Doyenn\u00e9s de Haute Vienne","article_modified_time":"2026-03-20T10:59:20+00:00","og_image":[{"width":800,"height":346,"url":"https:\/\/www.diocese-limoges.fr\/haute-vienne\/wp-content\/uploads\/sites\/4\/2025\/11\/er-logo-complet-grand.png","type":"image\/png"}],"twitter_card":"summary_large_image","twitter_misc":{"Dur\u00e9e de lecture estim\u00e9e":"2 minutes"},"schema":{"@context":"https:\/\/schema.org","@graph":[{"@type":"WebPage","@id":"https:\/\/www.diocese-limoges.fr\/haute-vienne\/paroisses\/paroisse-saint-leonard-en-limousin\/prier\/rosaire\/","url":"https:\/\/www.diocese-limoges.fr\/haute-vienne\/paroisses\/paroisse-saint-leonard-en-limousin\/prier\/rosaire\/","name":"Rosaire - Doyenn\u00e9s de Haute Vienne","isPartOf":{"@id":"https:\/\/www.diocese-limoges.fr\/haute-vienne\/#website"},"primaryImageOfPage":{"@id":"https:\/\/www.diocese-limoges.fr\/haute-vienne\/paroisses\/paroisse-saint-leonard-en-limousin\/prier\/rosaire\/#primaryimage"},"image":{"@id":"https:\/\/www.diocese-limoges.fr\/haute-vienne\/paroisses\/paroisse-saint-leonard-en-limousin\/prier\/rosaire\/#primaryimage"},"thumbnailUrl":"https:\/\/www.diocese-limoges.fr\/haute-vienne\/wp-content\/uploads\/sites\/4\/2025\/11\/er-logo-complet-grand.png","datePublished":"2025-11-14T14:14:21+00:00","dateModified":"2026-03-20T10:59:20+00:00","breadcrumb":{"@id":"https:\/\/www.diocese-limoges.fr\/haute-vienne\/paroisses\/paroisse-saint-leonard-en-limousin\/prier\/rosaire\/#breadcrumb"},"inLanguage":"fr-FR","potentialAction":[{"@type":"ReadAction","target":["https:\/\/www.diocese-limoges.fr\/haute-vienne\/paroisses\/paroisse-saint-leonard-en-limousin\/prier\/rosaire\/"]}]},{"@type":"ImageObject","inLanguage":"fr-FR","@id":"https:\/\/www.diocese-limoges.fr\/haute-vienne\/paroisses\/paroisse-saint-leonard-en-limousin\/prier\/rosaire\/#primaryimage","url":"https:\/\/www.diocese-limoges.fr\/haute-vienne\/wp-content\/uploads\/sites\/4\/2025\/11\/er-logo-complet-grand.png","contentUrl":"https:\/\/www.diocese-limoges.fr\/haute-vienne\/wp-content\/uploads\/sites\/4\/2025\/11\/er-logo-complet-grand.png","width":800,"height":346},{"@type":"BreadcrumbList","@id":"https:\/\/www.diocese-limoges.fr\/haute-vienne\/paroisses\/paroisse-saint-leonard-en-limousin\/prier\/rosaire\/#breadcrumb","itemListElement":[{"@type":"ListItem","position":1,"name":"Accueil","item":"https:\/\/www.diocese-limoges.fr\/haute-vienne\/"},{"@type":"ListItem","position":2,"name":"Paroisse Saint L\u00e9onard en Limousin","item":"https:\/\/www.diocese-limoges.fr\/haute-vienne\/paroisses\/paroisse-saint-leonard-en-limousin\/"},{"@type":"ListItem","position":3,"name":"Prier","item":"https:\/\/www.diocese-limoges.fr\/haute-vienne\/paroisses\/paroisse-saint-leonard-en-limousin\/prier\/"},{"@type":"ListItem","position":4,"name":"Rosaire"}]},{"@type":"WebSite","@id":"https:\/\/www.diocese-limoges.fr\/haute-vienne\/#website","url":"https:\/\/www.diocese-limoges.fr\/haute-vienne\/","name":"Doyenn\u00e9s de Haute Vienne","description":"Dioc\u00e8se de Limoges","potentialAction":[{"@type":"SearchAction","target":{"@type":"EntryPoint","urlTemplate":"https:\/\/www.diocese-limoges.fr\/haute-vienne\/?s={search_term_string}"},"query-input":{"@type":"PropertyValueSpecification","valueRequired":true,"valueName":"search_term_string"}}],"inLanguage":"fr-FR"}]}},"_links":{"self":[{"href":"https:\/\/www.diocese-limoges.fr\/haute-vienne\/wp-json\/wp\/v2\/paroisse\/5186","targetHints":{"allow":["GET"]}}],"collection":[{"href":"https:\/\/www.diocese-limoges.fr\/haute-vienne\/wp-json\/wp\/v2\/paroisse"}],"about":[{"href":"https:\/\/www.diocese-limoges.fr\/haute-vienne\/wp-json\/wp\/v2\/types\/paroisse"}],"author":[{"embeddable":true,"href":"https:\/\/www.diocese-limoges.fr\/haute-vienne\/wp-json\/wp\/v2\/users\/24"}],"up":[{"embeddable":true,"href":"https:\/\/www.diocese-limoges.fr\/haute-vienne\/wp-json\/wp\/v2\/paroisse\/5449"}],"wp:featuredmedia":[{"embeddable":true,"href":"https:\/\/www.diocese-limoges.fr\/haute-vienne\/wp-json\/wp\/v2\/media\/5187"}],"wp:attachment":[{"href":"https:\/\/www.diocese-limoges.fr\/haute-vienne\/wp-json\/wp\/v2\/media?parent=5186"}],"curies":[{"name":"wp","href":"https:\/\/api.w.org\/{rel}","templated":true}]}}