{"id":5188,"date":"2025-11-14T15:28:07","date_gmt":"2025-11-14T14:28:07","guid":{"rendered":"https:\/\/www.diocese-limoges.fr\/haute-vienne\/?post_type=paroisse&#038;p=5188"},"modified":"2026-03-20T13:54:45","modified_gmt":"2026-03-20T12:54:45","slug":"sacrement-de-reconciliation","status":"publish","type":"paroisse","link":"https:\/\/www.diocese-limoges.fr\/haute-vienne\/paroisses\/paroisse-saint-leonard-en-limousin\/sacrements\/sacrement-de-reconciliation\/","title":{"rendered":"Me confesser"},"content":{"rendered":"\n<p>Le sacrement de r\u00e9conciliation est propos\u00e9 en g\u00e9n\u00e9ral trois ou quatre fois par an \u00e0 l&rsquo;occasion des grandes f\u00eates.<\/p>\n\n\n\n<p><strong>Pour vous aider \u00e0 d\u00e9courvir ce sacrement et \u00e0 vous pr\u00e9parer :&nbsp;<\/strong><img loading=\"lazy\" decoding=\"async\" alt=\"Se confesser aventavent\" height=\"16\" src=\"http:\/\/paroisse-saint-leonard.e-monsite.com\/medias\/static\/fileicon\/pdf.png\" width=\"16\"><a href=\"http:\/\/paroisse-saint-leonard.e-monsite.com\/medias\/files\/se-confesser-aventavent-.pdf\">Se confesser aventavent<\/a> (254.58 Ko)<strong><\/strong><\/p>\n\n\n\n<p>On peut toujours si on le d\u00e9sire prendre rendez-vous en dehors de ces moments avec un pr\u00eatre pour une confession individuelle, soit autour des messes en semaine, soit en contactant le secr\u00e9tariat.&nbsp;<\/p>\n\n\n\n<p><mark style=\"background-color:#9b51e0\" class=\"has-inline-color\">Sacrement de r\u00e9conciliation : <\/mark><br>Mercredi 1er avril \u00e0 16h : C\u00e9l\u00e9bration p\u00e9nitentielle suivie de confessions individuelles <br>Samedi 4 avril de 10h\u00a0\u00e0 12h : Confessions individuelles \u00a0<\/p>\n\n\n\n<p><\/p>\n","protected":false},"author":24,"featured_media":5216,"parent":5130,"menu_order":6,"template":"","meta":{"_acf_changed":false},"class_list":["post-5188","paroisse","type-paroisse","status-publish","has-post-thumbnail","hentry"],"acf":[],"yoast_head":"<!-- This site is optimized with the Yoast SEO plugin v26.4 - https:\/\/yoast.com\/wordpress\/plugins\/seo\/ -->\n<title>Me confesser - Doyenn\u00e9s de Haute Vienne<\/title>\n<meta name=\"robots\" content=\"index, follow, max-snippet:-1, max-image-preview:large, max-video-preview:-1\" \/>\n<link rel=\"canonical\" href=\"https:\/\/www.diocese-limoges.fr\/haute-vienne\/paroisses\/paroisse-saint-leonard-en-limousin\/sacrements\/sacrement-de-reconciliation\/\" \/>\n<meta property=\"og:locale\" content=\"fr_FR\" \/>\n<meta property=\"og:type\" content=\"article\" \/>\n<meta property=\"og:title\" content=\"Me confesser - Doyenn\u00e9s de Haute Vienne\" \/>\n<meta property=\"og:description\" content=\"Le sacrement de r\u00e9conciliation est propos\u00e9 en g\u00e9n\u00e9ral trois ou quatre fois par an \u00e0 l&rsquo;occasion des grandes f\u00eates. Pour vous aider \u00e0 d\u00e9courvir ce sacrement et \u00e0 vous pr\u00e9parer :&nbsp;Se confesser aventavent (254.58 Ko) On peut toujours si on le d\u00e9sire prendre rendez-vous en dehors de ces moments avec un pr\u00eatre pour une confession [&hellip;]\" \/>\n<meta property=\"og:url\" content=\"https:\/\/www.diocese-limoges.fr\/haute-vienne\/paroisses\/paroisse-saint-leonard-en-limousin\/sacrements\/sacrement-de-reconciliation\/\" \/>\n<meta property=\"og:site_name\" content=\"Doyenn\u00e9s de Haute Vienne\" \/>\n<meta property=\"article:modified_time\" content=\"2026-03-20T12:54:45+00:00\" \/>\n<meta property=\"og:image\" content=\"https:\/\/www.diocese-limoges.fr\/haute-vienne\/wp-content\/uploads\/sites\/4\/2025\/11\/sacrement-de-reconciliation-2-1024x683.png\" \/>\n\t<meta property=\"og:image:width\" content=\"1024\" \/>\n\t<meta property=\"og:image:height\" content=\"683\" \/>\n\t<meta property=\"og:image:type\" content=\"image\/png\" \/>\n<meta name=\"twitter:card\" content=\"summary_large_image\" \/>\n<meta name=\"twitter:label1\" content=\"Dur\u00e9e de lecture estim\u00e9e\" \/>\n\t<meta name=\"twitter:data1\" content=\"1 minute\" \/>\n<script type=\"application\/ld+json\" class=\"yoast-schema-graph\">{\"@context\":\"https:\/\/schema.org\",\"@graph\":[{\"@type\":\"WebPage\",\"@id\":\"https:\/\/www.diocese-limoges.fr\/haute-vienne\/paroisses\/paroisse-saint-leonard-en-limousin\/sacrements\/sacrement-de-reconciliation\/\",\"url\":\"https:\/\/www.diocese-limoges.fr\/haute-vienne\/paroisses\/paroisse-saint-leonard-en-limousin\/sacrements\/sacrement-de-reconciliation\/\",\"name\":\"Me confesser - Doyenn\u00e9s de Haute Vienne\",\"isPartOf\":{\"@id\":\"https:\/\/www.diocese-limoges.fr\/haute-vienne\/#website\"},\"primaryImageOfPage\":{\"@id\":\"https:\/\/www.diocese-limoges.fr\/haute-vienne\/paroisses\/paroisse-saint-leonard-en-limousin\/sacrements\/sacrement-de-reconciliation\/#primaryimage\"},\"image\":{\"@id\":\"https:\/\/www.diocese-limoges.fr\/haute-vienne\/paroisses\/paroisse-saint-leonard-en-limousin\/sacrements\/sacrement-de-reconciliation\/#primaryimage\"},\"thumbnailUrl\":\"https:\/\/www.diocese-limoges.fr\/haute-vienne\/wp-content\/uploads\/sites\/4\/2025\/11\/sacrement-de-reconciliation-2.png\",\"datePublished\":\"2025-11-14T14:28:07+00:00\",\"dateModified\":\"2026-03-20T12:54:45+00:00\",\"breadcrumb\":{\"@id\":\"https:\/\/www.diocese-limoges.fr\/haute-vienne\/paroisses\/paroisse-saint-leonard-en-limousin\/sacrements\/sacrement-de-reconciliation\/#breadcrumb\"},\"inLanguage\":\"fr-FR\",\"potentialAction\":[{\"@type\":\"ReadAction\",\"target\":[\"https:\/\/www.diocese-limoges.fr\/haute-vienne\/paroisses\/paroisse-saint-leonard-en-limousin\/sacrements\/sacrement-de-reconciliation\/\"]}]},{\"@type\":\"ImageObject\",\"inLanguage\":\"fr-FR\",\"@id\":\"https:\/\/www.diocese-limoges.fr\/haute-vienne\/paroisses\/paroisse-saint-leonard-en-limousin\/sacrements\/sacrement-de-reconciliation\/#primaryimage\",\"url\":\"https:\/\/www.diocese-limoges.fr\/haute-vienne\/wp-content\/uploads\/sites\/4\/2025\/11\/sacrement-de-reconciliation-2.png\",\"contentUrl\":\"https:\/\/www.diocese-limoges.fr\/haute-vienne\/wp-content\/uploads\/sites\/4\/2025\/11\/sacrement-de-reconciliation-2.png\",\"width\":1536,\"height\":1024},{\"@type\":\"BreadcrumbList\",\"@id\":\"https:\/\/www.diocese-limoges.fr\/haute-vienne\/paroisses\/paroisse-saint-leonard-en-limousin\/sacrements\/sacrement-de-reconciliation\/#breadcrumb\",\"itemListElement\":[{\"@type\":\"ListItem\",\"position\":1,\"name\":\"Accueil\",\"item\":\"https:\/\/www.diocese-limoges.fr\/haute-vienne\/\"},{\"@type\":\"ListItem\",\"position\":2,\"name\":\"Paroisse Saint L\u00e9onard en Limousin\",\"item\":\"https:\/\/www.diocese-limoges.fr\/haute-vienne\/paroisses\/paroisse-saint-leonard-en-limousin\/\"},{\"@type\":\"ListItem\",\"position\":3,\"name\":\"Je souhaite&#8230;\",\"item\":\"https:\/\/www.diocese-limoges.fr\/haute-vienne\/paroisses\/paroisse-saint-leonard-en-limousin\/sacrements\/\"},{\"@type\":\"ListItem\",\"position\":4,\"name\":\"Me confesser\"}]},{\"@type\":\"WebSite\",\"@id\":\"https:\/\/www.diocese-limoges.fr\/haute-vienne\/#website\",\"url\":\"https:\/\/www.diocese-limoges.fr\/haute-vienne\/\",\"name\":\"Doyenn\u00e9s de Haute Vienne\",\"description\":\"Dioc\u00e8se de Limoges\",\"potentialAction\":[{\"@type\":\"SearchAction\",\"target\":{\"@type\":\"EntryPoint\",\"urlTemplate\":\"https:\/\/www.diocese-limoges.fr\/haute-vienne\/?s={search_term_string}\"},\"query-input\":{\"@type\":\"PropertyValueSpecification\",\"valueRequired\":true,\"valueName\":\"search_term_string\"}}],\"inLanguage\":\"fr-FR\"}]}<\/script>\n<!-- \/ Yoast SEO plugin. -->","yoast_head_json":{"title":"Me confesser - Doyenn\u00e9s de Haute Vienne","robots":{"index":"index","follow":"follow","max-snippet":"max-snippet:-1","max-image-preview":"max-image-preview:large","max-video-preview":"max-video-preview:-1"},"canonical":"https:\/\/www.diocese-limoges.fr\/haute-vienne\/paroisses\/paroisse-saint-leonard-en-limousin\/sacrements\/sacrement-de-reconciliation\/","og_locale":"fr_FR","og_type":"article","og_title":"Me confesser - Doyenn\u00e9s de Haute Vienne","og_description":"Le sacrement de r\u00e9conciliation est propos\u00e9 en g\u00e9n\u00e9ral trois ou quatre fois par an \u00e0 l&rsquo;occasion des grandes f\u00eates. Pour vous aider \u00e0 d\u00e9courvir ce sacrement et \u00e0 vous pr\u00e9parer :&nbsp;Se confesser aventavent (254.58 Ko) On peut toujours si on le d\u00e9sire prendre rendez-vous en dehors de ces moments avec un pr\u00eatre pour une confession [&hellip;]","og_url":"https:\/\/www.diocese-limoges.fr\/haute-vienne\/paroisses\/paroisse-saint-leonard-en-limousin\/sacrements\/sacrement-de-reconciliation\/","og_site_name":"Doyenn\u00e9s de Haute Vienne","article_modified_time":"2026-03-20T12:54:45+00:00","og_image":[{"width":1024,"height":683,"url":"https:\/\/www.diocese-limoges.fr\/haute-vienne\/wp-content\/uploads\/sites\/4\/2025\/11\/sacrement-de-reconciliation-2-1024x683.png","type":"image\/png"}],"twitter_card":"summary_large_image","twitter_misc":{"Dur\u00e9e de lecture estim\u00e9e":"1 minute"},"schema":{"@context":"https:\/\/schema.org","@graph":[{"@type":"WebPage","@id":"https:\/\/www.diocese-limoges.fr\/haute-vienne\/paroisses\/paroisse-saint-leonard-en-limousin\/sacrements\/sacrement-de-reconciliation\/","url":"https:\/\/www.diocese-limoges.fr\/haute-vienne\/paroisses\/paroisse-saint-leonard-en-limousin\/sacrements\/sacrement-de-reconciliation\/","name":"Me confesser - Doyenn\u00e9s de Haute Vienne","isPartOf":{"@id":"https:\/\/www.diocese-limoges.fr\/haute-vienne\/#website"},"primaryImageOfPage":{"@id":"https:\/\/www.diocese-limoges.fr\/haute-vienne\/paroisses\/paroisse-saint-leonard-en-limousin\/sacrements\/sacrement-de-reconciliation\/#primaryimage"},"image":{"@id":"https:\/\/www.diocese-limoges.fr\/haute-vienne\/paroisses\/paroisse-saint-leonard-en-limousin\/sacrements\/sacrement-de-reconciliation\/#primaryimage"},"thumbnailUrl":"https:\/\/www.diocese-limoges.fr\/haute-vienne\/wp-content\/uploads\/sites\/4\/2025\/11\/sacrement-de-reconciliation-2.png","datePublished":"2025-11-14T14:28:07+00:00","dateModified":"2026-03-20T12:54:45+00:00","breadcrumb":{"@id":"https:\/\/www.diocese-limoges.fr\/haute-vienne\/paroisses\/paroisse-saint-leonard-en-limousin\/sacrements\/sacrement-de-reconciliation\/#breadcrumb"},"inLanguage":"fr-FR","potentialAction":[{"@type":"ReadAction","target":["https:\/\/www.diocese-limoges.fr\/haute-vienne\/paroisses\/paroisse-saint-leonard-en-limousin\/sacrements\/sacrement-de-reconciliation\/"]}]},{"@type":"ImageObject","inLanguage":"fr-FR","@id":"https:\/\/www.diocese-limoges.fr\/haute-vienne\/paroisses\/paroisse-saint-leonard-en-limousin\/sacrements\/sacrement-de-reconciliation\/#primaryimage","url":"https:\/\/www.diocese-limoges.fr\/haute-vienne\/wp-content\/uploads\/sites\/4\/2025\/11\/sacrement-de-reconciliation-2.png","contentUrl":"https:\/\/www.diocese-limoges.fr\/haute-vienne\/wp-content\/uploads\/sites\/4\/2025\/11\/sacrement-de-reconciliation-2.png","width":1536,"height":1024},{"@type":"BreadcrumbList","@id":"https:\/\/www.diocese-limoges.fr\/haute-vienne\/paroisses\/paroisse-saint-leonard-en-limousin\/sacrements\/sacrement-de-reconciliation\/#breadcrumb","itemListElement":[{"@type":"ListItem","position":1,"name":"Accueil","item":"https:\/\/www.diocese-limoges.fr\/haute-vienne\/"},{"@type":"ListItem","position":2,"name":"Paroisse Saint L\u00e9onard en Limousin","item":"https:\/\/www.diocese-limoges.fr\/haute-vienne\/paroisses\/paroisse-saint-leonard-en-limousin\/"},{"@type":"ListItem","position":3,"name":"Je souhaite&#8230;","item":"https:\/\/www.diocese-limoges.fr\/haute-vienne\/paroisses\/paroisse-saint-leonard-en-limousin\/sacrements\/"},{"@type":"ListItem","position":4,"name":"Me confesser"}]},{"@type":"WebSite","@id":"https:\/\/www.diocese-limoges.fr\/haute-vienne\/#website","url":"https:\/\/www.diocese-limoges.fr\/haute-vienne\/","name":"Doyenn\u00e9s de Haute Vienne","description":"Dioc\u00e8se de Limoges","potentialAction":[{"@type":"SearchAction","target":{"@type":"EntryPoint","urlTemplate":"https:\/\/www.diocese-limoges.fr\/haute-vienne\/?s={search_term_string}"},"query-input":{"@type":"PropertyValueSpecification","valueRequired":true,"valueName":"search_term_string"}}],"inLanguage":"fr-FR"}]}},"_links":{"self":[{"href":"https:\/\/www.diocese-limoges.fr\/haute-vienne\/wp-json\/wp\/v2\/paroisse\/5188","targetHints":{"allow":["GET"]}}],"collection":[{"href":"https:\/\/www.diocese-limoges.fr\/haute-vienne\/wp-json\/wp\/v2\/paroisse"}],"about":[{"href":"https:\/\/www.diocese-limoges.fr\/haute-vienne\/wp-json\/wp\/v2\/types\/paroisse"}],"author":[{"embeddable":true,"href":"https:\/\/www.diocese-limoges.fr\/haute-vienne\/wp-json\/wp\/v2\/users\/24"}],"up":[{"embeddable":true,"href":"https:\/\/www.diocese-limoges.fr\/haute-vienne\/wp-json\/wp\/v2\/paroisse\/5130"}],"wp:featuredmedia":[{"embeddable":true,"href":"https:\/\/www.diocese-limoges.fr\/haute-vienne\/wp-json\/wp\/v2\/media\/5216"}],"wp:attachment":[{"href":"https:\/\/www.diocese-limoges.fr\/haute-vienne\/wp-json\/wp\/v2\/media?parent=5188"}],"curies":[{"name":"wp","href":"https:\/\/api.w.org\/{rel}","templated":true}]}}