{"id":5189,"date":"2025-11-14T15:37:56","date_gmt":"2025-11-14T14:37:56","guid":{"rendered":"https:\/\/www.diocese-limoges.fr\/haute-vienne\/?post_type=paroisse&#038;p=5189"},"modified":"2026-03-20T11:33:11","modified_gmt":"2026-03-20T10:33:11","slug":"onction-des-malades","status":"publish","type":"paroisse","link":"https:\/\/www.diocese-limoges.fr\/haute-vienne\/paroisses\/paroisse-saint-leonard-en-limousin\/sacrements\/onction-des-malades\/","title":{"rendered":"Recevoir l&rsquo;onction des malades"},"content":{"rendered":"\n<p><em>Signe de la tendresse de Dieu pour la personne qui souffre<\/em><\/p>\n\n\n\n<p><strong><mark style=\"background-color:#9b51e0\" class=\"has-inline-color\">Qui contacter ? <\/mark><\/strong><br>La paroisse au 05 55 56 31 37 ou paroisse.stleonard.noblat@diocesse-limoges.fr<\/p>\n\n\n\n<p><strong><mark style=\"background-color:#9b51e0\" class=\"has-inline-color\">Pourquoi ce sacrement ?<\/mark><\/strong><br>pour un r\u00e9confort dans la souffrance<br>pour un soutien dans l&rsquo;\u00e9preuve<br>pour un appui dans la vieillesse<br>pour recevoir la Paix du Seigneur ressuscit\u00e9<\/p>\n\n\n\n<p><strong><mark style=\"background-color:#9b51e0\" class=\"has-inline-color\">Ce sacrement est-il pour moi maintenant ?<\/mark><\/strong><br>Oui, si ma sant\u00e9 commence \u00e0 \u00eatre s\u00e9rieusement atteinte par la maladie ou par l&rsquo;\u00e2ge.<br>Oui, si j&rsquo;ai une maladie grave.<br>Oui, si je vais subir une op\u00e9ration risqu\u00e9e.<br>Oui, si je regarde avec foi, lucidit\u00e9 et esp\u00e9rance mon \u00e9tat de sant\u00e9.<\/p>\n\n\n\n<p><strong><mark style=\"background-color:#9b51e0\" class=\"has-inline-color\">Des gestes importants<\/mark><\/strong><br>L&rsquo;imposition des mains : geste traditionnel dans l&rsquo;\u00e9glise, il marque le d\u00e9but d&rsquo;une nouvelle mission.<br>Deux onctions d&rsquo;huile : sur le front : \u00ab\u00a0Par cette onction, que le Seigneur, dans sa grande bont\u00e9, vous r\u00e9conforte par la gr\u00e2ce de l&rsquo;Esprit Saint.\u00a0\u00bb<br>dans les mains : \u00ab\u00a0Vous ayant ainsi lib\u00e9r\u00e9 de tout p\u00e9ch\u00e9, que le Seigneur vous sauve et vous rel\u00e8ve.\u00a0\u00bb<\/p>\n\n\n\n<p><em>Dans la maladie, n&rsquo;oublions pas que le malade peut :<\/em><br><em>PRIER<\/em><br><em>VIVRE<\/em><br><em>ses souffrances avec celles du Christ<\/em><br><em>DONNER<\/em><br><em>l&rsquo;exemple de la s\u00e9r\u00e9nit\u00e9 et du courage<\/em><\/p>\n\n\n\n<p><em>L&rsquo;Eglise s&rsquo;engage<\/em><br><em>&nbsp;&nbsp;&nbsp;&nbsp; \u00e0 accompagner le malade,<\/em><br><em>&nbsp;&nbsp;&nbsp;&nbsp; \u00e0 ne pas le laisser seul face au mal,<\/em><br><em>&nbsp;&nbsp;&nbsp;&nbsp; \u00e0 l&rsquo;aider \u00e0 s&rsquo;identifier au Chrsit.<\/em><\/p>\n\n\n\n<p><strong><mark style=\"background-color:#9b51e0\" class=\"has-inline-color\">Pour se pr\u00e9parer<\/mark><\/strong><br>En parler \u00e0 la personne de la communaut\u00e9 qui vous visite habituellement (la\u00efc, religieuse ou pr\u00eatre).<br>R\u00e9fl\u00e9chir sur ce sacrement \u00e0 partir du feuillet qui vous sera remis.<br>Lire l&rsquo;Evangile, prier et peut-\u00eatre, recevoir le sacrement de r\u00e9conciliation<br><br><strong><mark style=\"background-color:#9b51e0\" class=\"has-inline-color\">Une rencontre privil\u00e9gi\u00e9e avec le Christ<\/mark><\/strong><br>Dans ma maladie, le Seigneur se fait proche de moi. Je ne suis plus seul face au mal.<br>J\u00e9sus n&rsquo;explique pas la souffrance. Elle reste un myst\u00e8re et une question pour ma foi. Elle n&rsquo;exclut pas angoisse et r\u00e9volte avant d&rsquo;arriver \u00e0 la s\u00e9r\u00e9nit\u00e9.<br>A travers ce sacrement, J\u00e9sus m&rsquo;invite :<br><em><strong>\u00e0 une d\u00e9marche de foi <\/strong>: sa pr\u00e9sence et sa tendresse pour ceux qui souffrent m&rsquo;aideront \u00e0 vivre l&rsquo;\u00e9preuve de la maladie ;<\/em><br><em><strong>\u00e0 une d\u00e9marche d&rsquo;Esp\u00e9rance <\/strong>pour la Vie, Vie \u00e0 laquelle nous sommes destin\u00e9s depuis notre bapt\u00eame. L&rsquo;Esprit re\u00e7u renouvellera mes forces physiques et morales et m&rsquo;accordera sa paix ;<\/em><br><em><strong>\u00e0 un rendez-vous de charit\u00e9 <\/strong>: charit\u00e9 du Christ, charit\u00e9 de l&rsquo;Eglise manifest\u00e9e par les quelques personnes pr\u00e9sentes<\/em>.<br><br>J\u00e9sus Christ est la source de mon esp\u00e9rance<\/p>\n\n\n\n<p class=\"has-text-align-left\"><strong><mark style=\"background-color:#9b51e0\" class=\"has-inline-color\">Pri\u00e8re d&rsquo;un malade<\/mark><\/strong><\/p>\n\n\n\n<p class=\"has-text-align-center\">Quand rien ne va plus<br>et que je dis : \u00e0 quoi \u00e7a sert de se battre<br>Je peux encore me tourner vers Toi,<br>Te prier et te demander de m&rsquo;aider.<br>Tu as mis en moi la passion<br>de vivre et d&rsquo;avancer,<br>Tu m&rsquo;as choisi pour faire triompher la vie,<br>Tu ne peux pas me laisser tomber.<br><br>Seigneur, sois mon r\u00e9confort,<br>Apporte moi cette bouff\u00e9e d&rsquo;esp\u00e9rance<br>Qui me soutiendra toute la journ\u00e9e.<br>Tu es mon compagnon d&rsquo;attente des jours meilleurs<br>Avec Toi je reprendrai la route de la vie<br>Et sans fin je proclamerai ton amour.<\/p>\n","protected":false},"author":24,"featured_media":5191,"parent":5130,"menu_order":7,"template":"","meta":{"_acf_changed":false},"class_list":["post-5189","paroisse","type-paroisse","status-publish","has-post-thumbnail","hentry"],"acf":[],"yoast_head":"<!-- This site is optimized with the Yoast SEO plugin v26.4 - https:\/\/yoast.com\/wordpress\/plugins\/seo\/ -->\n<title>Recevoir l&#039;onction des malades - Doyenn\u00e9s de Haute Vienne<\/title>\n<meta name=\"robots\" content=\"index, follow, max-snippet:-1, max-image-preview:large, max-video-preview:-1\" \/>\n<link rel=\"canonical\" href=\"https:\/\/www.diocese-limoges.fr\/haute-vienne\/paroisses\/paroisse-saint-leonard-en-limousin\/sacrements\/onction-des-malades\/\" \/>\n<meta property=\"og:locale\" content=\"fr_FR\" \/>\n<meta property=\"og:type\" content=\"article\" \/>\n<meta property=\"og:title\" content=\"Recevoir l&#039;onction des malades - Doyenn\u00e9s de Haute Vienne\" \/>\n<meta property=\"og:description\" content=\"Signe de la tendresse de Dieu pour la personne qui souffre Qui contacter ? La paroisse au 05 55 56 31 37 ou paroisse.stleonard.noblat@diocesse-limoges.fr Pourquoi ce sacrement ?pour un r\u00e9confort dans la souffrancepour un soutien dans l&rsquo;\u00e9preuvepour un appui dans la vieillessepour recevoir la Paix du Seigneur ressuscit\u00e9 Ce sacrement est-il pour moi maintenant ?Oui, [&hellip;]\" \/>\n<meta property=\"og:url\" content=\"https:\/\/www.diocese-limoges.fr\/haute-vienne\/paroisses\/paroisse-saint-leonard-en-limousin\/sacrements\/onction-des-malades\/\" \/>\n<meta property=\"og:site_name\" content=\"Doyenn\u00e9s de Haute Vienne\" \/>\n<meta property=\"article:modified_time\" content=\"2026-03-20T10:33:11+00:00\" \/>\n<meta property=\"og:image\" content=\"https:\/\/www.diocese-limoges.fr\/haute-vienne\/wp-content\/uploads\/sites\/4\/2025\/11\/capture-decran-2025-11-14-153658.png\" \/>\n\t<meta property=\"og:image:width\" content=\"1380\" \/>\n\t<meta property=\"og:image:height\" content=\"330\" \/>\n\t<meta property=\"og:image:type\" content=\"image\/png\" \/>\n<meta name=\"twitter:card\" content=\"summary_large_image\" \/>\n<meta name=\"twitter:label1\" content=\"Dur\u00e9e de lecture estim\u00e9e\" \/>\n\t<meta name=\"twitter:data1\" content=\"3 minutes\" \/>\n<script type=\"application\/ld+json\" class=\"yoast-schema-graph\">{\"@context\":\"https:\/\/schema.org\",\"@graph\":[{\"@type\":\"WebPage\",\"@id\":\"https:\/\/www.diocese-limoges.fr\/haute-vienne\/paroisses\/paroisse-saint-leonard-en-limousin\/sacrements\/onction-des-malades\/\",\"url\":\"https:\/\/www.diocese-limoges.fr\/haute-vienne\/paroisses\/paroisse-saint-leonard-en-limousin\/sacrements\/onction-des-malades\/\",\"name\":\"Recevoir l'onction des malades - Doyenn\u00e9s de Haute Vienne\",\"isPartOf\":{\"@id\":\"https:\/\/www.diocese-limoges.fr\/haute-vienne\/#website\"},\"primaryImageOfPage\":{\"@id\":\"https:\/\/www.diocese-limoges.fr\/haute-vienne\/paroisses\/paroisse-saint-leonard-en-limousin\/sacrements\/onction-des-malades\/#primaryimage\"},\"image\":{\"@id\":\"https:\/\/www.diocese-limoges.fr\/haute-vienne\/paroisses\/paroisse-saint-leonard-en-limousin\/sacrements\/onction-des-malades\/#primaryimage\"},\"thumbnailUrl\":\"https:\/\/www.diocese-limoges.fr\/haute-vienne\/wp-content\/uploads\/sites\/4\/2025\/11\/capture-decran-2025-11-14-153658.png\",\"datePublished\":\"2025-11-14T14:37:56+00:00\",\"dateModified\":\"2026-03-20T10:33:11+00:00\",\"breadcrumb\":{\"@id\":\"https:\/\/www.diocese-limoges.fr\/haute-vienne\/paroisses\/paroisse-saint-leonard-en-limousin\/sacrements\/onction-des-malades\/#breadcrumb\"},\"inLanguage\":\"fr-FR\",\"potentialAction\":[{\"@type\":\"ReadAction\",\"target\":[\"https:\/\/www.diocese-limoges.fr\/haute-vienne\/paroisses\/paroisse-saint-leonard-en-limousin\/sacrements\/onction-des-malades\/\"]}]},{\"@type\":\"ImageObject\",\"inLanguage\":\"fr-FR\",\"@id\":\"https:\/\/www.diocese-limoges.fr\/haute-vienne\/paroisses\/paroisse-saint-leonard-en-limousin\/sacrements\/onction-des-malades\/#primaryimage\",\"url\":\"https:\/\/www.diocese-limoges.fr\/haute-vienne\/wp-content\/uploads\/sites\/4\/2025\/11\/capture-decran-2025-11-14-153658.png\",\"contentUrl\":\"https:\/\/www.diocese-limoges.fr\/haute-vienne\/wp-content\/uploads\/sites\/4\/2025\/11\/capture-decran-2025-11-14-153658.png\",\"width\":1380,\"height\":330},{\"@type\":\"BreadcrumbList\",\"@id\":\"https:\/\/www.diocese-limoges.fr\/haute-vienne\/paroisses\/paroisse-saint-leonard-en-limousin\/sacrements\/onction-des-malades\/#breadcrumb\",\"itemListElement\":[{\"@type\":\"ListItem\",\"position\":1,\"name\":\"Accueil\",\"item\":\"https:\/\/www.diocese-limoges.fr\/haute-vienne\/\"},{\"@type\":\"ListItem\",\"position\":2,\"name\":\"Paroisse Saint L\u00e9onard en Limousin\",\"item\":\"https:\/\/www.diocese-limoges.fr\/haute-vienne\/paroisses\/paroisse-saint-leonard-en-limousin\/\"},{\"@type\":\"ListItem\",\"position\":3,\"name\":\"Je souhaite&#8230;\",\"item\":\"https:\/\/www.diocese-limoges.fr\/haute-vienne\/paroisses\/paroisse-saint-leonard-en-limousin\/sacrements\/\"},{\"@type\":\"ListItem\",\"position\":4,\"name\":\"Recevoir l&rsquo;onction des malades\"}]},{\"@type\":\"WebSite\",\"@id\":\"https:\/\/www.diocese-limoges.fr\/haute-vienne\/#website\",\"url\":\"https:\/\/www.diocese-limoges.fr\/haute-vienne\/\",\"name\":\"Doyenn\u00e9s de Haute Vienne\",\"description\":\"Dioc\u00e8se de Limoges\",\"potentialAction\":[{\"@type\":\"SearchAction\",\"target\":{\"@type\":\"EntryPoint\",\"urlTemplate\":\"https:\/\/www.diocese-limoges.fr\/haute-vienne\/?s={search_term_string}\"},\"query-input\":{\"@type\":\"PropertyValueSpecification\",\"valueRequired\":true,\"valueName\":\"search_term_string\"}}],\"inLanguage\":\"fr-FR\"}]}<\/script>\n<!-- \/ Yoast SEO plugin. -->","yoast_head_json":{"title":"Recevoir l'onction des malades - Doyenn\u00e9s de Haute Vienne","robots":{"index":"index","follow":"follow","max-snippet":"max-snippet:-1","max-image-preview":"max-image-preview:large","max-video-preview":"max-video-preview:-1"},"canonical":"https:\/\/www.diocese-limoges.fr\/haute-vienne\/paroisses\/paroisse-saint-leonard-en-limousin\/sacrements\/onction-des-malades\/","og_locale":"fr_FR","og_type":"article","og_title":"Recevoir l'onction des malades - Doyenn\u00e9s de Haute Vienne","og_description":"Signe de la tendresse de Dieu pour la personne qui souffre Qui contacter ? La paroisse au 05 55 56 31 37 ou paroisse.stleonard.noblat@diocesse-limoges.fr Pourquoi ce sacrement ?pour un r\u00e9confort dans la souffrancepour un soutien dans l&rsquo;\u00e9preuvepour un appui dans la vieillessepour recevoir la Paix du Seigneur ressuscit\u00e9 Ce sacrement est-il pour moi maintenant ?Oui, [&hellip;]","og_url":"https:\/\/www.diocese-limoges.fr\/haute-vienne\/paroisses\/paroisse-saint-leonard-en-limousin\/sacrements\/onction-des-malades\/","og_site_name":"Doyenn\u00e9s de Haute Vienne","article_modified_time":"2026-03-20T10:33:11+00:00","og_image":[{"width":1380,"height":330,"url":"https:\/\/www.diocese-limoges.fr\/haute-vienne\/wp-content\/uploads\/sites\/4\/2025\/11\/capture-decran-2025-11-14-153658.png","type":"image\/png"}],"twitter_card":"summary_large_image","twitter_misc":{"Dur\u00e9e de lecture estim\u00e9e":"3 minutes"},"schema":{"@context":"https:\/\/schema.org","@graph":[{"@type":"WebPage","@id":"https:\/\/www.diocese-limoges.fr\/haute-vienne\/paroisses\/paroisse-saint-leonard-en-limousin\/sacrements\/onction-des-malades\/","url":"https:\/\/www.diocese-limoges.fr\/haute-vienne\/paroisses\/paroisse-saint-leonard-en-limousin\/sacrements\/onction-des-malades\/","name":"Recevoir l'onction des malades - Doyenn\u00e9s de Haute Vienne","isPartOf":{"@id":"https:\/\/www.diocese-limoges.fr\/haute-vienne\/#website"},"primaryImageOfPage":{"@id":"https:\/\/www.diocese-limoges.fr\/haute-vienne\/paroisses\/paroisse-saint-leonard-en-limousin\/sacrements\/onction-des-malades\/#primaryimage"},"image":{"@id":"https:\/\/www.diocese-limoges.fr\/haute-vienne\/paroisses\/paroisse-saint-leonard-en-limousin\/sacrements\/onction-des-malades\/#primaryimage"},"thumbnailUrl":"https:\/\/www.diocese-limoges.fr\/haute-vienne\/wp-content\/uploads\/sites\/4\/2025\/11\/capture-decran-2025-11-14-153658.png","datePublished":"2025-11-14T14:37:56+00:00","dateModified":"2026-03-20T10:33:11+00:00","breadcrumb":{"@id":"https:\/\/www.diocese-limoges.fr\/haute-vienne\/paroisses\/paroisse-saint-leonard-en-limousin\/sacrements\/onction-des-malades\/#breadcrumb"},"inLanguage":"fr-FR","potentialAction":[{"@type":"ReadAction","target":["https:\/\/www.diocese-limoges.fr\/haute-vienne\/paroisses\/paroisse-saint-leonard-en-limousin\/sacrements\/onction-des-malades\/"]}]},{"@type":"ImageObject","inLanguage":"fr-FR","@id":"https:\/\/www.diocese-limoges.fr\/haute-vienne\/paroisses\/paroisse-saint-leonard-en-limousin\/sacrements\/onction-des-malades\/#primaryimage","url":"https:\/\/www.diocese-limoges.fr\/haute-vienne\/wp-content\/uploads\/sites\/4\/2025\/11\/capture-decran-2025-11-14-153658.png","contentUrl":"https:\/\/www.diocese-limoges.fr\/haute-vienne\/wp-content\/uploads\/sites\/4\/2025\/11\/capture-decran-2025-11-14-153658.png","width":1380,"height":330},{"@type":"BreadcrumbList","@id":"https:\/\/www.diocese-limoges.fr\/haute-vienne\/paroisses\/paroisse-saint-leonard-en-limousin\/sacrements\/onction-des-malades\/#breadcrumb","itemListElement":[{"@type":"ListItem","position":1,"name":"Accueil","item":"https:\/\/www.diocese-limoges.fr\/haute-vienne\/"},{"@type":"ListItem","position":2,"name":"Paroisse Saint L\u00e9onard en Limousin","item":"https:\/\/www.diocese-limoges.fr\/haute-vienne\/paroisses\/paroisse-saint-leonard-en-limousin\/"},{"@type":"ListItem","position":3,"name":"Je souhaite&#8230;","item":"https:\/\/www.diocese-limoges.fr\/haute-vienne\/paroisses\/paroisse-saint-leonard-en-limousin\/sacrements\/"},{"@type":"ListItem","position":4,"name":"Recevoir l&rsquo;onction des malades"}]},{"@type":"WebSite","@id":"https:\/\/www.diocese-limoges.fr\/haute-vienne\/#website","url":"https:\/\/www.diocese-limoges.fr\/haute-vienne\/","name":"Doyenn\u00e9s de Haute Vienne","description":"Dioc\u00e8se de Limoges","potentialAction":[{"@type":"SearchAction","target":{"@type":"EntryPoint","urlTemplate":"https:\/\/www.diocese-limoges.fr\/haute-vienne\/?s={search_term_string}"},"query-input":{"@type":"PropertyValueSpecification","valueRequired":true,"valueName":"search_term_string"}}],"inLanguage":"fr-FR"}]}},"_links":{"self":[{"href":"https:\/\/www.diocese-limoges.fr\/haute-vienne\/wp-json\/wp\/v2\/paroisse\/5189","targetHints":{"allow":["GET"]}}],"collection":[{"href":"https:\/\/www.diocese-limoges.fr\/haute-vienne\/wp-json\/wp\/v2\/paroisse"}],"about":[{"href":"https:\/\/www.diocese-limoges.fr\/haute-vienne\/wp-json\/wp\/v2\/types\/paroisse"}],"author":[{"embeddable":true,"href":"https:\/\/www.diocese-limoges.fr\/haute-vienne\/wp-json\/wp\/v2\/users\/24"}],"up":[{"embeddable":true,"href":"https:\/\/www.diocese-limoges.fr\/haute-vienne\/wp-json\/wp\/v2\/paroisse\/5130"}],"wp:featuredmedia":[{"embeddable":true,"href":"https:\/\/www.diocese-limoges.fr\/haute-vienne\/wp-json\/wp\/v2\/media\/5191"}],"wp:attachment":[{"href":"https:\/\/www.diocese-limoges.fr\/haute-vienne\/wp-json\/wp\/v2\/media?parent=5189"}],"curies":[{"name":"wp","href":"https:\/\/api.w.org\/{rel}","templated":true}]}}