{"id":5228,"date":"2025-11-21T15:32:55","date_gmt":"2025-11-21T14:32:55","guid":{"rendered":"https:\/\/www.diocese-limoges.fr\/haute-vienne\/?post_type=paroisse&#038;p=5228"},"modified":"2026-03-20T11:34:15","modified_gmt":"2026-03-20T10:34:15","slug":"demander-une-messe","status":"publish","type":"paroisse","link":"https:\/\/www.diocese-limoges.fr\/haute-vienne\/paroisses\/paroisse-saint-leonard-en-limousin\/sacrements\/demander-une-messe\/","title":{"rendered":"Demander une messe"},"content":{"rendered":"\n<p>On peut demander qu&rsquo;une messe soit c\u00e9l\u00e9br\u00e9e \u00e0 l&rsquo;intention d&rsquo;un d\u00e9funt, d&rsquo;un vivant, d&rsquo;une famille, en remerciement ou pour une intention particuli\u00e8re. C&rsquo;est une fa\u00e7on d&rsquo;unir les peines, les joies et les esp\u00e9rances de nos vies \u00e0 la pri\u00e8re de toute la communaut\u00e9.&nbsp;<\/p>\n\n\n\n<p>Vous pouvez remplir le document\u00a0ci-dessous et le transmettre \u00e0 la paroisse ou prendre contact directement\u00a0avec le secr\u00e9tariat au 05 55 56 31 37 ou paroisse.stleonard.noblat@diocese-limoges.fr.\u00a0<\/p>\n\n\n\n<p>A titre indicatif, il est propos\u00e9 d&rsquo;offrir 18&nbsp;\u20ac. Chacun donne, s&rsquo;il le peut, selon ses moyens.<\/p>\n\n\n\n<div data-wp-interactive=\"core\/file\" class=\"wp-block-file\"><object data-wp-bind--hidden=\"!state.hasPdfPreview\" hidden class=\"wp-block-file__embed\" data=\"https:\/\/www.diocese-limoges.fr\/haute-vienne\/wp-content\/uploads\/sites\/4\/2025\/11\/2024-offrande-de-messe-1.pdf\" type=\"application\/pdf\" style=\"width:100%;height:600px\" aria-label=\"Contenu embarqu\u00e9 2024 Offrande de messe.\"><\/object><a id=\"wp-block-file--media-8a387495-d667-48af-9a57-05c778572b2d\" href=\"https:\/\/www.diocese-limoges.fr\/haute-vienne\/wp-content\/uploads\/sites\/4\/2025\/11\/2024-offrande-de-messe-1.pdf\">2024 Offrande de messe<\/a><a href=\"https:\/\/www.diocese-limoges.fr\/haute-vienne\/wp-content\/uploads\/sites\/4\/2025\/11\/2024-offrande-de-messe-1.pdf\" class=\"wp-block-file__button wp-element-button\" download aria-describedby=\"wp-block-file--media-8a387495-d667-48af-9a57-05c778572b2d\">T\u00e9l\u00e9charger<\/a><\/div>\n","protected":false},"author":24,"featured_media":5231,"parent":5130,"menu_order":9,"template":"","meta":{"_acf_changed":false},"class_list":["post-5228","paroisse","type-paroisse","status-publish","has-post-thumbnail","hentry"],"acf":[],"yoast_head":"<!-- This site is optimized with the Yoast SEO plugin v26.4 - https:\/\/yoast.com\/wordpress\/plugins\/seo\/ -->\n<title>Demander une messe - Doyenn\u00e9s de Haute Vienne<\/title>\n<meta name=\"robots\" content=\"index, follow, max-snippet:-1, max-image-preview:large, max-video-preview:-1\" \/>\n<link rel=\"canonical\" href=\"https:\/\/www.diocese-limoges.fr\/haute-vienne\/paroisses\/paroisse-saint-leonard-en-limousin\/sacrements\/demander-une-messe\/\" \/>\n<meta property=\"og:locale\" content=\"fr_FR\" \/>\n<meta property=\"og:type\" content=\"article\" \/>\n<meta property=\"og:title\" content=\"Demander une messe - Doyenn\u00e9s de Haute Vienne\" \/>\n<meta property=\"og:description\" content=\"On peut demander qu&rsquo;une messe soit c\u00e9l\u00e9br\u00e9e \u00e0 l&rsquo;intention d&rsquo;un d\u00e9funt, d&rsquo;un vivant, d&rsquo;une famille, en remerciement ou pour une intention particuli\u00e8re. C&rsquo;est une fa\u00e7on d&rsquo;unir les peines, les joies et les esp\u00e9rances de nos vies \u00e0 la pri\u00e8re de toute la communaut\u00e9.&nbsp; Vous pouvez remplir le document\u00a0ci-dessous et le transmettre \u00e0 la paroisse ou [&hellip;]\" \/>\n<meta property=\"og:url\" content=\"https:\/\/www.diocese-limoges.fr\/haute-vienne\/paroisses\/paroisse-saint-leonard-en-limousin\/sacrements\/demander-une-messe\/\" \/>\n<meta property=\"og:site_name\" content=\"Doyenn\u00e9s de Haute Vienne\" \/>\n<meta property=\"article:modified_time\" content=\"2026-03-20T10:34:15+00:00\" \/>\n<meta property=\"og:image\" content=\"https:\/\/www.diocese-limoges.fr\/haute-vienne\/wp-content\/uploads\/sites\/4\/2025\/11\/demander-une-messe.png\" \/>\n\t<meta property=\"og:image:width\" content=\"1127\" \/>\n\t<meta property=\"og:image:height\" content=\"502\" \/>\n\t<meta property=\"og:image:type\" content=\"image\/png\" \/>\n<meta name=\"twitter:card\" content=\"summary_large_image\" \/>\n<meta name=\"twitter:label1\" content=\"Dur\u00e9e de lecture estim\u00e9e\" \/>\n\t<meta name=\"twitter:data1\" content=\"1 minute\" \/>\n<script type=\"application\/ld+json\" class=\"yoast-schema-graph\">{\"@context\":\"https:\/\/schema.org\",\"@graph\":[{\"@type\":\"WebPage\",\"@id\":\"https:\/\/www.diocese-limoges.fr\/haute-vienne\/paroisses\/paroisse-saint-leonard-en-limousin\/sacrements\/demander-une-messe\/\",\"url\":\"https:\/\/www.diocese-limoges.fr\/haute-vienne\/paroisses\/paroisse-saint-leonard-en-limousin\/sacrements\/demander-une-messe\/\",\"name\":\"Demander une messe - Doyenn\u00e9s de Haute Vienne\",\"isPartOf\":{\"@id\":\"https:\/\/www.diocese-limoges.fr\/haute-vienne\/#website\"},\"primaryImageOfPage\":{\"@id\":\"https:\/\/www.diocese-limoges.fr\/haute-vienne\/paroisses\/paroisse-saint-leonard-en-limousin\/sacrements\/demander-une-messe\/#primaryimage\"},\"image\":{\"@id\":\"https:\/\/www.diocese-limoges.fr\/haute-vienne\/paroisses\/paroisse-saint-leonard-en-limousin\/sacrements\/demander-une-messe\/#primaryimage\"},\"thumbnailUrl\":\"https:\/\/www.diocese-limoges.fr\/haute-vienne\/wp-content\/uploads\/sites\/4\/2025\/11\/demander-une-messe.png\",\"datePublished\":\"2025-11-21T14:32:55+00:00\",\"dateModified\":\"2026-03-20T10:34:15+00:00\",\"breadcrumb\":{\"@id\":\"https:\/\/www.diocese-limoges.fr\/haute-vienne\/paroisses\/paroisse-saint-leonard-en-limousin\/sacrements\/demander-une-messe\/#breadcrumb\"},\"inLanguage\":\"fr-FR\",\"potentialAction\":[{\"@type\":\"ReadAction\",\"target\":[\"https:\/\/www.diocese-limoges.fr\/haute-vienne\/paroisses\/paroisse-saint-leonard-en-limousin\/sacrements\/demander-une-messe\/\"]}]},{\"@type\":\"ImageObject\",\"inLanguage\":\"fr-FR\",\"@id\":\"https:\/\/www.diocese-limoges.fr\/haute-vienne\/paroisses\/paroisse-saint-leonard-en-limousin\/sacrements\/demander-une-messe\/#primaryimage\",\"url\":\"https:\/\/www.diocese-limoges.fr\/haute-vienne\/wp-content\/uploads\/sites\/4\/2025\/11\/demander-une-messe.png\",\"contentUrl\":\"https:\/\/www.diocese-limoges.fr\/haute-vienne\/wp-content\/uploads\/sites\/4\/2025\/11\/demander-une-messe.png\",\"width\":1127,\"height\":502},{\"@type\":\"BreadcrumbList\",\"@id\":\"https:\/\/www.diocese-limoges.fr\/haute-vienne\/paroisses\/paroisse-saint-leonard-en-limousin\/sacrements\/demander-une-messe\/#breadcrumb\",\"itemListElement\":[{\"@type\":\"ListItem\",\"position\":1,\"name\":\"Accueil\",\"item\":\"https:\/\/www.diocese-limoges.fr\/haute-vienne\/\"},{\"@type\":\"ListItem\",\"position\":2,\"name\":\"Paroisse Saint L\u00e9onard en Limousin\",\"item\":\"https:\/\/www.diocese-limoges.fr\/haute-vienne\/paroisses\/paroisse-saint-leonard-en-limousin\/\"},{\"@type\":\"ListItem\",\"position\":3,\"name\":\"Je souhaite&#8230;\",\"item\":\"https:\/\/www.diocese-limoges.fr\/haute-vienne\/paroisses\/paroisse-saint-leonard-en-limousin\/sacrements\/\"},{\"@type\":\"ListItem\",\"position\":4,\"name\":\"Demander une messe\"}]},{\"@type\":\"WebSite\",\"@id\":\"https:\/\/www.diocese-limoges.fr\/haute-vienne\/#website\",\"url\":\"https:\/\/www.diocese-limoges.fr\/haute-vienne\/\",\"name\":\"Doyenn\u00e9s de Haute Vienne\",\"description\":\"Dioc\u00e8se de Limoges\",\"potentialAction\":[{\"@type\":\"SearchAction\",\"target\":{\"@type\":\"EntryPoint\",\"urlTemplate\":\"https:\/\/www.diocese-limoges.fr\/haute-vienne\/?s={search_term_string}\"},\"query-input\":{\"@type\":\"PropertyValueSpecification\",\"valueRequired\":true,\"valueName\":\"search_term_string\"}}],\"inLanguage\":\"fr-FR\"}]}<\/script>\n<!-- \/ Yoast SEO plugin. -->","yoast_head_json":{"title":"Demander une messe - Doyenn\u00e9s de Haute Vienne","robots":{"index":"index","follow":"follow","max-snippet":"max-snippet:-1","max-image-preview":"max-image-preview:large","max-video-preview":"max-video-preview:-1"},"canonical":"https:\/\/www.diocese-limoges.fr\/haute-vienne\/paroisses\/paroisse-saint-leonard-en-limousin\/sacrements\/demander-une-messe\/","og_locale":"fr_FR","og_type":"article","og_title":"Demander une messe - Doyenn\u00e9s de Haute Vienne","og_description":"On peut demander qu&rsquo;une messe soit c\u00e9l\u00e9br\u00e9e \u00e0 l&rsquo;intention d&rsquo;un d\u00e9funt, d&rsquo;un vivant, d&rsquo;une famille, en remerciement ou pour une intention particuli\u00e8re. C&rsquo;est une fa\u00e7on d&rsquo;unir les peines, les joies et les esp\u00e9rances de nos vies \u00e0 la pri\u00e8re de toute la communaut\u00e9.&nbsp; Vous pouvez remplir le document\u00a0ci-dessous et le transmettre \u00e0 la paroisse ou [&hellip;]","og_url":"https:\/\/www.diocese-limoges.fr\/haute-vienne\/paroisses\/paroisse-saint-leonard-en-limousin\/sacrements\/demander-une-messe\/","og_site_name":"Doyenn\u00e9s de Haute Vienne","article_modified_time":"2026-03-20T10:34:15+00:00","og_image":[{"width":1127,"height":502,"url":"https:\/\/www.diocese-limoges.fr\/haute-vienne\/wp-content\/uploads\/sites\/4\/2025\/11\/demander-une-messe.png","type":"image\/png"}],"twitter_card":"summary_large_image","twitter_misc":{"Dur\u00e9e de lecture estim\u00e9e":"1 minute"},"schema":{"@context":"https:\/\/schema.org","@graph":[{"@type":"WebPage","@id":"https:\/\/www.diocese-limoges.fr\/haute-vienne\/paroisses\/paroisse-saint-leonard-en-limousin\/sacrements\/demander-une-messe\/","url":"https:\/\/www.diocese-limoges.fr\/haute-vienne\/paroisses\/paroisse-saint-leonard-en-limousin\/sacrements\/demander-une-messe\/","name":"Demander une messe - Doyenn\u00e9s de Haute Vienne","isPartOf":{"@id":"https:\/\/www.diocese-limoges.fr\/haute-vienne\/#website"},"primaryImageOfPage":{"@id":"https:\/\/www.diocese-limoges.fr\/haute-vienne\/paroisses\/paroisse-saint-leonard-en-limousin\/sacrements\/demander-une-messe\/#primaryimage"},"image":{"@id":"https:\/\/www.diocese-limoges.fr\/haute-vienne\/paroisses\/paroisse-saint-leonard-en-limousin\/sacrements\/demander-une-messe\/#primaryimage"},"thumbnailUrl":"https:\/\/www.diocese-limoges.fr\/haute-vienne\/wp-content\/uploads\/sites\/4\/2025\/11\/demander-une-messe.png","datePublished":"2025-11-21T14:32:55+00:00","dateModified":"2026-03-20T10:34:15+00:00","breadcrumb":{"@id":"https:\/\/www.diocese-limoges.fr\/haute-vienne\/paroisses\/paroisse-saint-leonard-en-limousin\/sacrements\/demander-une-messe\/#breadcrumb"},"inLanguage":"fr-FR","potentialAction":[{"@type":"ReadAction","target":["https:\/\/www.diocese-limoges.fr\/haute-vienne\/paroisses\/paroisse-saint-leonard-en-limousin\/sacrements\/demander-une-messe\/"]}]},{"@type":"ImageObject","inLanguage":"fr-FR","@id":"https:\/\/www.diocese-limoges.fr\/haute-vienne\/paroisses\/paroisse-saint-leonard-en-limousin\/sacrements\/demander-une-messe\/#primaryimage","url":"https:\/\/www.diocese-limoges.fr\/haute-vienne\/wp-content\/uploads\/sites\/4\/2025\/11\/demander-une-messe.png","contentUrl":"https:\/\/www.diocese-limoges.fr\/haute-vienne\/wp-content\/uploads\/sites\/4\/2025\/11\/demander-une-messe.png","width":1127,"height":502},{"@type":"BreadcrumbList","@id":"https:\/\/www.diocese-limoges.fr\/haute-vienne\/paroisses\/paroisse-saint-leonard-en-limousin\/sacrements\/demander-une-messe\/#breadcrumb","itemListElement":[{"@type":"ListItem","position":1,"name":"Accueil","item":"https:\/\/www.diocese-limoges.fr\/haute-vienne\/"},{"@type":"ListItem","position":2,"name":"Paroisse Saint L\u00e9onard en Limousin","item":"https:\/\/www.diocese-limoges.fr\/haute-vienne\/paroisses\/paroisse-saint-leonard-en-limousin\/"},{"@type":"ListItem","position":3,"name":"Je souhaite&#8230;","item":"https:\/\/www.diocese-limoges.fr\/haute-vienne\/paroisses\/paroisse-saint-leonard-en-limousin\/sacrements\/"},{"@type":"ListItem","position":4,"name":"Demander une messe"}]},{"@type":"WebSite","@id":"https:\/\/www.diocese-limoges.fr\/haute-vienne\/#website","url":"https:\/\/www.diocese-limoges.fr\/haute-vienne\/","name":"Doyenn\u00e9s de Haute Vienne","description":"Dioc\u00e8se de Limoges","potentialAction":[{"@type":"SearchAction","target":{"@type":"EntryPoint","urlTemplate":"https:\/\/www.diocese-limoges.fr\/haute-vienne\/?s={search_term_string}"},"query-input":{"@type":"PropertyValueSpecification","valueRequired":true,"valueName":"search_term_string"}}],"inLanguage":"fr-FR"}]}},"_links":{"self":[{"href":"https:\/\/www.diocese-limoges.fr\/haute-vienne\/wp-json\/wp\/v2\/paroisse\/5228","targetHints":{"allow":["GET"]}}],"collection":[{"href":"https:\/\/www.diocese-limoges.fr\/haute-vienne\/wp-json\/wp\/v2\/paroisse"}],"about":[{"href":"https:\/\/www.diocese-limoges.fr\/haute-vienne\/wp-json\/wp\/v2\/types\/paroisse"}],"author":[{"embeddable":true,"href":"https:\/\/www.diocese-limoges.fr\/haute-vienne\/wp-json\/wp\/v2\/users\/24"}],"up":[{"embeddable":true,"href":"https:\/\/www.diocese-limoges.fr\/haute-vienne\/wp-json\/wp\/v2\/paroisse\/5130"}],"wp:featuredmedia":[{"embeddable":true,"href":"https:\/\/www.diocese-limoges.fr\/haute-vienne\/wp-json\/wp\/v2\/media\/5231"}],"wp:attachment":[{"href":"https:\/\/www.diocese-limoges.fr\/haute-vienne\/wp-json\/wp\/v2\/media?parent=5228"}],"curies":[{"name":"wp","href":"https:\/\/api.w.org\/{rel}","templated":true}]}}