{"id":5236,"date":"2025-11-21T15:47:05","date_gmt":"2025-11-21T14:47:05","guid":{"rendered":"https:\/\/www.diocese-limoges.fr\/haute-vienne\/?post_type=paroisse&#038;p=5236"},"modified":"2026-03-20T11:37:14","modified_gmt":"2026-03-20T10:37:14","slug":"eveil-a-la-foi","status":"publish","type":"paroisse","link":"https:\/\/www.diocese-limoges.fr\/haute-vienne\/paroisses\/paroisse-saint-leonard-en-limousin\/grandir-dans-la-foi\/eveil-a-la-foi\/","title":{"rendered":"Eveil \u00e0 la foi"},"content":{"rendered":"\n<p>Mathieu 5,14-15 \u00ab\u00a0vous \u00eates la lumi\u00e8re du monde. Une ville situ\u00e9e sur une montagne ne peut \u00eatre cach\u00e9e ; et on n&rsquo;allume pas une lampe pour la mettre sous le boisseau, mais on la met sur le chandelier, et elle \u00e9claire tous ceux qui sont dans la maison.\u00a0\u00bb<\/p>\n\n\n\n<p>L&rsquo;\u00e9veil \u00e0 la foi, c&rsquo;est faire d\u00e9couvrir \u00e0 vos enfants J\u00e9sus autour de textes, pri\u00e8res et ateliers cr\u00e9atifs.&nbsp;<br>C&rsquo;est vivre un temps de partage adapt\u00e9 \u00e0 chacun qui permet de d\u00e9couvrir les rites chr\u00e9tiens.&nbsp;<br>C&rsquo;est vivre les temps de messes des familles si vous le souhaitez.<\/p>\n\n\n\n<p>C&rsquo;est accompagner votre enfant dans un parcours de vie chr\u00e9tienne qu&rsquo;il soit baptis\u00e9 ou non.<br>C&rsquo;est un temps sur 1h30 tout au long de l&rsquo;ann\u00e9e (environ 5 s\u00e9ances) pour les enfants de 3 \u00e0 7 ans.<\/p>\n\n\n\n<p>Venez d\u00e9couvrir m\u00eame pour une s\u00e9ance.&nbsp;<\/p>\n\n\n\n<p><mark style=\"background-color:#f78da7\" class=\"has-inline-color has-black-color\">Contact : La\u00ebtitia Ladurantie, 06 33 67 06 75,\u00a0paroisse.stleonard.noblat@diocese-limoges.fr\u00a0<\/mark><\/p>\n\n\n\n<p><\/p>\n","protected":false},"author":24,"featured_media":5304,"parent":5235,"menu_order":2,"template":"","meta":{"_acf_changed":false},"class_list":["post-5236","paroisse","type-paroisse","status-publish","has-post-thumbnail","hentry"],"acf":[],"yoast_head":"<!-- This site is optimized with the Yoast SEO plugin v26.4 - https:\/\/yoast.com\/wordpress\/plugins\/seo\/ -->\n<title>Eveil \u00e0 la foi - Doyenn\u00e9s de Haute Vienne<\/title>\n<meta name=\"robots\" content=\"index, follow, max-snippet:-1, max-image-preview:large, max-video-preview:-1\" \/>\n<link rel=\"canonical\" href=\"https:\/\/www.diocese-limoges.fr\/haute-vienne\/paroisses\/paroisse-saint-leonard-en-limousin\/grandir-dans-la-foi\/eveil-a-la-foi\/\" \/>\n<meta property=\"og:locale\" content=\"fr_FR\" \/>\n<meta property=\"og:type\" content=\"article\" \/>\n<meta property=\"og:title\" content=\"Eveil \u00e0 la foi - Doyenn\u00e9s de Haute Vienne\" \/>\n<meta property=\"og:description\" content=\"Mathieu 5,14-15 \u00ab\u00a0vous \u00eates la lumi\u00e8re du monde. Une ville situ\u00e9e sur une montagne ne peut \u00eatre cach\u00e9e ; et on n&rsquo;allume pas une lampe pour la mettre sous le boisseau, mais on la met sur le chandelier, et elle \u00e9claire tous ceux qui sont dans la maison.\u00a0\u00bb L&rsquo;\u00e9veil \u00e0 la foi, c&rsquo;est faire d\u00e9couvrir [&hellip;]\" \/>\n<meta property=\"og:url\" content=\"https:\/\/www.diocese-limoges.fr\/haute-vienne\/paroisses\/paroisse-saint-leonard-en-limousin\/grandir-dans-la-foi\/eveil-a-la-foi\/\" \/>\n<meta property=\"og:site_name\" content=\"Doyenn\u00e9s de Haute Vienne\" \/>\n<meta property=\"article:modified_time\" content=\"2026-03-20T10:37:14+00:00\" \/>\n<meta property=\"og:image\" content=\"https:\/\/www.diocese-limoges.fr\/haute-vienne\/wp-content\/uploads\/sites\/4\/2025\/11\/bandeau-pour-page-eveil-a-la-foi.png\" \/>\n\t<meta property=\"og:image:width\" content=\"1024\" \/>\n\t<meta property=\"og:image:height\" content=\"1024\" \/>\n\t<meta property=\"og:image:type\" content=\"image\/png\" \/>\n<meta name=\"twitter:card\" content=\"summary_large_image\" \/>\n<meta name=\"twitter:label1\" content=\"Dur\u00e9e de lecture estim\u00e9e\" \/>\n\t<meta name=\"twitter:data1\" content=\"1 minute\" \/>\n<script type=\"application\/ld+json\" class=\"yoast-schema-graph\">{\"@context\":\"https:\/\/schema.org\",\"@graph\":[{\"@type\":\"WebPage\",\"@id\":\"https:\/\/www.diocese-limoges.fr\/haute-vienne\/paroisses\/paroisse-saint-leonard-en-limousin\/grandir-dans-la-foi\/eveil-a-la-foi\/\",\"url\":\"https:\/\/www.diocese-limoges.fr\/haute-vienne\/paroisses\/paroisse-saint-leonard-en-limousin\/grandir-dans-la-foi\/eveil-a-la-foi\/\",\"name\":\"Eveil \u00e0 la foi - Doyenn\u00e9s de Haute Vienne\",\"isPartOf\":{\"@id\":\"https:\/\/www.diocese-limoges.fr\/haute-vienne\/#website\"},\"primaryImageOfPage\":{\"@id\":\"https:\/\/www.diocese-limoges.fr\/haute-vienne\/paroisses\/paroisse-saint-leonard-en-limousin\/grandir-dans-la-foi\/eveil-a-la-foi\/#primaryimage\"},\"image\":{\"@id\":\"https:\/\/www.diocese-limoges.fr\/haute-vienne\/paroisses\/paroisse-saint-leonard-en-limousin\/grandir-dans-la-foi\/eveil-a-la-foi\/#primaryimage\"},\"thumbnailUrl\":\"https:\/\/www.diocese-limoges.fr\/haute-vienne\/wp-content\/uploads\/sites\/4\/2025\/11\/bandeau-pour-page-eveil-a-la-foi.png\",\"datePublished\":\"2025-11-21T14:47:05+00:00\",\"dateModified\":\"2026-03-20T10:37:14+00:00\",\"breadcrumb\":{\"@id\":\"https:\/\/www.diocese-limoges.fr\/haute-vienne\/paroisses\/paroisse-saint-leonard-en-limousin\/grandir-dans-la-foi\/eveil-a-la-foi\/#breadcrumb\"},\"inLanguage\":\"fr-FR\",\"potentialAction\":[{\"@type\":\"ReadAction\",\"target\":[\"https:\/\/www.diocese-limoges.fr\/haute-vienne\/paroisses\/paroisse-saint-leonard-en-limousin\/grandir-dans-la-foi\/eveil-a-la-foi\/\"]}]},{\"@type\":\"ImageObject\",\"inLanguage\":\"fr-FR\",\"@id\":\"https:\/\/www.diocese-limoges.fr\/haute-vienne\/paroisses\/paroisse-saint-leonard-en-limousin\/grandir-dans-la-foi\/eveil-a-la-foi\/#primaryimage\",\"url\":\"https:\/\/www.diocese-limoges.fr\/haute-vienne\/wp-content\/uploads\/sites\/4\/2025\/11\/bandeau-pour-page-eveil-a-la-foi.png\",\"contentUrl\":\"https:\/\/www.diocese-limoges.fr\/haute-vienne\/wp-content\/uploads\/sites\/4\/2025\/11\/bandeau-pour-page-eveil-a-la-foi.png\",\"width\":1024,\"height\":1024},{\"@type\":\"BreadcrumbList\",\"@id\":\"https:\/\/www.diocese-limoges.fr\/haute-vienne\/paroisses\/paroisse-saint-leonard-en-limousin\/grandir-dans-la-foi\/eveil-a-la-foi\/#breadcrumb\",\"itemListElement\":[{\"@type\":\"ListItem\",\"position\":1,\"name\":\"Accueil\",\"item\":\"https:\/\/www.diocese-limoges.fr\/haute-vienne\/\"},{\"@type\":\"ListItem\",\"position\":2,\"name\":\"Paroisse Saint L\u00e9onard en Limousin\",\"item\":\"https:\/\/www.diocese-limoges.fr\/haute-vienne\/paroisses\/paroisse-saint-leonard-en-limousin\/\"},{\"@type\":\"ListItem\",\"position\":3,\"name\":\"Grandir dans la foi\",\"item\":\"https:\/\/www.diocese-limoges.fr\/haute-vienne\/paroisses\/paroisse-saint-leonard-en-limousin\/grandir-dans-la-foi\/\"},{\"@type\":\"ListItem\",\"position\":4,\"name\":\"Eveil \u00e0 la foi\"}]},{\"@type\":\"WebSite\",\"@id\":\"https:\/\/www.diocese-limoges.fr\/haute-vienne\/#website\",\"url\":\"https:\/\/www.diocese-limoges.fr\/haute-vienne\/\",\"name\":\"Doyenn\u00e9s de Haute Vienne\",\"description\":\"Dioc\u00e8se de Limoges\",\"potentialAction\":[{\"@type\":\"SearchAction\",\"target\":{\"@type\":\"EntryPoint\",\"urlTemplate\":\"https:\/\/www.diocese-limoges.fr\/haute-vienne\/?s={search_term_string}\"},\"query-input\":{\"@type\":\"PropertyValueSpecification\",\"valueRequired\":true,\"valueName\":\"search_term_string\"}}],\"inLanguage\":\"fr-FR\"}]}<\/script>\n<!-- \/ Yoast SEO plugin. -->","yoast_head_json":{"title":"Eveil \u00e0 la foi - Doyenn\u00e9s de Haute Vienne","robots":{"index":"index","follow":"follow","max-snippet":"max-snippet:-1","max-image-preview":"max-image-preview:large","max-video-preview":"max-video-preview:-1"},"canonical":"https:\/\/www.diocese-limoges.fr\/haute-vienne\/paroisses\/paroisse-saint-leonard-en-limousin\/grandir-dans-la-foi\/eveil-a-la-foi\/","og_locale":"fr_FR","og_type":"article","og_title":"Eveil \u00e0 la foi - Doyenn\u00e9s de Haute Vienne","og_description":"Mathieu 5,14-15 \u00ab\u00a0vous \u00eates la lumi\u00e8re du monde. Une ville situ\u00e9e sur une montagne ne peut \u00eatre cach\u00e9e ; et on n&rsquo;allume pas une lampe pour la mettre sous le boisseau, mais on la met sur le chandelier, et elle \u00e9claire tous ceux qui sont dans la maison.\u00a0\u00bb L&rsquo;\u00e9veil \u00e0 la foi, c&rsquo;est faire d\u00e9couvrir [&hellip;]","og_url":"https:\/\/www.diocese-limoges.fr\/haute-vienne\/paroisses\/paroisse-saint-leonard-en-limousin\/grandir-dans-la-foi\/eveil-a-la-foi\/","og_site_name":"Doyenn\u00e9s de Haute Vienne","article_modified_time":"2026-03-20T10:37:14+00:00","og_image":[{"width":1024,"height":1024,"url":"https:\/\/www.diocese-limoges.fr\/haute-vienne\/wp-content\/uploads\/sites\/4\/2025\/11\/bandeau-pour-page-eveil-a-la-foi.png","type":"image\/png"}],"twitter_card":"summary_large_image","twitter_misc":{"Dur\u00e9e de lecture estim\u00e9e":"1 minute"},"schema":{"@context":"https:\/\/schema.org","@graph":[{"@type":"WebPage","@id":"https:\/\/www.diocese-limoges.fr\/haute-vienne\/paroisses\/paroisse-saint-leonard-en-limousin\/grandir-dans-la-foi\/eveil-a-la-foi\/","url":"https:\/\/www.diocese-limoges.fr\/haute-vienne\/paroisses\/paroisse-saint-leonard-en-limousin\/grandir-dans-la-foi\/eveil-a-la-foi\/","name":"Eveil \u00e0 la foi - Doyenn\u00e9s de Haute Vienne","isPartOf":{"@id":"https:\/\/www.diocese-limoges.fr\/haute-vienne\/#website"},"primaryImageOfPage":{"@id":"https:\/\/www.diocese-limoges.fr\/haute-vienne\/paroisses\/paroisse-saint-leonard-en-limousin\/grandir-dans-la-foi\/eveil-a-la-foi\/#primaryimage"},"image":{"@id":"https:\/\/www.diocese-limoges.fr\/haute-vienne\/paroisses\/paroisse-saint-leonard-en-limousin\/grandir-dans-la-foi\/eveil-a-la-foi\/#primaryimage"},"thumbnailUrl":"https:\/\/www.diocese-limoges.fr\/haute-vienne\/wp-content\/uploads\/sites\/4\/2025\/11\/bandeau-pour-page-eveil-a-la-foi.png","datePublished":"2025-11-21T14:47:05+00:00","dateModified":"2026-03-20T10:37:14+00:00","breadcrumb":{"@id":"https:\/\/www.diocese-limoges.fr\/haute-vienne\/paroisses\/paroisse-saint-leonard-en-limousin\/grandir-dans-la-foi\/eveil-a-la-foi\/#breadcrumb"},"inLanguage":"fr-FR","potentialAction":[{"@type":"ReadAction","target":["https:\/\/www.diocese-limoges.fr\/haute-vienne\/paroisses\/paroisse-saint-leonard-en-limousin\/grandir-dans-la-foi\/eveil-a-la-foi\/"]}]},{"@type":"ImageObject","inLanguage":"fr-FR","@id":"https:\/\/www.diocese-limoges.fr\/haute-vienne\/paroisses\/paroisse-saint-leonard-en-limousin\/grandir-dans-la-foi\/eveil-a-la-foi\/#primaryimage","url":"https:\/\/www.diocese-limoges.fr\/haute-vienne\/wp-content\/uploads\/sites\/4\/2025\/11\/bandeau-pour-page-eveil-a-la-foi.png","contentUrl":"https:\/\/www.diocese-limoges.fr\/haute-vienne\/wp-content\/uploads\/sites\/4\/2025\/11\/bandeau-pour-page-eveil-a-la-foi.png","width":1024,"height":1024},{"@type":"BreadcrumbList","@id":"https:\/\/www.diocese-limoges.fr\/haute-vienne\/paroisses\/paroisse-saint-leonard-en-limousin\/grandir-dans-la-foi\/eveil-a-la-foi\/#breadcrumb","itemListElement":[{"@type":"ListItem","position":1,"name":"Accueil","item":"https:\/\/www.diocese-limoges.fr\/haute-vienne\/"},{"@type":"ListItem","position":2,"name":"Paroisse Saint L\u00e9onard en Limousin","item":"https:\/\/www.diocese-limoges.fr\/haute-vienne\/paroisses\/paroisse-saint-leonard-en-limousin\/"},{"@type":"ListItem","position":3,"name":"Grandir dans la foi","item":"https:\/\/www.diocese-limoges.fr\/haute-vienne\/paroisses\/paroisse-saint-leonard-en-limousin\/grandir-dans-la-foi\/"},{"@type":"ListItem","position":4,"name":"Eveil \u00e0 la foi"}]},{"@type":"WebSite","@id":"https:\/\/www.diocese-limoges.fr\/haute-vienne\/#website","url":"https:\/\/www.diocese-limoges.fr\/haute-vienne\/","name":"Doyenn\u00e9s de Haute Vienne","description":"Dioc\u00e8se de Limoges","potentialAction":[{"@type":"SearchAction","target":{"@type":"EntryPoint","urlTemplate":"https:\/\/www.diocese-limoges.fr\/haute-vienne\/?s={search_term_string}"},"query-input":{"@type":"PropertyValueSpecification","valueRequired":true,"valueName":"search_term_string"}}],"inLanguage":"fr-FR"}]}},"_links":{"self":[{"href":"https:\/\/www.diocese-limoges.fr\/haute-vienne\/wp-json\/wp\/v2\/paroisse\/5236","targetHints":{"allow":["GET"]}}],"collection":[{"href":"https:\/\/www.diocese-limoges.fr\/haute-vienne\/wp-json\/wp\/v2\/paroisse"}],"about":[{"href":"https:\/\/www.diocese-limoges.fr\/haute-vienne\/wp-json\/wp\/v2\/types\/paroisse"}],"author":[{"embeddable":true,"href":"https:\/\/www.diocese-limoges.fr\/haute-vienne\/wp-json\/wp\/v2\/users\/24"}],"up":[{"embeddable":true,"href":"https:\/\/www.diocese-limoges.fr\/haute-vienne\/wp-json\/wp\/v2\/paroisse\/5235"}],"wp:featuredmedia":[{"embeddable":true,"href":"https:\/\/www.diocese-limoges.fr\/haute-vienne\/wp-json\/wp\/v2\/media\/5304"}],"wp:attachment":[{"href":"https:\/\/www.diocese-limoges.fr\/haute-vienne\/wp-json\/wp\/v2\/media?parent=5236"}],"curies":[{"name":"wp","href":"https:\/\/api.w.org\/{rel}","templated":true}]}}