{"id":5237,"date":"2025-11-21T15:53:48","date_gmt":"2025-11-21T14:53:48","guid":{"rendered":"https:\/\/www.diocese-limoges.fr\/haute-vienne\/?post_type=paroisse&#038;p=5237"},"modified":"2026-03-20T11:37:59","modified_gmt":"2026-03-20T10:37:59","slug":"catechisme","status":"publish","type":"paroisse","link":"https:\/\/www.diocese-limoges.fr\/haute-vienne\/paroisses\/paroisse-saint-leonard-en-limousin\/grandir-dans-la-foi\/catechisme\/","title":{"rendered":"Cat\u00e9chisme"},"content":{"rendered":"\n<p><a href=\"http:\/\/paroisse-saint-leonard.e-monsite.com\/medias\/images\/cat.jpg\">\u200b\u200b\u200b\u200b\u200b\u200b\u200b<\/a>L&rsquo;\u00e9ducation chr\u00e9tienne commence en famille d\u00e8s le plus jeune \u00e2ge. La paroisse propose une cat\u00e9ch\u00e8se \u00e0 partir de la classe de CE1. Cette cat\u00e9ch\u00e8se se fait avec la participation des parents.<\/p>\n\n\n\n<p>Les inscriptions se font au mois de septembre au Centre Paroissial, mais on peut toujours rejoindre un groupe pendant l&rsquo;ann\u00e9e.<\/p>\n\n\n\n<p>Les enfants sont invit\u00e9s avec leurs parents \u00e0 participer aux messes des familles une fois par mois, ainsi qu&rsquo;\u00e0 quelques autres activit\u00e9s au cours de l&rsquo;ann\u00e9e.<\/p>\n\n\n\n<p>Les enfants non baptis\u00e9s peuvent \u00e9galement se pr\u00e9parer au bapt\u00eame en participant \u00e0 un groupe de cat\u00e9.<\/p>\n\n\n\n<p><mark class=\"has-inline-color has-vivid-cyan-blue-color\">Contact : Marie-Annick 06 77 58 45 80 <\/mark><\/p>\n\n\n\n<figure class=\"wp-block-image is-resized\"><img decoding=\"async\" src=\"https:\/\/paroisse-saint-leonard.e-monsite.com\/medias\/images\/202509-affiche-rentree-kt-aumonerie.jpg\" alt=\"202509 affiche rentree kt aumonerie\" style=\"width:500px\" \/><\/figure>\n","protected":false},"author":24,"featured_media":5306,"parent":5235,"menu_order":3,"template":"","meta":{"_acf_changed":false},"class_list":["post-5237","paroisse","type-paroisse","status-publish","has-post-thumbnail","hentry"],"acf":[],"yoast_head":"<!-- This site is optimized with the Yoast SEO plugin v26.4 - https:\/\/yoast.com\/wordpress\/plugins\/seo\/ -->\n<title>Cat\u00e9chisme - Doyenn\u00e9s de Haute Vienne<\/title>\n<meta name=\"robots\" content=\"index, follow, max-snippet:-1, max-image-preview:large, max-video-preview:-1\" \/>\n<link rel=\"canonical\" href=\"https:\/\/www.diocese-limoges.fr\/haute-vienne\/paroisses\/paroisse-saint-leonard-en-limousin\/grandir-dans-la-foi\/catechisme\/\" \/>\n<meta property=\"og:locale\" content=\"fr_FR\" \/>\n<meta property=\"og:type\" content=\"article\" \/>\n<meta property=\"og:title\" content=\"Cat\u00e9chisme - Doyenn\u00e9s de Haute Vienne\" \/>\n<meta property=\"og:description\" content=\"\u200b\u200b\u200b\u200b\u200b\u200b\u200bL&rsquo;\u00e9ducation chr\u00e9tienne commence en famille d\u00e8s le plus jeune \u00e2ge. La paroisse propose une cat\u00e9ch\u00e8se \u00e0 partir de la classe de CE1. Cette cat\u00e9ch\u00e8se se fait avec la participation des parents. Les inscriptions se font au mois de septembre au Centre Paroissial, mais on peut toujours rejoindre un groupe pendant l&rsquo;ann\u00e9e. Les enfants sont invit\u00e9s [&hellip;]\" \/>\n<meta property=\"og:url\" content=\"https:\/\/www.diocese-limoges.fr\/haute-vienne\/paroisses\/paroisse-saint-leonard-en-limousin\/grandir-dans-la-foi\/catechisme\/\" \/>\n<meta property=\"og:site_name\" content=\"Doyenn\u00e9s de Haute Vienne\" \/>\n<meta property=\"article:modified_time\" content=\"2026-03-20T10:37:59+00:00\" \/>\n<meta property=\"og:image\" content=\"https:\/\/www.diocese-limoges.fr\/haute-vienne\/wp-content\/uploads\/sites\/4\/2025\/11\/bandeau-kt-scaled.jpg\" \/>\n\t<meta property=\"og:image:width\" content=\"2560\" \/>\n\t<meta property=\"og:image:height\" content=\"1699\" \/>\n\t<meta property=\"og:image:type\" content=\"image\/jpeg\" \/>\n<meta name=\"twitter:card\" content=\"summary_large_image\" \/>\n<meta name=\"twitter:label1\" content=\"Dur\u00e9e de lecture estim\u00e9e\" \/>\n\t<meta name=\"twitter:data1\" content=\"1 minute\" \/>\n<script type=\"application\/ld+json\" class=\"yoast-schema-graph\">{\"@context\":\"https:\/\/schema.org\",\"@graph\":[{\"@type\":\"WebPage\",\"@id\":\"https:\/\/www.diocese-limoges.fr\/haute-vienne\/paroisses\/paroisse-saint-leonard-en-limousin\/grandir-dans-la-foi\/catechisme\/\",\"url\":\"https:\/\/www.diocese-limoges.fr\/haute-vienne\/paroisses\/paroisse-saint-leonard-en-limousin\/grandir-dans-la-foi\/catechisme\/\",\"name\":\"Cat\u00e9chisme - Doyenn\u00e9s de Haute Vienne\",\"isPartOf\":{\"@id\":\"https:\/\/www.diocese-limoges.fr\/haute-vienne\/#website\"},\"primaryImageOfPage\":{\"@id\":\"https:\/\/www.diocese-limoges.fr\/haute-vienne\/paroisses\/paroisse-saint-leonard-en-limousin\/grandir-dans-la-foi\/catechisme\/#primaryimage\"},\"image\":{\"@id\":\"https:\/\/www.diocese-limoges.fr\/haute-vienne\/paroisses\/paroisse-saint-leonard-en-limousin\/grandir-dans-la-foi\/catechisme\/#primaryimage\"},\"thumbnailUrl\":\"https:\/\/www.diocese-limoges.fr\/haute-vienne\/wp-content\/uploads\/sites\/4\/2025\/11\/bandeau-kt-scaled.jpg\",\"datePublished\":\"2025-11-21T14:53:48+00:00\",\"dateModified\":\"2026-03-20T10:37:59+00:00\",\"breadcrumb\":{\"@id\":\"https:\/\/www.diocese-limoges.fr\/haute-vienne\/paroisses\/paroisse-saint-leonard-en-limousin\/grandir-dans-la-foi\/catechisme\/#breadcrumb\"},\"inLanguage\":\"fr-FR\",\"potentialAction\":[{\"@type\":\"ReadAction\",\"target\":[\"https:\/\/www.diocese-limoges.fr\/haute-vienne\/paroisses\/paroisse-saint-leonard-en-limousin\/grandir-dans-la-foi\/catechisme\/\"]}]},{\"@type\":\"ImageObject\",\"inLanguage\":\"fr-FR\",\"@id\":\"https:\/\/www.diocese-limoges.fr\/haute-vienne\/paroisses\/paroisse-saint-leonard-en-limousin\/grandir-dans-la-foi\/catechisme\/#primaryimage\",\"url\":\"https:\/\/www.diocese-limoges.fr\/haute-vienne\/wp-content\/uploads\/sites\/4\/2025\/11\/bandeau-kt-scaled.jpg\",\"contentUrl\":\"https:\/\/www.diocese-limoges.fr\/haute-vienne\/wp-content\/uploads\/sites\/4\/2025\/11\/bandeau-kt-scaled.jpg\",\"width\":2560,\"height\":1699,\"caption\":\"SONY DSC\"},{\"@type\":\"BreadcrumbList\",\"@id\":\"https:\/\/www.diocese-limoges.fr\/haute-vienne\/paroisses\/paroisse-saint-leonard-en-limousin\/grandir-dans-la-foi\/catechisme\/#breadcrumb\",\"itemListElement\":[{\"@type\":\"ListItem\",\"position\":1,\"name\":\"Accueil\",\"item\":\"https:\/\/www.diocese-limoges.fr\/haute-vienne\/\"},{\"@type\":\"ListItem\",\"position\":2,\"name\":\"Paroisse Saint L\u00e9onard en Limousin\",\"item\":\"https:\/\/www.diocese-limoges.fr\/haute-vienne\/paroisses\/paroisse-saint-leonard-en-limousin\/\"},{\"@type\":\"ListItem\",\"position\":3,\"name\":\"Grandir dans la foi\",\"item\":\"https:\/\/www.diocese-limoges.fr\/haute-vienne\/paroisses\/paroisse-saint-leonard-en-limousin\/grandir-dans-la-foi\/\"},{\"@type\":\"ListItem\",\"position\":4,\"name\":\"Cat\u00e9chisme\"}]},{\"@type\":\"WebSite\",\"@id\":\"https:\/\/www.diocese-limoges.fr\/haute-vienne\/#website\",\"url\":\"https:\/\/www.diocese-limoges.fr\/haute-vienne\/\",\"name\":\"Doyenn\u00e9s de Haute Vienne\",\"description\":\"Dioc\u00e8se de Limoges\",\"potentialAction\":[{\"@type\":\"SearchAction\",\"target\":{\"@type\":\"EntryPoint\",\"urlTemplate\":\"https:\/\/www.diocese-limoges.fr\/haute-vienne\/?s={search_term_string}\"},\"query-input\":{\"@type\":\"PropertyValueSpecification\",\"valueRequired\":true,\"valueName\":\"search_term_string\"}}],\"inLanguage\":\"fr-FR\"}]}<\/script>\n<!-- \/ Yoast SEO plugin. -->","yoast_head_json":{"title":"Cat\u00e9chisme - Doyenn\u00e9s de Haute Vienne","robots":{"index":"index","follow":"follow","max-snippet":"max-snippet:-1","max-image-preview":"max-image-preview:large","max-video-preview":"max-video-preview:-1"},"canonical":"https:\/\/www.diocese-limoges.fr\/haute-vienne\/paroisses\/paroisse-saint-leonard-en-limousin\/grandir-dans-la-foi\/catechisme\/","og_locale":"fr_FR","og_type":"article","og_title":"Cat\u00e9chisme - Doyenn\u00e9s de Haute Vienne","og_description":"\u200b\u200b\u200b\u200b\u200b\u200b\u200bL&rsquo;\u00e9ducation chr\u00e9tienne commence en famille d\u00e8s le plus jeune \u00e2ge. La paroisse propose une cat\u00e9ch\u00e8se \u00e0 partir de la classe de CE1. Cette cat\u00e9ch\u00e8se se fait avec la participation des parents. Les inscriptions se font au mois de septembre au Centre Paroissial, mais on peut toujours rejoindre un groupe pendant l&rsquo;ann\u00e9e. Les enfants sont invit\u00e9s [&hellip;]","og_url":"https:\/\/www.diocese-limoges.fr\/haute-vienne\/paroisses\/paroisse-saint-leonard-en-limousin\/grandir-dans-la-foi\/catechisme\/","og_site_name":"Doyenn\u00e9s de Haute Vienne","article_modified_time":"2026-03-20T10:37:59+00:00","og_image":[{"width":2560,"height":1699,"url":"https:\/\/www.diocese-limoges.fr\/haute-vienne\/wp-content\/uploads\/sites\/4\/2025\/11\/bandeau-kt-scaled.jpg","type":"image\/jpeg"}],"twitter_card":"summary_large_image","twitter_misc":{"Dur\u00e9e de lecture estim\u00e9e":"1 minute"},"schema":{"@context":"https:\/\/schema.org","@graph":[{"@type":"WebPage","@id":"https:\/\/www.diocese-limoges.fr\/haute-vienne\/paroisses\/paroisse-saint-leonard-en-limousin\/grandir-dans-la-foi\/catechisme\/","url":"https:\/\/www.diocese-limoges.fr\/haute-vienne\/paroisses\/paroisse-saint-leonard-en-limousin\/grandir-dans-la-foi\/catechisme\/","name":"Cat\u00e9chisme - Doyenn\u00e9s de Haute Vienne","isPartOf":{"@id":"https:\/\/www.diocese-limoges.fr\/haute-vienne\/#website"},"primaryImageOfPage":{"@id":"https:\/\/www.diocese-limoges.fr\/haute-vienne\/paroisses\/paroisse-saint-leonard-en-limousin\/grandir-dans-la-foi\/catechisme\/#primaryimage"},"image":{"@id":"https:\/\/www.diocese-limoges.fr\/haute-vienne\/paroisses\/paroisse-saint-leonard-en-limousin\/grandir-dans-la-foi\/catechisme\/#primaryimage"},"thumbnailUrl":"https:\/\/www.diocese-limoges.fr\/haute-vienne\/wp-content\/uploads\/sites\/4\/2025\/11\/bandeau-kt-scaled.jpg","datePublished":"2025-11-21T14:53:48+00:00","dateModified":"2026-03-20T10:37:59+00:00","breadcrumb":{"@id":"https:\/\/www.diocese-limoges.fr\/haute-vienne\/paroisses\/paroisse-saint-leonard-en-limousin\/grandir-dans-la-foi\/catechisme\/#breadcrumb"},"inLanguage":"fr-FR","potentialAction":[{"@type":"ReadAction","target":["https:\/\/www.diocese-limoges.fr\/haute-vienne\/paroisses\/paroisse-saint-leonard-en-limousin\/grandir-dans-la-foi\/catechisme\/"]}]},{"@type":"ImageObject","inLanguage":"fr-FR","@id":"https:\/\/www.diocese-limoges.fr\/haute-vienne\/paroisses\/paroisse-saint-leonard-en-limousin\/grandir-dans-la-foi\/catechisme\/#primaryimage","url":"https:\/\/www.diocese-limoges.fr\/haute-vienne\/wp-content\/uploads\/sites\/4\/2025\/11\/bandeau-kt-scaled.jpg","contentUrl":"https:\/\/www.diocese-limoges.fr\/haute-vienne\/wp-content\/uploads\/sites\/4\/2025\/11\/bandeau-kt-scaled.jpg","width":2560,"height":1699,"caption":"SONY DSC"},{"@type":"BreadcrumbList","@id":"https:\/\/www.diocese-limoges.fr\/haute-vienne\/paroisses\/paroisse-saint-leonard-en-limousin\/grandir-dans-la-foi\/catechisme\/#breadcrumb","itemListElement":[{"@type":"ListItem","position":1,"name":"Accueil","item":"https:\/\/www.diocese-limoges.fr\/haute-vienne\/"},{"@type":"ListItem","position":2,"name":"Paroisse Saint L\u00e9onard en Limousin","item":"https:\/\/www.diocese-limoges.fr\/haute-vienne\/paroisses\/paroisse-saint-leonard-en-limousin\/"},{"@type":"ListItem","position":3,"name":"Grandir dans la foi","item":"https:\/\/www.diocese-limoges.fr\/haute-vienne\/paroisses\/paroisse-saint-leonard-en-limousin\/grandir-dans-la-foi\/"},{"@type":"ListItem","position":4,"name":"Cat\u00e9chisme"}]},{"@type":"WebSite","@id":"https:\/\/www.diocese-limoges.fr\/haute-vienne\/#website","url":"https:\/\/www.diocese-limoges.fr\/haute-vienne\/","name":"Doyenn\u00e9s de Haute Vienne","description":"Dioc\u00e8se de Limoges","potentialAction":[{"@type":"SearchAction","target":{"@type":"EntryPoint","urlTemplate":"https:\/\/www.diocese-limoges.fr\/haute-vienne\/?s={search_term_string}"},"query-input":{"@type":"PropertyValueSpecification","valueRequired":true,"valueName":"search_term_string"}}],"inLanguage":"fr-FR"}]}},"_links":{"self":[{"href":"https:\/\/www.diocese-limoges.fr\/haute-vienne\/wp-json\/wp\/v2\/paroisse\/5237","targetHints":{"allow":["GET"]}}],"collection":[{"href":"https:\/\/www.diocese-limoges.fr\/haute-vienne\/wp-json\/wp\/v2\/paroisse"}],"about":[{"href":"https:\/\/www.diocese-limoges.fr\/haute-vienne\/wp-json\/wp\/v2\/types\/paroisse"}],"author":[{"embeddable":true,"href":"https:\/\/www.diocese-limoges.fr\/haute-vienne\/wp-json\/wp\/v2\/users\/24"}],"up":[{"embeddable":true,"href":"https:\/\/www.diocese-limoges.fr\/haute-vienne\/wp-json\/wp\/v2\/paroisse\/5235"}],"wp:featuredmedia":[{"embeddable":true,"href":"https:\/\/www.diocese-limoges.fr\/haute-vienne\/wp-json\/wp\/v2\/media\/5306"}],"wp:attachment":[{"href":"https:\/\/www.diocese-limoges.fr\/haute-vienne\/wp-json\/wp\/v2\/media?parent=5237"}],"curies":[{"name":"wp","href":"https:\/\/api.w.org\/{rel}","templated":true}]}}