{"id":524,"date":"2020-11-19T14:02:27","date_gmt":"2020-11-19T13:02:27","guid":{"rendered":"https:\/\/www.diocese-limoges.fr\/haute-vienne\/?post_type=paroisse&#038;p=524"},"modified":"2021-03-09T18:53:35","modified_gmt":"2021-03-09T17:53:35","slug":"le-coin-de-lecole-jeanne-darc","status":"publish","type":"paroisse","link":"https:\/\/www.diocese-limoges.fr\/haute-vienne\/paroisses\/paroisse-saint-aurelien\/le-coin-de-lecole-jeanne-darc\/","title":{"rendered":"Le coin de l&rsquo;\u00e9cole Jeanne d&rsquo;Arc&#8230;"},"content":{"rendered":"\n<p><\/p>\n\n\n\n<figure class=\"wp-block-image size-large is-style-default\"><img loading=\"lazy\" decoding=\"async\" width=\"722\" height=\"1024\" src=\"https:\/\/www.diocese-limoges.fr\/haute-vienne\/wp-content\/uploads\/sites\/4\/2021\/03\/mars-2021-info-ecole-jeanne-darc-722x1024.jpg\" alt=\"\" class=\"wp-image-1017\" srcset=\"https:\/\/www.diocese-limoges.fr\/haute-vienne\/wp-content\/uploads\/sites\/4\/2021\/03\/mars-2021-info-ecole-jeanne-darc-722x1024.jpg 722w, https:\/\/www.diocese-limoges.fr\/haute-vienne\/wp-content\/uploads\/sites\/4\/2021\/03\/mars-2021-info-ecole-jeanne-darc-211x300.jpg 211w, https:\/\/www.diocese-limoges.fr\/haute-vienne\/wp-content\/uploads\/sites\/4\/2021\/03\/mars-2021-info-ecole-jeanne-darc-768x1090.jpg 768w, https:\/\/www.diocese-limoges.fr\/haute-vienne\/wp-content\/uploads\/sites\/4\/2021\/03\/mars-2021-info-ecole-jeanne-darc.jpg 874w\" sizes=\"auto, (max-width: 722px) 100vw, 722px\" \/><\/figure>\n\n\n\n<div class=\"wp-block-image is-style-default\"><figure class=\"alignright size-large is-resized\"><img loading=\"lazy\" decoding=\"async\" src=\"https:\/\/www.diocese-limoges.fr\/haute-vienne\/wp-content\/uploads\/sites\/4\/2020\/11\/logo-jeanne-darc.jpg\" alt=\"\" class=\"wp-image-528\" width=\"266\" height=\"212\" srcset=\"https:\/\/www.diocese-limoges.fr\/haute-vienne\/wp-content\/uploads\/sites\/4\/2020\/11\/logo-jeanne-darc.jpg 648w, https:\/\/www.diocese-limoges.fr\/haute-vienne\/wp-content\/uploads\/sites\/4\/2020\/11\/logo-jeanne-darc-300x239.jpg 300w\" sizes=\"auto, (max-width: 266px) 100vw, 266px\" \/><\/figure><\/div>\n\n\n\n<p>L\u2019\u00e9cole Jeanne d\u2019Arc est une \u00e9cole priv\u00e9e catholique sous contrat d\u2019association avec l\u2019Etat. Apr\u00e8s ces mois difficiles li\u00e9s \u00e0 la crise sanitaire, l\u2019\u00e9cole accueille 60 \u00e9l\u00e8ves pour la rentr\u00e9e 2020-2021, r\u00e9partis dans trois classes&nbsp;:<\/p>\n\n\n\n<ul class=\"wp-block-list\"><li>15 \u00e9l\u00e8ves de la PS \u00e0 la GS accompagn\u00e9s dans leurs premiers apprentissages par une nouvelle enseignante Mme LEVEQUE-THEZARD.<\/li><li>22 \u00e9l\u00e8ves du CP au CE2 avec Mr ROUHAUT.<\/li><li>22 \u00e9l\u00e8ves du CE2 au CM2 avec Mme BERTAIGNE, \u00e9galement directrice de l\u2019\u00e9cole.<\/li><\/ul>\n\n\n\n<p>Durant l\u2019ann\u00e9e 2020-2021, des projets porteurs de sens seront propos\u00e9s dans les classes, dont la Journ\u00e9e de la Fraternit\u00e9 le 11 d\u00e9cembre, une journ\u00e9e sans cartable o\u00f9 chacun vivra l\u2019\u00e9cole autrement autour d\u2019ateliers cr\u00e9atifs. La classe de cycle 3 d\u00e9couvre les b\u00e9n\u00e9fices du v\u00e9lo-bureau, un outil destin\u00e9 \u00e0 travailler tout en p\u00e9dalant. Les \u00e9l\u00e8ves reconnaissent que cela les aide \u00e0 se recentrer sur le travail gr\u00e2ce \u00e0 l\u2019activit\u00e9 physique.&nbsp;Les projets de l\u2019ann\u00e9e scolaire sont toujours en lien avec notre projet d\u2019\u00e9tablissement qui vise \u00e0 \u00ab&nbsp;Encourager une \u00e9cole de la relation, la transmission et la communication&nbsp;\u00bb&nbsp;<\/p>\n\n\n\n<ul class=\"wp-block-list\"><li> Journ\u00e9e \u00ab&nbsp;bricolage&nbsp;\u00bb organis\u00e9e par l\u2019Association de parents d\u2019\u00e9l\u00e8ves toujours aussi active et impliqu\u00e9e. Gr\u00e2ce \u00e0 leurs actions, les \u00e9l\u00e8ves de la maternelle ont eu la joie de d\u00e9couvrir leur nouvelle structure de jeux dans la cour&nbsp;le jour de la rentr\u00e9e&nbsp;!<\/li><li>Cat\u00e9chisme et Eveil \u00e0 la Foi au sein de l\u2019\u00e9cole.<\/li><li>Activit\u00e9s sportives (lutte, piscine, sport)<\/li><li>Interventions autour de la sant\u00e9 pour le cycle 3 et Initiation aux 1ers secours.<\/li><li>Atelier conte le mardi, anim\u00e9 par l\u2019association \u00ab&nbsp;Lire et faire lire&nbsp;\u00bb.<\/li><li>Des projets de classes visant \u00e0 d\u00e9velopper l\u2019entraide, la solidarit\u00e9 et la transmission de valeurs.<\/li><\/ul>\n\n\n\n<p>Ces projets seront men\u00e9s \u00e0 bien si le contexte sanitaire nous le permet.<\/p>\n\n\n\n<p class=\"has-text-align-center has-vivid-red-color has-text-color\"><strong><em>\u00ab&nbsp;Esp\u00e9rer en l\u2019\u00e9l\u00e8ve, c\u2019est aimer son avenir&nbsp;\u00bb<\/em><\/strong><\/p>\n\n\n\n<p class=\"has-text-align-right\">Anne BERTAIGNE, directrice<\/p>\n\n\n\n<p><\/p>\n\n\n\n<p class=\"has-vivid-red-color has-text-color\"><strong>\u00c9V\u00c8NEMENTS \u00c0 L&rsquo;\u00c9COLE<\/strong><\/p>\n\n\n\n<ul class=\"wp-block-list\"><li>vendredi 11 d\u00e9cembre &#8211; <strong>Journ\u00e9e sans cartable<\/strong><\/li><\/ul>\n\n\n\n<div class=\"wp-block-file\"><a href=\"https:\/\/www.diocese-limoges.fr\/haute-vienne\/wp-content\/uploads\/sites\/4\/2020\/11\/fraternite-2020-1.pdf\">Fraternit\u00e9 2020 &#8211; Infos journ\u00e9e sans cartable<\/a><a href=\"https:\/\/www.diocese-limoges.fr\/haute-vienne\/wp-content\/uploads\/sites\/4\/2020\/11\/fraternite-2020-1.pdf\" class=\"wp-block-file__button\" download>T\u00e9l\u00e9charger<\/a><\/div>\n\n\n\n<ul class=\"wp-block-list\"><li>lundi 14 d\u00e9cembre &#8211; 10 h 30 &#8211; <strong>C\u00e9l\u00e9bration de No\u00ebl<\/strong><\/li><\/ul>\n\n\n\n<p class=\"has-vivid-red-color has-text-color\"><strong>INFOS POUR LES PARENTS<\/strong><\/p>\n\n\n\n<div class=\"wp-block-file\"><a href=\"https:\/\/www.diocese-limoges.fr\/haute-vienne\/wp-content\/uploads\/sites\/4\/2020\/11\/courrier-aux-parents-19-novembre-2020.pdf\">Courrier aux parents &#8211; 19 novembre 2020<\/a><a href=\"https:\/\/www.diocese-limoges.fr\/haute-vienne\/wp-content\/uploads\/sites\/4\/2020\/11\/courrier-aux-parents-19-novembre-2020.pdf\" class=\"wp-block-file__button\" download>T\u00e9l\u00e9charger<\/a><\/div>\n","protected":false},"author":26,"featured_media":525,"parent":21,"menu_order":85,"template":"","meta":{"_acf_changed":false},"class_list":["post-524","paroisse","type-paroisse","status-publish","has-post-thumbnail","hentry"],"acf":[],"yoast_head":"<!-- This site is optimized with the Yoast SEO plugin v26.4 - https:\/\/yoast.com\/wordpress\/plugins\/seo\/ -->\n<title>Le coin de l&#039;\u00e9cole Jeanne d&#039;Arc... - Doyenn\u00e9s de Haute Vienne<\/title>\n<meta name=\"robots\" content=\"index, follow, max-snippet:-1, max-image-preview:large, max-video-preview:-1\" \/>\n<link rel=\"canonical\" href=\"https:\/\/www.diocese-limoges.fr\/haute-vienne\/paroisses\/paroisse-saint-aurelien\/le-coin-de-lecole-jeanne-darc\/\" \/>\n<meta property=\"og:locale\" content=\"fr_FR\" \/>\n<meta property=\"og:type\" content=\"article\" \/>\n<meta property=\"og:title\" content=\"Le coin de l&#039;\u00e9cole Jeanne d&#039;Arc... - Doyenn\u00e9s de Haute Vienne\" \/>\n<meta property=\"og:description\" content=\"L\u2019\u00e9cole Jeanne d\u2019Arc est une \u00e9cole priv\u00e9e catholique sous contrat d\u2019association avec l\u2019Etat. Apr\u00e8s ces mois difficiles li\u00e9s \u00e0 la crise sanitaire, l\u2019\u00e9cole accueille 60 \u00e9l\u00e8ves pour la rentr\u00e9e 2020-2021, r\u00e9partis dans trois classes&nbsp;: 15 \u00e9l\u00e8ves de la PS \u00e0 la GS accompagn\u00e9s dans leurs premiers apprentissages par une nouvelle enseignante Mme LEVEQUE-THEZARD. 22 \u00e9l\u00e8ves [&hellip;]\" \/>\n<meta property=\"og:url\" content=\"https:\/\/www.diocese-limoges.fr\/haute-vienne\/paroisses\/paroisse-saint-aurelien\/le-coin-de-lecole-jeanne-darc\/\" \/>\n<meta property=\"og:site_name\" content=\"Doyenn\u00e9s de Haute Vienne\" \/>\n<meta property=\"article:modified_time\" content=\"2021-03-09T17:53:35+00:00\" \/>\n<meta property=\"og:image\" content=\"https:\/\/www.diocese-limoges.fr\/haute-vienne\/wp-content\/uploads\/sites\/4\/2020\/11\/logo-enseignement-catholique-scaled.jpg\" \/>\n\t<meta property=\"og:image:width\" content=\"2560\" \/>\n\t<meta property=\"og:image:height\" content=\"1544\" \/>\n\t<meta property=\"og:image:type\" content=\"image\/jpeg\" \/>\n<meta name=\"twitter:card\" content=\"summary_large_image\" \/>\n<meta name=\"twitter:label1\" content=\"Dur\u00e9e de lecture estim\u00e9e\" \/>\n\t<meta name=\"twitter:data1\" content=\"2 minutes\" \/>\n<script type=\"application\/ld+json\" class=\"yoast-schema-graph\">{\"@context\":\"https:\/\/schema.org\",\"@graph\":[{\"@type\":\"WebPage\",\"@id\":\"https:\/\/www.diocese-limoges.fr\/haute-vienne\/paroisses\/paroisse-saint-aurelien\/le-coin-de-lecole-jeanne-darc\/\",\"url\":\"https:\/\/www.diocese-limoges.fr\/haute-vienne\/paroisses\/paroisse-saint-aurelien\/le-coin-de-lecole-jeanne-darc\/\",\"name\":\"Le coin de l'\u00e9cole Jeanne d'Arc... - Doyenn\u00e9s de Haute Vienne\",\"isPartOf\":{\"@id\":\"https:\/\/www.diocese-limoges.fr\/haute-vienne\/#website\"},\"primaryImageOfPage\":{\"@id\":\"https:\/\/www.diocese-limoges.fr\/haute-vienne\/paroisses\/paroisse-saint-aurelien\/le-coin-de-lecole-jeanne-darc\/#primaryimage\"},\"image\":{\"@id\":\"https:\/\/www.diocese-limoges.fr\/haute-vienne\/paroisses\/paroisse-saint-aurelien\/le-coin-de-lecole-jeanne-darc\/#primaryimage\"},\"thumbnailUrl\":\"https:\/\/www.diocese-limoges.fr\/haute-vienne\/wp-content\/uploads\/sites\/4\/2020\/11\/logo-enseignement-catholique-scaled.jpg\",\"datePublished\":\"2020-11-19T13:02:27+00:00\",\"dateModified\":\"2021-03-09T17:53:35+00:00\",\"breadcrumb\":{\"@id\":\"https:\/\/www.diocese-limoges.fr\/haute-vienne\/paroisses\/paroisse-saint-aurelien\/le-coin-de-lecole-jeanne-darc\/#breadcrumb\"},\"inLanguage\":\"fr-FR\",\"potentialAction\":[{\"@type\":\"ReadAction\",\"target\":[\"https:\/\/www.diocese-limoges.fr\/haute-vienne\/paroisses\/paroisse-saint-aurelien\/le-coin-de-lecole-jeanne-darc\/\"]}]},{\"@type\":\"ImageObject\",\"inLanguage\":\"fr-FR\",\"@id\":\"https:\/\/www.diocese-limoges.fr\/haute-vienne\/paroisses\/paroisse-saint-aurelien\/le-coin-de-lecole-jeanne-darc\/#primaryimage\",\"url\":\"https:\/\/www.diocese-limoges.fr\/haute-vienne\/wp-content\/uploads\/sites\/4\/2020\/11\/logo-enseignement-catholique-scaled.jpg\",\"contentUrl\":\"https:\/\/www.diocese-limoges.fr\/haute-vienne\/wp-content\/uploads\/sites\/4\/2020\/11\/logo-enseignement-catholique-scaled.jpg\",\"width\":2560,\"height\":1544},{\"@type\":\"BreadcrumbList\",\"@id\":\"https:\/\/www.diocese-limoges.fr\/haute-vienne\/paroisses\/paroisse-saint-aurelien\/le-coin-de-lecole-jeanne-darc\/#breadcrumb\",\"itemListElement\":[{\"@type\":\"ListItem\",\"position\":1,\"name\":\"Accueil\",\"item\":\"https:\/\/www.diocese-limoges.fr\/haute-vienne\/\"},{\"@type\":\"ListItem\",\"position\":2,\"name\":\"Paroisse Saint Aur\u00e9lien\",\"item\":\"https:\/\/www.diocese-limoges.fr\/haute-vienne\/paroisses\/paroisse-saint-aurelien\/\"},{\"@type\":\"ListItem\",\"position\":3,\"name\":\"Le coin de l&rsquo;\u00e9cole Jeanne d&rsquo;Arc&#8230;\"}]},{\"@type\":\"WebSite\",\"@id\":\"https:\/\/www.diocese-limoges.fr\/haute-vienne\/#website\",\"url\":\"https:\/\/www.diocese-limoges.fr\/haute-vienne\/\",\"name\":\"Doyenn\u00e9s de Haute Vienne\",\"description\":\"Dioc\u00e8se de Limoges\",\"potentialAction\":[{\"@type\":\"SearchAction\",\"target\":{\"@type\":\"EntryPoint\",\"urlTemplate\":\"https:\/\/www.diocese-limoges.fr\/haute-vienne\/?s={search_term_string}\"},\"query-input\":{\"@type\":\"PropertyValueSpecification\",\"valueRequired\":true,\"valueName\":\"search_term_string\"}}],\"inLanguage\":\"fr-FR\"}]}<\/script>\n<!-- \/ Yoast SEO plugin. -->","yoast_head_json":{"title":"Le coin de l'\u00e9cole Jeanne d'Arc... - Doyenn\u00e9s de Haute Vienne","robots":{"index":"index","follow":"follow","max-snippet":"max-snippet:-1","max-image-preview":"max-image-preview:large","max-video-preview":"max-video-preview:-1"},"canonical":"https:\/\/www.diocese-limoges.fr\/haute-vienne\/paroisses\/paroisse-saint-aurelien\/le-coin-de-lecole-jeanne-darc\/","og_locale":"fr_FR","og_type":"article","og_title":"Le coin de l'\u00e9cole Jeanne d'Arc... - Doyenn\u00e9s de Haute Vienne","og_description":"L\u2019\u00e9cole Jeanne d\u2019Arc est une \u00e9cole priv\u00e9e catholique sous contrat d\u2019association avec l\u2019Etat. Apr\u00e8s ces mois difficiles li\u00e9s \u00e0 la crise sanitaire, l\u2019\u00e9cole accueille 60 \u00e9l\u00e8ves pour la rentr\u00e9e 2020-2021, r\u00e9partis dans trois classes&nbsp;: 15 \u00e9l\u00e8ves de la PS \u00e0 la GS accompagn\u00e9s dans leurs premiers apprentissages par une nouvelle enseignante Mme LEVEQUE-THEZARD. 22 \u00e9l\u00e8ves [&hellip;]","og_url":"https:\/\/www.diocese-limoges.fr\/haute-vienne\/paroisses\/paroisse-saint-aurelien\/le-coin-de-lecole-jeanne-darc\/","og_site_name":"Doyenn\u00e9s de Haute Vienne","article_modified_time":"2021-03-09T17:53:35+00:00","og_image":[{"width":2560,"height":1544,"url":"https:\/\/www.diocese-limoges.fr\/haute-vienne\/wp-content\/uploads\/sites\/4\/2020\/11\/logo-enseignement-catholique-scaled.jpg","type":"image\/jpeg"}],"twitter_card":"summary_large_image","twitter_misc":{"Dur\u00e9e de lecture estim\u00e9e":"2 minutes"},"schema":{"@context":"https:\/\/schema.org","@graph":[{"@type":"WebPage","@id":"https:\/\/www.diocese-limoges.fr\/haute-vienne\/paroisses\/paroisse-saint-aurelien\/le-coin-de-lecole-jeanne-darc\/","url":"https:\/\/www.diocese-limoges.fr\/haute-vienne\/paroisses\/paroisse-saint-aurelien\/le-coin-de-lecole-jeanne-darc\/","name":"Le coin de l'\u00e9cole Jeanne d'Arc... - Doyenn\u00e9s de Haute Vienne","isPartOf":{"@id":"https:\/\/www.diocese-limoges.fr\/haute-vienne\/#website"},"primaryImageOfPage":{"@id":"https:\/\/www.diocese-limoges.fr\/haute-vienne\/paroisses\/paroisse-saint-aurelien\/le-coin-de-lecole-jeanne-darc\/#primaryimage"},"image":{"@id":"https:\/\/www.diocese-limoges.fr\/haute-vienne\/paroisses\/paroisse-saint-aurelien\/le-coin-de-lecole-jeanne-darc\/#primaryimage"},"thumbnailUrl":"https:\/\/www.diocese-limoges.fr\/haute-vienne\/wp-content\/uploads\/sites\/4\/2020\/11\/logo-enseignement-catholique-scaled.jpg","datePublished":"2020-11-19T13:02:27+00:00","dateModified":"2021-03-09T17:53:35+00:00","breadcrumb":{"@id":"https:\/\/www.diocese-limoges.fr\/haute-vienne\/paroisses\/paroisse-saint-aurelien\/le-coin-de-lecole-jeanne-darc\/#breadcrumb"},"inLanguage":"fr-FR","potentialAction":[{"@type":"ReadAction","target":["https:\/\/www.diocese-limoges.fr\/haute-vienne\/paroisses\/paroisse-saint-aurelien\/le-coin-de-lecole-jeanne-darc\/"]}]},{"@type":"ImageObject","inLanguage":"fr-FR","@id":"https:\/\/www.diocese-limoges.fr\/haute-vienne\/paroisses\/paroisse-saint-aurelien\/le-coin-de-lecole-jeanne-darc\/#primaryimage","url":"https:\/\/www.diocese-limoges.fr\/haute-vienne\/wp-content\/uploads\/sites\/4\/2020\/11\/logo-enseignement-catholique-scaled.jpg","contentUrl":"https:\/\/www.diocese-limoges.fr\/haute-vienne\/wp-content\/uploads\/sites\/4\/2020\/11\/logo-enseignement-catholique-scaled.jpg","width":2560,"height":1544},{"@type":"BreadcrumbList","@id":"https:\/\/www.diocese-limoges.fr\/haute-vienne\/paroisses\/paroisse-saint-aurelien\/le-coin-de-lecole-jeanne-darc\/#breadcrumb","itemListElement":[{"@type":"ListItem","position":1,"name":"Accueil","item":"https:\/\/www.diocese-limoges.fr\/haute-vienne\/"},{"@type":"ListItem","position":2,"name":"Paroisse Saint Aur\u00e9lien","item":"https:\/\/www.diocese-limoges.fr\/haute-vienne\/paroisses\/paroisse-saint-aurelien\/"},{"@type":"ListItem","position":3,"name":"Le coin de l&rsquo;\u00e9cole Jeanne d&rsquo;Arc&#8230;"}]},{"@type":"WebSite","@id":"https:\/\/www.diocese-limoges.fr\/haute-vienne\/#website","url":"https:\/\/www.diocese-limoges.fr\/haute-vienne\/","name":"Doyenn\u00e9s de Haute Vienne","description":"Dioc\u00e8se de Limoges","potentialAction":[{"@type":"SearchAction","target":{"@type":"EntryPoint","urlTemplate":"https:\/\/www.diocese-limoges.fr\/haute-vienne\/?s={search_term_string}"},"query-input":{"@type":"PropertyValueSpecification","valueRequired":true,"valueName":"search_term_string"}}],"inLanguage":"fr-FR"}]}},"_links":{"self":[{"href":"https:\/\/www.diocese-limoges.fr\/haute-vienne\/wp-json\/wp\/v2\/paroisse\/524","targetHints":{"allow":["GET"]}}],"collection":[{"href":"https:\/\/www.diocese-limoges.fr\/haute-vienne\/wp-json\/wp\/v2\/paroisse"}],"about":[{"href":"https:\/\/www.diocese-limoges.fr\/haute-vienne\/wp-json\/wp\/v2\/types\/paroisse"}],"author":[{"embeddable":true,"href":"https:\/\/www.diocese-limoges.fr\/haute-vienne\/wp-json\/wp\/v2\/users\/26"}],"up":[{"embeddable":true,"href":"https:\/\/www.diocese-limoges.fr\/haute-vienne\/wp-json\/wp\/v2\/paroisse\/21"}],"wp:featuredmedia":[{"embeddable":true,"href":"https:\/\/www.diocese-limoges.fr\/haute-vienne\/wp-json\/wp\/v2\/media\/525"}],"wp:attachment":[{"href":"https:\/\/www.diocese-limoges.fr\/haute-vienne\/wp-json\/wp\/v2\/media?parent=524"}],"curies":[{"name":"wp","href":"https:\/\/api.w.org\/{rel}","templated":true}]}}