{"id":5311,"date":"2025-12-12T16:01:27","date_gmt":"2025-12-12T15:01:27","guid":{"rendered":"https:\/\/www.diocese-limoges.fr\/haute-vienne\/?post_type=paroisse&#038;p=5311"},"modified":"2026-03-20T11:52:59","modified_gmt":"2026-03-20T10:52:59","slug":"jumelage","status":"publish","type":"paroisse","link":"https:\/\/www.diocese-limoges.fr\/haute-vienne\/paroisses\/paroisse-saint-leonard-en-limousin\/servir-sengager\/jumelage\/","title":{"rendered":"Jumelage"},"content":{"rendered":"\n<p><mark class=\"has-inline-color has-luminous-vivid-orange-color\">Contact : B\u00e9atrice FOURNET-REYMOND 06 32 18 80 06 <\/mark><\/p>\n\n\n\n<p class=\"has-text-align-center\"><strong>Le jumelage&nbsp;: le rendez-vous du donner et du recevoir fond\u00e9 sur la pri\u00e8re, la fraternit\u00e9, le partage d\u2019exp\u00e9rience.<\/strong><\/p>\n\n\n\n<p><mark class=\"has-inline-color has-luminous-vivid-orange-color\">Histoire<\/mark><br>C\u2019est en 1966, Mgr Gufflet, \u00e9v\u00eaque de Limoges et Mgr Tapsoba, \u00e9v\u00eaque de Ouahigouya au Burkina Faso sympathisent au concile Vatican II. De cette amiti\u00e9 est n\u00e9 le jumelage entre les deux dioc\u00e8ses.<br>Le jumelage sur le secteur Monts et Barrages commence lors de l\u2019\u00e9t\u00e9 1968 avec la visite au presbyt\u00e8re de Chateauneuf la For\u00eat du p\u00e8re Clochard cur\u00e9 de la nouvelle paroisse de S\u00e9gu\u00e9n\u00e9ga. Aujourd\u2019hui le jumelage concerne les deux paroisse St L\u00e9onard en Limousin et Ste Anne.<\/p>\n\n\n\n<figure class=\"wp-block-image size-full is-resized\"><img loading=\"lazy\" decoding=\"async\" width=\"942\" height=\"318\" src=\"https:\/\/www.diocese-limoges.fr\/haute-vienne\/wp-content\/uploads\/sites\/4\/2025\/12\/image.png\" alt=\"\" class=\"wp-image-5557\" style=\"width:500px\" srcset=\"https:\/\/www.diocese-limoges.fr\/haute-vienne\/wp-content\/uploads\/sites\/4\/2025\/12\/image.png 942w, https:\/\/www.diocese-limoges.fr\/haute-vienne\/wp-content\/uploads\/sites\/4\/2025\/12\/image-300x101.png 300w, https:\/\/www.diocese-limoges.fr\/haute-vienne\/wp-content\/uploads\/sites\/4\/2025\/12\/image-768x259.png 768w\" sizes=\"auto, (max-width: 942px) 100vw, 942px\" \/><\/figure>\n\n\n\n<p><mark class=\"has-inline-color has-luminous-vivid-orange-color\">Les Amis de S\u00e9gu\u00e9n\u00e9ga<\/mark><br>Le jumelage est une association de loi 1901, inscrite au JO le 15.12.2006<br>Vivre le jumelage c\u2019est bien s\u00fbr souscrire \u00e0 4 priorit\u00e9s, l\u2019ouverture, la rencontre, le partage et la pri\u00e8re. C\u2019est aller vers l\u2019autre en faisant tomber le manteau de nos habitudes, en partageant nos richesses culturelles, sociales, spirituelles, ce qu\u2019il y a de vrai en chacun de nous &nbsp;avec pour ciment la pri\u00e8re qui nous aide \u00e0 construire cette fraternit\u00e9 universelle.<\/p>\n\n\n\n<p><mark class=\"has-inline-color has-luminous-vivid-orange-color\">Activit\u00e9s du jumelage<\/mark><br>&#8211; <strong>Une communion en J\u00e9sus Christ<\/strong><br>Intentions de pri\u00e8res partag\u00e9s le 2<sup>\u00e8me<\/sup> dimanche de L\u2019Avent<br>Veill\u00e9es de pri\u00e8res<br>&#8211; <strong>Des activit\u00e9s ludiques et culturelles<\/strong><br>Printemps du film burkinab\u00e9<br>Apr\u00e8s-midi jeux<br>Concerts\u2026.<br>&#8211; <strong>Des kermesses, des&nbsp; moments conviviaux<\/strong><br>Repas de l\u2019amiti\u00e9<br>Vente d\u2019artisanat, couronnes de l\u2019Avent, confitures\u2026.<br>&#8211; <strong>Des courriers, des rencontres<\/strong><br>De nombreux messages, mails et autres sont partag\u00e9s<br>Les rencontres qui \u00e9taient tr\u00e8s nombreuses jusqu\u2019en 2019 \u2013 avant l\u2019arriv\u00e9e du terrorisme<br>&#8211; <strong>L\u2019aide dans le fonctionnement de la paroisse jumelle et soutien dans la r\u00e9alisation des projets<\/strong><\/p>\n\n\n\n<figure class=\"wp-block-image size-full is-resized\"><img loading=\"lazy\" decoding=\"async\" width=\"766\" height=\"706\" src=\"https:\/\/www.diocese-limoges.fr\/haute-vienne\/wp-content\/uploads\/sites\/4\/2025\/12\/image-1.png\" alt=\"\" class=\"wp-image-5559\" style=\"width:500px\" srcset=\"https:\/\/www.diocese-limoges.fr\/haute-vienne\/wp-content\/uploads\/sites\/4\/2025\/12\/image-1.png 766w, https:\/\/www.diocese-limoges.fr\/haute-vienne\/wp-content\/uploads\/sites\/4\/2025\/12\/image-1-300x277.png 300w\" sizes=\"auto, (max-width: 766px) 100vw, 766px\" \/><\/figure>\n\n\n\n<ol class=\"wp-block-list\">\n<li><\/li>\n<\/ol>\n\n\n\n<p><mark class=\"has-inline-color has-luminous-vivid-orange-color\">La vie \u00e0 S\u00e9gu\u00e9n\u00e9ga <\/mark><\/p>\n\n\n\n<figure class=\"wp-block-image size-full is-resized\"><img loading=\"lazy\" decoding=\"async\" width=\"475\" height=\"697\" src=\"https:\/\/www.diocese-limoges.fr\/haute-vienne\/wp-content\/uploads\/sites\/4\/2025\/12\/image-2.png\" alt=\"\" class=\"wp-image-5560\" style=\"width:700px\" srcset=\"https:\/\/www.diocese-limoges.fr\/haute-vienne\/wp-content\/uploads\/sites\/4\/2025\/12\/image-2.png 475w, https:\/\/www.diocese-limoges.fr\/haute-vienne\/wp-content\/uploads\/sites\/4\/2025\/12\/image-2-204x300.png 204w\" sizes=\"auto, (max-width: 475px) 100vw, 475px\" \/><\/figure>\n","protected":false},"author":24,"featured_media":5382,"parent":5478,"menu_order":8,"template":"","meta":{"_acf_changed":false},"class_list":["post-5311","paroisse","type-paroisse","status-publish","has-post-thumbnail","hentry"],"acf":[],"yoast_head":"<!-- This site is optimized with the Yoast SEO plugin v26.4 - https:\/\/yoast.com\/wordpress\/plugins\/seo\/ -->\n<title>Jumelage - Doyenn\u00e9s de Haute Vienne<\/title>\n<meta name=\"robots\" content=\"index, follow, max-snippet:-1, max-image-preview:large, max-video-preview:-1\" \/>\n<link rel=\"canonical\" href=\"https:\/\/www.diocese-limoges.fr\/haute-vienne\/paroisses\/paroisse-saint-leonard-en-limousin\/servir-sengager\/jumelage\/\" \/>\n<meta property=\"og:locale\" content=\"fr_FR\" \/>\n<meta property=\"og:type\" content=\"article\" \/>\n<meta property=\"og:title\" content=\"Jumelage - Doyenn\u00e9s de Haute Vienne\" \/>\n<meta property=\"og:description\" content=\"Contact : B\u00e9atrice FOURNET-REYMOND 06 32 18 80 06 Le jumelage&nbsp;: le rendez-vous du donner et du recevoir fond\u00e9 sur la pri\u00e8re, la fraternit\u00e9, le partage d\u2019exp\u00e9rience. HistoireC\u2019est en 1966, Mgr Gufflet, \u00e9v\u00eaque de Limoges et Mgr Tapsoba, \u00e9v\u00eaque de Ouahigouya au Burkina Faso sympathisent au concile Vatican II. De cette amiti\u00e9 est n\u00e9 le [&hellip;]\" \/>\n<meta property=\"og:url\" content=\"https:\/\/www.diocese-limoges.fr\/haute-vienne\/paroisses\/paroisse-saint-leonard-en-limousin\/servir-sengager\/jumelage\/\" \/>\n<meta property=\"og:site_name\" content=\"Doyenn\u00e9s de Haute Vienne\" \/>\n<meta property=\"article:modified_time\" content=\"2026-03-20T10:52:59+00:00\" \/>\n<meta property=\"og:image\" content=\"https:\/\/www.diocese-limoges.fr\/haute-vienne\/wp-content\/uploads\/sites\/4\/2025\/12\/capture-decran-2025-12-12-154326.png\" \/>\n\t<meta property=\"og:image:width\" content=\"1070\" \/>\n\t<meta property=\"og:image:height\" content=\"190\" \/>\n\t<meta property=\"og:image:type\" content=\"image\/png\" \/>\n<meta name=\"twitter:card\" content=\"summary_large_image\" \/>\n<meta name=\"twitter:label1\" content=\"Dur\u00e9e de lecture estim\u00e9e\" \/>\n\t<meta name=\"twitter:data1\" content=\"3 minutes\" \/>\n<script type=\"application\/ld+json\" class=\"yoast-schema-graph\">{\"@context\":\"https:\/\/schema.org\",\"@graph\":[{\"@type\":\"WebPage\",\"@id\":\"https:\/\/www.diocese-limoges.fr\/haute-vienne\/paroisses\/paroisse-saint-leonard-en-limousin\/servir-sengager\/jumelage\/\",\"url\":\"https:\/\/www.diocese-limoges.fr\/haute-vienne\/paroisses\/paroisse-saint-leonard-en-limousin\/servir-sengager\/jumelage\/\",\"name\":\"Jumelage - Doyenn\u00e9s de Haute Vienne\",\"isPartOf\":{\"@id\":\"https:\/\/www.diocese-limoges.fr\/haute-vienne\/#website\"},\"primaryImageOfPage\":{\"@id\":\"https:\/\/www.diocese-limoges.fr\/haute-vienne\/paroisses\/paroisse-saint-leonard-en-limousin\/servir-sengager\/jumelage\/#primaryimage\"},\"image\":{\"@id\":\"https:\/\/www.diocese-limoges.fr\/haute-vienne\/paroisses\/paroisse-saint-leonard-en-limousin\/servir-sengager\/jumelage\/#primaryimage\"},\"thumbnailUrl\":\"https:\/\/www.diocese-limoges.fr\/haute-vienne\/wp-content\/uploads\/sites\/4\/2025\/12\/capture-decran-2025-12-12-154326.png\",\"datePublished\":\"2025-12-12T15:01:27+00:00\",\"dateModified\":\"2026-03-20T10:52:59+00:00\",\"breadcrumb\":{\"@id\":\"https:\/\/www.diocese-limoges.fr\/haute-vienne\/paroisses\/paroisse-saint-leonard-en-limousin\/servir-sengager\/jumelage\/#breadcrumb\"},\"inLanguage\":\"fr-FR\",\"potentialAction\":[{\"@type\":\"ReadAction\",\"target\":[\"https:\/\/www.diocese-limoges.fr\/haute-vienne\/paroisses\/paroisse-saint-leonard-en-limousin\/servir-sengager\/jumelage\/\"]}]},{\"@type\":\"ImageObject\",\"inLanguage\":\"fr-FR\",\"@id\":\"https:\/\/www.diocese-limoges.fr\/haute-vienne\/paroisses\/paroisse-saint-leonard-en-limousin\/servir-sengager\/jumelage\/#primaryimage\",\"url\":\"https:\/\/www.diocese-limoges.fr\/haute-vienne\/wp-content\/uploads\/sites\/4\/2025\/12\/capture-decran-2025-12-12-154326.png\",\"contentUrl\":\"https:\/\/www.diocese-limoges.fr\/haute-vienne\/wp-content\/uploads\/sites\/4\/2025\/12\/capture-decran-2025-12-12-154326.png\",\"width\":1070,\"height\":190},{\"@type\":\"BreadcrumbList\",\"@id\":\"https:\/\/www.diocese-limoges.fr\/haute-vienne\/paroisses\/paroisse-saint-leonard-en-limousin\/servir-sengager\/jumelage\/#breadcrumb\",\"itemListElement\":[{\"@type\":\"ListItem\",\"position\":1,\"name\":\"Accueil\",\"item\":\"https:\/\/www.diocese-limoges.fr\/haute-vienne\/\"},{\"@type\":\"ListItem\",\"position\":2,\"name\":\"Paroisse Saint L\u00e9onard en Limousin\",\"item\":\"https:\/\/www.diocese-limoges.fr\/haute-vienne\/paroisses\/paroisse-saint-leonard-en-limousin\/\"},{\"@type\":\"ListItem\",\"position\":3,\"name\":\"Servir\/s&rsquo;engager\",\"item\":\"https:\/\/www.diocese-limoges.fr\/haute-vienne\/paroisses\/paroisse-saint-leonard-en-limousin\/servir-sengager\/\"},{\"@type\":\"ListItem\",\"position\":4,\"name\":\"Jumelage\"}]},{\"@type\":\"WebSite\",\"@id\":\"https:\/\/www.diocese-limoges.fr\/haute-vienne\/#website\",\"url\":\"https:\/\/www.diocese-limoges.fr\/haute-vienne\/\",\"name\":\"Doyenn\u00e9s de Haute Vienne\",\"description\":\"Dioc\u00e8se de Limoges\",\"potentialAction\":[{\"@type\":\"SearchAction\",\"target\":{\"@type\":\"EntryPoint\",\"urlTemplate\":\"https:\/\/www.diocese-limoges.fr\/haute-vienne\/?s={search_term_string}\"},\"query-input\":{\"@type\":\"PropertyValueSpecification\",\"valueRequired\":true,\"valueName\":\"search_term_string\"}}],\"inLanguage\":\"fr-FR\"}]}<\/script>\n<!-- \/ Yoast SEO plugin. -->","yoast_head_json":{"title":"Jumelage - Doyenn\u00e9s de Haute Vienne","robots":{"index":"index","follow":"follow","max-snippet":"max-snippet:-1","max-image-preview":"max-image-preview:large","max-video-preview":"max-video-preview:-1"},"canonical":"https:\/\/www.diocese-limoges.fr\/haute-vienne\/paroisses\/paroisse-saint-leonard-en-limousin\/servir-sengager\/jumelage\/","og_locale":"fr_FR","og_type":"article","og_title":"Jumelage - Doyenn\u00e9s de Haute Vienne","og_description":"Contact : B\u00e9atrice FOURNET-REYMOND 06 32 18 80 06 Le jumelage&nbsp;: le rendez-vous du donner et du recevoir fond\u00e9 sur la pri\u00e8re, la fraternit\u00e9, le partage d\u2019exp\u00e9rience. HistoireC\u2019est en 1966, Mgr Gufflet, \u00e9v\u00eaque de Limoges et Mgr Tapsoba, \u00e9v\u00eaque de Ouahigouya au Burkina Faso sympathisent au concile Vatican II. De cette amiti\u00e9 est n\u00e9 le [&hellip;]","og_url":"https:\/\/www.diocese-limoges.fr\/haute-vienne\/paroisses\/paroisse-saint-leonard-en-limousin\/servir-sengager\/jumelage\/","og_site_name":"Doyenn\u00e9s de Haute Vienne","article_modified_time":"2026-03-20T10:52:59+00:00","og_image":[{"width":1070,"height":190,"url":"https:\/\/www.diocese-limoges.fr\/haute-vienne\/wp-content\/uploads\/sites\/4\/2025\/12\/capture-decran-2025-12-12-154326.png","type":"image\/png"}],"twitter_card":"summary_large_image","twitter_misc":{"Dur\u00e9e de lecture estim\u00e9e":"3 minutes"},"schema":{"@context":"https:\/\/schema.org","@graph":[{"@type":"WebPage","@id":"https:\/\/www.diocese-limoges.fr\/haute-vienne\/paroisses\/paroisse-saint-leonard-en-limousin\/servir-sengager\/jumelage\/","url":"https:\/\/www.diocese-limoges.fr\/haute-vienne\/paroisses\/paroisse-saint-leonard-en-limousin\/servir-sengager\/jumelage\/","name":"Jumelage - Doyenn\u00e9s de Haute Vienne","isPartOf":{"@id":"https:\/\/www.diocese-limoges.fr\/haute-vienne\/#website"},"primaryImageOfPage":{"@id":"https:\/\/www.diocese-limoges.fr\/haute-vienne\/paroisses\/paroisse-saint-leonard-en-limousin\/servir-sengager\/jumelage\/#primaryimage"},"image":{"@id":"https:\/\/www.diocese-limoges.fr\/haute-vienne\/paroisses\/paroisse-saint-leonard-en-limousin\/servir-sengager\/jumelage\/#primaryimage"},"thumbnailUrl":"https:\/\/www.diocese-limoges.fr\/haute-vienne\/wp-content\/uploads\/sites\/4\/2025\/12\/capture-decran-2025-12-12-154326.png","datePublished":"2025-12-12T15:01:27+00:00","dateModified":"2026-03-20T10:52:59+00:00","breadcrumb":{"@id":"https:\/\/www.diocese-limoges.fr\/haute-vienne\/paroisses\/paroisse-saint-leonard-en-limousin\/servir-sengager\/jumelage\/#breadcrumb"},"inLanguage":"fr-FR","potentialAction":[{"@type":"ReadAction","target":["https:\/\/www.diocese-limoges.fr\/haute-vienne\/paroisses\/paroisse-saint-leonard-en-limousin\/servir-sengager\/jumelage\/"]}]},{"@type":"ImageObject","inLanguage":"fr-FR","@id":"https:\/\/www.diocese-limoges.fr\/haute-vienne\/paroisses\/paroisse-saint-leonard-en-limousin\/servir-sengager\/jumelage\/#primaryimage","url":"https:\/\/www.diocese-limoges.fr\/haute-vienne\/wp-content\/uploads\/sites\/4\/2025\/12\/capture-decran-2025-12-12-154326.png","contentUrl":"https:\/\/www.diocese-limoges.fr\/haute-vienne\/wp-content\/uploads\/sites\/4\/2025\/12\/capture-decran-2025-12-12-154326.png","width":1070,"height":190},{"@type":"BreadcrumbList","@id":"https:\/\/www.diocese-limoges.fr\/haute-vienne\/paroisses\/paroisse-saint-leonard-en-limousin\/servir-sengager\/jumelage\/#breadcrumb","itemListElement":[{"@type":"ListItem","position":1,"name":"Accueil","item":"https:\/\/www.diocese-limoges.fr\/haute-vienne\/"},{"@type":"ListItem","position":2,"name":"Paroisse Saint L\u00e9onard en Limousin","item":"https:\/\/www.diocese-limoges.fr\/haute-vienne\/paroisses\/paroisse-saint-leonard-en-limousin\/"},{"@type":"ListItem","position":3,"name":"Servir\/s&rsquo;engager","item":"https:\/\/www.diocese-limoges.fr\/haute-vienne\/paroisses\/paroisse-saint-leonard-en-limousin\/servir-sengager\/"},{"@type":"ListItem","position":4,"name":"Jumelage"}]},{"@type":"WebSite","@id":"https:\/\/www.diocese-limoges.fr\/haute-vienne\/#website","url":"https:\/\/www.diocese-limoges.fr\/haute-vienne\/","name":"Doyenn\u00e9s de Haute Vienne","description":"Dioc\u00e8se de Limoges","potentialAction":[{"@type":"SearchAction","target":{"@type":"EntryPoint","urlTemplate":"https:\/\/www.diocese-limoges.fr\/haute-vienne\/?s={search_term_string}"},"query-input":{"@type":"PropertyValueSpecification","valueRequired":true,"valueName":"search_term_string"}}],"inLanguage":"fr-FR"}]}},"_links":{"self":[{"href":"https:\/\/www.diocese-limoges.fr\/haute-vienne\/wp-json\/wp\/v2\/paroisse\/5311","targetHints":{"allow":["GET"]}}],"collection":[{"href":"https:\/\/www.diocese-limoges.fr\/haute-vienne\/wp-json\/wp\/v2\/paroisse"}],"about":[{"href":"https:\/\/www.diocese-limoges.fr\/haute-vienne\/wp-json\/wp\/v2\/types\/paroisse"}],"author":[{"embeddable":true,"href":"https:\/\/www.diocese-limoges.fr\/haute-vienne\/wp-json\/wp\/v2\/users\/24"}],"up":[{"embeddable":true,"href":"https:\/\/www.diocese-limoges.fr\/haute-vienne\/wp-json\/wp\/v2\/paroisse\/5478"}],"wp:featuredmedia":[{"embeddable":true,"href":"https:\/\/www.diocese-limoges.fr\/haute-vienne\/wp-json\/wp\/v2\/media\/5382"}],"wp:attachment":[{"href":"https:\/\/www.diocese-limoges.fr\/haute-vienne\/wp-json\/wp\/v2\/media?parent=5311"}],"curies":[{"name":"wp","href":"https:\/\/api.w.org\/{rel}","templated":true}]}}