{"id":5363,"date":"2026-01-02T14:18:31","date_gmt":"2026-01-02T13:18:31","guid":{"rendered":"https:\/\/www.diocese-limoges.fr\/haute-vienne\/?post_type=paroisse&#038;p=5363"},"modified":"2026-03-20T11:30:10","modified_gmt":"2026-03-20T10:30:10","slug":"faire-ma-premiere-communion","status":"publish","type":"paroisse","link":"https:\/\/www.diocese-limoges.fr\/haute-vienne\/paroisses\/paroisse-saint-leonard-en-limousin\/sacrements\/faire-ma-premiere-communion\/","title":{"rendered":"Faire ma premi\u00e8re communion"},"content":{"rendered":"\n<p><strong>\u200b\u00a0\u00bbJe suis le pain de vie. Celui qui vient \u00e0 moi n\u2019aura jamais faim.\u00a0\u00bb (Jean 6, 35)<\/strong><br>\u200bLa premi\u00e8re communion est une \u00e9tape essentielle dans la vie d&rsquo;un chr\u00e9tien. C&rsquo;est le moment o\u00f9, pour la premi\u00e8re fois, nous recevons le corps du Christ sous la forme de l&rsquo;hostie consacr\u00e9e. C&rsquo;est une rencontre personnelle et intime avec J\u00e9sus qui vient habiter notre c\u0153ur pour nous aider \u00e0 grandir dans l&rsquo;amour. <br>Condition pr\u00e9alable : \u00catre baptis\u00e9 (si ce n&rsquo;est pas le cas, on se pr\u00e9parera au bapt\u00eame en m\u00eame temps).<\/p>\n\n\n\n<p><br>\u200b\ud83e\uddd2 Pour les enfants (en \u00e2ge scolaire) : <br>\u200bLa pr\u00e9paration \u00e0 la premi\u00e8re communion se fait g\u00e9n\u00e9ralement dans le cadre du Cat\u00e9chisme. Elle s&rsquo;adresse aux enfants qui ont d\u00e9j\u00e0 chemin\u00e9 dans la foi et qui d\u00e9sirent recevoir J\u00e9sus.<br>\u200bLe cheminement : Il se d\u00e9roule habituellement sur deux ann\u00e9es de cat\u00e9ch\u00e8se.<br>\u200bLa pr\u00e9paration sp\u00e9cifique : En plus des s\u00e9ances r\u00e9guli\u00e8res, des temps forts (retraites ou journ\u00e9es de r\u00e9collection) sont organis\u00e9s pour permettre aux enfants de mieux comprendre le sens de l&rsquo;Eucharistie.<br>\u200bLe sacrement de R\u00e9conciliation : Avant de communier pour la premi\u00e8re fois, l&rsquo;enfant est invit\u00e9 \u00e0 vivre le sacrement du pardon.<br>\u200bComment s&rsquo;inscrire ?<br><mark class=\"has-inline-color has-vivid-cyan-blue-color\">Contact : Marie-Annick 06 77 58 45 80 <\/mark><\/p>\n\n\n\n<p><br>\u200b\ud83e\uddd1\u200d\ud83c\udf93 Pour les coll\u00e9giens et lyc\u00e9ens : <br>\u200bIl n&rsquo;est jamais trop tard pour faire sa premi\u00e8re communion ! Si votre enfant n&rsquo;a pas suivi le parcours classique en primaire, l&rsquo;Aum\u00f4nerie des jeunes propose un accompagnement adapt\u00e9 \u00e0 son \u00e2ge et \u00e0 ses questions.<br><mark class=\"has-inline-color has-vivid-green-cyan-color\">Contact : Victoria \u00e0 aumoneriesaintleonard87@gmail.com\u00a0<\/mark><\/p>\n\n\n\n<p><br>\u200b\ud83d\udc68\u200d Pour les adultes : <br>\u200bVous \u00eates adulte et vous n&rsquo;avez pas fait votre premi\u00e8re communion ? C&rsquo;est une magnifique d\u00e9marche. L&rsquo;\u00c9glise vous accompagne \u00e0 travers le Cat\u00e9chum\u00e9nat des adultes.<br>\u200bIl s&rsquo;agit d&rsquo;un parcours sur mesure, fait de rencontres, de partages et d&rsquo;enseignements, pour d\u00e9couvrir la richesse de la messe et se pr\u00e9parer \u00e0 recevoir ce sacrement, souvent \u00e0 l&rsquo;occasion de la f\u00eate de P\u00e2ques. <br><mark class=\"has-inline-color has-vivid-green-cyan-color\"><mark class=\"has-inline-color has-vivid-cyan-blue-color\">Contact : B\u00e9atrice fournet.reymond.beatrice@gmail.com <\/mark><\/mark><\/p>\n\n\n\n<p><\/p>\n","protected":false},"author":24,"featured_media":5366,"parent":5130,"menu_order":3,"template":"","meta":{"_acf_changed":false},"class_list":["post-5363","paroisse","type-paroisse","status-publish","has-post-thumbnail","hentry"],"acf":[],"yoast_head":"<!-- This site is optimized with the Yoast SEO plugin v26.4 - https:\/\/yoast.com\/wordpress\/plugins\/seo\/ -->\n<title>Faire ma premi\u00e8re communion - Doyenn\u00e9s de Haute Vienne<\/title>\n<meta name=\"robots\" content=\"index, follow, max-snippet:-1, max-image-preview:large, max-video-preview:-1\" \/>\n<link rel=\"canonical\" href=\"https:\/\/www.diocese-limoges.fr\/haute-vienne\/paroisses\/paroisse-saint-leonard-en-limousin\/sacrements\/faire-ma-premiere-communion\/\" \/>\n<meta property=\"og:locale\" content=\"fr_FR\" \/>\n<meta property=\"og:type\" content=\"article\" \/>\n<meta property=\"og:title\" content=\"Faire ma premi\u00e8re communion - Doyenn\u00e9s de Haute Vienne\" \/>\n<meta property=\"og:description\" content=\"\u200b\u00a0\u00bbJe suis le pain de vie. Celui qui vient \u00e0 moi n\u2019aura jamais faim.\u00a0\u00bb (Jean 6, 35)\u200bLa premi\u00e8re communion est une \u00e9tape essentielle dans la vie d&rsquo;un chr\u00e9tien. C&rsquo;est le moment o\u00f9, pour la premi\u00e8re fois, nous recevons le corps du Christ sous la forme de l&rsquo;hostie consacr\u00e9e. C&rsquo;est une rencontre personnelle et intime avec [&hellip;]\" \/>\n<meta property=\"og:url\" content=\"https:\/\/www.diocese-limoges.fr\/haute-vienne\/paroisses\/paroisse-saint-leonard-en-limousin\/sacrements\/faire-ma-premiere-communion\/\" \/>\n<meta property=\"og:site_name\" content=\"Doyenn\u00e9s de Haute Vienne\" \/>\n<meta property=\"article:modified_time\" content=\"2026-03-20T10:30:10+00:00\" \/>\n<meta property=\"og:image\" content=\"https:\/\/www.diocese-limoges.fr\/haute-vienne\/wp-content\/uploads\/sites\/4\/2026\/01\/bandeau-1ere-communion.png\" \/>\n\t<meta property=\"og:image:width\" content=\"857\" \/>\n\t<meta property=\"og:image:height\" content=\"245\" \/>\n\t<meta property=\"og:image:type\" content=\"image\/png\" \/>\n<meta name=\"twitter:card\" content=\"summary_large_image\" \/>\n<meta name=\"twitter:label1\" content=\"Dur\u00e9e de lecture estim\u00e9e\" \/>\n\t<meta name=\"twitter:data1\" content=\"2 minutes\" \/>\n<script type=\"application\/ld+json\" class=\"yoast-schema-graph\">{\"@context\":\"https:\/\/schema.org\",\"@graph\":[{\"@type\":\"WebPage\",\"@id\":\"https:\/\/www.diocese-limoges.fr\/haute-vienne\/paroisses\/paroisse-saint-leonard-en-limousin\/sacrements\/faire-ma-premiere-communion\/\",\"url\":\"https:\/\/www.diocese-limoges.fr\/haute-vienne\/paroisses\/paroisse-saint-leonard-en-limousin\/sacrements\/faire-ma-premiere-communion\/\",\"name\":\"Faire ma premi\u00e8re communion - Doyenn\u00e9s de Haute Vienne\",\"isPartOf\":{\"@id\":\"https:\/\/www.diocese-limoges.fr\/haute-vienne\/#website\"},\"primaryImageOfPage\":{\"@id\":\"https:\/\/www.diocese-limoges.fr\/haute-vienne\/paroisses\/paroisse-saint-leonard-en-limousin\/sacrements\/faire-ma-premiere-communion\/#primaryimage\"},\"image\":{\"@id\":\"https:\/\/www.diocese-limoges.fr\/haute-vienne\/paroisses\/paroisse-saint-leonard-en-limousin\/sacrements\/faire-ma-premiere-communion\/#primaryimage\"},\"thumbnailUrl\":\"https:\/\/www.diocese-limoges.fr\/haute-vienne\/wp-content\/uploads\/sites\/4\/2026\/01\/bandeau-1ere-communion.png\",\"datePublished\":\"2026-01-02T13:18:31+00:00\",\"dateModified\":\"2026-03-20T10:30:10+00:00\",\"breadcrumb\":{\"@id\":\"https:\/\/www.diocese-limoges.fr\/haute-vienne\/paroisses\/paroisse-saint-leonard-en-limousin\/sacrements\/faire-ma-premiere-communion\/#breadcrumb\"},\"inLanguage\":\"fr-FR\",\"potentialAction\":[{\"@type\":\"ReadAction\",\"target\":[\"https:\/\/www.diocese-limoges.fr\/haute-vienne\/paroisses\/paroisse-saint-leonard-en-limousin\/sacrements\/faire-ma-premiere-communion\/\"]}]},{\"@type\":\"ImageObject\",\"inLanguage\":\"fr-FR\",\"@id\":\"https:\/\/www.diocese-limoges.fr\/haute-vienne\/paroisses\/paroisse-saint-leonard-en-limousin\/sacrements\/faire-ma-premiere-communion\/#primaryimage\",\"url\":\"https:\/\/www.diocese-limoges.fr\/haute-vienne\/wp-content\/uploads\/sites\/4\/2026\/01\/bandeau-1ere-communion.png\",\"contentUrl\":\"https:\/\/www.diocese-limoges.fr\/haute-vienne\/wp-content\/uploads\/sites\/4\/2026\/01\/bandeau-1ere-communion.png\",\"width\":857,\"height\":245},{\"@type\":\"BreadcrumbList\",\"@id\":\"https:\/\/www.diocese-limoges.fr\/haute-vienne\/paroisses\/paroisse-saint-leonard-en-limousin\/sacrements\/faire-ma-premiere-communion\/#breadcrumb\",\"itemListElement\":[{\"@type\":\"ListItem\",\"position\":1,\"name\":\"Accueil\",\"item\":\"https:\/\/www.diocese-limoges.fr\/haute-vienne\/\"},{\"@type\":\"ListItem\",\"position\":2,\"name\":\"Paroisse Saint L\u00e9onard en Limousin\",\"item\":\"https:\/\/www.diocese-limoges.fr\/haute-vienne\/paroisses\/paroisse-saint-leonard-en-limousin\/\"},{\"@type\":\"ListItem\",\"position\":3,\"name\":\"Je souhaite&#8230;\",\"item\":\"https:\/\/www.diocese-limoges.fr\/haute-vienne\/paroisses\/paroisse-saint-leonard-en-limousin\/sacrements\/\"},{\"@type\":\"ListItem\",\"position\":4,\"name\":\"Faire ma premi\u00e8re communion\"}]},{\"@type\":\"WebSite\",\"@id\":\"https:\/\/www.diocese-limoges.fr\/haute-vienne\/#website\",\"url\":\"https:\/\/www.diocese-limoges.fr\/haute-vienne\/\",\"name\":\"Doyenn\u00e9s de Haute Vienne\",\"description\":\"Dioc\u00e8se de Limoges\",\"potentialAction\":[{\"@type\":\"SearchAction\",\"target\":{\"@type\":\"EntryPoint\",\"urlTemplate\":\"https:\/\/www.diocese-limoges.fr\/haute-vienne\/?s={search_term_string}\"},\"query-input\":{\"@type\":\"PropertyValueSpecification\",\"valueRequired\":true,\"valueName\":\"search_term_string\"}}],\"inLanguage\":\"fr-FR\"}]}<\/script>\n<!-- \/ Yoast SEO plugin. -->","yoast_head_json":{"title":"Faire ma premi\u00e8re communion - Doyenn\u00e9s de Haute Vienne","robots":{"index":"index","follow":"follow","max-snippet":"max-snippet:-1","max-image-preview":"max-image-preview:large","max-video-preview":"max-video-preview:-1"},"canonical":"https:\/\/www.diocese-limoges.fr\/haute-vienne\/paroisses\/paroisse-saint-leonard-en-limousin\/sacrements\/faire-ma-premiere-communion\/","og_locale":"fr_FR","og_type":"article","og_title":"Faire ma premi\u00e8re communion - Doyenn\u00e9s de Haute Vienne","og_description":"\u200b\u00a0\u00bbJe suis le pain de vie. Celui qui vient \u00e0 moi n\u2019aura jamais faim.\u00a0\u00bb (Jean 6, 35)\u200bLa premi\u00e8re communion est une \u00e9tape essentielle dans la vie d&rsquo;un chr\u00e9tien. C&rsquo;est le moment o\u00f9, pour la premi\u00e8re fois, nous recevons le corps du Christ sous la forme de l&rsquo;hostie consacr\u00e9e. C&rsquo;est une rencontre personnelle et intime avec [&hellip;]","og_url":"https:\/\/www.diocese-limoges.fr\/haute-vienne\/paroisses\/paroisse-saint-leonard-en-limousin\/sacrements\/faire-ma-premiere-communion\/","og_site_name":"Doyenn\u00e9s de Haute Vienne","article_modified_time":"2026-03-20T10:30:10+00:00","og_image":[{"width":857,"height":245,"url":"https:\/\/www.diocese-limoges.fr\/haute-vienne\/wp-content\/uploads\/sites\/4\/2026\/01\/bandeau-1ere-communion.png","type":"image\/png"}],"twitter_card":"summary_large_image","twitter_misc":{"Dur\u00e9e de lecture estim\u00e9e":"2 minutes"},"schema":{"@context":"https:\/\/schema.org","@graph":[{"@type":"WebPage","@id":"https:\/\/www.diocese-limoges.fr\/haute-vienne\/paroisses\/paroisse-saint-leonard-en-limousin\/sacrements\/faire-ma-premiere-communion\/","url":"https:\/\/www.diocese-limoges.fr\/haute-vienne\/paroisses\/paroisse-saint-leonard-en-limousin\/sacrements\/faire-ma-premiere-communion\/","name":"Faire ma premi\u00e8re communion - Doyenn\u00e9s de Haute Vienne","isPartOf":{"@id":"https:\/\/www.diocese-limoges.fr\/haute-vienne\/#website"},"primaryImageOfPage":{"@id":"https:\/\/www.diocese-limoges.fr\/haute-vienne\/paroisses\/paroisse-saint-leonard-en-limousin\/sacrements\/faire-ma-premiere-communion\/#primaryimage"},"image":{"@id":"https:\/\/www.diocese-limoges.fr\/haute-vienne\/paroisses\/paroisse-saint-leonard-en-limousin\/sacrements\/faire-ma-premiere-communion\/#primaryimage"},"thumbnailUrl":"https:\/\/www.diocese-limoges.fr\/haute-vienne\/wp-content\/uploads\/sites\/4\/2026\/01\/bandeau-1ere-communion.png","datePublished":"2026-01-02T13:18:31+00:00","dateModified":"2026-03-20T10:30:10+00:00","breadcrumb":{"@id":"https:\/\/www.diocese-limoges.fr\/haute-vienne\/paroisses\/paroisse-saint-leonard-en-limousin\/sacrements\/faire-ma-premiere-communion\/#breadcrumb"},"inLanguage":"fr-FR","potentialAction":[{"@type":"ReadAction","target":["https:\/\/www.diocese-limoges.fr\/haute-vienne\/paroisses\/paroisse-saint-leonard-en-limousin\/sacrements\/faire-ma-premiere-communion\/"]}]},{"@type":"ImageObject","inLanguage":"fr-FR","@id":"https:\/\/www.diocese-limoges.fr\/haute-vienne\/paroisses\/paroisse-saint-leonard-en-limousin\/sacrements\/faire-ma-premiere-communion\/#primaryimage","url":"https:\/\/www.diocese-limoges.fr\/haute-vienne\/wp-content\/uploads\/sites\/4\/2026\/01\/bandeau-1ere-communion.png","contentUrl":"https:\/\/www.diocese-limoges.fr\/haute-vienne\/wp-content\/uploads\/sites\/4\/2026\/01\/bandeau-1ere-communion.png","width":857,"height":245},{"@type":"BreadcrumbList","@id":"https:\/\/www.diocese-limoges.fr\/haute-vienne\/paroisses\/paroisse-saint-leonard-en-limousin\/sacrements\/faire-ma-premiere-communion\/#breadcrumb","itemListElement":[{"@type":"ListItem","position":1,"name":"Accueil","item":"https:\/\/www.diocese-limoges.fr\/haute-vienne\/"},{"@type":"ListItem","position":2,"name":"Paroisse Saint L\u00e9onard en Limousin","item":"https:\/\/www.diocese-limoges.fr\/haute-vienne\/paroisses\/paroisse-saint-leonard-en-limousin\/"},{"@type":"ListItem","position":3,"name":"Je souhaite&#8230;","item":"https:\/\/www.diocese-limoges.fr\/haute-vienne\/paroisses\/paroisse-saint-leonard-en-limousin\/sacrements\/"},{"@type":"ListItem","position":4,"name":"Faire ma premi\u00e8re communion"}]},{"@type":"WebSite","@id":"https:\/\/www.diocese-limoges.fr\/haute-vienne\/#website","url":"https:\/\/www.diocese-limoges.fr\/haute-vienne\/","name":"Doyenn\u00e9s de Haute Vienne","description":"Dioc\u00e8se de Limoges","potentialAction":[{"@type":"SearchAction","target":{"@type":"EntryPoint","urlTemplate":"https:\/\/www.diocese-limoges.fr\/haute-vienne\/?s={search_term_string}"},"query-input":{"@type":"PropertyValueSpecification","valueRequired":true,"valueName":"search_term_string"}}],"inLanguage":"fr-FR"}]}},"_links":{"self":[{"href":"https:\/\/www.diocese-limoges.fr\/haute-vienne\/wp-json\/wp\/v2\/paroisse\/5363","targetHints":{"allow":["GET"]}}],"collection":[{"href":"https:\/\/www.diocese-limoges.fr\/haute-vienne\/wp-json\/wp\/v2\/paroisse"}],"about":[{"href":"https:\/\/www.diocese-limoges.fr\/haute-vienne\/wp-json\/wp\/v2\/types\/paroisse"}],"author":[{"embeddable":true,"href":"https:\/\/www.diocese-limoges.fr\/haute-vienne\/wp-json\/wp\/v2\/users\/24"}],"up":[{"embeddable":true,"href":"https:\/\/www.diocese-limoges.fr\/haute-vienne\/wp-json\/wp\/v2\/paroisse\/5130"}],"wp:featuredmedia":[{"embeddable":true,"href":"https:\/\/www.diocese-limoges.fr\/haute-vienne\/wp-json\/wp\/v2\/media\/5366"}],"wp:attachment":[{"href":"https:\/\/www.diocese-limoges.fr\/haute-vienne\/wp-json\/wp\/v2\/media?parent=5363"}],"curies":[{"name":"wp","href":"https:\/\/api.w.org\/{rel}","templated":true}]}}