{"id":5368,"date":"2026-01-02T15:04:34","date_gmt":"2026-01-02T14:04:34","guid":{"rendered":"https:\/\/www.diocese-limoges.fr\/haute-vienne\/?post_type=paroisse&#038;p=5368"},"modified":"2026-03-20T11:39:16","modified_gmt":"2026-03-20T10:39:16","slug":"catechumenat","status":"publish","type":"paroisse","link":"https:\/\/www.diocese-limoges.fr\/haute-vienne\/paroisses\/paroisse-saint-leonard-en-limousin\/grandir-dans-la-foi\/catechumenat\/","title":{"rendered":"Cat\u00e9chum\u00e9nat"},"content":{"rendered":"\n<p>Vous vous interrogez sur la foi, mieux conna\u00eetre Dieu, donner un sens \u00e0 votre vie&#8230; <\/p>\n\n\n\n<p>Le cat\u00e9chum\u00e9nat permet aux personnes de\u00a0se pr\u00e9parer int\u00e9rieurement \u00e0 devenir disciples du Christ, en Eglise.\u00a0C\u2019est le temps pendant lequel ils veulent devenir chr\u00e9tien sont accompagn\u00e9s vers le bapt\u00eame, la communion et la confirmation. <\/p>\n\n\n\n<p>Au terme de ce parcours qui dure entre un an et demi \u00e0 deux ans, la c\u00e9l\u00e9bration du bapt\u00eame se fait la nuit de P\u00e2ques, lors de la Vigile pascale.<br><\/p>\n\n\n\n<p><mark class=\"has-inline-color has-vivid-green-cyan-color\"><mark class=\"has-inline-color has-vivid-cyan-blue-color\">Contact : B\u00e9atrice fournet.reymond.beatrice@gmail.com <\/mark><\/mark><br>ou <mark class=\"has-inline-color has-vivid-green-cyan-color\"><mark class=\"has-inline-color has-vivid-cyan-blue-color\">paroisse.stleonard.noblat@diocese-limoges.fr <\/mark><\/mark><\/p>\n","protected":false},"author":24,"featured_media":5369,"parent":5235,"menu_order":5,"template":"","meta":{"_acf_changed":false},"class_list":["post-5368","paroisse","type-paroisse","status-publish","has-post-thumbnail","hentry"],"acf":[],"yoast_head":"<!-- This site is optimized with the Yoast SEO plugin v26.4 - https:\/\/yoast.com\/wordpress\/plugins\/seo\/ -->\n<title>Cat\u00e9chum\u00e9nat - Doyenn\u00e9s de Haute Vienne<\/title>\n<meta name=\"robots\" content=\"index, follow, max-snippet:-1, max-image-preview:large, max-video-preview:-1\" \/>\n<link rel=\"canonical\" href=\"https:\/\/www.diocese-limoges.fr\/haute-vienne\/paroisses\/paroisse-saint-leonard-en-limousin\/grandir-dans-la-foi\/catechumenat\/\" \/>\n<meta property=\"og:locale\" content=\"fr_FR\" \/>\n<meta property=\"og:type\" content=\"article\" \/>\n<meta property=\"og:title\" content=\"Cat\u00e9chum\u00e9nat - Doyenn\u00e9s de Haute Vienne\" \/>\n<meta property=\"og:description\" content=\"Vous vous interrogez sur la foi, mieux conna\u00eetre Dieu, donner un sens \u00e0 votre vie&#8230; Le cat\u00e9chum\u00e9nat permet aux personnes de\u00a0se pr\u00e9parer int\u00e9rieurement \u00e0 devenir disciples du Christ, en Eglise.\u00a0C\u2019est le temps pendant lequel ils veulent devenir chr\u00e9tien sont accompagn\u00e9s vers le bapt\u00eame, la communion et la confirmation. Au terme de ce parcours qui dure [&hellip;]\" \/>\n<meta property=\"og:url\" content=\"https:\/\/www.diocese-limoges.fr\/haute-vienne\/paroisses\/paroisse-saint-leonard-en-limousin\/grandir-dans-la-foi\/catechumenat\/\" \/>\n<meta property=\"og:site_name\" content=\"Doyenn\u00e9s de Haute Vienne\" \/>\n<meta property=\"article:modified_time\" content=\"2026-03-20T10:39:16+00:00\" \/>\n<meta property=\"og:image\" content=\"https:\/\/www.diocese-limoges.fr\/haute-vienne\/wp-content\/uploads\/sites\/4\/2026\/01\/bandeau-catechumenat-e1767362950440.jpeg\" \/>\n\t<meta property=\"og:image:width\" content=\"800\" \/>\n\t<meta property=\"og:image:height\" content=\"372\" \/>\n\t<meta property=\"og:image:type\" content=\"image\/jpeg\" \/>\n<meta name=\"twitter:card\" content=\"summary_large_image\" \/>\n<meta name=\"twitter:label1\" content=\"Dur\u00e9e de lecture estim\u00e9e\" \/>\n\t<meta name=\"twitter:data1\" content=\"1 minute\" \/>\n<script type=\"application\/ld+json\" class=\"yoast-schema-graph\">{\"@context\":\"https:\/\/schema.org\",\"@graph\":[{\"@type\":\"WebPage\",\"@id\":\"https:\/\/www.diocese-limoges.fr\/haute-vienne\/paroisses\/paroisse-saint-leonard-en-limousin\/grandir-dans-la-foi\/catechumenat\/\",\"url\":\"https:\/\/www.diocese-limoges.fr\/haute-vienne\/paroisses\/paroisse-saint-leonard-en-limousin\/grandir-dans-la-foi\/catechumenat\/\",\"name\":\"Cat\u00e9chum\u00e9nat - Doyenn\u00e9s de Haute Vienne\",\"isPartOf\":{\"@id\":\"https:\/\/www.diocese-limoges.fr\/haute-vienne\/#website\"},\"primaryImageOfPage\":{\"@id\":\"https:\/\/www.diocese-limoges.fr\/haute-vienne\/paroisses\/paroisse-saint-leonard-en-limousin\/grandir-dans-la-foi\/catechumenat\/#primaryimage\"},\"image\":{\"@id\":\"https:\/\/www.diocese-limoges.fr\/haute-vienne\/paroisses\/paroisse-saint-leonard-en-limousin\/grandir-dans-la-foi\/catechumenat\/#primaryimage\"},\"thumbnailUrl\":\"https:\/\/www.diocese-limoges.fr\/haute-vienne\/wp-content\/uploads\/sites\/4\/2026\/01\/bandeau-catechumenat-e1767362950440.jpeg\",\"datePublished\":\"2026-01-02T14:04:34+00:00\",\"dateModified\":\"2026-03-20T10:39:16+00:00\",\"breadcrumb\":{\"@id\":\"https:\/\/www.diocese-limoges.fr\/haute-vienne\/paroisses\/paroisse-saint-leonard-en-limousin\/grandir-dans-la-foi\/catechumenat\/#breadcrumb\"},\"inLanguage\":\"fr-FR\",\"potentialAction\":[{\"@type\":\"ReadAction\",\"target\":[\"https:\/\/www.diocese-limoges.fr\/haute-vienne\/paroisses\/paroisse-saint-leonard-en-limousin\/grandir-dans-la-foi\/catechumenat\/\"]}]},{\"@type\":\"ImageObject\",\"inLanguage\":\"fr-FR\",\"@id\":\"https:\/\/www.diocese-limoges.fr\/haute-vienne\/paroisses\/paroisse-saint-leonard-en-limousin\/grandir-dans-la-foi\/catechumenat\/#primaryimage\",\"url\":\"https:\/\/www.diocese-limoges.fr\/haute-vienne\/wp-content\/uploads\/sites\/4\/2026\/01\/bandeau-catechumenat-e1767362950440.jpeg\",\"contentUrl\":\"https:\/\/www.diocese-limoges.fr\/haute-vienne\/wp-content\/uploads\/sites\/4\/2026\/01\/bandeau-catechumenat-e1767362950440.jpeg\",\"width\":800,\"height\":372},{\"@type\":\"BreadcrumbList\",\"@id\":\"https:\/\/www.diocese-limoges.fr\/haute-vienne\/paroisses\/paroisse-saint-leonard-en-limousin\/grandir-dans-la-foi\/catechumenat\/#breadcrumb\",\"itemListElement\":[{\"@type\":\"ListItem\",\"position\":1,\"name\":\"Accueil\",\"item\":\"https:\/\/www.diocese-limoges.fr\/haute-vienne\/\"},{\"@type\":\"ListItem\",\"position\":2,\"name\":\"Paroisse Saint L\u00e9onard en Limousin\",\"item\":\"https:\/\/www.diocese-limoges.fr\/haute-vienne\/paroisses\/paroisse-saint-leonard-en-limousin\/\"},{\"@type\":\"ListItem\",\"position\":3,\"name\":\"Grandir dans la foi\",\"item\":\"https:\/\/www.diocese-limoges.fr\/haute-vienne\/paroisses\/paroisse-saint-leonard-en-limousin\/grandir-dans-la-foi\/\"},{\"@type\":\"ListItem\",\"position\":4,\"name\":\"Cat\u00e9chum\u00e9nat\"}]},{\"@type\":\"WebSite\",\"@id\":\"https:\/\/www.diocese-limoges.fr\/haute-vienne\/#website\",\"url\":\"https:\/\/www.diocese-limoges.fr\/haute-vienne\/\",\"name\":\"Doyenn\u00e9s de Haute Vienne\",\"description\":\"Dioc\u00e8se de Limoges\",\"potentialAction\":[{\"@type\":\"SearchAction\",\"target\":{\"@type\":\"EntryPoint\",\"urlTemplate\":\"https:\/\/www.diocese-limoges.fr\/haute-vienne\/?s={search_term_string}\"},\"query-input\":{\"@type\":\"PropertyValueSpecification\",\"valueRequired\":true,\"valueName\":\"search_term_string\"}}],\"inLanguage\":\"fr-FR\"}]}<\/script>\n<!-- \/ Yoast SEO plugin. -->","yoast_head_json":{"title":"Cat\u00e9chum\u00e9nat - Doyenn\u00e9s de Haute Vienne","robots":{"index":"index","follow":"follow","max-snippet":"max-snippet:-1","max-image-preview":"max-image-preview:large","max-video-preview":"max-video-preview:-1"},"canonical":"https:\/\/www.diocese-limoges.fr\/haute-vienne\/paroisses\/paroisse-saint-leonard-en-limousin\/grandir-dans-la-foi\/catechumenat\/","og_locale":"fr_FR","og_type":"article","og_title":"Cat\u00e9chum\u00e9nat - Doyenn\u00e9s de Haute Vienne","og_description":"Vous vous interrogez sur la foi, mieux conna\u00eetre Dieu, donner un sens \u00e0 votre vie&#8230; Le cat\u00e9chum\u00e9nat permet aux personnes de\u00a0se pr\u00e9parer int\u00e9rieurement \u00e0 devenir disciples du Christ, en Eglise.\u00a0C\u2019est le temps pendant lequel ils veulent devenir chr\u00e9tien sont accompagn\u00e9s vers le bapt\u00eame, la communion et la confirmation. Au terme de ce parcours qui dure [&hellip;]","og_url":"https:\/\/www.diocese-limoges.fr\/haute-vienne\/paroisses\/paroisse-saint-leonard-en-limousin\/grandir-dans-la-foi\/catechumenat\/","og_site_name":"Doyenn\u00e9s de Haute Vienne","article_modified_time":"2026-03-20T10:39:16+00:00","og_image":[{"width":800,"height":372,"url":"https:\/\/www.diocese-limoges.fr\/haute-vienne\/wp-content\/uploads\/sites\/4\/2026\/01\/bandeau-catechumenat-e1767362950440.jpeg","type":"image\/jpeg"}],"twitter_card":"summary_large_image","twitter_misc":{"Dur\u00e9e de lecture estim\u00e9e":"1 minute"},"schema":{"@context":"https:\/\/schema.org","@graph":[{"@type":"WebPage","@id":"https:\/\/www.diocese-limoges.fr\/haute-vienne\/paroisses\/paroisse-saint-leonard-en-limousin\/grandir-dans-la-foi\/catechumenat\/","url":"https:\/\/www.diocese-limoges.fr\/haute-vienne\/paroisses\/paroisse-saint-leonard-en-limousin\/grandir-dans-la-foi\/catechumenat\/","name":"Cat\u00e9chum\u00e9nat - Doyenn\u00e9s de Haute Vienne","isPartOf":{"@id":"https:\/\/www.diocese-limoges.fr\/haute-vienne\/#website"},"primaryImageOfPage":{"@id":"https:\/\/www.diocese-limoges.fr\/haute-vienne\/paroisses\/paroisse-saint-leonard-en-limousin\/grandir-dans-la-foi\/catechumenat\/#primaryimage"},"image":{"@id":"https:\/\/www.diocese-limoges.fr\/haute-vienne\/paroisses\/paroisse-saint-leonard-en-limousin\/grandir-dans-la-foi\/catechumenat\/#primaryimage"},"thumbnailUrl":"https:\/\/www.diocese-limoges.fr\/haute-vienne\/wp-content\/uploads\/sites\/4\/2026\/01\/bandeau-catechumenat-e1767362950440.jpeg","datePublished":"2026-01-02T14:04:34+00:00","dateModified":"2026-03-20T10:39:16+00:00","breadcrumb":{"@id":"https:\/\/www.diocese-limoges.fr\/haute-vienne\/paroisses\/paroisse-saint-leonard-en-limousin\/grandir-dans-la-foi\/catechumenat\/#breadcrumb"},"inLanguage":"fr-FR","potentialAction":[{"@type":"ReadAction","target":["https:\/\/www.diocese-limoges.fr\/haute-vienne\/paroisses\/paroisse-saint-leonard-en-limousin\/grandir-dans-la-foi\/catechumenat\/"]}]},{"@type":"ImageObject","inLanguage":"fr-FR","@id":"https:\/\/www.diocese-limoges.fr\/haute-vienne\/paroisses\/paroisse-saint-leonard-en-limousin\/grandir-dans-la-foi\/catechumenat\/#primaryimage","url":"https:\/\/www.diocese-limoges.fr\/haute-vienne\/wp-content\/uploads\/sites\/4\/2026\/01\/bandeau-catechumenat-e1767362950440.jpeg","contentUrl":"https:\/\/www.diocese-limoges.fr\/haute-vienne\/wp-content\/uploads\/sites\/4\/2026\/01\/bandeau-catechumenat-e1767362950440.jpeg","width":800,"height":372},{"@type":"BreadcrumbList","@id":"https:\/\/www.diocese-limoges.fr\/haute-vienne\/paroisses\/paroisse-saint-leonard-en-limousin\/grandir-dans-la-foi\/catechumenat\/#breadcrumb","itemListElement":[{"@type":"ListItem","position":1,"name":"Accueil","item":"https:\/\/www.diocese-limoges.fr\/haute-vienne\/"},{"@type":"ListItem","position":2,"name":"Paroisse Saint L\u00e9onard en Limousin","item":"https:\/\/www.diocese-limoges.fr\/haute-vienne\/paroisses\/paroisse-saint-leonard-en-limousin\/"},{"@type":"ListItem","position":3,"name":"Grandir dans la foi","item":"https:\/\/www.diocese-limoges.fr\/haute-vienne\/paroisses\/paroisse-saint-leonard-en-limousin\/grandir-dans-la-foi\/"},{"@type":"ListItem","position":4,"name":"Cat\u00e9chum\u00e9nat"}]},{"@type":"WebSite","@id":"https:\/\/www.diocese-limoges.fr\/haute-vienne\/#website","url":"https:\/\/www.diocese-limoges.fr\/haute-vienne\/","name":"Doyenn\u00e9s de Haute Vienne","description":"Dioc\u00e8se de Limoges","potentialAction":[{"@type":"SearchAction","target":{"@type":"EntryPoint","urlTemplate":"https:\/\/www.diocese-limoges.fr\/haute-vienne\/?s={search_term_string}"},"query-input":{"@type":"PropertyValueSpecification","valueRequired":true,"valueName":"search_term_string"}}],"inLanguage":"fr-FR"}]}},"_links":{"self":[{"href":"https:\/\/www.diocese-limoges.fr\/haute-vienne\/wp-json\/wp\/v2\/paroisse\/5368","targetHints":{"allow":["GET"]}}],"collection":[{"href":"https:\/\/www.diocese-limoges.fr\/haute-vienne\/wp-json\/wp\/v2\/paroisse"}],"about":[{"href":"https:\/\/www.diocese-limoges.fr\/haute-vienne\/wp-json\/wp\/v2\/types\/paroisse"}],"author":[{"embeddable":true,"href":"https:\/\/www.diocese-limoges.fr\/haute-vienne\/wp-json\/wp\/v2\/users\/24"}],"up":[{"embeddable":true,"href":"https:\/\/www.diocese-limoges.fr\/haute-vienne\/wp-json\/wp\/v2\/paroisse\/5235"}],"wp:featuredmedia":[{"embeddable":true,"href":"https:\/\/www.diocese-limoges.fr\/haute-vienne\/wp-json\/wp\/v2\/media\/5369"}],"wp:attachment":[{"href":"https:\/\/www.diocese-limoges.fr\/haute-vienne\/wp-json\/wp\/v2\/media?parent=5368"}],"curies":[{"name":"wp","href":"https:\/\/api.w.org\/{rel}","templated":true}]}}