{"id":5384,"date":"2026-01-02T15:50:33","date_gmt":"2026-01-02T14:50:33","guid":{"rendered":"https:\/\/www.diocese-limoges.fr\/haute-vienne\/?post_type=paroisse&#038;p=5384"},"modified":"2026-04-17T11:20:24","modified_gmt":"2026-04-17T09:20:24","slug":"secours-catholique","status":"publish","type":"paroisse","link":"https:\/\/www.diocese-limoges.fr\/haute-vienne\/paroisses\/paroisse-saint-leonard-en-limousin\/servir-sengager\/secours-catholique\/","title":{"rendered":"Secours Catholique"},"content":{"rendered":"\n<p>Fond\u00e9 en 1946, le Secours Catholique-Caritas France est un service de l\u2019\u00c9glise catholique, membre de la conf\u00e9d\u00e9ration Caritas Internationalis. Association loi 1901 \u00e0 but non lucratif et reconnue d\u2019utilit\u00e9 publique, le Secours Catholique g\u00e8re un budget annuel de 130 M\u20ac. Il f\u00e9d\u00e8re un r\u00e9seau de 65 000 b\u00e9n\u00e9voles pour <em>\u00ab apporter, partout o\u00f9 le besoin s\u2019en fera sentir, \u00e0 l\u2019exclusion de tout particularisme national ou confessionnel, tout secours et toute aide directe ou indirecte, morale ou mat\u00e9rielle, quelles que soient les options philosophiques ou religieuses des b\u00e9n\u00e9ficiaires \u00bb<\/em> (extrait des statuts, article 1er).<\/p>\n\n\n\n<p>Fid\u00e8le \u00e0 l\u2019esprit des origines, le Secours Catholique enracine son action dans l\u2019\u00c9vangile et dans l\u2019enseignement social de l\u2019\u00c9glise : le respect de la dignit\u00e9 de la personne humaine, la justice, la solidarit\u00e9, la fraternit\u00e9, la r\u00e9conciliation, la paix, l\u2019option pr\u00e9f\u00e9rentielle pour les pauvres, le d\u00e9veloppement int\u00e9gral de la personne humaine, la subsidiarit\u00e9, la destination universelle des biens, l\u2019indivisibilit\u00e9 des droits.<\/p>\n\n\n\n<h3 class=\"wp-block-heading\">Notre mission<\/h3>\n\n\n\n<ul class=\"wp-block-list\">\n<li>Le Secours Catholique a pour mission de faire rayonner la charit\u00e9 chr\u00e9tienne par la mise en \u0153uvre d\u2019une solidarit\u00e9 concr\u00e8te entre tous, en France et dans le monde.<\/li>\n\n\n\n<li>Il consid\u00e8re que les hommes, femmes, enfants vivant des situations de pauvret\u00e9 sont les premiers acteurs de leur d\u00e9veloppement.<\/li>\n\n\n\n<li>Il s\u2019engage \u00e0 leurs c\u00f4t\u00e9s pour lutter contre les causes de pauvret\u00e9 et d\u2019exclusion, et promouvoir le d\u00e9veloppement de la personne humaine dans toutes ses dimensions.<\/li>\n\n\n\n<li>Il recherche un partenariat militant avec les organisations qui partagent ses objectifs afin de promouvoir la justice sociale au sein des politiques locales, nationales et internationales.<\/li>\n\n\n\n<li>T\u00e9moignant de l\u2019\u00c9vangile, il invite chaque personne \u00e0 aller \u00e0 la rencontre des plus pauvres, \u00e0 se mettre \u00e0 leur \u00e9coute, \u00e0 les soutenir et \u00e0 s\u2019associer avec eux pour construire ensemble une soci\u00e9t\u00e9 juste et fraternelle.<\/li>\n<\/ul>\n\n\n\n<p>Permanence les lundis de 10h \u00e0 12h. <\/p>\n\n\n\n<p><mark style=\"background-color:#0693e3\" class=\"has-inline-color has-black-color\"><strong>Contact\u00a0<\/strong>: 07 86 29 15 91 \u00a0<br>Rue Georges Perrin\u00a0<br>87400 Saint-L\u00e9onard-de-Noblat\u00a0<\/mark><\/p>\n\n\n\n<p><\/p>\n","protected":false},"author":24,"featured_media":5386,"parent":5478,"menu_order":7,"template":"","meta":{"_acf_changed":false},"class_list":["post-5384","paroisse","type-paroisse","status-publish","has-post-thumbnail","hentry"],"acf":[],"yoast_head":"<!-- This site is optimized with the Yoast SEO plugin v26.4 - https:\/\/yoast.com\/wordpress\/plugins\/seo\/ -->\n<title>Secours Catholique - Doyenn\u00e9s de Haute Vienne<\/title>\n<meta name=\"robots\" content=\"index, follow, max-snippet:-1, max-image-preview:large, max-video-preview:-1\" \/>\n<link rel=\"canonical\" href=\"https:\/\/www.diocese-limoges.fr\/haute-vienne\/paroisses\/paroisse-saint-leonard-en-limousin\/servir-sengager\/secours-catholique\/\" \/>\n<meta property=\"og:locale\" content=\"fr_FR\" \/>\n<meta property=\"og:type\" content=\"article\" \/>\n<meta property=\"og:title\" content=\"Secours Catholique - Doyenn\u00e9s de Haute Vienne\" \/>\n<meta property=\"og:description\" content=\"Fond\u00e9 en 1946, le Secours Catholique-Caritas France est un service de l\u2019\u00c9glise catholique, membre de la conf\u00e9d\u00e9ration Caritas Internationalis. Association loi 1901 \u00e0 but non lucratif et reconnue d\u2019utilit\u00e9 publique, le Secours Catholique g\u00e8re un budget annuel de 130 M\u20ac. Il f\u00e9d\u00e8re un r\u00e9seau de 65 000 b\u00e9n\u00e9voles pour \u00ab apporter, partout o\u00f9 le besoin [&hellip;]\" \/>\n<meta property=\"og:url\" content=\"https:\/\/www.diocese-limoges.fr\/haute-vienne\/paroisses\/paroisse-saint-leonard-en-limousin\/servir-sengager\/secours-catholique\/\" \/>\n<meta property=\"og:site_name\" content=\"Doyenn\u00e9s de Haute Vienne\" \/>\n<meta property=\"article:modified_time\" content=\"2026-04-17T09:20:24+00:00\" \/>\n<meta property=\"og:image\" content=\"https:\/\/www.diocese-limoges.fr\/haute-vienne\/wp-content\/uploads\/sites\/4\/2026\/01\/bandeau-secours-catholique.png\" \/>\n\t<meta property=\"og:image:width\" content=\"281\" \/>\n\t<meta property=\"og:image:height\" content=\"179\" \/>\n\t<meta property=\"og:image:type\" content=\"image\/png\" \/>\n<meta name=\"twitter:card\" content=\"summary_large_image\" \/>\n<meta name=\"twitter:label1\" content=\"Dur\u00e9e de lecture estim\u00e9e\" \/>\n\t<meta name=\"twitter:data1\" content=\"2 minutes\" \/>\n<script type=\"application\/ld+json\" class=\"yoast-schema-graph\">{\"@context\":\"https:\/\/schema.org\",\"@graph\":[{\"@type\":\"WebPage\",\"@id\":\"https:\/\/www.diocese-limoges.fr\/haute-vienne\/paroisses\/paroisse-saint-leonard-en-limousin\/servir-sengager\/secours-catholique\/\",\"url\":\"https:\/\/www.diocese-limoges.fr\/haute-vienne\/paroisses\/paroisse-saint-leonard-en-limousin\/servir-sengager\/secours-catholique\/\",\"name\":\"Secours Catholique - Doyenn\u00e9s de Haute Vienne\",\"isPartOf\":{\"@id\":\"https:\/\/www.diocese-limoges.fr\/haute-vienne\/#website\"},\"primaryImageOfPage\":{\"@id\":\"https:\/\/www.diocese-limoges.fr\/haute-vienne\/paroisses\/paroisse-saint-leonard-en-limousin\/servir-sengager\/secours-catholique\/#primaryimage\"},\"image\":{\"@id\":\"https:\/\/www.diocese-limoges.fr\/haute-vienne\/paroisses\/paroisse-saint-leonard-en-limousin\/servir-sengager\/secours-catholique\/#primaryimage\"},\"thumbnailUrl\":\"https:\/\/www.diocese-limoges.fr\/haute-vienne\/wp-content\/uploads\/sites\/4\/2026\/01\/bandeau-secours-catholique.png\",\"datePublished\":\"2026-01-02T14:50:33+00:00\",\"dateModified\":\"2026-04-17T09:20:24+00:00\",\"breadcrumb\":{\"@id\":\"https:\/\/www.diocese-limoges.fr\/haute-vienne\/paroisses\/paroisse-saint-leonard-en-limousin\/servir-sengager\/secours-catholique\/#breadcrumb\"},\"inLanguage\":\"fr-FR\",\"potentialAction\":[{\"@type\":\"ReadAction\",\"target\":[\"https:\/\/www.diocese-limoges.fr\/haute-vienne\/paroisses\/paroisse-saint-leonard-en-limousin\/servir-sengager\/secours-catholique\/\"]}]},{\"@type\":\"ImageObject\",\"inLanguage\":\"fr-FR\",\"@id\":\"https:\/\/www.diocese-limoges.fr\/haute-vienne\/paroisses\/paroisse-saint-leonard-en-limousin\/servir-sengager\/secours-catholique\/#primaryimage\",\"url\":\"https:\/\/www.diocese-limoges.fr\/haute-vienne\/wp-content\/uploads\/sites\/4\/2026\/01\/bandeau-secours-catholique.png\",\"contentUrl\":\"https:\/\/www.diocese-limoges.fr\/haute-vienne\/wp-content\/uploads\/sites\/4\/2026\/01\/bandeau-secours-catholique.png\",\"width\":281,\"height\":179},{\"@type\":\"BreadcrumbList\",\"@id\":\"https:\/\/www.diocese-limoges.fr\/haute-vienne\/paroisses\/paroisse-saint-leonard-en-limousin\/servir-sengager\/secours-catholique\/#breadcrumb\",\"itemListElement\":[{\"@type\":\"ListItem\",\"position\":1,\"name\":\"Accueil\",\"item\":\"https:\/\/www.diocese-limoges.fr\/haute-vienne\/\"},{\"@type\":\"ListItem\",\"position\":2,\"name\":\"Paroisse Saint L\u00e9onard en Limousin\",\"item\":\"https:\/\/www.diocese-limoges.fr\/haute-vienne\/paroisses\/paroisse-saint-leonard-en-limousin\/\"},{\"@type\":\"ListItem\",\"position\":3,\"name\":\"Servir\/s&rsquo;engager\",\"item\":\"https:\/\/www.diocese-limoges.fr\/haute-vienne\/paroisses\/paroisse-saint-leonard-en-limousin\/servir-sengager\/\"},{\"@type\":\"ListItem\",\"position\":4,\"name\":\"Secours Catholique\"}]},{\"@type\":\"WebSite\",\"@id\":\"https:\/\/www.diocese-limoges.fr\/haute-vienne\/#website\",\"url\":\"https:\/\/www.diocese-limoges.fr\/haute-vienne\/\",\"name\":\"Doyenn\u00e9s de Haute Vienne\",\"description\":\"Dioc\u00e8se de Limoges\",\"potentialAction\":[{\"@type\":\"SearchAction\",\"target\":{\"@type\":\"EntryPoint\",\"urlTemplate\":\"https:\/\/www.diocese-limoges.fr\/haute-vienne\/?s={search_term_string}\"},\"query-input\":{\"@type\":\"PropertyValueSpecification\",\"valueRequired\":true,\"valueName\":\"search_term_string\"}}],\"inLanguage\":\"fr-FR\"}]}<\/script>\n<!-- \/ Yoast SEO plugin. -->","yoast_head_json":{"title":"Secours Catholique - Doyenn\u00e9s de Haute Vienne","robots":{"index":"index","follow":"follow","max-snippet":"max-snippet:-1","max-image-preview":"max-image-preview:large","max-video-preview":"max-video-preview:-1"},"canonical":"https:\/\/www.diocese-limoges.fr\/haute-vienne\/paroisses\/paroisse-saint-leonard-en-limousin\/servir-sengager\/secours-catholique\/","og_locale":"fr_FR","og_type":"article","og_title":"Secours Catholique - Doyenn\u00e9s de Haute Vienne","og_description":"Fond\u00e9 en 1946, le Secours Catholique-Caritas France est un service de l\u2019\u00c9glise catholique, membre de la conf\u00e9d\u00e9ration Caritas Internationalis. Association loi 1901 \u00e0 but non lucratif et reconnue d\u2019utilit\u00e9 publique, le Secours Catholique g\u00e8re un budget annuel de 130 M\u20ac. Il f\u00e9d\u00e8re un r\u00e9seau de 65 000 b\u00e9n\u00e9voles pour \u00ab apporter, partout o\u00f9 le besoin [&hellip;]","og_url":"https:\/\/www.diocese-limoges.fr\/haute-vienne\/paroisses\/paroisse-saint-leonard-en-limousin\/servir-sengager\/secours-catholique\/","og_site_name":"Doyenn\u00e9s de Haute Vienne","article_modified_time":"2026-04-17T09:20:24+00:00","og_image":[{"width":281,"height":179,"url":"https:\/\/www.diocese-limoges.fr\/haute-vienne\/wp-content\/uploads\/sites\/4\/2026\/01\/bandeau-secours-catholique.png","type":"image\/png"}],"twitter_card":"summary_large_image","twitter_misc":{"Dur\u00e9e de lecture estim\u00e9e":"2 minutes"},"schema":{"@context":"https:\/\/schema.org","@graph":[{"@type":"WebPage","@id":"https:\/\/www.diocese-limoges.fr\/haute-vienne\/paroisses\/paroisse-saint-leonard-en-limousin\/servir-sengager\/secours-catholique\/","url":"https:\/\/www.diocese-limoges.fr\/haute-vienne\/paroisses\/paroisse-saint-leonard-en-limousin\/servir-sengager\/secours-catholique\/","name":"Secours Catholique - Doyenn\u00e9s de Haute Vienne","isPartOf":{"@id":"https:\/\/www.diocese-limoges.fr\/haute-vienne\/#website"},"primaryImageOfPage":{"@id":"https:\/\/www.diocese-limoges.fr\/haute-vienne\/paroisses\/paroisse-saint-leonard-en-limousin\/servir-sengager\/secours-catholique\/#primaryimage"},"image":{"@id":"https:\/\/www.diocese-limoges.fr\/haute-vienne\/paroisses\/paroisse-saint-leonard-en-limousin\/servir-sengager\/secours-catholique\/#primaryimage"},"thumbnailUrl":"https:\/\/www.diocese-limoges.fr\/haute-vienne\/wp-content\/uploads\/sites\/4\/2026\/01\/bandeau-secours-catholique.png","datePublished":"2026-01-02T14:50:33+00:00","dateModified":"2026-04-17T09:20:24+00:00","breadcrumb":{"@id":"https:\/\/www.diocese-limoges.fr\/haute-vienne\/paroisses\/paroisse-saint-leonard-en-limousin\/servir-sengager\/secours-catholique\/#breadcrumb"},"inLanguage":"fr-FR","potentialAction":[{"@type":"ReadAction","target":["https:\/\/www.diocese-limoges.fr\/haute-vienne\/paroisses\/paroisse-saint-leonard-en-limousin\/servir-sengager\/secours-catholique\/"]}]},{"@type":"ImageObject","inLanguage":"fr-FR","@id":"https:\/\/www.diocese-limoges.fr\/haute-vienne\/paroisses\/paroisse-saint-leonard-en-limousin\/servir-sengager\/secours-catholique\/#primaryimage","url":"https:\/\/www.diocese-limoges.fr\/haute-vienne\/wp-content\/uploads\/sites\/4\/2026\/01\/bandeau-secours-catholique.png","contentUrl":"https:\/\/www.diocese-limoges.fr\/haute-vienne\/wp-content\/uploads\/sites\/4\/2026\/01\/bandeau-secours-catholique.png","width":281,"height":179},{"@type":"BreadcrumbList","@id":"https:\/\/www.diocese-limoges.fr\/haute-vienne\/paroisses\/paroisse-saint-leonard-en-limousin\/servir-sengager\/secours-catholique\/#breadcrumb","itemListElement":[{"@type":"ListItem","position":1,"name":"Accueil","item":"https:\/\/www.diocese-limoges.fr\/haute-vienne\/"},{"@type":"ListItem","position":2,"name":"Paroisse Saint L\u00e9onard en Limousin","item":"https:\/\/www.diocese-limoges.fr\/haute-vienne\/paroisses\/paroisse-saint-leonard-en-limousin\/"},{"@type":"ListItem","position":3,"name":"Servir\/s&rsquo;engager","item":"https:\/\/www.diocese-limoges.fr\/haute-vienne\/paroisses\/paroisse-saint-leonard-en-limousin\/servir-sengager\/"},{"@type":"ListItem","position":4,"name":"Secours Catholique"}]},{"@type":"WebSite","@id":"https:\/\/www.diocese-limoges.fr\/haute-vienne\/#website","url":"https:\/\/www.diocese-limoges.fr\/haute-vienne\/","name":"Doyenn\u00e9s de Haute Vienne","description":"Dioc\u00e8se de Limoges","potentialAction":[{"@type":"SearchAction","target":{"@type":"EntryPoint","urlTemplate":"https:\/\/www.diocese-limoges.fr\/haute-vienne\/?s={search_term_string}"},"query-input":{"@type":"PropertyValueSpecification","valueRequired":true,"valueName":"search_term_string"}}],"inLanguage":"fr-FR"}]}},"_links":{"self":[{"href":"https:\/\/www.diocese-limoges.fr\/haute-vienne\/wp-json\/wp\/v2\/paroisse\/5384","targetHints":{"allow":["GET"]}}],"collection":[{"href":"https:\/\/www.diocese-limoges.fr\/haute-vienne\/wp-json\/wp\/v2\/paroisse"}],"about":[{"href":"https:\/\/www.diocese-limoges.fr\/haute-vienne\/wp-json\/wp\/v2\/types\/paroisse"}],"author":[{"embeddable":true,"href":"https:\/\/www.diocese-limoges.fr\/haute-vienne\/wp-json\/wp\/v2\/users\/24"}],"up":[{"embeddable":true,"href":"https:\/\/www.diocese-limoges.fr\/haute-vienne\/wp-json\/wp\/v2\/paroisse\/5478"}],"wp:featuredmedia":[{"embeddable":true,"href":"https:\/\/www.diocese-limoges.fr\/haute-vienne\/wp-json\/wp\/v2\/media\/5386"}],"wp:attachment":[{"href":"https:\/\/www.diocese-limoges.fr\/haute-vienne\/wp-json\/wp\/v2\/media?parent=5384"}],"curies":[{"name":"wp","href":"https:\/\/api.w.org\/{rel}","templated":true}]}}