{"id":5473,"date":"2026-02-13T10:22:50","date_gmt":"2026-02-13T09:22:50","guid":{"rendered":"https:\/\/www.diocese-limoges.fr\/haute-vienne\/?post_type=paroisse&#038;p=5473"},"modified":"2026-03-20T11:25:56","modified_gmt":"2026-03-20T10:25:56","slug":"la-communaute-eudiste-de-saint-leonard-de-noblat","status":"publish","type":"paroisse","link":"https:\/\/www.diocese-limoges.fr\/haute-vienne\/paroisses\/paroisse-saint-leonard-en-limousin\/la-paroisse\/la-communaute-eudiste-de-saint-leonard-de-noblat\/","title":{"rendered":"La communaut\u00e9 eudiste de Saint-L\u00e9onard-de-Noblat"},"content":{"rendered":"\n<p>Depuis 2020, la communaut\u00e9 paroissiale de Saint L\u00e9onard, a \u00e9t\u00e9 confi\u00e9e \u00e0 la Congr\u00e9gation des Eudistes, du nom de leur fondateur Saint Jean Eudes.<\/p>\n\n\n\n<p>Fond\u00e9e en 1643 par le pr\u00eatre Jean Eudes, La Congr\u00e9gation des Eudistes est une Soci\u00e9t\u00e9 de vie apostolique. Son nom officiel est&nbsp;: \u00ab&nbsp;Congr\u00e9gation de J\u00e9sus et Marie&nbsp;\u00bb. Elle rassemble des pr\u00eatres vivant en communaut\u00e9 mais sans v\u0153ux religieux, des diacres et des la\u00efcs associ\u00e9s.<\/p>\n\n\n\n<p>Saint Jean Eudes est un homme du 17<sup>\u00e8me<\/sup> si\u00e8cle, passionn\u00e9 de l\u2019amour de Dieu pour les hommes. Il avait le d\u00e9sir que chaque personne se d\u00e9couvre aim\u00e9-sauv\u00e9. Pour manifester cette attention, il invitait chaque baptis\u00e9 \u00e0 reprendre conscience de l\u2019importance de son bapt\u00eame et de l\u2019engagement auquel il est appel\u00e9. Il avait, dans une dynamique de mis\u00e9ricorde, le souci des ind\u00e9fendus, des jeunes \u00e0 la rue, etc\u2026 il \u00e9tait un pr\u00e9dicateur, un fondateur, un cr\u00e9ateur de liturgie\u2026 Originaire de Normandie, Saint Jean-Eudes a \u00e9t\u00e9 canonis\u00e9 en 1925.<\/p>\n\n\n\n<p>Les Eudistes sont aujourd\u2019hui pr\u00e9sents en Am\u00e9rique du nord (Canada et U.S.A,) dans plusieurs pays d\u2019Am\u00e9rique Latine et d\u2019Afrique, et aux Philippines.<\/p>\n\n\n\n<p>En France, la Province eudiste compte 40\u2008pr\u00eatres incorpor\u00e9s et 30 associ\u00e9s. Comme au temps de saint Jean Eudes, la mission de la Congr\u00e9gation au sein de l\u2019Eglise est de travailler \u00e0 \u00ab\u2008l\u2019\u0153uvre de l\u2019\u00e9vang\u00e9lisation et \u00e0 la formation de bons ouvriers de l\u2019Evangile\u2008\u00bb (Constitutions n\u00b0\u200810), notamment des pr\u00eatres, diacres et la\u00efcs engag\u00e9s dans l\u2019Eglise. Bien ins\u00e9r\u00e9s dans les \u00e9glises locales de par leurs t\u00e2ches pastorales, les eudistes travaillent en collaboration \u00e9troite avec l\u2019\u00e9v\u00eaque et les pr\u00eatres du dioc\u00e8se o\u00f9 ils r\u00e9sident.<\/p>\n\n\n\n<p>Les Eudistes puisent leur spiritualit\u00e9 dans la vie et les \u00e9crits de leur fondateur saint Jean Eudes, et dans l\u2019Ecole Fran\u00e7aise de Spiritualit\u00e9, initi\u00e9e par le Cardinal de B\u00e9rulle.<\/p>\n\n\n\n<figure class=\"wp-block-image size-full\"><img loading=\"lazy\" decoding=\"async\" width=\"891\" height=\"603\" src=\"https:\/\/www.diocese-limoges.fr\/haute-vienne\/wp-content\/uploads\/sites\/4\/2026\/02\/image.png\" alt=\"\" class=\"wp-image-5475\" srcset=\"https:\/\/www.diocese-limoges.fr\/haute-vienne\/wp-content\/uploads\/sites\/4\/2026\/02\/image.png 891w, https:\/\/www.diocese-limoges.fr\/haute-vienne\/wp-content\/uploads\/sites\/4\/2026\/02\/image-300x203.png 300w, https:\/\/www.diocese-limoges.fr\/haute-vienne\/wp-content\/uploads\/sites\/4\/2026\/02\/image-768x520.png 768w\" sizes=\"auto, (max-width: 891px) 100vw, 891px\" \/><\/figure>\n","protected":false},"author":24,"featured_media":5474,"parent":5089,"menu_order":5,"template":"","meta":{"_acf_changed":false},"class_list":["post-5473","paroisse","type-paroisse","status-publish","has-post-thumbnail","hentry"],"acf":[],"yoast_head":"<!-- This site is optimized with the Yoast SEO plugin v26.4 - https:\/\/yoast.com\/wordpress\/plugins\/seo\/ -->\n<title>La communaut\u00e9 eudiste de Saint-L\u00e9onard-de-Noblat - Doyenn\u00e9s de Haute Vienne<\/title>\n<meta name=\"robots\" content=\"index, follow, max-snippet:-1, max-image-preview:large, max-video-preview:-1\" \/>\n<link rel=\"canonical\" href=\"https:\/\/www.diocese-limoges.fr\/haute-vienne\/paroisses\/paroisse-saint-leonard-en-limousin\/la-paroisse\/la-communaute-eudiste-de-saint-leonard-de-noblat\/\" \/>\n<meta property=\"og:locale\" content=\"fr_FR\" \/>\n<meta property=\"og:type\" content=\"article\" \/>\n<meta property=\"og:title\" content=\"La communaut\u00e9 eudiste de Saint-L\u00e9onard-de-Noblat - Doyenn\u00e9s de Haute Vienne\" \/>\n<meta property=\"og:description\" content=\"Depuis 2020, la communaut\u00e9 paroissiale de Saint L\u00e9onard, a \u00e9t\u00e9 confi\u00e9e \u00e0 la Congr\u00e9gation des Eudistes, du nom de leur fondateur Saint Jean Eudes. Fond\u00e9e en 1643 par le pr\u00eatre Jean Eudes, La Congr\u00e9gation des Eudistes est une Soci\u00e9t\u00e9 de vie apostolique. Son nom officiel est&nbsp;: \u00ab&nbsp;Congr\u00e9gation de J\u00e9sus et Marie&nbsp;\u00bb. Elle rassemble des pr\u00eatres [&hellip;]\" \/>\n<meta property=\"og:url\" content=\"https:\/\/www.diocese-limoges.fr\/haute-vienne\/paroisses\/paroisse-saint-leonard-en-limousin\/la-paroisse\/la-communaute-eudiste-de-saint-leonard-de-noblat\/\" \/>\n<meta property=\"og:site_name\" content=\"Doyenn\u00e9s de Haute Vienne\" \/>\n<meta property=\"article:modified_time\" content=\"2026-03-20T10:25:56+00:00\" \/>\n<meta property=\"og:image\" content=\"https:\/\/www.diocese-limoges.fr\/haute-vienne\/wp-content\/uploads\/sites\/4\/2026\/02\/bandeau-eudistes.png\" \/>\n\t<meta property=\"og:image:width\" content=\"858\" \/>\n\t<meta property=\"og:image:height\" content=\"244\" \/>\n\t<meta property=\"og:image:type\" content=\"image\/png\" \/>\n<meta name=\"twitter:card\" content=\"summary_large_image\" \/>\n<meta name=\"twitter:label1\" content=\"Dur\u00e9e de lecture estim\u00e9e\" \/>\n\t<meta name=\"twitter:data1\" content=\"2 minutes\" \/>\n<script type=\"application\/ld+json\" class=\"yoast-schema-graph\">{\"@context\":\"https:\/\/schema.org\",\"@graph\":[{\"@type\":\"WebPage\",\"@id\":\"https:\/\/www.diocese-limoges.fr\/haute-vienne\/paroisses\/paroisse-saint-leonard-en-limousin\/la-paroisse\/la-communaute-eudiste-de-saint-leonard-de-noblat\/\",\"url\":\"https:\/\/www.diocese-limoges.fr\/haute-vienne\/paroisses\/paroisse-saint-leonard-en-limousin\/la-paroisse\/la-communaute-eudiste-de-saint-leonard-de-noblat\/\",\"name\":\"La communaut\u00e9 eudiste de Saint-L\u00e9onard-de-Noblat - Doyenn\u00e9s de Haute Vienne\",\"isPartOf\":{\"@id\":\"https:\/\/www.diocese-limoges.fr\/haute-vienne\/#website\"},\"primaryImageOfPage\":{\"@id\":\"https:\/\/www.diocese-limoges.fr\/haute-vienne\/paroisses\/paroisse-saint-leonard-en-limousin\/la-paroisse\/la-communaute-eudiste-de-saint-leonard-de-noblat\/#primaryimage\"},\"image\":{\"@id\":\"https:\/\/www.diocese-limoges.fr\/haute-vienne\/paroisses\/paroisse-saint-leonard-en-limousin\/la-paroisse\/la-communaute-eudiste-de-saint-leonard-de-noblat\/#primaryimage\"},\"thumbnailUrl\":\"https:\/\/www.diocese-limoges.fr\/haute-vienne\/wp-content\/uploads\/sites\/4\/2026\/02\/bandeau-eudistes.png\",\"datePublished\":\"2026-02-13T09:22:50+00:00\",\"dateModified\":\"2026-03-20T10:25:56+00:00\",\"breadcrumb\":{\"@id\":\"https:\/\/www.diocese-limoges.fr\/haute-vienne\/paroisses\/paroisse-saint-leonard-en-limousin\/la-paroisse\/la-communaute-eudiste-de-saint-leonard-de-noblat\/#breadcrumb\"},\"inLanguage\":\"fr-FR\",\"potentialAction\":[{\"@type\":\"ReadAction\",\"target\":[\"https:\/\/www.diocese-limoges.fr\/haute-vienne\/paroisses\/paroisse-saint-leonard-en-limousin\/la-paroisse\/la-communaute-eudiste-de-saint-leonard-de-noblat\/\"]}]},{\"@type\":\"ImageObject\",\"inLanguage\":\"fr-FR\",\"@id\":\"https:\/\/www.diocese-limoges.fr\/haute-vienne\/paroisses\/paroisse-saint-leonard-en-limousin\/la-paroisse\/la-communaute-eudiste-de-saint-leonard-de-noblat\/#primaryimage\",\"url\":\"https:\/\/www.diocese-limoges.fr\/haute-vienne\/wp-content\/uploads\/sites\/4\/2026\/02\/bandeau-eudistes.png\",\"contentUrl\":\"https:\/\/www.diocese-limoges.fr\/haute-vienne\/wp-content\/uploads\/sites\/4\/2026\/02\/bandeau-eudistes.png\",\"width\":858,\"height\":244},{\"@type\":\"BreadcrumbList\",\"@id\":\"https:\/\/www.diocese-limoges.fr\/haute-vienne\/paroisses\/paroisse-saint-leonard-en-limousin\/la-paroisse\/la-communaute-eudiste-de-saint-leonard-de-noblat\/#breadcrumb\",\"itemListElement\":[{\"@type\":\"ListItem\",\"position\":1,\"name\":\"Accueil\",\"item\":\"https:\/\/www.diocese-limoges.fr\/haute-vienne\/\"},{\"@type\":\"ListItem\",\"position\":2,\"name\":\"Paroisse Saint L\u00e9onard en Limousin\",\"item\":\"https:\/\/www.diocese-limoges.fr\/haute-vienne\/paroisses\/paroisse-saint-leonard-en-limousin\/\"},{\"@type\":\"ListItem\",\"position\":3,\"name\":\"Notre Paroisse\",\"item\":\"https:\/\/www.diocese-limoges.fr\/haute-vienne\/paroisses\/paroisse-saint-leonard-en-limousin\/la-paroisse\/\"},{\"@type\":\"ListItem\",\"position\":4,\"name\":\"La communaut\u00e9 eudiste de Saint-L\u00e9onard-de-Noblat\"}]},{\"@type\":\"WebSite\",\"@id\":\"https:\/\/www.diocese-limoges.fr\/haute-vienne\/#website\",\"url\":\"https:\/\/www.diocese-limoges.fr\/haute-vienne\/\",\"name\":\"Doyenn\u00e9s de Haute Vienne\",\"description\":\"Dioc\u00e8se de Limoges\",\"potentialAction\":[{\"@type\":\"SearchAction\",\"target\":{\"@type\":\"EntryPoint\",\"urlTemplate\":\"https:\/\/www.diocese-limoges.fr\/haute-vienne\/?s={search_term_string}\"},\"query-input\":{\"@type\":\"PropertyValueSpecification\",\"valueRequired\":true,\"valueName\":\"search_term_string\"}}],\"inLanguage\":\"fr-FR\"}]}<\/script>\n<!-- \/ Yoast SEO plugin. -->","yoast_head_json":{"title":"La communaut\u00e9 eudiste de Saint-L\u00e9onard-de-Noblat - Doyenn\u00e9s de Haute Vienne","robots":{"index":"index","follow":"follow","max-snippet":"max-snippet:-1","max-image-preview":"max-image-preview:large","max-video-preview":"max-video-preview:-1"},"canonical":"https:\/\/www.diocese-limoges.fr\/haute-vienne\/paroisses\/paroisse-saint-leonard-en-limousin\/la-paroisse\/la-communaute-eudiste-de-saint-leonard-de-noblat\/","og_locale":"fr_FR","og_type":"article","og_title":"La communaut\u00e9 eudiste de Saint-L\u00e9onard-de-Noblat - Doyenn\u00e9s de Haute Vienne","og_description":"Depuis 2020, la communaut\u00e9 paroissiale de Saint L\u00e9onard, a \u00e9t\u00e9 confi\u00e9e \u00e0 la Congr\u00e9gation des Eudistes, du nom de leur fondateur Saint Jean Eudes. Fond\u00e9e en 1643 par le pr\u00eatre Jean Eudes, La Congr\u00e9gation des Eudistes est une Soci\u00e9t\u00e9 de vie apostolique. Son nom officiel est&nbsp;: \u00ab&nbsp;Congr\u00e9gation de J\u00e9sus et Marie&nbsp;\u00bb. Elle rassemble des pr\u00eatres [&hellip;]","og_url":"https:\/\/www.diocese-limoges.fr\/haute-vienne\/paroisses\/paroisse-saint-leonard-en-limousin\/la-paroisse\/la-communaute-eudiste-de-saint-leonard-de-noblat\/","og_site_name":"Doyenn\u00e9s de Haute Vienne","article_modified_time":"2026-03-20T10:25:56+00:00","og_image":[{"width":858,"height":244,"url":"https:\/\/www.diocese-limoges.fr\/haute-vienne\/wp-content\/uploads\/sites\/4\/2026\/02\/bandeau-eudistes.png","type":"image\/png"}],"twitter_card":"summary_large_image","twitter_misc":{"Dur\u00e9e de lecture estim\u00e9e":"2 minutes"},"schema":{"@context":"https:\/\/schema.org","@graph":[{"@type":"WebPage","@id":"https:\/\/www.diocese-limoges.fr\/haute-vienne\/paroisses\/paroisse-saint-leonard-en-limousin\/la-paroisse\/la-communaute-eudiste-de-saint-leonard-de-noblat\/","url":"https:\/\/www.diocese-limoges.fr\/haute-vienne\/paroisses\/paroisse-saint-leonard-en-limousin\/la-paroisse\/la-communaute-eudiste-de-saint-leonard-de-noblat\/","name":"La communaut\u00e9 eudiste de Saint-L\u00e9onard-de-Noblat - Doyenn\u00e9s de Haute Vienne","isPartOf":{"@id":"https:\/\/www.diocese-limoges.fr\/haute-vienne\/#website"},"primaryImageOfPage":{"@id":"https:\/\/www.diocese-limoges.fr\/haute-vienne\/paroisses\/paroisse-saint-leonard-en-limousin\/la-paroisse\/la-communaute-eudiste-de-saint-leonard-de-noblat\/#primaryimage"},"image":{"@id":"https:\/\/www.diocese-limoges.fr\/haute-vienne\/paroisses\/paroisse-saint-leonard-en-limousin\/la-paroisse\/la-communaute-eudiste-de-saint-leonard-de-noblat\/#primaryimage"},"thumbnailUrl":"https:\/\/www.diocese-limoges.fr\/haute-vienne\/wp-content\/uploads\/sites\/4\/2026\/02\/bandeau-eudistes.png","datePublished":"2026-02-13T09:22:50+00:00","dateModified":"2026-03-20T10:25:56+00:00","breadcrumb":{"@id":"https:\/\/www.diocese-limoges.fr\/haute-vienne\/paroisses\/paroisse-saint-leonard-en-limousin\/la-paroisse\/la-communaute-eudiste-de-saint-leonard-de-noblat\/#breadcrumb"},"inLanguage":"fr-FR","potentialAction":[{"@type":"ReadAction","target":["https:\/\/www.diocese-limoges.fr\/haute-vienne\/paroisses\/paroisse-saint-leonard-en-limousin\/la-paroisse\/la-communaute-eudiste-de-saint-leonard-de-noblat\/"]}]},{"@type":"ImageObject","inLanguage":"fr-FR","@id":"https:\/\/www.diocese-limoges.fr\/haute-vienne\/paroisses\/paroisse-saint-leonard-en-limousin\/la-paroisse\/la-communaute-eudiste-de-saint-leonard-de-noblat\/#primaryimage","url":"https:\/\/www.diocese-limoges.fr\/haute-vienne\/wp-content\/uploads\/sites\/4\/2026\/02\/bandeau-eudistes.png","contentUrl":"https:\/\/www.diocese-limoges.fr\/haute-vienne\/wp-content\/uploads\/sites\/4\/2026\/02\/bandeau-eudistes.png","width":858,"height":244},{"@type":"BreadcrumbList","@id":"https:\/\/www.diocese-limoges.fr\/haute-vienne\/paroisses\/paroisse-saint-leonard-en-limousin\/la-paroisse\/la-communaute-eudiste-de-saint-leonard-de-noblat\/#breadcrumb","itemListElement":[{"@type":"ListItem","position":1,"name":"Accueil","item":"https:\/\/www.diocese-limoges.fr\/haute-vienne\/"},{"@type":"ListItem","position":2,"name":"Paroisse Saint L\u00e9onard en Limousin","item":"https:\/\/www.diocese-limoges.fr\/haute-vienne\/paroisses\/paroisse-saint-leonard-en-limousin\/"},{"@type":"ListItem","position":3,"name":"Notre Paroisse","item":"https:\/\/www.diocese-limoges.fr\/haute-vienne\/paroisses\/paroisse-saint-leonard-en-limousin\/la-paroisse\/"},{"@type":"ListItem","position":4,"name":"La communaut\u00e9 eudiste de Saint-L\u00e9onard-de-Noblat"}]},{"@type":"WebSite","@id":"https:\/\/www.diocese-limoges.fr\/haute-vienne\/#website","url":"https:\/\/www.diocese-limoges.fr\/haute-vienne\/","name":"Doyenn\u00e9s de Haute Vienne","description":"Dioc\u00e8se de Limoges","potentialAction":[{"@type":"SearchAction","target":{"@type":"EntryPoint","urlTemplate":"https:\/\/www.diocese-limoges.fr\/haute-vienne\/?s={search_term_string}"},"query-input":{"@type":"PropertyValueSpecification","valueRequired":true,"valueName":"search_term_string"}}],"inLanguage":"fr-FR"}]}},"_links":{"self":[{"href":"https:\/\/www.diocese-limoges.fr\/haute-vienne\/wp-json\/wp\/v2\/paroisse\/5473","targetHints":{"allow":["GET"]}}],"collection":[{"href":"https:\/\/www.diocese-limoges.fr\/haute-vienne\/wp-json\/wp\/v2\/paroisse"}],"about":[{"href":"https:\/\/www.diocese-limoges.fr\/haute-vienne\/wp-json\/wp\/v2\/types\/paroisse"}],"author":[{"embeddable":true,"href":"https:\/\/www.diocese-limoges.fr\/haute-vienne\/wp-json\/wp\/v2\/users\/24"}],"up":[{"embeddable":true,"href":"https:\/\/www.diocese-limoges.fr\/haute-vienne\/wp-json\/wp\/v2\/paroisse\/5089"}],"wp:featuredmedia":[{"embeddable":true,"href":"https:\/\/www.diocese-limoges.fr\/haute-vienne\/wp-json\/wp\/v2\/media\/5474"}],"wp:attachment":[{"href":"https:\/\/www.diocese-limoges.fr\/haute-vienne\/wp-json\/wp\/v2\/media?parent=5473"}],"curies":[{"name":"wp","href":"https:\/\/api.w.org\/{rel}","templated":true}]}}